{"id":12,"date":"2021-10-08T18:42:27","date_gmt":"2021-10-08T21:42:27","guid":{"rendered":"https:\/\/ficc.ar\/buenosaires2023\/?page_id=12"},"modified":"2023-09-17T18:28:00","modified_gmt":"2023-09-17T21:28:00","slug":"ficc-montevideo-2022","status":"publish","type":"page","link":"https:\/\/ficc.ar\/buenosaires2023\/","title":{"rendered":"FICC Buenos Aires 2023"},"content":{"rendered":"<section class=\"l-section wpb_row us_custom_6f493234 height_medium\"><div class=\"l-section-h i-cf\"><div class=\"g-cols vc_row via_flex valign_top type_default stacking_default\"><div class=\"vc_col-sm-12 wpb_column vc_column_container\"><div class=\"vc_column-inner us_custom_4af741be\"><div class=\"wpb_wrapper\"><div class=\"wpb_text_column hide_on_default hide_on_laptops hide_on_tablets hide_on_mobiles\"><div class=\"wpb_wrapper\"><div class=\"embed-container\"><iframe title=\"YouTube video player\" frameborder=\"0\" allowfullscreen=\"allowfullscreen\" data-src=\"https:\/\/www.youtube.com\/embed\/0fL7gX_pRMk\"><span data-mce-type=\"bookmark\" style=\"display: inline-block; width: 0px; overflow: hidden; line-height: 0;\" class=\"mce_SELRES_start\">\ufeff<\/span><\/iframe><\/div>\n<\/div><\/div><div class=\"w-video align_none ratio_16x9 has_iframe\"><div class=\"w-video-h\"><iframe title=\"Youtube video player\" src=\"\/\/www.youtube.com\/embed\/JW2YBo1PHPU?origin=https:\/\/ficc.ar\/buenosaires2023&controls=1\" allowfullscreen=\"1\" loading=\"lazy\"><\/iframe><\/div><div class=\"w-video-icon\" style=\"font-size:1.5rem;background:rgba(0,0,0,0.5);color:#fff\"><\/div><\/div><\/div><\/div><\/div><\/div><\/div><\/section><section class=\"l-section wpb_row height_medium\" id=\"programacion\"><div class=\"l-section-h i-cf\"><div class=\"g-cols vc_row via_flex valign_top type_default stacking_default\"><div class=\"vc_col-sm-12 wpb_column vc_column_container\"><div class=\"vc_column-inner\"><div class=\"wpb_wrapper\">[vc_custom_heading text=&#8221;3er. FICC Buenos Aires &#8211; FESTIVAL INTERNACIONAL CINECANN\u00c1BICO&#8221; font_container=&#8221;tag:h2|text_align:center&#8221; use_theme_fonts=&#8221;yes&#8221; css=&#8221;%7B%22default%22%3A%7B%22color%22%3A%22%23ffffff%22%7D%7D&#8221;][vc_custom_heading text=&#8221;Programaci\u00f3n&#8221; font_container=&#8221;tag:h2|text_align:center&#8221; use_theme_fonts=&#8221;yes&#8221;]<div class=\"w-hwrapper align_center valign_middle\"><div class=\"w-counter us_custom_e2aee182 color_primary align_center\" data-duration=\"2\"><div class=\"w-counter-value\"><span class=\"w-counter-value-part type_text\" data-final=\"\"><\/span><span class=\"w-counter-value-part type_number\" data-final=\"35\">1<\/span><span class=\"w-counter-value-part type_text\" data-final=\"\"><\/span><\/div><h6 class=\"w-counter-title\">Pel\u00edculas<\/h6><\/div><div class=\"wpb_text_column\"><div class=\"wpb_wrapper\"><h2 style=\"text-align: center;\">&#8211;<\/h2>\n<\/div><\/div><div class=\"w-counter us_custom_e2aee182 color_primary align_center\" data-duration=\"2\"><div class=\"w-counter-value\"><span class=\"w-counter-value-part type_text\" data-final=\"\"><\/span><span class=\"w-counter-value-part type_number\" data-final=\"16\">1<\/span><span class=\"w-counter-value-part type_text\" data-final=\"\"><\/span><\/div><h6 class=\"w-counter-title\">Pa\u00edses<\/h6><\/div><\/div><div class=\"w-image align_center\"><a href=\"https:\/\/octubretv.com\/videos\/festival-internacional-de-cine-cannabico\/\" aria-label=\"Enlace\" class=\"w-image-h\"><img loading=\"lazy\" decoding=\"async\" width=\"1080\" height=\"134\" src=\"https:\/\/ficc.ar\/buenosaires2023\/wp-content\/uploads\/sites\/14\/2023\/01\/Banner-Web-Octubre-TV-copy-2.png\" class=\"attachment-full size-full\" alt=\"\" srcset=\"https:\/\/ficc.ar\/buenosaires2023\/wp-content\/uploads\/sites\/14\/2023\/01\/Banner-Web-Octubre-TV-copy-2.png 1080w, https:\/\/ficc.ar\/buenosaires2023\/wp-content\/uploads\/sites\/14\/2023\/01\/Banner-Web-Octubre-TV-copy-2-300x37.png 300w, https:\/\/ficc.ar\/buenosaires2023\/wp-content\/uploads\/sites\/14\/2023\/01\/Banner-Web-Octubre-TV-copy-2-1024x127.png 1024w\" sizes=\"auto, (max-width: 1080px) 100vw, 1080px\" \/><\/a><\/div><div class=\"w-separator size_medium\" id=\"h213\"><style>@media(max-width:1024px){ #h213{height:2rem!important}}@media(max-width:600px){ #h213{height:2rem!important}}<\/style><\/div>[vc_custom_heading text=&#8221;Competencia Oficial de Largometrajes Internacionales de Ficci\u00f3n&#8221; font_container=&#8221;tag:h2|text_align:center&#8221; use_theme_fonts=&#8221;yes&#8221; css=&#8221;%7B%22default%22%3A%7B%22color%22%3A%22_content_primary%22%7D%7D&#8221;]<div class=\"w-grid us_custom_f1a4f275 us_animate_this type_grid layout_101 cols_3 ratio_16x9\" id=\"us_grid_1\" style=\"--gap:0.5rem;\" data-filterable=\"true\"><style>@media (max-width:1024px){#us_grid_1 .w-grid-item{width:50%}#us_grid_1 .w-grid-item.size_2x1,#us_grid_1 .w-grid-item.size_2x2{width:100%}}@media (max-width:600px){#us_grid_1 .w-grid-list{margin:0}#us_grid_1 .w-grid-item{width:100%;padding:0;margin-bottom:var(--gap,0px)}}.layout_101 .w-grid-item-h:before{padding-bottom:56.25%}@media (min-width:601px){.layout_101 .w-grid-item.size_1x2 .w-grid-item-h:before{padding-bottom:calc(112.5% + var(--gap,0px) * 2)}.layout_101 .w-grid-item.size_2x1 .w-grid-item-h:before{padding-bottom:calc(28.125% - var(--gap,0px) * 0.5625)}.layout_101 .w-grid-item.size_2x2 .w-grid-item-h:before{padding-bottom:calc(56.25% - var(--gap,0px) * -0.875)}}.layout_101 .w-grid-item-h{background:#ffffff;color:var(--color-content-text)}.layout_101 .usg_post_image_1{transition-duration:0.3s;transform-origin:50% 50%;transform:scale(1) translate(0%,0%)}.layout_101 .w-grid-item-h:hover .usg_post_image_1{transform:scale(1) translate(0%,-10%);opacity:1}.layout_101 .usg_vwrapper_1{transition-duration:0.3s;transform-origin:50% 50%;transform:scale(1) translate(0%,101%)}.layout_101 .w-grid-item-h:hover .usg_vwrapper_1{transform:scale(1) translate(0%,0%);opacity:1}@media(max-width:600px){.layout_101 .usg_vwrapper_1{display:none!important}}.layout_101 .usg_post_custom_field_1{transition-duration:0.3s;transform-origin:50% 50%;transform:scale(1) translate(0%,100%)}.layout_101 .w-grid-item-h:hover .usg_post_custom_field_1{transform:scale(1) translate(0%,0%);opacity:1}@media(min-width:601px){.layout_101 .usg_vwrapper_2{display:none!important}}.layout_101 .usg_post_image_1{position:absolute!important;left:0!important;top:0!important;bottom:0!important;right:0!important}.layout_101 .usg_vwrapper_1{position:absolute!important;left:0!important;bottom:-1px!important;right:0!important;background:inherit!important;padding:0.8rem 1.2rem 0.8rem 0.8rem!important}.layout_101 .usg_post_title_1{color:#333333!important;font-size:1.4rem!important;margin-bottom:0.3rem!important}.layout_101 .usg_post_custom_field_1{position:absolute!important;left:0!important;top:0!important;bottom:0!important;right:0!important}.layout_101 .usg_post_taxonomy_1{color:var(--color-header-middle-text-hover)!important;font-size:12px!important;line-height:1!important;margin-top:0!important}.layout_101 .usg_post_custom_field_2{color:var(--color-header-middle-text-hover)!important;line-height:1.2!important}.layout_101 .usg_vwrapper_2{width:100%!important;margin-top:60%!important;left:0!important;bottom:0!important;background:inherit!important;padding:0.8rem 0.5rem 0.8rem 0.5rem!important}.layout_101 .usg_post_title_2{color:#333333!important;font-size:1.4rem!important;margin-bottom:0.3rem!important}.layout_101 .usg_post_custom_field_3{color:var(--color-header-middle-text-hover)!important;line-height:1.2!important}.layout_101 .usg_post_taxonomy_2{color:var(--color-header-middle-text-hover)!important;font-size:12px!important}@media (min-width:1025px) and (max-width:1280px){.layout_101 .usg_post_custom_field_1{position:absolute!important;left:0!important;top:0!important;bottom:0!important;right:0!important}}@media (min-width:601px) and (max-width:1024px){.layout_101 .usg_post_custom_field_1{position:absolute!important;left:0!important;top:0!important;bottom:0!important;right:0!important}}@media (max-width:600px){.layout_101 .usg_post_image_1{margin-bottom:60px!important}.layout_101 .usg_post_custom_field_1{left:0!important;top:0!important;bottom:0!important;right:0!important}}<\/style><div class=\"w-grid-list\">\t<article class=\"w-grid-item size_1x1 post-935 films type-films status-publish has-post-thumbnail hentry categoria_film-competencia-oficial-de-largometrajes-internacionales-de-ficcion secciones-otros-viajes\" data-id=\"935\">\r\n\t\t<div class=\"w-grid-item-h\">\r\n\t\t\t\t\t\t<div class=\"w-post-elm post_image usg_post_image_1 has_ratio\"><div style=\"padding-bottom:56.25%\"><\/div><a href=\"https:\/\/ficc.ar\/buenosaires2023\/films\/benjamim-zambraia-e-o-autopanoptico\/\" aria-label=\"Benjamim Zambraia e o Autopan\u00f3ptico\"><img loading=\"lazy\" decoding=\"async\" width=\"300\" height=\"169\" src=\"https:\/\/ficc.ar\/buenosaires2023\/wp-content\/uploads\/sites\/14\/2022\/09\/Benjamim_Zambraia_and_the_Selfpanoptic_001_65325-300x169.jpg\" class=\"attachment-medium size-medium wp-post-image\" alt=\"\" srcset=\"https:\/\/ficc.ar\/buenosaires2023\/wp-content\/uploads\/sites\/14\/2022\/09\/Benjamim_Zambraia_and_the_Selfpanoptic_001_65325-300x169.jpg 300w, https:\/\/ficc.ar\/buenosaires2023\/wp-content\/uploads\/sites\/14\/2022\/09\/Benjamim_Zambraia_and_the_Selfpanoptic_001_65325-1024x576.jpg 1024w, https:\/\/ficc.ar\/buenosaires2023\/wp-content\/uploads\/sites\/14\/2022\/09\/Benjamim_Zambraia_and_the_Selfpanoptic_001_65325.jpg 1920w\" sizes=\"auto, (max-width: 300px) 100vw, 300px\" \/><\/a><\/div><div class=\"w-post-elm post_custom_field usg_post_custom_field_1 type_image us_tile_additional_image has_ratio\"><div style=\"padding-bottom:56.25%\"><\/div><img loading=\"lazy\" decoding=\"async\" width=\"1024\" height=\"576\" src=\"https:\/\/ficc.ar\/buenosaires2023\/wp-content\/uploads\/sites\/14\/2022\/09\/Benjamim_Zambraia_and_the_Selfpanoptic_001_65325-1024x576.jpg\" class=\"attachment-large size-large\" alt=\"\" srcset=\"https:\/\/ficc.ar\/buenosaires2023\/wp-content\/uploads\/sites\/14\/2022\/09\/Benjamim_Zambraia_and_the_Selfpanoptic_001_65325-1024x576.jpg 1024w, https:\/\/ficc.ar\/buenosaires2023\/wp-content\/uploads\/sites\/14\/2022\/09\/Benjamim_Zambraia_and_the_Selfpanoptic_001_65325-300x169.jpg 300w, https:\/\/ficc.ar\/buenosaires2023\/wp-content\/uploads\/sites\/14\/2022\/09\/Benjamim_Zambraia_and_the_Selfpanoptic_001_65325.jpg 1920w\" sizes=\"auto, (max-width: 1024px) 100vw, 1024px\" \/><\/div><div class=\"w-vwrapper usg_vwrapper_1 grid_arrow_top align_center valign_top\"><h2 class=\"w-post-elm post_title usg_post_title_1 has_text_color entry-title color_link_inherit\"><a href=\"https:\/\/ficc.ar\/buenosaires2023\/films\/benjamim-zambraia-e-o-autopanoptico\/\">Benjamim Zambraia e o Autopan\u00f3ptico<\/a><\/h2><p class=\"w-post-elm post_custom_field usg_post_custom_field_2 has_text_color type_text director_x_xs\"><span class=\"w-post-elm-before\">De: <\/span><span class=\"w-post-elm-value\">Felipe Cataldo \/ 2020 \/ Ficci\u00f3n \/ 72 min.<\/span><\/p><div class=\"w-post-elm post_taxonomy usg_post_taxonomy_1 has_text_color style_simple color_link_inherit\"><a class=\"term-31 term-otros-viajes\" href=\"https:\/\/ficc.ar\/buenosaires2023\/secciones\/otros-viajes\/\">Otros Viajes<\/a><\/div><\/div><div class=\"w-vwrapper usg_vwrapper_2 align_center valign_top\" style=\"--vwrapper-gap:0.3rem\"><h2 class=\"w-post-elm post_title usg_post_title_2 has_text_color entry-title color_link_inherit\"><a href=\"https:\/\/ficc.ar\/buenosaires2023\/films\/benjamim-zambraia-e-o-autopanoptico\/\">Benjamim Zambraia e o Autopan\u00f3ptico<\/a><\/h2><p class=\"w-post-elm post_custom_field usg_post_custom_field_3 has_text_color type_text director_x_xs\"><span class=\"w-post-elm-before\">De: <\/span><span class=\"w-post-elm-value\">Felipe Cataldo \/ 2020 \/ Ficci\u00f3n \/ 72 min.<\/span><\/p><div class=\"w-post-elm post_taxonomy usg_post_taxonomy_2 has_text_color style_simple color_link_inherit\"><a class=\"term-31 term-otros-viajes\" href=\"https:\/\/ficc.ar\/buenosaires2023\/secciones\/otros-viajes\/\">Otros Viajes<\/a><\/div><\/div>\t\t<\/div>\r\n\t<\/article>\r\n\t<article class=\"w-grid-item size_1x1 post-1347 films type-films status-publish has-post-thumbnail hentry categoria_film-competencia-oficial-de-largometrajes-internacionales-de-ficcion secciones-musica\" data-id=\"1347\">\r\n\t\t<div class=\"w-grid-item-h\">\r\n\t\t\t\t\t\t<div class=\"w-post-elm post_image usg_post_image_1 has_ratio\"><div style=\"padding-bottom:56.25%\"><\/div><a href=\"https:\/\/ficc.ar\/buenosaires2023\/films\/fosforos-mojados\/\" aria-label=\"F\u00f3sforos mojados\"><img loading=\"lazy\" decoding=\"async\" width=\"300\" height=\"162\" src=\"https:\/\/ficc.ar\/buenosaires2023\/wp-content\/uploads\/sites\/14\/2023\/01\/fm01-300x162.jpeg\" class=\"attachment-medium size-medium wp-post-image\" alt=\"\" srcset=\"https:\/\/ficc.ar\/buenosaires2023\/wp-content\/uploads\/sites\/14\/2023\/01\/fm01-300x162.jpeg 300w, https:\/\/ficc.ar\/buenosaires2023\/wp-content\/uploads\/sites\/14\/2023\/01\/fm01-1024x553.jpeg 1024w, https:\/\/ficc.ar\/buenosaires2023\/wp-content\/uploads\/sites\/14\/2023\/01\/fm01.jpeg 1600w\" sizes=\"auto, (max-width: 300px) 100vw, 300px\" \/><\/a><\/div><div class=\"w-vwrapper usg_vwrapper_1 grid_arrow_top align_center valign_top\"><h2 class=\"w-post-elm post_title usg_post_title_1 has_text_color entry-title color_link_inherit\"><a href=\"https:\/\/ficc.ar\/buenosaires2023\/films\/fosforos-mojados\/\">F\u00f3sforos mojados<\/a><\/h2><p class=\"w-post-elm post_custom_field usg_post_custom_field_2 has_text_color type_text director_x_xs\"><span class=\"w-post-elm-before\">De: <\/span><span class=\"w-post-elm-value\">Sebasti\u00e1n Duque \/ 2021 \/ Ficci\u00f3n \/ 98 min.<\/span><\/p><div class=\"w-post-elm post_taxonomy usg_post_taxonomy_1 has_text_color style_simple color_link_inherit\"><a class=\"term-30 term-musica\" href=\"https:\/\/ficc.ar\/buenosaires2023\/secciones\/musica\/\">M\u00fasica<\/a><\/div><\/div><div class=\"w-vwrapper usg_vwrapper_2 align_center valign_top\" style=\"--vwrapper-gap:0.3rem\"><h2 class=\"w-post-elm post_title usg_post_title_2 has_text_color entry-title color_link_inherit\"><a href=\"https:\/\/ficc.ar\/buenosaires2023\/films\/fosforos-mojados\/\">F\u00f3sforos mojados<\/a><\/h2><p class=\"w-post-elm post_custom_field usg_post_custom_field_3 has_text_color type_text director_x_xs\"><span class=\"w-post-elm-before\">De: <\/span><span class=\"w-post-elm-value\">Sebasti\u00e1n Duque \/ 2021 \/ Ficci\u00f3n \/ 98 min.<\/span><\/p><div class=\"w-post-elm post_taxonomy usg_post_taxonomy_2 has_text_color style_simple color_link_inherit\"><a class=\"term-30 term-musica\" href=\"https:\/\/ficc.ar\/buenosaires2023\/secciones\/musica\/\">M\u00fasica<\/a><\/div><\/div>\t\t<\/div>\r\n\t<\/article>\r\n\t<article class=\"w-grid-item size_1x1 post-1345 films type-films status-publish has-post-thumbnail hentry categoria_film-competencia-oficial-de-largometrajes-internacionales-de-ficcion secciones-humos\" data-id=\"1345\">\r\n\t\t<div class=\"w-grid-item-h\">\r\n\t\t\t\t\t\t<div class=\"w-post-elm post_image usg_post_image_1 has_ratio\"><div style=\"padding-bottom:56.25%\"><\/div><a href=\"https:\/\/ficc.ar\/buenosaires2023\/films\/la-uruguaya\/\" aria-label=\"La uruguaya\"><img loading=\"lazy\" decoding=\"async\" width=\"300\" height=\"169\" src=\"https:\/\/ficc.ar\/buenosaires2023\/wp-content\/uploads\/sites\/14\/2023\/01\/LA-UR-300x169.jpg\" class=\"attachment-medium size-medium wp-post-image\" alt=\"\" srcset=\"https:\/\/ficc.ar\/buenosaires2023\/wp-content\/uploads\/sites\/14\/2023\/01\/LA-UR-300x169.jpg 300w, https:\/\/ficc.ar\/buenosaires2023\/wp-content\/uploads\/sites\/14\/2023\/01\/LA-UR-1024x576.jpg 1024w, https:\/\/ficc.ar\/buenosaires2023\/wp-content\/uploads\/sites\/14\/2023\/01\/LA-UR.jpg 1920w\" sizes=\"auto, (max-width: 300px) 100vw, 300px\" \/><\/a><\/div><div class=\"w-vwrapper usg_vwrapper_1 grid_arrow_top align_center valign_top\"><h2 class=\"w-post-elm post_title usg_post_title_1 has_text_color entry-title color_link_inherit\"><a href=\"https:\/\/ficc.ar\/buenosaires2023\/films\/la-uruguaya\/\">La uruguaya<\/a><\/h2><p class=\"w-post-elm post_custom_field usg_post_custom_field_2 has_text_color type_text director_x_xs\"><span class=\"w-post-elm-before\">De: <\/span><span class=\"w-post-elm-value\">Ana Garcia Blaya \/ 2022 \/ Ficci\u00f3n \/ 78 min.<\/span><\/p><div class=\"w-post-elm post_taxonomy usg_post_taxonomy_1 has_text_color style_simple color_link_inherit\"><a class=\"term-29 term-humos\" href=\"https:\/\/ficc.ar\/buenosaires2023\/secciones\/humos\/\">Humos<\/a><\/div><\/div><div class=\"w-vwrapper usg_vwrapper_2 align_center valign_top\" style=\"--vwrapper-gap:0.3rem\"><h2 class=\"w-post-elm post_title usg_post_title_2 has_text_color entry-title color_link_inherit\"><a href=\"https:\/\/ficc.ar\/buenosaires2023\/films\/la-uruguaya\/\">La uruguaya<\/a><\/h2><p class=\"w-post-elm post_custom_field usg_post_custom_field_3 has_text_color type_text director_x_xs\"><span class=\"w-post-elm-before\">De: <\/span><span class=\"w-post-elm-value\">Ana Garcia Blaya \/ 2022 \/ Ficci\u00f3n \/ 78 min.<\/span><\/p><div class=\"w-post-elm post_taxonomy usg_post_taxonomy_2 has_text_color style_simple color_link_inherit\"><a class=\"term-29 term-humos\" href=\"https:\/\/ficc.ar\/buenosaires2023\/secciones\/humos\/\">Humos<\/a><\/div><\/div>\t\t<\/div>\r\n\t<\/article>\r\n\t<article class=\"w-grid-item size_1x1 post-1349 films type-films status-publish has-post-thumbnail hentry categoria_film-competencia-oficial-de-largometrajes-internacionales-de-ficcion secciones-humos\" data-id=\"1349\">\r\n\t\t<div class=\"w-grid-item-h\">\r\n\t\t\t\t\t\t<div class=\"w-post-elm post_image usg_post_image_1 has_ratio\"><div style=\"padding-bottom:56.25%\"><\/div><a href=\"https:\/\/ficc.ar\/buenosaires2023\/films\/las-cosas-donde-ya-no-estaban\/\" aria-label=\"Las cosas donde ya no estaban\"><img loading=\"lazy\" decoding=\"async\" width=\"300\" height=\"169\" src=\"https:\/\/ficc.ar\/buenosaires2023\/wp-content\/uploads\/sites\/14\/2023\/01\/captura_270-300x169.jpg\" class=\"attachment-medium size-medium wp-post-image\" alt=\"\" srcset=\"https:\/\/ficc.ar\/buenosaires2023\/wp-content\/uploads\/sites\/14\/2023\/01\/captura_270-300x169.jpg 300w, https:\/\/ficc.ar\/buenosaires2023\/wp-content\/uploads\/sites\/14\/2023\/01\/captura_270-1024x576.jpg 1024w, https:\/\/ficc.ar\/buenosaires2023\/wp-content\/uploads\/sites\/14\/2023\/01\/captura_270.jpg 1920w\" sizes=\"auto, (max-width: 300px) 100vw, 300px\" \/><\/a><\/div><div class=\"w-vwrapper usg_vwrapper_1 grid_arrow_top align_center valign_top\"><h2 class=\"w-post-elm post_title usg_post_title_1 has_text_color entry-title color_link_inherit\"><a href=\"https:\/\/ficc.ar\/buenosaires2023\/films\/las-cosas-donde-ya-no-estaban\/\">Las cosas donde ya no estaban<\/a><\/h2><p class=\"w-post-elm post_custom_field usg_post_custom_field_2 has_text_color type_text director_x_xs\"><span class=\"w-post-elm-before\">De: <\/span><span class=\"w-post-elm-value\">Fabio Vallarelli \/ 2021 \/ Ficci\u00f3n \/ 73 min. <\/span><\/p><div class=\"w-post-elm post_taxonomy usg_post_taxonomy_1 has_text_color style_simple color_link_inherit\"><a class=\"term-29 term-humos\" href=\"https:\/\/ficc.ar\/buenosaires2023\/secciones\/humos\/\">Humos<\/a><\/div><\/div><div class=\"w-vwrapper usg_vwrapper_2 align_center valign_top\" style=\"--vwrapper-gap:0.3rem\"><h2 class=\"w-post-elm post_title usg_post_title_2 has_text_color entry-title color_link_inherit\"><a href=\"https:\/\/ficc.ar\/buenosaires2023\/films\/las-cosas-donde-ya-no-estaban\/\">Las cosas donde ya no estaban<\/a><\/h2><p class=\"w-post-elm post_custom_field usg_post_custom_field_3 has_text_color type_text director_x_xs\"><span class=\"w-post-elm-before\">De: <\/span><span class=\"w-post-elm-value\">Fabio Vallarelli \/ 2021 \/ Ficci\u00f3n \/ 73 min. <\/span><\/p><div class=\"w-post-elm post_taxonomy usg_post_taxonomy_2 has_text_color style_simple color_link_inherit\"><a class=\"term-29 term-humos\" href=\"https:\/\/ficc.ar\/buenosaires2023\/secciones\/humos\/\">Humos<\/a><\/div><\/div>\t\t<\/div>\r\n\t<\/article>\r\n\t<article class=\"w-grid-item size_1x1 post-937 films type-films status-publish has-post-thumbnail hentry categoria_film-competencia-oficial-de-largometrajes-internacionales-de-ficcion secciones-otros-viajes\" data-id=\"937\">\r\n\t\t<div class=\"w-grid-item-h\">\r\n\t\t\t\t\t\t<div class=\"w-post-elm post_image usg_post_image_1 has_ratio\"><div style=\"padding-bottom:56.25%\"><\/div><a href=\"https:\/\/ficc.ar\/buenosaires2023\/films\/lunaticos\/\" aria-label=\"Lun\u00e1ticos\"><img loading=\"lazy\" decoding=\"async\" width=\"300\" height=\"200\" src=\"https:\/\/ficc.ar\/buenosaires2023\/wp-content\/uploads\/sites\/14\/2022\/09\/HENDLER-Y-KARTUN-LUNATICOS-Liliana-Mazure-300x200.jpeg\" class=\"attachment-medium size-medium wp-post-image\" alt=\"\" srcset=\"https:\/\/ficc.ar\/buenosaires2023\/wp-content\/uploads\/sites\/14\/2022\/09\/HENDLER-Y-KARTUN-LUNATICOS-Liliana-Mazure-300x200.jpeg 300w, https:\/\/ficc.ar\/buenosaires2023\/wp-content\/uploads\/sites\/14\/2022\/09\/HENDLER-Y-KARTUN-LUNATICOS-Liliana-Mazure-1024x682.jpeg 1024w, https:\/\/ficc.ar\/buenosaires2023\/wp-content\/uploads\/sites\/14\/2022\/09\/HENDLER-Y-KARTUN-LUNATICOS-Liliana-Mazure.jpeg 1280w\" sizes=\"auto, (max-width: 300px) 100vw, 300px\" \/><\/a><\/div><div class=\"w-vwrapper usg_vwrapper_1 grid_arrow_top align_center valign_top\"><h2 class=\"w-post-elm post_title usg_post_title_1 has_text_color entry-title color_link_inherit\"><a href=\"https:\/\/ficc.ar\/buenosaires2023\/films\/lunaticos\/\">Lun\u00e1ticos<\/a><\/h2><p class=\"w-post-elm post_custom_field usg_post_custom_field_2 has_text_color type_text director_x_xs\"><span class=\"w-post-elm-before\">De: <\/span><span class=\"w-post-elm-value\">Mart\u00edn Salinas \/ 2022 \/ Ficci\u00f3n \/ 72 min.<\/span><\/p><div class=\"w-post-elm post_taxonomy usg_post_taxonomy_1 has_text_color style_simple color_link_inherit\"><a class=\"term-31 term-otros-viajes\" href=\"https:\/\/ficc.ar\/buenosaires2023\/secciones\/otros-viajes\/\">Otros Viajes<\/a><\/div><\/div><div class=\"w-vwrapper usg_vwrapper_2 align_center valign_top\" style=\"--vwrapper-gap:0.3rem\"><h2 class=\"w-post-elm post_title usg_post_title_2 has_text_color entry-title color_link_inherit\"><a href=\"https:\/\/ficc.ar\/buenosaires2023\/films\/lunaticos\/\">Lun\u00e1ticos<\/a><\/h2><p class=\"w-post-elm post_custom_field usg_post_custom_field_3 has_text_color type_text director_x_xs\"><span class=\"w-post-elm-before\">De: <\/span><span class=\"w-post-elm-value\">Mart\u00edn Salinas \/ 2022 \/ Ficci\u00f3n \/ 72 min.<\/span><\/p><div class=\"w-post-elm post_taxonomy usg_post_taxonomy_2 has_text_color style_simple color_link_inherit\"><a class=\"term-31 term-otros-viajes\" href=\"https:\/\/ficc.ar\/buenosaires2023\/secciones\/otros-viajes\/\">Otros Viajes<\/a><\/div><\/div>\t\t<\/div>\r\n\t<\/article>\r\n\t<article class=\"w-grid-item size_1x1 post-944 films type-films status-publish has-post-thumbnail hentry categoria_film-competencia-oficial-de-largometrajes-internacionales-de-ficcion secciones-prohibido-prohibir\" data-id=\"944\">\r\n\t\t<div class=\"w-grid-item-h\">\r\n\t\t\t\t\t\t<div class=\"w-post-elm post_image usg_post_image_1 has_ratio\"><div style=\"padding-bottom:56.25%\"><\/div><a href=\"https:\/\/ficc.ar\/buenosaires2023\/films\/mateina\/\" aria-label=\"Mate\u00edna\"><img loading=\"lazy\" decoding=\"async\" width=\"300\" height=\"128\" src=\"https:\/\/ficc.ar\/buenosaires2023\/wp-content\/uploads\/sites\/14\/2022\/09\/MATEINA-_Film-Still-300x128.jpg\" class=\"attachment-medium size-medium wp-post-image\" alt=\"\" srcset=\"https:\/\/ficc.ar\/buenosaires2023\/wp-content\/uploads\/sites\/14\/2022\/09\/MATEINA-_Film-Still-300x128.jpg 300w, https:\/\/ficc.ar\/buenosaires2023\/wp-content\/uploads\/sites\/14\/2022\/09\/MATEINA-_Film-Still-1024x437.jpg 1024w, https:\/\/ficc.ar\/buenosaires2023\/wp-content\/uploads\/sites\/14\/2022\/09\/MATEINA-_Film-Still.jpg 1920w\" sizes=\"auto, (max-width: 300px) 100vw, 300px\" \/><\/a><\/div><div class=\"w-vwrapper usg_vwrapper_1 grid_arrow_top align_center valign_top\"><h2 class=\"w-post-elm post_title usg_post_title_1 has_text_color entry-title color_link_inherit\"><a href=\"https:\/\/ficc.ar\/buenosaires2023\/films\/mateina\/\">Mate\u00edna<\/a><\/h2><p class=\"w-post-elm post_custom_field usg_post_custom_field_2 has_text_color type_text director_x_xs\"><span class=\"w-post-elm-before\">De: <\/span><span class=\"w-post-elm-value\">Pablo Abdala, Joaqu\u00edn Pe\u00f1agaricano \/ 2021 \/ Ficci\u00f3n \/ 82 min.<\/span><\/p><div class=\"w-post-elm post_taxonomy usg_post_taxonomy_1 has_text_color style_simple color_link_inherit\"><a class=\"term-32 term-prohibido-prohibir\" href=\"https:\/\/ficc.ar\/buenosaires2023\/secciones\/prohibido-prohibir\/\">Prohibido Prohibir<\/a><\/div><\/div><div class=\"w-vwrapper usg_vwrapper_2 align_center valign_top\" style=\"--vwrapper-gap:0.3rem\"><h2 class=\"w-post-elm post_title usg_post_title_2 has_text_color entry-title color_link_inherit\"><a href=\"https:\/\/ficc.ar\/buenosaires2023\/films\/mateina\/\">Mate\u00edna<\/a><\/h2><p class=\"w-post-elm post_custom_field usg_post_custom_field_3 has_text_color type_text director_x_xs\"><span class=\"w-post-elm-before\">De: <\/span><span class=\"w-post-elm-value\">Pablo Abdala, Joaqu\u00edn Pe\u00f1agaricano \/ 2021 \/ Ficci\u00f3n \/ 82 min.<\/span><\/p><div class=\"w-post-elm post_taxonomy usg_post_taxonomy_2 has_text_color style_simple color_link_inherit\"><a class=\"term-32 term-prohibido-prohibir\" href=\"https:\/\/ficc.ar\/buenosaires2023\/secciones\/prohibido-prohibir\/\">Prohibido Prohibir<\/a><\/div><\/div>\t\t<\/div>\r\n\t<\/article>\r\n<\/div><div class=\"w-grid-preloader\"><div class=\"g-preloader type_1\">\r\n\t<div><\/div>\r\n<\/div>\r\n<\/div>\t<div class=\"w-grid-json hidden\" onclick='return {&quot;action&quot;:&quot;us_ajax_grid&quot;,&quot;ajax_url&quot;:&quot;https:\\\/\\\/ficc.ar\\\/buenosaires2023\\\/wp-admin\\\/admin-ajax.php&quot;,&quot;infinite_scroll&quot;:0,&quot;max_num_pages&quot;:1,&quot;pagination&quot;:&quot;none&quot;,&quot;permalink_url&quot;:&quot;https:\\\/\\\/ficc.ar\\\/buenosaires2023\\\/wp-json\\\/wp\\\/v2\\\/pages\\\/12&quot;,&quot;template_vars&quot;:{&quot;columns&quot;:&quot;3&quot;,&quot;exclude_items&quot;:&quot;none&quot;,&quot;img_size&quot;:&quot;default&quot;,&quot;ignore_items_size&quot;:0,&quot;items_layout&quot;:&quot;101&quot;,&quot;items_offset&quot;:&quot;1&quot;,&quot;load_animation&quot;:&quot;none&quot;,&quot;overriding_link&quot;:&quot;none&quot;,&quot;post_id&quot;:0,&quot;query_args&quot;:{&quot;post_type&quot;:[&quot;films&quot;],&quot;tax_query&quot;:[{&quot;taxonomy&quot;:&quot;categoria_film&quot;,&quot;field&quot;:&quot;slug&quot;,&quot;terms&quot;:[&quot;competencia-oficial-de-largometrajes-internacionales-de-ficcion&quot;]}],&quot;post_status&quot;:[&quot;publish&quot;,&quot;acf-disabled&quot;],&quot;posts_per_page&quot;:&quot;50&quot;},&quot;orderby_query_args&quot;:{&quot;orderby&quot;:{&quot;title&quot;:&quot;ASC&quot;},&quot;order&quot;:&quot;ASC&quot;},&quot;type&quot;:&quot;grid&quot;,&quot;us_grid_ajax_index&quot;:1,&quot;us_grid_filter_params&quot;:null,&quot;us_grid_index&quot;:1,&quot;_us_grid_post_type&quot;:&quot;films&quot;,&quot;page_args&quot;:[]}}'><\/div>\r\n\t<\/div><div class=\"w-separator size_medium\" id=\"mc38\"><style>@media(max-width:1024px){ #mc38{height:2rem!important}}@media(max-width:600px){ #mc38{height:2rem!important}}<\/style><\/div>[vc_custom_heading text=&#8221;Competencia Oficial de Documentales Internacionales&#8221; font_container=&#8221;tag:h2|text_align:center&#8221; use_theme_fonts=&#8221;yes&#8221; css=&#8221;%7B%22default%22%3A%7B%22color%22%3A%22_content_primary%22%7D%7D&#8221;]<div class=\"w-grid type_grid layout_101 cols_3 ratio_16x9\" id=\"us_grid_2\" style=\"--gap:0.5rem;\" data-filterable=\"true\"><style>@media (max-width:1024px){#us_grid_2 .w-grid-item{width:50%}#us_grid_2 .w-grid-item.size_2x1,#us_grid_2 .w-grid-item.size_2x2{width:100%}}@media (max-width:600px){#us_grid_2 .w-grid-list{margin:0}#us_grid_2 .w-grid-item{width:100%;padding:0;margin-bottom:var(--gap,0px)}}<\/style><div class=\"w-grid-list\">\t<article class=\"w-grid-item size_1x1 post-952 films type-films status-publish has-post-thumbnail hentry categoria_film-competencia-oficial-de-documentales-internacionales secciones-musica\" data-id=\"952\">\r\n\t\t<div class=\"w-grid-item-h\">\r\n\t\t\t\t\t\t<div class=\"w-post-elm post_image usg_post_image_1 has_ratio\"><div style=\"padding-bottom:56.25%\"><\/div><a href=\"https:\/\/ficc.ar\/buenosaires2023\/films\/espiritu-inquieto\/\" aria-label=\"Esp\u00edritu Inquieto\"><img loading=\"lazy\" decoding=\"async\" width=\"300\" height=\"169\" src=\"https:\/\/ficc.ar\/buenosaires2023\/wp-content\/uploads\/sites\/14\/2022\/09\/Espiritu-Inquieto-1-300x169.jpg\" class=\"attachment-medium size-medium wp-post-image\" alt=\"\" srcset=\"https:\/\/ficc.ar\/buenosaires2023\/wp-content\/uploads\/sites\/14\/2022\/09\/Espiritu-Inquieto-1-300x169.jpg 300w, https:\/\/ficc.ar\/buenosaires2023\/wp-content\/uploads\/sites\/14\/2022\/09\/Espiritu-Inquieto-1-1024x576.jpg 1024w, https:\/\/ficc.ar\/buenosaires2023\/wp-content\/uploads\/sites\/14\/2022\/09\/Espiritu-Inquieto-1.jpg 1920w\" sizes=\"auto, (max-width: 300px) 100vw, 300px\" \/><\/a><\/div><div class=\"w-vwrapper usg_vwrapper_1 grid_arrow_top align_center valign_top\"><h2 class=\"w-post-elm post_title usg_post_title_1 has_text_color entry-title color_link_inherit\"><a href=\"https:\/\/ficc.ar\/buenosaires2023\/films\/espiritu-inquieto\/\">Esp\u00edritu Inquieto<\/a><\/h2><p class=\"w-post-elm post_custom_field usg_post_custom_field_2 has_text_color type_text director_x_xs\"><span class=\"w-post-elm-before\">De: <\/span><span class=\"w-post-elm-value\">Eli-u Pena y Mat\u00edas Guerreros \/ 2019 \/ Documental \/ 82 min.<\/span><\/p><div class=\"w-post-elm post_taxonomy usg_post_taxonomy_1 has_text_color style_simple color_link_inherit\"><a class=\"term-30 term-musica\" href=\"https:\/\/ficc.ar\/buenosaires2023\/secciones\/musica\/\">M\u00fasica<\/a><\/div><\/div><div class=\"w-vwrapper usg_vwrapper_2 align_center valign_top\" style=\"--vwrapper-gap:0.3rem\"><h2 class=\"w-post-elm post_title usg_post_title_2 has_text_color entry-title color_link_inherit\"><a href=\"https:\/\/ficc.ar\/buenosaires2023\/films\/espiritu-inquieto\/\">Esp\u00edritu Inquieto<\/a><\/h2><p class=\"w-post-elm post_custom_field usg_post_custom_field_3 has_text_color type_text director_x_xs\"><span class=\"w-post-elm-before\">De: <\/span><span class=\"w-post-elm-value\">Eli-u Pena y Mat\u00edas Guerreros \/ 2019 \/ Documental \/ 82 min.<\/span><\/p><div class=\"w-post-elm post_taxonomy usg_post_taxonomy_2 has_text_color style_simple color_link_inherit\"><a class=\"term-30 term-musica\" href=\"https:\/\/ficc.ar\/buenosaires2023\/secciones\/musica\/\">M\u00fasica<\/a><\/div><\/div>\t\t<\/div>\r\n\t<\/article>\r\n\t<article class=\"w-grid-item size_1x1 post-1351 films type-films status-publish has-post-thumbnail hentry categoria_film-competencia-oficial-de-documentales-internacionales secciones-prohibido-prohibir\" data-id=\"1351\">\r\n\t\t<div class=\"w-grid-item-h\">\r\n\t\t\t\t\t\t<div class=\"w-post-elm post_image usg_post_image_1 has_ratio\"><div style=\"padding-bottom:56.25%\"><\/div><a href=\"https:\/\/ficc.ar\/buenosaires2023\/films\/eu-no-me-calo\/\" aria-label=\"Eu N\u00e3o Me Calo\"><img loading=\"lazy\" decoding=\"async\" width=\"300\" height=\"162\" src=\"https:\/\/ficc.ar\/buenosaires2023\/wp-content\/uploads\/sites\/14\/2023\/01\/Eu-Nao-Me-Calo-2-300x162.jpg\" class=\"attachment-medium size-medium wp-post-image\" alt=\"\" srcset=\"https:\/\/ficc.ar\/buenosaires2023\/wp-content\/uploads\/sites\/14\/2023\/01\/Eu-Nao-Me-Calo-2-300x162.jpg 300w, https:\/\/ficc.ar\/buenosaires2023\/wp-content\/uploads\/sites\/14\/2023\/01\/Eu-Nao-Me-Calo-2-1024x554.jpg 1024w, https:\/\/ficc.ar\/buenosaires2023\/wp-content\/uploads\/sites\/14\/2023\/01\/Eu-Nao-Me-Calo-2.jpg 1998w\" sizes=\"auto, (max-width: 300px) 100vw, 300px\" \/><\/a><\/div><div class=\"w-vwrapper usg_vwrapper_1 grid_arrow_top align_center valign_top\"><h2 class=\"w-post-elm post_title usg_post_title_1 has_text_color entry-title color_link_inherit\"><a href=\"https:\/\/ficc.ar\/buenosaires2023\/films\/eu-no-me-calo\/\">Eu N\u00e3o Me Calo<\/a><\/h2><p class=\"w-post-elm post_custom_field usg_post_custom_field_2 has_text_color type_text director_x_xs\"><span class=\"w-post-elm-before\">De: <\/span><span class=\"w-post-elm-value\"> Dellani Lima, K\u00e1tia Caliendo, Rafael Morato Zanatto \/ 2022 \/ Documental \/ 71 min. <\/span><\/p><div class=\"w-post-elm post_taxonomy usg_post_taxonomy_1 has_text_color style_simple color_link_inherit\"><a class=\"term-32 term-prohibido-prohibir\" href=\"https:\/\/ficc.ar\/buenosaires2023\/secciones\/prohibido-prohibir\/\">Prohibido Prohibir<\/a><\/div><\/div><div class=\"w-vwrapper usg_vwrapper_2 align_center valign_top\" style=\"--vwrapper-gap:0.3rem\"><h2 class=\"w-post-elm post_title usg_post_title_2 has_text_color entry-title color_link_inherit\"><a href=\"https:\/\/ficc.ar\/buenosaires2023\/films\/eu-no-me-calo\/\">Eu N\u00e3o Me Calo<\/a><\/h2><p class=\"w-post-elm post_custom_field usg_post_custom_field_3 has_text_color type_text director_x_xs\"><span class=\"w-post-elm-before\">De: <\/span><span class=\"w-post-elm-value\"> Dellani Lima, K\u00e1tia Caliendo, Rafael Morato Zanatto \/ 2022 \/ Documental \/ 71 min. <\/span><\/p><div class=\"w-post-elm post_taxonomy usg_post_taxonomy_2 has_text_color style_simple color_link_inherit\"><a class=\"term-32 term-prohibido-prohibir\" href=\"https:\/\/ficc.ar\/buenosaires2023\/secciones\/prohibido-prohibir\/\">Prohibido Prohibir<\/a><\/div><\/div>\t\t<\/div>\r\n\t<\/article>\r\n\t<article class=\"w-grid-item size_1x1 post-1353 films type-films status-publish has-post-thumbnail hentry categoria_film-competencia-oficial-de-documentales-internacionales secciones-otros-viajes\" data-id=\"1353\">\r\n\t\t<div class=\"w-grid-item-h\">\r\n\t\t\t\t\t\t<div class=\"w-post-elm post_image usg_post_image_1 has_ratio\"><div style=\"padding-bottom:56.25%\"><\/div><a href=\"https:\/\/ficc.ar\/buenosaires2023\/films\/go-heal-yourself\/\" aria-label=\"Go Heal Yourself\"><img loading=\"lazy\" decoding=\"async\" width=\"300\" height=\"169\" src=\"https:\/\/ficc.ar\/buenosaires2023\/wp-content\/uploads\/sites\/14\/2023\/01\/GoHealYourself_Still1_YasminCRams_PhotographerNicSmith_1920x1080_300dpi-300x169.jpg\" class=\"attachment-medium size-medium wp-post-image\" alt=\"\" srcset=\"https:\/\/ficc.ar\/buenosaires2023\/wp-content\/uploads\/sites\/14\/2023\/01\/GoHealYourself_Still1_YasminCRams_PhotographerNicSmith_1920x1080_300dpi-300x169.jpg 300w, https:\/\/ficc.ar\/buenosaires2023\/wp-content\/uploads\/sites\/14\/2023\/01\/GoHealYourself_Still1_YasminCRams_PhotographerNicSmith_1920x1080_300dpi-1024x576.jpg 1024w, https:\/\/ficc.ar\/buenosaires2023\/wp-content\/uploads\/sites\/14\/2023\/01\/GoHealYourself_Still1_YasminCRams_PhotographerNicSmith_1920x1080_300dpi.jpg 1920w\" sizes=\"auto, (max-width: 300px) 100vw, 300px\" \/><\/a><\/div><div class=\"w-vwrapper usg_vwrapper_1 grid_arrow_top align_center valign_top\"><h2 class=\"w-post-elm post_title usg_post_title_1 has_text_color entry-title color_link_inherit\"><a href=\"https:\/\/ficc.ar\/buenosaires2023\/films\/go-heal-yourself\/\">Go Heal Yourself<\/a><\/h2><p class=\"w-post-elm post_custom_field usg_post_custom_field_2 has_text_color type_text director_x_xs\"><span class=\"w-post-elm-before\">De: <\/span><span class=\"w-post-elm-value\">Yasmin Rams \/ Alemania 2021 \/ Documental \/ 105 min. <\/span><\/p><div class=\"w-post-elm post_taxonomy usg_post_taxonomy_1 has_text_color style_simple color_link_inherit\"><a class=\"term-31 term-otros-viajes\" href=\"https:\/\/ficc.ar\/buenosaires2023\/secciones\/otros-viajes\/\">Otros Viajes<\/a><\/div><\/div><div class=\"w-vwrapper usg_vwrapper_2 align_center valign_top\" style=\"--vwrapper-gap:0.3rem\"><h2 class=\"w-post-elm post_title usg_post_title_2 has_text_color entry-title color_link_inherit\"><a href=\"https:\/\/ficc.ar\/buenosaires2023\/films\/go-heal-yourself\/\">Go Heal Yourself<\/a><\/h2><p class=\"w-post-elm post_custom_field usg_post_custom_field_3 has_text_color type_text director_x_xs\"><span class=\"w-post-elm-before\">De: <\/span><span class=\"w-post-elm-value\">Yasmin Rams \/ Alemania 2021 \/ Documental \/ 105 min. <\/span><\/p><div class=\"w-post-elm post_taxonomy usg_post_taxonomy_2 has_text_color style_simple color_link_inherit\"><a class=\"term-31 term-otros-viajes\" href=\"https:\/\/ficc.ar\/buenosaires2023\/secciones\/otros-viajes\/\">Otros Viajes<\/a><\/div><\/div>\t\t<\/div>\r\n\t<\/article>\r\n\t<article class=\"w-grid-item size_1x1 post-954 films type-films status-publish has-post-thumbnail hentry categoria_film-competencia-oficial-de-documentales-internacionales secciones-tierra\" data-id=\"954\">\r\n\t\t<div class=\"w-grid-item-h\">\r\n\t\t\t\t\t\t<div class=\"w-post-elm post_image usg_post_image_1 has_ratio\"><div style=\"padding-bottom:56.25%\"><\/div><a href=\"https:\/\/ficc.ar\/buenosaires2023\/films\/la-danza-del-cocuy\/\" aria-label=\"La Danza del Cocuy\"><img loading=\"lazy\" decoding=\"async\" width=\"300\" height=\"169\" src=\"https:\/\/ficc.ar\/buenosaires2023\/wp-content\/uploads\/sites\/14\/2022\/09\/FOTO1-300x169.jpg\" class=\"attachment-medium size-medium wp-post-image\" alt=\"\" srcset=\"https:\/\/ficc.ar\/buenosaires2023\/wp-content\/uploads\/sites\/14\/2022\/09\/FOTO1-300x169.jpg 300w, https:\/\/ficc.ar\/buenosaires2023\/wp-content\/uploads\/sites\/14\/2022\/09\/FOTO1-1024x576.jpg 1024w, https:\/\/ficc.ar\/buenosaires2023\/wp-content\/uploads\/sites\/14\/2022\/09\/FOTO1.jpg 1362w\" sizes=\"auto, (max-width: 300px) 100vw, 300px\" \/><\/a><\/div><div class=\"w-vwrapper usg_vwrapper_1 grid_arrow_top align_center valign_top\"><h2 class=\"w-post-elm post_title usg_post_title_1 has_text_color entry-title color_link_inherit\"><a href=\"https:\/\/ficc.ar\/buenosaires2023\/films\/la-danza-del-cocuy\/\">La Danza del Cocuy<\/a><\/h2><p class=\"w-post-elm post_custom_field usg_post_custom_field_2 has_text_color type_text director_x_xs\"><span class=\"w-post-elm-before\">De: <\/span><span class=\"w-post-elm-value\">Gabriela Fuentes y Yuruani Rodr\u00edguez \/ 2022 \/ Documental \/ 63 min.<\/span><\/p><div class=\"w-post-elm post_taxonomy usg_post_taxonomy_1 has_text_color style_simple color_link_inherit\"><a class=\"term-33 term-tierra\" href=\"https:\/\/ficc.ar\/buenosaires2023\/secciones\/tierra\/\">Tierra<\/a><\/div><\/div><div class=\"w-vwrapper usg_vwrapper_2 align_center valign_top\" style=\"--vwrapper-gap:0.3rem\"><h2 class=\"w-post-elm post_title usg_post_title_2 has_text_color entry-title color_link_inherit\"><a href=\"https:\/\/ficc.ar\/buenosaires2023\/films\/la-danza-del-cocuy\/\">La Danza del Cocuy<\/a><\/h2><p class=\"w-post-elm post_custom_field usg_post_custom_field_3 has_text_color type_text director_x_xs\"><span class=\"w-post-elm-before\">De: <\/span><span class=\"w-post-elm-value\">Gabriela Fuentes y Yuruani Rodr\u00edguez \/ 2022 \/ Documental \/ 63 min.<\/span><\/p><div class=\"w-post-elm post_taxonomy usg_post_taxonomy_2 has_text_color style_simple color_link_inherit\"><a class=\"term-33 term-tierra\" href=\"https:\/\/ficc.ar\/buenosaires2023\/secciones\/tierra\/\">Tierra<\/a><\/div><\/div>\t\t<\/div>\r\n\t<\/article>\r\n\t<article class=\"w-grid-item size_1x1 post-956 films type-films status-publish has-post-thumbnail hentry categoria_film-competencia-oficial-de-documentales-internacionales secciones-tierra\" data-id=\"956\">\r\n\t\t<div class=\"w-grid-item-h\">\r\n\t\t\t\t\t\t<div class=\"w-post-elm post_image usg_post_image_1 has_ratio\"><div style=\"padding-bottom:56.25%\"><\/div><a href=\"https:\/\/ficc.ar\/buenosaires2023\/films\/trimmigrants\/\" aria-label=\"Trimmigrants\"><img loading=\"lazy\" decoding=\"async\" width=\"300\" height=\"188\" src=\"https:\/\/ficc.ar\/buenosaires2023\/wp-content\/uploads\/sites\/14\/2022\/09\/Trimmigrants-4-300x188.png\" class=\"attachment-medium size-medium wp-post-image\" alt=\"\" srcset=\"https:\/\/ficc.ar\/buenosaires2023\/wp-content\/uploads\/sites\/14\/2022\/09\/Trimmigrants-4-300x188.png 300w, https:\/\/ficc.ar\/buenosaires2023\/wp-content\/uploads\/sites\/14\/2022\/09\/Trimmigrants-4-1024x640.png 1024w\" sizes=\"auto, (max-width: 300px) 100vw, 300px\" \/><\/a><\/div><div class=\"w-vwrapper usg_vwrapper_1 grid_arrow_top align_center valign_top\"><h2 class=\"w-post-elm post_title usg_post_title_1 has_text_color entry-title color_link_inherit\"><a href=\"https:\/\/ficc.ar\/buenosaires2023\/films\/trimmigrants\/\">Trimmigrants<\/a><\/h2><p class=\"w-post-elm post_custom_field usg_post_custom_field_2 has_text_color type_text director_x_xs\"><span class=\"w-post-elm-before\">De: <\/span><span class=\"w-post-elm-value\">Gustavo Anselmi y David Kohan \/ 2022 \/ Documental \/ 75 min.<\/span><\/p><div class=\"w-post-elm post_taxonomy usg_post_taxonomy_1 has_text_color style_simple color_link_inherit\"><a class=\"term-33 term-tierra\" href=\"https:\/\/ficc.ar\/buenosaires2023\/secciones\/tierra\/\">Tierra<\/a><\/div><\/div><div class=\"w-vwrapper usg_vwrapper_2 align_center valign_top\" style=\"--vwrapper-gap:0.3rem\"><h2 class=\"w-post-elm post_title usg_post_title_2 has_text_color entry-title color_link_inherit\"><a href=\"https:\/\/ficc.ar\/buenosaires2023\/films\/trimmigrants\/\">Trimmigrants<\/a><\/h2><p class=\"w-post-elm post_custom_field usg_post_custom_field_3 has_text_color type_text director_x_xs\"><span class=\"w-post-elm-before\">De: <\/span><span class=\"w-post-elm-value\">Gustavo Anselmi y David Kohan \/ 2022 \/ Documental \/ 75 min.<\/span><\/p><div class=\"w-post-elm post_taxonomy usg_post_taxonomy_2 has_text_color style_simple color_link_inherit\"><a class=\"term-33 term-tierra\" href=\"https:\/\/ficc.ar\/buenosaires2023\/secciones\/tierra\/\">Tierra<\/a><\/div><\/div>\t\t<\/div>\r\n\t<\/article>\r\n<\/div><div class=\"w-grid-preloader\"><div class=\"g-preloader type_1\">\r\n\t<div><\/div>\r\n<\/div>\r\n<\/div>\t<div class=\"w-grid-json hidden\" onclick='return {&quot;action&quot;:&quot;us_ajax_grid&quot;,&quot;ajax_url&quot;:&quot;https:\\\/\\\/ficc.ar\\\/buenosaires2023\\\/wp-admin\\\/admin-ajax.php&quot;,&quot;infinite_scroll&quot;:0,&quot;max_num_pages&quot;:1,&quot;pagination&quot;:&quot;none&quot;,&quot;permalink_url&quot;:&quot;https:\\\/\\\/ficc.ar\\\/buenosaires2023\\\/wp-json\\\/wp\\\/v2\\\/pages\\\/12&quot;,&quot;template_vars&quot;:{&quot;columns&quot;:&quot;3&quot;,&quot;exclude_items&quot;:&quot;none&quot;,&quot;img_size&quot;:&quot;default&quot;,&quot;ignore_items_size&quot;:0,&quot;items_layout&quot;:&quot;101&quot;,&quot;items_offset&quot;:&quot;1&quot;,&quot;load_animation&quot;:&quot;none&quot;,&quot;overriding_link&quot;:&quot;none&quot;,&quot;post_id&quot;:0,&quot;query_args&quot;:{&quot;post_type&quot;:[&quot;films&quot;],&quot;tax_query&quot;:[{&quot;taxonomy&quot;:&quot;categoria_film&quot;,&quot;field&quot;:&quot;slug&quot;,&quot;terms&quot;:[&quot;competencia-oficial-de-documentales-internacionales&quot;]}],&quot;post_status&quot;:[&quot;publish&quot;,&quot;acf-disabled&quot;],&quot;posts_per_page&quot;:&quot;50&quot;},&quot;orderby_query_args&quot;:{&quot;orderby&quot;:{&quot;title&quot;:&quot;ASC&quot;},&quot;order&quot;:&quot;ASC&quot;},&quot;type&quot;:&quot;grid&quot;,&quot;us_grid_ajax_index&quot;:2,&quot;us_grid_filter_params&quot;:null,&quot;us_grid_index&quot;:2,&quot;_us_grid_post_type&quot;:&quot;films&quot;,&quot;page_args&quot;:[]}}'><\/div>\r\n\t<\/div><div class=\"w-separator size_medium\" id=\"c8c1\"><style>@media(max-width:1024px){ #c8c1{height:2rem!important}}@media(max-width:600px){ #c8c1{height:2rem!important}}<\/style><\/div>[vc_custom_heading text=&#8221;Competencia Oficial de Cortometrajes Internacionales&#8221; font_container=&#8221;tag:h2|text_align:center&#8221; use_theme_fonts=&#8221;yes&#8221; css=&#8221;%7B%22default%22%3A%7B%22color%22%3A%22_content_primary%22%7D%7D&#8221;]<div class=\"w-grid type_grid layout_101 cols_3 ratio_16x9\" id=\"us_grid_3\" style=\"--gap:0.5rem;\" data-filterable=\"true\"><style>@media (max-width:1024px){#us_grid_3 .w-grid-item{width:50%}#us_grid_3 .w-grid-item.size_2x1,#us_grid_3 .w-grid-item.size_2x2{width:100%}}@media (max-width:600px){#us_grid_3 .w-grid-list{margin:0}#us_grid_3 .w-grid-item{width:100%;padding:0;margin-bottom:var(--gap,0px)}}<\/style><div class=\"w-grid-list\">\t<article class=\"w-grid-item size_1x1 post-959 films type-films status-publish has-post-thumbnail hentry categoria_film-competencia-oficial-de-cortometrajes-internacionales secciones-humos\" data-id=\"959\">\r\n\t\t<div class=\"w-grid-item-h\">\r\n\t\t\t\t\t\t<div class=\"w-post-elm post_image usg_post_image_1 has_ratio\"><div style=\"padding-bottom:56.25%\"><\/div><a href=\"https:\/\/ficc.ar\/buenosaires2023\/films\/cartas-de-una-pandemia-carta-2\/\" aria-label=\"Cartas de una pandemia &#8211; Carta 2\"><img loading=\"lazy\" decoding=\"async\" width=\"300\" height=\"168\" src=\"https:\/\/ficc.ar\/buenosaires2023\/wp-content\/uploads\/sites\/14\/2022\/09\/cartas-de-una-pandemia-300x168.png\" class=\"attachment-medium size-medium wp-post-image\" alt=\"\" srcset=\"https:\/\/ficc.ar\/buenosaires2023\/wp-content\/uploads\/sites\/14\/2022\/09\/cartas-de-una-pandemia-300x168.png 300w, https:\/\/ficc.ar\/buenosaires2023\/wp-content\/uploads\/sites\/14\/2022\/09\/cartas-de-una-pandemia-1024x575.png 1024w\" sizes=\"auto, (max-width: 300px) 100vw, 300px\" \/><\/a><\/div><div class=\"w-vwrapper usg_vwrapper_1 grid_arrow_top align_center valign_top\"><h2 class=\"w-post-elm post_title usg_post_title_1 has_text_color entry-title color_link_inherit\"><a href=\"https:\/\/ficc.ar\/buenosaires2023\/films\/cartas-de-una-pandemia-carta-2\/\">Cartas de una pandemia &#8211; Carta 2<\/a><\/h2><p class=\"w-post-elm post_custom_field usg_post_custom_field_2 has_text_color type_text director_x_xs\"><span class=\"w-post-elm-before\">De: <\/span><span class=\"w-post-elm-value\">Il\u00e9n Juambeltz \/  2020 \/ Documental \/ 13 min.<\/span><\/p><div class=\"w-post-elm post_taxonomy usg_post_taxonomy_1 has_text_color style_simple color_link_inherit\"><a class=\"term-29 term-humos\" href=\"https:\/\/ficc.ar\/buenosaires2023\/secciones\/humos\/\">Humos<\/a><\/div><\/div><div class=\"w-vwrapper usg_vwrapper_2 align_center valign_top\" style=\"--vwrapper-gap:0.3rem\"><h2 class=\"w-post-elm post_title usg_post_title_2 has_text_color entry-title color_link_inherit\"><a href=\"https:\/\/ficc.ar\/buenosaires2023\/films\/cartas-de-una-pandemia-carta-2\/\">Cartas de una pandemia &#8211; Carta 2<\/a><\/h2><p class=\"w-post-elm post_custom_field usg_post_custom_field_3 has_text_color type_text director_x_xs\"><span class=\"w-post-elm-before\">De: <\/span><span class=\"w-post-elm-value\">Il\u00e9n Juambeltz \/  2020 \/ Documental \/ 13 min.<\/span><\/p><div class=\"w-post-elm post_taxonomy usg_post_taxonomy_2 has_text_color style_simple color_link_inherit\"><a class=\"term-29 term-humos\" href=\"https:\/\/ficc.ar\/buenosaires2023\/secciones\/humos\/\">Humos<\/a><\/div><\/div>\t\t<\/div>\r\n\t<\/article>\r\n\t<article class=\"w-grid-item size_1x1 post-966 films type-films status-publish has-post-thumbnail hentry categoria_film-competencia-oficial-de-cortometrajes-internacionales secciones-humos\" data-id=\"966\">\r\n\t\t<div class=\"w-grid-item-h\">\r\n\t\t\t\t\t\t<div class=\"w-post-elm post_image usg_post_image_1 has_ratio\"><div style=\"padding-bottom:56.25%\"><\/div><a href=\"https:\/\/ficc.ar\/buenosaires2023\/films\/glitters-wild-women\/\" aria-label=\"Glitter&#8217;s Wild Women\"><img loading=\"lazy\" decoding=\"async\" width=\"300\" height=\"169\" src=\"https:\/\/ficc.ar\/buenosaires2023\/wp-content\/uploads\/sites\/14\/2022\/09\/Screen-Shot-2022-07-29-at-2.08.29-PM-Roney-300x169.png\" class=\"attachment-medium size-medium wp-post-image\" alt=\"\" srcset=\"https:\/\/ficc.ar\/buenosaires2023\/wp-content\/uploads\/sites\/14\/2022\/09\/Screen-Shot-2022-07-29-at-2.08.29-PM-Roney-300x169.png 300w, https:\/\/ficc.ar\/buenosaires2023\/wp-content\/uploads\/sites\/14\/2022\/09\/Screen-Shot-2022-07-29-at-2.08.29-PM-Roney-1024x577.png 1024w\" sizes=\"auto, (max-width: 300px) 100vw, 300px\" \/><\/a><\/div><div class=\"w-vwrapper usg_vwrapper_1 grid_arrow_top align_center valign_top\"><h2 class=\"w-post-elm post_title usg_post_title_1 has_text_color entry-title color_link_inherit\"><a href=\"https:\/\/ficc.ar\/buenosaires2023\/films\/glitters-wild-women\/\">Glitter&#8217;s Wild Women<\/a><\/h2><p class=\"w-post-elm post_custom_field usg_post_custom_field_2 has_text_color type_text director_x_xs\"><span class=\"w-post-elm-before\">De: <\/span><span class=\"w-post-elm-value\">Roney \/ 2018 \/ Ficci\u00f3n \/13 min.<\/span><\/p><div class=\"w-post-elm post_taxonomy usg_post_taxonomy_1 has_text_color style_simple color_link_inherit\"><a class=\"term-29 term-humos\" href=\"https:\/\/ficc.ar\/buenosaires2023\/secciones\/humos\/\">Humos<\/a><\/div><\/div><div class=\"w-vwrapper usg_vwrapper_2 align_center valign_top\" style=\"--vwrapper-gap:0.3rem\"><h2 class=\"w-post-elm post_title usg_post_title_2 has_text_color entry-title color_link_inherit\"><a href=\"https:\/\/ficc.ar\/buenosaires2023\/films\/glitters-wild-women\/\">Glitter&#8217;s Wild Women<\/a><\/h2><p class=\"w-post-elm post_custom_field usg_post_custom_field_3 has_text_color type_text director_x_xs\"><span class=\"w-post-elm-before\">De: <\/span><span class=\"w-post-elm-value\">Roney \/ 2018 \/ Ficci\u00f3n \/13 min.<\/span><\/p><div class=\"w-post-elm post_taxonomy usg_post_taxonomy_2 has_text_color style_simple color_link_inherit\"><a class=\"term-29 term-humos\" href=\"https:\/\/ficc.ar\/buenosaires2023\/secciones\/humos\/\">Humos<\/a><\/div><\/div>\t\t<\/div>\r\n\t<\/article>\r\n\t<article class=\"w-grid-item size_1x1 post-968 films type-films status-publish has-post-thumbnail hentry categoria_film-competencia-oficial-de-cortometrajes-internacionales secciones-musica\" data-id=\"968\">\r\n\t\t<div class=\"w-grid-item-h\">\r\n\t\t\t\t\t\t<div class=\"w-post-elm post_image usg_post_image_1 has_ratio\"><div style=\"padding-bottom:56.25%\"><\/div><a href=\"https:\/\/ficc.ar\/buenosaires2023\/films\/maquinaciones\/\" aria-label=\"Maquinaciones\"><img loading=\"lazy\" decoding=\"async\" width=\"300\" height=\"194\" src=\"https:\/\/ficc.ar\/buenosaires2023\/wp-content\/uploads\/sites\/14\/2022\/09\/F1-Maquinaciones-300x194.png\" class=\"attachment-medium size-medium wp-post-image\" alt=\"\" srcset=\"https:\/\/ficc.ar\/buenosaires2023\/wp-content\/uploads\/sites\/14\/2022\/09\/F1-Maquinaciones-300x194.png 300w, https:\/\/ficc.ar\/buenosaires2023\/wp-content\/uploads\/sites\/14\/2022\/09\/F1-Maquinaciones-1024x662.png 1024w\" sizes=\"auto, (max-width: 300px) 100vw, 300px\" \/><\/a><\/div><div class=\"w-vwrapper usg_vwrapper_1 grid_arrow_top align_center valign_top\"><h2 class=\"w-post-elm post_title usg_post_title_1 has_text_color entry-title color_link_inherit\"><a href=\"https:\/\/ficc.ar\/buenosaires2023\/films\/maquinaciones\/\">Maquinaciones<\/a><\/h2><p class=\"w-post-elm post_custom_field usg_post_custom_field_2 has_text_color type_text director_x_xs\"><span class=\"w-post-elm-before\">De: <\/span><span class=\"w-post-elm-value\">Diego Pe\u00f1a \/ 2018 \/ Ficci\u00f3n \/ 7 min.<\/span><\/p><div class=\"w-post-elm post_taxonomy usg_post_taxonomy_1 has_text_color style_simple color_link_inherit\"><a class=\"term-30 term-musica\" href=\"https:\/\/ficc.ar\/buenosaires2023\/secciones\/musica\/\">M\u00fasica<\/a><\/div><\/div><div class=\"w-vwrapper usg_vwrapper_2 align_center valign_top\" style=\"--vwrapper-gap:0.3rem\"><h2 class=\"w-post-elm post_title usg_post_title_2 has_text_color entry-title color_link_inherit\"><a href=\"https:\/\/ficc.ar\/buenosaires2023\/films\/maquinaciones\/\">Maquinaciones<\/a><\/h2><p class=\"w-post-elm post_custom_field usg_post_custom_field_3 has_text_color type_text director_x_xs\"><span class=\"w-post-elm-before\">De: <\/span><span class=\"w-post-elm-value\">Diego Pe\u00f1a \/ 2018 \/ Ficci\u00f3n \/ 7 min.<\/span><\/p><div class=\"w-post-elm post_taxonomy usg_post_taxonomy_2 has_text_color style_simple color_link_inherit\"><a class=\"term-30 term-musica\" href=\"https:\/\/ficc.ar\/buenosaires2023\/secciones\/musica\/\">M\u00fasica<\/a><\/div><\/div>\t\t<\/div>\r\n\t<\/article>\r\n\t<article class=\"w-grid-item size_1x1 post-970 films type-films status-publish has-post-thumbnail hentry categoria_film-competencia-oficial-de-cortometrajes-internacionales secciones-humos\" data-id=\"970\">\r\n\t\t<div class=\"w-grid-item-h\">\r\n\t\t\t\t\t\t<div class=\"w-post-elm post_image usg_post_image_1 has_ratio\"><div style=\"padding-bottom:56.25%\"><\/div><a href=\"https:\/\/ficc.ar\/buenosaires2023\/films\/mi-mundo-con-monstruos\/\" aria-label=\"Mi mundito con Monstruos\"><img loading=\"lazy\" decoding=\"async\" width=\"300\" height=\"169\" src=\"https:\/\/ficc.ar\/buenosaires2023\/wp-content\/uploads\/sites\/14\/2022\/09\/MMCM-FRAMES-1-300x169.jpeg\" class=\"attachment-medium size-medium wp-post-image\" alt=\"\" srcset=\"https:\/\/ficc.ar\/buenosaires2023\/wp-content\/uploads\/sites\/14\/2022\/09\/MMCM-FRAMES-1-300x169.jpeg 300w, https:\/\/ficc.ar\/buenosaires2023\/wp-content\/uploads\/sites\/14\/2022\/09\/MMCM-FRAMES-1.jpeg 1024w\" sizes=\"auto, (max-width: 300px) 100vw, 300px\" \/><\/a><\/div><div class=\"w-vwrapper usg_vwrapper_1 grid_arrow_top align_center valign_top\"><h2 class=\"w-post-elm post_title usg_post_title_1 has_text_color entry-title color_link_inherit\"><a href=\"https:\/\/ficc.ar\/buenosaires2023\/films\/mi-mundo-con-monstruos\/\">Mi mundito con Monstruos<\/a><\/h2><p class=\"w-post-elm post_custom_field usg_post_custom_field_2 has_text_color type_text director_x_xs\"><span class=\"w-post-elm-before\">De: <\/span><span class=\"w-post-elm-value\">Fernando Gallucci \/ 2022 \/Ficci\u00f3n \/ 8 min.<\/span><\/p><div class=\"w-post-elm post_taxonomy usg_post_taxonomy_1 has_text_color style_simple color_link_inherit\"><a class=\"term-29 term-humos\" href=\"https:\/\/ficc.ar\/buenosaires2023\/secciones\/humos\/\">Humos<\/a><\/div><\/div><div class=\"w-vwrapper usg_vwrapper_2 align_center valign_top\" style=\"--vwrapper-gap:0.3rem\"><h2 class=\"w-post-elm post_title usg_post_title_2 has_text_color entry-title color_link_inherit\"><a href=\"https:\/\/ficc.ar\/buenosaires2023\/films\/mi-mundo-con-monstruos\/\">Mi mundito con Monstruos<\/a><\/h2><p class=\"w-post-elm post_custom_field usg_post_custom_field_3 has_text_color type_text director_x_xs\"><span class=\"w-post-elm-before\">De: <\/span><span class=\"w-post-elm-value\">Fernando Gallucci \/ 2022 \/Ficci\u00f3n \/ 8 min.<\/span><\/p><div class=\"w-post-elm post_taxonomy usg_post_taxonomy_2 has_text_color style_simple color_link_inherit\"><a class=\"term-29 term-humos\" href=\"https:\/\/ficc.ar\/buenosaires2023\/secciones\/humos\/\">Humos<\/a><\/div><\/div>\t\t<\/div>\r\n\t<\/article>\r\n\t<article class=\"w-grid-item size_1x1 post-974 films type-films status-publish has-post-thumbnail hentry categoria_film-competencia-oficial-de-cortometrajes-internacionales secciones-prohibido-prohibir\" data-id=\"974\">\r\n\t\t<div class=\"w-grid-item-h\">\r\n\t\t\t\t\t\t<div class=\"w-post-elm post_image usg_post_image_1 has_ratio\"><div style=\"padding-bottom:56.25%\"><\/div><a href=\"https:\/\/ficc.ar\/buenosaires2023\/films\/should-i-say-that-i-use-other-drugs\/\" aria-label=\"Should I say that I use other drugs?\"><img loading=\"lazy\" decoding=\"async\" width=\"300\" height=\"202\" src=\"https:\/\/ficc.ar\/buenosaires2023\/wp-content\/uploads\/sites\/14\/2022\/09\/Should-I-say-that-I-use-other-drugs-01-300x202.png\" class=\"attachment-medium size-medium wp-post-image\" alt=\"\" srcset=\"https:\/\/ficc.ar\/buenosaires2023\/wp-content\/uploads\/sites\/14\/2022\/09\/Should-I-say-that-I-use-other-drugs-01-300x202.png 300w, https:\/\/ficc.ar\/buenosaires2023\/wp-content\/uploads\/sites\/14\/2022\/09\/Should-I-say-that-I-use-other-drugs-01-1024x688.png 1024w\" sizes=\"auto, (max-width: 300px) 100vw, 300px\" \/><\/a><\/div><div class=\"w-vwrapper usg_vwrapper_1 grid_arrow_top align_center valign_top\"><h2 class=\"w-post-elm post_title usg_post_title_1 has_text_color entry-title color_link_inherit\"><a href=\"https:\/\/ficc.ar\/buenosaires2023\/films\/should-i-say-that-i-use-other-drugs\/\">Should I say that I use other drugs?<\/a><\/h2><p class=\"w-post-elm post_custom_field usg_post_custom_field_2 has_text_color type_text director_x_xs\"><span class=\"w-post-elm-before\">De: <\/span><span class=\"w-post-elm-value\">Dana Bonilla y Ra\u00fal Lescano \/ 2021 \/ Documental \/ 5 min.<\/span><\/p><div class=\"w-post-elm post_taxonomy usg_post_taxonomy_1 has_text_color style_simple color_link_inherit\"><a class=\"term-32 term-prohibido-prohibir\" href=\"https:\/\/ficc.ar\/buenosaires2023\/secciones\/prohibido-prohibir\/\">Prohibido Prohibir<\/a><\/div><\/div><div class=\"w-vwrapper usg_vwrapper_2 align_center valign_top\" style=\"--vwrapper-gap:0.3rem\"><h2 class=\"w-post-elm post_title usg_post_title_2 has_text_color entry-title color_link_inherit\"><a href=\"https:\/\/ficc.ar\/buenosaires2023\/films\/should-i-say-that-i-use-other-drugs\/\">Should I say that I use other drugs?<\/a><\/h2><p class=\"w-post-elm post_custom_field usg_post_custom_field_3 has_text_color type_text director_x_xs\"><span class=\"w-post-elm-before\">De: <\/span><span class=\"w-post-elm-value\">Dana Bonilla y Ra\u00fal Lescano \/ 2021 \/ Documental \/ 5 min.<\/span><\/p><div class=\"w-post-elm post_taxonomy usg_post_taxonomy_2 has_text_color style_simple color_link_inherit\"><a class=\"term-32 term-prohibido-prohibir\" href=\"https:\/\/ficc.ar\/buenosaires2023\/secciones\/prohibido-prohibir\/\">Prohibido Prohibir<\/a><\/div><\/div>\t\t<\/div>\r\n\t<\/article>\r\n<\/div><div class=\"w-grid-preloader\"><div class=\"g-preloader type_1\">\r\n\t<div><\/div>\r\n<\/div>\r\n<\/div>\t<div class=\"w-grid-json hidden\" onclick='return {&quot;action&quot;:&quot;us_ajax_grid&quot;,&quot;ajax_url&quot;:&quot;https:\\\/\\\/ficc.ar\\\/buenosaires2023\\\/wp-admin\\\/admin-ajax.php&quot;,&quot;infinite_scroll&quot;:0,&quot;max_num_pages&quot;:1,&quot;pagination&quot;:&quot;none&quot;,&quot;permalink_url&quot;:&quot;https:\\\/\\\/ficc.ar\\\/buenosaires2023\\\/wp-json\\\/wp\\\/v2\\\/pages\\\/12&quot;,&quot;template_vars&quot;:{&quot;columns&quot;:&quot;3&quot;,&quot;exclude_items&quot;:&quot;none&quot;,&quot;img_size&quot;:&quot;default&quot;,&quot;ignore_items_size&quot;:0,&quot;items_layout&quot;:&quot;101&quot;,&quot;items_offset&quot;:&quot;1&quot;,&quot;load_animation&quot;:&quot;none&quot;,&quot;overriding_link&quot;:&quot;none&quot;,&quot;post_id&quot;:0,&quot;query_args&quot;:{&quot;post_type&quot;:[&quot;films&quot;],&quot;tax_query&quot;:[{&quot;taxonomy&quot;:&quot;categoria_film&quot;,&quot;field&quot;:&quot;slug&quot;,&quot;terms&quot;:[&quot;competencia-oficial-de-cortometrajes-internacionales&quot;]}],&quot;post_status&quot;:[&quot;publish&quot;,&quot;acf-disabled&quot;],&quot;posts_per_page&quot;:&quot;50&quot;},&quot;orderby_query_args&quot;:{&quot;orderby&quot;:{&quot;title&quot;:&quot;ASC&quot;},&quot;order&quot;:&quot;ASC&quot;},&quot;type&quot;:&quot;grid&quot;,&quot;us_grid_ajax_index&quot;:3,&quot;us_grid_filter_params&quot;:null,&quot;us_grid_index&quot;:3,&quot;_us_grid_post_type&quot;:&quot;films&quot;,&quot;page_args&quot;:[]}}'><\/div>\r\n\t<\/div><div class=\"w-separator size_medium\" id=\"r421\"><style>@media(max-width:1024px){ #r421{height:2rem!important}}@media(max-width:600px){ #r421{height:2rem!important}}<\/style><\/div>[vc_custom_heading text=&#8221;Pel\u00edculas Seleccionadas Fuera de Competencia&#8221; font_container=&#8221;tag:h3|text_align:center&#8221; use_theme_fonts=&#8221;yes&#8221; css=&#8221;%7B%22default%22%3A%7B%22color%22%3A%22_content_primary%22%7D%7D&#8221;]<div class=\"w-grid type_grid layout_101 cols_4 ratio_16x9\" id=\"us_grid_4\" style=\"--gap:0.5rem;\" data-filterable=\"true\"><style>@media (max-width:1024px){#us_grid_4 .w-grid-item{width:50%}#us_grid_4 .w-grid-item.size_2x1,#us_grid_4 .w-grid-item.size_2x2{width:100%}}@media (max-width:600px){#us_grid_4 .w-grid-list{margin:0}#us_grid_4 .w-grid-item{width:100%;padding:0;margin-bottom:var(--gap,0px)}}<\/style><div class=\"w-grid-list\">\t<article class=\"w-grid-item size_1x1 post-978 films type-films status-publish has-post-thumbnail hentry categoria_film-peliculas-seleccionadas-fuera-de-competencia secciones-musica\" data-id=\"978\">\r\n\t\t<div class=\"w-grid-item-h\">\r\n\t\t\t\t\t\t<div class=\"w-post-elm post_image usg_post_image_1 has_ratio\"><div style=\"padding-bottom:56.25%\"><\/div><a href=\"https:\/\/ficc.ar\/buenosaires2023\/films\/a-nova-fome-album-visual\/\" aria-label=\"A Nova Fome &#8211; \u00c1lbum Visual\"><img loading=\"lazy\" decoding=\"async\" width=\"300\" height=\"169\" src=\"https:\/\/ficc.ar\/buenosaires2023\/wp-content\/uploads\/sites\/14\/2022\/09\/Frames-Movie-A-NOVA-FOME-300x169.png\" class=\"attachment-medium size-medium wp-post-image\" alt=\"\" srcset=\"https:\/\/ficc.ar\/buenosaires2023\/wp-content\/uploads\/sites\/14\/2022\/09\/Frames-Movie-A-NOVA-FOME-300x169.png 300w, https:\/\/ficc.ar\/buenosaires2023\/wp-content\/uploads\/sites\/14\/2022\/09\/Frames-Movie-A-NOVA-FOME-1024x576.png 1024w, https:\/\/ficc.ar\/buenosaires2023\/wp-content\/uploads\/sites\/14\/2022\/09\/Frames-Movie-A-NOVA-FOME.png 1366w\" sizes=\"auto, (max-width: 300px) 100vw, 300px\" \/><\/a><\/div><div class=\"w-vwrapper usg_vwrapper_1 grid_arrow_top align_center valign_top\"><h2 class=\"w-post-elm post_title usg_post_title_1 has_text_color entry-title color_link_inherit\"><a href=\"https:\/\/ficc.ar\/buenosaires2023\/films\/a-nova-fome-album-visual\/\">A Nova Fome &#8211; \u00c1lbum Visual<\/a><\/h2><p class=\"w-post-elm post_custom_field usg_post_custom_field_2 has_text_color type_text director_x_xs\"><span class=\"w-post-elm-before\">De: <\/span><span class=\"w-post-elm-value\">Seu Barbosa \/ 2022 \/ Videoclip \/ 8 min.<\/span><\/p><div class=\"w-post-elm post_taxonomy usg_post_taxonomy_1 has_text_color style_simple color_link_inherit\"><a class=\"term-30 term-musica\" href=\"https:\/\/ficc.ar\/buenosaires2023\/secciones\/musica\/\">M\u00fasica<\/a><\/div><\/div><div class=\"w-vwrapper usg_vwrapper_2 align_center valign_top\" style=\"--vwrapper-gap:0.3rem\"><h2 class=\"w-post-elm post_title usg_post_title_2 has_text_color entry-title color_link_inherit\"><a href=\"https:\/\/ficc.ar\/buenosaires2023\/films\/a-nova-fome-album-visual\/\">A Nova Fome &#8211; \u00c1lbum Visual<\/a><\/h2><p class=\"w-post-elm post_custom_field usg_post_custom_field_3 has_text_color type_text director_x_xs\"><span class=\"w-post-elm-before\">De: <\/span><span class=\"w-post-elm-value\">Seu Barbosa \/ 2022 \/ Videoclip \/ 8 min.<\/span><\/p><div class=\"w-post-elm post_taxonomy usg_post_taxonomy_2 has_text_color style_simple color_link_inherit\"><a class=\"term-30 term-musica\" href=\"https:\/\/ficc.ar\/buenosaires2023\/secciones\/musica\/\">M\u00fasica<\/a><\/div><\/div>\t\t<\/div>\r\n\t<\/article>\r\n\t<article class=\"w-grid-item size_1x1 post-961 films type-films status-publish has-post-thumbnail hentry categoria_film-peliculas-seleccionadas-fuera-de-competencia secciones-otros-viajes\" data-id=\"961\">\r\n\t\t<div class=\"w-grid-item-h\">\r\n\t\t\t\t\t\t<div class=\"w-post-elm post_image usg_post_image_1 has_ratio\"><div style=\"padding-bottom:56.25%\"><\/div><a href=\"https:\/\/ficc.ar\/buenosaires2023\/films\/coping\/\" aria-label=\"Coping\"><img loading=\"lazy\" decoding=\"async\" width=\"300\" height=\"158\" src=\"https:\/\/ficc.ar\/buenosaires2023\/wp-content\/uploads\/sites\/14\/2022\/09\/Coping-300x158.jpg\" class=\"attachment-medium size-medium wp-post-image\" alt=\"\" srcset=\"https:\/\/ficc.ar\/buenosaires2023\/wp-content\/uploads\/sites\/14\/2022\/09\/Coping-300x158.jpg 300w, https:\/\/ficc.ar\/buenosaires2023\/wp-content\/uploads\/sites\/14\/2022\/09\/Coping-1024x540.jpg 1024w\" sizes=\"auto, (max-width: 300px) 100vw, 300px\" \/><\/a><\/div><div class=\"w-vwrapper usg_vwrapper_1 grid_arrow_top align_center valign_top\"><h2 class=\"w-post-elm post_title usg_post_title_1 has_text_color entry-title color_link_inherit\"><a href=\"https:\/\/ficc.ar\/buenosaires2023\/films\/coping\/\">Coping<\/a><\/h2><p class=\"w-post-elm post_custom_field usg_post_custom_field_2 has_text_color type_text director_x_xs\"><span class=\"w-post-elm-before\">De: <\/span><span class=\"w-post-elm-value\">Vivien Forsans \/ 2019 \/ Animaci\u00f3n \/ 2 min.<\/span><\/p><div class=\"w-post-elm post_taxonomy usg_post_taxonomy_1 has_text_color style_simple color_link_inherit\"><a class=\"term-31 term-otros-viajes\" href=\"https:\/\/ficc.ar\/buenosaires2023\/secciones\/otros-viajes\/\">Otros Viajes<\/a><\/div><\/div><div class=\"w-vwrapper usg_vwrapper_2 align_center valign_top\" style=\"--vwrapper-gap:0.3rem\"><h2 class=\"w-post-elm post_title usg_post_title_2 has_text_color entry-title color_link_inherit\"><a href=\"https:\/\/ficc.ar\/buenosaires2023\/films\/coping\/\">Coping<\/a><\/h2><p class=\"w-post-elm post_custom_field usg_post_custom_field_3 has_text_color type_text director_x_xs\"><span class=\"w-post-elm-before\">De: <\/span><span class=\"w-post-elm-value\">Vivien Forsans \/ 2019 \/ Animaci\u00f3n \/ 2 min.<\/span><\/p><div class=\"w-post-elm post_taxonomy usg_post_taxonomy_2 has_text_color style_simple color_link_inherit\"><a class=\"term-31 term-otros-viajes\" href=\"https:\/\/ficc.ar\/buenosaires2023\/secciones\/otros-viajes\/\">Otros Viajes<\/a><\/div><\/div>\t\t<\/div>\r\n\t<\/article>\r\n\t<article class=\"w-grid-item size_1x1 post-963 films type-films status-publish has-post-thumbnail hentry categoria_film-peliculas-seleccionadas-fuera-de-competencia secciones-musica\" data-id=\"963\">\r\n\t\t<div class=\"w-grid-item-h\">\r\n\t\t\t\t\t\t<div class=\"w-post-elm post_image usg_post_image_1 has_ratio\"><div style=\"padding-bottom:56.25%\"><\/div><a href=\"https:\/\/ficc.ar\/buenosaires2023\/films\/cronico\/\" aria-label=\"Cr\u00f3nico\"><img loading=\"lazy\" decoding=\"async\" width=\"300\" height=\"233\" src=\"https:\/\/ficc.ar\/buenosaires2023\/wp-content\/uploads\/sites\/14\/2022\/09\/Cronico_still_1.1.11-300x233.png\" class=\"attachment-medium size-medium wp-post-image\" alt=\"\" srcset=\"https:\/\/ficc.ar\/buenosaires2023\/wp-content\/uploads\/sites\/14\/2022\/09\/Cronico_still_1.1.11-300x233.png 300w, https:\/\/ficc.ar\/buenosaires2023\/wp-content\/uploads\/sites\/14\/2022\/09\/Cronico_still_1.1.11-1024x796.png 1024w, https:\/\/ficc.ar\/buenosaires2023\/wp-content\/uploads\/sites\/14\/2022\/09\/Cronico_still_1.1.11.png 1389w\" sizes=\"auto, (max-width: 300px) 100vw, 300px\" \/><\/a><\/div><div class=\"w-vwrapper usg_vwrapper_1 grid_arrow_top align_center valign_top\"><h2 class=\"w-post-elm post_title usg_post_title_1 has_text_color entry-title color_link_inherit\"><a href=\"https:\/\/ficc.ar\/buenosaires2023\/films\/cronico\/\">Cr\u00f3nico<\/a><\/h2><p class=\"w-post-elm post_custom_field usg_post_custom_field_2 has_text_color type_text director_x_xs\"><span class=\"w-post-elm-before\">De: <\/span><span class=\"w-post-elm-value\">Claudia Calder\u00f3n \/ 2022 \/ Animaci\u00f3n \/ 3 min.<\/span><\/p><div class=\"w-post-elm post_taxonomy usg_post_taxonomy_1 has_text_color style_simple color_link_inherit\"><a class=\"term-30 term-musica\" href=\"https:\/\/ficc.ar\/buenosaires2023\/secciones\/musica\/\">M\u00fasica<\/a><\/div><\/div><div class=\"w-vwrapper usg_vwrapper_2 align_center valign_top\" style=\"--vwrapper-gap:0.3rem\"><h2 class=\"w-post-elm post_title usg_post_title_2 has_text_color entry-title color_link_inherit\"><a href=\"https:\/\/ficc.ar\/buenosaires2023\/films\/cronico\/\">Cr\u00f3nico<\/a><\/h2><p class=\"w-post-elm post_custom_field usg_post_custom_field_3 has_text_color type_text director_x_xs\"><span class=\"w-post-elm-before\">De: <\/span><span class=\"w-post-elm-value\">Claudia Calder\u00f3n \/ 2022 \/ Animaci\u00f3n \/ 3 min.<\/span><\/p><div class=\"w-post-elm post_taxonomy usg_post_taxonomy_2 has_text_color style_simple color_link_inherit\"><a class=\"term-30 term-musica\" href=\"https:\/\/ficc.ar\/buenosaires2023\/secciones\/musica\/\">M\u00fasica<\/a><\/div><\/div>\t\t<\/div>\r\n\t<\/article>\r\n\t<article class=\"w-grid-item size_1x1 post-982 films type-films status-publish has-post-thumbnail hentry categoria_film-peliculas-seleccionadas-fuera-de-competencia secciones-prohibido-prohibir\" data-id=\"982\">\r\n\t\t<div class=\"w-grid-item-h\">\r\n\t\t\t\t\t\t<div class=\"w-post-elm post_image usg_post_image_1 has_ratio\"><div style=\"padding-bottom:56.25%\"><\/div><a href=\"https:\/\/ficc.ar\/buenosaires2023\/films\/digidope-stoned-free\/\" aria-label=\"Digidope: stoned free\"><img loading=\"lazy\" decoding=\"async\" width=\"300\" height=\"169\" src=\"https:\/\/ficc.ar\/buenosaires2023\/wp-content\/uploads\/sites\/14\/2022\/09\/Digidope-stoned-free-300x169.png\" class=\"attachment-medium size-medium wp-post-image\" alt=\"\" srcset=\"https:\/\/ficc.ar\/buenosaires2023\/wp-content\/uploads\/sites\/14\/2022\/09\/Digidope-stoned-free-300x169.png 300w, https:\/\/ficc.ar\/buenosaires2023\/wp-content\/uploads\/sites\/14\/2022\/09\/Digidope-stoned-free-1024x576.png 1024w, https:\/\/ficc.ar\/buenosaires2023\/wp-content\/uploads\/sites\/14\/2022\/09\/Digidope-stoned-free.png 1897w\" sizes=\"auto, (max-width: 300px) 100vw, 300px\" \/><\/a><\/div><div class=\"w-vwrapper usg_vwrapper_1 grid_arrow_top align_center valign_top\"><h2 class=\"w-post-elm post_title usg_post_title_1 has_text_color entry-title color_link_inherit\"><a href=\"https:\/\/ficc.ar\/buenosaires2023\/films\/digidope-stoned-free\/\">Digidope: stoned free<\/a><\/h2><p class=\"w-post-elm post_custom_field usg_post_custom_field_2 has_text_color type_text director_x_xs\"><span class=\"w-post-elm-before\">De: <\/span><span class=\"w-post-elm-value\">Wolfgang Herbst \/ 2018 \/ Animaci\u00f3n \/ 3 min.<\/span><\/p><div class=\"w-post-elm post_taxonomy usg_post_taxonomy_1 has_text_color style_simple color_link_inherit\"><a class=\"term-32 term-prohibido-prohibir\" href=\"https:\/\/ficc.ar\/buenosaires2023\/secciones\/prohibido-prohibir\/\">Prohibido Prohibir<\/a><\/div><\/div><div class=\"w-vwrapper usg_vwrapper_2 align_center valign_top\" style=\"--vwrapper-gap:0.3rem\"><h2 class=\"w-post-elm post_title usg_post_title_2 has_text_color entry-title color_link_inherit\"><a href=\"https:\/\/ficc.ar\/buenosaires2023\/films\/digidope-stoned-free\/\">Digidope: stoned free<\/a><\/h2><p class=\"w-post-elm post_custom_field usg_post_custom_field_3 has_text_color type_text director_x_xs\"><span class=\"w-post-elm-before\">De: <\/span><span class=\"w-post-elm-value\">Wolfgang Herbst \/ 2018 \/ Animaci\u00f3n \/ 3 min.<\/span><\/p><div class=\"w-post-elm post_taxonomy usg_post_taxonomy_2 has_text_color style_simple color_link_inherit\"><a class=\"term-32 term-prohibido-prohibir\" href=\"https:\/\/ficc.ar\/buenosaires2023\/secciones\/prohibido-prohibir\/\">Prohibido Prohibir<\/a><\/div><\/div>\t\t<\/div>\r\n\t<\/article>\r\n\t<article class=\"w-grid-item size_1x1 post-984 films type-films status-publish has-post-thumbnail hentry categoria_film-peliculas-seleccionadas-fuera-de-competencia secciones-humos\" data-id=\"984\">\r\n\t\t<div class=\"w-grid-item-h\">\r\n\t\t\t\t\t\t<div class=\"w-post-elm post_image usg_post_image_1 has_ratio\"><div style=\"padding-bottom:56.25%\"><\/div><a href=\"https:\/\/ficc.ar\/buenosaires2023\/films\/dignidad-asintomatica\/\" aria-label=\"Dignidad Asintom\u00e1tica\"><img loading=\"lazy\" decoding=\"async\" width=\"300\" height=\"168\" src=\"https:\/\/ficc.ar\/buenosaires2023\/wp-content\/uploads\/sites\/14\/2022\/09\/dignidad-asintomatica-1-300x168.png\" class=\"attachment-medium size-medium wp-post-image\" alt=\"\" srcset=\"https:\/\/ficc.ar\/buenosaires2023\/wp-content\/uploads\/sites\/14\/2022\/09\/dignidad-asintomatica-1-300x168.png 300w, https:\/\/ficc.ar\/buenosaires2023\/wp-content\/uploads\/sites\/14\/2022\/09\/dignidad-asintomatica-1-1024x575.png 1024w\" sizes=\"auto, (max-width: 300px) 100vw, 300px\" \/><\/a><\/div><div class=\"w-vwrapper usg_vwrapper_1 grid_arrow_top align_center valign_top\"><h2 class=\"w-post-elm post_title usg_post_title_1 has_text_color entry-title color_link_inherit\"><a href=\"https:\/\/ficc.ar\/buenosaires2023\/films\/dignidad-asintomatica\/\">Dignidad Asintom\u00e1tica<\/a><\/h2><p class=\"w-post-elm post_custom_field usg_post_custom_field_2 has_text_color type_text director_x_xs\"><span class=\"w-post-elm-before\">De: <\/span><span class=\"w-post-elm-value\">Il\u00e9n Juambeltz \/ 2020 \/ Ficci\u00f3n \/ 5 min.<\/span><\/p><div class=\"w-post-elm post_taxonomy usg_post_taxonomy_1 has_text_color style_simple color_link_inherit\"><a class=\"term-29 term-humos\" href=\"https:\/\/ficc.ar\/buenosaires2023\/secciones\/humos\/\">Humos<\/a><\/div><\/div><div class=\"w-vwrapper usg_vwrapper_2 align_center valign_top\" style=\"--vwrapper-gap:0.3rem\"><h2 class=\"w-post-elm post_title usg_post_title_2 has_text_color entry-title color_link_inherit\"><a href=\"https:\/\/ficc.ar\/buenosaires2023\/films\/dignidad-asintomatica\/\">Dignidad Asintom\u00e1tica<\/a><\/h2><p class=\"w-post-elm post_custom_field usg_post_custom_field_3 has_text_color type_text director_x_xs\"><span class=\"w-post-elm-before\">De: <\/span><span class=\"w-post-elm-value\">Il\u00e9n Juambeltz \/ 2020 \/ Ficci\u00f3n \/ 5 min.<\/span><\/p><div class=\"w-post-elm post_taxonomy usg_post_taxonomy_2 has_text_color style_simple color_link_inherit\"><a class=\"term-29 term-humos\" href=\"https:\/\/ficc.ar\/buenosaires2023\/secciones\/humos\/\">Humos<\/a><\/div><\/div>\t\t<\/div>\r\n\t<\/article>\r\n\t<article class=\"w-grid-item size_1x1 post-986 films type-films status-publish has-post-thumbnail hentry categoria_film-peliculas-seleccionadas-fuera-de-competencia secciones-prohibido-prohibir\" data-id=\"986\">\r\n\t\t<div class=\"w-grid-item-h\">\r\n\t\t\t\t\t\t<div class=\"w-post-elm post_image usg_post_image_1 has_ratio\"><div style=\"padding-bottom:56.25%\"><\/div><a href=\"https:\/\/ficc.ar\/buenosaires2023\/films\/enrollados\/\" aria-label=\"Enrollados\"><img loading=\"lazy\" decoding=\"async\" width=\"300\" height=\"169\" src=\"https:\/\/ficc.ar\/buenosaires2023\/wp-content\/uploads\/sites\/14\/2022\/09\/Enrollados-300x169.png\" class=\"attachment-medium size-medium wp-post-image\" alt=\"\" srcset=\"https:\/\/ficc.ar\/buenosaires2023\/wp-content\/uploads\/sites\/14\/2022\/09\/Enrollados-300x169.png 300w, https:\/\/ficc.ar\/buenosaires2023\/wp-content\/uploads\/sites\/14\/2022\/09\/Enrollados-1024x576.png 1024w\" sizes=\"auto, (max-width: 300px) 100vw, 300px\" \/><\/a><\/div><div class=\"w-vwrapper usg_vwrapper_1 grid_arrow_top align_center valign_top\"><h2 class=\"w-post-elm post_title usg_post_title_1 has_text_color entry-title color_link_inherit\"><a href=\"https:\/\/ficc.ar\/buenosaires2023\/films\/enrollados\/\">Enrollados<\/a><\/h2><p class=\"w-post-elm post_custom_field usg_post_custom_field_2 has_text_color type_text director_x_xs\"><span class=\"w-post-elm-before\">De: <\/span><span class=\"w-post-elm-value\">Jorge Chavero Hidalgo \/ 2022 \/ Ficci\u00f3n \/ 5 min.<\/span><\/p><div class=\"w-post-elm post_taxonomy usg_post_taxonomy_1 has_text_color style_simple color_link_inherit\"><a class=\"term-32 term-prohibido-prohibir\" href=\"https:\/\/ficc.ar\/buenosaires2023\/secciones\/prohibido-prohibir\/\">Prohibido Prohibir<\/a><\/div><\/div><div class=\"w-vwrapper usg_vwrapper_2 align_center valign_top\" style=\"--vwrapper-gap:0.3rem\"><h2 class=\"w-post-elm post_title usg_post_title_2 has_text_color entry-title color_link_inherit\"><a href=\"https:\/\/ficc.ar\/buenosaires2023\/films\/enrollados\/\">Enrollados<\/a><\/h2><p class=\"w-post-elm post_custom_field usg_post_custom_field_3 has_text_color type_text director_x_xs\"><span class=\"w-post-elm-before\">De: <\/span><span class=\"w-post-elm-value\">Jorge Chavero Hidalgo \/ 2022 \/ Ficci\u00f3n \/ 5 min.<\/span><\/p><div class=\"w-post-elm post_taxonomy usg_post_taxonomy_2 has_text_color style_simple color_link_inherit\"><a class=\"term-32 term-prohibido-prohibir\" href=\"https:\/\/ficc.ar\/buenosaires2023\/secciones\/prohibido-prohibir\/\">Prohibido Prohibir<\/a><\/div><\/div>\t\t<\/div>\r\n\t<\/article>\r\n\t<article class=\"w-grid-item size_1x1 post-988 films type-films status-publish has-post-thumbnail hentry categoria_film-peliculas-seleccionadas-fuera-de-competencia secciones-tierra\" data-id=\"988\">\r\n\t\t<div class=\"w-grid-item-h\">\r\n\t\t\t\t\t\t<div class=\"w-post-elm post_image usg_post_image_1 has_ratio\"><div style=\"padding-bottom:56.25%\"><\/div><a href=\"https:\/\/ficc.ar\/buenosaires2023\/films\/hemp-fibre-lab\/\" aria-label=\"Hemp Fibre Lab\"><img loading=\"lazy\" decoding=\"async\" width=\"300\" height=\"200\" src=\"https:\/\/ficc.ar\/buenosaires2023\/wp-content\/uploads\/sites\/14\/2022\/09\/HempFiberLab-10-300x200.jpg\" class=\"attachment-medium size-medium wp-post-image\" alt=\"\" srcset=\"https:\/\/ficc.ar\/buenosaires2023\/wp-content\/uploads\/sites\/14\/2022\/09\/HempFiberLab-10-300x200.jpg 300w, https:\/\/ficc.ar\/buenosaires2023\/wp-content\/uploads\/sites\/14\/2022\/09\/HempFiberLab-10-1024x683.jpg 1024w\" sizes=\"auto, (max-width: 300px) 100vw, 300px\" \/><\/a><\/div><div class=\"w-vwrapper usg_vwrapper_1 grid_arrow_top align_center valign_top\"><h2 class=\"w-post-elm post_title usg_post_title_1 has_text_color entry-title color_link_inherit\"><a href=\"https:\/\/ficc.ar\/buenosaires2023\/films\/hemp-fibre-lab\/\">Hemp Fibre Lab<\/a><\/h2><p class=\"w-post-elm post_custom_field usg_post_custom_field_2 has_text_color type_text director_x_xs\"><span class=\"w-post-elm-before\">De: <\/span><span class=\"w-post-elm-value\">Marcel Favery \/ 2021\/ Documental \/ 5 min.<\/span><\/p><div class=\"w-post-elm post_taxonomy usg_post_taxonomy_1 has_text_color style_simple color_link_inherit\"><a class=\"term-33 term-tierra\" href=\"https:\/\/ficc.ar\/buenosaires2023\/secciones\/tierra\/\">Tierra<\/a><\/div><\/div><div class=\"w-vwrapper usg_vwrapper_2 align_center valign_top\" style=\"--vwrapper-gap:0.3rem\"><h2 class=\"w-post-elm post_title usg_post_title_2 has_text_color entry-title color_link_inherit\"><a href=\"https:\/\/ficc.ar\/buenosaires2023\/films\/hemp-fibre-lab\/\">Hemp Fibre Lab<\/a><\/h2><p class=\"w-post-elm post_custom_field usg_post_custom_field_3 has_text_color type_text director_x_xs\"><span class=\"w-post-elm-before\">De: <\/span><span class=\"w-post-elm-value\">Marcel Favery \/ 2021\/ Documental \/ 5 min.<\/span><\/p><div class=\"w-post-elm post_taxonomy usg_post_taxonomy_2 has_text_color style_simple color_link_inherit\"><a class=\"term-33 term-tierra\" href=\"https:\/\/ficc.ar\/buenosaires2023\/secciones\/tierra\/\">Tierra<\/a><\/div><\/div>\t\t<\/div>\r\n\t<\/article>\r\n\t<article class=\"w-grid-item size_1x1 post-1355 films type-films status-publish has-post-thumbnail hentry categoria_film-peliculas-seleccionadas-fuera-de-competencia secciones-prohibido-prohibir\" data-id=\"1355\">\r\n\t\t<div class=\"w-grid-item-h\">\r\n\t\t\t\t\t\t<div class=\"w-post-elm post_image usg_post_image_1 has_ratio\"><div style=\"padding-bottom:56.25%\"><\/div><a href=\"https:\/\/ficc.ar\/buenosaires2023\/films\/juntando-as-pontas\/\" aria-label=\"Juntando As Pontas\"><img loading=\"lazy\" decoding=\"async\" width=\"300\" height=\"169\" src=\"https:\/\/ficc.ar\/buenosaires2023\/wp-content\/uploads\/sites\/14\/2023\/01\/Uniendo-Puntas-0004-300x169.jpg\" class=\"attachment-medium size-medium wp-post-image\" alt=\"\" srcset=\"https:\/\/ficc.ar\/buenosaires2023\/wp-content\/uploads\/sites\/14\/2023\/01\/Uniendo-Puntas-0004-300x169.jpg 300w, https:\/\/ficc.ar\/buenosaires2023\/wp-content\/uploads\/sites\/14\/2023\/01\/Uniendo-Puntas-0004-1024x576.jpg 1024w\" sizes=\"auto, (max-width: 300px) 100vw, 300px\" \/><\/a><\/div><div class=\"w-vwrapper usg_vwrapper_1 grid_arrow_top align_center valign_top\"><h2 class=\"w-post-elm post_title usg_post_title_1 has_text_color entry-title color_link_inherit\"><a href=\"https:\/\/ficc.ar\/buenosaires2023\/films\/juntando-as-pontas\/\">Juntando As Pontas<\/a><\/h2><p class=\"w-post-elm post_custom_field usg_post_custom_field_2 has_text_color type_text director_x_xs\"><span class=\"w-post-elm-before\">De: <\/span><span class=\"w-post-elm-value\">Mat\u00edas Maxx y Felipe Larozza \/ 2022 \/ Documental \/ 12 min.<\/span><\/p><div class=\"w-post-elm post_taxonomy usg_post_taxonomy_1 has_text_color style_simple color_link_inherit\"><a class=\"term-32 term-prohibido-prohibir\" href=\"https:\/\/ficc.ar\/buenosaires2023\/secciones\/prohibido-prohibir\/\">Prohibido Prohibir<\/a><\/div><\/div><div class=\"w-vwrapper usg_vwrapper_2 align_center valign_top\" style=\"--vwrapper-gap:0.3rem\"><h2 class=\"w-post-elm post_title usg_post_title_2 has_text_color entry-title color_link_inherit\"><a href=\"https:\/\/ficc.ar\/buenosaires2023\/films\/juntando-as-pontas\/\">Juntando As Pontas<\/a><\/h2><p class=\"w-post-elm post_custom_field usg_post_custom_field_3 has_text_color type_text director_x_xs\"><span class=\"w-post-elm-before\">De: <\/span><span class=\"w-post-elm-value\">Mat\u00edas Maxx y Felipe Larozza \/ 2022 \/ Documental \/ 12 min.<\/span><\/p><div class=\"w-post-elm post_taxonomy usg_post_taxonomy_2 has_text_color style_simple color_link_inherit\"><a class=\"term-32 term-prohibido-prohibir\" href=\"https:\/\/ficc.ar\/buenosaires2023\/secciones\/prohibido-prohibir\/\">Prohibido Prohibir<\/a><\/div><\/div>\t\t<\/div>\r\n\t<\/article>\r\n\t<article class=\"w-grid-item size_1x1 post-1361 films type-films status-publish has-post-thumbnail hentry categoria_film-peliculas-seleccionadas-fuera-de-competencia secciones-musica\" data-id=\"1361\">\r\n\t\t<div class=\"w-grid-item-h\">\r\n\t\t\t\t\t\t<div class=\"w-post-elm post_image usg_post_image_1 has_ratio\"><div style=\"padding-bottom:56.25%\"><\/div><a href=\"https:\/\/ficc.ar\/buenosaires2023\/films\/let-the-weed-burn\/\" aria-label=\"Let the weed bun\"><img loading=\"lazy\" decoding=\"async\" width=\"300\" height=\"168\" src=\"https:\/\/ficc.ar\/buenosaires2023\/wp-content\/uploads\/sites\/14\/2023\/01\/F02-300x168.png\" class=\"attachment-medium size-medium wp-post-image\" alt=\"\" srcset=\"https:\/\/ficc.ar\/buenosaires2023\/wp-content\/uploads\/sites\/14\/2023\/01\/F02-300x168.png 300w, https:\/\/ficc.ar\/buenosaires2023\/wp-content\/uploads\/sites\/14\/2023\/01\/F02-1024x575.png 1024w\" sizes=\"auto, (max-width: 300px) 100vw, 300px\" \/><\/a><\/div><div class=\"w-vwrapper usg_vwrapper_1 grid_arrow_top align_center valign_top\"><h2 class=\"w-post-elm post_title usg_post_title_1 has_text_color entry-title color_link_inherit\"><a href=\"https:\/\/ficc.ar\/buenosaires2023\/films\/let-the-weed-burn\/\">Let the weed bun<\/a><\/h2><p class=\"w-post-elm post_custom_field usg_post_custom_field_2 has_text_color type_text director_x_xs\"><span class=\"w-post-elm-before\">De: <\/span><span class=\"w-post-elm-value\">Chawki Kosseifi \/  2022 \/ Videoclip \/ 5 min.<\/span><\/p><div class=\"w-post-elm post_taxonomy usg_post_taxonomy_1 has_text_color style_simple color_link_inherit\"><a class=\"term-30 term-musica\" href=\"https:\/\/ficc.ar\/buenosaires2023\/secciones\/musica\/\">M\u00fasica<\/a><\/div><\/div><div class=\"w-vwrapper usg_vwrapper_2 align_center valign_top\" style=\"--vwrapper-gap:0.3rem\"><h2 class=\"w-post-elm post_title usg_post_title_2 has_text_color entry-title color_link_inherit\"><a href=\"https:\/\/ficc.ar\/buenosaires2023\/films\/let-the-weed-burn\/\">Let the weed bun<\/a><\/h2><p class=\"w-post-elm post_custom_field usg_post_custom_field_3 has_text_color type_text director_x_xs\"><span class=\"w-post-elm-before\">De: <\/span><span class=\"w-post-elm-value\">Chawki Kosseifi \/  2022 \/ Videoclip \/ 5 min.<\/span><\/p><div class=\"w-post-elm post_taxonomy usg_post_taxonomy_2 has_text_color style_simple color_link_inherit\"><a class=\"term-30 term-musica\" href=\"https:\/\/ficc.ar\/buenosaires2023\/secciones\/musica\/\">M\u00fasica<\/a><\/div><\/div>\t\t<\/div>\r\n\t<\/article>\r\n\t<article class=\"w-grid-item size_1x1 post-990 films type-films status-publish has-post-thumbnail hentry categoria_film-peliculas-seleccionadas-fuera-de-competencia secciones-musica\" data-id=\"990\">\r\n\t\t<div class=\"w-grid-item-h\">\r\n\t\t\t\t\t\t<div class=\"w-post-elm post_image usg_post_image_1 has_ratio\"><div style=\"padding-bottom:56.25%\"><\/div><a href=\"https:\/\/ficc.ar\/buenosaires2023\/films\/longline\/\" aria-label=\"Longline\"><img loading=\"lazy\" decoding=\"async\" width=\"300\" height=\"169\" src=\"https:\/\/ficc.ar\/buenosaires2023\/wp-content\/uploads\/sites\/14\/2022\/09\/Longline-1-300x169.png\" class=\"attachment-medium size-medium wp-post-image\" alt=\"\" srcset=\"https:\/\/ficc.ar\/buenosaires2023\/wp-content\/uploads\/sites\/14\/2022\/09\/Longline-1-300x169.png 300w, https:\/\/ficc.ar\/buenosaires2023\/wp-content\/uploads\/sites\/14\/2022\/09\/Longline-1-1024x576.png 1024w\" sizes=\"auto, (max-width: 300px) 100vw, 300px\" \/><\/a><\/div><div class=\"w-vwrapper usg_vwrapper_1 grid_arrow_top align_center valign_top\"><h2 class=\"w-post-elm post_title usg_post_title_1 has_text_color entry-title color_link_inherit\"><a href=\"https:\/\/ficc.ar\/buenosaires2023\/films\/longline\/\">Longline<\/a><\/h2><p class=\"w-post-elm post_custom_field usg_post_custom_field_2 has_text_color type_text director_x_xs\"><span class=\"w-post-elm-before\">De: <\/span><span class=\"w-post-elm-value\">Kelly Hughes \/ 2022 \/ Videoclip \/ 4:20 min.<\/span><\/p><div class=\"w-post-elm post_taxonomy usg_post_taxonomy_1 has_text_color style_simple color_link_inherit\"><a class=\"term-30 term-musica\" href=\"https:\/\/ficc.ar\/buenosaires2023\/secciones\/musica\/\">M\u00fasica<\/a><\/div><\/div><div class=\"w-vwrapper usg_vwrapper_2 align_center valign_top\" style=\"--vwrapper-gap:0.3rem\"><h2 class=\"w-post-elm post_title usg_post_title_2 has_text_color entry-title color_link_inherit\"><a href=\"https:\/\/ficc.ar\/buenosaires2023\/films\/longline\/\">Longline<\/a><\/h2><p class=\"w-post-elm post_custom_field usg_post_custom_field_3 has_text_color type_text director_x_xs\"><span class=\"w-post-elm-before\">De: <\/span><span class=\"w-post-elm-value\">Kelly Hughes \/ 2022 \/ Videoclip \/ 4:20 min.<\/span><\/p><div class=\"w-post-elm post_taxonomy usg_post_taxonomy_2 has_text_color style_simple color_link_inherit\"><a class=\"term-30 term-musica\" href=\"https:\/\/ficc.ar\/buenosaires2023\/secciones\/musica\/\">M\u00fasica<\/a><\/div><\/div>\t\t<\/div>\r\n\t<\/article>\r\n\t<article class=\"w-grid-item size_1x1 post-1357 films type-films status-publish has-post-thumbnail hentry categoria_film-peliculas-seleccionadas-fuera-de-competencia secciones-prohibido-prohibir\" data-id=\"1357\">\r\n\t\t<div class=\"w-grid-item-h\">\r\n\t\t\t\t\t\t<div class=\"w-post-elm post_image usg_post_image_1 has_ratio\"><div style=\"padding-bottom:56.25%\"><\/div><a href=\"https:\/\/ficc.ar\/buenosaires2023\/films\/mend-with-dignity\/\" aria-label=\"MEND with Dignity\"><img loading=\"lazy\" decoding=\"async\" width=\"300\" height=\"151\" src=\"https:\/\/ficc.ar\/buenosaires2023\/wp-content\/uploads\/sites\/14\/2023\/01\/workshop-cooking-300x151.jpg\" class=\"attachment-medium size-medium wp-post-image\" alt=\"\" srcset=\"https:\/\/ficc.ar\/buenosaires2023\/wp-content\/uploads\/sites\/14\/2023\/01\/workshop-cooking-300x151.jpg 300w, https:\/\/ficc.ar\/buenosaires2023\/wp-content\/uploads\/sites\/14\/2023\/01\/workshop-cooking-1024x514.jpg 1024w\" sizes=\"auto, (max-width: 300px) 100vw, 300px\" \/><\/a><\/div><div class=\"w-vwrapper usg_vwrapper_1 grid_arrow_top align_center valign_top\"><h2 class=\"w-post-elm post_title usg_post_title_1 has_text_color entry-title color_link_inherit\"><a href=\"https:\/\/ficc.ar\/buenosaires2023\/films\/mend-with-dignity\/\">MEND with Dignity<\/a><\/h2><p class=\"w-post-elm post_custom_field usg_post_custom_field_2 has_text_color type_text director_x_xs\"><span class=\"w-post-elm-before\">De: <\/span><span class=\"w-post-elm-value\">Kim Saltarski \/ 2021 \/ Documental \/ 47 min.<\/span><\/p><div class=\"w-post-elm post_taxonomy usg_post_taxonomy_1 has_text_color style_simple color_link_inherit\"><a class=\"term-32 term-prohibido-prohibir\" href=\"https:\/\/ficc.ar\/buenosaires2023\/secciones\/prohibido-prohibir\/\">Prohibido Prohibir<\/a><\/div><\/div><div class=\"w-vwrapper usg_vwrapper_2 align_center valign_top\" style=\"--vwrapper-gap:0.3rem\"><h2 class=\"w-post-elm post_title usg_post_title_2 has_text_color entry-title color_link_inherit\"><a href=\"https:\/\/ficc.ar\/buenosaires2023\/films\/mend-with-dignity\/\">MEND with Dignity<\/a><\/h2><p class=\"w-post-elm post_custom_field usg_post_custom_field_3 has_text_color type_text director_x_xs\"><span class=\"w-post-elm-before\">De: <\/span><span class=\"w-post-elm-value\">Kim Saltarski \/ 2021 \/ Documental \/ 47 min.<\/span><\/p><div class=\"w-post-elm post_taxonomy usg_post_taxonomy_2 has_text_color style_simple color_link_inherit\"><a class=\"term-32 term-prohibido-prohibir\" href=\"https:\/\/ficc.ar\/buenosaires2023\/secciones\/prohibido-prohibir\/\">Prohibido Prohibir<\/a><\/div><\/div>\t\t<\/div>\r\n\t<\/article>\r\n\t<article class=\"w-grid-item size_1x1 post-1358 films type-films status-publish has-post-thumbnail hentry categoria_film-peliculas-seleccionadas-fuera-de-competencia secciones-tierra\" data-id=\"1358\">\r\n\t\t<div class=\"w-grid-item-h\">\r\n\t\t\t\t\t\t<div class=\"w-post-elm post_image usg_post_image_1 has_ratio\"><div style=\"padding-bottom:56.25%\"><\/div><a href=\"https:\/\/ficc.ar\/buenosaires2023\/films\/northern-quality\/\" aria-label=\"Northern Quality\"><img loading=\"lazy\" decoding=\"async\" width=\"300\" height=\"169\" src=\"https:\/\/ficc.ar\/buenosaires2023\/wp-content\/uploads\/sites\/14\/2023\/01\/northern-q-300x169.jpg\" class=\"attachment-medium size-medium wp-post-image\" alt=\"\" srcset=\"https:\/\/ficc.ar\/buenosaires2023\/wp-content\/uploads\/sites\/14\/2023\/01\/northern-q-300x169.jpg 300w, https:\/\/ficc.ar\/buenosaires2023\/wp-content\/uploads\/sites\/14\/2023\/01\/northern-q-1024x576.jpg 1024w, https:\/\/ficc.ar\/buenosaires2023\/wp-content\/uploads\/sites\/14\/2023\/01\/northern-q.jpg 1920w\" sizes=\"auto, (max-width: 300px) 100vw, 300px\" \/><\/a><\/div><div class=\"w-vwrapper usg_vwrapper_1 grid_arrow_top align_center valign_top\"><h2 class=\"w-post-elm post_title usg_post_title_1 has_text_color entry-title color_link_inherit\"><a href=\"https:\/\/ficc.ar\/buenosaires2023\/films\/northern-quality\/\">Northern Quality<\/a><\/h2><p class=\"w-post-elm post_custom_field usg_post_custom_field_2 has_text_color type_text director_x_xs\"><span class=\"w-post-elm-before\">De: <\/span><span class=\"w-post-elm-value\">Tuukka Temonen \/ 2022 \/ Ficci\u00f3n \/ 104 min.<\/span><\/p><div class=\"w-post-elm post_taxonomy usg_post_taxonomy_1 has_text_color style_simple color_link_inherit\"><a class=\"term-33 term-tierra\" href=\"https:\/\/ficc.ar\/buenosaires2023\/secciones\/tierra\/\">Tierra<\/a><\/div><\/div><div class=\"w-vwrapper usg_vwrapper_2 align_center valign_top\" style=\"--vwrapper-gap:0.3rem\"><h2 class=\"w-post-elm post_title usg_post_title_2 has_text_color entry-title color_link_inherit\"><a href=\"https:\/\/ficc.ar\/buenosaires2023\/films\/northern-quality\/\">Northern Quality<\/a><\/h2><p class=\"w-post-elm post_custom_field usg_post_custom_field_3 has_text_color type_text director_x_xs\"><span class=\"w-post-elm-before\">De: <\/span><span class=\"w-post-elm-value\">Tuukka Temonen \/ 2022 \/ Ficci\u00f3n \/ 104 min.<\/span><\/p><div class=\"w-post-elm post_taxonomy usg_post_taxonomy_2 has_text_color style_simple color_link_inherit\"><a class=\"term-33 term-tierra\" href=\"https:\/\/ficc.ar\/buenosaires2023\/secciones\/tierra\/\">Tierra<\/a><\/div><\/div>\t\t<\/div>\r\n\t<\/article>\r\n\t<article class=\"w-grid-item size_1x1 post-992 films type-films status-publish has-post-thumbnail hentry categoria_film-peliculas-seleccionadas-fuera-de-competencia secciones-prohibido-prohibir\" data-id=\"992\">\r\n\t\t<div class=\"w-grid-item-h\">\r\n\t\t\t\t\t\t<div class=\"w-post-elm post_image usg_post_image_1 has_ratio\"><div style=\"padding-bottom:56.25%\"><\/div><a href=\"https:\/\/ficc.ar\/buenosaires2023\/films\/o-que-sabemos-e-uma-gota\/\" aria-label=\"O que sabemos \u00e9 uma gota\"><img loading=\"lazy\" decoding=\"async\" width=\"300\" height=\"200\" src=\"https:\/\/ficc.ar\/buenosaires2023\/wp-content\/uploads\/sites\/14\/2022\/09\/O-que-sabemos-e-uma-gota-2-300x200.jpg\" class=\"attachment-medium size-medium wp-post-image\" alt=\"\" srcset=\"https:\/\/ficc.ar\/buenosaires2023\/wp-content\/uploads\/sites\/14\/2022\/09\/O-que-sabemos-e-uma-gota-2-300x200.jpg 300w, https:\/\/ficc.ar\/buenosaires2023\/wp-content\/uploads\/sites\/14\/2022\/09\/O-que-sabemos-e-uma-gota-2-1024x683.jpg 1024w, https:\/\/ficc.ar\/buenosaires2023\/wp-content\/uploads\/sites\/14\/2022\/09\/O-que-sabemos-e-uma-gota-2.jpg 1080w\" sizes=\"auto, (max-width: 300px) 100vw, 300px\" \/><\/a><\/div><div class=\"w-vwrapper usg_vwrapper_1 grid_arrow_top align_center valign_top\"><h2 class=\"w-post-elm post_title usg_post_title_1 has_text_color entry-title color_link_inherit\"><a href=\"https:\/\/ficc.ar\/buenosaires2023\/films\/o-que-sabemos-e-uma-gota\/\">O que sabemos \u00e9 uma gota<\/a><\/h2><p class=\"w-post-elm post_custom_field usg_post_custom_field_2 has_text_color type_text director_x_xs\"><span class=\"w-post-elm-before\">De: <\/span><span class=\"w-post-elm-value\">Daniel Berberick \/ 2020 \/ Ficci\u00f3n \/ 2 min.<\/span><\/p><div class=\"w-post-elm post_taxonomy usg_post_taxonomy_1 has_text_color style_simple color_link_inherit\"><a class=\"term-32 term-prohibido-prohibir\" href=\"https:\/\/ficc.ar\/buenosaires2023\/secciones\/prohibido-prohibir\/\">Prohibido Prohibir<\/a><\/div><\/div><div class=\"w-vwrapper usg_vwrapper_2 align_center valign_top\" style=\"--vwrapper-gap:0.3rem\"><h2 class=\"w-post-elm post_title usg_post_title_2 has_text_color entry-title color_link_inherit\"><a href=\"https:\/\/ficc.ar\/buenosaires2023\/films\/o-que-sabemos-e-uma-gota\/\">O que sabemos \u00e9 uma gota<\/a><\/h2><p class=\"w-post-elm post_custom_field usg_post_custom_field_3 has_text_color type_text director_x_xs\"><span class=\"w-post-elm-before\">De: <\/span><span class=\"w-post-elm-value\">Daniel Berberick \/ 2020 \/ Ficci\u00f3n \/ 2 min.<\/span><\/p><div class=\"w-post-elm post_taxonomy usg_post_taxonomy_2 has_text_color style_simple color_link_inherit\"><a class=\"term-32 term-prohibido-prohibir\" href=\"https:\/\/ficc.ar\/buenosaires2023\/secciones\/prohibido-prohibir\/\">Prohibido Prohibir<\/a><\/div><\/div>\t\t<\/div>\r\n\t<\/article>\r\n\t<article class=\"w-grid-item size_1x1 post-994 films type-films status-publish has-post-thumbnail hentry categoria_film-peliculas-seleccionadas-fuera-de-competencia secciones-tierra\" data-id=\"994\">\r\n\t\t<div class=\"w-grid-item-h\">\r\n\t\t\t\t\t\t<div class=\"w-post-elm post_image usg_post_image_1 has_ratio\"><div style=\"padding-bottom:56.25%\"><\/div><a href=\"https:\/\/ficc.ar\/buenosaires2023\/films\/psilocybe-la-ciencia-de-la-mistica\/\" aria-label=\"Psilocybe la Ciencia de la M\u00edstica\"><img loading=\"lazy\" decoding=\"async\" width=\"300\" height=\"169\" src=\"https:\/\/ficc.ar\/buenosaires2023\/wp-content\/uploads\/sites\/14\/2022\/09\/Psilocybe-la-Ciencia-de-la-Mistica-1-300x169.jpg\" class=\"attachment-medium size-medium wp-post-image\" alt=\"\" srcset=\"https:\/\/ficc.ar\/buenosaires2023\/wp-content\/uploads\/sites\/14\/2022\/09\/Psilocybe-la-Ciencia-de-la-Mistica-1-300x169.jpg 300w, https:\/\/ficc.ar\/buenosaires2023\/wp-content\/uploads\/sites\/14\/2022\/09\/Psilocybe-la-Ciencia-de-la-Mistica-1-1024x576.jpg 1024w, https:\/\/ficc.ar\/buenosaires2023\/wp-content\/uploads\/sites\/14\/2022\/09\/Psilocybe-la-Ciencia-de-la-Mistica-1.jpg 1920w\" sizes=\"auto, (max-width: 300px) 100vw, 300px\" \/><\/a><\/div><div class=\"w-vwrapper usg_vwrapper_1 grid_arrow_top align_center valign_top\"><h2 class=\"w-post-elm post_title usg_post_title_1 has_text_color entry-title color_link_inherit\"><a href=\"https:\/\/ficc.ar\/buenosaires2023\/films\/psilocybe-la-ciencia-de-la-mistica\/\">Psilocybe la Ciencia de la M\u00edstica<\/a><\/h2><p class=\"w-post-elm post_custom_field usg_post_custom_field_2 has_text_color type_text director_x_xs\"><span class=\"w-post-elm-before\">De: <\/span><span class=\"w-post-elm-value\">Alejandro Calder\u00f3n \/ 2021 \/ Documental \/ 30 min.<\/span><\/p><div class=\"w-post-elm post_taxonomy usg_post_taxonomy_1 has_text_color style_simple color_link_inherit\"><a class=\"term-33 term-tierra\" href=\"https:\/\/ficc.ar\/buenosaires2023\/secciones\/tierra\/\">Tierra<\/a><\/div><\/div><div class=\"w-vwrapper usg_vwrapper_2 align_center valign_top\" style=\"--vwrapper-gap:0.3rem\"><h2 class=\"w-post-elm post_title usg_post_title_2 has_text_color entry-title color_link_inherit\"><a href=\"https:\/\/ficc.ar\/buenosaires2023\/films\/psilocybe-la-ciencia-de-la-mistica\/\">Psilocybe la Ciencia de la M\u00edstica<\/a><\/h2><p class=\"w-post-elm post_custom_field usg_post_custom_field_3 has_text_color type_text director_x_xs\"><span class=\"w-post-elm-before\">De: <\/span><span class=\"w-post-elm-value\">Alejandro Calder\u00f3n \/ 2021 \/ Documental \/ 30 min.<\/span><\/p><div class=\"w-post-elm post_taxonomy usg_post_taxonomy_2 has_text_color style_simple color_link_inherit\"><a class=\"term-33 term-tierra\" href=\"https:\/\/ficc.ar\/buenosaires2023\/secciones\/tierra\/\">Tierra<\/a><\/div><\/div>\t\t<\/div>\r\n\t<\/article>\r\n\t<article class=\"w-grid-item size_1x1 post-1493 films type-films status-publish has-post-thumbnail hentry categoria_film-peliculas-seleccionadas-fuera-de-competencia secciones-humos\" data-id=\"1493\">\r\n\t\t<div class=\"w-grid-item-h\">\r\n\t\t\t\t\t\t<div class=\"w-post-elm post_image usg_post_image_1 has_ratio\"><div style=\"padding-bottom:56.25%\"><\/div><a href=\"https:\/\/ficc.ar\/buenosaires2023\/films\/reality-must-be-addressed\/\" aria-label=\"Reality Must Be Addressed\"><img loading=\"lazy\" decoding=\"async\" width=\"300\" height=\"169\" src=\"https:\/\/ficc.ar\/buenosaires2023\/wp-content\/uploads\/sites\/14\/2023\/01\/RMBA__STILL_1-Johanna-Seggelke-300x169.jpg\" class=\"attachment-medium size-medium wp-post-image\" alt=\"\" srcset=\"https:\/\/ficc.ar\/buenosaires2023\/wp-content\/uploads\/sites\/14\/2023\/01\/RMBA__STILL_1-Johanna-Seggelke-300x169.jpg 300w, https:\/\/ficc.ar\/buenosaires2023\/wp-content\/uploads\/sites\/14\/2023\/01\/RMBA__STILL_1-Johanna-Seggelke-1024x576.jpg 1024w, https:\/\/ficc.ar\/buenosaires2023\/wp-content\/uploads\/sites\/14\/2023\/01\/RMBA__STILL_1-Johanna-Seggelke.jpg 1920w\" sizes=\"auto, (max-width: 300px) 100vw, 300px\" \/><\/a><\/div><div class=\"w-vwrapper usg_vwrapper_1 grid_arrow_top align_center valign_top\"><h2 class=\"w-post-elm post_title usg_post_title_1 has_text_color entry-title color_link_inherit\"><a href=\"https:\/\/ficc.ar\/buenosaires2023\/films\/reality-must-be-addressed\/\">Reality Must Be Addressed<\/a><\/h2><p class=\"w-post-elm post_custom_field usg_post_custom_field_2 has_text_color type_text director_x_xs\"><span class=\"w-post-elm-before\">De: <\/span><span class=\"w-post-elm-value\">Johanna Seggelke \/ 2021 \/ Documental \/ 53 min.<\/span><\/p><div class=\"w-post-elm post_taxonomy usg_post_taxonomy_1 has_text_color style_simple color_link_inherit\"><a class=\"term-29 term-humos\" href=\"https:\/\/ficc.ar\/buenosaires2023\/secciones\/humos\/\">Humos<\/a><\/div><\/div><div class=\"w-vwrapper usg_vwrapper_2 align_center valign_top\" style=\"--vwrapper-gap:0.3rem\"><h2 class=\"w-post-elm post_title usg_post_title_2 has_text_color entry-title color_link_inherit\"><a href=\"https:\/\/ficc.ar\/buenosaires2023\/films\/reality-must-be-addressed\/\">Reality Must Be Addressed<\/a><\/h2><p class=\"w-post-elm post_custom_field usg_post_custom_field_3 has_text_color type_text director_x_xs\"><span class=\"w-post-elm-before\">De: <\/span><span class=\"w-post-elm-value\">Johanna Seggelke \/ 2021 \/ Documental \/ 53 min.<\/span><\/p><div class=\"w-post-elm post_taxonomy usg_post_taxonomy_2 has_text_color style_simple color_link_inherit\"><a class=\"term-29 term-humos\" href=\"https:\/\/ficc.ar\/buenosaires2023\/secciones\/humos\/\">Humos<\/a><\/div><\/div>\t\t<\/div>\r\n\t<\/article>\r\n\t<article class=\"w-grid-item size_1x1 post-972 films type-films status-publish has-post-thumbnail hentry categoria_film-peliculas-seleccionadas-fuera-de-competencia secciones-musica\" data-id=\"972\">\r\n\t\t<div class=\"w-grid-item-h\">\r\n\t\t\t\t\t\t<div class=\"w-post-elm post_image usg_post_image_1 has_ratio\"><div style=\"padding-bottom:56.25%\"><\/div><a href=\"https:\/\/ficc.ar\/buenosaires2023\/films\/reservoir-dogs\/\" aria-label=\"Reservoir Dogs\"><img loading=\"lazy\" decoding=\"async\" width=\"300\" height=\"169\" src=\"https:\/\/ficc.ar\/buenosaires2023\/wp-content\/uploads\/sites\/14\/2022\/09\/Reservoir-Dogs-05-300x169.jpg\" class=\"attachment-medium size-medium wp-post-image\" alt=\"\" srcset=\"https:\/\/ficc.ar\/buenosaires2023\/wp-content\/uploads\/sites\/14\/2022\/09\/Reservoir-Dogs-05-300x169.jpg 300w, https:\/\/ficc.ar\/buenosaires2023\/wp-content\/uploads\/sites\/14\/2022\/09\/Reservoir-Dogs-05-1024x576.jpg 1024w\" sizes=\"auto, (max-width: 300px) 100vw, 300px\" \/><\/a><\/div><div class=\"w-vwrapper usg_vwrapper_1 grid_arrow_top align_center valign_top\"><h2 class=\"w-post-elm post_title usg_post_title_1 has_text_color entry-title color_link_inherit\"><a href=\"https:\/\/ficc.ar\/buenosaires2023\/films\/reservoir-dogs\/\">Reservoir Dogs<\/a><\/h2><p class=\"w-post-elm post_custom_field usg_post_custom_field_2 has_text_color type_text director_x_xs\"><span class=\"w-post-elm-before\">De: <\/span><span class=\"w-post-elm-value\">Joako Follador \/ 2022\/ Animaci\u00f3n \/ 4 min.<\/span><\/p><div class=\"w-post-elm post_taxonomy usg_post_taxonomy_1 has_text_color style_simple color_link_inherit\"><a class=\"term-30 term-musica\" href=\"https:\/\/ficc.ar\/buenosaires2023\/secciones\/musica\/\">M\u00fasica<\/a><\/div><\/div><div class=\"w-vwrapper usg_vwrapper_2 align_center valign_top\" style=\"--vwrapper-gap:0.3rem\"><h2 class=\"w-post-elm post_title usg_post_title_2 has_text_color entry-title color_link_inherit\"><a href=\"https:\/\/ficc.ar\/buenosaires2023\/films\/reservoir-dogs\/\">Reservoir Dogs<\/a><\/h2><p class=\"w-post-elm post_custom_field usg_post_custom_field_3 has_text_color type_text director_x_xs\"><span class=\"w-post-elm-before\">De: <\/span><span class=\"w-post-elm-value\">Joako Follador \/ 2022\/ Animaci\u00f3n \/ 4 min.<\/span><\/p><div class=\"w-post-elm post_taxonomy usg_post_taxonomy_2 has_text_color style_simple color_link_inherit\"><a class=\"term-30 term-musica\" href=\"https:\/\/ficc.ar\/buenosaires2023\/secciones\/musica\/\">M\u00fasica<\/a><\/div><\/div>\t\t<\/div>\r\n\t<\/article>\r\n\t<article class=\"w-grid-item size_1x1 post-996 films type-films status-publish has-post-thumbnail hentry categoria_film-peliculas-seleccionadas-fuera-de-competencia secciones-humos\" data-id=\"996\">\r\n\t\t<div class=\"w-grid-item-h\">\r\n\t\t\t\t\t\t<div class=\"w-post-elm post_image usg_post_image_1 has_ratio\"><div style=\"padding-bottom:56.25%\"><\/div><a href=\"https:\/\/ficc.ar\/buenosaires2023\/films\/t-e-g\/\" aria-label=\"T.E.G.\"><img loading=\"lazy\" decoding=\"async\" width=\"300\" height=\"169\" src=\"https:\/\/ficc.ar\/buenosaires2023\/wp-content\/uploads\/sites\/14\/2022\/09\/TEG_02_300dp-3i-300x169.jpg\" class=\"attachment-medium size-medium wp-post-image\" alt=\"\" srcset=\"https:\/\/ficc.ar\/buenosaires2023\/wp-content\/uploads\/sites\/14\/2022\/09\/TEG_02_300dp-3i-300x169.jpg 300w, https:\/\/ficc.ar\/buenosaires2023\/wp-content\/uploads\/sites\/14\/2022\/09\/TEG_02_300dp-3i-1024x576.jpg 1024w\" sizes=\"auto, (max-width: 300px) 100vw, 300px\" \/><\/a><\/div><div class=\"w-vwrapper usg_vwrapper_1 grid_arrow_top align_center valign_top\"><h2 class=\"w-post-elm post_title usg_post_title_1 has_text_color entry-title color_link_inherit\"><a href=\"https:\/\/ficc.ar\/buenosaires2023\/films\/t-e-g\/\">T.E.G.<\/a><\/h2><p class=\"w-post-elm post_custom_field usg_post_custom_field_2 has_text_color type_text director_x_xs\"><span class=\"w-post-elm-before\">De: <\/span><span class=\"w-post-elm-value\">Emiliano Aybar \/ 2021 \/ Ficci\u00f3n \/ 2 min.<\/span><\/p><div class=\"w-post-elm post_taxonomy usg_post_taxonomy_1 has_text_color style_simple color_link_inherit\"><a class=\"term-29 term-humos\" href=\"https:\/\/ficc.ar\/buenosaires2023\/secciones\/humos\/\">Humos<\/a><\/div><\/div><div class=\"w-vwrapper usg_vwrapper_2 align_center valign_top\" style=\"--vwrapper-gap:0.3rem\"><h2 class=\"w-post-elm post_title usg_post_title_2 has_text_color entry-title color_link_inherit\"><a href=\"https:\/\/ficc.ar\/buenosaires2023\/films\/t-e-g\/\">T.E.G.<\/a><\/h2><p class=\"w-post-elm post_custom_field usg_post_custom_field_3 has_text_color type_text director_x_xs\"><span class=\"w-post-elm-before\">De: <\/span><span class=\"w-post-elm-value\">Emiliano Aybar \/ 2021 \/ Ficci\u00f3n \/ 2 min.<\/span><\/p><div class=\"w-post-elm post_taxonomy usg_post_taxonomy_2 has_text_color style_simple color_link_inherit\"><a class=\"term-29 term-humos\" href=\"https:\/\/ficc.ar\/buenosaires2023\/secciones\/humos\/\">Humos<\/a><\/div><\/div>\t\t<\/div>\r\n\t<\/article>\r\n\t<article class=\"w-grid-item size_1x1 post-1000 films type-films status-publish has-post-thumbnail hentry categoria_film-peliculas-seleccionadas-fuera-de-competencia secciones-tierra\" data-id=\"1000\">\r\n\t\t<div class=\"w-grid-item-h\">\r\n\t\t\t\t\t\t<div class=\"w-post-elm post_image usg_post_image_1 has_ratio\"><div style=\"padding-bottom:56.25%\"><\/div><a href=\"https:\/\/ficc.ar\/buenosaires2023\/films\/tending-the-garden\/\" aria-label=\"Tending the Garden\"><img loading=\"lazy\" decoding=\"async\" width=\"300\" height=\"169\" src=\"https:\/\/ficc.ar\/buenosaires2023\/wp-content\/uploads\/sites\/14\/2022\/09\/Tending-the-Garden_02-300x169.jpeg\" class=\"attachment-medium size-medium wp-post-image\" alt=\"\" srcset=\"https:\/\/ficc.ar\/buenosaires2023\/wp-content\/uploads\/sites\/14\/2022\/09\/Tending-the-Garden_02-300x169.jpeg 300w, https:\/\/ficc.ar\/buenosaires2023\/wp-content\/uploads\/sites\/14\/2022\/09\/Tending-the-Garden_02-1024x576.jpeg 1024w\" sizes=\"auto, (max-width: 300px) 100vw, 300px\" \/><\/a><\/div><div class=\"w-vwrapper usg_vwrapper_1 grid_arrow_top align_center valign_top\"><h2 class=\"w-post-elm post_title usg_post_title_1 has_text_color entry-title color_link_inherit\"><a href=\"https:\/\/ficc.ar\/buenosaires2023\/films\/tending-the-garden\/\">Tending the Garden<\/a><\/h2><p class=\"w-post-elm post_custom_field usg_post_custom_field_2 has_text_color type_text director_x_xs\"><span class=\"w-post-elm-before\">De: <\/span><span class=\"w-post-elm-value\">Claire Weissbluth y Jesse Dodd \/ 2022 \/ Documental \/ 25 min.<\/span><\/p><div class=\"w-post-elm post_taxonomy usg_post_taxonomy_1 has_text_color style_simple color_link_inherit\"><a class=\"term-33 term-tierra\" href=\"https:\/\/ficc.ar\/buenosaires2023\/secciones\/tierra\/\">Tierra<\/a><\/div><\/div><div class=\"w-vwrapper usg_vwrapper_2 align_center valign_top\" style=\"--vwrapper-gap:0.3rem\"><h2 class=\"w-post-elm post_title usg_post_title_2 has_text_color entry-title color_link_inherit\"><a href=\"https:\/\/ficc.ar\/buenosaires2023\/films\/tending-the-garden\/\">Tending the Garden<\/a><\/h2><p class=\"w-post-elm post_custom_field usg_post_custom_field_3 has_text_color type_text director_x_xs\"><span class=\"w-post-elm-before\">De: <\/span><span class=\"w-post-elm-value\">Claire Weissbluth y Jesse Dodd \/ 2022 \/ Documental \/ 25 min.<\/span><\/p><div class=\"w-post-elm post_taxonomy usg_post_taxonomy_2 has_text_color style_simple color_link_inherit\"><a class=\"term-33 term-tierra\" href=\"https:\/\/ficc.ar\/buenosaires2023\/secciones\/tierra\/\">Tierra<\/a><\/div><\/div>\t\t<\/div>\r\n\t<\/article>\r\n\t<article class=\"w-grid-item size_1x1 post-1371 films type-films status-publish has-post-thumbnail hentry categoria_film-peliculas-seleccionadas-fuera-de-competencia secciones-otros-viajes\" data-id=\"1371\">\r\n\t\t<div class=\"w-grid-item-h\">\r\n\t\t\t\t\t\t<div class=\"w-post-elm post_image usg_post_image_1 has_ratio\"><div style=\"padding-bottom:56.25%\"><\/div><a href=\"https:\/\/ficc.ar\/buenosaires2023\/films\/the-song-that-calls-you-home\/\" aria-label=\"The Song That Calls You Home\"><img loading=\"lazy\" decoding=\"async\" width=\"300\" height=\"170\" src=\"https:\/\/ficc.ar\/buenosaires2023\/wp-content\/uploads\/sites\/14\/2023\/01\/Captura-de-pantalla-2023-01-24-a-las-15.39.50-300x170.png\" class=\"attachment-medium size-medium wp-post-image\" alt=\"\" srcset=\"https:\/\/ficc.ar\/buenosaires2023\/wp-content\/uploads\/sites\/14\/2023\/01\/Captura-de-pantalla-2023-01-24-a-las-15.39.50-300x170.png 300w, https:\/\/ficc.ar\/buenosaires2023\/wp-content\/uploads\/sites\/14\/2023\/01\/Captura-de-pantalla-2023-01-24-a-las-15.39.50-1024x579.png 1024w\" sizes=\"auto, (max-width: 300px) 100vw, 300px\" \/><\/a><\/div><div class=\"w-vwrapper usg_vwrapper_1 grid_arrow_top align_center valign_top\"><h2 class=\"w-post-elm post_title usg_post_title_1 has_text_color entry-title color_link_inherit\"><a href=\"https:\/\/ficc.ar\/buenosaires2023\/films\/the-song-that-calls-you-home\/\">The Song That Calls You Home<\/a><\/h2><p class=\"w-post-elm post_custom_field usg_post_custom_field_2 has_text_color type_text director_x_xs\"><span class=\"w-post-elm-before\">De: <\/span><span class=\"w-post-elm-value\">Luis Robledo y  Vanni Mangoni \/ 2020 \/ Documental \/ 72 min.<\/span><\/p><div class=\"w-post-elm post_taxonomy usg_post_taxonomy_1 has_text_color style_simple color_link_inherit\"><a class=\"term-31 term-otros-viajes\" href=\"https:\/\/ficc.ar\/buenosaires2023\/secciones\/otros-viajes\/\">Otros Viajes<\/a><\/div><\/div><div class=\"w-vwrapper usg_vwrapper_2 align_center valign_top\" style=\"--vwrapper-gap:0.3rem\"><h2 class=\"w-post-elm post_title usg_post_title_2 has_text_color entry-title color_link_inherit\"><a href=\"https:\/\/ficc.ar\/buenosaires2023\/films\/the-song-that-calls-you-home\/\">The Song That Calls You Home<\/a><\/h2><p class=\"w-post-elm post_custom_field usg_post_custom_field_3 has_text_color type_text director_x_xs\"><span class=\"w-post-elm-before\">De: <\/span><span class=\"w-post-elm-value\">Luis Robledo y  Vanni Mangoni \/ 2020 \/ Documental \/ 72 min.<\/span><\/p><div class=\"w-post-elm post_taxonomy usg_post_taxonomy_2 has_text_color style_simple color_link_inherit\"><a class=\"term-31 term-otros-viajes\" href=\"https:\/\/ficc.ar\/buenosaires2023\/secciones\/otros-viajes\/\">Otros Viajes<\/a><\/div><\/div>\t\t<\/div>\r\n\t<\/article>\r\n<\/div><div class=\"w-grid-preloader\"><div class=\"g-preloader type_1\">\r\n\t<div><\/div>\r\n<\/div>\r\n<\/div>\t<div class=\"w-grid-json hidden\" onclick='return {&quot;action&quot;:&quot;us_ajax_grid&quot;,&quot;ajax_url&quot;:&quot;https:\\\/\\\/ficc.ar\\\/buenosaires2023\\\/wp-admin\\\/admin-ajax.php&quot;,&quot;infinite_scroll&quot;:0,&quot;max_num_pages&quot;:1,&quot;pagination&quot;:&quot;none&quot;,&quot;permalink_url&quot;:&quot;https:\\\/\\\/ficc.ar\\\/buenosaires2023\\\/wp-json\\\/wp\\\/v2\\\/pages\\\/12&quot;,&quot;template_vars&quot;:{&quot;columns&quot;:&quot;4&quot;,&quot;exclude_items&quot;:&quot;none&quot;,&quot;img_size&quot;:&quot;default&quot;,&quot;ignore_items_size&quot;:0,&quot;items_layout&quot;:&quot;101&quot;,&quot;items_offset&quot;:&quot;1&quot;,&quot;load_animation&quot;:&quot;none&quot;,&quot;overriding_link&quot;:&quot;none&quot;,&quot;post_id&quot;:0,&quot;query_args&quot;:{&quot;post_type&quot;:[&quot;films&quot;],&quot;tax_query&quot;:[{&quot;taxonomy&quot;:&quot;categoria_film&quot;,&quot;field&quot;:&quot;slug&quot;,&quot;terms&quot;:[&quot;peliculas-seleccionadas-fuera-de-competencia&quot;]}],&quot;post_status&quot;:[&quot;publish&quot;,&quot;acf-disabled&quot;],&quot;posts_per_page&quot;:&quot;50&quot;},&quot;orderby_query_args&quot;:{&quot;orderby&quot;:{&quot;title&quot;:&quot;ASC&quot;},&quot;order&quot;:&quot;ASC&quot;},&quot;type&quot;:&quot;grid&quot;,&quot;us_grid_ajax_index&quot;:4,&quot;us_grid_filter_params&quot;:null,&quot;us_grid_index&quot;:4,&quot;_us_grid_post_type&quot;:&quot;films&quot;,&quot;page_args&quot;:[]}}'><\/div>\r\n\t<\/div><div class=\"w-separator size_medium\" id=\"z496\"><style>@media(max-width:1024px){ #z496{height:2rem!important}}@media(max-width:600px){ #z496{height:2rem!important}}<\/style><\/div><div class=\"w-separator size_medium\" id=\"g4bb\"><style>@media(max-width:1024px){ #g4bb{height:2rem!important}}@media(max-width:600px){ #g4bb{height:2rem!important}}<\/style><\/div><\/div><\/div><\/div><\/div><\/div><\/section><section class=\"l-section wpb_row height_medium\" id=\"actividades\"><div class=\"l-section-h i-cf\"><div class=\"g-cols vc_row via_flex valign_top type_default stacking_default\"><div class=\"vc_col-sm-12 wpb_column vc_column_container\"><div class=\"vc_column-inner\"><div class=\"wpb_wrapper\">[vc_custom_heading text=&#8221;Actividades&#8221; font_container=&#8221;tag:h2|text_align:center&#8221; use_theme_fonts=&#8221;yes&#8221;]<div class=\"w-grid type_grid layout_284 cols_2\" id=\"us_grid_5\" style=\"--gap:1.5rem;\" data-filterable=\"true\"><style>@media (max-width:600px){#us_grid_5 .w-grid-list{margin:0}#us_grid_5 .w-grid-item{width:100%;padding:0;margin-bottom:var(--gap,0px)}}.layout_284 .w-grid-item-h{}.layout_284 .usg_hwrapper_1{padding-bottom:1rem!important;border-bottom-width:1px!important;border-color:#999999!important}.layout_284 .usg_post_title_1{color:var(--color-header-middle-text-hover)!important;font-family:var(--font-h1)!important;font-size:1.2rem!important;line-height:1.2!important}.layout_284 .usg_post_custom_field_2{font-family:var(--font-h1)!important;font-weight:700!important;font-size:2rem!important;letter-spacing:3px!important}.layout_284 .usg_post_custom_field_3{font-weight:700!important}@media (min-width:601px) and (max-width:1024px){.layout_284 .usg_post_title_1{font-size:2rem!important;line-height:1.2!important}}@media (max-width:600px){.layout_284 .usg_post_title_1{font-size:1.5rem!important;line-height:1.2!important}}<\/style><div class=\"w-grid-list\">\t<article class=\"w-grid-item size_1x1 post-1164 event type-event status-publish hentry\" data-id=\"1164\">\r\n\t\t<div class=\"w-grid-item-h\">\r\n\t\t\t\t\t\t<div class=\"w-hwrapper usg_hwrapper_1 align_left valign_middle\" style=\"--hwrapper-gap:1.20rem\"><div class=\"w-vwrapper usg_vwrapper_1 fecha align_right valign_top\" style=\"--vwrapper-gap:0.3rem\"><div class=\"w-post-elm post_custom_field usg_post_custom_field_2 type_text fecha\"><span class=\"w-post-elm-value\">15\/02<\/span><\/div><div class=\"w-post-elm post_custom_field usg_post_custom_field_3 type_text hora\"><span class=\"w-post-elm-value\">6:00 pm<\/span><\/div><\/div><div class=\"w-vwrapper usg_vwrapper_2 align_none valign_top\"><span class=\"w-post-elm post_title usg_post_title_1 has_text_color entry-title\"><a href=\"https:\/\/ficc.ar\/buenosaires2023\/eventos\/lanzamiento-ficc-festival-internacional-cinecannabico-4o-edicion\/\">Lanzamiento FICC \u2013 Festival Internacional Cinecann\u00e1bico \u2013 3\u00ba Edici\u00f3n Buenos Aires<\/a><\/span><a class=\"w-btn us-btn-style_1 usg_btn_1\" href=\"https:\/\/ficc.ar\/buenosaires2023\/eventos\/lanzamiento-ficc-festival-internacional-cinecannabico-4o-edicion\/\"><span class=\"w-btn-label\">Ver m\u00e1s<\/span><\/a><\/div><\/div>\t\t<\/div>\r\n\t<\/article>\r\n\t<article class=\"w-grid-item size_1x1 post-1574 event type-event status-publish has-post-thumbnail hentry\" data-id=\"1574\">\r\n\t\t<div class=\"w-grid-item-h\">\r\n\t\t\t\t\t\t<div class=\"w-hwrapper usg_hwrapper_1 align_left valign_middle\" style=\"--hwrapper-gap:1.20rem\"><div class=\"w-vwrapper usg_vwrapper_1 fecha align_right valign_top\" style=\"--vwrapper-gap:0.3rem\"><div class=\"w-post-elm post_custom_field usg_post_custom_field_2 type_text fecha\"><span class=\"w-post-elm-value\">15\/02<\/span><\/div><div class=\"w-post-elm post_custom_field usg_post_custom_field_3 type_text hora\"><span class=\"w-post-elm-value\">7:00 pm<\/span><\/div><\/div><div class=\"w-vwrapper usg_vwrapper_2 align_none valign_top\"><span class=\"w-post-elm post_title usg_post_title_1 has_text_color entry-title\"><a href=\"https:\/\/ficc.ar\/buenosaires2023\/eventos\/concierto-de-recorcholis\/\">Concierto de &#8220;Rec\u00f3rcholis!&#8221;<\/a><\/span><a class=\"w-btn us-btn-style_1 usg_btn_1\" href=\"https:\/\/ficc.ar\/buenosaires2023\/eventos\/concierto-de-recorcholis\/\"><span class=\"w-btn-label\">Ver m\u00e1s<\/span><\/a><\/div><\/div>\t\t<\/div>\r\n\t<\/article>\r\n\t<article class=\"w-grid-item size_1x1 post-1044 event type-event status-publish has-post-thumbnail hentry\" data-id=\"1044\">\r\n\t\t<div class=\"w-grid-item-h\">\r\n\t\t\t\t\t\t<div class=\"w-hwrapper usg_hwrapper_1 align_left valign_middle\" style=\"--hwrapper-gap:1.20rem\"><div class=\"w-vwrapper usg_vwrapper_1 fecha align_right valign_top\" style=\"--vwrapper-gap:0.3rem\"><div class=\"w-post-elm post_custom_field usg_post_custom_field_2 type_text fecha\"><span class=\"w-post-elm-value\">18\/02<\/span><\/div><div class=\"w-post-elm post_custom_field usg_post_custom_field_3 type_text hora\"><span class=\"w-post-elm-value\">4:00 pm<\/span><\/div><\/div><div class=\"w-vwrapper usg_vwrapper_2 align_none valign_top\"><span class=\"w-post-elm post_title usg_post_title_1 has_text_color entry-title\"><a href=\"https:\/\/ficc.ar\/buenosaires2023\/eventos\/arte-cannabis\/\">JORNADA DE ARTE: arte y cannabis<\/a><\/span><a class=\"w-btn us-btn-style_1 usg_btn_1\" href=\"https:\/\/ficc.ar\/buenosaires2023\/eventos\/arte-cannabis\/\"><span class=\"w-btn-label\">Ver m\u00e1s<\/span><\/a><\/div><\/div>\t\t<\/div>\r\n\t<\/article>\r\n\t<article class=\"w-grid-item size_1x1 post-1580 event type-event status-publish has-post-thumbnail hentry\" data-id=\"1580\">\r\n\t\t<div class=\"w-grid-item-h\">\r\n\t\t\t\t\t\t<div class=\"w-hwrapper usg_hwrapper_1 align_left valign_middle\" style=\"--hwrapper-gap:1.20rem\"><div class=\"w-vwrapper usg_vwrapper_1 fecha align_right valign_top\" style=\"--vwrapper-gap:0.3rem\"><div class=\"w-post-elm post_custom_field usg_post_custom_field_2 type_text fecha\"><span class=\"w-post-elm-value\">18\/02<\/span><\/div><div class=\"w-post-elm post_custom_field usg_post_custom_field_3 type_text hora\"><span class=\"w-post-elm-value\">7:30 pm<\/span><\/div><\/div><div class=\"w-vwrapper usg_vwrapper_2 align_none valign_top\"><span class=\"w-post-elm post_title usg_post_title_1 has_text_color entry-title\"><a href=\"https:\/\/ficc.ar\/buenosaires2023\/eventos\/concierto-eli-u-pena\/\">Concierto Eli-u Pena<\/a><\/span><a class=\"w-btn us-btn-style_1 usg_btn_1\" href=\"https:\/\/ficc.ar\/buenosaires2023\/eventos\/concierto-eli-u-pena\/\"><span class=\"w-btn-label\">Ver m\u00e1s<\/span><\/a><\/div><\/div>\t\t<\/div>\r\n\t<\/article>\r\n\t<article class=\"w-grid-item size_1x1 post-1571 event type-event status-publish has-post-thumbnail hentry\" data-id=\"1571\">\r\n\t\t<div class=\"w-grid-item-h\">\r\n\t\t\t\t\t\t<div class=\"w-hwrapper usg_hwrapper_1 align_left valign_middle\" style=\"--hwrapper-gap:1.20rem\"><div class=\"w-vwrapper usg_vwrapper_1 fecha align_right valign_top\" style=\"--vwrapper-gap:0.3rem\"><div class=\"w-post-elm post_custom_field usg_post_custom_field_2 type_text fecha\"><span class=\"w-post-elm-value\">19\/02<\/span><\/div><div class=\"w-post-elm post_custom_field usg_post_custom_field_3 type_text hora\"><span class=\"w-post-elm-value\">7:00 pm<\/span><\/div><\/div><div class=\"w-vwrapper usg_vwrapper_2 align_none valign_top\"><span class=\"w-post-elm post_title usg_post_title_1 has_text_color entry-title\"><a href=\"https:\/\/ficc.ar\/buenosaires2023\/eventos\/mama-cultiva-argentina-autogestion-de-la-salud\/\">Mam\u00e1 Cultiva Argentina. Autogesti\u00f3n de la salud<\/a><\/span><a class=\"w-btn us-btn-style_1 usg_btn_1\" href=\"https:\/\/ficc.ar\/buenosaires2023\/eventos\/mama-cultiva-argentina-autogestion-de-la-salud\/\"><span class=\"w-btn-label\">Ver m\u00e1s<\/span><\/a><\/div><\/div>\t\t<\/div>\r\n\t<\/article>\r\n\t<article class=\"w-grid-item size_1x1 post-1046 event type-event status-publish has-post-thumbnail hentry\" data-id=\"1046\">\r\n\t\t<div class=\"w-grid-item-h\">\r\n\t\t\t\t\t\t<div class=\"w-hwrapper usg_hwrapper_1 align_left valign_middle\" style=\"--hwrapper-gap:1.20rem\"><div class=\"w-vwrapper usg_vwrapper_1 fecha align_right valign_top\" style=\"--vwrapper-gap:0.3rem\"><div class=\"w-post-elm post_custom_field usg_post_custom_field_2 type_text fecha\"><span class=\"w-post-elm-value\">22\/02<\/span><\/div><div class=\"w-post-elm post_custom_field usg_post_custom_field_3 type_text hora\"><span class=\"w-post-elm-value\">6:00 pm<\/span><\/div><\/div><div class=\"w-vwrapper usg_vwrapper_2 align_none valign_top\"><span class=\"w-post-elm post_title usg_post_title_1 has_text_color entry-title\"><a href=\"https:\/\/ficc.ar\/buenosaires2023\/eventos\/gastronomia-cannabis\/\">Gastronom\u00eda y Cannabis<\/a><\/span><a class=\"w-btn us-btn-style_1 usg_btn_1\" href=\"https:\/\/ficc.ar\/buenosaires2023\/eventos\/gastronomia-cannabis\/\"><span class=\"w-btn-label\">Ver m\u00e1s<\/span><\/a><\/div><\/div>\t\t<\/div>\r\n\t<\/article>\r\n\t<article class=\"w-grid-item size_1x1 post-1047 event type-event status-publish has-post-thumbnail hentry\" data-id=\"1047\">\r\n\t\t<div class=\"w-grid-item-h\">\r\n\t\t\t\t\t\t<div class=\"w-hwrapper usg_hwrapper_1 align_left valign_middle\" style=\"--hwrapper-gap:1.20rem\"><div class=\"w-vwrapper usg_vwrapper_1 fecha align_right valign_top\" style=\"--vwrapper-gap:0.3rem\"><div class=\"w-post-elm post_custom_field usg_post_custom_field_2 type_text fecha\"><span class=\"w-post-elm-value\">23\/02<\/span><\/div><div class=\"w-post-elm post_custom_field usg_post_custom_field_3 type_text hora\"><span class=\"w-post-elm-value\">6:00 pm<\/span><\/div><\/div><div class=\"w-vwrapper usg_vwrapper_2 align_none valign_top\"><span class=\"w-post-elm post_title usg_post_title_1 has_text_color entry-title\"><a href=\"https:\/\/ficc.ar\/buenosaires2023\/eventos\/cannabis-drogas-ddhh\/\">Conversatorio: CANNABIS, DROGAS Y DERECHOS HUMANOS<\/a><\/span><a class=\"w-btn us-btn-style_1 usg_btn_1\" href=\"https:\/\/ficc.ar\/buenosaires2023\/eventos\/cannabis-drogas-ddhh\/\"><span class=\"w-btn-label\">Ver m\u00e1s<\/span><\/a><\/div><\/div>\t\t<\/div>\r\n\t<\/article>\r\n\t<article class=\"w-grid-item size_1x1 post-1573 event type-event status-publish hentry\" data-id=\"1573\">\r\n\t\t<div class=\"w-grid-item-h\">\r\n\t\t\t\t\t\t<div class=\"w-hwrapper usg_hwrapper_1 align_left valign_middle\" style=\"--hwrapper-gap:1.20rem\"><div class=\"w-vwrapper usg_vwrapper_1 fecha align_right valign_top\" style=\"--vwrapper-gap:0.3rem\"><div class=\"w-post-elm post_custom_field usg_post_custom_field_2 type_text fecha\"><span class=\"w-post-elm-value\">23\/02<\/span><\/div><div class=\"w-post-elm post_custom_field usg_post_custom_field_3 type_text hora\"><span class=\"w-post-elm-value\">10:00 pm<\/span><\/div><\/div><div class=\"w-vwrapper usg_vwrapper_2 align_none valign_top\"><span class=\"w-post-elm post_title usg_post_title_1 has_text_color entry-title\"><a href=\"https:\/\/ficc.ar\/buenosaires2023\/eventos\/fiesta-del-ficc\/\">Fiesta del FICC<\/a><\/span><a class=\"w-btn us-btn-style_1 usg_btn_1\" href=\"https:\/\/ficc.ar\/buenosaires2023\/eventos\/fiesta-del-ficc\/\"><span class=\"w-btn-label\">Ver m\u00e1s<\/span><\/a><\/div><\/div>\t\t<\/div>\r\n\t<\/article>\r\n\t<article class=\"w-grid-item size_1x1 post-1035 event type-event status-publish has-post-thumbnail hentry\" data-id=\"1035\">\r\n\t\t<div class=\"w-grid-item-h\">\r\n\t\t\t\t\t\t<div class=\"w-hwrapper usg_hwrapper_1 align_left valign_middle\" style=\"--hwrapper-gap:1.20rem\"><div class=\"w-vwrapper usg_vwrapper_1 fecha align_right valign_top\" style=\"--vwrapper-gap:0.3rem\"><div class=\"w-post-elm post_custom_field usg_post_custom_field_2 type_text fecha\"><span class=\"w-post-elm-value\">24\/02<\/span><\/div><div class=\"w-post-elm post_custom_field usg_post_custom_field_3 type_text hora\"><span class=\"w-post-elm-value\">6:00 pm<\/span><\/div><\/div><div class=\"w-vwrapper usg_vwrapper_2 align_none valign_top\"><span class=\"w-post-elm post_title usg_post_title_1 has_text_color entry-title\"><a href=\"https:\/\/ficc.ar\/buenosaires2023\/eventos\/taller-de-cultivo\/\">Talleres de Cultivo &#8211; Auspicia &#8220;Bellavita&#8221;<\/a><\/span><a class=\"w-btn us-btn-style_1 usg_btn_1\" href=\"https:\/\/ficc.ar\/buenosaires2023\/eventos\/taller-de-cultivo\/\"><span class=\"w-btn-label\">Ver m\u00e1s<\/span><\/a><\/div><\/div>\t\t<\/div>\r\n\t<\/article>\r\n\t<article class=\"w-grid-item size_1x1 post-1389 event type-event status-publish has-post-thumbnail hentry\" data-id=\"1389\">\r\n\t\t<div class=\"w-grid-item-h\">\r\n\t\t\t\t\t\t<div class=\"w-hwrapper usg_hwrapper_1 align_left valign_middle\" style=\"--hwrapper-gap:1.20rem\"><div class=\"w-vwrapper usg_vwrapper_1 fecha align_right valign_top\" style=\"--vwrapper-gap:0.3rem\"><div class=\"w-post-elm post_custom_field usg_post_custom_field_2 type_text fecha\"><span class=\"w-post-elm-value\">26\/02<\/span><\/div><div class=\"w-post-elm post_custom_field usg_post_custom_field_3 type_text hora\"><span class=\"w-post-elm-value\">8:00 pm<\/span><\/div><\/div><div class=\"w-vwrapper usg_vwrapper_2 align_none valign_top\"><span class=\"w-post-elm post_title usg_post_title_1 has_text_color entry-title\"><a href=\"https:\/\/ficc.ar\/buenosaires2023\/eventos\/clausura-del-ficc-buenos-aires-2023\/\">Entrega de Premios del 3er. FICC Buenos Aires 2023<\/a><\/span><a class=\"w-btn us-btn-style_1 usg_btn_1\" href=\"https:\/\/ficc.ar\/buenosaires2023\/eventos\/clausura-del-ficc-buenos-aires-2023\/\"><span class=\"w-btn-label\">Ver m\u00e1s<\/span><\/a><\/div><\/div>\t\t<\/div>\r\n\t<\/article>\r\n\t<article class=\"w-grid-item size_1x1 post-1572 event type-event status-publish has-post-thumbnail hentry\" data-id=\"1572\">\r\n\t\t<div class=\"w-grid-item-h\">\r\n\t\t\t\t\t\t<div class=\"w-hwrapper usg_hwrapper_1 align_left valign_middle\" style=\"--hwrapper-gap:1.20rem\"><div class=\"w-vwrapper usg_vwrapper_1 fecha align_right valign_top\" style=\"--vwrapper-gap:0.3rem\"><div class=\"w-post-elm post_custom_field usg_post_custom_field_2 type_text fecha\"><span class=\"w-post-elm-value\">26\/02<\/span><\/div><div class=\"w-post-elm post_custom_field usg_post_custom_field_3 type_text hora\"><span class=\"w-post-elm-value\">9:00 pm<\/span><\/div><\/div><div class=\"w-vwrapper usg_vwrapper_2 align_none valign_top\"><span class=\"w-post-elm post_title usg_post_title_1 has_text_color entry-title\"><a href=\"https:\/\/ficc.ar\/buenosaires2023\/eventos\/concierto-de-cierre-de-kumbia-queers\/\">Concierto de cierre de \u00abKumbia Queers\u00bb<\/a><\/span><a class=\"w-btn us-btn-style_1 usg_btn_1\" href=\"https:\/\/ficc.ar\/buenosaires2023\/eventos\/concierto-de-cierre-de-kumbia-queers\/\"><span class=\"w-btn-label\">Ver m\u00e1s<\/span><\/a><\/div><\/div>\t\t<\/div>\r\n\t<\/article>\r\n<\/div><div class=\"w-grid-preloader\"><div class=\"g-preloader type_1\">\r\n\t<div><\/div>\r\n<\/div>\r\n<\/div>\t<div class=\"w-grid-json hidden\" onclick='return {&quot;action&quot;:&quot;us_ajax_grid&quot;,&quot;ajax_url&quot;:&quot;https:\\\/\\\/ficc.ar\\\/buenosaires2023\\\/wp-admin\\\/admin-ajax.php&quot;,&quot;infinite_scroll&quot;:0,&quot;max_num_pages&quot;:1,&quot;pagination&quot;:&quot;none&quot;,&quot;permalink_url&quot;:&quot;https:\\\/\\\/ficc.ar\\\/buenosaires2023\\\/wp-json\\\/wp\\\/v2\\\/pages\\\/12&quot;,&quot;template_vars&quot;:{&quot;columns&quot;:&quot;2&quot;,&quot;exclude_items&quot;:&quot;none&quot;,&quot;img_size&quot;:&quot;default&quot;,&quot;ignore_items_size&quot;:0,&quot;items_layout&quot;:&quot;284&quot;,&quot;items_offset&quot;:&quot;1&quot;,&quot;load_animation&quot;:&quot;none&quot;,&quot;overriding_link&quot;:&quot;none&quot;,&quot;post_id&quot;:0,&quot;query_args&quot;:{&quot;post_type&quot;:[&quot;event&quot;],&quot;post_status&quot;:[&quot;publish&quot;,&quot;acf-disabled&quot;],&quot;posts_per_page&quot;:&quot;15&quot;},&quot;orderby_query_args&quot;:{&quot;meta_query&quot;:{&quot;_orderby_custom_&quot;:{&quot;relation&quot;:&quot;OR&quot;,&quot;0&quot;:{&quot;compare&quot;:&quot;EXISTS&quot;,&quot;key&quot;:&quot;Fecha&quot;,&quot;type&quot;:&quot;CHAR&quot;},&quot;1&quot;:{&quot;compare&quot;:&quot;NOT EXISTS&quot;,&quot;key&quot;:&quot;Fecha&quot;,&quot;type&quot;:&quot;CHAR&quot;}}},&quot;orderby&quot;:&quot;Fecha&quot;,&quot;order&quot;:&quot;ASC&quot;},&quot;type&quot;:&quot;grid&quot;,&quot;us_grid_ajax_index&quot;:5,&quot;us_grid_filter_params&quot;:null,&quot;us_grid_index&quot;:5,&quot;_us_grid_post_type&quot;:&quot;event&quot;,&quot;page_args&quot;:[]}}'><\/div>\r\n\t<\/div><\/div><\/div><\/div><\/div><\/div><\/section><section class=\"l-section wpb_row height_medium color_alternate\" id=\"grilla\"><div class=\"l-section-h i-cf\"><div class=\"g-cols vc_row via_flex valign_top type_default stacking_default\"><div class=\"vc_col-sm-12 wpb_column vc_column_container\"><div class=\"vc_column-inner\"><div class=\"wpb_wrapper\">[vc_custom_heading text=&#8221;Grilla&#8221; font_container=&#8221;tag:h2|text_align:center|color:%23ffffff&#8221; use_theme_fonts=&#8221;yes&#8221;]<div class=\"w-tabs us_custom_8d072415 style_default switch_click accordion has_scrolling\" style=\"--sections-title-size:inherit\"><div class=\"w-tabs-sections titles-align_none icon_chevron cpos_right\"><div class=\"w-tabs-section\" id=\"re98\"><button class=\"w-tabs-section-header\" aria-controls=\"content-re98\" aria-expanded=\"false\"><div class=\"w-tabs-section-title\">Mi\u00e9rcoles 15 de febrero<\/div><div class=\"w-tabs-section-control\"><\/div><\/button><div  class=\"w-tabs-section-content us_custom_14fc538c\" id=\"content-re98\"><div class=\"w-tabs-section-content-h i-cf\"><div class=\"wpb_text_column us_custom_f66186cf\"><div class=\"wpb_wrapper\"><p><a href=\"https:\/\/ficc.ar\/buenosaires2023\/sedes\/casa-nacional-del-bicentenario\/\"><strong>Casa Nacional del Bicentenario<\/strong><\/a><br \/>\nRiobamba 985, CABA<\/p>\n<p><strong>ENTRADA GRATUITA<br \/>\n18h <\/strong>&#8211; <strong>Lanzamiento FICC &#8211; Festival Internacional Cinecann\u00e1bico &#8211; 3\u00ba Edici\u00f3n Buenos Aires<\/strong><\/p>\n<p><b>Exposici\u00f3n de cuadros de Muriel Fuentes Palma<\/b><span style=\"font-weight: 400;\">, artista pl\u00e1stica chilena.<\/span><\/p>\n<p><strong>Concierto de &#8220;<\/strong><b>REC\u00d3RCHOLIS!&#8221;<br \/>\n<\/b><\/p>\n<p><span style=\"font-weight: 400;\">La banda se compone de Ignacio Lois en bajo, Francisco Huici en saxos el\u00e9ctricos y Pablo Gonz\u00e1lez en bater\u00eda y percusi\u00f3n. <\/span><span style=\"font-weight: 400;\">La formaci\u00f3n se completa con Fernando Molina en la manipulaci\u00f3n de proyecciones. <\/span><b><\/b><\/p>\n<p>Evento solo apto para mayores de 18 a\u00f1os<\/p>\n<p><strong>20h Proyecciones:<\/strong><\/p>\n<ul>\n<li><a href=\"https:\/\/ficc.ar\/buenosaires2023\/films\/glitters-wild-women\/\"><strong>Glitter\u00b4s wild woman<\/strong><\/a> de <span class=\"w-post-elm-value\">Roney, Canad\u00e1, 2018 &#8211; Ficci\u00f3n- 13 min.<\/span><\/li>\n<li><a href=\"https:\/\/ficc.ar\/buenosaires2023\/films\/mi-mundo-con-monstruos\/\"><strong>Mi mundito con Monstruos<\/strong> <\/a>de Fernando Gallucci, Argentina 2022 &#8211; Ficci\u00f3n 8 min<\/li>\n<li><a href=\"https:\/\/ficc.ar\/buenosaires2023\/films\/mateina\/\"><strong>Mate\u00edna<\/strong><\/a> de Pablo Abdala, Joaqu\u00edn Pe\u00f1agaricano, Uruguay 2021 &#8211; Ficci\u00f3n 82 min<\/li>\n<\/ul>\n<\/div><\/div><\/div><\/div><\/div><div class=\"w-tabs-section\" id=\"s0da\"><button class=\"w-tabs-section-header\" aria-controls=\"content-s0da\" aria-expanded=\"false\"><div class=\"w-tabs-section-title\">Jueves 16 de febrero<\/div><div class=\"w-tabs-section-control\"><\/div><\/button><div  class=\"w-tabs-section-content\" id=\"content-s0da\"><div class=\"w-tabs-section-content-h i-cf\"><div class=\"wpb_text_column us_custom_f66186cf\"><div class=\"wpb_wrapper\"><p><a href=\"https:\/\/ficc.ar\/buenosaires2023\/sedes\/casa-nacional-del-bicentenario\/\"><strong>Casa Nacional del Bicentenario<\/strong><\/a><br \/>\nRiobamba 985, CABA<\/p>\n<p><strong>ENTRADA GRATUITA<br \/>\n<\/strong><\/p>\n<p><strong>18h Proyecciones:<\/strong><\/p>\n<ul>\n<li><a href=\"https:\/\/ficc.ar\/buenosaires2023\/films\/psilocybe-la-ciencia-de-la-mistica\/\"><strong>Psilocybe la Ciencia de la M\u00edstica<\/strong><\/a> de Alejandro Calder\u00f3n<br \/>\nColombia 2021 &#8211; Documental 30 min<\/li>\n<li><a href=\"https:\/\/ficc.ar\/buenosaires2023\/films\/the-song-that-calls-you-home\/\"><strong>The Song That Calls You Home<\/strong><\/a> de Luis Robledo y Vanni Mangoni<br \/>\nEstados Unidos 2020 \u2013 Documental 72 min<\/li>\n<\/ul>\n<p><strong>20h Proyecciones:<\/strong><\/p>\n<ul>\n<li><a href=\"https:\/\/ficc.ar\/buenosaires2023\/films\/a-nova-fome-album-visual\/\"><strong>A Nova Fome &#8211; \u00c1lbum Visual<\/strong><\/a> de Seu Barbosa<br \/>\nBrasil 2022 &#8211; Videoclip 8 min<\/li>\n<li><a href=\"https:\/\/ficc.ar\/buenosaires2023\/films\/maquinaciones\/\"><strong>Maquinaciones<\/strong> <\/a>de Diego Pe\u00f1a<br \/>\nUruguay 2018 &#8211; Ficci\u00f3n 7 min<\/li>\n<li><a href=\"https:\/\/ficc.ar\/buenosaires2023\/films\/benjamim-zambraia-e-o-autopanoptico\/\"><strong>Benjamim Zambraia e o Autopan\u00f3ptico<\/strong><\/a> de Felipe Cataldo<br \/>\nBrasil 2020 &#8211; Ficci\u00f3n 72 min<\/li>\n<\/ul>\n<\/div><\/div><\/div><\/div><\/div><div class=\"w-tabs-section\" id=\"k2e7\"><button class=\"w-tabs-section-header\" aria-controls=\"content-k2e7\" aria-expanded=\"false\"><div class=\"w-tabs-section-title\">Viernes 17 de febrero<\/div><div class=\"w-tabs-section-control\"><\/div><\/button><div  class=\"w-tabs-section-content\" id=\"content-k2e7\"><div class=\"w-tabs-section-content-h i-cf\"><div class=\"wpb_text_column us_custom_f66186cf\"><div class=\"wpb_wrapper\"><p><a href=\"https:\/\/ficc.ar\/buenosaires2023\/sedes\/casa-nacional-del-bicentenario\/\"><strong>Casa Nacional del Bicentenario<\/strong><\/a><br \/>\nRiobamba 985, CABA<\/p>\n<p><strong>ENTRADA GRATUITA<br \/>\n<\/strong><\/p>\n<p><strong>18h Proyecciones:<\/strong><\/p>\n<ul>\n<li><a href=\"https:\/\/ficc.ar\/buenosaires2023\/films\/cartas-de-una-pandemia-carta-2\/\"><strong>Cartas de una pandemia &#8211; Carta 2<\/strong> <\/a>de Il\u00e9n Juambeltz<br \/>\nUruguay 2020 &#8211; Documental 13 min<\/li>\n<li><a href=\"https:\/\/ficc.ar\/buenosaires2023\/films\/reality-must-be-addressed\/\"><strong>Reality Must Be Addressed<\/strong><\/a> de Johanna Seggelke<br \/>\nAlemania 2021 \u2013 Documental 53 min<\/li>\n<\/ul>\n<p><strong>20h Proyecciones:<\/strong><\/p>\n<ul>\n<li><a href=\"https:\/\/ficc.ar\/buenosaires2023\/films\/t-e-g\/\"><strong>T.E.G.<\/strong> <\/a>de Emiliano Aybar<br \/>\nArgentina 2021 &#8211; Ficci\u00f3n 2 min<\/li>\n<li><a href=\"https:\/\/ficc.ar\/buenosaires2023\/films\/coping\/\"><strong>Coping<\/strong><\/a> de Vivien Forsans<br \/>\nCanad\u00e1 2019 &#8211; Animaci\u00f3n 2 min<\/li>\n<li><a href=\"https:\/\/ficc.ar\/buenosaires2023\/films\/lunaticos\/\"><strong>Lun\u00e1ticos<\/strong> <\/a>de Mart\u00edn Salinas<br \/>\nUruguay, Argentina y M\u00e9xico 2022 &#8211; Ficci\u00f3n 98 min<\/li>\n<\/ul>\n<\/div><\/div><\/div><\/div><\/div><div class=\"w-tabs-section\" id=\"r538\"><button class=\"w-tabs-section-header\" aria-controls=\"content-r538\" aria-expanded=\"false\"><div class=\"w-tabs-section-title\">S\u00e1bado 18 de febrero<\/div><div class=\"w-tabs-section-control\"><\/div><\/button><div  class=\"w-tabs-section-content\" id=\"content-r538\"><div class=\"w-tabs-section-content-h i-cf\"><div class=\"wpb_text_column us_custom_f66186cf\"><div class=\"wpb_wrapper\"><p><a href=\"https:\/\/ficc.ar\/buenosaires2023\/sedes\/casa-nacional-del-bicentenario\/\"><strong>Casa Nacional del Bicentenario<\/strong><\/a><br \/>\nRiobamba 985, CABA<\/p>\n<p><strong>ENTRADA GRATUITA<br \/>\n<\/strong><\/p>\n<p><strong>16h <a href=\"https:\/\/ficc.ar\/buenosaires2023\/eventos\/arte-cannabis\/\">JORNADA DE ARTE: arte y cannabis<\/a><br \/>\n<\/strong>Exposiciones, conciertos y artistas invitadxs<\/p>\n<p><strong>18h Proyecciones:<\/strong><\/p>\n<ul>\n<li><a href=\"https:\/\/ficc.ar\/buenosaires2023\/films\/let-the-weed-burn\/\"><strong>Let the weed burn<\/strong><\/a> de Chawki Kosseifi<br \/>\nL\u00edbano 2022 \u2013 Videoclip 5 min<\/li>\n<li><a href=\"https:\/\/ficc.ar\/buenosaires2023\/films\/espiritu-inquieto\/\"><strong>Esp\u00edritu Inquieto<\/strong><\/a> de Eli-u Pena y Mat\u00edas Guerrero<br \/>\nUruguay 2019 &#8211; Documental 82 min<\/li>\n<\/ul>\n<p><strong>19.30 h.<\/strong><\/p>\n<p><b>Concierto de Eli-u Pena<\/b>\u00a0m\u00fasica, compositora, cantante y productora\u00a0 uruguaya.<\/p>\n<p><strong>20h Proyecciones:<\/strong><\/p>\n<ul>\n<li><a href=\"https:\/\/ficc.ar\/buenosaires2023\/films\/reservoir-dogs\/\"><strong>Reservoir Dogs<\/strong><\/a> de Joaqu\u00edn Follador<br \/>\nArgentina 2022 &#8211; Animaci\u00f3n 4 min<\/li>\n<li><a href=\"https:\/\/ficc.ar\/buenosaires2023\/films\/fosforos-mojados\/\"><strong>F\u00f3sforos Mojados<\/strong><\/a> de Sebasti\u00e1n Duque<br \/>\nColombia 2021 \u2013 Ficci\u00f3n 98 min<\/li>\n<\/ul>\n<\/div><\/div><\/div><\/div><\/div><div class=\"w-tabs-section\" id=\"u72a\"><button class=\"w-tabs-section-header\" aria-controls=\"content-u72a\" aria-expanded=\"false\"><div class=\"w-tabs-section-title\">Domingo 19 de febrero<\/div><div class=\"w-tabs-section-control\"><\/div><\/button><div  class=\"w-tabs-section-content\" id=\"content-u72a\"><div class=\"w-tabs-section-content-h i-cf\"><div class=\"wpb_text_column us_custom_f66186cf\"><div class=\"wpb_wrapper\"><p><a href=\"https:\/\/ficc.ar\/buenosaires2023\/sedes\/casa-nacional-del-bicentenario\/\"><strong>Casa Nacional del Bicentenario<\/strong><\/a><br \/>\nRiobamba 985, CABA<\/p>\n<p><strong>ENTRADA GRATUITA<\/strong><\/p>\n<p><strong>18h Proyecciones:<\/strong><\/p>\n<ul>\n<li><a href=\"https:\/\/ficc.ar\/buenosaires2023\/films\/o-que-sabemos-e-uma-gota\/\"><strong>O que sabemos \u00e9 uma gota<\/strong><\/a> de Daniel Berberick<br \/>\nBrasil 2020 &#8211; Ficci\u00f3n 2 min<\/li>\n<li><a href=\"https:\/\/ficc.ar\/buenosaires2023\/films\/go-heal-yourself\/\"><strong>Go Heal Yourself<\/strong> <\/a>de Yasmin Rams<br \/>\nAlemania 2021 \u2013 Documental 105 min<\/li>\n<\/ul>\n<p><strong>19h. <\/strong>Mam\u00e1 Cultiva Argentina nos brindar\u00e1 una charla sobre \u00abAutogesti\u00f3n de la salud\u00bb al t\u00e9rmino de\u00a0 la pel\u00edcula\u00a0 \u00abGo heal yourself\u00bb de Yasmin Rams<\/p>\n<p><strong>20h Proyecciones:<\/strong><\/p>\n<ul>\n<li><a href=\"https:\/\/ficc.ar\/buenosaires2023\/films\/longline\/\"><strong>Longline<\/strong><\/a> de Kelly Hughes<br \/>\nEstados Unidos 2022 &#8211; Videoclip 4:20 min<\/li>\n<li><a href=\"https:\/\/ficc.ar\/buenosaires2023\/films\/las-cosas-donde-ya-no-estaban\/\"><strong>Las cosas donde ya no estaban<\/strong><\/a> de Fabio Vallareli<br \/>\nArgentina 2021 \u2013 Ficci\u00f3n 73 min<\/li>\n<\/ul>\n<\/div><\/div><\/div><\/div><\/div><div class=\"w-tabs-section\" id=\"z944\"><button class=\"w-tabs-section-header\" aria-controls=\"content-z944\" aria-expanded=\"false\"><div class=\"w-tabs-section-title\">Mi\u00e9rcoles 22 de febrero<\/div><div class=\"w-tabs-section-control\"><\/div><\/button><div  class=\"w-tabs-section-content\" id=\"content-z944\"><div class=\"w-tabs-section-content-h i-cf\"><div class=\"wpb_text_column us_custom_f66186cf\"><div class=\"wpb_wrapper\"><p><a href=\"https:\/\/ficc.ar\/buenosaires2023\/sedes\/complejo-historico-cultural-manzana-de-las-luces-2\/\"><strong>Complejo Hist\u00f3rico Cultural Manzana de las Luces<\/strong><\/a><br \/>\nPer\u00fa 272, CABA<\/p>\n<p><strong>ENTRADA GRATUITA<\/strong><\/p>\n<p><strong>18h \/ Actividades paralelas: <a href=\"https:\/\/ficc.ar\/buenosaires2023\/eventos\/gastronomia-cannabis\/\">Gastronom\u00eda y Cannabis<\/a><br \/>\n<\/strong><\/p>\n<p>Taller, experiencia y degustaci\u00f3n<\/p>\n<p><a href=\"https:\/\/ficc.ar\/buenosaires2023\/sedes\/complejo-historico-cultural-manzana-de-las-luces\/\"><strong>Complejo Hist\u00f3rico Cultural Manzana de las Luces<\/strong><\/a><br \/>\nPer\u00fa 222, CABA<\/p>\n<p><strong>ENTRADA GRATUITA<\/strong><\/p>\n<p><strong>20h Proyecciones:<\/strong><\/p>\n<ul>\n<li><a href=\"https:\/\/ficc.ar\/buenosaires2023\/films\/hemp-fibre-lab\/\"><strong>Hemp Fibre Lab<\/strong><\/a> de Marcel Favery<br \/>\nPortugal y Brasil 2021 &#8211; Documental 5 min<\/li>\n<li><a href=\"https:\/\/ficc.ar\/buenosaires2023\/films\/tending-the-garden\/\"><strong>Tending the garden<\/strong> <\/a>de Claire Weissbluth y Jesse Dodd<br \/>\nEstados Unidos 2022 &#8211; Documental 25 min<\/li>\n<li><a href=\"https:\/\/ficc.ar\/buenosaires2023\/films\/la-danza-del-cocuy\/\"><strong>La Danza del Cocuy<\/strong><\/a> de Gabriela Fuentes y Yuruani Rodr\u00edguez<br \/>\nVenezuela 2022 &#8211; Documental 63 min<\/li>\n<\/ul>\n<\/div><\/div><\/div><\/div><\/div><div class=\"w-tabs-section\" id=\"zb7e\"><button class=\"w-tabs-section-header\" aria-controls=\"content-zb7e\" aria-expanded=\"false\"><div class=\"w-tabs-section-title\">Jueves 23 de febrero<\/div><div class=\"w-tabs-section-control\"><\/div><\/button><div  class=\"w-tabs-section-content\" id=\"content-zb7e\"><div class=\"w-tabs-section-content-h i-cf\"><div class=\"wpb_text_column us_custom_f66186cf\"><div class=\"wpb_wrapper\"><p><a href=\"https:\/\/ficc.ar\/buenosaires2023\/sedes\/complejo-historico-cultural-manzana-de-las-luces-2\/\"><strong>Complejo Hist\u00f3rico Cultural Manzana de las Luces<\/strong><\/a><br \/>\nPer\u00fa 272, CABA<\/p>\n<p><strong>ENTRADA GRATUITA<\/strong><\/p>\n<p><strong>18h \/ Actividades paralelas: <a href=\"https:\/\/ficc.ar\/buenosaires2023\/eventos\/acceso-uniiversal-cannabis\/\">Conversatorio: CANNABIS, DROGAS Y DERECHOS HUMANOS<\/a><br \/>\n<\/strong><\/p>\n<p>Organizaciones sociales. La experiencia en Jujuy.<\/p>\n<p><a href=\"https:\/\/ficc.ar\/buenosaires2023\/sedes\/complejo-historico-cultural-manzana-de-las-luces\/\"><strong>Complejo Hist\u00f3rico Cultural Manzana de las Luces<\/strong><\/a><br \/>\nPer\u00fa 222, CABA<\/p>\n<p><strong>ENTRADA GRATUITA<\/strong><\/p>\n<p><strong>20h Proyecciones:<\/strong><\/p>\n<ul>\n<li><a href=\"https:\/\/ficc.ar\/buenosaires2023\/films\/should-i-say-that-i-use-other-drugs\/\"><strong>Should I say that I use other drugs?<\/strong> <\/a>de Dana Bonilla y Ra\u00fal Lescano, Per\u00fa 2021 &#8211; Documental 5 min<\/li>\n<li><a href=\"https:\/\/ficc.ar\/buenosaires2023\/films\/juntando-as-pontas\/\"><strong>Juntando as pontas<\/strong><\/a> de Mat\u00edas Maxx y Felipe Larozza<br \/>\nBrasil 2022 \u2013 Documental 12 min<\/li>\n<li><a href=\"https:\/\/ficc.ar\/buenosaires2023\/films\/eu-no-me-calo\/\"><strong>Eu n\u00e3o me calo<\/strong><\/a> de Dellani Lima, K\u00e1tia Caliendo, Rafael Morato Zanatto, Brasil 2022 \u2013 Documental 71 min<\/li>\n<\/ul>\n<p>&nbsp;<\/p>\n<ul>\n<li><strong>22.30 h <a href=\"https:\/\/ficc.ar\/buenosaires2023\/eventos\/fiesta-del-ficc\/\">Fiesta del FICC<\/a><\/strong><br \/>\nVen\u00ed a\u00a0 disfrutar de m\u00fasica y tragos en &#8220;Cave Canem Bar&#8221; Chile 308<\/li>\n<\/ul>\n<\/div><\/div><\/div><\/div><\/div><div class=\"w-tabs-section\" id=\"bdc2\"><button class=\"w-tabs-section-header\" aria-controls=\"content-bdc2\" aria-expanded=\"false\"><div class=\"w-tabs-section-title\">Viernes 24 de febrero<\/div><div class=\"w-tabs-section-control\"><\/div><\/button><div  class=\"w-tabs-section-content\" id=\"content-bdc2\"><div class=\"w-tabs-section-content-h i-cf\"><div class=\"wpb_text_column us_custom_f66186cf\"><div class=\"wpb_wrapper\"><p><a href=\"https:\/\/ficc.ar\/buenosaires2023\/sedes\/complejo-historico-cultural-manzana-de-las-luces-2\/\"><strong>Complejo Hist\u00f3rico Cultural Manzana de las Luces<\/strong><\/a><br \/>\nPer\u00fa 272, CABA<\/p>\n<p><strong>ENTRADA GRATUITA<\/strong><\/p>\n<p><strong>18h \/ Actividades paralelas: <a href=\"https:\/\/ficc.ar\/buenosaires2023\/eventos\/entrega-de-premios\/\">Talleres de Cultivo<\/a><br \/>\n<\/strong><\/p>\n<p>Con el auspicio de\u00a0<a href=\"https:\/\/bellavitacultivos.com\/\">Bellavita Cultivos<\/a><\/p>\n<p>\u00abTaller de Cultivo Interior\u00bb A cargo de Ing. Agr\u00f3nomo Rodrigo Maltz, director de<a href=\"https:\/\/www.instagram.com\/ingeniero.cannabico\/?hl=es\">\u00abIngeniero cann\u00e1bico\u00bb<\/a><\/p>\n<p>\u00abTaller de Cultivo Exterior\u00bb A cargo de\u00a0<a href=\"https:\/\/pinitoorganico.com.ar\/\">Pinito Org\u00e1nico<\/a>, productores de bioinsumos para cultivo org\u00e1nico.<\/p>\n<p><a href=\"https:\/\/ficc.ar\/buenosaires2023\/sedes\/complejo-historico-cultural-manzana-de-las-luces\/\"><strong>Complejo Hist\u00f3rico Cultural Manzana de las Luces<\/strong><\/a><br \/>\nPer\u00fa 222, CABA<\/p>\n<p><strong>ENTRADA GRATUITA<\/strong><\/p>\n<p><strong>20h Proyecciones:<\/strong><\/p>\n<ul>\n<li><a href=\"https:\/\/ficc.ar\/buenosaires2023\/films\/cronico\/\"><strong>Cr\u00f3nico<\/strong> <\/a>de Claudia Calder\u00f3n, Puerto Rico 2022 &#8211; Animaci\u00f3n 3 min<\/li>\n<li><a href=\"https:\/\/ficc.ar\/buenosaires2023\/films\/digidope-stoned-free\/\"><strong>Digidope: stoned free<\/strong><\/a> de Wolfgang Herbst<br \/>\nAustria 2018 &#8211; Animaci\u00f3n 3 min<\/li>\n<li><a href=\"https:\/\/ficc.ar\/buenosaires2023\/films\/trimmigrants\/\"><strong>Trimmigrants<\/strong><\/a> de Gustavo Anselmi y David Kohan<br \/>\nArgentina 2022 &#8211; Documental 75 min<\/li>\n<\/ul>\n<\/div><\/div><\/div><\/div><\/div><div class=\"w-tabs-section\" id=\"mf45\"><button class=\"w-tabs-section-header\" aria-controls=\"content-mf45\" aria-expanded=\"false\"><div class=\"w-tabs-section-title\">S\u00e1bado 25 de febrero<\/div><div class=\"w-tabs-section-control\"><\/div><\/button><div  class=\"w-tabs-section-content\" id=\"content-mf45\"><div class=\"w-tabs-section-content-h i-cf\"><div class=\"wpb_text_column us_custom_f66186cf\"><div class=\"wpb_wrapper\"><p><a href=\"https:\/\/ficc.ar\/buenosaires2023\/sedes\/complejo-historico-cultural-manzana-de-las-luces\/\"><strong>Complejo Hist\u00f3rico Cultural Manzana de las Luces<\/strong><\/a><br \/>\nPer\u00fa 222, CABA<\/p>\n<p><strong>ENTRADA GRATUITA<\/strong><\/p>\n<p><strong>20h Proyecciones:<\/strong><\/p>\n<ul>\n<li><a href=\"https:\/\/ficc.ar\/buenosaires2023\/films\/dignidad-asintomatica\/\"><strong>Dignidad asintoma\u0301tica<\/strong><\/a> de Ile\u0301n Juambeltz<br \/>\nUruguay 2020 &#8211; Ficcio\u0301n 5 min<\/li>\n<li><a href=\"https:\/\/ficc.ar\/buenosaires2023\/films\/glitters-wild-women\/\"><strong>Glitter&#8217;s wild women<\/strong><\/a> de Roney<br \/>\nCanad\u00e1 2018 &#8211; Ficci\u00f3n 13 min<\/li>\n<li><a href=\"https:\/\/ficc.ar\/buenosaires2023\/films\/la-uruguaya\/\"><strong>La uruguaya<\/strong><\/a> de Ana Garc\u00eda Blaya<br \/>\nArgentina- Uruguay 2022 \u2013 Ficci\u00f3n 78 min<\/li>\n<\/ul>\n<\/div><\/div><\/div><\/div><\/div><div class=\"w-tabs-section\" id=\"x072\"><button class=\"w-tabs-section-header\" aria-controls=\"content-x072\" aria-expanded=\"false\"><div class=\"w-tabs-section-title\">Domingo 26 de febrero<\/div><div class=\"w-tabs-section-control\"><\/div><\/button><div  class=\"w-tabs-section-content\" id=\"content-x072\"><div class=\"w-tabs-section-content-h i-cf\"><div class=\"wpb_text_column us_custom_f66186cf\"><div class=\"wpb_wrapper\"><p><a href=\"https:\/\/ficc.ar\/buenosaires2023\/sedes\/complejo-historico-cultural-manzana-de-las-luces\/\"><strong>Complejo Hist\u00f3rico Cultural Manzana de las Luces<\/strong><\/a><br \/>\nPer\u00fa 222, CABA<\/p>\n<p><strong>20h CLAUSURA FICC <\/strong><br \/>\nEntrega de premios<br \/>\nBrindis<\/p>\n<p><strong>21h Concierto cierre del FICC Baires 2023 con las &#8220;Kumbia Queers&#8221;<br \/>\n<\/strong><\/p>\n<p>&nbsp;<\/p>\n<p><strong>ENTRADA GRATUITA<\/strong><\/p>\n<\/div><\/div><\/div><\/div><\/div><\/div><\/div><div class=\"w-separator size_medium\" id=\"ha97\"><style>@media(max-width:1024px){ #ha97{height:2rem!important}}@media(max-width:600px){ #ha97{height:2rem!important}}<\/style><\/div>[vc_custom_heading text=&#8221;Grilla&#8221; font_container=&#8221;tag:h2|text_align:center&#8221; use_theme_fonts=&#8221;yes&#8221; css=&#8221;%7B%22default%22%3A%7B%22color%22%3A%22%23ffffff%22%7D%7D&#8221;]<div class=\"wpb_text_column us_custom_6df4bc3a has_text_color\"><div class=\"wpb_wrapper\"><p>-GRILLA (<a href=\"https:\/\/drive.google.com\/file\/d\/1z9hYuXKnJv9USLxlxNR5hjRX4io-S0WC\/view?usp=share_link\">descarga PDF<\/a>)<\/p>\n<\/div><\/div><\/div><\/div><\/div><\/div><\/div><\/section><section class=\"l-section wpb_row height_medium\" id=\"catalogo\"><div class=\"l-section-h i-cf\"><div class=\"g-cols vc_row via_flex valign_top type_default stacking_default\"><div class=\"vc_col-sm-12 wpb_column vc_column_container\"><div class=\"vc_column-inner\"><div class=\"wpb_wrapper\">[vc_custom_heading text=&#8221;Cat\u00e1logo&#8221; font_container=&#8221;tag:h2|text_align:center&#8221; use_theme_fonts=&#8221;yes&#8221;]<div class=\"wpb_text_column\"><div class=\"wpb_wrapper\"><p>-CAT\u00c1LOGO (<a href=\"https:\/\/drive.google.com\/file\/d\/1IKxVmFDbm010jqER7gn1UKobzjk7bBoi\/view?usp=share_link\">descarga<\/a>)<\/p>\n<\/div><\/div><\/div><\/div><\/div><\/div><\/div><\/section><section class=\"l-section wpb_row height_medium\" id=\"premios\"><div class=\"l-section-h i-cf\"><div class=\"g-cols vc_row via_flex valign_top type_default stacking_default\"><div class=\"vc_col-sm-12 wpb_column vc_column_container\"><div class=\"vc_column-inner\"><div class=\"wpb_wrapper\">[vc_custom_heading text=&#8221;Jurados&#8221; font_container=&#8221;tag:h2|text_align:center&#8221; use_theme_fonts=&#8221;yes&#8221;]<div class=\"wpb_text_column us_custom_a574d586 has_text_color\"><div class=\"wpb_wrapper\"><h2 style=\"text-align: center;\">Jurado &#8211; Competencia de Largometrajes Internacionales de Ficci\u00f3n<\/h2>\n<ul>\n<li><strong><strong>Estatuilla realizada\u00a0especialmente por la Artista Mar\u00eda Claudia Mart\u00ednez<\/strong><\/strong>\n<div class=\"wpb_text_column us_custom_a574d586 has_text_color\">\n<div class=\"wpb_wrapper\"><\/div>\n<\/div>\n<div id=\"us_grid_6\" class=\"w-grid type_grid layout_136 cols_3 popup_page\">\n<div class=\"w-grid-list\">\n<article class=\"w-grid-item size_1x1 post-877 juradxs type-juradxs status-publish has-post-thumbnail hentry\" data-id=\"877\">\n<div class=\"w-grid-item-h\"><\/div>\n<\/article>\n<\/div>\n<\/div>\n<\/li>\n<\/ul>\n<\/div><\/div><div class=\"w-grid type_grid layout_136 cols_3\" id=\"us_grid_6\" style=\"--gap:1.5rem;\"><style>@media (max-width:1024px){#us_grid_6 .w-grid-item{width:50%}}@media (max-width:600px){#us_grid_6 .w-grid-list{margin:0}#us_grid_6 .w-grid-item{width:100%;padding:0;margin-bottom:var(--gap,0px)}}.layout_136 .w-grid-item-h{}.layout_136 .usg_post_image_1{width:150px!important;margin-left:auto!important;margin-right:auto!important}.layout_136 .usg_post_title_1{text-align:center!important;margin-top:0.8rem!important}@media (min-width:1025px) and (max-width:1280px){.layout_136 .usg_post_image_1{width:150px!important}}@media (min-width:601px) and (max-width:1024px){.layout_136 .usg_post_image_1{width:150px!important}}@media (max-width:600px){.layout_136 .usg_post_image_1{width:70px!important}}<\/style><div class=\"w-grid-list\">\t<article class=\"w-grid-item size_1x1 post-1017 juradxs type-juradxs status-publish has-post-thumbnail hentry\" data-id=\"1017\">\r\n\t\t<div class=\"w-grid-item-h\">\r\n\t\t\t\t\t\t<div class=\"w-post-elm post_image usg_post_image_1 as_circle has_width has_ratio\"><div style=\"padding-bottom:100%\"><\/div><a href=\"https:\/\/ficc.ar\/buenosaires2023\/juradxs\/eva-dans\/\" aria-label=\"Roser Fort\"><img loading=\"lazy\" decoding=\"async\" width=\"300\" height=\"169\" src=\"https:\/\/ficc.ar\/buenosaires2023\/wp-content\/uploads\/sites\/14\/2022\/09\/roser-fort2-3-300x169.jpg\" class=\"attachment-medium size-medium wp-post-image\" alt=\"\" srcset=\"https:\/\/ficc.ar\/buenosaires2023\/wp-content\/uploads\/sites\/14\/2022\/09\/roser-fort2-3-300x169.jpg 300w, https:\/\/ficc.ar\/buenosaires2023\/wp-content\/uploads\/sites\/14\/2022\/09\/roser-fort2-3-1024x576.jpg 1024w\" sizes=\"auto, (max-width: 300px) 100vw, 300px\" \/><\/a><\/div><h4 class=\"w-post-elm post_title usg_post_title_1 align_center entry-title color_link_inherit\"><a href=\"https:\/\/ficc.ar\/buenosaires2023\/juradxs\/eva-dans\/\">Roser Fort<\/a><\/h4>\t\t<\/div>\r\n\t<\/article>\r\n\t<article class=\"w-grid-item size_1x1 post-1021 juradxs type-juradxs status-publish has-post-thumbnail hentry\" data-id=\"1021\">\r\n\t\t<div class=\"w-grid-item-h\">\r\n\t\t\t\t\t\t<div class=\"w-post-elm post_image usg_post_image_1 as_circle has_width has_ratio\"><div style=\"padding-bottom:100%\"><\/div><a href=\"https:\/\/ficc.ar\/buenosaires2023\/juradxs\/martin-castillo-fort\/\" aria-label=\"Diego Carriqueo\"><img loading=\"lazy\" decoding=\"async\" width=\"300\" height=\"199\" src=\"https:\/\/ficc.ar\/buenosaires2023\/wp-content\/uploads\/sites\/14\/2022\/09\/diego-1-300x199.jpg\" class=\"attachment-medium size-medium wp-post-image\" alt=\"\" srcset=\"https:\/\/ficc.ar\/buenosaires2023\/wp-content\/uploads\/sites\/14\/2022\/09\/diego-1-300x199.jpg 300w, https:\/\/ficc.ar\/buenosaires2023\/wp-content\/uploads\/sites\/14\/2022\/09\/diego-1-1024x681.jpg 1024w, https:\/\/ficc.ar\/buenosaires2023\/wp-content\/uploads\/sites\/14\/2022\/09\/diego-1.jpg 1625w\" sizes=\"auto, (max-width: 300px) 100vw, 300px\" \/><\/a><\/div><h4 class=\"w-post-elm post_title usg_post_title_1 align_center entry-title color_link_inherit\"><a href=\"https:\/\/ficc.ar\/buenosaires2023\/juradxs\/martin-castillo-fort\/\">Diego Carriqueo<\/a><\/h4>\t\t<\/div>\r\n\t<\/article>\r\n\t<article class=\"w-grid-item size_1x1 post-1019 juradxs type-juradxs status-publish has-post-thumbnail hentry\" data-id=\"1019\">\r\n\t\t<div class=\"w-grid-item-h\">\r\n\t\t\t\t\t\t<div class=\"w-post-elm post_image usg_post_image_1 as_circle has_width has_ratio\"><div style=\"padding-bottom:100%\"><\/div><a href=\"https:\/\/ficc.ar\/buenosaires2023\/juradxs\/ana-streitenberger\/\" aria-label=\"Nadia Marchione\"><img loading=\"lazy\" decoding=\"async\" width=\"300\" height=\"200\" src=\"https:\/\/ficc.ar\/buenosaires2023\/wp-content\/uploads\/sites\/14\/2022\/09\/Nadia-300x200.jpg\" class=\"attachment-medium size-medium wp-post-image\" alt=\"\" srcset=\"https:\/\/ficc.ar\/buenosaires2023\/wp-content\/uploads\/sites\/14\/2022\/09\/Nadia-300x200.jpg 300w, https:\/\/ficc.ar\/buenosaires2023\/wp-content\/uploads\/sites\/14\/2022\/09\/Nadia-1024x682.jpg 1024w, https:\/\/ficc.ar\/buenosaires2023\/wp-content\/uploads\/sites\/14\/2022\/09\/Nadia.jpg 1280w\" sizes=\"auto, (max-width: 300px) 100vw, 300px\" \/><\/a><\/div><h4 class=\"w-post-elm post_title usg_post_title_1 align_center entry-title color_link_inherit\"><a href=\"https:\/\/ficc.ar\/buenosaires2023\/juradxs\/ana-streitenberger\/\">Nadia Marchione<\/a><\/h4>\t\t<\/div>\r\n\t<\/article>\r\n<\/div><div class=\"w-grid-preloader\"><div class=\"g-preloader type_1\">\r\n\t<div><\/div>\r\n<\/div>\r\n<\/div>\t<div class=\"w-grid-json hidden\" onclick='return {&quot;action&quot;:&quot;us_ajax_grid&quot;,&quot;ajax_url&quot;:&quot;https:\\\/\\\/ficc.ar\\\/buenosaires2023\\\/wp-admin\\\/admin-ajax.php&quot;,&quot;infinite_scroll&quot;:0,&quot;max_num_pages&quot;:1,&quot;pagination&quot;:&quot;none&quot;,&quot;permalink_url&quot;:&quot;https:\\\/\\\/ficc.ar\\\/buenosaires2023\\\/wp-json\\\/wp\\\/v2\\\/pages\\\/12&quot;,&quot;template_vars&quot;:{&quot;columns&quot;:&quot;3&quot;,&quot;exclude_items&quot;:&quot;none&quot;,&quot;img_size&quot;:&quot;default&quot;,&quot;ignore_items_size&quot;:0,&quot;items_layout&quot;:&quot;136&quot;,&quot;items_offset&quot;:&quot;1&quot;,&quot;load_animation&quot;:&quot;none&quot;,&quot;overriding_link&quot;:&quot;none&quot;,&quot;post_id&quot;:0,&quot;query_args&quot;:{&quot;ignore_sticky_posts&quot;:1,&quot;post_type&quot;:&quot;any&quot;,&quot;post__in&quot;:[&quot;1017&quot;,&quot;1021&quot;,&quot;1019&quot;],&quot;posts_per_page&quot;:&quot;10&quot;},&quot;orderby_query_args&quot;:{&quot;orderby&quot;:{&quot;post__in&quot;:&quot;ASC&quot;},&quot;order&quot;:&quot;ASC&quot;},&quot;type&quot;:&quot;grid&quot;,&quot;us_grid_ajax_index&quot;:6,&quot;us_grid_filter_params&quot;:null,&quot;us_grid_index&quot;:6,&quot;_us_grid_post_type&quot;:&quot;ids&quot;,&quot;page_args&quot;:[]}}'><\/div>\r\n\t<\/div><div class=\"w-separator us_custom_8f4dd0d6 size_large\"><\/div><div class=\"wpb_text_column us_custom_a574d586 has_text_color\"><div class=\"wpb_wrapper\"><h2 style=\"text-align: center;\">Jurado &#8211; Competencia de Documentales Internacionales<\/h2>\n<ul>\n<li><strong><strong>Estatuilla realizada\u00a0especialmente por la Artista Mar\u00eda Claudia Mart\u00ednez<\/strong><\/strong>\n<div class=\"wpb_text_column us_custom_a574d586 has_text_color\">\n<div class=\"wpb_wrapper\"><\/div>\n<\/div>\n<div id=\"us_grid_6\" class=\"w-grid type_grid layout_136 cols_3 popup_page\">\n<div class=\"w-grid-list\">\n<article class=\"w-grid-item size_1x1 post-877 juradxs type-juradxs status-publish has-post-thumbnail hentry\" data-id=\"877\">\n<div class=\"w-grid-item-h\"><\/div>\n<\/article>\n<\/div>\n<\/div>\n<\/li>\n<\/ul>\n<\/div><\/div><div class=\"w-grid type_grid layout_136 cols_3\" id=\"us_grid_7\" style=\"--gap:1.5rem;\"><style>@media (max-width:1024px){#us_grid_7 .w-grid-item{width:50%}}@media (max-width:600px){#us_grid_7 .w-grid-list{margin:0}#us_grid_7 .w-grid-item{width:100%;padding:0;margin-bottom:var(--gap,0px)}}<\/style><div class=\"w-grid-list\">\t<article class=\"w-grid-item size_1x1 post-1023 juradxs type-juradxs status-publish has-post-thumbnail hentry\" data-id=\"1023\">\r\n\t\t<div class=\"w-grid-item-h\">\r\n\t\t\t\t\t\t<div class=\"w-post-elm post_image usg_post_image_1 as_circle has_width has_ratio\"><div style=\"padding-bottom:100%\"><\/div><a href=\"https:\/\/ficc.ar\/buenosaires2023\/juradxs\/helga-malave\/\" aria-label=\"Ricardo Casas\"><img loading=\"lazy\" decoding=\"async\" width=\"216\" height=\"300\" src=\"https:\/\/ficc.ar\/buenosaires2023\/wp-content\/uploads\/sites\/14\/2022\/09\/RicardoCasas-216x300.jpg\" class=\"attachment-medium size-medium wp-post-image\" alt=\"\" srcset=\"https:\/\/ficc.ar\/buenosaires2023\/wp-content\/uploads\/sites\/14\/2022\/09\/RicardoCasas-216x300.jpg 216w, https:\/\/ficc.ar\/buenosaires2023\/wp-content\/uploads\/sites\/14\/2022\/09\/RicardoCasas-736x1024.jpg 736w, https:\/\/ficc.ar\/buenosaires2023\/wp-content\/uploads\/sites\/14\/2022\/09\/RicardoCasas.jpg 1179w\" sizes=\"auto, (max-width: 216px) 100vw, 216px\" \/><\/a><\/div><h4 class=\"w-post-elm post_title usg_post_title_1 align_center entry-title color_link_inherit\"><a href=\"https:\/\/ficc.ar\/buenosaires2023\/juradxs\/helga-malave\/\">Ricardo Casas<\/a><\/h4>\t\t<\/div>\r\n\t<\/article>\r\n\t<article class=\"w-grid-item size_1x1 post-1027 juradxs type-juradxs status-publish has-post-thumbnail hentry\" data-id=\"1027\">\r\n\t\t<div class=\"w-grid-item-h\">\r\n\t\t\t\t\t\t<div class=\"w-post-elm post_image usg_post_image_1 as_circle has_width has_ratio\"><div style=\"padding-bottom:100%\"><\/div><a href=\"https:\/\/ficc.ar\/buenosaires2023\/juradxs\/gustavo-maia\/\" aria-label=\"Mar\u00eda Cabrejas\"><img loading=\"lazy\" decoding=\"async\" width=\"283\" height=\"300\" src=\"https:\/\/ficc.ar\/buenosaires2023\/wp-content\/uploads\/sites\/14\/2022\/09\/MariaCabrejas-283x300.jpg\" class=\"attachment-medium size-medium wp-post-image\" alt=\"\" srcset=\"https:\/\/ficc.ar\/buenosaires2023\/wp-content\/uploads\/sites\/14\/2022\/09\/MariaCabrejas-283x300.jpg 283w, https:\/\/ficc.ar\/buenosaires2023\/wp-content\/uploads\/sites\/14\/2022\/09\/MariaCabrejas-967x1024.jpg 967w\" sizes=\"auto, (max-width: 283px) 100vw, 283px\" \/><\/a><\/div><h4 class=\"w-post-elm post_title usg_post_title_1 align_center entry-title color_link_inherit\"><a href=\"https:\/\/ficc.ar\/buenosaires2023\/juradxs\/gustavo-maia\/\">Mar\u00eda Cabrejas<\/a><\/h4>\t\t<\/div>\r\n\t<\/article>\r\n\t<article class=\"w-grid-item size_1x1 post-1025 juradxs type-juradxs status-publish has-post-thumbnail hentry\" data-id=\"1025\">\r\n\t\t<div class=\"w-grid-item-h\">\r\n\t\t\t\t\t\t<div class=\"w-post-elm post_image usg_post_image_1 as_circle has_width has_ratio\"><div style=\"padding-bottom:100%\"><\/div><a href=\"https:\/\/ficc.ar\/buenosaires2023\/juradxs\/francesca-cassariego\/\" aria-label=\"Mart\u00edn Bertolone\"><img loading=\"lazy\" decoding=\"async\" width=\"300\" height=\"169\" src=\"https:\/\/ficc.ar\/buenosaires2023\/wp-content\/uploads\/sites\/14\/2022\/09\/Martin-300x169.jpeg\" class=\"attachment-medium size-medium wp-post-image\" alt=\"\" srcset=\"https:\/\/ficc.ar\/buenosaires2023\/wp-content\/uploads\/sites\/14\/2022\/09\/Martin-300x169.jpeg 300w, https:\/\/ficc.ar\/buenosaires2023\/wp-content\/uploads\/sites\/14\/2022\/09\/Martin-1024x576.jpeg 1024w, https:\/\/ficc.ar\/buenosaires2023\/wp-content\/uploads\/sites\/14\/2022\/09\/Martin.jpeg 1600w\" sizes=\"auto, (max-width: 300px) 100vw, 300px\" \/><\/a><\/div><h4 class=\"w-post-elm post_title usg_post_title_1 align_center entry-title color_link_inherit\"><a href=\"https:\/\/ficc.ar\/buenosaires2023\/juradxs\/francesca-cassariego\/\">Mart\u00edn Bertolone<\/a><\/h4>\t\t<\/div>\r\n\t<\/article>\r\n<\/div><div class=\"w-grid-preloader\"><div class=\"g-preloader type_1\">\r\n\t<div><\/div>\r\n<\/div>\r\n<\/div>\t<div class=\"w-grid-json hidden\" onclick='return {&quot;action&quot;:&quot;us_ajax_grid&quot;,&quot;ajax_url&quot;:&quot;https:\\\/\\\/ficc.ar\\\/buenosaires2023\\\/wp-admin\\\/admin-ajax.php&quot;,&quot;infinite_scroll&quot;:0,&quot;max_num_pages&quot;:1,&quot;pagination&quot;:&quot;none&quot;,&quot;permalink_url&quot;:&quot;https:\\\/\\\/ficc.ar\\\/buenosaires2023\\\/wp-json\\\/wp\\\/v2\\\/pages\\\/12&quot;,&quot;template_vars&quot;:{&quot;columns&quot;:&quot;3&quot;,&quot;exclude_items&quot;:&quot;none&quot;,&quot;img_size&quot;:&quot;default&quot;,&quot;ignore_items_size&quot;:0,&quot;items_layout&quot;:&quot;136&quot;,&quot;items_offset&quot;:&quot;1&quot;,&quot;load_animation&quot;:&quot;none&quot;,&quot;overriding_link&quot;:&quot;none&quot;,&quot;post_id&quot;:0,&quot;query_args&quot;:{&quot;ignore_sticky_posts&quot;:1,&quot;post_type&quot;:&quot;any&quot;,&quot;post__in&quot;:[&quot;1023&quot;,&quot;1027&quot;,&quot;1025&quot;],&quot;posts_per_page&quot;:&quot;10&quot;},&quot;orderby_query_args&quot;:{&quot;orderby&quot;:{&quot;post__in&quot;:&quot;ASC&quot;},&quot;order&quot;:&quot;ASC&quot;},&quot;type&quot;:&quot;grid&quot;,&quot;us_grid_ajax_index&quot;:7,&quot;us_grid_filter_params&quot;:null,&quot;us_grid_index&quot;:7,&quot;_us_grid_post_type&quot;:&quot;ids&quot;,&quot;page_args&quot;:[]}}'><\/div>\r\n\t<\/div><div class=\"w-separator us_custom_8f4dd0d6 size_large\"><\/div><div class=\"wpb_text_column us_custom_a574d586 has_text_color\"><div class=\"wpb_wrapper\"><h2 style=\"text-align: center;\">Jurado &#8211; Competencia de Cortometrajes Internacionales<\/h2>\n<ul>\n<li><strong>Estatuilla realizada\u00a0especialmente por la Artista Mar\u00eda Claudia Mart\u00ednez<\/strong><\/li>\n<\/ul>\n<\/div><\/div><div class=\"w-grid type_grid layout_136 cols_3\" id=\"us_grid_8\" style=\"--gap:1.5rem;\"><style>@media (max-width:1024px){#us_grid_8 .w-grid-item{width:50%}}@media (max-width:600px){#us_grid_8 .w-grid-list{margin:0}#us_grid_8 .w-grid-item{width:100%;padding:0;margin-bottom:var(--gap,0px)}}<\/style><div class=\"w-grid-list\">\t<article class=\"w-grid-item size_1x1 post-1029 juradxs type-juradxs status-publish has-post-thumbnail hentry\" data-id=\"1029\">\r\n\t\t<div class=\"w-grid-item-h\">\r\n\t\t\t\t\t\t<div class=\"w-post-elm post_image usg_post_image_1 as_circle has_width has_ratio\"><div style=\"padding-bottom:100%\"><\/div><a href=\"https:\/\/ficc.ar\/buenosaires2023\/juradxs\/pancho-magnou\/\" aria-label=\"Loreley Unamuno\"><img loading=\"lazy\" decoding=\"async\" width=\"300\" height=\"225\" src=\"https:\/\/ficc.ar\/buenosaires2023\/wp-content\/uploads\/sites\/14\/2022\/09\/Loreley-300x225.jpg\" class=\"attachment-medium size-medium wp-post-image\" alt=\"\" srcset=\"https:\/\/ficc.ar\/buenosaires2023\/wp-content\/uploads\/sites\/14\/2022\/09\/Loreley-300x225.jpg 300w, https:\/\/ficc.ar\/buenosaires2023\/wp-content\/uploads\/sites\/14\/2022\/09\/Loreley-1024x768.jpg 1024w, https:\/\/ficc.ar\/buenosaires2023\/wp-content\/uploads\/sites\/14\/2022\/09\/Loreley.jpg 1440w\" sizes=\"auto, (max-width: 300px) 100vw, 300px\" \/><\/a><\/div><h4 class=\"w-post-elm post_title usg_post_title_1 align_center entry-title color_link_inherit\"><a href=\"https:\/\/ficc.ar\/buenosaires2023\/juradxs\/pancho-magnou\/\">Loreley Unamuno<\/a><\/h4>\t\t<\/div>\r\n\t<\/article>\r\n\t<article class=\"w-grid-item size_1x1 post-1033 juradxs type-juradxs status-publish has-post-thumbnail hentry\" data-id=\"1033\">\r\n\t\t<div class=\"w-grid-item-h\">\r\n\t\t\t\t\t\t<div class=\"w-post-elm post_image usg_post_image_1 as_circle has_width has_ratio\"><div style=\"padding-bottom:100%\"><\/div><a href=\"https:\/\/ficc.ar\/buenosaires2023\/juradxs\/elisa-olivares-ordenes\/\" aria-label=\"Lui Sabino Jer\u00f3nimo Gazzaniga\"><img loading=\"lazy\" decoding=\"async\" width=\"300\" height=\"300\" src=\"https:\/\/ficc.ar\/buenosaires2023\/wp-content\/uploads\/sites\/14\/2022\/09\/sabino-_-JG-300x300.jpg\" class=\"attachment-medium size-medium wp-post-image\" alt=\"\" srcset=\"https:\/\/ficc.ar\/buenosaires2023\/wp-content\/uploads\/sites\/14\/2022\/09\/sabino-_-JG-300x300.jpg 300w, https:\/\/ficc.ar\/buenosaires2023\/wp-content\/uploads\/sites\/14\/2022\/09\/sabino-_-JG-150x150.jpg 150w, https:\/\/ficc.ar\/buenosaires2023\/wp-content\/uploads\/sites\/14\/2022\/09\/sabino-_-JG.jpg 640w\" sizes=\"auto, (max-width: 300px) 100vw, 300px\" \/><\/a><\/div><h4 class=\"w-post-elm post_title usg_post_title_1 align_center entry-title color_link_inherit\"><a href=\"https:\/\/ficc.ar\/buenosaires2023\/juradxs\/elisa-olivares-ordenes\/\">Lui Sabino Jer\u00f3nimo Gazzaniga<\/a><\/h4>\t\t<\/div>\r\n\t<\/article>\r\n\t<article class=\"w-grid-item size_1x1 post-1031 juradxs type-juradxs status-publish has-post-thumbnail hentry\" data-id=\"1031\">\r\n\t\t<div class=\"w-grid-item-h\">\r\n\t\t\t\t\t\t<div class=\"w-post-elm post_image usg_post_image_1 as_circle has_width has_ratio\"><div style=\"padding-bottom:100%\"><\/div><a href=\"https:\/\/ficc.ar\/buenosaires2023\/juradxs\/manuel-barbosa\/\" aria-label=\"Noor Daldoul\"><img loading=\"lazy\" decoding=\"async\" width=\"300\" height=\"300\" src=\"https:\/\/ficc.ar\/buenosaires2023\/wp-content\/uploads\/sites\/14\/2022\/09\/NOOR-300x300.jpg\" class=\"attachment-medium size-medium wp-post-image\" alt=\"\" srcset=\"https:\/\/ficc.ar\/buenosaires2023\/wp-content\/uploads\/sites\/14\/2022\/09\/NOOR-300x300.jpg 300w, https:\/\/ficc.ar\/buenosaires2023\/wp-content\/uploads\/sites\/14\/2022\/09\/NOOR-150x150.jpg 150w, https:\/\/ficc.ar\/buenosaires2023\/wp-content\/uploads\/sites\/14\/2022\/09\/NOOR.jpg 560w\" sizes=\"auto, (max-width: 300px) 100vw, 300px\" \/><\/a><\/div><h4 class=\"w-post-elm post_title usg_post_title_1 align_center entry-title color_link_inherit\"><a href=\"https:\/\/ficc.ar\/buenosaires2023\/juradxs\/manuel-barbosa\/\">Noor Daldoul<\/a><\/h4>\t\t<\/div>\r\n\t<\/article>\r\n<\/div><div class=\"w-grid-preloader\"><div class=\"g-preloader type_1\">\r\n\t<div><\/div>\r\n<\/div>\r\n<\/div>\t<div class=\"w-grid-json hidden\" onclick='return {&quot;action&quot;:&quot;us_ajax_grid&quot;,&quot;ajax_url&quot;:&quot;https:\\\/\\\/ficc.ar\\\/buenosaires2023\\\/wp-admin\\\/admin-ajax.php&quot;,&quot;infinite_scroll&quot;:0,&quot;max_num_pages&quot;:1,&quot;pagination&quot;:&quot;none&quot;,&quot;permalink_url&quot;:&quot;https:\\\/\\\/ficc.ar\\\/buenosaires2023\\\/wp-json\\\/wp\\\/v2\\\/pages\\\/12&quot;,&quot;template_vars&quot;:{&quot;columns&quot;:&quot;3&quot;,&quot;exclude_items&quot;:&quot;none&quot;,&quot;img_size&quot;:&quot;default&quot;,&quot;ignore_items_size&quot;:0,&quot;items_layout&quot;:&quot;136&quot;,&quot;items_offset&quot;:&quot;1&quot;,&quot;load_animation&quot;:&quot;none&quot;,&quot;overriding_link&quot;:&quot;none&quot;,&quot;post_id&quot;:0,&quot;query_args&quot;:{&quot;ignore_sticky_posts&quot;:1,&quot;post_type&quot;:&quot;any&quot;,&quot;post__in&quot;:[&quot;1029&quot;,&quot;1033&quot;,&quot;1031&quot;],&quot;posts_per_page&quot;:&quot;10&quot;},&quot;orderby_query_args&quot;:{&quot;orderby&quot;:{&quot;post__in&quot;:&quot;ASC&quot;},&quot;order&quot;:&quot;ASC&quot;},&quot;type&quot;:&quot;grid&quot;,&quot;us_grid_ajax_index&quot;:8,&quot;us_grid_filter_params&quot;:null,&quot;us_grid_index&quot;:8,&quot;_us_grid_post_type&quot;:&quot;ids&quot;,&quot;page_args&quot;:[]}}'><\/div>\r\n\t<\/div><div class=\"w-separator us_custom_8f4dd0d6 size_large\"><\/div><div class=\"wpb_text_column\"><div class=\"wpb_wrapper\"><h2 style=\"text-align: center;\">\u00a0Premios por categor\u00eda<\/h2>\n<\/div><\/div><div class=\"wpb_text_column us_custom_a76fe44f\"><div class=\"wpb_wrapper\"><h2 style=\"text-align: center;\">Competencia de Cortometrajes Internacionales<\/h2>\n<p><span style=\"font-weight: 400; color: #ffffff;\">MENCI\u00d3N DE HONOR<\/span><\/p>\n<p><span style=\"color: #ffffff;\"><a href=\"https:\/\/ficc.ar\/buenosaires2023\/films\/cartas-de-una-pandemia-carta-2\/\"><strong>Cartas de una pandemia &#8211; Carta 2<\/strong><\/a> de Il\u00e9n Juambeltz &#8211; Uruguay<\/span><\/p>\n<p><span style=\"color: #ffffff;\">PRIMER PREMIO<\/span><\/p>\n<p><span style=\"color: #ffffff;\"><a href=\"https:\/\/ficc.ar\/buenosaires2023\/films\/should-i-say-that-i-use-other-drugs\/\"><strong>Should I say that I use other drugs?<\/strong><\/a> de Dana Bonilla y Ra\u00fal Lescano &#8211; Per\u00fa<\/span><\/p>\n<p>&nbsp;<\/p>\n<h2 style=\"text-align: center;\">Competencia de Documentales Internacionales<\/h2>\n<p><span style=\"color: #ffffff;\">PRIMER PREMIO<\/span><\/p>\n<p><span style=\"color: #ffffff;\"><b><a href=\"https:\/\/ficc.ar\/buenosaires2023\/films\/la-danza-del-cocuy\/\">La Danza del Cocuy<\/a> <\/b><span style=\"font-weight: 400;\">de Gabriela Fuentes y Yuruani Rodriguez &#8211; Venezuela<\/span><\/span><\/p>\n<h2 style=\"text-align: center;\">Competencia de Largometrajes Internacionales de Ficci\u00f3n<\/h2>\n<p><span style=\"font-weight: 400; color: #ffffff;\">MENCI\u00d3N DE HONOR<\/span><\/p>\n<p><span style=\"color: #ffffff;\"><a href=\"https:\/\/ficc.ar\/buenosaires2023\/films\/fosforos-mojados\/\"><b>F\u00f3sforos Mojados<\/b><\/a><span style=\"font-weight: 400;\"> de Sebasti\u00e1n Duque &#8211; Colombia<\/span><\/span><\/p>\n<p><span style=\"color: #ffffff;\">PRIMER PREMIO<\/span><\/p>\n<p><span style=\"color: #ffffff;\"><a href=\"https:\/\/ficc.ar\/buenosaires2023\/films\/la-uruguaya\/\"><b>La Uruguaya<\/b><\/a><span style=\"font-weight: 400;\"> de Ana Garc\u00eda Blaya &#8211; Argentina<\/span><\/span><\/p>\n<\/div><\/div><\/div><\/div><\/div><\/div><\/div><\/section><section class=\"l-section wpb_row height_medium\"><div class=\"l-section-h i-cf\"><div class=\"g-cols vc_row via_flex valign_top type_default stacking_default\"><div class=\"vc_col-sm-12 wpb_column vc_column_container\"><div class=\"vc_column-inner\"><div class=\"wpb_wrapper\"><div class=\"wpb_text_column\"><div class=\"wpb_wrapper\"><h2 style=\"text-align: center;\">Premio del p\u00fablico<\/h2>\n<\/div><\/div><div class=\"w-btn-wrapper align_center\"><a class=\"w-btn us-btn-style_1\" href=\"https:\/\/ficc.online\/buenosaires2023\/votacion-del-publico\"><span class=\"w-btn-label\">RESULTADOS<\/span><\/a><\/div><\/div><\/div><\/div><\/div><\/div><\/section><section class=\"l-section wpb_row height_medium\" id=\"sedes\"><div class=\"l-section-h i-cf\"><div class=\"g-cols vc_row via_flex valign_top type_default stacking_default\"><div class=\"vc_col-sm-12 wpb_column vc_column_container\"><div class=\"vc_column-inner\"><div class=\"wpb_wrapper\">[vc_custom_heading text=&#8221;Sedes&#8221; font_container=&#8221;tag:h2|text_align:center&#8221; use_theme_fonts=&#8221;yes&#8221;]<div class=\"w-map provider_osm\" id=\"us_map_1\"><div class=\"w-map-inner\"><div class=\"w-map-json\" onclick='return {&quot;address&quot;:&quot;Casa Nacional del Bicentenario, Riobamba 985, CABA&quot;,&quot;disableDragging&quot;:0,&quot;disableZoom&quot;:0,&quot;hideControls&quot;:0,&quot;zoom&quot;:13,&quot;markers&quot;:[{&quot;address&quot;:&quot;Casa Nacional del Bicentenario, Riobamba 985, CABA&quot;,&quot;html&quot;:&quot;&lt;strong&gt;Casa Nacional del Bicentenario&lt;\\\/strong&gt; - Riobamba 985, CABA&quot;,&quot;infowindow&quot;:0},{&quot;address&quot;:&quot;Casa Nacional del Bicentenario, Riobamba 985, CABA&quot;,&quot;html&quot;:&quot;&lt;strong&gt;Casa Nacional del Bicentenario&lt;\\\/strong&gt; - Riobamba 985, CABA&quot;,&quot;marker_img&quot;:null,&quot;marker_size&quot;:[&quot;30&quot;,&quot;30&quot;]},{&quot;address&quot;:&quot;Complejo Hist\\u00f3rico Cultural Manzana de las Luces, Per\\u00fa 222, Buenos Aires&quot;,&quot;html&quot;:&quot;&lt;strong&gt;Complejo Hist\\u00f3rico Cultural Manzana de las Luces&lt;\\\/strong&gt; - Per\\u00fa 222\\\/ 272, CABA&quot;,&quot;marker_img&quot;:null,&quot;marker_size&quot;:[&quot;30&quot;,&quot;30&quot;]},{&quot;address&quot;:&quot;-34.6160038,-58.3730251&quot;,&quot;html&quot;:&quot;&lt;strong&gt;Cave Canem&lt;\\\/strong&gt; - Chile 308, CABA&quot;,&quot;marker_img&quot;:null,&quot;marker_size&quot;:[&quot;30&quot;,&quot;30&quot;]}],&quot;style&quot;:&quot;https:\\\/\\\/{s}.tile.openstreetmap.org\\\/{z}\\\/{x}\\\/{y}.png&quot;}'><\/div><\/div><\/div><div class=\"w-separator size_small\" id=\"tb50\"><style>@media(max-width:1024px){ #tb50{height:1rem!important}}@media(max-width:600px){ #tb50{height:1rem!important}}<\/style><\/div><div class=\"w-grid type_grid layout_280 cols_4\" id=\"us_grid_9\" style=\"--gap:0.3rem;\" data-filterable=\"true\"><style>@media (max-width:1024px){#us_grid_9 .w-grid-item{width:50%}}@media (max-width:600px){#us_grid_9 .w-grid-item{width:50%}}.layout_280 .w-grid-item-h{}.layout_280 .usg_post_title_1{transition-duration:0.3s;transform-origin:50% 50%;transform:scale(1) translate(0%,0%)}.layout_280 .w-grid-item-h:hover .usg_post_title_1{transform:scale(1) translate(0%,0%);opacity:1;color:var(--color-header-middle-text-hover)!important}@media (max-width:600px){.layout_280 .usg_post_title_1{font-size:1.2rem!important;line-height:1!important}.layout_280 .usg_hwrapper_1{height:100px!important;background:rgba(255,255,255,0.75)!important}}<\/style><div class=\"w-grid-list\">\t<article class=\"w-grid-item size_1x1 post-1378 location type-location status-publish hentry\" data-id=\"1378\">\r\n\t\t<div class=\"w-grid-item-h\">\r\n\t\t\t\t\t\t\t<a class=\"w-grid-item-anchor\" href=\"https:\/\/ficc.ar\/buenosaires2023\/sedes\/casa-nacional-del-bicentenario\/\" rel=\"bookmark\" aria-label=\"Casa Nacional del Bicentenario\"><\/a>\r\n\t\t\t\t\t\t<div class=\"w-hwrapper usg_hwrapper_1 align_center valign_middle\" style=\"--hwrapper-gap:0rem\"><h4 class=\"w-post-elm post_title usg_post_title_1 align_center entry-title color_link_inherit\"><a href=\"https:\/\/ficc.ar\/buenosaires2023\/sedes\/casa-nacional-del-bicentenario\/\">Casa Nacional del Bicentenario<\/a><\/h4><\/div>\t\t<\/div>\r\n\t<\/article>\r\n\t<article class=\"w-grid-item size_1x1 post-1381 location type-location status-publish hentry\" data-id=\"1381\">\r\n\t\t<div class=\"w-grid-item-h\">\r\n\t\t\t\t\t\t\t<a class=\"w-grid-item-anchor\" href=\"https:\/\/ficc.ar\/buenosaires2023\/sedes\/cave-canem-bar\/\" rel=\"bookmark\" aria-label=\"Cave Canem &#8211; Bar\"><\/a>\r\n\t\t\t\t\t\t<div class=\"w-hwrapper usg_hwrapper_1 align_center valign_middle\" style=\"--hwrapper-gap:0rem\"><h4 class=\"w-post-elm post_title usg_post_title_1 align_center entry-title color_link_inherit\"><a href=\"https:\/\/ficc.ar\/buenosaires2023\/sedes\/cave-canem-bar\/\">Cave Canem &#8211; Bar<\/a><\/h4><\/div>\t\t<\/div>\r\n\t<\/article>\r\n\t<article class=\"w-grid-item size_1x1 post-1379 location type-location status-publish hentry\" data-id=\"1379\">\r\n\t\t<div class=\"w-grid-item-h\">\r\n\t\t\t\t\t\t\t<a class=\"w-grid-item-anchor\" href=\"https:\/\/ficc.ar\/buenosaires2023\/sedes\/complejo-historico-cultural-manzana-de-las-luces-2\/\" rel=\"bookmark\" aria-label=\"Complejo Hist\u00f3rico Cultural Manzana de las Luces \/ Actividades paralelas\"><\/a>\r\n\t\t\t\t\t\t<div class=\"w-hwrapper usg_hwrapper_1 align_center valign_middle\" style=\"--hwrapper-gap:0rem\"><h4 class=\"w-post-elm post_title usg_post_title_1 align_center entry-title color_link_inherit\"><a href=\"https:\/\/ficc.ar\/buenosaires2023\/sedes\/complejo-historico-cultural-manzana-de-las-luces-2\/\">Complejo Hist\u00f3rico Cultural Manzana de las Luces \/ Actividades paralelas<\/a><\/h4><\/div>\t\t<\/div>\r\n\t<\/article>\r\n\t<article class=\"w-grid-item size_1x1 post-1373 location type-location status-publish hentry\" data-id=\"1373\">\r\n\t\t<div class=\"w-grid-item-h\">\r\n\t\t\t\t\t\t\t<a class=\"w-grid-item-anchor\" href=\"https:\/\/ficc.ar\/buenosaires2023\/sedes\/complejo-historico-cultural-manzana-de-las-luces\/\" rel=\"bookmark\" aria-label=\"Complejo Hist\u00f3rico Cultural Manzana de las Luces \/ Proyecciones\"><\/a>\r\n\t\t\t\t\t\t<div class=\"w-hwrapper usg_hwrapper_1 align_center valign_middle\" style=\"--hwrapper-gap:0rem\"><h4 class=\"w-post-elm post_title usg_post_title_1 align_center entry-title color_link_inherit\"><a href=\"https:\/\/ficc.ar\/buenosaires2023\/sedes\/complejo-historico-cultural-manzana-de-las-luces\/\">Complejo Hist\u00f3rico Cultural Manzana de las Luces \/ Proyecciones<\/a><\/h4><\/div>\t\t<\/div>\r\n\t<\/article>\r\n<\/div><div class=\"w-grid-preloader\"><div class=\"g-preloader type_1\">\r\n\t<div><\/div>\r\n<\/div>\r\n<\/div>\t<div class=\"w-grid-json hidden\" onclick='return {&quot;action&quot;:&quot;us_ajax_grid&quot;,&quot;ajax_url&quot;:&quot;https:\\\/\\\/ficc.ar\\\/buenosaires2023\\\/wp-admin\\\/admin-ajax.php&quot;,&quot;infinite_scroll&quot;:0,&quot;max_num_pages&quot;:1,&quot;pagination&quot;:&quot;none&quot;,&quot;permalink_url&quot;:&quot;https:\\\/\\\/ficc.ar\\\/buenosaires2023\\\/wp-json\\\/wp\\\/v2\\\/pages\\\/12&quot;,&quot;template_vars&quot;:{&quot;columns&quot;:&quot;4&quot;,&quot;exclude_items&quot;:&quot;none&quot;,&quot;img_size&quot;:&quot;default&quot;,&quot;ignore_items_size&quot;:0,&quot;items_layout&quot;:&quot;280&quot;,&quot;items_offset&quot;:&quot;1&quot;,&quot;load_animation&quot;:&quot;none&quot;,&quot;overriding_link&quot;:&quot;post&quot;,&quot;post_id&quot;:0,&quot;query_args&quot;:{&quot;post_type&quot;:[&quot;location&quot;],&quot;post_status&quot;:[&quot;publish&quot;,&quot;acf-disabled&quot;],&quot;posts_per_page&quot;:&quot;20&quot;},&quot;orderby_query_args&quot;:{&quot;orderby&quot;:{&quot;title&quot;:&quot;ASC&quot;},&quot;order&quot;:&quot;ASC&quot;},&quot;type&quot;:&quot;grid&quot;,&quot;us_grid_ajax_index&quot;:9,&quot;us_grid_filter_params&quot;:null,&quot;us_grid_index&quot;:9,&quot;_us_grid_post_type&quot;:&quot;location&quot;,&quot;page_args&quot;:[]}}'><\/div>\r\n\t<\/div><div class=\"w-separator us_custom_8f4dd0d6 size_large\"><\/div><\/div><\/div><\/div><\/div><\/div><\/section><section class=\"l-section wpb_row us_custom_6a4d3d6c height_auto color_alternate\"><div class=\"l-section-h i-cf\"><div class=\"g-cols vc_row via_flex valign_top type_default stacking_default\"><div class=\"vc_col-sm-12 wpb_column vc_column_container has_bg_color\"><div class=\"vc_column-inner us_custom_4fb9e5a3\"><div class=\"wpb_wrapper\"><div class=\"wpb_text_column us_custom_4af741be\"><div class=\"wpb_wrapper\"><h3 style=\"text-align: center;\"><span style=\"color: #1a1a1a;\">Main Sponsors<\/span><br \/>\n<a href=\"https:\/\/bsfseeds.com.ar\/\"><img loading=\"lazy\" decoding=\"async\" class=\"alignnone wp-image-1085 size-full\" src=\"https:\/\/ficc.ar\/buenosaires2023\/wp-content\/uploads\/sites\/14\/2022\/09\/bsf-seeds.png\" alt=\"\" width=\"400\" height=\"200\" srcset=\"https:\/\/ficc.ar\/buenosaires2023\/wp-content\/uploads\/sites\/14\/2022\/09\/bsf-seeds.png 400w, https:\/\/ficc.ar\/buenosaires2023\/wp-content\/uploads\/sites\/14\/2022\/09\/bsf-seeds-300x150.png 300w\" sizes=\"auto, (max-width: 400px) 100vw, 400px\" \/><\/a><\/h3>\n<p><a href=\"https:\/\/vaporizadoresba.com.ar\/\"><img loading=\"lazy\" decoding=\"async\" class=\"aligncenter wp-image-1429\" src=\"https:\/\/ficc.ar\/buenosaires2023\/wp-content\/uploads\/sites\/14\/2023\/01\/Vapos-PNG-300x150.png\" alt=\"\" width=\"336\" height=\"168\" srcset=\"https:\/\/ficc.ar\/buenosaires2023\/wp-content\/uploads\/sites\/14\/2023\/01\/Vapos-PNG-300x150.png 300w, https:\/\/ficc.ar\/buenosaires2023\/wp-content\/uploads\/sites\/14\/2023\/01\/Vapos-PNG.png 400w\" sizes=\"auto, (max-width: 336px) 100vw, 336px\" \/><\/a><\/p>\n<\/div><\/div><div class=\"w-separator size_custom with_line width_default thick_1 style_solid color_border align_center\" style=\"height:1rem\"><div class=\"w-separator-h\"><\/div><\/div><div class=\"wpb_text_column us_custom_0741ea35\"><div class=\"wpb_wrapper\"><h3 style=\"text-align: center;\"><span style=\"color: #1a1a1a;\">Institucionales<\/span><\/h3>\n<\/div><\/div><div class=\"w-grid us_custom_eb849559 type_grid layout_209 cols_3 valign_center\" id=\"us_grid_10\"><style>@media (max-width:600px){#us_grid_10 .w-grid-item{width:50%}}.layout_209 .w-grid-item-h{}.layout_209 .usg_post_image_1{max-width:150px!important;max-height:75px!important;padding:0!important;margin:0 auto 0 auto!important}<\/style><div class=\"w-grid-list\">\t<article class=\"w-grid-item size_1x1 post-1431 sponsor type-sponsor status-publish has-post-thumbnail hentry nivel-institucionales\" data-id=\"1431\">\r\n\t\t<div class=\"w-grid-item-h\">\r\n\t\t\t\t\t\t<div class=\"w-post-elm post_image usg_post_image_1 has_height has_ratio\"><div style=\"padding-bottom:50%\"><\/div><img loading=\"lazy\" decoding=\"async\" width=\"400\" height=\"200\" src=\"https:\/\/ficc.ar\/buenosaires2023\/wp-content\/uploads\/sites\/14\/2023\/01\/Canada.png\" class=\"attachment-full size-full wp-post-image\" alt=\"\" srcset=\"https:\/\/ficc.ar\/buenosaires2023\/wp-content\/uploads\/sites\/14\/2023\/01\/Canada.png 400w, https:\/\/ficc.ar\/buenosaires2023\/wp-content\/uploads\/sites\/14\/2023\/01\/Canada-300x150.png 300w\" sizes=\"auto, (max-width: 400px) 100vw, 400px\" \/><\/div>\t\t<\/div>\r\n\t<\/article>\r\n\t<article class=\"w-grid-item size_1x1 post-1443 sponsor type-sponsor status-publish has-post-thumbnail hentry nivel-institucionales\" data-id=\"1443\">\r\n\t\t<div class=\"w-grid-item-h\">\r\n\t\t\t\t\t\t<div class=\"w-post-elm post_image usg_post_image_1 has_height has_ratio\"><div style=\"padding-bottom:50%\"><\/div><a href=\"https:\/\/manzanadelasluces.cultura.gob.ar\/\" target=\"_blank\" rel=\"noopener nofollow\" aria-label=\"Manzana\"><img loading=\"lazy\" decoding=\"async\" width=\"400\" height=\"200\" src=\"https:\/\/ficc.ar\/buenosaires2023\/wp-content\/uploads\/sites\/14\/2023\/01\/Manzana-web.png\" class=\"attachment-full size-full wp-post-image\" alt=\"\" srcset=\"https:\/\/ficc.ar\/buenosaires2023\/wp-content\/uploads\/sites\/14\/2023\/01\/Manzana-web.png 400w, https:\/\/ficc.ar\/buenosaires2023\/wp-content\/uploads\/sites\/14\/2023\/01\/Manzana-web-300x150.png 300w\" sizes=\"auto, (max-width: 400px) 100vw, 400px\" \/><\/a><\/div>\t\t<\/div>\r\n\t<\/article>\r\n\t<article class=\"w-grid-item size_1x1 post-1449 sponsor type-sponsor status-publish has-post-thumbnail hentry nivel-institucionales\" data-id=\"1449\">\r\n\t\t<div class=\"w-grid-item-h\">\r\n\t\t\t\t\t\t<div class=\"w-post-elm post_image usg_post_image_1 has_height has_ratio\"><div style=\"padding-bottom:50%\"><\/div><a href=\"https:\/\/casadelbicentenario.cultura.gob.ar\/\" target=\"_blank\" rel=\"noopener nofollow\" aria-label=\"CNB\"><img loading=\"lazy\" decoding=\"async\" width=\"400\" height=\"200\" src=\"https:\/\/ficc.ar\/buenosaires2023\/wp-content\/uploads\/sites\/14\/2023\/01\/CNB.png\" class=\"attachment-full size-full wp-post-image\" alt=\"\" srcset=\"https:\/\/ficc.ar\/buenosaires2023\/wp-content\/uploads\/sites\/14\/2023\/01\/CNB.png 400w, https:\/\/ficc.ar\/buenosaires2023\/wp-content\/uploads\/sites\/14\/2023\/01\/CNB-300x150.png 300w\" sizes=\"auto, (max-width: 400px) 100vw, 400px\" \/><\/a><\/div>\t\t<\/div>\r\n\t<\/article>\r\n\t<article class=\"w-grid-item size_1x1 post-1452 sponsor type-sponsor status-publish has-post-thumbnail hentry nivel-institucionales\" data-id=\"1452\">\r\n\t\t<div class=\"w-grid-item-h\">\r\n\t\t\t\t\t\t<div class=\"w-post-elm post_image usg_post_image_1 has_height has_ratio\"><div style=\"padding-bottom:50%\"><\/div><img loading=\"lazy\" decoding=\"async\" width=\"400\" height=\"200\" src=\"https:\/\/ficc.ar\/buenosaires2023\/wp-content\/uploads\/sites\/14\/2023\/01\/Museos-Nac.png\" class=\"attachment-full size-full wp-post-image\" alt=\"\" srcset=\"https:\/\/ficc.ar\/buenosaires2023\/wp-content\/uploads\/sites\/14\/2023\/01\/Museos-Nac.png 400w, https:\/\/ficc.ar\/buenosaires2023\/wp-content\/uploads\/sites\/14\/2023\/01\/Museos-Nac-300x150.png 300w\" sizes=\"auto, (max-width: 400px) 100vw, 400px\" \/><\/div>\t\t<\/div>\r\n\t<\/article>\r\n\t<article class=\"w-grid-item size_1x1 post-1454 sponsor type-sponsor status-publish has-post-thumbnail hentry nivel-institucionales\" data-id=\"1454\">\r\n\t\t<div class=\"w-grid-item-h\">\r\n\t\t\t\t\t\t<div class=\"w-post-elm post_image usg_post_image_1 has_height has_ratio\"><div style=\"padding-bottom:50%\"><\/div><a href=\"http:\/\/www.incaa.gov.ar\/\" target=\"_blank\" rel=\"noopener nofollow\" aria-label=\"INCAA\"><img loading=\"lazy\" decoding=\"async\" width=\"400\" height=\"200\" src=\"https:\/\/ficc.ar\/buenosaires2023\/wp-content\/uploads\/sites\/14\/2023\/01\/INCAA.png\" class=\"attachment-full size-full wp-post-image\" alt=\"\" srcset=\"https:\/\/ficc.ar\/buenosaires2023\/wp-content\/uploads\/sites\/14\/2023\/01\/INCAA.png 400w, https:\/\/ficc.ar\/buenosaires2023\/wp-content\/uploads\/sites\/14\/2023\/01\/INCAA-300x150.png 300w\" sizes=\"auto, (max-width: 400px) 100vw, 400px\" \/><\/a><\/div>\t\t<\/div>\r\n\t<\/article>\r\n\t<article class=\"w-grid-item size_1x1 post-1456 sponsor type-sponsor status-publish has-post-thumbnail hentry nivel-institucionales\" data-id=\"1456\">\r\n\t\t<div class=\"w-grid-item-h\">\r\n\t\t\t\t\t\t<div class=\"w-post-elm post_image usg_post_image_1 has_height has_ratio\"><div style=\"padding-bottom:50%\"><\/div><a href=\"https:\/\/octubretv.com\/\" target=\"_blank\" rel=\"noopener nofollow\" aria-label=\"Octubre TV\"><img loading=\"lazy\" decoding=\"async\" width=\"400\" height=\"200\" src=\"https:\/\/ficc.ar\/buenosaires2023\/wp-content\/uploads\/sites\/14\/2023\/01\/Octubre-TV.png\" class=\"attachment-full size-full wp-post-image\" alt=\"\" srcset=\"https:\/\/ficc.ar\/buenosaires2023\/wp-content\/uploads\/sites\/14\/2023\/01\/Octubre-TV.png 400w, https:\/\/ficc.ar\/buenosaires2023\/wp-content\/uploads\/sites\/14\/2023\/01\/Octubre-TV-300x150.png 300w\" sizes=\"auto, (max-width: 400px) 100vw, 400px\" \/><\/a><\/div>\t\t<\/div>\r\n\t<\/article>\r\n\t<article class=\"w-grid-item size_1x1 post-1458 sponsor type-sponsor status-publish has-post-thumbnail hentry nivel-institucionales\" data-id=\"1458\">\r\n\t\t<div class=\"w-grid-item-h\">\r\n\t\t\t\t\t\t<div class=\"w-post-elm post_image usg_post_image_1 has_height has_ratio\"><div style=\"padding-bottom:50%\"><\/div><a href=\"https:\/\/octubre.com\/\" target=\"_blank\" rel=\"noopener nofollow\" aria-label=\"Grupo Octubre\"><img loading=\"lazy\" decoding=\"async\" width=\"400\" height=\"200\" src=\"https:\/\/ficc.ar\/buenosaires2023\/wp-content\/uploads\/sites\/14\/2023\/01\/grupo-Octubre.png\" class=\"attachment-full size-full wp-post-image\" alt=\"\" srcset=\"https:\/\/ficc.ar\/buenosaires2023\/wp-content\/uploads\/sites\/14\/2023\/01\/grupo-Octubre.png 400w, https:\/\/ficc.ar\/buenosaires2023\/wp-content\/uploads\/sites\/14\/2023\/01\/grupo-Octubre-300x150.png 300w\" sizes=\"auto, (max-width: 400px) 100vw, 400px\" \/><\/a><\/div>\t\t<\/div>\r\n\t<\/article>\r\n\t<article class=\"w-grid-item size_1x1 post-1478 sponsor type-sponsor status-publish has-post-thumbnail hentry nivel-institucionales\" data-id=\"1478\">\r\n\t\t<div class=\"w-grid-item-h\">\r\n\t\t\t\t\t\t<div class=\"w-post-elm post_image usg_post_image_1 has_height has_ratio\"><div style=\"padding-bottom:50%\"><\/div><a href=\"https:\/\/www.argentina.gob.ar\/cultura\" target=\"_blank\" rel=\"noopener nofollow\" aria-label=\"Ministerio Cultura\"><img loading=\"lazy\" decoding=\"async\" width=\"400\" height=\"200\" src=\"https:\/\/ficc.ar\/buenosaires2023\/wp-content\/uploads\/sites\/14\/2023\/01\/Min-Cultura.png\" class=\"attachment-full size-full wp-post-image\" alt=\"\" srcset=\"https:\/\/ficc.ar\/buenosaires2023\/wp-content\/uploads\/sites\/14\/2023\/01\/Min-Cultura.png 400w, https:\/\/ficc.ar\/buenosaires2023\/wp-content\/uploads\/sites\/14\/2023\/01\/Min-Cultura-300x150.png 300w\" sizes=\"auto, (max-width: 400px) 100vw, 400px\" \/><\/a><\/div>\t\t<\/div>\r\n\t<\/article>\r\n\t<article class=\"w-grid-item size_1x1 post-1173 sponsor type-sponsor status-publish has-post-thumbnail hentry nivel-institucionales\" data-id=\"1173\">\r\n\t\t<div class=\"w-grid-item-h\">\r\n\t\t\t\t\t\t<div class=\"w-post-elm post_image usg_post_image_1 has_height has_ratio\"><div style=\"padding-bottom:50%\"><\/div><a href=\"https:\/\/www.cancilleria.gob.ar\/\" target=\"_blank\" rel=\"noopener nofollow\" aria-label=\"Cancilleria Argentina\"><img loading=\"lazy\" decoding=\"async\" width=\"400\" height=\"200\" src=\"https:\/\/ficc.ar\/buenosaires2023\/wp-content\/uploads\/sites\/14\/2022\/09\/ministerio-relaciones-exteriores.png\" class=\"attachment-full size-full wp-post-image\" alt=\"\" srcset=\"https:\/\/ficc.ar\/buenosaires2023\/wp-content\/uploads\/sites\/14\/2022\/09\/ministerio-relaciones-exteriores.png 400w, https:\/\/ficc.ar\/buenosaires2023\/wp-content\/uploads\/sites\/14\/2022\/09\/ministerio-relaciones-exteriores-300x150.png 300w\" sizes=\"auto, (max-width: 400px) 100vw, 400px\" \/><\/a><\/div>\t\t<\/div>\r\n\t<\/article>\r\n<\/div><div class=\"w-grid-preloader\"><div class=\"g-preloader type_1\">\r\n\t<div><\/div>\r\n<\/div>\r\n<\/div>\t<div class=\"w-grid-json hidden\" onclick='return {&quot;action&quot;:&quot;us_ajax_grid&quot;,&quot;ajax_url&quot;:&quot;https:\\\/\\\/ficc.ar\\\/buenosaires2023\\\/wp-admin\\\/admin-ajax.php&quot;,&quot;infinite_scroll&quot;:0,&quot;max_num_pages&quot;:1,&quot;pagination&quot;:&quot;none&quot;,&quot;permalink_url&quot;:&quot;https:\\\/\\\/ficc.ar\\\/buenosaires2023\\\/wp-json\\\/wp\\\/v2\\\/pages\\\/12&quot;,&quot;template_vars&quot;:{&quot;columns&quot;:&quot;3&quot;,&quot;exclude_items&quot;:&quot;none&quot;,&quot;img_size&quot;:&quot;default&quot;,&quot;ignore_items_size&quot;:0,&quot;items_layout&quot;:&quot;209&quot;,&quot;items_offset&quot;:&quot;1&quot;,&quot;load_animation&quot;:&quot;none&quot;,&quot;overriding_link&quot;:&quot;none&quot;,&quot;post_id&quot;:894,&quot;query_args&quot;:{&quot;ignore_sticky_posts&quot;:1,&quot;post_type&quot;:&quot;any&quot;,&quot;post__in&quot;:[&quot;176&quot;,&quot;1141&quot;,&quot;1143&quot;,&quot;174&quot;,&quot;172&quot;,&quot;1074&quot;,&quot;1132&quot;,&quot;1133&quot;,&quot;1199&quot;,&quot;168&quot;,&quot;1071&quot;,&quot;1138&quot;,&quot;1431&quot;,&quot;1443&quot;,&quot;1449&quot;,&quot;1452&quot;,&quot;1454&quot;,&quot;1456&quot;,&quot;1458&quot;,&quot;1478&quot;,&quot;1173&quot;],&quot;posts_per_page&quot;:&quot;40&quot;},&quot;orderby_query_args&quot;:{&quot;orderby&quot;:{&quot;post__in&quot;:&quot;ASC&quot;},&quot;order&quot;:&quot;ASC&quot;},&quot;type&quot;:&quot;grid&quot;,&quot;us_grid_ajax_index&quot;:1,&quot;us_grid_filter_params&quot;:null,&quot;us_grid_index&quot;:10,&quot;_us_grid_post_type&quot;:&quot;ids&quot;,&quot;page_args&quot;:[]}}'><\/div>\r\n\t<\/div><div class=\"w-separator size_custom with_line width_default thick_1 style_solid color_border align_center\" style=\"height:1rem\"><div class=\"w-separator-h\"><\/div><\/div><div class=\"wpb_text_column us_custom_0741ea35\"><div class=\"wpb_wrapper\"><h3 style=\"text-align: center;\"><span style=\"color: #1a1a1a;\">Sponsors Destacados<\/span><\/h3>\n<\/div><\/div><div class=\"w-grid type_grid layout_1102 cols_2 valign_center\" id=\"us_grid_11\" style=\"--gap:0.2rem;\" data-filterable=\"true\"><style>@media (max-width:600px){#us_grid_11 .w-grid-list{margin:0}#us_grid_11 .w-grid-item{width:100%;padding:0;margin-bottom:var(--gap,0px)}}.layout_1102 .w-grid-item-h{}.layout_1102 .usg_post_image_1{max-width:250px!important;max-height:125px!important;padding:0!important;margin:0 auto 0 auto!important}<\/style><div class=\"w-grid-list\">\t<article class=\"w-grid-item size_1x1 post-192 sponsor type-sponsor status-publish has-post-thumbnail hentry nivel-sponsors-destacados\" data-id=\"192\">\r\n\t\t<div class=\"w-grid-item-h\">\r\n\t\t\t\t\t\t<div class=\"w-post-elm post_image usg_post_image_1 has_height has_ratio\"><div style=\"padding-bottom:50%\"><\/div><a href=\"https:\/\/www.gardenhighpro.com\/\" target=\"_blank\" rel=\"noopener nofollow\" aria-label=\"Garden HighPro\"><img loading=\"lazy\" decoding=\"async\" width=\"400\" height=\"200\" src=\"https:\/\/ficc.ar\/buenosaires2023\/wp-content\/uploads\/sites\/14\/2021\/10\/garden-highpro.png\" class=\"attachment-full size-full wp-post-image\" alt=\"\" srcset=\"https:\/\/ficc.ar\/buenosaires2023\/wp-content\/uploads\/sites\/14\/2021\/10\/garden-highpro.png 400w, https:\/\/ficc.ar\/buenosaires2023\/wp-content\/uploads\/sites\/14\/2021\/10\/garden-highpro-300x150.png 300w\" sizes=\"auto, (max-width: 400px) 100vw, 400px\" \/><\/a><\/div>\t\t<\/div>\r\n\t<\/article>\r\n\t<article class=\"w-grid-item size_1x1 post-1078 sponsor type-sponsor status-publish has-post-thumbnail hentry nivel-sponsors-destacados\" data-id=\"1078\">\r\n\t\t<div class=\"w-grid-item-h\">\r\n\t\t\t\t\t\t<div class=\"w-post-elm post_image usg_post_image_1 has_height has_ratio\"><div style=\"padding-bottom:50%\"><\/div><a href=\"https:\/\/www.lionrollingcircus.com\/\" target=\"_blank\" rel=\"noopener nofollow\" aria-label=\"LionRollingCircus\"><img loading=\"lazy\" decoding=\"async\" width=\"400\" height=\"200\" src=\"https:\/\/ficc.ar\/buenosaires2023\/wp-content\/uploads\/sites\/14\/2022\/09\/lion-circus.png\" class=\"attachment-full size-full wp-post-image\" alt=\"\" srcset=\"https:\/\/ficc.ar\/buenosaires2023\/wp-content\/uploads\/sites\/14\/2022\/09\/lion-circus.png 400w, https:\/\/ficc.ar\/buenosaires2023\/wp-content\/uploads\/sites\/14\/2022\/09\/lion-circus-300x150.png 300w\" sizes=\"auto, (max-width: 400px) 100vw, 400px\" \/><\/a><\/div>\t\t<\/div>\r\n\t<\/article>\r\n<\/div><div class=\"w-grid-preloader\"><div class=\"g-preloader type_1\">\r\n\t<div><\/div>\r\n<\/div>\r\n<\/div>\t<div class=\"w-grid-json hidden\" onclick='return {&quot;action&quot;:&quot;us_ajax_grid&quot;,&quot;ajax_url&quot;:&quot;https:\\\/\\\/ficc.ar\\\/buenosaires2023\\\/wp-admin\\\/admin-ajax.php&quot;,&quot;infinite_scroll&quot;:0,&quot;max_num_pages&quot;:1,&quot;pagination&quot;:&quot;none&quot;,&quot;permalink_url&quot;:&quot;https:\\\/\\\/ficc.ar\\\/buenosaires2023\\\/wp-json\\\/wp\\\/v2\\\/pages\\\/12&quot;,&quot;template_vars&quot;:{&quot;columns&quot;:&quot;2&quot;,&quot;exclude_items&quot;:&quot;none&quot;,&quot;img_size&quot;:&quot;default&quot;,&quot;ignore_items_size&quot;:0,&quot;items_layout&quot;:&quot;1102&quot;,&quot;items_offset&quot;:&quot;1&quot;,&quot;load_animation&quot;:&quot;none&quot;,&quot;overriding_link&quot;:&quot;none&quot;,&quot;post_id&quot;:894,&quot;query_args&quot;:{&quot;post_type&quot;:[&quot;sponsor&quot;],&quot;tax_query&quot;:[{&quot;taxonomy&quot;:&quot;nivel&quot;,&quot;field&quot;:&quot;slug&quot;,&quot;terms&quot;:[&quot;sponsors-destacados&quot;]}],&quot;post_status&quot;:[&quot;publish&quot;,&quot;acf-disabled&quot;],&quot;posts_per_page&quot;:&quot;60&quot;},&quot;orderby_query_args&quot;:{&quot;orderby&quot;:{&quot;title&quot;:&quot;ASC&quot;},&quot;order&quot;:&quot;ASC&quot;},&quot;type&quot;:&quot;grid&quot;,&quot;us_grid_ajax_index&quot;:2,&quot;us_grid_filter_params&quot;:null,&quot;us_grid_index&quot;:11,&quot;_us_grid_post_type&quot;:&quot;sponsor&quot;,&quot;page_args&quot;:[]}}'><\/div>\r\n\t<\/div><div class=\"w-separator size_custom with_line width_default thick_1 style_solid color_border align_center\" style=\"height:1rem\"><div class=\"w-separator-h\"><\/div><\/div><div class=\"wpb_text_column us_custom_0741ea35\"><div class=\"wpb_wrapper\"><h3 style=\"text-align: center;\">Sponsors<\/h3>\n<\/div><\/div><div class=\"w-grid type_grid layout_209 cols_4 valign_center\" id=\"us_grid_12\" style=\"--gap:0.2rem;\" data-filterable=\"true\"><style>@media (max-width:600px){#us_grid_12 .w-grid-item{width:50%}}<\/style><div class=\"w-grid-list\">\t<article class=\"w-grid-item size_1x1 post-1490 sponsor type-sponsor status-publish has-post-thumbnail hentry nivel-sponsors\" data-id=\"1490\">\r\n\t\t<div class=\"w-grid-item-h\">\r\n\t\t\t\t\t\t<div class=\"w-post-elm post_image usg_post_image_1 has_height has_ratio\"><div style=\"padding-bottom:50%\"><\/div><a href=\"https:\/\/www.instagram.com\/gizeh.argentina\/\" target=\"_blank\" rel=\"noopener nofollow\" aria-label=\"A Gizeh\"><img loading=\"lazy\" decoding=\"async\" width=\"400\" height=\"200\" src=\"https:\/\/ficc.ar\/buenosaires2023\/wp-content\/uploads\/sites\/14\/2023\/01\/Gizeh.png\" class=\"attachment-full size-full wp-post-image\" alt=\"\" srcset=\"https:\/\/ficc.ar\/buenosaires2023\/wp-content\/uploads\/sites\/14\/2023\/01\/Gizeh.png 400w, https:\/\/ficc.ar\/buenosaires2023\/wp-content\/uploads\/sites\/14\/2023\/01\/Gizeh-300x150.png 300w\" sizes=\"auto, (max-width: 400px) 100vw, 400px\" \/><\/a><\/div>\t\t<\/div>\r\n\t<\/article>\r\n\t<article class=\"w-grid-item size_1x1 post-1463 sponsor type-sponsor status-publish has-post-thumbnail hentry nivel-sponsors\" data-id=\"1463\">\r\n\t\t<div class=\"w-grid-item-h\">\r\n\t\t\t\t\t\t<div class=\"w-post-elm post_image usg_post_image_1 has_height has_ratio\"><div style=\"padding-bottom:50%\"><\/div><a href=\"https:\/\/www.instagram.com\/cavecanem.bar\/?hl=es\" target=\"_blank\" rel=\"noopener nofollow\" aria-label=\"bar\"><img loading=\"lazy\" decoding=\"async\" width=\"400\" height=\"200\" src=\"https:\/\/ficc.ar\/buenosaires2023\/wp-content\/uploads\/sites\/14\/2023\/01\/Cave-Canem-1.png\" class=\"attachment-full size-full wp-post-image\" alt=\"\" srcset=\"https:\/\/ficc.ar\/buenosaires2023\/wp-content\/uploads\/sites\/14\/2023\/01\/Cave-Canem-1.png 400w, https:\/\/ficc.ar\/buenosaires2023\/wp-content\/uploads\/sites\/14\/2023\/01\/Cave-Canem-1-300x150.png 300w\" sizes=\"auto, (max-width: 400px) 100vw, 400px\" \/><\/a><\/div>\t\t<\/div>\r\n\t<\/article>\r\n\t<article class=\"w-grid-item size_1x1 post-596 sponsor type-sponsor status-publish has-post-thumbnail hentry nivel-sponsors\" data-id=\"596\">\r\n\t\t<div class=\"w-grid-item-h\">\r\n\t\t\t\t\t\t<div class=\"w-post-elm post_image usg_post_image_1 has_height has_ratio\"><div style=\"padding-bottom:50%\"><\/div><a href=\"https:\/\/www.instagram.com\/bcngrafica\" target=\"_blank\" rel=\"noopener nofollow\" aria-label=\"BCN Gr\u00e1fica\"><img loading=\"lazy\" decoding=\"async\" width=\"400\" height=\"200\" src=\"https:\/\/ficc.ar\/buenosaires2023\/wp-content\/uploads\/sites\/14\/2021\/10\/bcn-grafica.png\" class=\"attachment-full size-full wp-post-image\" alt=\"\" srcset=\"https:\/\/ficc.ar\/buenosaires2023\/wp-content\/uploads\/sites\/14\/2021\/10\/bcn-grafica.png 400w, https:\/\/ficc.ar\/buenosaires2023\/wp-content\/uploads\/sites\/14\/2021\/10\/bcn-grafica-300x150.png 300w\" sizes=\"auto, (max-width: 400px) 100vw, 400px\" \/><\/a><\/div>\t\t<\/div>\r\n\t<\/article>\r\n\t<article class=\"w-grid-item size_1x1 post-1616 sponsor type-sponsor status-publish has-post-thumbnail hentry nivel-sponsors\" data-id=\"1616\">\r\n\t\t<div class=\"w-grid-item-h\">\r\n\t\t\t\t\t\t<div class=\"w-post-elm post_image usg_post_image_1 has_height has_ratio\"><div style=\"padding-bottom:50%\"><\/div><a href=\"https:\/\/bellavitacultivos.com\" target=\"_blank\" rel=\"noopener nofollow\" aria-label=\"Bellavita\"><img loading=\"lazy\" decoding=\"async\" width=\"400\" height=\"200\" src=\"https:\/\/ficc.ar\/buenosaires2023\/wp-content\/uploads\/sites\/14\/2023\/02\/Bellavita-WEB.jpg\" class=\"attachment-full size-full wp-post-image\" alt=\"\" srcset=\"https:\/\/ficc.ar\/buenosaires2023\/wp-content\/uploads\/sites\/14\/2023\/02\/Bellavita-WEB.jpg 400w, https:\/\/ficc.ar\/buenosaires2023\/wp-content\/uploads\/sites\/14\/2023\/02\/Bellavita-WEB-300x150.jpg 300w\" sizes=\"auto, (max-width: 400px) 100vw, 400px\" \/><\/a><\/div>\t\t<\/div>\r\n\t<\/article>\r\n\t<article class=\"w-grid-item size_1x1 post-1465 sponsor type-sponsor status-publish has-post-thumbnail hentry nivel-sponsors\" data-id=\"1465\">\r\n\t\t<div class=\"w-grid-item-h\">\r\n\t\t\t\t\t\t<div class=\"w-post-elm post_image usg_post_image_1 has_height has_ratio\"><div style=\"padding-bottom:50%\"><\/div><a href=\"https:\/\/marimba.com.ar\/\" target=\"_blank\" rel=\"noopener nofollow\" aria-label=\"Marimba\"><img loading=\"lazy\" decoding=\"async\" width=\"400\" height=\"200\" src=\"https:\/\/ficc.ar\/buenosaires2023\/wp-content\/uploads\/sites\/14\/2023\/01\/marimba.png\" class=\"attachment-full size-full wp-post-image\" alt=\"\" srcset=\"https:\/\/ficc.ar\/buenosaires2023\/wp-content\/uploads\/sites\/14\/2023\/01\/marimba.png 400w, https:\/\/ficc.ar\/buenosaires2023\/wp-content\/uploads\/sites\/14\/2023\/01\/marimba-300x150.png 300w\" sizes=\"auto, (max-width: 400px) 100vw, 400px\" \/><\/a><\/div>\t\t<\/div>\r\n\t<\/article>\r\n\t<article class=\"w-grid-item size_1x1 post-1488 sponsor type-sponsor status-publish has-post-thumbnail hentry nivel-sponsors\" data-id=\"1488\">\r\n\t\t<div class=\"w-grid-item-h\">\r\n\t\t\t\t\t\t<div class=\"w-post-elm post_image usg_post_image_1 has_height has_ratio\"><div style=\"padding-bottom:50%\"><\/div><a href=\"https:\/\/www.hoteleso2.com\/buenos-aires\/\" target=\"_blank\" rel=\"noopener nofollow\" aria-label=\"O2 Hotel\"><img loading=\"lazy\" decoding=\"async\" width=\"400\" height=\"200\" src=\"https:\/\/ficc.ar\/buenosaires2023\/wp-content\/uploads\/sites\/14\/2023\/01\/O2-Hotel.png\" class=\"attachment-full size-full wp-post-image\" alt=\"\" srcset=\"https:\/\/ficc.ar\/buenosaires2023\/wp-content\/uploads\/sites\/14\/2023\/01\/O2-Hotel.png 400w, https:\/\/ficc.ar\/buenosaires2023\/wp-content\/uploads\/sites\/14\/2023\/01\/O2-Hotel-300x150.png 300w\" sizes=\"auto, (max-width: 400px) 100vw, 400px\" \/><\/a><\/div>\t\t<\/div>\r\n\t<\/article>\r\n\t<article class=\"w-grid-item size_1x1 post-1467 sponsor type-sponsor status-publish has-post-thumbnail hentry nivel-sponsors\" data-id=\"1467\">\r\n\t\t<div class=\"w-grid-item-h\">\r\n\t\t\t\t\t\t<div class=\"w-post-elm post_image usg_post_image_1 has_height has_ratio\"><div style=\"padding-bottom:50%\"><\/div><a href=\"https:\/\/pinitoorganico.com.ar\/\" target=\"_blank\" rel=\"noopener nofollow\" aria-label=\"Pinito\"><img loading=\"lazy\" decoding=\"async\" width=\"400\" height=\"200\" src=\"https:\/\/ficc.ar\/buenosaires2023\/wp-content\/uploads\/sites\/14\/2023\/01\/Pinito.png\" class=\"attachment-full size-full wp-post-image\" alt=\"\" srcset=\"https:\/\/ficc.ar\/buenosaires2023\/wp-content\/uploads\/sites\/14\/2023\/01\/Pinito.png 400w, https:\/\/ficc.ar\/buenosaires2023\/wp-content\/uploads\/sites\/14\/2023\/01\/Pinito-300x150.png 300w\" sizes=\"auto, (max-width: 400px) 100vw, 400px\" \/><\/a><\/div>\t\t<\/div>\r\n\t<\/article>\r\n\t<article class=\"w-grid-item size_1x1 post-598 sponsor type-sponsor status-publish has-post-thumbnail hentry nivel-sponsors\" data-id=\"598\">\r\n\t\t<div class=\"w-grid-item-h\">\r\n\t\t\t\t\t\t<div class=\"w-post-elm post_image usg_post_image_1 has_height has_ratio\"><div style=\"padding-bottom:50%\"><\/div><a href=\"https:\/\/planetaverdeok.com\" target=\"_blank\" rel=\"noopener nofollow\" aria-label=\"Planeta verde\"><img loading=\"lazy\" decoding=\"async\" width=\"400\" height=\"200\" src=\"https:\/\/ficc.ar\/buenosaires2023\/wp-content\/uploads\/sites\/14\/2021\/10\/planeta-verde-1.png\" class=\"attachment-full size-full wp-post-image\" alt=\"\" srcset=\"https:\/\/ficc.ar\/buenosaires2023\/wp-content\/uploads\/sites\/14\/2021\/10\/planeta-verde-1.png 400w, https:\/\/ficc.ar\/buenosaires2023\/wp-content\/uploads\/sites\/14\/2021\/10\/planeta-verde-1-300x150.png 300w\" sizes=\"auto, (max-width: 400px) 100vw, 400px\" \/><\/a><\/div>\t\t<\/div>\r\n\t<\/article>\r\n\t<article class=\"w-grid-item size_1x1 post-1484 sponsor type-sponsor status-publish has-post-thumbnail hentry nivel-sponsors\" data-id=\"1484\">\r\n\t\t<div class=\"w-grid-item-h\">\r\n\t\t\t\t\t\t<div class=\"w-post-elm post_image usg_post_image_1 has_height has_ratio\"><div style=\"padding-bottom:50%\"><\/div><a href=\"https:\/\/www.instagram.com\/rastaalfajores\/?igshid=YmMyMTA2M2Y=\" target=\"_blank\" rel=\"noopener nofollow\" aria-label=\"Rasta alfajores\"><img loading=\"lazy\" decoding=\"async\" width=\"400\" height=\"200\" src=\"https:\/\/ficc.ar\/buenosaires2023\/wp-content\/uploads\/sites\/14\/2023\/01\/Rasta-alfajores.png\" class=\"attachment-full size-full wp-post-image\" alt=\"\" srcset=\"https:\/\/ficc.ar\/buenosaires2023\/wp-content\/uploads\/sites\/14\/2023\/01\/Rasta-alfajores.png 400w, https:\/\/ficc.ar\/buenosaires2023\/wp-content\/uploads\/sites\/14\/2023\/01\/Rasta-alfajores-300x150.png 300w\" sizes=\"auto, (max-width: 400px) 100vw, 400px\" \/><\/a><\/div>\t\t<\/div>\r\n\t<\/article>\r\n\t<article class=\"w-grid-item size_1x1 post-1433 sponsor type-sponsor status-publish has-post-thumbnail hentry nivel-sponsors\" data-id=\"1433\">\r\n\t\t<div class=\"w-grid-item-h\">\r\n\t\t\t\t\t\t<div class=\"w-post-elm post_image usg_post_image_1 has_height has_ratio\"><div style=\"padding-bottom:50%\"><\/div><a href=\"https:\/\/softsecrets.com\/es-419\" target=\"_blank\" rel=\"noopener nofollow\" aria-label=\"Soft Secrets\"><img loading=\"lazy\" decoding=\"async\" width=\"400\" height=\"200\" src=\"https:\/\/ficc.ar\/buenosaires2023\/wp-content\/uploads\/sites\/14\/2023\/01\/Soft-Web.png\" class=\"attachment-full size-full wp-post-image\" alt=\"\" srcset=\"https:\/\/ficc.ar\/buenosaires2023\/wp-content\/uploads\/sites\/14\/2023\/01\/Soft-Web.png 400w, https:\/\/ficc.ar\/buenosaires2023\/wp-content\/uploads\/sites\/14\/2023\/01\/Soft-Web-300x150.png 300w\" sizes=\"auto, (max-width: 400px) 100vw, 400px\" \/><\/a><\/div>\t\t<\/div>\r\n\t<\/article>\r\n\t<article class=\"w-grid-item size_1x1 post-1469 sponsor type-sponsor status-publish has-post-thumbnail hentry nivel-sponsors\" data-id=\"1469\">\r\n\t\t<div class=\"w-grid-item-h\">\r\n\t\t\t\t\t\t<div class=\"w-post-elm post_image usg_post_image_1 has_height has_ratio\"><div style=\"padding-bottom:50%\"><\/div><a href=\"https:\/\/www.instagram.com\/terpenica.laplata\/?hl=es\" target=\"_blank\" rel=\"noopener nofollow\" aria-label=\"Terpenica\"><img loading=\"lazy\" decoding=\"async\" width=\"400\" height=\"200\" src=\"https:\/\/ficc.ar\/buenosaires2023\/wp-content\/uploads\/sites\/14\/2023\/01\/Terpenica.png\" class=\"attachment-full size-full wp-post-image\" alt=\"\" srcset=\"https:\/\/ficc.ar\/buenosaires2023\/wp-content\/uploads\/sites\/14\/2023\/01\/Terpenica.png 400w, https:\/\/ficc.ar\/buenosaires2023\/wp-content\/uploads\/sites\/14\/2023\/01\/Terpenica-300x150.png 300w\" sizes=\"auto, (max-width: 400px) 100vw, 400px\" \/><\/a><\/div>\t\t<\/div>\r\n\t<\/article>\r\n\t<article class=\"w-grid-item size_1x1 post-1435 sponsor type-sponsor status-publish has-post-thumbnail hentry nivel-sponsors\" data-id=\"1435\">\r\n\t\t<div class=\"w-grid-item-h\">\r\n\t\t\t\t\t\t<div class=\"w-post-elm post_image usg_post_image_1 has_height has_ratio\"><div style=\"padding-bottom:50%\"><\/div><a href=\"https:\/\/www.instagram.com\/hopsyterps\/\" target=\"_blank\" rel=\"noopener nofollow\" aria-label=\"Weed\"><img loading=\"lazy\" decoding=\"async\" width=\"400\" height=\"200\" src=\"https:\/\/ficc.ar\/buenosaires2023\/wp-content\/uploads\/sites\/14\/2023\/01\/weed-web-copia.png\" class=\"attachment-full size-full wp-post-image\" alt=\"\" srcset=\"https:\/\/ficc.ar\/buenosaires2023\/wp-content\/uploads\/sites\/14\/2023\/01\/weed-web-copia.png 400w, https:\/\/ficc.ar\/buenosaires2023\/wp-content\/uploads\/sites\/14\/2023\/01\/weed-web-copia-300x150.png 300w\" sizes=\"auto, (max-width: 400px) 100vw, 400px\" \/><\/a><\/div>\t\t<\/div>\r\n\t<\/article>\r\n<\/div><div class=\"w-grid-preloader\"><div class=\"g-preloader type_1\">\r\n\t<div><\/div>\r\n<\/div>\r\n<\/div>\t<div class=\"w-grid-json hidden\" onclick='return {&quot;action&quot;:&quot;us_ajax_grid&quot;,&quot;ajax_url&quot;:&quot;https:\\\/\\\/ficc.ar\\\/buenosaires2023\\\/wp-admin\\\/admin-ajax.php&quot;,&quot;infinite_scroll&quot;:0,&quot;max_num_pages&quot;:1,&quot;pagination&quot;:&quot;none&quot;,&quot;permalink_url&quot;:&quot;https:\\\/\\\/ficc.ar\\\/buenosaires2023\\\/wp-json\\\/wp\\\/v2\\\/pages\\\/12&quot;,&quot;template_vars&quot;:{&quot;columns&quot;:&quot;4&quot;,&quot;exclude_items&quot;:&quot;none&quot;,&quot;img_size&quot;:&quot;default&quot;,&quot;ignore_items_size&quot;:0,&quot;items_layout&quot;:&quot;209&quot;,&quot;items_offset&quot;:&quot;1&quot;,&quot;load_animation&quot;:&quot;none&quot;,&quot;overriding_link&quot;:&quot;none&quot;,&quot;post_id&quot;:894,&quot;query_args&quot;:{&quot;post_type&quot;:[&quot;sponsor&quot;],&quot;tax_query&quot;:[{&quot;taxonomy&quot;:&quot;nivel&quot;,&quot;field&quot;:&quot;slug&quot;,&quot;terms&quot;:[&quot;sponsors&quot;]}],&quot;post_status&quot;:[&quot;publish&quot;,&quot;acf-disabled&quot;],&quot;posts_per_page&quot;:&quot;60&quot;},&quot;orderby_query_args&quot;:{&quot;orderby&quot;:{&quot;title&quot;:&quot;ASC&quot;},&quot;order&quot;:&quot;ASC&quot;},&quot;type&quot;:&quot;grid&quot;,&quot;us_grid_ajax_index&quot;:3,&quot;us_grid_filter_params&quot;:null,&quot;us_grid_index&quot;:12,&quot;_us_grid_post_type&quot;:&quot;sponsor&quot;,&quot;page_args&quot;:[]}}'><\/div>\r\n\t<\/div><div class=\"w-separator size_custom with_line width_default thick_1 style_solid color_border align_center\" style=\"height:1rem\"><div class=\"w-separator-h\"><\/div><\/div><div class=\"wpb_text_column us_custom_0741ea35\"><div class=\"wpb_wrapper\"><h3 style=\"text-align: center;\">Acompa\u00f1an<\/h3>\n<\/div><\/div><div class=\"w-grid type_grid layout_209 cols_4 valign_center\" id=\"us_grid_13\" style=\"--gap:0.2rem;\" data-filterable=\"true\"><style>@media (max-width:1024px){#us_grid_13 .w-grid-item{width:33.3333%}}@media (max-width:600px){#us_grid_13 .w-grid-item{width:50%}}<\/style><div class=\"w-grid-list\">\t<article class=\"w-grid-item size_1x1 post-155 sponsor type-sponsor status-publish has-post-thumbnail hentry nivel-acompanan\" data-id=\"155\">\r\n\t\t<div class=\"w-grid-item-h\">\r\n\t\t\t\t\t\t<div class=\"w-post-elm post_image usg_post_image_1 has_height has_ratio\"><div style=\"padding-bottom:50%\"><\/div><a href=\"https:\/\/andariegahemp.wixsite.com\/coop\" target=\"_blank\" rel=\"noopener nofollow\" aria-label=\"Andariega Hemp\"><img loading=\"lazy\" decoding=\"async\" width=\"400\" height=\"200\" src=\"https:\/\/ficc.ar\/buenosaires2023\/wp-content\/uploads\/sites\/14\/2021\/10\/Andariega-hemp.png\" class=\"attachment-full size-full wp-post-image\" alt=\"\" srcset=\"https:\/\/ficc.ar\/buenosaires2023\/wp-content\/uploads\/sites\/14\/2021\/10\/Andariega-hemp.png 400w, https:\/\/ficc.ar\/buenosaires2023\/wp-content\/uploads\/sites\/14\/2021\/10\/Andariega-hemp-300x150.png 300w\" sizes=\"auto, (max-width: 400px) 100vw, 400px\" \/><\/a><\/div>\t\t<\/div>\r\n\t<\/article>\r\n\t<article class=\"w-grid-item size_1x1 post-1476 sponsor type-sponsor status-publish has-post-thumbnail hentry nivel-acompanan\" data-id=\"1476\">\r\n\t\t<div class=\"w-grid-item-h\">\r\n\t\t\t\t\t\t<div class=\"w-post-elm post_image usg_post_image_1 has_height has_ratio\"><div style=\"padding-bottom:50%\"><\/div><a href=\"http:\/\/www.incaa.gov.ar\/gafas-violetas\" target=\"_blank\" rel=\"noopener nofollow\" aria-label=\"gafas\"><img loading=\"lazy\" decoding=\"async\" width=\"400\" height=\"200\" src=\"https:\/\/ficc.ar\/buenosaires2023\/wp-content\/uploads\/sites\/14\/2023\/01\/gafas.png\" class=\"attachment-full size-full wp-post-image\" alt=\"\" srcset=\"https:\/\/ficc.ar\/buenosaires2023\/wp-content\/uploads\/sites\/14\/2023\/01\/gafas.png 400w, https:\/\/ficc.ar\/buenosaires2023\/wp-content\/uploads\/sites\/14\/2023\/01\/gafas-300x150.png 300w\" sizes=\"auto, (max-width: 400px) 100vw, 400px\" \/><\/a><\/div>\t\t<\/div>\r\n\t<\/article>\r\n\t<article class=\"w-grid-item size_1x1 post-1446 sponsor type-sponsor status-publish has-post-thumbnail hentry nivel-acompanan\" data-id=\"1446\">\r\n\t\t<div class=\"w-grid-item-h\">\r\n\t\t\t\t\t\t<div class=\"w-post-elm post_image usg_post_image_1 has_height has_ratio\"><div style=\"padding-bottom:50%\"><\/div><a href=\"https:\/\/www.instagram.com\/ingeniero.cannabico\/\" target=\"_blank\" rel=\"noopener nofollow\" aria-label=\"Ingeniero cannabico\"><img loading=\"lazy\" decoding=\"async\" width=\"400\" height=\"200\" src=\"https:\/\/ficc.ar\/buenosaires2023\/wp-content\/uploads\/sites\/14\/2023\/01\/ingeiero-web.png\" class=\"attachment-full size-full wp-post-image\" alt=\"\" srcset=\"https:\/\/ficc.ar\/buenosaires2023\/wp-content\/uploads\/sites\/14\/2023\/01\/ingeiero-web.png 400w, https:\/\/ficc.ar\/buenosaires2023\/wp-content\/uploads\/sites\/14\/2023\/01\/ingeiero-web-300x150.png 300w\" sizes=\"auto, (max-width: 400px) 100vw, 400px\" \/><\/a><\/div>\t\t<\/div>\r\n\t<\/article>\r\n\t<article class=\"w-grid-item size_1x1 post-1250 sponsor type-sponsor status-publish has-post-thumbnail hentry nivel-acompanan\" data-id=\"1250\">\r\n\t\t<div class=\"w-grid-item-h\">\r\n\t\t\t\t\t\t<div class=\"w-post-elm post_image usg_post_image_1 has_height has_ratio\"><div style=\"padding-bottom:50%\"><\/div><a href=\"https:\/\/www.instagram.com\/larica.uruguay\/\" target=\"_blank\" rel=\"noopener nofollow\" aria-label=\"La Rica\"><img loading=\"lazy\" decoding=\"async\" width=\"400\" height=\"200\" src=\"https:\/\/ficc.ar\/buenosaires2023\/wp-content\/uploads\/sites\/14\/2022\/10\/La-rica-web.png\" class=\"attachment-full size-full wp-post-image\" alt=\"\" srcset=\"https:\/\/ficc.ar\/buenosaires2023\/wp-content\/uploads\/sites\/14\/2022\/10\/La-rica-web.png 400w, https:\/\/ficc.ar\/buenosaires2023\/wp-content\/uploads\/sites\/14\/2022\/10\/La-rica-web-300x150.png 300w\" sizes=\"auto, (max-width: 400px) 100vw, 400px\" \/><\/a><\/div>\t\t<\/div>\r\n\t<\/article>\r\n\t<article class=\"w-grid-item size_1x1 post-1471 sponsor type-sponsor status-publish has-post-thumbnail hentry nivel-acompanan\" data-id=\"1471\">\r\n\t\t<div class=\"w-grid-item-h\">\r\n\t\t\t\t\t\t<div class=\"w-post-elm post_image usg_post_image_1 has_height has_ratio\"><div style=\"padding-bottom:50%\"><\/div><a href=\"https:\/\/www.instagram.com\/mamacultivaargentina\/?hl=es\" target=\"_blank\" rel=\"noopener nofollow\" aria-label=\"Mama cultiva\"><img loading=\"lazy\" decoding=\"async\" width=\"400\" height=\"200\" src=\"https:\/\/ficc.ar\/buenosaires2023\/wp-content\/uploads\/sites\/14\/2023\/01\/mama-cultiva.png\" class=\"attachment-full size-full wp-post-image\" alt=\"\" srcset=\"https:\/\/ficc.ar\/buenosaires2023\/wp-content\/uploads\/sites\/14\/2023\/01\/mama-cultiva.png 400w, https:\/\/ficc.ar\/buenosaires2023\/wp-content\/uploads\/sites\/14\/2023\/01\/mama-cultiva-300x150.png 300w\" sizes=\"auto, (max-width: 400px) 100vw, 400px\" \/><\/a><\/div>\t\t<\/div>\r\n\t<\/article>\r\n\t<article class=\"w-grid-item size_1x1 post-1619 sponsor type-sponsor status-publish has-post-thumbnail hentry nivel-acompanan\" data-id=\"1619\">\r\n\t\t<div class=\"w-grid-item-h\">\r\n\t\t\t\t\t\t<div class=\"w-post-elm post_image usg_post_image_1 has_height has_ratio\"><div style=\"padding-bottom:50%\"><\/div><a href=\"http:\/\/www.incaa.gov.ar\/programas-especiales\/museos-de-pelicula\" target=\"_blank\" rel=\"noopener nofollow\" aria-label=\"Museo peliculas\"><img loading=\"lazy\" decoding=\"async\" width=\"400\" height=\"200\" src=\"https:\/\/ficc.ar\/buenosaires2023\/wp-content\/uploads\/sites\/14\/2023\/02\/INCAA-MUseo-peliculas-WEB.png\" class=\"attachment-full size-full wp-post-image\" alt=\"\" srcset=\"https:\/\/ficc.ar\/buenosaires2023\/wp-content\/uploads\/sites\/14\/2023\/02\/INCAA-MUseo-peliculas-WEB.png 400w, https:\/\/ficc.ar\/buenosaires2023\/wp-content\/uploads\/sites\/14\/2023\/02\/INCAA-MUseo-peliculas-WEB-300x150.png 300w\" sizes=\"auto, (max-width: 400px) 100vw, 400px\" \/><\/a><\/div>\t\t<\/div>\r\n\t<\/article>\r\n\t<article class=\"w-grid-item size_1x1 post-1473 sponsor type-sponsor status-publish has-post-thumbnail hentry nivel-acompanan\" data-id=\"1473\">\r\n\t\t<div class=\"w-grid-item-h\">\r\n\t\t\t\t\t\t<div class=\"w-post-elm post_image usg_post_image_1 has_height has_ratio\"><div style=\"padding-bottom:50%\"><\/div><a href=\"https:\/\/www.instagram.com\/proyectocanamo\/?hl=es\" target=\"_blank\" rel=\"noopener nofollow\" aria-label=\"Proyecto ca\u00f1amo\"><img loading=\"lazy\" decoding=\"async\" width=\"400\" height=\"200\" src=\"https:\/\/ficc.ar\/buenosaires2023\/wp-content\/uploads\/sites\/14\/2023\/01\/proyecto-canamo.png\" class=\"attachment-full size-full wp-post-image\" alt=\"\" srcset=\"https:\/\/ficc.ar\/buenosaires2023\/wp-content\/uploads\/sites\/14\/2023\/01\/proyecto-canamo.png 400w, https:\/\/ficc.ar\/buenosaires2023\/wp-content\/uploads\/sites\/14\/2023\/01\/proyecto-canamo-300x150.png 300w\" sizes=\"auto, (max-width: 400px) 100vw, 400px\" \/><\/a><\/div>\t\t<\/div>\r\n\t<\/article>\r\n\t<article class=\"w-grid-item size_1x1 post-1441 sponsor type-sponsor status-publish has-post-thumbnail hentry nivel-acompanan\" data-id=\"1441\">\r\n\t\t<div class=\"w-grid-item-h\">\r\n\t\t\t\t\t\t<div class=\"w-post-elm post_image usg_post_image_1 has_height has_ratio\"><div style=\"padding-bottom:50%\"><\/div><a href=\"http:\/\/resetdrogas.com.ar\/\" target=\"_blank\" rel=\"noopener nofollow\" aria-label=\"Reset\"><img loading=\"lazy\" decoding=\"async\" width=\"400\" height=\"200\" src=\"https:\/\/ficc.ar\/buenosaires2023\/wp-content\/uploads\/sites\/14\/2023\/01\/RESET-web.png\" class=\"attachment-full size-full wp-post-image\" alt=\"\" srcset=\"https:\/\/ficc.ar\/buenosaires2023\/wp-content\/uploads\/sites\/14\/2023\/01\/RESET-web.png 400w, https:\/\/ficc.ar\/buenosaires2023\/wp-content\/uploads\/sites\/14\/2023\/01\/RESET-web-300x150.png 300w\" sizes=\"auto, (max-width: 400px) 100vw, 400px\" \/><\/a><\/div>\t\t<\/div>\r\n\t<\/article>\r\n<\/div><div class=\"w-grid-preloader\"><div class=\"g-preloader type_1\">\r\n\t<div><\/div>\r\n<\/div>\r\n<\/div>\t<div class=\"w-grid-json hidden\" onclick='return {&quot;action&quot;:&quot;us_ajax_grid&quot;,&quot;ajax_url&quot;:&quot;https:\\\/\\\/ficc.ar\\\/buenosaires2023\\\/wp-admin\\\/admin-ajax.php&quot;,&quot;infinite_scroll&quot;:0,&quot;max_num_pages&quot;:1,&quot;pagination&quot;:&quot;none&quot;,&quot;permalink_url&quot;:&quot;https:\\\/\\\/ficc.ar\\\/buenosaires2023\\\/wp-json\\\/wp\\\/v2\\\/pages\\\/12&quot;,&quot;template_vars&quot;:{&quot;columns&quot;:&quot;4&quot;,&quot;exclude_items&quot;:&quot;none&quot;,&quot;img_size&quot;:&quot;default&quot;,&quot;ignore_items_size&quot;:0,&quot;items_layout&quot;:&quot;209&quot;,&quot;items_offset&quot;:&quot;1&quot;,&quot;load_animation&quot;:&quot;none&quot;,&quot;overriding_link&quot;:&quot;none&quot;,&quot;post_id&quot;:894,&quot;query_args&quot;:{&quot;post_type&quot;:[&quot;sponsor&quot;],&quot;tax_query&quot;:[{&quot;taxonomy&quot;:&quot;nivel&quot;,&quot;field&quot;:&quot;slug&quot;,&quot;terms&quot;:[&quot;acompanan&quot;]}],&quot;post_status&quot;:[&quot;publish&quot;,&quot;acf-disabled&quot;],&quot;posts_per_page&quot;:&quot;60&quot;},&quot;orderby_query_args&quot;:{&quot;orderby&quot;:{&quot;title&quot;:&quot;ASC&quot;},&quot;order&quot;:&quot;ASC&quot;},&quot;type&quot;:&quot;grid&quot;,&quot;us_grid_ajax_index&quot;:4,&quot;us_grid_filter_params&quot;:null,&quot;us_grid_index&quot;:13,&quot;_us_grid_post_type&quot;:&quot;sponsor&quot;,&quot;page_args&quot;:[]}}'><\/div>\r\n\t<\/div><div class=\"w-separator size_custom with_line width_default thick_1 style_solid color_border align_center\" style=\"height:1rem\"><div class=\"w-separator-h\"><\/div><\/div><div class=\"wpb_text_column us_custom_0741ea35\"><div class=\"wpb_wrapper\"><h3 style=\"text-align: center;\">Media Partners<\/h3>\n<\/div><\/div><div class=\"w-grid type_grid layout_209 cols_3 valign_center\" id=\"us_grid_14\" style=\"--gap:0.2rem;\" data-filterable=\"true\"><style>@media (max-width:600px){#us_grid_14 .w-grid-item{width:50%}}<\/style><div class=\"w-grid-list\">\t<article class=\"w-grid-item size_1x1 post-1236 sponsor type-sponsor status-publish has-post-thumbnail hentry nivel-media-partners\" data-id=\"1236\">\r\n\t\t<div class=\"w-grid-item-h\">\r\n\t\t\t\t\t\t<div class=\"w-post-elm post_image usg_post_image_1 has_height has_ratio\"><div style=\"padding-bottom:50%\"><\/div><a href=\"https:\/\/cannabicaargentina.com\/\" target=\"_blank\" rel=\"noopener nofollow\" aria-label=\"Cannabica Argentina\"><img loading=\"lazy\" decoding=\"async\" width=\"400\" height=\"200\" src=\"https:\/\/ficc.ar\/buenosaires2023\/wp-content\/uploads\/sites\/14\/2022\/10\/cannabica-1.png\" class=\"attachment-full size-full wp-post-image\" alt=\"\" srcset=\"https:\/\/ficc.ar\/buenosaires2023\/wp-content\/uploads\/sites\/14\/2022\/10\/cannabica-1.png 400w, https:\/\/ficc.ar\/buenosaires2023\/wp-content\/uploads\/sites\/14\/2022\/10\/cannabica-1-300x150.png 300w\" sizes=\"auto, (max-width: 400px) 100vw, 400px\" \/><\/a><\/div>\t\t<\/div>\r\n\t<\/article>\r\n\t<article class=\"w-grid-item size_1x1 post-182 sponsor type-sponsor status-publish has-post-thumbnail hentry nivel-media-partners\" data-id=\"182\">\r\n\t\t<div class=\"w-grid-item-h\">\r\n\t\t\t\t\t\t<div class=\"w-post-elm post_image usg_post_image_1 has_height has_ratio\"><div style=\"padding-bottom:50%\"><\/div><a href=\"https:\/\/cannabismonitor.com.br\/\" target=\"_blank\" rel=\"noopener nofollow\" aria-label=\"Cannabis Monitor\"><img loading=\"lazy\" decoding=\"async\" width=\"400\" height=\"200\" src=\"https:\/\/ficc.ar\/buenosaires2023\/wp-content\/uploads\/sites\/14\/2021\/10\/cannabis-monitor-1.png\" class=\"attachment-full size-full wp-post-image\" alt=\"\" srcset=\"https:\/\/ficc.ar\/buenosaires2023\/wp-content\/uploads\/sites\/14\/2021\/10\/cannabis-monitor-1.png 400w, https:\/\/ficc.ar\/buenosaires2023\/wp-content\/uploads\/sites\/14\/2021\/10\/cannabis-monitor-1-300x150.png 300w\" sizes=\"auto, (max-width: 400px) 100vw, 400px\" \/><\/a><\/div>\t\t<\/div>\r\n\t<\/article>\r\n\t<article class=\"w-grid-item size_1x1 post-184 sponsor type-sponsor status-publish has-post-thumbnail hentry nivel-media-partners\" data-id=\"184\">\r\n\t\t<div class=\"w-grid-item-h\">\r\n\t\t\t\t\t\t<div class=\"w-post-elm post_image usg_post_image_1 has_height has_ratio\"><div style=\"padding-bottom:50%\"><\/div><a href=\"https:\/\/elplanteo.com\/\" target=\"_blank\" rel=\"noopener nofollow\" aria-label=\"El Planteo\"><img loading=\"lazy\" decoding=\"async\" width=\"400\" height=\"200\" src=\"https:\/\/ficc.ar\/buenosaires2023\/wp-content\/uploads\/sites\/14\/2021\/10\/El-Planteo.png\" class=\"attachment-full size-full wp-post-image\" alt=\"\" srcset=\"https:\/\/ficc.ar\/buenosaires2023\/wp-content\/uploads\/sites\/14\/2021\/10\/El-Planteo.png 400w, https:\/\/ficc.ar\/buenosaires2023\/wp-content\/uploads\/sites\/14\/2021\/10\/El-Planteo-300x150.png 300w\" sizes=\"auto, (max-width: 400px) 100vw, 400px\" \/><\/a><\/div>\t\t<\/div>\r\n\t<\/article>\r\n\t<article class=\"w-grid-item size_1x1 post-1437 sponsor type-sponsor status-publish has-post-thumbnail hentry nivel-media-partners\" data-id=\"1437\">\r\n\t\t<div class=\"w-grid-item-h\">\r\n\t\t\t\t\t\t<div class=\"w-post-elm post_image usg_post_image_1 has_height has_ratio\"><div style=\"padding-bottom:50%\"><\/div><a href=\"https:\/\/www.instagram.com\/hierba.site\/\" target=\"_blank\" rel=\"noopener nofollow\" aria-label=\"Hierbasite\"><img loading=\"lazy\" decoding=\"async\" width=\"400\" height=\"200\" src=\"https:\/\/ficc.ar\/buenosaires2023\/wp-content\/uploads\/sites\/14\/2023\/01\/hierbasite.png\" class=\"attachment-full size-full wp-post-image\" alt=\"\" srcset=\"https:\/\/ficc.ar\/buenosaires2023\/wp-content\/uploads\/sites\/14\/2023\/01\/hierbasite.png 400w, https:\/\/ficc.ar\/buenosaires2023\/wp-content\/uploads\/sites\/14\/2023\/01\/hierbasite-300x150.png 300w\" sizes=\"auto, (max-width: 400px) 100vw, 400px\" \/><\/a><\/div>\t\t<\/div>\r\n\t<\/article>\r\n\t<article class=\"w-grid-item size_1x1 post-1611 sponsor type-sponsor status-publish has-post-thumbnail hentry nivel-media-partners\" data-id=\"1611\">\r\n\t\t<div class=\"w-grid-item-h\">\r\n\t\t\t\t\t\t<div class=\"w-post-elm post_image usg_post_image_1 has_height has_ratio\"><div style=\"padding-bottom:50%\"><\/div><a href=\"http:\/\/www.pelagatos.com.ar\/\" target=\"_blank\" rel=\"noopener nofollow\" aria-label=\"Pelagatos\"><img loading=\"lazy\" decoding=\"async\" width=\"400\" height=\"200\" src=\"https:\/\/ficc.ar\/buenosaires2023\/wp-content\/uploads\/sites\/14\/2023\/02\/Pelagatos-WEB.png\" class=\"attachment-full size-full wp-post-image\" alt=\"\" srcset=\"https:\/\/ficc.ar\/buenosaires2023\/wp-content\/uploads\/sites\/14\/2023\/02\/Pelagatos-WEB.png 400w, https:\/\/ficc.ar\/buenosaires2023\/wp-content\/uploads\/sites\/14\/2023\/02\/Pelagatos-WEB-300x150.png 300w\" sizes=\"auto, (max-width: 400px) 100vw, 400px\" \/><\/a><\/div>\t\t<\/div>\r\n\t<\/article>\r\n\t<article class=\"w-grid-item size_1x1 post-178 sponsor type-sponsor status-publish has-post-thumbnail hentry nivel-media-partners\" data-id=\"178\">\r\n\t\t<div class=\"w-grid-item-h\">\r\n\t\t\t\t\t\t<div class=\"w-post-elm post_image usg_post_image_1 has_height has_ratio\"><div style=\"padding-bottom:50%\"><\/div><a href=\"https:\/\/rockandgrow.fm\/\" target=\"_blank\" rel=\"noopener nofollow\" aria-label=\"Rock and grow\"><img loading=\"lazy\" decoding=\"async\" width=\"400\" height=\"200\" src=\"https:\/\/ficc.ar\/buenosaires2023\/wp-content\/uploads\/sites\/14\/2021\/10\/880-rock-and-grow-1.png\" class=\"attachment-full size-full wp-post-image\" alt=\"\" srcset=\"https:\/\/ficc.ar\/buenosaires2023\/wp-content\/uploads\/sites\/14\/2021\/10\/880-rock-and-grow-1.png 400w, https:\/\/ficc.ar\/buenosaires2023\/wp-content\/uploads\/sites\/14\/2021\/10\/880-rock-and-grow-1-300x150.png 300w\" sizes=\"auto, (max-width: 400px) 100vw, 400px\" \/><\/a><\/div>\t\t<\/div>\r\n\t<\/article>\r\n<\/div><div class=\"w-grid-preloader\"><div class=\"g-preloader type_1\">\r\n\t<div><\/div>\r\n<\/div>\r\n<\/div>\t<div class=\"w-grid-json hidden\" onclick='return {&quot;action&quot;:&quot;us_ajax_grid&quot;,&quot;ajax_url&quot;:&quot;https:\\\/\\\/ficc.ar\\\/buenosaires2023\\\/wp-admin\\\/admin-ajax.php&quot;,&quot;infinite_scroll&quot;:0,&quot;max_num_pages&quot;:1,&quot;pagination&quot;:&quot;none&quot;,&quot;permalink_url&quot;:&quot;https:\\\/\\\/ficc.ar\\\/buenosaires2023\\\/wp-json\\\/wp\\\/v2\\\/pages\\\/12&quot;,&quot;template_vars&quot;:{&quot;columns&quot;:&quot;3&quot;,&quot;exclude_items&quot;:&quot;none&quot;,&quot;img_size&quot;:&quot;default&quot;,&quot;ignore_items_size&quot;:0,&quot;items_layout&quot;:&quot;209&quot;,&quot;items_offset&quot;:&quot;1&quot;,&quot;load_animation&quot;:&quot;none&quot;,&quot;overriding_link&quot;:&quot;none&quot;,&quot;post_id&quot;:894,&quot;query_args&quot;:{&quot;post_type&quot;:[&quot;sponsor&quot;],&quot;tax_query&quot;:[{&quot;taxonomy&quot;:&quot;nivel&quot;,&quot;field&quot;:&quot;slug&quot;,&quot;terms&quot;:[&quot;media-partners&quot;]}],&quot;post_status&quot;:[&quot;publish&quot;,&quot;acf-disabled&quot;],&quot;posts_per_page&quot;:&quot;60&quot;},&quot;orderby_query_args&quot;:{&quot;orderby&quot;:{&quot;title&quot;:&quot;ASC&quot;},&quot;order&quot;:&quot;ASC&quot;},&quot;type&quot;:&quot;grid&quot;,&quot;us_grid_ajax_index&quot;:5,&quot;us_grid_filter_params&quot;:null,&quot;us_grid_index&quot;:14,&quot;_us_grid_post_type&quot;:&quot;sponsor&quot;,&quot;page_args&quot;:[]}}'><\/div>\r\n\t<\/div>\n<\/div><\/div><\/div><\/div><\/div><\/section>\n","protected":false},"excerpt":{"rendered":"","protected":false},"author":1,"featured_media":1419,"parent":0,"menu_order":0,"comment_status":"closed","ping_status":"closed","template":"","meta":{"_acf_changed":false,"footnotes":""},"class_list":["post-12","page","type-page","status-publish","has-post-thumbnail","hentry"],"acf":[],"_links":{"self":[{"href":"https:\/\/ficc.ar\/buenosaires2023\/wp-json\/wp\/v2\/pages\/12","targetHints":{"allow":["GET"]}}],"collection":[{"href":"https:\/\/ficc.ar\/buenosaires2023\/wp-json\/wp\/v2\/pages"}],"about":[{"href":"https:\/\/ficc.ar\/buenosaires2023\/wp-json\/wp\/v2\/types\/page"}],"author":[{"embeddable":true,"href":"https:\/\/ficc.ar\/buenosaires2023\/wp-json\/wp\/v2\/users\/1"}],"replies":[{"embeddable":true,"href":"https:\/\/ficc.ar\/buenosaires2023\/wp-json\/wp\/v2\/comments?post=12"}],"version-history":[{"count":177,"href":"https:\/\/ficc.ar\/buenosaires2023\/wp-json\/wp\/v2\/pages\/12\/revisions"}],"predecessor-version":[{"id":1810,"href":"https:\/\/ficc.ar\/buenosaires2023\/wp-json\/wp\/v2\/pages\/12\/revisions\/1810"}],"wp:featuredmedia":[{"embeddable":true,"href":"https:\/\/ficc.ar\/buenosaires2023\/wp-json\/wp\/v2\/media\/1419"}],"wp:attachment":[{"href":"https:\/\/ficc.ar\/buenosaires2023\/wp-json\/wp\/v2\/media?parent=12"}],"curies":[{"name":"wp","href":"https:\/\/api.w.org\/{rel}","templated":true}]}}