{"id":12,"date":"2025-01-26T08:42:27","date_gmt":"2025-01-26T11:42:27","guid":{"rendered":"https:\/\/ficc.ar\/buenosaires2025\/?page_id=12"},"modified":"2025-10-01T23:15:47","modified_gmt":"2025-10-02T02:15:47","slug":"buenosaires2025","status":"publish","type":"page","link":"https:\/\/ficc.ar\/buenosaires2025\/","title":{"rendered":"FICC Buenos Aires 2025"},"content":{"rendered":"<section class=\"l-section wpb_row us_custom_9db6ce90 hide_on_default hide_on_laptops height_auto width_full parallax_fixed\" id=\"SECCION 1 - mobile\"><div class=\"l-section-h i-cf\"><div class=\"g-cols vc_row via_flex valign_middle type_default stacking_default\" style=\"--additional-gap:0px;\"><div class=\"vc_col-sm-12 wpb_column vc_column_container\"><div class=\"vc_column-inner us_custom_4af741be\"><div class=\"wpb_wrapper\"><div class=\"g-cols wpb_row us_custom_cc96cec3 via_flex valign_middle type_default stacking_default\"><div class=\"vc_col-sm-4 wpb_column vc_column_container\"><div class=\"vc_column-inner\"><div class=\"wpb_wrapper\"><\/div><\/div><\/div><div class=\"vc_col-sm-4 wpb_column vc_column_container has_bg_color\"><div class=\"vc_column-inner us_custom_50b218d1\"><div class=\"wpb_wrapper\"><div class=\"w-separator size_custom\" style=\"height:100px\"><\/div><div class=\"w-image us_custom_a87b11fa us_animate_this align_none\"><div class=\"w-image-h\"><img loading=\"lazy\" decoding=\"async\" width=\"1080\" height=\"816\" src=\"https:\/\/ficc.ar\/buenosaires2025\/wp-content\/uploads\/sites\/17\/2025\/01\/Fondo-web-celu-SOLO-TEXTO.png\" class=\"attachment-full size-full\" alt=\"\" srcset=\"https:\/\/ficc.ar\/buenosaires2025\/wp-content\/uploads\/sites\/17\/2025\/01\/Fondo-web-celu-SOLO-TEXTO.png 1080w, https:\/\/ficc.ar\/buenosaires2025\/wp-content\/uploads\/sites\/17\/2025\/01\/Fondo-web-celu-SOLO-TEXTO-300x227.png 300w, https:\/\/ficc.ar\/buenosaires2025\/wp-content\/uploads\/sites\/17\/2025\/01\/Fondo-web-celu-SOLO-TEXTO-1024x774.png 1024w\" sizes=\"auto, (max-width: 1080px) 100vw, 1080px\" \/><\/div><\/div><div class=\"w-separator size_small\"><\/div><div class=\"w-hwrapper align_center valign_middle\" style=\"--hwrapper-gap:1.20rem\"><div class=\"w-counter us_custom_9bde0230 has_text_color color_custom align_center\" data-duration=\"1\"><div class=\"w-counter-value\" style=\"color:var(--color-header-middle-text-hover);\"><span class=\"w-counter-value-part type_text\" data-final=\"\"><\/span><span class=\"w-counter-value-part type_number\" data-final=\"32\">1<\/span><span class=\"w-counter-value-part type_text\" data-final=\"\"><\/span><\/div><h6 class=\"w-counter-title\">Pel\u00edculas<\/h6><\/div><div class=\"wpb_text_column\"><div class=\"wpb_wrapper\"><h2 style=\"text-align: center\">&#8211;<\/h2>\n<\/div><\/div><div class=\"w-counter us_custom_e19116a8 has_text_color color_primary align_center\" data-duration=\"1\"><div class=\"w-counter-value\"><span class=\"w-counter-value-part type_text\" data-final=\"\"><\/span><span class=\"w-counter-value-part type_number\" data-final=\"14\">1<\/span><span class=\"w-counter-value-part type_text\" data-final=\"\"><\/span><\/div><h6 class=\"w-counter-title\">Pa\u00edses<\/h6><\/div><\/div><div class=\"w-separator size_custom\" style=\"height:100px\"><\/div><\/div><\/div><\/div><div class=\"vc_col-sm-4 wpb_column vc_column_container\"><div class=\"vc_column-inner\"><div class=\"wpb_wrapper\"><\/div><\/div><\/div><\/div><\/div><\/div><\/div><\/div><\/div><\/section><section class=\"l-section wpb_row us_custom_53b83c97 hide_on_tablets hide_on_mobiles height_auto parallax_fixed\" id=\"SECCION 1 - DESKTOP\"><div class=\"l-section-h i-cf\"><div class=\"g-cols vc_row via_flex valign_middle type_default stacking_default\" style=\"--additional-gap:0px;\"><div class=\"vc_col-sm-6 wpb_column vc_column_container\"><div class=\"vc_column-inner us_custom_51ed1fcb\"><div class=\"wpb_wrapper\"><div class=\"w-image us_custom_35e1d066 align_center\" id=\"imagenprincipal\"><div class=\"w-image-h\"><img loading=\"lazy\" decoding=\"async\" width=\"1079\" height=\"1080\" src=\"https:\/\/ficc.ar\/buenosaires2025\/wp-content\/uploads\/sites\/17\/2025\/01\/objeto-capa-1.png\" class=\"attachment-full size-full\" alt=\"\" srcset=\"https:\/\/ficc.ar\/buenosaires2025\/wp-content\/uploads\/sites\/17\/2025\/01\/objeto-capa-1.png 1079w, https:\/\/ficc.ar\/buenosaires2025\/wp-content\/uploads\/sites\/17\/2025\/01\/objeto-capa-1-300x300.png 300w, https:\/\/ficc.ar\/buenosaires2025\/wp-content\/uploads\/sites\/17\/2025\/01\/objeto-capa-1-1024x1024.png 1024w, https:\/\/ficc.ar\/buenosaires2025\/wp-content\/uploads\/sites\/17\/2025\/01\/objeto-capa-1-150x150.png 150w\" sizes=\"auto, (max-width: 1079px) 100vw, 1079px\" \/><\/div><\/div><\/div><\/div><\/div><div class=\"vc_col-sm-6 wpb_column vc_column_container\"><div class=\"vc_column-inner us_custom_c55b6738\"><div class=\"wpb_wrapper\"><div class=\"w-image us_custom_a3a6d799 us_animate_this align_center\"><div class=\"w-image-h\"><img loading=\"lazy\" decoding=\"async\" width=\"2700\" height=\"846\" src=\"https:\/\/ficc.ar\/buenosaires2025\/wp-content\/uploads\/sites\/17\/2025\/01\/FICC-Baires-2025-transp.png\" class=\"attachment-full size-full\" alt=\"\" srcset=\"https:\/\/ficc.ar\/buenosaires2025\/wp-content\/uploads\/sites\/17\/2025\/01\/FICC-Baires-2025-transp.png 2700w, https:\/\/ficc.ar\/buenosaires2025\/wp-content\/uploads\/sites\/17\/2025\/01\/FICC-Baires-2025-transp-300x94.png 300w, https:\/\/ficc.ar\/buenosaires2025\/wp-content\/uploads\/sites\/17\/2025\/01\/FICC-Baires-2025-transp-1024x321.png 1024w\" sizes=\"auto, (max-width: 2700px) 100vw, 2700px\" \/><\/div><\/div><div class=\"w-hwrapper align_center valign_middle\" style=\"--hwrapper-gap:1.20rem\"><div class=\"w-counter us_custom_9bde0230 has_text_color color_custom align_center\" data-duration=\"1\"><div class=\"w-counter-value\" style=\"color:var(--color-header-middle-text-hover);\"><span class=\"w-counter-value-part type_text\" data-final=\"\"><\/span><span class=\"w-counter-value-part type_number\" data-final=\"32\">1<\/span><span class=\"w-counter-value-part type_text\" data-final=\"\"><\/span><\/div><h6 class=\"w-counter-title\">Pel\u00edculas<\/h6><\/div><div class=\"wpb_text_column\"><div class=\"wpb_wrapper\"><h2 style=\"text-align: center\">&#8211;<\/h2>\n<\/div><\/div><div class=\"w-counter us_custom_e19116a8 has_text_color color_primary align_center\" data-duration=\"1\"><div class=\"w-counter-value\"><span class=\"w-counter-value-part type_text\" data-final=\"\"><\/span><span class=\"w-counter-value-part type_number\" data-final=\"14\">1<\/span><span class=\"w-counter-value-part type_text\" data-final=\"\"><\/span><\/div><h6 class=\"w-counter-title\">Pa\u00edses<\/h6><\/div><\/div><\/div><\/div><\/div><\/div><\/div><\/section><section class=\"l-section wpb_row us_custom_bd6e671a hide_on_default hide_on_laptops hide_on_tablets hide_on_mobiles height_auto parallax_fixed\" id=\"SECCION 1 - DESKTOP\"><div class=\"l-section-h i-cf\"><div class=\"g-cols vc_row via_flex valign_middle type_default stacking_default\" style=\"--additional-gap:0px;\"><div class=\"vc_col-sm-6 wpb_column vc_column_container\"><div class=\"vc_column-inner us_custom_51ed1fcb\"><div class=\"wpb_wrapper\"><div class=\"w-image us_custom_35e1d066 align_center\" id=\"imagenprincipal\"><div class=\"w-image-h\"><img loading=\"lazy\" decoding=\"async\" width=\"1079\" height=\"1080\" src=\"https:\/\/ficc.ar\/buenosaires2025\/wp-content\/uploads\/sites\/17\/2025\/01\/objeto-capa-1.png\" class=\"attachment-full size-full\" alt=\"\" srcset=\"https:\/\/ficc.ar\/buenosaires2025\/wp-content\/uploads\/sites\/17\/2025\/01\/objeto-capa-1.png 1079w, https:\/\/ficc.ar\/buenosaires2025\/wp-content\/uploads\/sites\/17\/2025\/01\/objeto-capa-1-300x300.png 300w, https:\/\/ficc.ar\/buenosaires2025\/wp-content\/uploads\/sites\/17\/2025\/01\/objeto-capa-1-1024x1024.png 1024w, https:\/\/ficc.ar\/buenosaires2025\/wp-content\/uploads\/sites\/17\/2025\/01\/objeto-capa-1-150x150.png 150w\" sizes=\"auto, (max-width: 1079px) 100vw, 1079px\" \/><\/div><\/div><\/div><\/div><\/div><div class=\"vc_col-sm-6 wpb_column vc_column_container\"><div class=\"vc_column-inner us_custom_62e83ffe\"><div class=\"wpb_wrapper\"><div class=\"w-image us_custom_afd8c9d2 us_animate_this align_center\"><div class=\"w-image-h\"><img loading=\"lazy\" decoding=\"async\" width=\"172\" height=\"101\" src=\"https:\/\/ficc.ar\/buenosaires2025\/wp-content\/uploads\/sites\/17\/2025\/01\/ficc-logo-2025-blanco.png\" class=\"attachment-medium size-medium\" alt=\"\" \/><\/div><\/div>[vc_custom_heading text=&#8221;5\u00b0 EDICI\u00d3N<br \/>\nbs.as. 2025&#8243; font_container=&#8221;tag:h2|text_align:center&#8221; use_theme_fonts=&#8221;yes&#8221; css=&#8221;%7B%22default%22%3A%7B%22color%22%3A%22%23262626%22%2C%22text-align%22%3A%22left%22%2C%22font-size%22%3A%2246px%22%2C%22line-height%22%3A%2238px%22%2C%22animation-name%22%3A%22afl%22%2C%22animation-delay%22%3A%222.10s%22%7D%7D&#8221;]<div class=\"w-hwrapper align_left valign_middle\" style=\"--hwrapper-gap:1.20rem\"><div class=\"w-counter us_custom_9bde0230 has_text_color color_custom align_center\" data-duration=\"1\"><div class=\"w-counter-value\" style=\"color:var(--color-header-middle-text-hover);\"><span class=\"w-counter-value-part type_text\" data-final=\"\"><\/span><span class=\"w-counter-value-part type_number\" data-final=\"32\">1<\/span><span class=\"w-counter-value-part type_text\" data-final=\"\"><\/span><\/div><h6 class=\"w-counter-title\">Pel\u00edculas<\/h6><\/div><div class=\"wpb_text_column\"><div class=\"wpb_wrapper\"><h2 style=\"text-align: center\">&#8211;<\/h2>\n<\/div><\/div><div class=\"w-counter us_custom_e19116a8 has_text_color color_primary align_center\" data-duration=\"1\"><div class=\"w-counter-value\"><span class=\"w-counter-value-part type_text\" data-final=\"\"><\/span><span class=\"w-counter-value-part type_number\" data-final=\"14\">1<\/span><span class=\"w-counter-value-part type_text\" data-final=\"\"><\/span><\/div><h6 class=\"w-counter-title\">Pa\u00edses<\/h6><\/div><\/div>[vc_custom_heading text=&#8221;19 al 23 de Febrero&#8221; font_container=&#8221;tag:h2|text_align:center&#8221; use_theme_fonts=&#8221;yes&#8221; css=&#8221;%7B%22default%22%3A%7B%22color%22%3A%22_content_primary%22%2C%22text-align%22%3A%22left%22%2C%22font-size%22%3A%222.2rem%22%2C%22margin-top%22%3A%220px%22%2C%22padding-top%22%3A%220px%22%2C%22animation-name%22%3A%22afl%22%2C%22animation-delay%22%3A%222.5s%22%7D%7D&#8221;]<\/div><\/div><\/div><\/div><\/div><\/section><section class=\"l-section wpb_row us_custom_9db6ce90 hide_on_default hide_on_laptops hide_on_tablets hide_on_mobiles height_auto width_full parallax_fixed\" id=\"SECCION 1 - mobile OCULTA\"><div class=\"l-section-h i-cf\"><div class=\"g-cols vc_row via_flex valign_middle type_default stacking_default\" style=\"--additional-gap:0px;\"><div class=\"vc_col-sm-12 wpb_column vc_column_container\"><div class=\"vc_column-inner us_custom_4af741be\"><div class=\"wpb_wrapper\"><div class=\"g-cols wpb_row us_custom_cc96cec3 via_flex valign_middle type_default stacking_default\"><div class=\"vc_col-sm-4 wpb_column vc_column_container\"><div class=\"vc_column-inner\"><div class=\"wpb_wrapper\"><\/div><\/div><\/div><div class=\"vc_col-sm-4 wpb_column vc_column_container has_bg_color\"><div class=\"vc_column-inner us_custom_50b218d1\"><div class=\"wpb_wrapper\"><div class=\"w-separator size_custom\" style=\"height:30px\"><\/div><div class=\"w-separator size_custom\" style=\"height:30px\"><\/div><div class=\"w-image us_custom_a87b11fa us_animate_this align_none\"><div class=\"w-image-h\"><img loading=\"lazy\" decoding=\"async\" width=\"172\" height=\"101\" src=\"https:\/\/ficc.ar\/buenosaires2025\/wp-content\/uploads\/sites\/17\/2025\/01\/ficc-logo-negro.png\" class=\"attachment-full size-full\" alt=\"\" \/><\/div><\/div><div class=\"w-separator size_small\"><\/div>[vc_custom_heading text=&#8221;5\u00b0 EDICI\u00d3N<br \/>\nbs.as. 2025&#8243; font_container=&#8221;tag:h2|text_align:center&#8221; use_theme_fonts=&#8221;yes&#8221; css=&#8221;%7B%22default%22%3A%7B%22color%22%3A%22%23262626%22%2C%22font-size%22%3A%2246px%22%2C%22line-height%22%3A%2238px%22%2C%22animation-name%22%3A%22afl%22%2C%22animation-delay%22%3A%222.10s%22%7D%7D&#8221;]<div class=\"w-hwrapper align_center valign_middle\" style=\"--hwrapper-gap:1.20rem\"><div class=\"w-counter us_custom_9bde0230 has_text_color color_custom align_center\" data-duration=\"1\"><div class=\"w-counter-value\" style=\"color:var(--color-header-middle-text-hover);\"><span class=\"w-counter-value-part type_text\" data-final=\"\"><\/span><span class=\"w-counter-value-part type_number\" data-final=\"32\">1<\/span><span class=\"w-counter-value-part type_text\" data-final=\"\"><\/span><\/div><h6 class=\"w-counter-title\">Pel\u00edculas<\/h6><\/div><div class=\"wpb_text_column\"><div class=\"wpb_wrapper\"><h2 style=\"text-align: center\">&#8211;<\/h2>\n<\/div><\/div><div class=\"w-counter us_custom_e19116a8 has_text_color color_primary align_center\" data-duration=\"1\"><div class=\"w-counter-value\"><span class=\"w-counter-value-part type_text\" data-final=\"\"><\/span><span class=\"w-counter-value-part type_number\" data-final=\"14\">1<\/span><span class=\"w-counter-value-part type_text\" data-final=\"\"><\/span><\/div><h6 class=\"w-counter-title\">Pa\u00edses<\/h6><\/div><\/div>[vc_custom_heading text=&#8221;19 al 23 de Febrero&#8221; font_container=&#8221;tag:h2|text_align:center&#8221; use_theme_fonts=&#8221;yes&#8221; css=&#8221;%7B%22default%22%3A%7B%22color%22%3A%22_content_primary%22%2C%22font-size%22%3A%222.2rem%22%2C%22margin-top%22%3A%220px%22%2C%22padding-top%22%3A%220px%22%2C%22animation-name%22%3A%22afl%22%2C%22animation-delay%22%3A%222.5s%22%7D%7D&#8221;]<div class=\"w-separator size_custom\" style=\"height:100px\"><\/div><\/div><\/div><\/div><div class=\"vc_col-sm-4 wpb_column vc_column_container\"><div class=\"vc_column-inner\"><div class=\"wpb_wrapper\"><\/div><\/div><\/div><\/div><\/div><\/div><\/div><\/div><\/div><\/section><section class=\"l-section wpb_row us_custom_623ba360 hide_on_default height_medium\" id=\"programacion\"><div class=\"l-section-overlay\" style=\"background:var(--color-header-top-transparent-bg)\"><\/div><div class=\"l-section-h i-cf\"><div class=\"g-cols vc_row via_flex valign_top type_default stacking_default\"><div class=\"vc_col-sm-12 wpb_column vc_column_container\"><div class=\"vc_column-inner\"><div class=\"wpb_wrapper\"><div class=\"w-hwrapper align_none valign_top\" style=\"--hwrapper-gap:1.20rem\"><div class=\"w-image us_custom_f5ac3d44 align_none\"><a target=\"_blank\" href=\"https:\/\/octubretv.com\/videos\/festival-internacional-de-cine-cannabico\/\" rel=\"noopener\" aria-label=\"Enlace\" class=\"w-image-h\"><img loading=\"lazy\" decoding=\"async\" width=\"443\" height=\"433\" src=\"https:\/\/ficc.ar\/buenosaires2025\/wp-content\/uploads\/sites\/17\/2025\/01\/octubretv.png\" class=\"attachment-large size-large\" alt=\"\" srcset=\"https:\/\/ficc.ar\/buenosaires2025\/wp-content\/uploads\/sites\/17\/2025\/01\/octubretv.png 443w, https:\/\/ficc.ar\/buenosaires2025\/wp-content\/uploads\/sites\/17\/2025\/01\/octubretv-300x293.png 300w\" sizes=\"auto, (max-width: 443px) 100vw, 443px\" \/><\/a><\/div><div class=\"w-image us_custom_f5ac3d44 align_none\"><a target=\"_blank\" href=\"https:\/\/link.mercadopago.com.ar\/ficc\" rel=\"noopener\" aria-label=\"Enlace\" class=\"w-image-h\"><img loading=\"lazy\" decoding=\"async\" width=\"443\" height=\"433\" src=\"https:\/\/ficc.ar\/buenosaires2025\/wp-content\/uploads\/sites\/17\/2025\/01\/aporte.png\" class=\"attachment-large size-large\" alt=\"\" srcset=\"https:\/\/ficc.ar\/buenosaires2025\/wp-content\/uploads\/sites\/17\/2025\/01\/aporte.png 443w, https:\/\/ficc.ar\/buenosaires2025\/wp-content\/uploads\/sites\/17\/2025\/01\/aporte-300x293.png 300w\" sizes=\"auto, (max-width: 443px) 100vw, 443px\" \/><\/a><\/div><\/div><\/div><\/div><\/div><\/div><\/div><\/section><section class=\"l-section wpb_row us_custom_623ba360 hide_on_laptops hide_on_tablets hide_on_mobiles height_medium\" id=\"programacion\"><div class=\"l-section-overlay\" style=\"background:var(--color-header-top-transparent-bg)\"><\/div><div class=\"l-section-h i-cf\"><div class=\"g-cols vc_row via_flex valign_top type_default stacking_default\"><div class=\"vc_col-sm-8 wpb_column vc_column_container\"><div class=\"vc_column-inner\"><div class=\"wpb_wrapper\"><div class=\"w-separator us_custom_8f4dd0d6 size_large\"><\/div><div class=\"w-image us_custom_f5ac3d44 align_none\"><a target=\"_blank\" href=\"https:\/\/octubretv.com\/videos\/festival-internacional-de-cine-cannabico\/\" rel=\"noopener\" aria-label=\"Enlace\" class=\"w-image-h\"><img loading=\"lazy\" decoding=\"async\" width=\"906\" height=\"433\" src=\"https:\/\/ficc.ar\/buenosaires2025\/wp-content\/uploads\/sites\/17\/2025\/01\/ficc-online-por-octubre-tv.png\" class=\"attachment-large size-large\" alt=\"\" srcset=\"https:\/\/ficc.ar\/buenosaires2025\/wp-content\/uploads\/sites\/17\/2025\/01\/ficc-online-por-octubre-tv.png 906w, https:\/\/ficc.ar\/buenosaires2025\/wp-content\/uploads\/sites\/17\/2025\/01\/ficc-online-por-octubre-tv-300x143.png 300w\" sizes=\"auto, (max-width: 906px) 100vw, 906px\" \/><\/a><\/div><div class=\"w-separator us_custom_8f4dd0d6 size_large\"><\/div><\/div><\/div><\/div><div class=\"vc_col-sm-4 wpb_column vc_column_container\"><div class=\"vc_column-inner\"><div class=\"wpb_wrapper\"><div class=\"w-separator us_custom_8f4dd0d6 size_large\"><\/div><div class=\"w-image us_custom_f5ac3d44 align_none\"><a target=\"_blank\" href=\"https:\/\/link.mercadopago.com.ar\/ficc\" rel=\"noopener\" aria-label=\"Enlace\" class=\"w-image-h\"><img loading=\"lazy\" decoding=\"async\" width=\"443\" height=\"433\" src=\"https:\/\/ficc.ar\/buenosaires2025\/wp-content\/uploads\/sites\/17\/2025\/01\/aporte.png\" class=\"attachment-large size-large\" alt=\"\" srcset=\"https:\/\/ficc.ar\/buenosaires2025\/wp-content\/uploads\/sites\/17\/2025\/01\/aporte.png 443w, https:\/\/ficc.ar\/buenosaires2025\/wp-content\/uploads\/sites\/17\/2025\/01\/aporte-300x293.png 300w\" sizes=\"auto, (max-width: 443px) 100vw, 443px\" \/><\/a><\/div><div class=\"w-separator us_custom_8f4dd0d6 size_large\"><\/div><\/div><\/div><\/div><\/div><\/div><\/section><section class=\"l-section wpb_row us_custom_ce78f4c2 height_medium parallax_fixed\" id=\"programacion\"><div class=\"l-section-overlay\" style=\"background:var(--color-header-top-transparent-bg)\"><\/div><div class=\"l-section-h i-cf\"><div class=\"g-cols vc_row via_flex valign_top type_default stacking_default\"><div class=\"vc_col-sm-12 wpb_column vc_column_container\"><div class=\"vc_column-inner\"><div class=\"wpb_wrapper\"><div class=\"g-cols wpb_row via_flex valign_top type_default stacking_default\"><div class=\"vc_col-sm-12 wpb_column vc_column_container\"><div class=\"vc_column-inner\"><div class=\"wpb_wrapper\"><div class=\"w-video align_center ratio_16x9 has_iframe\"><div class=\"w-video-h\"><iframe title=\"Youtube video player\" src=\"\/\/www.youtube.com\/embed\/TqomQQ5krVw?origin=https:\/\/ficc.ar\/buenosaires2025&autoplay=1&loop=1&mute=1&playlist=TqomQQ5krVw\" allowfullscreen=\"1\" loading=\"lazy\"><\/iframe><\/div><div class=\"w-video-icon\" style=\"font-size:1.5rem;background:rgba(0,0,0,0.5);color:#fff\"><\/div><\/div><\/div><\/div><\/div><\/div><div class=\"w-separator size_medium\" id=\"g71f\"><style>@media(max-width:1024px){ #g71f{height:2rem!important}}@media(max-width:600px){ #g71f{height:2rem!important}}<\/style><\/div>[vc_custom_heading text=&#8221;Largometrajes&#8221; font_container=&#8221;tag:h2|text_align:center&#8221; use_theme_fonts=&#8221;yes&#8221; css=&#8221;%7B%22default%22%3A%7B%22color%22%3A%22%23ffffff%22%7D%7D&#8221;]<div class=\"w-grid type_grid layout_101 cols_4 ratio_16x9\" id=\"us_grid_1\" style=\"--gap:0.5rem;\" data-filterable=\"true\"><style>@media (max-width:1280px){#us_grid_1 .w-grid-item{width:33.3333%}#us_grid_1 .w-grid-item.size_2x1,#us_grid_1 .w-grid-item.size_2x2{width:66.6667%}}@media (max-width:1024px){#us_grid_1 .w-grid-item{width:50%}#us_grid_1 .w-grid-item.size_2x1,#us_grid_1 .w-grid-item.size_2x2{width:100%}}@media (max-width:600px){#us_grid_1 .w-grid-list{margin:0}#us_grid_1 .w-grid-item{width:100%;padding:0;margin-bottom:var(--gap,0px)}}.layout_101 .w-grid-item-h:before{padding-bottom:56.25%}@media (min-width:601px){.layout_101 .w-grid-item.size_1x2 .w-grid-item-h:before{padding-bottom:calc(112.5% + var(--gap,0px) * 2)}.layout_101 .w-grid-item.size_2x1 .w-grid-item-h:before{padding-bottom:calc(28.125% - var(--gap,0px) * 0.5625)}.layout_101 .w-grid-item.size_2x2 .w-grid-item-h:before{padding-bottom:calc(56.25% - var(--gap,0px) * -0.875)}}.layout_101 .w-grid-item-h{background:#1a1a1a;color:#ffffff}.layout_101 .usg_post_image_1{transition-duration:0.2s;transform-origin:50% 50%;transform:scale(1) translate(0%,0%)}.layout_101 .w-grid-item-h:hover .usg_post_image_1{transform:scale(1) translate(0%,-4%);opacity:1}.layout_101 .usg_vwrapper_1{transition-duration:0.3s;transform-origin:50% 50%;transform:scale(1) translate(0%,101%)}.layout_101 .w-grid-item-h:hover .usg_vwrapper_1{transform:scale(1) translate(0%,0%);opacity:1}@media(max-width:600px){.layout_101 .usg_vwrapper_1{display:none!important}}.layout_101 .usg_post_custom_field_1{transition-duration:0.3s;transform-origin:50% 50%;transform:scale(1) translate(0%,100%)}.layout_101 .w-grid-item-h:hover .usg_post_custom_field_1{transform:scale(1) translate(0%,0%);opacity:1}@media(min-width:601px){.layout_101 .usg_vwrapper_2{display:none!important}}.layout_101 .usg_post_image_1{position:absolute!important;left:0!important;top:0!important;bottom:0!important;right:0!important}.layout_101 .usg_vwrapper_1{position:absolute!important;left:0!important;bottom:-1px!important;right:0!important;background:rgba(26,26,26,0.90)!important;padding:0.8rem 1.2rem 0.8rem 0.8rem!important}.layout_101 .usg_post_title_1{color:var(--color-header-middle-text)!important;font-size:1.6rem!important;margin-bottom:0.3rem!important}.layout_101 .usg_post_custom_field_1{position:absolute!important;left:0!important;top:0!important;bottom:0!important;right:0!important}.layout_101 .usg_post_custom_field_2{color:rgba(237,13,107,0.85)!important;font-size:1.2rem!important;line-height:1.2!important;font-family:var(--font-h1)!important}.layout_101 .usg_vwrapper_2{width:100%!important;margin-top:60%!important;left:0!important;bottom:0!important;background:inherit!important;padding:0.8rem 0.5rem 0.8rem 0.5rem!important}.layout_101 .usg_post_title_2{color:#ffffff!important;font-size:1.4rem!important;margin-bottom:0.3rem!important}.layout_101 .usg_post_custom_field_3{color:var(--color-header-middle-text-hover)!important;font-size:1.2rem!important;line-height:1.2!important;font-family:var(--font-h1)!important}@media (min-width:1025px) and (max-width:1280px){.layout_101 .usg_post_custom_field_1{position:absolute!important;left:0!important;top:0!important;bottom:0!important;right:0!important}}@media (min-width:601px) and (max-width:1024px){.layout_101 .usg_post_custom_field_1{position:absolute!important;left:0!important;top:0!important;bottom:0!important;right:0!important}}@media (max-width:600px){.layout_101 .usg_post_image_1{margin-bottom:60px!important}.layout_101 .usg_post_custom_field_1{left:0!important;top:0!important;bottom:0!important;right:0!important}}<\/style><div class=\"w-grid-list\">\t<article class=\"w-grid-item post-2888 films type-films status-publish has-post-thumbnail hentry categoria_film-competencia-internacional-de-largometrajes-de-ficcion\" data-id=\"2888\">\r\n\t\t<div class=\"w-grid-item-h\">\r\n\t\t\t\t\t\t<div class=\"w-post-elm post_image usg_post_image_1 has_ratio\"><div style=\"padding-bottom:56.25%\"><\/div><a href=\"https:\/\/ficc.ar\/buenosaires2025\/films\/al-impenetrable\/\" aria-label=\"Al impenetrable\"><img loading=\"lazy\" decoding=\"async\" width=\"1024\" height=\"576\" src=\"https:\/\/ficc.ar\/buenosaires2025\/wp-content\/uploads\/sites\/17\/2025\/02\/Al-impenetrable-1024x576.jpg\" class=\"attachment-large size-large wp-post-image\" alt=\"\" srcset=\"https:\/\/ficc.ar\/buenosaires2025\/wp-content\/uploads\/sites\/17\/2025\/02\/Al-impenetrable-1024x576.jpg 1024w, https:\/\/ficc.ar\/buenosaires2025\/wp-content\/uploads\/sites\/17\/2025\/02\/Al-impenetrable-300x169.jpg 300w, https:\/\/ficc.ar\/buenosaires2025\/wp-content\/uploads\/sites\/17\/2025\/02\/Al-impenetrable.jpg 1920w\" sizes=\"auto, (max-width: 1024px) 100vw, 1024px\" \/><\/a><\/div><div class=\"w-vwrapper usg_vwrapper_1 grid_arrow_top align_center valign_top\"><h1 class=\"w-post-elm post_title usg_post_title_1 has_text_color entry-title color_link_inherit\"><a href=\"https:\/\/ficc.ar\/buenosaires2025\/films\/al-impenetrable\/\" target=\"_blank\" rel=\"noopener nofollow\">Al impenetrable<\/a><\/h1><p class=\"w-post-elm post_custom_field usg_post_custom_field_2 has_text_color type_text director_x_xs\"><span class=\"w-post-elm-before\">De <\/span><span class=\"w-post-elm-value\">Sonia Bertotti - 88 min. - 2023<\/span><\/p><\/div><div class=\"w-vwrapper usg_vwrapper_2 align_center valign_top\" style=\"--vwrapper-gap:0.3rem\"><h2 class=\"w-post-elm post_title usg_post_title_2 has_text_color entry-title color_link_inherit\"><a href=\"https:\/\/ficc.ar\/buenosaires2025\/films\/al-impenetrable\/\">Al impenetrable<\/a><\/h2><p class=\"w-post-elm post_custom_field usg_post_custom_field_3 has_text_color type_text director_x_xs\"><span class=\"w-post-elm-before\">De <\/span><span class=\"w-post-elm-value\">Sonia Bertotti - 88 min. - 2023<\/span><\/p><\/div>\t\t<\/div>\r\n\t<\/article>\r\n\t<article class=\"w-grid-item post-2756 films type-films status-publish has-post-thumbnail hentry categoria_film-competencia-internacional-de-largometrajes-documentales\" data-id=\"2756\">\r\n\t\t<div class=\"w-grid-item-h\">\r\n\t\t\t\t\t\t<div class=\"w-post-elm post_image usg_post_image_1 has_ratio\"><div style=\"padding-bottom:56.25%\"><\/div><a href=\"https:\/\/ficc.ar\/buenosaires2025\/films\/bajo-el-sol-del-rocanrol-el-universo-creativo-de-jorge-pistocchi\/\" aria-label=\"Bajo el sol del rocanrol &#8211; El universo creativo de Jorge Pistocchi\"><img loading=\"lazy\" decoding=\"async\" width=\"1024\" height=\"576\" src=\"https:\/\/ficc.ar\/buenosaires2025\/wp-content\/uploads\/sites\/17\/2025\/01\/bajo-1024x576.jpg\" class=\"attachment-large size-large wp-post-image\" alt=\"\" srcset=\"https:\/\/ficc.ar\/buenosaires2025\/wp-content\/uploads\/sites\/17\/2025\/01\/bajo-1024x576.jpg 1024w, https:\/\/ficc.ar\/buenosaires2025\/wp-content\/uploads\/sites\/17\/2025\/01\/bajo-300x169.jpg 300w, https:\/\/ficc.ar\/buenosaires2025\/wp-content\/uploads\/sites\/17\/2025\/01\/bajo.jpg 1920w\" sizes=\"auto, (max-width: 1024px) 100vw, 1024px\" \/><\/a><\/div><div class=\"w-vwrapper usg_vwrapper_1 grid_arrow_top align_center valign_top\"><h1 class=\"w-post-elm post_title usg_post_title_1 has_text_color entry-title color_link_inherit\"><a href=\"https:\/\/ficc.ar\/buenosaires2025\/films\/bajo-el-sol-del-rocanrol-el-universo-creativo-de-jorge-pistocchi\/\" target=\"_blank\" rel=\"noopener nofollow\">Bajo el sol del rocanrol &#8211; El universo creativo de Jorge Pistocchi<\/a><\/h1><p class=\"w-post-elm post_custom_field usg_post_custom_field_2 has_text_color type_text director_x_xs\"><span class=\"w-post-elm-before\">De <\/span><span class=\"w-post-elm-value\"> Omar Neri y M\u00f3nica Simoncini - 110 min, - 2024<\/span><\/p><\/div><div class=\"w-vwrapper usg_vwrapper_2 align_center valign_top\" style=\"--vwrapper-gap:0.3rem\"><h2 class=\"w-post-elm post_title usg_post_title_2 has_text_color entry-title color_link_inherit\"><a href=\"https:\/\/ficc.ar\/buenosaires2025\/films\/bajo-el-sol-del-rocanrol-el-universo-creativo-de-jorge-pistocchi\/\">Bajo el sol del rocanrol &#8211; El universo creativo de Jorge Pistocchi<\/a><\/h2><p class=\"w-post-elm post_custom_field usg_post_custom_field_3 has_text_color type_text director_x_xs\"><span class=\"w-post-elm-before\">De <\/span><span class=\"w-post-elm-value\"> Omar Neri y M\u00f3nica Simoncini - 110 min, - 2024<\/span><\/p><\/div>\t\t<\/div>\r\n\t<\/article>\r\n\t<article class=\"w-grid-item post-2890 films type-films status-publish has-post-thumbnail hentry categoria_film-competencia-internacional-de-largometrajes-de-ficcion\" data-id=\"2890\">\r\n\t\t<div class=\"w-grid-item-h\">\r\n\t\t\t\t\t\t<div class=\"w-post-elm post_image usg_post_image_1 has_ratio\"><div style=\"padding-bottom:56.25%\"><\/div><a href=\"https:\/\/ficc.ar\/buenosaires2025\/films\/bajo-naranja\/\" aria-label=\"Bajo Naranja\"><img loading=\"lazy\" decoding=\"async\" width=\"1024\" height=\"576\" src=\"https:\/\/ficc.ar\/buenosaires2025\/wp-content\/uploads\/sites\/17\/2025\/02\/Bajo-naranja-1024x576.jpg\" class=\"attachment-large size-large wp-post-image\" alt=\"\" srcset=\"https:\/\/ficc.ar\/buenosaires2025\/wp-content\/uploads\/sites\/17\/2025\/02\/Bajo-naranja-1024x576.jpg 1024w, https:\/\/ficc.ar\/buenosaires2025\/wp-content\/uploads\/sites\/17\/2025\/02\/Bajo-naranja-300x169.jpg 300w, https:\/\/ficc.ar\/buenosaires2025\/wp-content\/uploads\/sites\/17\/2025\/02\/Bajo-naranja.jpg 1920w\" sizes=\"auto, (max-width: 1024px) 100vw, 1024px\" \/><\/a><\/div><div class=\"w-vwrapper usg_vwrapper_1 grid_arrow_top align_center valign_top\"><h1 class=\"w-post-elm post_title usg_post_title_1 has_text_color entry-title color_link_inherit\"><a href=\"https:\/\/ficc.ar\/buenosaires2025\/films\/bajo-naranja\/\" target=\"_blank\" rel=\"noopener nofollow\">Bajo Naranja<\/a><\/h1><p class=\"w-post-elm post_custom_field usg_post_custom_field_2 has_text_color type_text director_x_xs\"><span class=\"w-post-elm-before\">De <\/span><span class=\"w-post-elm-value\">Michael Taylor - 85 min. - 2024<\/span><\/p><\/div><div class=\"w-vwrapper usg_vwrapper_2 align_center valign_top\" style=\"--vwrapper-gap:0.3rem\"><h2 class=\"w-post-elm post_title usg_post_title_2 has_text_color entry-title color_link_inherit\"><a href=\"https:\/\/ficc.ar\/buenosaires2025\/films\/bajo-naranja\/\">Bajo Naranja<\/a><\/h2><p class=\"w-post-elm post_custom_field usg_post_custom_field_3 has_text_color type_text director_x_xs\"><span class=\"w-post-elm-before\">De <\/span><span class=\"w-post-elm-value\">Michael Taylor - 85 min. - 2024<\/span><\/p><\/div>\t\t<\/div>\r\n\t<\/article>\r\n\t<article class=\"w-grid-item post-2892 films type-films status-publish has-post-thumbnail hentry categoria_film-competencia-internacional-de-largometrajes-de-ficcion\" data-id=\"2892\">\r\n\t\t<div class=\"w-grid-item-h\">\r\n\t\t\t\t\t\t<div class=\"w-post-elm post_image usg_post_image_1 has_ratio\"><div style=\"padding-bottom:56.25%\"><\/div><a href=\"https:\/\/ficc.ar\/buenosaires2025\/films\/el-placer-es-mio\/\" aria-label=\"El placer es m\u00edo\"><img loading=\"lazy\" decoding=\"async\" width=\"1024\" height=\"576\" src=\"https:\/\/ficc.ar\/buenosaires2025\/wp-content\/uploads\/sites\/17\/2025\/02\/El-placer-es-mio2-1024x576.jpg\" class=\"attachment-large size-large wp-post-image\" alt=\"\" srcset=\"https:\/\/ficc.ar\/buenosaires2025\/wp-content\/uploads\/sites\/17\/2025\/02\/El-placer-es-mio2-1024x576.jpg 1024w, https:\/\/ficc.ar\/buenosaires2025\/wp-content\/uploads\/sites\/17\/2025\/02\/El-placer-es-mio2-300x169.jpg 300w, https:\/\/ficc.ar\/buenosaires2025\/wp-content\/uploads\/sites\/17\/2025\/02\/El-placer-es-mio2.jpg 1920w\" sizes=\"auto, (max-width: 1024px) 100vw, 1024px\" \/><\/a><\/div><div class=\"w-vwrapper usg_vwrapper_1 grid_arrow_top align_center valign_top\"><h1 class=\"w-post-elm post_title usg_post_title_1 has_text_color entry-title color_link_inherit\"><a href=\"https:\/\/ficc.ar\/buenosaires2025\/films\/el-placer-es-mio\/\" target=\"_blank\" rel=\"noopener nofollow\">El placer es m\u00edo<\/a><\/h1><p class=\"w-post-elm post_custom_field usg_post_custom_field_2 has_text_color type_text director_x_xs\"><span class=\"w-post-elm-before\">De <\/span><span class=\"w-post-elm-value\">Sacha Amaral Argentina - 95 min.- 2024<\/span><\/p><\/div><div class=\"w-vwrapper usg_vwrapper_2 align_center valign_top\" style=\"--vwrapper-gap:0.3rem\"><h2 class=\"w-post-elm post_title usg_post_title_2 has_text_color entry-title color_link_inherit\"><a href=\"https:\/\/ficc.ar\/buenosaires2025\/films\/el-placer-es-mio\/\">El placer es m\u00edo<\/a><\/h2><p class=\"w-post-elm post_custom_field usg_post_custom_field_3 has_text_color type_text director_x_xs\"><span class=\"w-post-elm-before\">De <\/span><span class=\"w-post-elm-value\">Sacha Amaral Argentina - 95 min.- 2024<\/span><\/p><\/div>\t\t<\/div>\r\n\t<\/article>\r\n\t<article class=\"w-grid-item post-2904 films type-films status-publish has-post-thumbnail hentry categoria_film-competencia-internacional-de-largometrajes-documentales\" data-id=\"2904\">\r\n\t\t<div class=\"w-grid-item-h\">\r\n\t\t\t\t\t\t<div class=\"w-post-elm post_image usg_post_image_1 has_ratio\"><div style=\"padding-bottom:56.25%\"><\/div><a href=\"https:\/\/ficc.ar\/buenosaires2025\/films\/fuck-you-el-ultimo-show\/\" aria-label=\"Fuck You! El \u00faltimo show\"><img loading=\"lazy\" decoding=\"async\" width=\"1024\" height=\"576\" src=\"https:\/\/ficc.ar\/buenosaires2025\/wp-content\/uploads\/sites\/17\/2025\/02\/Fuck-you-1024x576.jpg\" class=\"attachment-large size-large wp-post-image\" alt=\"\" srcset=\"https:\/\/ficc.ar\/buenosaires2025\/wp-content\/uploads\/sites\/17\/2025\/02\/Fuck-you-1024x576.jpg 1024w, https:\/\/ficc.ar\/buenosaires2025\/wp-content\/uploads\/sites\/17\/2025\/02\/Fuck-you-300x169.jpg 300w, https:\/\/ficc.ar\/buenosaires2025\/wp-content\/uploads\/sites\/17\/2025\/02\/Fuck-you.jpg 1920w\" sizes=\"auto, (max-width: 1024px) 100vw, 1024px\" \/><\/a><\/div><div class=\"w-vwrapper usg_vwrapper_1 grid_arrow_top align_center valign_top\"><h1 class=\"w-post-elm post_title usg_post_title_1 has_text_color entry-title color_link_inherit\"><a href=\"https:\/\/ficc.ar\/buenosaires2025\/films\/fuck-you-el-ultimo-show\/\" target=\"_blank\" rel=\"noopener nofollow\">Fuck You! El \u00faltimo show<\/a><\/h1><p class=\"w-post-elm post_custom_field usg_post_custom_field_2 has_text_color type_text director_x_xs\"><span class=\"w-post-elm-before\">De <\/span><span class=\"w-post-elm-value\">Jos\u00e9 Luis Garc\u00eda - 81 min. - 2024<\/span><\/p><\/div><div class=\"w-vwrapper usg_vwrapper_2 align_center valign_top\" style=\"--vwrapper-gap:0.3rem\"><h2 class=\"w-post-elm post_title usg_post_title_2 has_text_color entry-title color_link_inherit\"><a href=\"https:\/\/ficc.ar\/buenosaires2025\/films\/fuck-you-el-ultimo-show\/\">Fuck You! El \u00faltimo show<\/a><\/h2><p class=\"w-post-elm post_custom_field usg_post_custom_field_3 has_text_color type_text director_x_xs\"><span class=\"w-post-elm-before\">De <\/span><span class=\"w-post-elm-value\">Jos\u00e9 Luis Garc\u00eda - 81 min. - 2024<\/span><\/p><\/div>\t\t<\/div>\r\n\t<\/article>\r\n\t<article class=\"w-grid-item post-2906 films type-films status-publish has-post-thumbnail hentry categoria_film-competencia-internacional-de-largometrajes-documentales\" data-id=\"2906\">\r\n\t\t<div class=\"w-grid-item-h\">\r\n\t\t\t\t\t\t<div class=\"w-post-elm post_image usg_post_image_1 has_ratio\"><div style=\"padding-bottom:56.25%\"><\/div><a href=\"https:\/\/ficc.ar\/buenosaires2025\/films\/higher-power\/\" aria-label=\"Higher Power\"><img loading=\"lazy\" decoding=\"async\" width=\"1024\" height=\"576\" src=\"https:\/\/ficc.ar\/buenosaires2025\/wp-content\/uploads\/sites\/17\/2025\/02\/Higher-Power-1024x576.jpg\" class=\"attachment-large size-large wp-post-image\" alt=\"\" srcset=\"https:\/\/ficc.ar\/buenosaires2025\/wp-content\/uploads\/sites\/17\/2025\/02\/Higher-Power-1024x576.jpg 1024w, https:\/\/ficc.ar\/buenosaires2025\/wp-content\/uploads\/sites\/17\/2025\/02\/Higher-Power-300x169.jpg 300w, https:\/\/ficc.ar\/buenosaires2025\/wp-content\/uploads\/sites\/17\/2025\/02\/Higher-Power.jpg 1920w\" sizes=\"auto, (max-width: 1024px) 100vw, 1024px\" \/><\/a><\/div><div class=\"w-vwrapper usg_vwrapper_1 grid_arrow_top align_center valign_top\"><h1 class=\"w-post-elm post_title usg_post_title_1 has_text_color entry-title color_link_inherit\"><a href=\"https:\/\/ficc.ar\/buenosaires2025\/films\/higher-power\/\" target=\"_blank\" rel=\"noopener nofollow\">Higher Power<\/a><\/h1><p class=\"w-post-elm post_custom_field usg_post_custom_field_2 has_text_color type_text director_x_xs\"><span class=\"w-post-elm-before\">De <\/span><span class=\"w-post-elm-value\">Dewey A Ortiz Jr. - 60 min. - 2023<\/span><\/p><\/div><div class=\"w-vwrapper usg_vwrapper_2 align_center valign_top\" style=\"--vwrapper-gap:0.3rem\"><h2 class=\"w-post-elm post_title usg_post_title_2 has_text_color entry-title color_link_inherit\"><a href=\"https:\/\/ficc.ar\/buenosaires2025\/films\/higher-power\/\">Higher Power<\/a><\/h2><p class=\"w-post-elm post_custom_field usg_post_custom_field_3 has_text_color type_text director_x_xs\"><span class=\"w-post-elm-before\">De <\/span><span class=\"w-post-elm-value\">Dewey A Ortiz Jr. - 60 min. - 2023<\/span><\/p><\/div>\t\t<\/div>\r\n\t<\/article>\r\n\t<article class=\"w-grid-item post-2511 films type-films status-publish has-post-thumbnail hentry categoria_film-competencia-internacional-de-largometrajes-de-ficcion\" data-id=\"2511\">\r\n\t\t<div class=\"w-grid-item-h\">\r\n\t\t\t\t\t\t<div class=\"w-post-elm post_image usg_post_image_1 has_ratio\"><div style=\"padding-bottom:56.25%\"><\/div><a href=\"https:\/\/ficc.ar\/buenosaires2025\/films\/las-demas\/\" aria-label=\"Las Dem\u00e1s\"><img loading=\"lazy\" decoding=\"async\" width=\"1024\" height=\"576\" src=\"https:\/\/ficc.ar\/buenosaires2025\/wp-content\/uploads\/sites\/17\/2025\/01\/LasDemas1-1024x576.jpg\" class=\"attachment-large size-large wp-post-image\" alt=\"\" srcset=\"https:\/\/ficc.ar\/buenosaires2025\/wp-content\/uploads\/sites\/17\/2025\/01\/LasDemas1-1024x576.jpg 1024w, https:\/\/ficc.ar\/buenosaires2025\/wp-content\/uploads\/sites\/17\/2025\/01\/LasDemas1-300x169.jpg 300w, https:\/\/ficc.ar\/buenosaires2025\/wp-content\/uploads\/sites\/17\/2025\/01\/LasDemas1.jpg 1920w\" sizes=\"auto, (max-width: 1024px) 100vw, 1024px\" \/><\/a><\/div><div class=\"w-vwrapper usg_vwrapper_1 grid_arrow_top align_center valign_top\"><h1 class=\"w-post-elm post_title usg_post_title_1 has_text_color entry-title color_link_inherit\"><a href=\"https:\/\/ficc.ar\/buenosaires2025\/films\/las-demas\/\" target=\"_blank\" rel=\"noopener nofollow\">Las Dem\u00e1s<\/a><\/h1><p class=\"w-post-elm post_custom_field usg_post_custom_field_2 has_text_color type_text director_x_xs\"><span class=\"w-post-elm-before\">De <\/span><span class=\"w-post-elm-value\">Alexandra Hyland - 81 min. - 2024<\/span><\/p><\/div><div class=\"w-vwrapper usg_vwrapper_2 align_center valign_top\" style=\"--vwrapper-gap:0.3rem\"><h2 class=\"w-post-elm post_title usg_post_title_2 has_text_color entry-title color_link_inherit\"><a href=\"https:\/\/ficc.ar\/buenosaires2025\/films\/las-demas\/\">Las Dem\u00e1s<\/a><\/h2><p class=\"w-post-elm post_custom_field usg_post_custom_field_3 has_text_color type_text director_x_xs\"><span class=\"w-post-elm-before\">De <\/span><span class=\"w-post-elm-value\">Alexandra Hyland - 81 min. - 2024<\/span><\/p><\/div>\t\t<\/div>\r\n\t<\/article>\r\n\t<article class=\"w-grid-item post-2908 films type-films status-publish has-post-thumbnail hentry categoria_film-competencia-internacional-de-largometrajes-documentales\" data-id=\"2908\">\r\n\t\t<div class=\"w-grid-item-h\">\r\n\t\t\t\t\t\t<div class=\"w-post-elm post_image usg_post_image_1 has_ratio\"><div style=\"padding-bottom:56.25%\"><\/div><a href=\"https:\/\/ficc.ar\/buenosaires2025\/films\/el-otro-mundo-de-sofia\/\" aria-label=\"O Outro Mundo de Sofia\"><img loading=\"lazy\" decoding=\"async\" width=\"1024\" height=\"576\" src=\"https:\/\/ficc.ar\/buenosaires2025\/wp-content\/uploads\/sites\/17\/2025\/02\/El-otro-mundo-Sofia-1024x576.jpg\" class=\"attachment-large size-large wp-post-image\" alt=\"\" srcset=\"https:\/\/ficc.ar\/buenosaires2025\/wp-content\/uploads\/sites\/17\/2025\/02\/El-otro-mundo-Sofia-1024x576.jpg 1024w, https:\/\/ficc.ar\/buenosaires2025\/wp-content\/uploads\/sites\/17\/2025\/02\/El-otro-mundo-Sofia-300x169.jpg 300w, https:\/\/ficc.ar\/buenosaires2025\/wp-content\/uploads\/sites\/17\/2025\/02\/El-otro-mundo-Sofia.jpg 1920w\" sizes=\"auto, (max-width: 1024px) 100vw, 1024px\" \/><\/a><\/div><div class=\"w-vwrapper usg_vwrapper_1 grid_arrow_top align_center valign_top\"><h1 class=\"w-post-elm post_title usg_post_title_1 has_text_color entry-title color_link_inherit\"><a href=\"https:\/\/ficc.ar\/buenosaires2025\/films\/el-otro-mundo-de-sofia\/\" target=\"_blank\" rel=\"noopener nofollow\">O Outro Mundo de Sofia<\/a><\/h1><p class=\"w-post-elm post_custom_field usg_post_custom_field_2 has_text_color type_text director_x_xs\"><span class=\"w-post-elm-before\">De <\/span><span class=\"w-post-elm-value\">Rapha Erichsen Brasil - 90 min. - 2023<\/span><\/p><\/div><div class=\"w-vwrapper usg_vwrapper_2 align_center valign_top\" style=\"--vwrapper-gap:0.3rem\"><h2 class=\"w-post-elm post_title usg_post_title_2 has_text_color entry-title color_link_inherit\"><a href=\"https:\/\/ficc.ar\/buenosaires2025\/films\/el-otro-mundo-de-sofia\/\">O Outro Mundo de Sofia<\/a><\/h2><p class=\"w-post-elm post_custom_field usg_post_custom_field_3 has_text_color type_text director_x_xs\"><span class=\"w-post-elm-before\">De <\/span><span class=\"w-post-elm-value\">Rapha Erichsen Brasil - 90 min. - 2023<\/span><\/p><\/div>\t\t<\/div>\r\n\t<\/article>\r\n\t<article class=\"w-grid-item post-2910 films type-films status-publish has-post-thumbnail hentry categoria_film-competencia-internacional-de-largometrajes-documentales\" data-id=\"2910\">\r\n\t\t<div class=\"w-grid-item-h\">\r\n\t\t\t\t\t\t<div class=\"w-post-elm post_image usg_post_image_1 has_ratio\"><div style=\"padding-bottom:56.25%\"><\/div><a href=\"https:\/\/ficc.ar\/buenosaires2025\/films\/queimando-fronteiras\/\" aria-label=\"Queimando fronteiras\"><img loading=\"lazy\" decoding=\"async\" width=\"1024\" height=\"576\" src=\"https:\/\/ficc.ar\/buenosaires2025\/wp-content\/uploads\/sites\/17\/2025\/02\/Quemando-1024x576.jpg\" class=\"attachment-large size-large wp-post-image\" alt=\"\" srcset=\"https:\/\/ficc.ar\/buenosaires2025\/wp-content\/uploads\/sites\/17\/2025\/02\/Quemando-1024x576.jpg 1024w, https:\/\/ficc.ar\/buenosaires2025\/wp-content\/uploads\/sites\/17\/2025\/02\/Quemando-300x169.jpg 300w, https:\/\/ficc.ar\/buenosaires2025\/wp-content\/uploads\/sites\/17\/2025\/02\/Quemando.jpg 1920w\" sizes=\"auto, (max-width: 1024px) 100vw, 1024px\" \/><\/a><\/div><div class=\"w-vwrapper usg_vwrapper_1 grid_arrow_top align_center valign_top\"><h1 class=\"w-post-elm post_title usg_post_title_1 has_text_color entry-title color_link_inherit\"><a href=\"https:\/\/ficc.ar\/buenosaires2025\/films\/queimando-fronteiras\/\" target=\"_blank\" rel=\"noopener nofollow\">Queimando fronteiras<\/a><\/h1><p class=\"w-post-elm post_custom_field usg_post_custom_field_2 has_text_color type_text director_x_xs\"><span class=\"w-post-elm-before\">De <\/span><span class=\"w-post-elm-value\"> Leonardo Ferron Baggio - 75 min - 2025<\/span><\/p><\/div><div class=\"w-vwrapper usg_vwrapper_2 align_center valign_top\" style=\"--vwrapper-gap:0.3rem\"><h2 class=\"w-post-elm post_title usg_post_title_2 has_text_color entry-title color_link_inherit\"><a href=\"https:\/\/ficc.ar\/buenosaires2025\/films\/queimando-fronteiras\/\">Queimando fronteiras<\/a><\/h2><p class=\"w-post-elm post_custom_field usg_post_custom_field_3 has_text_color type_text director_x_xs\"><span class=\"w-post-elm-before\">De <\/span><span class=\"w-post-elm-value\"> Leonardo Ferron Baggio - 75 min - 2025<\/span><\/p><\/div>\t\t<\/div>\r\n\t<\/article>\r\n\t<article class=\"w-grid-item post-2898 films type-films status-publish has-post-thumbnail hentry categoria_film-competencia-internacional-de-largometrajes-de-ficcion\" data-id=\"2898\">\r\n\t\t<div class=\"w-grid-item-h\">\r\n\t\t\t\t\t\t<div class=\"w-post-elm post_image usg_post_image_1 has_ratio\"><div style=\"padding-bottom:56.25%\"><\/div><a href=\"https:\/\/ficc.ar\/buenosaires2025\/films\/sanguche-caliente\/\" aria-label=\"Sanguche Caliente\"><img loading=\"lazy\" decoding=\"async\" width=\"1024\" height=\"576\" src=\"https:\/\/ficc.ar\/buenosaires2025\/wp-content\/uploads\/sites\/17\/2025\/02\/Sanguche-cal-1024x576.jpg\" class=\"attachment-large size-large wp-post-image\" alt=\"\" srcset=\"https:\/\/ficc.ar\/buenosaires2025\/wp-content\/uploads\/sites\/17\/2025\/02\/Sanguche-cal-1024x576.jpg 1024w, https:\/\/ficc.ar\/buenosaires2025\/wp-content\/uploads\/sites\/17\/2025\/02\/Sanguche-cal-300x169.jpg 300w, https:\/\/ficc.ar\/buenosaires2025\/wp-content\/uploads\/sites\/17\/2025\/02\/Sanguche-cal.jpg 1920w\" sizes=\"auto, (max-width: 1024px) 100vw, 1024px\" \/><\/a><\/div><div class=\"w-vwrapper usg_vwrapper_1 grid_arrow_top align_center valign_top\"><h1 class=\"w-post-elm post_title usg_post_title_1 has_text_color entry-title color_link_inherit\"><a href=\"https:\/\/ficc.ar\/buenosaires2025\/films\/sanguche-caliente\/\" target=\"_blank\" rel=\"noopener nofollow\">Sanguche Caliente<\/a><\/h1><p class=\"w-post-elm post_custom_field usg_post_custom_field_2 has_text_color type_text director_x_xs\"><span class=\"w-post-elm-before\">De <\/span><span class=\"w-post-elm-value\">Manuel Facal - 70 min. - 2024<\/span><\/p><\/div><div class=\"w-vwrapper usg_vwrapper_2 align_center valign_top\" style=\"--vwrapper-gap:0.3rem\"><h2 class=\"w-post-elm post_title usg_post_title_2 has_text_color entry-title color_link_inherit\"><a href=\"https:\/\/ficc.ar\/buenosaires2025\/films\/sanguche-caliente\/\">Sanguche Caliente<\/a><\/h2><p class=\"w-post-elm post_custom_field usg_post_custom_field_3 has_text_color type_text director_x_xs\"><span class=\"w-post-elm-before\">De <\/span><span class=\"w-post-elm-value\">Manuel Facal - 70 min. - 2024<\/span><\/p><\/div>\t\t<\/div>\r\n\t<\/article>\r\n\t<article class=\"w-grid-item post-2900 films type-films status-publish has-post-thumbnail hentry categoria_film-competencia-internacional-de-largometrajes-de-ficcion\" data-id=\"2900\">\r\n\t\t<div class=\"w-grid-item-h\">\r\n\t\t\t\t\t\t<div class=\"w-post-elm post_image usg_post_image_1 has_ratio\"><div style=\"padding-bottom:56.25%\"><\/div><a href=\"https:\/\/ficc.ar\/buenosaires2025\/films\/une-nuit-a-travers-champs\/\" aria-label=\"Une nuit, \u00e0 travers champs\"><img loading=\"lazy\" decoding=\"async\" width=\"1024\" height=\"576\" src=\"https:\/\/ficc.ar\/buenosaires2025\/wp-content\/uploads\/sites\/17\/2025\/02\/Une-nuit-1024x576.jpg\" class=\"attachment-large size-large wp-post-image\" alt=\"\" srcset=\"https:\/\/ficc.ar\/buenosaires2025\/wp-content\/uploads\/sites\/17\/2025\/02\/Une-nuit-1024x576.jpg 1024w, https:\/\/ficc.ar\/buenosaires2025\/wp-content\/uploads\/sites\/17\/2025\/02\/Une-nuit-300x169.jpg 300w, https:\/\/ficc.ar\/buenosaires2025\/wp-content\/uploads\/sites\/17\/2025\/02\/Une-nuit.jpg 1920w\" sizes=\"auto, (max-width: 1024px) 100vw, 1024px\" \/><\/a><\/div><div class=\"w-vwrapper usg_vwrapper_1 grid_arrow_top align_center valign_top\"><h1 class=\"w-post-elm post_title usg_post_title_1 has_text_color entry-title color_link_inherit\"><a href=\"https:\/\/ficc.ar\/buenosaires2025\/films\/une-nuit-a-travers-champs\/\" target=\"_blank\" rel=\"noopener nofollow\">Une nuit, \u00e0 travers champs<\/a><\/h1><p class=\"w-post-elm post_custom_field usg_post_custom_field_2 has_text_color type_text director_x_xs\"><span class=\"w-post-elm-before\">De <\/span><span class=\"w-post-elm-value\">Guillaume Gr\u00e9lardon - 60 min. - 2020<\/span><\/p><\/div><div class=\"w-vwrapper usg_vwrapper_2 align_center valign_top\" style=\"--vwrapper-gap:0.3rem\"><h2 class=\"w-post-elm post_title usg_post_title_2 has_text_color entry-title color_link_inherit\"><a href=\"https:\/\/ficc.ar\/buenosaires2025\/films\/une-nuit-a-travers-champs\/\">Une nuit, \u00e0 travers champs<\/a><\/h2><p class=\"w-post-elm post_custom_field usg_post_custom_field_3 has_text_color type_text director_x_xs\"><span class=\"w-post-elm-before\">De <\/span><span class=\"w-post-elm-value\">Guillaume Gr\u00e9lardon - 60 min. - 2020<\/span><\/p><\/div>\t\t<\/div>\r\n\t<\/article>\r\n\t<article class=\"w-grid-item post-2902 films type-films status-publish has-post-thumbnail hentry categoria_film-competencia-internacional-de-largometrajes-de-ficcion\" data-id=\"2902\">\r\n\t\t<div class=\"w-grid-item-h\">\r\n\t\t\t\t\t\t<div class=\"w-post-elm post_image usg_post_image_1 has_ratio\"><div style=\"padding-bottom:56.25%\"><\/div><a href=\"https:\/\/ficc.ar\/buenosaires2025\/films\/vera-y-el-placer-de-los-otros\/\" aria-label=\"Vera y el placer de los otros\"><img loading=\"lazy\" decoding=\"async\" width=\"1024\" height=\"576\" src=\"https:\/\/ficc.ar\/buenosaires2025\/wp-content\/uploads\/sites\/17\/2025\/02\/Vera-y-el-placer-1024x576.jpg\" class=\"attachment-large size-large wp-post-image\" alt=\"\" srcset=\"https:\/\/ficc.ar\/buenosaires2025\/wp-content\/uploads\/sites\/17\/2025\/02\/Vera-y-el-placer-1024x576.jpg 1024w, https:\/\/ficc.ar\/buenosaires2025\/wp-content\/uploads\/sites\/17\/2025\/02\/Vera-y-el-placer-300x169.jpg 300w, https:\/\/ficc.ar\/buenosaires2025\/wp-content\/uploads\/sites\/17\/2025\/02\/Vera-y-el-placer.jpg 1920w\" sizes=\"auto, (max-width: 1024px) 100vw, 1024px\" \/><\/a><\/div><div class=\"w-vwrapper usg_vwrapper_1 grid_arrow_top align_center valign_top\"><h1 class=\"w-post-elm post_title usg_post_title_1 has_text_color entry-title color_link_inherit\"><a href=\"https:\/\/ficc.ar\/buenosaires2025\/films\/vera-y-el-placer-de-los-otros\/\" target=\"_blank\" rel=\"noopener nofollow\">Vera y el placer de los otros<\/a><\/h1><p class=\"w-post-elm post_custom_field usg_post_custom_field_2 has_text_color type_text director_x_xs\"><span class=\"w-post-elm-before\">De <\/span><span class=\"w-post-elm-value\">Romina Tamburello y Federico Actis- 103 min. - 2023<\/span><\/p><\/div><div class=\"w-vwrapper usg_vwrapper_2 align_center valign_top\" style=\"--vwrapper-gap:0.3rem\"><h2 class=\"w-post-elm post_title usg_post_title_2 has_text_color entry-title color_link_inherit\"><a href=\"https:\/\/ficc.ar\/buenosaires2025\/films\/vera-y-el-placer-de-los-otros\/\">Vera y el placer de los otros<\/a><\/h2><p class=\"w-post-elm post_custom_field usg_post_custom_field_3 has_text_color type_text director_x_xs\"><span class=\"w-post-elm-before\">De <\/span><span class=\"w-post-elm-value\">Romina Tamburello y Federico Actis- 103 min. - 2023<\/span><\/p><\/div>\t\t<\/div>\r\n\t<\/article>\r\n<\/div><div class=\"w-grid-preloader\"><div class=\"g-preloader type_2\">\r\n\t<div><\/div>\r\n<\/div>\r\n<\/div>\t<div class=\"w-grid-json hidden\" onclick='return {&quot;action&quot;:&quot;us_ajax_grid&quot;,&quot;ajax_url&quot;:&quot;https:\\\/\\\/ficc.ar\\\/buenosaires2025\\\/wp-admin\\\/admin-ajax.php&quot;,&quot;infinite_scroll&quot;:0,&quot;max_num_pages&quot;:1,&quot;pagination&quot;:&quot;none&quot;,&quot;permalink_url&quot;:&quot;https:\\\/\\\/ficc.ar\\\/buenosaires2025\\\/wp-json\\\/wp\\\/v2\\\/pages\\\/12&quot;,&quot;template_vars&quot;:{&quot;columns&quot;:&quot;4&quot;,&quot;exclude_items&quot;:&quot;none&quot;,&quot;img_size&quot;:&quot;default&quot;,&quot;ignore_items_size&quot;:0,&quot;items_layout&quot;:&quot;101&quot;,&quot;items_offset&quot;:&quot;1&quot;,&quot;load_animation&quot;:&quot;none&quot;,&quot;overriding_link&quot;:&quot;none&quot;,&quot;post_id&quot;:0,&quot;query_args&quot;:{&quot;post_type&quot;:[&quot;films&quot;],&quot;tax_query&quot;:[{&quot;taxonomy&quot;:&quot;categoria_film&quot;,&quot;field&quot;:&quot;slug&quot;,&quot;terms&quot;:[&quot;competencia-internacional-de-largometrajes-de-ficcion&quot;,&quot;competencia-internacional-de-largometrajes-documentales&quot;]}],&quot;post_status&quot;:[&quot;publish&quot;,&quot;acf-disabled&quot;],&quot;posts_per_page&quot;:&quot;50&quot;},&quot;orderby_query_args&quot;:{&quot;orderby&quot;:{&quot;title&quot;:&quot;ASC&quot;},&quot;order&quot;:&quot;ASC&quot;},&quot;type&quot;:&quot;grid&quot;,&quot;us_grid_ajax_index&quot;:1,&quot;us_grid_filter_params&quot;:null,&quot;us_grid_index&quot;:1,&quot;_us_grid_post_type&quot;:&quot;films&quot;,&quot;page_args&quot;:[]}}'><\/div>\r\n\t<\/div><div class=\"w-separator size_medium\" id=\"s035\"><style>@media(max-width:1024px){ #s035{height:2rem!important}}@media(max-width:600px){ #s035{height:2rem!important}}<\/style><\/div>[vc_custom_heading text=&#8221;Cortometrajes&#8221; font_container=&#8221;tag:h2|text_align:center&#8221; use_theme_fonts=&#8221;yes&#8221; css=&#8221;%7B%22default%22%3A%7B%22color%22%3A%22%23ffffff%22%7D%7D&#8221;]<div class=\"w-grid us_custom_df5f4c97 has_text_color type_grid layout_101 cols_4 ratio_16x9\" id=\"us_grid_2\" style=\"--gap:0.5rem;\" data-filterable=\"true\"><style>@media (max-width:1280px){#us_grid_2 .w-grid-item{width:33.3333%}#us_grid_2 .w-grid-item.size_2x1,#us_grid_2 .w-grid-item.size_2x2{width:66.6667%}}@media (max-width:1024px){#us_grid_2 .w-grid-item{width:50%}#us_grid_2 .w-grid-item.size_2x1,#us_grid_2 .w-grid-item.size_2x2{width:100%}}@media (max-width:600px){#us_grid_2 .w-grid-list{margin:0}#us_grid_2 .w-grid-item{width:100%;padding:0;margin-bottom:var(--gap,0px)}}<\/style><div class=\"w-grid-list\">\t<article class=\"w-grid-item post-2916 films type-films status-publish has-post-thumbnail hentry categoria_film-competencia-internacional-de-cortometrajes-de-5-min-2\" data-id=\"2916\">\r\n\t\t<div class=\"w-grid-item-h\">\r\n\t\t\t\t\t\t<div class=\"w-post-elm post_image usg_post_image_1 has_ratio\"><div style=\"padding-bottom:56.25%\"><\/div><a href=\"https:\/\/ficc.ar\/buenosaires2025\/films\/hey-hey-que-esperas\/\" aria-label=\"\u00a1Hey Hey! \u00bfQu\u00e9 esperas?\"><img loading=\"lazy\" decoding=\"async\" width=\"1024\" height=\"576\" src=\"https:\/\/ficc.ar\/buenosaires2025\/wp-content\/uploads\/sites\/17\/2025\/02\/Hey-hey-1024x576.jpg\" class=\"attachment-large size-large wp-post-image\" alt=\"\" srcset=\"https:\/\/ficc.ar\/buenosaires2025\/wp-content\/uploads\/sites\/17\/2025\/02\/Hey-hey-1024x576.jpg 1024w, https:\/\/ficc.ar\/buenosaires2025\/wp-content\/uploads\/sites\/17\/2025\/02\/Hey-hey-300x169.jpg 300w, https:\/\/ficc.ar\/buenosaires2025\/wp-content\/uploads\/sites\/17\/2025\/02\/Hey-hey.jpg 1920w\" sizes=\"auto, (max-width: 1024px) 100vw, 1024px\" \/><\/a><\/div><div class=\"w-vwrapper usg_vwrapper_1 grid_arrow_top align_center valign_top\"><h1 class=\"w-post-elm post_title usg_post_title_1 has_text_color entry-title color_link_inherit\"><a href=\"https:\/\/ficc.ar\/buenosaires2025\/films\/hey-hey-que-esperas\/\" target=\"_blank\" rel=\"noopener nofollow\">\u00a1Hey Hey! \u00bfQu\u00e9 esperas?<\/a><\/h1><p class=\"w-post-elm post_custom_field usg_post_custom_field_2 has_text_color type_text director_x_xs\"><span class=\"w-post-elm-before\">De <\/span><span class=\"w-post-elm-value\">Jes\u00fas Sarrocco - 3.30 min. - 2022<\/span><\/p><\/div><div class=\"w-vwrapper usg_vwrapper_2 align_center valign_top\" style=\"--vwrapper-gap:0.3rem\"><h2 class=\"w-post-elm post_title usg_post_title_2 has_text_color entry-title color_link_inherit\"><a href=\"https:\/\/ficc.ar\/buenosaires2025\/films\/hey-hey-que-esperas\/\">\u00a1Hey Hey! \u00bfQu\u00e9 esperas?<\/a><\/h2><p class=\"w-post-elm post_custom_field usg_post_custom_field_3 has_text_color type_text director_x_xs\"><span class=\"w-post-elm-before\">De <\/span><span class=\"w-post-elm-value\">Jes\u00fas Sarrocco - 3.30 min. - 2022<\/span><\/p><\/div>\t\t<\/div>\r\n\t<\/article>\r\n\t<article class=\"w-grid-item post-2753 films type-films status-publish has-post-thumbnail hentry categoria_film-competencia-internacional-de-cortometrajes-de-5-min\" data-id=\"2753\">\r\n\t\t<div class=\"w-grid-item-h\">\r\n\t\t\t\t\t\t<div class=\"w-post-elm post_image usg_post_image_1 has_ratio\"><div style=\"padding-bottom:56.25%\"><\/div><a href=\"https:\/\/ficc.ar\/buenosaires2025\/films\/ana\/\" aria-label=\"Ana\"><img loading=\"lazy\" decoding=\"async\" width=\"1024\" height=\"576\" src=\"https:\/\/ficc.ar\/buenosaires2025\/wp-content\/uploads\/sites\/17\/2025\/01\/ana-1024x576.jpg\" class=\"attachment-large size-large wp-post-image\" alt=\"\" srcset=\"https:\/\/ficc.ar\/buenosaires2025\/wp-content\/uploads\/sites\/17\/2025\/01\/ana-1024x576.jpg 1024w, https:\/\/ficc.ar\/buenosaires2025\/wp-content\/uploads\/sites\/17\/2025\/01\/ana-300x169.jpg 300w, https:\/\/ficc.ar\/buenosaires2025\/wp-content\/uploads\/sites\/17\/2025\/01\/ana.jpg 1920w\" sizes=\"auto, (max-width: 1024px) 100vw, 1024px\" \/><\/a><\/div><div class=\"w-vwrapper usg_vwrapper_1 grid_arrow_top align_center valign_top\"><h1 class=\"w-post-elm post_title usg_post_title_1 has_text_color entry-title color_link_inherit\"><a href=\"https:\/\/ficc.ar\/buenosaires2025\/films\/ana\/\" target=\"_blank\" rel=\"noopener nofollow\">Ana<\/a><\/h1><p class=\"w-post-elm post_custom_field usg_post_custom_field_2 has_text_color type_text director_x_xs\"><span class=\"w-post-elm-before\">De <\/span><span class=\"w-post-elm-value\">Juan Pablo N\u00fa\u00f1ez - 19 min. - 2024<\/span><\/p><\/div><div class=\"w-vwrapper usg_vwrapper_2 align_center valign_top\" style=\"--vwrapper-gap:0.3rem\"><h2 class=\"w-post-elm post_title usg_post_title_2 has_text_color entry-title color_link_inherit\"><a href=\"https:\/\/ficc.ar\/buenosaires2025\/films\/ana\/\">Ana<\/a><\/h2><p class=\"w-post-elm post_custom_field usg_post_custom_field_3 has_text_color type_text director_x_xs\"><span class=\"w-post-elm-before\">De <\/span><span class=\"w-post-elm-value\">Juan Pablo N\u00fa\u00f1ez - 19 min. - 2024<\/span><\/p><\/div>\t\t<\/div>\r\n\t<\/article>\r\n\t<article class=\"w-grid-item post-2926 films type-films status-publish has-post-thumbnail hentry categoria_film-competencia-internacional-de-cortometrajes-de-5-min\" data-id=\"2926\">\r\n\t\t<div class=\"w-grid-item-h\">\r\n\t\t\t\t\t\t<div class=\"w-post-elm post_image usg_post_image_1 has_ratio\"><div style=\"padding-bottom:56.25%\"><\/div><a href=\"https:\/\/ficc.ar\/buenosaires2025\/films\/apaches-de-la-zone\/\" aria-label=\"Apaches de la zone\"><img loading=\"lazy\" decoding=\"async\" width=\"1024\" height=\"576\" src=\"https:\/\/ficc.ar\/buenosaires2025\/wp-content\/uploads\/sites\/17\/2025\/02\/Apaches-1024x576.jpg\" class=\"attachment-large size-large wp-post-image\" alt=\"\" srcset=\"https:\/\/ficc.ar\/buenosaires2025\/wp-content\/uploads\/sites\/17\/2025\/02\/Apaches-1024x576.jpg 1024w, https:\/\/ficc.ar\/buenosaires2025\/wp-content\/uploads\/sites\/17\/2025\/02\/Apaches-300x169.jpg 300w, https:\/\/ficc.ar\/buenosaires2025\/wp-content\/uploads\/sites\/17\/2025\/02\/Apaches.jpg 1920w\" sizes=\"auto, (max-width: 1024px) 100vw, 1024px\" \/><\/a><\/div><div class=\"w-vwrapper usg_vwrapper_1 grid_arrow_top align_center valign_top\"><h1 class=\"w-post-elm post_title usg_post_title_1 has_text_color entry-title color_link_inherit\"><a href=\"https:\/\/ficc.ar\/buenosaires2025\/films\/apaches-de-la-zone\/\" target=\"_blank\" rel=\"noopener nofollow\">Apaches de la zone<\/a><\/h1><p class=\"w-post-elm post_custom_field usg_post_custom_field_2 has_text_color type_text director_x_xs\"><span class=\"w-post-elm-before\">De <\/span><span class=\"w-post-elm-value\">Jos\u00e9 Eon - 16 min. - 2024<\/span><\/p><\/div><div class=\"w-vwrapper usg_vwrapper_2 align_center valign_top\" style=\"--vwrapper-gap:0.3rem\"><h2 class=\"w-post-elm post_title usg_post_title_2 has_text_color entry-title color_link_inherit\"><a href=\"https:\/\/ficc.ar\/buenosaires2025\/films\/apaches-de-la-zone\/\">Apaches de la zone<\/a><\/h2><p class=\"w-post-elm post_custom_field usg_post_custom_field_3 has_text_color type_text director_x_xs\"><span class=\"w-post-elm-before\">De <\/span><span class=\"w-post-elm-value\">Jos\u00e9 Eon - 16 min. - 2024<\/span><\/p><\/div>\t\t<\/div>\r\n\t<\/article>\r\n\t<article class=\"w-grid-item post-2928 films type-films status-publish has-post-thumbnail hentry categoria_film-competencia-internacional-de-cortometrajes-de-5-min\" data-id=\"2928\">\r\n\t\t<div class=\"w-grid-item-h\">\r\n\t\t\t\t\t\t<div class=\"w-post-elm post_image usg_post_image_1 has_ratio\"><div style=\"padding-bottom:56.25%\"><\/div><a href=\"https:\/\/ficc.ar\/buenosaires2025\/films\/bendito-seja-o-beck\/\" aria-label=\"Bendito Seja o Beck\"><img loading=\"lazy\" decoding=\"async\" width=\"1024\" height=\"576\" src=\"https:\/\/ficc.ar\/buenosaires2025\/wp-content\/uploads\/sites\/17\/2025\/02\/Bendito-Seja-Beck-1024x576.jpg\" class=\"attachment-large size-large wp-post-image\" alt=\"\" srcset=\"https:\/\/ficc.ar\/buenosaires2025\/wp-content\/uploads\/sites\/17\/2025\/02\/Bendito-Seja-Beck-1024x576.jpg 1024w, https:\/\/ficc.ar\/buenosaires2025\/wp-content\/uploads\/sites\/17\/2025\/02\/Bendito-Seja-Beck-300x169.jpg 300w, https:\/\/ficc.ar\/buenosaires2025\/wp-content\/uploads\/sites\/17\/2025\/02\/Bendito-Seja-Beck.jpg 1920w\" sizes=\"auto, (max-width: 1024px) 100vw, 1024px\" \/><\/a><\/div><div class=\"w-vwrapper usg_vwrapper_1 grid_arrow_top align_center valign_top\"><h1 class=\"w-post-elm post_title usg_post_title_1 has_text_color entry-title color_link_inherit\"><a href=\"https:\/\/ficc.ar\/buenosaires2025\/films\/bendito-seja-o-beck\/\" target=\"_blank\" rel=\"noopener nofollow\">Bendito Seja o Beck<\/a><\/h1><p class=\"w-post-elm post_custom_field usg_post_custom_field_2 has_text_color type_text director_x_xs\"><span class=\"w-post-elm-before\">De <\/span><span class=\"w-post-elm-value\">Marcus Vinicius Diniz - 15 min. - 2024<\/span><\/p><\/div><div class=\"w-vwrapper usg_vwrapper_2 align_center valign_top\" style=\"--vwrapper-gap:0.3rem\"><h2 class=\"w-post-elm post_title usg_post_title_2 has_text_color entry-title color_link_inherit\"><a href=\"https:\/\/ficc.ar\/buenosaires2025\/films\/bendito-seja-o-beck\/\">Bendito Seja o Beck<\/a><\/h2><p class=\"w-post-elm post_custom_field usg_post_custom_field_3 has_text_color type_text director_x_xs\"><span class=\"w-post-elm-before\">De <\/span><span class=\"w-post-elm-value\">Marcus Vinicius Diniz - 15 min. - 2024<\/span><\/p><\/div>\t\t<\/div>\r\n\t<\/article>\r\n\t<article class=\"w-grid-item post-2075 films type-films status-publish has-post-thumbnail hentry categoria_film-competencia-internacional-de-cortometrajes-de-5-min-2\" data-id=\"2075\">\r\n\t\t<div class=\"w-grid-item-h\">\r\n\t\t\t\t\t\t<div class=\"w-post-elm post_image usg_post_image_1 has_ratio\"><div style=\"padding-bottom:56.25%\"><\/div><a href=\"https:\/\/ficc.ar\/buenosaires2025\/films\/the-sprayer\/\" aria-label=\"Bored @ Home\"><img loading=\"lazy\" decoding=\"async\" width=\"1024\" height=\"576\" src=\"https:\/\/ficc.ar\/buenosaires2025\/wp-content\/uploads\/sites\/17\/2025\/01\/Bored-@-home-1024x576.png\" class=\"attachment-large size-large wp-post-image\" alt=\"\" srcset=\"https:\/\/ficc.ar\/buenosaires2025\/wp-content\/uploads\/sites\/17\/2025\/01\/Bored-@-home-1024x576.png 1024w, https:\/\/ficc.ar\/buenosaires2025\/wp-content\/uploads\/sites\/17\/2025\/01\/Bored-@-home-300x169.png 300w, https:\/\/ficc.ar\/buenosaires2025\/wp-content\/uploads\/sites\/17\/2025\/01\/Bored-@-home.png 1920w\" sizes=\"auto, (max-width: 1024px) 100vw, 1024px\" \/><\/a><\/div><div class=\"w-vwrapper usg_vwrapper_1 grid_arrow_top align_center valign_top\"><h1 class=\"w-post-elm post_title usg_post_title_1 has_text_color entry-title color_link_inherit\"><a href=\"https:\/\/ficc.ar\/buenosaires2025\/films\/the-sprayer\/\" target=\"_blank\" rel=\"noopener nofollow\">Bored @ Home<\/a><\/h1><p class=\"w-post-elm post_custom_field usg_post_custom_field_2 has_text_color type_text director_x_xs\"><span class=\"w-post-elm-before\">De <\/span><span class=\"w-post-elm-value\">Matteo Canuti - 1 min. - 2024<\/span><\/p><\/div><div class=\"w-vwrapper usg_vwrapper_2 align_center valign_top\" style=\"--vwrapper-gap:0.3rem\"><h2 class=\"w-post-elm post_title usg_post_title_2 has_text_color entry-title color_link_inherit\"><a href=\"https:\/\/ficc.ar\/buenosaires2025\/films\/the-sprayer\/\">Bored @ Home<\/a><\/h2><p class=\"w-post-elm post_custom_field usg_post_custom_field_3 has_text_color type_text director_x_xs\"><span class=\"w-post-elm-before\">De <\/span><span class=\"w-post-elm-value\">Matteo Canuti - 1 min. - 2024<\/span><\/p><\/div>\t\t<\/div>\r\n\t<\/article>\r\n\t<article class=\"w-grid-item post-2930 films type-films status-publish has-post-thumbnail hentry categoria_film-competencia-internacional-de-cortometrajes-de-5-min\" data-id=\"2930\">\r\n\t\t<div class=\"w-grid-item-h\">\r\n\t\t\t\t\t\t<div class=\"w-post-elm post_image usg_post_image_1 has_ratio\"><div style=\"padding-bottom:56.25%\"><\/div><a href=\"https:\/\/ficc.ar\/buenosaires2025\/films\/cannabis-creativity\/\" aria-label=\"Cannabis + Creativity\"><img loading=\"lazy\" decoding=\"async\" width=\"1024\" height=\"576\" src=\"https:\/\/ficc.ar\/buenosaires2025\/wp-content\/uploads\/sites\/17\/2025\/02\/Cannabis-Creativity-1024x576.jpg\" class=\"attachment-large size-large wp-post-image\" alt=\"\" srcset=\"https:\/\/ficc.ar\/buenosaires2025\/wp-content\/uploads\/sites\/17\/2025\/02\/Cannabis-Creativity-1024x576.jpg 1024w, https:\/\/ficc.ar\/buenosaires2025\/wp-content\/uploads\/sites\/17\/2025\/02\/Cannabis-Creativity-300x169.jpg 300w, https:\/\/ficc.ar\/buenosaires2025\/wp-content\/uploads\/sites\/17\/2025\/02\/Cannabis-Creativity.jpg 1920w\" sizes=\"auto, (max-width: 1024px) 100vw, 1024px\" \/><\/a><\/div><div class=\"w-vwrapper usg_vwrapper_1 grid_arrow_top align_center valign_top\"><h1 class=\"w-post-elm post_title usg_post_title_1 has_text_color entry-title color_link_inherit\"><a href=\"https:\/\/ficc.ar\/buenosaires2025\/films\/cannabis-creativity\/\" target=\"_blank\" rel=\"noopener nofollow\">Cannabis + Creativity<\/a><\/h1><p class=\"w-post-elm post_custom_field usg_post_custom_field_2 has_text_color type_text director_x_xs\"><span class=\"w-post-elm-before\">De <\/span><span class=\"w-post-elm-value\">Elana Frankel - 18 min. - 2024<\/span><\/p><\/div><div class=\"w-vwrapper usg_vwrapper_2 align_center valign_top\" style=\"--vwrapper-gap:0.3rem\"><h2 class=\"w-post-elm post_title usg_post_title_2 has_text_color entry-title color_link_inherit\"><a href=\"https:\/\/ficc.ar\/buenosaires2025\/films\/cannabis-creativity\/\">Cannabis + Creativity<\/a><\/h2><p class=\"w-post-elm post_custom_field usg_post_custom_field_3 has_text_color type_text director_x_xs\"><span class=\"w-post-elm-before\">De <\/span><span class=\"w-post-elm-value\">Elana Frankel - 18 min. - 2024<\/span><\/p><\/div>\t\t<\/div>\r\n\t<\/article>\r\n\t<article class=\"w-grid-item post-3065 films type-films status-publish has-post-thumbnail hentry categoria_film-competencia-internacional-de-cortometrajes-de-5-min-2\" data-id=\"3065\">\r\n\t\t<div class=\"w-grid-item-h\">\r\n\t\t\t\t\t\t<div class=\"w-post-elm post_image usg_post_image_1 has_ratio\"><div style=\"padding-bottom:56.25%\"><\/div><a href=\"https:\/\/ficc.ar\/buenosaires2025\/films\/curanderas\/\" aria-label=\"Curanderas\"><img loading=\"lazy\" decoding=\"async\" width=\"1024\" height=\"576\" src=\"https:\/\/ficc.ar\/buenosaires2025\/wp-content\/uploads\/sites\/17\/2025\/02\/Curanderas-1024x576.jpg\" class=\"attachment-large size-large wp-post-image\" alt=\"\" srcset=\"https:\/\/ficc.ar\/buenosaires2025\/wp-content\/uploads\/sites\/17\/2025\/02\/Curanderas-1024x576.jpg 1024w, https:\/\/ficc.ar\/buenosaires2025\/wp-content\/uploads\/sites\/17\/2025\/02\/Curanderas-300x169.jpg 300w, https:\/\/ficc.ar\/buenosaires2025\/wp-content\/uploads\/sites\/17\/2025\/02\/Curanderas.jpg 1920w\" sizes=\"auto, (max-width: 1024px) 100vw, 1024px\" \/><\/a><\/div><div class=\"w-vwrapper usg_vwrapper_1 grid_arrow_top align_center valign_top\"><h1 class=\"w-post-elm post_title usg_post_title_1 has_text_color entry-title color_link_inherit\"><a href=\"https:\/\/ficc.ar\/buenosaires2025\/films\/curanderas\/\" target=\"_blank\" rel=\"noopener nofollow\">Curanderas<\/a><\/h1><p class=\"w-post-elm post_custom_field usg_post_custom_field_2 has_text_color type_text director_x_xs\"><span class=\"w-post-elm-before\">De <\/span><span class=\"w-post-elm-value\">Natalia Ortiz \/ Colectivo Yama - 4.30 min. - 2023<\/span><\/p><\/div><div class=\"w-vwrapper usg_vwrapper_2 align_center valign_top\" style=\"--vwrapper-gap:0.3rem\"><h2 class=\"w-post-elm post_title usg_post_title_2 has_text_color entry-title color_link_inherit\"><a href=\"https:\/\/ficc.ar\/buenosaires2025\/films\/curanderas\/\">Curanderas<\/a><\/h2><p class=\"w-post-elm post_custom_field usg_post_custom_field_3 has_text_color type_text director_x_xs\"><span class=\"w-post-elm-before\">De <\/span><span class=\"w-post-elm-value\">Natalia Ortiz \/ Colectivo Yama - 4.30 min. - 2023<\/span><\/p><\/div>\t\t<\/div>\r\n\t<\/article>\r\n\t<article class=\"w-grid-item post-2912 films type-films status-publish has-post-thumbnail hentry categoria_film-competencia-internacional-de-cortometrajes-de-5-min-2\" data-id=\"2912\">\r\n\t\t<div class=\"w-grid-item-h\">\r\n\t\t\t\t\t\t<div class=\"w-post-elm post_image usg_post_image_1 has_ratio\"><div style=\"padding-bottom:56.25%\"><\/div><a href=\"https:\/\/ficc.ar\/buenosaires2025\/films\/el-fuego-pulsa\/\" aria-label=\"El fuego pulsa\"><img loading=\"lazy\" decoding=\"async\" width=\"1024\" height=\"576\" src=\"https:\/\/ficc.ar\/buenosaires2025\/wp-content\/uploads\/sites\/17\/2025\/02\/El-fuego-pulsa-1024x576.jpg\" class=\"attachment-large size-large wp-post-image\" alt=\"\" srcset=\"https:\/\/ficc.ar\/buenosaires2025\/wp-content\/uploads\/sites\/17\/2025\/02\/El-fuego-pulsa-1024x576.jpg 1024w, https:\/\/ficc.ar\/buenosaires2025\/wp-content\/uploads\/sites\/17\/2025\/02\/El-fuego-pulsa-300x169.jpg 300w, https:\/\/ficc.ar\/buenosaires2025\/wp-content\/uploads\/sites\/17\/2025\/02\/El-fuego-pulsa.jpg 1920w\" sizes=\"auto, (max-width: 1024px) 100vw, 1024px\" \/><\/a><\/div><div class=\"w-vwrapper usg_vwrapper_1 grid_arrow_top align_center valign_top\"><h1 class=\"w-post-elm post_title usg_post_title_1 has_text_color entry-title color_link_inherit\"><a href=\"https:\/\/ficc.ar\/buenosaires2025\/films\/el-fuego-pulsa\/\" target=\"_blank\" rel=\"noopener nofollow\">El fuego pulsa<\/a><\/h1><p class=\"w-post-elm post_custom_field usg_post_custom_field_2 has_text_color type_text director_x_xs\"><span class=\"w-post-elm-before\">De <\/span><span class=\"w-post-elm-value\">IgMa Guerrero, Javier Ezzaoui y Daniel Guerrero - 5 min. - 2025<\/span><\/p><\/div><div class=\"w-vwrapper usg_vwrapper_2 align_center valign_top\" style=\"--vwrapper-gap:0.3rem\"><h2 class=\"w-post-elm post_title usg_post_title_2 has_text_color entry-title color_link_inherit\"><a href=\"https:\/\/ficc.ar\/buenosaires2025\/films\/el-fuego-pulsa\/\">El fuego pulsa<\/a><\/h2><p class=\"w-post-elm post_custom_field usg_post_custom_field_3 has_text_color type_text director_x_xs\"><span class=\"w-post-elm-before\">De <\/span><span class=\"w-post-elm-value\">IgMa Guerrero, Javier Ezzaoui y Daniel Guerrero - 5 min. - 2025<\/span><\/p><\/div>\t\t<\/div>\r\n\t<\/article>\r\n\t<article class=\"w-grid-item post-2914 films type-films status-publish has-post-thumbnail hentry categoria_film-competencia-internacional-de-cortometrajes-de-5-min-2\" data-id=\"2914\">\r\n\t\t<div class=\"w-grid-item-h\">\r\n\t\t\t\t\t\t<div class=\"w-post-elm post_image usg_post_image_1 has_ratio\"><div style=\"padding-bottom:56.25%\"><\/div><a href=\"https:\/\/ficc.ar\/buenosaires2025\/films\/el-sueno\/\" aria-label=\"El Sue\u00f1o\"><img loading=\"lazy\" decoding=\"async\" width=\"1024\" height=\"576\" src=\"https:\/\/ficc.ar\/buenosaires2025\/wp-content\/uploads\/sites\/17\/2025\/02\/El-sueno-1024x576.jpg\" class=\"attachment-large size-large wp-post-image\" alt=\"\" srcset=\"https:\/\/ficc.ar\/buenosaires2025\/wp-content\/uploads\/sites\/17\/2025\/02\/El-sueno-1024x576.jpg 1024w, https:\/\/ficc.ar\/buenosaires2025\/wp-content\/uploads\/sites\/17\/2025\/02\/El-sueno-300x169.jpg 300w, https:\/\/ficc.ar\/buenosaires2025\/wp-content\/uploads\/sites\/17\/2025\/02\/El-sueno.jpg 1920w\" sizes=\"auto, (max-width: 1024px) 100vw, 1024px\" \/><\/a><\/div><div class=\"w-vwrapper usg_vwrapper_1 grid_arrow_top align_center valign_top\"><h1 class=\"w-post-elm post_title usg_post_title_1 has_text_color entry-title color_link_inherit\"><a href=\"https:\/\/ficc.ar\/buenosaires2025\/films\/el-sueno\/\" target=\"_blank\" rel=\"noopener nofollow\">El Sue\u00f1o<\/a><\/h1><p class=\"w-post-elm post_custom_field usg_post_custom_field_2 has_text_color type_text director_x_xs\"><span class=\"w-post-elm-before\">De <\/span><span class=\"w-post-elm-value\">Nadia Calder\u00f3n - 1 min. -  2023<\/span><\/p><\/div><div class=\"w-vwrapper usg_vwrapper_2 align_center valign_top\" style=\"--vwrapper-gap:0.3rem\"><h2 class=\"w-post-elm post_title usg_post_title_2 has_text_color entry-title color_link_inherit\"><a href=\"https:\/\/ficc.ar\/buenosaires2025\/films\/el-sueno\/\">El Sue\u00f1o<\/a><\/h2><p class=\"w-post-elm post_custom_field usg_post_custom_field_3 has_text_color type_text director_x_xs\"><span class=\"w-post-elm-before\">De <\/span><span class=\"w-post-elm-value\">Nadia Calder\u00f3n - 1 min. -  2023<\/span><\/p><\/div>\t\t<\/div>\r\n\t<\/article>\r\n\t<article class=\"w-grid-item post-2932 films type-films status-publish has-post-thumbnail hentry categoria_film-competencia-internacional-de-cortometrajes-de-5-min\" data-id=\"2932\">\r\n\t\t<div class=\"w-grid-item-h\">\r\n\t\t\t\t\t\t<div class=\"w-post-elm post_image usg_post_image_1 has_ratio\"><div style=\"padding-bottom:56.25%\"><\/div><a href=\"https:\/\/ficc.ar\/buenosaires2025\/films\/growing-pains\/\" aria-label=\"Growing Pains\"><img loading=\"lazy\" decoding=\"async\" width=\"1024\" height=\"576\" src=\"https:\/\/ficc.ar\/buenosaires2025\/wp-content\/uploads\/sites\/17\/2025\/02\/Growing-Pains-1024x576.jpg\" class=\"attachment-large size-large wp-post-image\" alt=\"\" srcset=\"https:\/\/ficc.ar\/buenosaires2025\/wp-content\/uploads\/sites\/17\/2025\/02\/Growing-Pains-1024x576.jpg 1024w, https:\/\/ficc.ar\/buenosaires2025\/wp-content\/uploads\/sites\/17\/2025\/02\/Growing-Pains-300x169.jpg 300w, https:\/\/ficc.ar\/buenosaires2025\/wp-content\/uploads\/sites\/17\/2025\/02\/Growing-Pains.jpg 1920w\" sizes=\"auto, (max-width: 1024px) 100vw, 1024px\" \/><\/a><\/div><div class=\"w-vwrapper usg_vwrapper_1 grid_arrow_top align_center valign_top\"><h1 class=\"w-post-elm post_title usg_post_title_1 has_text_color entry-title color_link_inherit\"><a href=\"https:\/\/ficc.ar\/buenosaires2025\/films\/growing-pains\/\" target=\"_blank\" rel=\"noopener nofollow\">Growing Pains<\/a><\/h1><p class=\"w-post-elm post_custom_field usg_post_custom_field_2 has_text_color type_text director_x_xs\"><span class=\"w-post-elm-before\">De <\/span><span class=\"w-post-elm-value\"> Jack Curtis - 15 min. - 2024<\/span><\/p><\/div><div class=\"w-vwrapper usg_vwrapper_2 align_center valign_top\" style=\"--vwrapper-gap:0.3rem\"><h2 class=\"w-post-elm post_title usg_post_title_2 has_text_color entry-title color_link_inherit\"><a href=\"https:\/\/ficc.ar\/buenosaires2025\/films\/growing-pains\/\">Growing Pains<\/a><\/h2><p class=\"w-post-elm post_custom_field usg_post_custom_field_3 has_text_color type_text director_x_xs\"><span class=\"w-post-elm-before\">De <\/span><span class=\"w-post-elm-value\"> Jack Curtis - 15 min. - 2024<\/span><\/p><\/div>\t\t<\/div>\r\n\t<\/article>\r\n\t<article class=\"w-grid-item post-2918 films type-films status-publish has-post-thumbnail hentry categoria_film-competencia-internacional-de-cortometrajes-de-5-min-2\" data-id=\"2918\">\r\n\t\t<div class=\"w-grid-item-h\">\r\n\t\t\t\t\t\t<div class=\"w-post-elm post_image usg_post_image_1 has_ratio\"><div style=\"padding-bottom:56.25%\"><\/div><a href=\"https:\/\/ficc.ar\/buenosaires2025\/films\/joy\/\" aria-label=\"Joy\"><img loading=\"lazy\" decoding=\"async\" width=\"1024\" height=\"576\" src=\"https:\/\/ficc.ar\/buenosaires2025\/wp-content\/uploads\/sites\/17\/2025\/02\/Joy-1024x576.jpg\" class=\"attachment-large size-large wp-post-image\" alt=\"\" srcset=\"https:\/\/ficc.ar\/buenosaires2025\/wp-content\/uploads\/sites\/17\/2025\/02\/Joy-1024x576.jpg 1024w, https:\/\/ficc.ar\/buenosaires2025\/wp-content\/uploads\/sites\/17\/2025\/02\/Joy-300x169.jpg 300w, https:\/\/ficc.ar\/buenosaires2025\/wp-content\/uploads\/sites\/17\/2025\/02\/Joy.jpg 1920w\" sizes=\"auto, (max-width: 1024px) 100vw, 1024px\" \/><\/a><\/div><div class=\"w-vwrapper usg_vwrapper_1 grid_arrow_top align_center valign_top\"><h1 class=\"w-post-elm post_title usg_post_title_1 has_text_color entry-title color_link_inherit\"><a href=\"https:\/\/ficc.ar\/buenosaires2025\/films\/joy\/\" target=\"_blank\" rel=\"noopener nofollow\">Joy<\/a><\/h1><p class=\"w-post-elm post_custom_field usg_post_custom_field_2 has_text_color type_text director_x_xs\"><span class=\"w-post-elm-before\">De <\/span><span class=\"w-post-elm-value\">Manolis Levedeli - 5 min. - 2024<\/span><\/p><\/div><div class=\"w-vwrapper usg_vwrapper_2 align_center valign_top\" style=\"--vwrapper-gap:0.3rem\"><h2 class=\"w-post-elm post_title usg_post_title_2 has_text_color entry-title color_link_inherit\"><a href=\"https:\/\/ficc.ar\/buenosaires2025\/films\/joy\/\">Joy<\/a><\/h2><p class=\"w-post-elm post_custom_field usg_post_custom_field_3 has_text_color type_text director_x_xs\"><span class=\"w-post-elm-before\">De <\/span><span class=\"w-post-elm-value\">Manolis Levedeli - 5 min. - 2024<\/span><\/p><\/div>\t\t<\/div>\r\n\t<\/article>\r\n\t<article class=\"w-grid-item post-2920 films type-films status-publish has-post-thumbnail hentry categoria_film-competencia-internacional-de-cortometrajes-de-5-min-2\" data-id=\"2920\">\r\n\t\t<div class=\"w-grid-item-h\">\r\n\t\t\t\t\t\t<div class=\"w-post-elm post_image usg_post_image_1 has_ratio\"><div style=\"padding-bottom:56.25%\"><\/div><a href=\"https:\/\/ficc.ar\/buenosaires2025\/films\/late-rituals\/\" aria-label=\"Late Rituals\"><img loading=\"lazy\" decoding=\"async\" width=\"1024\" height=\"576\" src=\"https:\/\/ficc.ar\/buenosaires2025\/wp-content\/uploads\/sites\/17\/2025\/02\/Late-rituals-1024x576.jpg\" class=\"attachment-large size-large wp-post-image\" alt=\"\" srcset=\"https:\/\/ficc.ar\/buenosaires2025\/wp-content\/uploads\/sites\/17\/2025\/02\/Late-rituals-1024x576.jpg 1024w, https:\/\/ficc.ar\/buenosaires2025\/wp-content\/uploads\/sites\/17\/2025\/02\/Late-rituals-300x169.jpg 300w, https:\/\/ficc.ar\/buenosaires2025\/wp-content\/uploads\/sites\/17\/2025\/02\/Late-rituals.jpg 1920w\" sizes=\"auto, (max-width: 1024px) 100vw, 1024px\" \/><\/a><\/div><div class=\"w-vwrapper usg_vwrapper_1 grid_arrow_top align_center valign_top\"><h1 class=\"w-post-elm post_title usg_post_title_1 has_text_color entry-title color_link_inherit\"><a href=\"https:\/\/ficc.ar\/buenosaires2025\/films\/late-rituals\/\" target=\"_blank\" rel=\"noopener nofollow\">Late Rituals<\/a><\/h1><p class=\"w-post-elm post_custom_field usg_post_custom_field_2 has_text_color type_text director_x_xs\"><span class=\"w-post-elm-before\">De <\/span><span class=\"w-post-elm-value\">Rois Martin - 4 min. - 2024<\/span><\/p><\/div><div class=\"w-vwrapper usg_vwrapper_2 align_center valign_top\" style=\"--vwrapper-gap:0.3rem\"><h2 class=\"w-post-elm post_title usg_post_title_2 has_text_color entry-title color_link_inherit\"><a href=\"https:\/\/ficc.ar\/buenosaires2025\/films\/late-rituals\/\">Late Rituals<\/a><\/h2><p class=\"w-post-elm post_custom_field usg_post_custom_field_3 has_text_color type_text director_x_xs\"><span class=\"w-post-elm-before\">De <\/span><span class=\"w-post-elm-value\">Rois Martin - 4 min. - 2024<\/span><\/p><\/div>\t\t<\/div>\r\n\t<\/article>\r\n\t<article class=\"w-grid-item post-2934 films type-films status-publish has-post-thumbnail hentry categoria_film-competencia-internacional-de-cortometrajes-de-5-min\" data-id=\"2934\">\r\n\t\t<div class=\"w-grid-item-h\">\r\n\t\t\t\t\t\t<div class=\"w-post-elm post_image usg_post_image_1 has_ratio\"><div style=\"padding-bottom:56.25%\"><\/div><a href=\"https:\/\/ficc.ar\/buenosaires2025\/films\/osoro\/\" aria-label=\"Osoro\"><img loading=\"lazy\" decoding=\"async\" width=\"1024\" height=\"576\" src=\"https:\/\/ficc.ar\/buenosaires2025\/wp-content\/uploads\/sites\/17\/2025\/02\/Osoro-1024x576.jpg\" class=\"attachment-large size-large wp-post-image\" alt=\"\" srcset=\"https:\/\/ficc.ar\/buenosaires2025\/wp-content\/uploads\/sites\/17\/2025\/02\/Osoro-1024x576.jpg 1024w, https:\/\/ficc.ar\/buenosaires2025\/wp-content\/uploads\/sites\/17\/2025\/02\/Osoro-300x169.jpg 300w, https:\/\/ficc.ar\/buenosaires2025\/wp-content\/uploads\/sites\/17\/2025\/02\/Osoro.jpg 1920w\" sizes=\"auto, (max-width: 1024px) 100vw, 1024px\" \/><\/a><\/div><div class=\"w-vwrapper usg_vwrapper_1 grid_arrow_top align_center valign_top\"><h1 class=\"w-post-elm post_title usg_post_title_1 has_text_color entry-title color_link_inherit\"><a href=\"https:\/\/ficc.ar\/buenosaires2025\/films\/osoro\/\" target=\"_blank\" rel=\"noopener nofollow\">Osoro<\/a><\/h1><p class=\"w-post-elm post_custom_field usg_post_custom_field_2 has_text_color type_text director_x_xs\"><span class=\"w-post-elm-before\">De <\/span><span class=\"w-post-elm-value\">Sheila Nortley - 28 min. - 2024<\/span><\/p><\/div><div class=\"w-vwrapper usg_vwrapper_2 align_center valign_top\" style=\"--vwrapper-gap:0.3rem\"><h2 class=\"w-post-elm post_title usg_post_title_2 has_text_color entry-title color_link_inherit\"><a href=\"https:\/\/ficc.ar\/buenosaires2025\/films\/osoro\/\">Osoro<\/a><\/h2><p class=\"w-post-elm post_custom_field usg_post_custom_field_3 has_text_color type_text director_x_xs\"><span class=\"w-post-elm-before\">De <\/span><span class=\"w-post-elm-value\">Sheila Nortley - 28 min. - 2024<\/span><\/p><\/div>\t\t<\/div>\r\n\t<\/article>\r\n\t<article class=\"w-grid-item post-3067 films type-films status-publish has-post-thumbnail hentry categoria_film-competencia-internacional-de-cortometrajes-de-5-min-2\" data-id=\"3067\">\r\n\t\t<div class=\"w-grid-item-h\">\r\n\t\t\t\t\t\t<div class=\"w-post-elm post_image usg_post_image_1 has_ratio\"><div style=\"padding-bottom:56.25%\"><\/div><a href=\"https:\/\/ficc.ar\/buenosaires2025\/films\/reparacion-historica-ja\/\" aria-label=\"Reparaci\u00f3n hist\u00f3rica J\u00e1\"><img loading=\"lazy\" decoding=\"async\" width=\"1024\" height=\"576\" src=\"https:\/\/ficc.ar\/buenosaires2025\/wp-content\/uploads\/sites\/17\/2025\/02\/Reparacion-historica-1024x576.jpg\" class=\"attachment-large size-large wp-post-image\" alt=\"\" srcset=\"https:\/\/ficc.ar\/buenosaires2025\/wp-content\/uploads\/sites\/17\/2025\/02\/Reparacion-historica-1024x576.jpg 1024w, https:\/\/ficc.ar\/buenosaires2025\/wp-content\/uploads\/sites\/17\/2025\/02\/Reparacion-historica-300x169.jpg 300w, https:\/\/ficc.ar\/buenosaires2025\/wp-content\/uploads\/sites\/17\/2025\/02\/Reparacion-historica.jpg 1920w\" sizes=\"auto, (max-width: 1024px) 100vw, 1024px\" \/><\/a><\/div><div class=\"w-vwrapper usg_vwrapper_1 grid_arrow_top align_center valign_top\"><h1 class=\"w-post-elm post_title usg_post_title_1 has_text_color entry-title color_link_inherit\"><a href=\"https:\/\/ficc.ar\/buenosaires2025\/films\/reparacion-historica-ja\/\" target=\"_blank\" rel=\"noopener nofollow\">Reparaci\u00f3n hist\u00f3rica J\u00e1<\/a><\/h1><p class=\"w-post-elm post_custom_field usg_post_custom_field_2 has_text_color type_text director_x_xs\"><span class=\"w-post-elm-before\">De <\/span><span class=\"w-post-elm-value\"> Giu Tantan - 3 min. - 2024<\/span><\/p><\/div><div class=\"w-vwrapper usg_vwrapper_2 align_center valign_top\" style=\"--vwrapper-gap:0.3rem\"><h2 class=\"w-post-elm post_title usg_post_title_2 has_text_color entry-title color_link_inherit\"><a href=\"https:\/\/ficc.ar\/buenosaires2025\/films\/reparacion-historica-ja\/\">Reparaci\u00f3n hist\u00f3rica J\u00e1<\/a><\/h2><p class=\"w-post-elm post_custom_field usg_post_custom_field_3 has_text_color type_text director_x_xs\"><span class=\"w-post-elm-before\">De <\/span><span class=\"w-post-elm-value\"> Giu Tantan - 3 min. - 2024<\/span><\/p><\/div>\t\t<\/div>\r\n\t<\/article>\r\n\t<article class=\"w-grid-item post-2936 films type-films status-publish has-post-thumbnail hentry categoria_film-competencia-internacional-de-cortometrajes-de-5-min\" data-id=\"2936\">\r\n\t\t<div class=\"w-grid-item-h\">\r\n\t\t\t\t\t\t<div class=\"w-post-elm post_image usg_post_image_1 has_ratio\"><div style=\"padding-bottom:56.25%\"><\/div><a href=\"https:\/\/ficc.ar\/buenosaires2025\/films\/rinon-pelvico\/\" aria-label=\"Ri\u00f1\u00f3n p\u00e9lvico\"><img loading=\"lazy\" decoding=\"async\" width=\"1024\" height=\"576\" src=\"https:\/\/ficc.ar\/buenosaires2025\/wp-content\/uploads\/sites\/17\/2025\/02\/Rinon-Pelvico-1024x576.jpg\" class=\"attachment-large size-large wp-post-image\" alt=\"\" srcset=\"https:\/\/ficc.ar\/buenosaires2025\/wp-content\/uploads\/sites\/17\/2025\/02\/Rinon-Pelvico-1024x576.jpg 1024w, https:\/\/ficc.ar\/buenosaires2025\/wp-content\/uploads\/sites\/17\/2025\/02\/Rinon-Pelvico-300x169.jpg 300w, https:\/\/ficc.ar\/buenosaires2025\/wp-content\/uploads\/sites\/17\/2025\/02\/Rinon-Pelvico.jpg 1920w\" sizes=\"auto, (max-width: 1024px) 100vw, 1024px\" \/><\/a><\/div><div class=\"w-vwrapper usg_vwrapper_1 grid_arrow_top align_center valign_top\"><h1 class=\"w-post-elm post_title usg_post_title_1 has_text_color entry-title color_link_inherit\"><a href=\"https:\/\/ficc.ar\/buenosaires2025\/films\/rinon-pelvico\/\" target=\"_blank\" rel=\"noopener nofollow\">Ri\u00f1\u00f3n p\u00e9lvico<\/a><\/h1><p class=\"w-post-elm post_custom_field usg_post_custom_field_2 has_text_color type_text director_x_xs\"><span class=\"w-post-elm-before\">De <\/span><span class=\"w-post-elm-value\"> Juli\u00e1n Urman - 10 min. - 2024<\/span><\/p><\/div><div class=\"w-vwrapper usg_vwrapper_2 align_center valign_top\" style=\"--vwrapper-gap:0.3rem\"><h2 class=\"w-post-elm post_title usg_post_title_2 has_text_color entry-title color_link_inherit\"><a href=\"https:\/\/ficc.ar\/buenosaires2025\/films\/rinon-pelvico\/\">Ri\u00f1\u00f3n p\u00e9lvico<\/a><\/h2><p class=\"w-post-elm post_custom_field usg_post_custom_field_3 has_text_color type_text director_x_xs\"><span class=\"w-post-elm-before\">De <\/span><span class=\"w-post-elm-value\"> Juli\u00e1n Urman - 10 min. - 2024<\/span><\/p><\/div>\t\t<\/div>\r\n\t<\/article>\r\n\t<article class=\"w-grid-item post-2938 films type-films status-publish has-post-thumbnail hentry categoria_film-competencia-internacional-de-cortometrajes-de-5-min\" data-id=\"2938\">\r\n\t\t<div class=\"w-grid-item-h\">\r\n\t\t\t\t\t\t<div class=\"w-post-elm post_image usg_post_image_1 has_ratio\"><div style=\"padding-bottom:56.25%\"><\/div><a href=\"https:\/\/ficc.ar\/buenosaires2025\/films\/sup\/\" aria-label=\"SUP\"><img loading=\"lazy\" decoding=\"async\" width=\"1024\" height=\"576\" src=\"https:\/\/ficc.ar\/buenosaires2025\/wp-content\/uploads\/sites\/17\/2025\/02\/SUP-1024x576.jpg\" class=\"attachment-large size-large wp-post-image\" alt=\"\" srcset=\"https:\/\/ficc.ar\/buenosaires2025\/wp-content\/uploads\/sites\/17\/2025\/02\/SUP-1024x576.jpg 1024w, https:\/\/ficc.ar\/buenosaires2025\/wp-content\/uploads\/sites\/17\/2025\/02\/SUP-300x169.jpg 300w, https:\/\/ficc.ar\/buenosaires2025\/wp-content\/uploads\/sites\/17\/2025\/02\/SUP.jpg 1920w\" sizes=\"auto, (max-width: 1024px) 100vw, 1024px\" \/><\/a><\/div><div class=\"w-vwrapper usg_vwrapper_1 grid_arrow_top align_center valign_top\"><h1 class=\"w-post-elm post_title usg_post_title_1 has_text_color entry-title color_link_inherit\"><a href=\"https:\/\/ficc.ar\/buenosaires2025\/films\/sup\/\" target=\"_blank\" rel=\"noopener nofollow\">SUP<\/a><\/h1><p class=\"w-post-elm post_custom_field usg_post_custom_field_2 has_text_color type_text director_x_xs\"><span class=\"w-post-elm-before\">De <\/span><span class=\"w-post-elm-value\">Gregory Stewart  - 9 min. - 2024<\/span><\/p><\/div><div class=\"w-vwrapper usg_vwrapper_2 align_center valign_top\" style=\"--vwrapper-gap:0.3rem\"><h2 class=\"w-post-elm post_title usg_post_title_2 has_text_color entry-title color_link_inherit\"><a href=\"https:\/\/ficc.ar\/buenosaires2025\/films\/sup\/\">SUP<\/a><\/h2><p class=\"w-post-elm post_custom_field usg_post_custom_field_3 has_text_color type_text director_x_xs\"><span class=\"w-post-elm-before\">De <\/span><span class=\"w-post-elm-value\">Gregory Stewart  - 9 min. - 2024<\/span><\/p><\/div>\t\t<\/div>\r\n\t<\/article>\r\n\t<article class=\"w-grid-item post-2922 films type-films status-publish has-post-thumbnail hentry categoria_film-competencia-internacional-de-cortometrajes-de-5-min-2\" data-id=\"2922\">\r\n\t\t<div class=\"w-grid-item-h\">\r\n\t\t\t\t\t\t<div class=\"w-post-elm post_image usg_post_image_1 has_ratio\"><div style=\"padding-bottom:56.25%\"><\/div><a href=\"https:\/\/ficc.ar\/buenosaires2025\/films\/the-cook\/\" aria-label=\"The Cook\"><img loading=\"lazy\" decoding=\"async\" width=\"1024\" height=\"576\" src=\"https:\/\/ficc.ar\/buenosaires2025\/wp-content\/uploads\/sites\/17\/2025\/02\/The-Cook-1024x576.jpg\" class=\"attachment-large size-large wp-post-image\" alt=\"\" srcset=\"https:\/\/ficc.ar\/buenosaires2025\/wp-content\/uploads\/sites\/17\/2025\/02\/The-Cook-1024x576.jpg 1024w, https:\/\/ficc.ar\/buenosaires2025\/wp-content\/uploads\/sites\/17\/2025\/02\/The-Cook-300x169.jpg 300w, https:\/\/ficc.ar\/buenosaires2025\/wp-content\/uploads\/sites\/17\/2025\/02\/The-Cook.jpg 1920w\" sizes=\"auto, (max-width: 1024px) 100vw, 1024px\" \/><\/a><\/div><div class=\"w-vwrapper usg_vwrapper_1 grid_arrow_top align_center valign_top\"><h1 class=\"w-post-elm post_title usg_post_title_1 has_text_color entry-title color_link_inherit\"><a href=\"https:\/\/ficc.ar\/buenosaires2025\/films\/the-cook\/\" target=\"_blank\" rel=\"noopener nofollow\">The Cook<\/a><\/h1><p class=\"w-post-elm post_custom_field usg_post_custom_field_2 has_text_color type_text director_x_xs\"><span class=\"w-post-elm-before\">De <\/span><span class=\"w-post-elm-value\"> Vincent Bossel - 3 min. - 2022<\/span><\/p><\/div><div class=\"w-vwrapper usg_vwrapper_2 align_center valign_top\" style=\"--vwrapper-gap:0.3rem\"><h2 class=\"w-post-elm post_title usg_post_title_2 has_text_color entry-title color_link_inherit\"><a href=\"https:\/\/ficc.ar\/buenosaires2025\/films\/the-cook\/\">The Cook<\/a><\/h2><p class=\"w-post-elm post_custom_field usg_post_custom_field_3 has_text_color type_text director_x_xs\"><span class=\"w-post-elm-before\">De <\/span><span class=\"w-post-elm-value\"> Vincent Bossel - 3 min. - 2022<\/span><\/p><\/div>\t\t<\/div>\r\n\t<\/article>\r\n\t<article class=\"w-grid-item post-2940 films type-films status-publish has-post-thumbnail hentry categoria_film-competencia-internacional-de-cortometrajes-de-5-min\" data-id=\"2940\">\r\n\t\t<div class=\"w-grid-item-h\">\r\n\t\t\t\t\t\t<div class=\"w-post-elm post_image usg_post_image_1 has_ratio\"><div style=\"padding-bottom:56.25%\"><\/div><a href=\"https:\/\/ficc.ar\/buenosaires2025\/films\/the-original-hash-queen-mila-jansen\/\" aria-label=\"The Original Hash Queen &#8211; Mila Jansen\"><img loading=\"lazy\" decoding=\"async\" width=\"1024\" height=\"576\" src=\"https:\/\/ficc.ar\/buenosaires2025\/wp-content\/uploads\/sites\/17\/2025\/02\/The-Original-Hash-Queen-1024x576.jpg\" class=\"attachment-large size-large wp-post-image\" alt=\"\" srcset=\"https:\/\/ficc.ar\/buenosaires2025\/wp-content\/uploads\/sites\/17\/2025\/02\/The-Original-Hash-Queen-1024x576.jpg 1024w, https:\/\/ficc.ar\/buenosaires2025\/wp-content\/uploads\/sites\/17\/2025\/02\/The-Original-Hash-Queen-300x169.jpg 300w, https:\/\/ficc.ar\/buenosaires2025\/wp-content\/uploads\/sites\/17\/2025\/02\/The-Original-Hash-Queen.jpg 1920w\" sizes=\"auto, (max-width: 1024px) 100vw, 1024px\" \/><\/a><\/div><div class=\"w-vwrapper usg_vwrapper_1 grid_arrow_top align_center valign_top\"><h1 class=\"w-post-elm post_title usg_post_title_1 has_text_color entry-title color_link_inherit\"><a href=\"https:\/\/ficc.ar\/buenosaires2025\/films\/the-original-hash-queen-mila-jansen\/\" target=\"_blank\" rel=\"noopener nofollow\">The Original Hash Queen &#8211; Mila Jansen<\/a><\/h1><p class=\"w-post-elm post_custom_field usg_post_custom_field_2 has_text_color type_text director_x_xs\"><span class=\"w-post-elm-before\">De <\/span><span class=\"w-post-elm-value\">Lane Lima - 10 min. - 2024<\/span><\/p><\/div><div class=\"w-vwrapper usg_vwrapper_2 align_center valign_top\" style=\"--vwrapper-gap:0.3rem\"><h2 class=\"w-post-elm post_title usg_post_title_2 has_text_color entry-title color_link_inherit\"><a href=\"https:\/\/ficc.ar\/buenosaires2025\/films\/the-original-hash-queen-mila-jansen\/\">The Original Hash Queen &#8211; Mila Jansen<\/a><\/h2><p class=\"w-post-elm post_custom_field usg_post_custom_field_3 has_text_color type_text director_x_xs\"><span class=\"w-post-elm-before\">De <\/span><span class=\"w-post-elm-value\">Lane Lima - 10 min. - 2024<\/span><\/p><\/div>\t\t<\/div>\r\n\t<\/article>\r\n\t<article class=\"w-grid-item post-2924 films type-films status-publish has-post-thumbnail hentry categoria_film-competencia-internacional-de-cortometrajes-de-5-min-2\" data-id=\"2924\">\r\n\t\t<div class=\"w-grid-item-h\">\r\n\t\t\t\t\t\t<div class=\"w-post-elm post_image usg_post_image_1 has_ratio\"><div style=\"padding-bottom:56.25%\"><\/div><a href=\"https:\/\/ficc.ar\/buenosaires2025\/films\/wake-up\/\" aria-label=\"Wake Up\"><img loading=\"lazy\" decoding=\"async\" width=\"1024\" height=\"576\" src=\"https:\/\/ficc.ar\/buenosaires2025\/wp-content\/uploads\/sites\/17\/2025\/02\/Wake-up-1024x576.jpg\" class=\"attachment-large size-large wp-post-image\" alt=\"\" srcset=\"https:\/\/ficc.ar\/buenosaires2025\/wp-content\/uploads\/sites\/17\/2025\/02\/Wake-up-1024x576.jpg 1024w, https:\/\/ficc.ar\/buenosaires2025\/wp-content\/uploads\/sites\/17\/2025\/02\/Wake-up-300x169.jpg 300w, https:\/\/ficc.ar\/buenosaires2025\/wp-content\/uploads\/sites\/17\/2025\/02\/Wake-up.jpg 1920w\" sizes=\"auto, (max-width: 1024px) 100vw, 1024px\" \/><\/a><\/div><div class=\"w-vwrapper usg_vwrapper_1 grid_arrow_top align_center valign_top\"><h1 class=\"w-post-elm post_title usg_post_title_1 has_text_color entry-title color_link_inherit\"><a href=\"https:\/\/ficc.ar\/buenosaires2025\/films\/wake-up\/\" target=\"_blank\" rel=\"noopener nofollow\">Wake Up<\/a><\/h1><p class=\"w-post-elm post_custom_field usg_post_custom_field_2 has_text_color type_text director_x_xs\"><span class=\"w-post-elm-before\">De <\/span><span class=\"w-post-elm-value\"> Joaqu\u00edn Follador - 3.30 min. - 2024<\/span><\/p><\/div><div class=\"w-vwrapper usg_vwrapper_2 align_center valign_top\" style=\"--vwrapper-gap:0.3rem\"><h2 class=\"w-post-elm post_title usg_post_title_2 has_text_color entry-title color_link_inherit\"><a href=\"https:\/\/ficc.ar\/buenosaires2025\/films\/wake-up\/\">Wake Up<\/a><\/h2><p class=\"w-post-elm post_custom_field usg_post_custom_field_3 has_text_color type_text director_x_xs\"><span class=\"w-post-elm-before\">De <\/span><span class=\"w-post-elm-value\"> Joaqu\u00edn Follador - 3.30 min. - 2024<\/span><\/p><\/div>\t\t<\/div>\r\n\t<\/article>\r\n\t<article class=\"w-grid-item post-2942 films type-films status-publish has-post-thumbnail hentry categoria_film-competencia-internacional-de-cortometrajes-de-5-min\" data-id=\"2942\">\r\n\t\t<div class=\"w-grid-item-h\">\r\n\t\t\t\t\t\t<div class=\"w-post-elm post_image usg_post_image_1 has_ratio\"><div style=\"padding-bottom:56.25%\"><\/div><a href=\"https:\/\/ficc.ar\/buenosaires2025\/films\/weeds\/\" aria-label=\"Weeds\"><img loading=\"lazy\" decoding=\"async\" width=\"1024\" height=\"576\" src=\"https:\/\/ficc.ar\/buenosaires2025\/wp-content\/uploads\/sites\/17\/2025\/02\/Weeds-1024x576.jpg\" class=\"attachment-large size-large wp-post-image\" alt=\"\" srcset=\"https:\/\/ficc.ar\/buenosaires2025\/wp-content\/uploads\/sites\/17\/2025\/02\/Weeds-1024x576.jpg 1024w, https:\/\/ficc.ar\/buenosaires2025\/wp-content\/uploads\/sites\/17\/2025\/02\/Weeds-300x169.jpg 300w, https:\/\/ficc.ar\/buenosaires2025\/wp-content\/uploads\/sites\/17\/2025\/02\/Weeds.jpg 1920w\" sizes=\"auto, (max-width: 1024px) 100vw, 1024px\" \/><\/a><\/div><div class=\"w-vwrapper usg_vwrapper_1 grid_arrow_top align_center valign_top\"><h1 class=\"w-post-elm post_title usg_post_title_1 has_text_color entry-title color_link_inherit\"><a href=\"https:\/\/ficc.ar\/buenosaires2025\/films\/weeds\/\" target=\"_blank\" rel=\"noopener nofollow\">Weeds<\/a><\/h1><p class=\"w-post-elm post_custom_field usg_post_custom_field_2 has_text_color type_text director_x_xs\"><span class=\"w-post-elm-before\">De <\/span><span class=\"w-post-elm-value\">Pola Kazak - 14 min. - 2024<\/span><\/p><\/div><div class=\"w-vwrapper usg_vwrapper_2 align_center valign_top\" style=\"--vwrapper-gap:0.3rem\"><h2 class=\"w-post-elm post_title usg_post_title_2 has_text_color entry-title color_link_inherit\"><a href=\"https:\/\/ficc.ar\/buenosaires2025\/films\/weeds\/\">Weeds<\/a><\/h2><p class=\"w-post-elm post_custom_field usg_post_custom_field_3 has_text_color type_text director_x_xs\"><span class=\"w-post-elm-before\">De <\/span><span class=\"w-post-elm-value\">Pola Kazak - 14 min. - 2024<\/span><\/p><\/div>\t\t<\/div>\r\n\t<\/article>\r\n<\/div><div class=\"w-grid-preloader\"><div class=\"g-preloader type_2\">\r\n\t<div><\/div>\r\n<\/div>\r\n<\/div>\t<div class=\"w-grid-json hidden\" onclick='return {&quot;action&quot;:&quot;us_ajax_grid&quot;,&quot;ajax_url&quot;:&quot;https:\\\/\\\/ficc.ar\\\/buenosaires2025\\\/wp-admin\\\/admin-ajax.php&quot;,&quot;infinite_scroll&quot;:0,&quot;max_num_pages&quot;:1,&quot;pagination&quot;:&quot;none&quot;,&quot;permalink_url&quot;:&quot;https:\\\/\\\/ficc.ar\\\/buenosaires2025\\\/wp-json\\\/wp\\\/v2\\\/pages\\\/12&quot;,&quot;template_vars&quot;:{&quot;columns&quot;:&quot;4&quot;,&quot;exclude_items&quot;:&quot;none&quot;,&quot;img_size&quot;:&quot;default&quot;,&quot;ignore_items_size&quot;:0,&quot;items_layout&quot;:&quot;101&quot;,&quot;items_offset&quot;:&quot;1&quot;,&quot;load_animation&quot;:&quot;none&quot;,&quot;overriding_link&quot;:&quot;none&quot;,&quot;post_id&quot;:0,&quot;query_args&quot;:{&quot;post_type&quot;:[&quot;films&quot;],&quot;tax_query&quot;:[{&quot;taxonomy&quot;:&quot;categoria_film&quot;,&quot;field&quot;:&quot;slug&quot;,&quot;terms&quot;:[&quot;competencia-internacional-de-cortometrajes-de-5-min-2&quot;,&quot;competencia-internacional-de-cortometrajes-de-5-min&quot;]}],&quot;post_status&quot;:[&quot;publish&quot;,&quot;acf-disabled&quot;],&quot;posts_per_page&quot;:&quot;50&quot;},&quot;orderby_query_args&quot;:{&quot;orderby&quot;:{&quot;title&quot;:&quot;ASC&quot;},&quot;order&quot;:&quot;ASC&quot;},&quot;type&quot;:&quot;grid&quot;,&quot;us_grid_ajax_index&quot;:2,&quot;us_grid_filter_params&quot;:null,&quot;us_grid_index&quot;:2,&quot;_us_grid_post_type&quot;:&quot;films&quot;,&quot;page_args&quot;:[]}}'><\/div>\r\n\t<\/div><\/div><\/div><\/div><\/div><\/div><\/section><section class=\"l-section wpb_row hide_on_default hide_on_laptops height_medium color_alternate\" id=\"grilla\"><div class=\"l-section-h i-cf\"><div class=\"g-cols vc_row via_flex valign_top type_default stacking_default\"><div class=\"vc_col-sm-12 wpb_column vc_column_container\"><div class=\"vc_column-inner\"><div class=\"wpb_wrapper\">[vc_custom_heading text=&#8221;Grilla&#8221; font_container=&#8221;tag:h2|text_align:center|color:%23ffffff&#8221; use_theme_fonts=&#8221;yes&#8221;]<div class=\"w-tabs us_custom_6d6233b0 has_text_color style_default switch_click accordion has_scrolling\" style=\"--sections-title-size:inherit\"><div class=\"w-tabs-sections titles-align_none icon_chevron cpos_right\"><div class=\"w-tabs-section\" id=\"aa76\"><button class=\"w-tabs-section-header\" aria-controls=\"content-aa76\" aria-expanded=\"false\"><div class=\"w-tabs-section-title\">MI\u00c9RCOLES 19 de febrero<\/div><div class=\"w-tabs-section-control\"><\/div><\/button><div  class=\"w-tabs-section-content us_custom_68e88f2a has_text_color\" id=\"content-aa76\"><div class=\"w-tabs-section-content-h i-cf\"><div class=\"wpb_text_column us_custom_5fcb3cf2 has_text_color\"><div class=\"wpb_wrapper\"><ul>\n<li>\n<h4><a href=\"https:\/\/www.instagram.com\/casabrandon\/\">Casa Brandon \/ Luis Mar\u00eda Drago 236<\/a><\/h4>\n<\/li>\n<\/ul>\n<h3 class=\"titulo-grilla\" style=\"text-align: left\"><span style=\"color: #ffffff\">19hs. PROYECCI\u00d3NES: Late rituals \/ El placer es m\u00edo<\/span><\/h3>\n<div class=\"vc_col-sm-10 wpb_column vc_column_container\" style=\"text-align: left\">\n<div class=\"vc_column-inner\"><\/div>\n<\/div>\n<\/div><\/div><div class=\"w-grid type_grid layout_101 cols_2 popup_page ratio_16x9\" id=\"us_grid_3\" style=\"--gap:1.5rem;\"><style>@media (max-width:600px){#us_grid_3 .w-grid-list{margin:0}#us_grid_3 .w-grid-item{width:100%;padding:0;margin-bottom:var(--gap,0px)}}<\/style><div class=\"w-grid-list\">\t<article class=\"w-grid-item post-2920 films type-films status-publish has-post-thumbnail hentry categoria_film-competencia-internacional-de-cortometrajes-de-5-min-2\" data-id=\"2920\">\r\n\t\t<div class=\"w-grid-item-h\">\r\n\t\t\t\t\t\t\t<a class=\"w-grid-item-anchor\" href=\"https:\/\/ficc.ar\/buenosaires2025\/films\/late-rituals\/\" rel=\"bookmark\" aria-label=\"Late Rituals\"><\/a>\r\n\t\t\t\t\t\t<div class=\"w-post-elm post_image usg_post_image_1 has_ratio\"><div style=\"padding-bottom:56.25%\"><\/div><a href=\"https:\/\/ficc.ar\/buenosaires2025\/films\/late-rituals\/\" aria-label=\"Late Rituals\"><img loading=\"lazy\" decoding=\"async\" width=\"1024\" height=\"576\" src=\"https:\/\/ficc.ar\/buenosaires2025\/wp-content\/uploads\/sites\/17\/2025\/02\/Late-rituals-1024x576.jpg\" class=\"attachment-large size-large wp-post-image\" alt=\"\" srcset=\"https:\/\/ficc.ar\/buenosaires2025\/wp-content\/uploads\/sites\/17\/2025\/02\/Late-rituals-1024x576.jpg 1024w, https:\/\/ficc.ar\/buenosaires2025\/wp-content\/uploads\/sites\/17\/2025\/02\/Late-rituals-300x169.jpg 300w, https:\/\/ficc.ar\/buenosaires2025\/wp-content\/uploads\/sites\/17\/2025\/02\/Late-rituals.jpg 1920w\" sizes=\"auto, (max-width: 1024px) 100vw, 1024px\" \/><\/a><\/div><div class=\"w-vwrapper usg_vwrapper_1 grid_arrow_top align_center valign_top\"><h1 class=\"w-post-elm post_title usg_post_title_1 has_text_color entry-title color_link_inherit\"><a href=\"https:\/\/ficc.ar\/buenosaires2025\/films\/late-rituals\/\" target=\"_blank\" rel=\"noopener nofollow\">Late Rituals<\/a><\/h1><p class=\"w-post-elm post_custom_field usg_post_custom_field_2 has_text_color type_text director_x_xs\"><span class=\"w-post-elm-before\">De <\/span><span class=\"w-post-elm-value\">Rois Martin - 4 min. - 2024<\/span><\/p><\/div><div class=\"w-vwrapper usg_vwrapper_2 align_center valign_top\" style=\"--vwrapper-gap:0.3rem\"><h2 class=\"w-post-elm post_title usg_post_title_2 has_text_color entry-title color_link_inherit\"><a href=\"https:\/\/ficc.ar\/buenosaires2025\/films\/late-rituals\/\">Late Rituals<\/a><\/h2><p class=\"w-post-elm post_custom_field usg_post_custom_field_3 has_text_color type_text director_x_xs\"><span class=\"w-post-elm-before\">De <\/span><span class=\"w-post-elm-value\">Rois Martin - 4 min. - 2024<\/span><\/p><\/div>\t\t<\/div>\r\n\t<\/article>\r\n\t<article class=\"w-grid-item post-2892 films type-films status-publish has-post-thumbnail hentry categoria_film-competencia-internacional-de-largometrajes-de-ficcion\" data-id=\"2892\">\r\n\t\t<div class=\"w-grid-item-h\">\r\n\t\t\t\t\t\t\t<a class=\"w-grid-item-anchor\" href=\"https:\/\/ficc.ar\/buenosaires2025\/films\/el-placer-es-mio\/\" rel=\"bookmark\" aria-label=\"El placer es m\u00edo\"><\/a>\r\n\t\t\t\t\t\t<div class=\"w-post-elm post_image usg_post_image_1 has_ratio\"><div style=\"padding-bottom:56.25%\"><\/div><a href=\"https:\/\/ficc.ar\/buenosaires2025\/films\/el-placer-es-mio\/\" aria-label=\"El placer es m\u00edo\"><img loading=\"lazy\" decoding=\"async\" width=\"1024\" height=\"576\" src=\"https:\/\/ficc.ar\/buenosaires2025\/wp-content\/uploads\/sites\/17\/2025\/02\/El-placer-es-mio2-1024x576.jpg\" class=\"attachment-large size-large wp-post-image\" alt=\"\" srcset=\"https:\/\/ficc.ar\/buenosaires2025\/wp-content\/uploads\/sites\/17\/2025\/02\/El-placer-es-mio2-1024x576.jpg 1024w, https:\/\/ficc.ar\/buenosaires2025\/wp-content\/uploads\/sites\/17\/2025\/02\/El-placer-es-mio2-300x169.jpg 300w, https:\/\/ficc.ar\/buenosaires2025\/wp-content\/uploads\/sites\/17\/2025\/02\/El-placer-es-mio2.jpg 1920w\" sizes=\"auto, (max-width: 1024px) 100vw, 1024px\" \/><\/a><\/div><div class=\"w-vwrapper usg_vwrapper_1 grid_arrow_top align_center valign_top\"><h1 class=\"w-post-elm post_title usg_post_title_1 has_text_color entry-title color_link_inherit\"><a href=\"https:\/\/ficc.ar\/buenosaires2025\/films\/el-placer-es-mio\/\" target=\"_blank\" rel=\"noopener nofollow\">El placer es m\u00edo<\/a><\/h1><p class=\"w-post-elm post_custom_field usg_post_custom_field_2 has_text_color type_text director_x_xs\"><span class=\"w-post-elm-before\">De <\/span><span class=\"w-post-elm-value\">Sacha Amaral Argentina - 95 min.- 2024<\/span><\/p><\/div><div class=\"w-vwrapper usg_vwrapper_2 align_center valign_top\" style=\"--vwrapper-gap:0.3rem\"><h2 class=\"w-post-elm post_title usg_post_title_2 has_text_color entry-title color_link_inherit\"><a href=\"https:\/\/ficc.ar\/buenosaires2025\/films\/el-placer-es-mio\/\">El placer es m\u00edo<\/a><\/h2><p class=\"w-post-elm post_custom_field usg_post_custom_field_3 has_text_color type_text director_x_xs\"><span class=\"w-post-elm-before\">De <\/span><span class=\"w-post-elm-value\">Sacha Amaral Argentina - 95 min.- 2024<\/span><\/p><\/div>\t\t<\/div>\r\n\t<\/article>\r\n<\/div><div class=\"w-grid-preloader\"><div class=\"g-preloader type_2\">\r\n\t<div><\/div>\r\n<\/div>\r\n<\/div>\t<div class=\"w-grid-json hidden\" onclick='return {&quot;action&quot;:&quot;us_ajax_grid&quot;,&quot;ajax_url&quot;:&quot;https:\\\/\\\/ficc.ar\\\/buenosaires2025\\\/wp-admin\\\/admin-ajax.php&quot;,&quot;infinite_scroll&quot;:0,&quot;max_num_pages&quot;:1,&quot;pagination&quot;:&quot;none&quot;,&quot;permalink_url&quot;:&quot;https:\\\/\\\/ficc.ar\\\/buenosaires2025\\\/wp-json\\\/wp\\\/v2\\\/pages\\\/12&quot;,&quot;template_vars&quot;:{&quot;columns&quot;:&quot;2&quot;,&quot;exclude_items&quot;:&quot;none&quot;,&quot;img_size&quot;:&quot;default&quot;,&quot;ignore_items_size&quot;:0,&quot;items_layout&quot;:&quot;101&quot;,&quot;items_offset&quot;:&quot;1&quot;,&quot;load_animation&quot;:&quot;none&quot;,&quot;overriding_link&quot;:&quot;popup_post&quot;,&quot;post_id&quot;:0,&quot;query_args&quot;:{&quot;ignore_sticky_posts&quot;:1,&quot;post_type&quot;:&quot;any&quot;,&quot;post__in&quot;:[&quot;2920&quot;,&quot;2892&quot;],&quot;posts_per_page&quot;:&quot;10&quot;},&quot;orderby_query_args&quot;:{&quot;orderby&quot;:{&quot;date&quot;:&quot;DESC&quot;}},&quot;type&quot;:&quot;grid&quot;,&quot;us_grid_ajax_index&quot;:3,&quot;us_grid_filter_params&quot;:null,&quot;us_grid_index&quot;:3,&quot;_us_grid_post_type&quot;:&quot;ids&quot;,&quot;page_args&quot;:[]}}'><\/div>\r\n\t\t<div class=\"l-popup\">\r\n\t\t<div class=\"l-popup-overlay\"><\/div>\r\n\t\t<div class=\"l-popup-wrap\">\r\n\t\t\t<div class=\"l-popup-box\">\r\n\t\t\t\t<div class=\"l-popup-box-content\">\r\n\t\t\t\t\t<div class=\"g-preloader type_2\">\r\n\t\t\t\t\t\t<div><\/div>\r\n\t\t\t\t\t<\/div>\r\n\t\t\t\t\t<iframe class=\"l-popup-box-content-frame\" allowfullscreen><\/iframe>\r\n\t\t\t\t<\/div>\r\n\t\t\t<\/div>\r\n\t\t\t\t\t\t\t<div class=\"l-popup-arrow to_next\" title=\"Siguiente\"><\/div>\r\n\t\t\t\t<div class=\"l-popup-arrow to_prev\" title=\"Anterior\"><\/div>\r\n\t\t\t\t\t\t<div class=\"l-popup-closer\"><\/div>\r\n\t\t<\/div>\r\n\t<\/div>\r\n\t<\/div><div class=\"w-separator size_large with_line width_default thick_2 style_solid color_border align_center\"><div class=\"w-separator-h\"><\/div><\/div><div class=\"wpb_text_column aaa\"><div class=\"wpb_wrapper\"><h3 class=\"titulo-grilla\" style=\"text-align: left\"><\/h3>\n<ul>\n<li>\n<h4><a href=\"https:\/\/www.instagram.com\/wokitoki.santelmo\/\" target=\"_blank\" rel=\"noopener\"><span style=\"font-weight: 400\">Woki Toki &#8211; Espacio Cultural <\/span><\/a><span style=\"font-weight: 400\">\u00a0\/ <\/span><a href=\"https:\/\/www.google.com\/maps\/place\/Woki+Toki\/@-34.6185691,-58.3788189,17z\/data=!3m1!4b1!4m6!3m5!1s0x95bccbac23b4c7b5:0xac2b487106bda33c!8m2!3d-34.6185691!4d-58.3788189!16s%2Fg%2F11styr9bdv?entry=ttu&amp;g_ep=EgoyMDI1MDEyNi4wIKXMDSoASAFQAw%3D%3D\"><span style=\"font-weight: 400\">\u00a0Tacuar\u00ed 905<\/span><\/a><\/h4>\n<\/li>\n<\/ul>\n<h4 class=\"titulo-grilla\" style=\"text-align: left\"><span style=\"color: #ffffff\">20hs &#8211; Lanzamiento del Festival Internacional Cinecann\u00e1bico &#8211; 5\u00ba Edici\u00f3n Buenos Aires 2025<\/span><\/h4>\n<p style=\"text-align: left\"><span style=\"color: #ffffff\"><span style=\"font-weight: 400\">Para el Lanzamiento FICC tendremos: <\/span><span style=\"font-weight: 400\">Feria, M\u00fasica, Estampa, Muestra de Afiches, Degustaciones.<\/span><\/span><\/p>\n<ul>\n<li><span style=\"color: #ffffff\">Muestra Gr\u00e1fica: Conmemorando la 5ta. edici\u00f3n habr\u00e1 una muestra de afiches de pel\u00edculas que han participado en ediciones anteriores del FICC.<\/span><\/li>\n<\/ul>\n<p><span style=\"color: #ffffff\"><img loading=\"lazy\" decoding=\"async\" class=\"wp-image-3128 alignnone\" src=\"https:\/\/ficc.ar\/buenosaires2025\/wp-content\/uploads\/sites\/17\/2025\/02\/AFICHE-WEB-Toxico-200x300.jpg\" alt=\"T\u00f3xico (FICC 2022) de: Ariel Mart\u00ednez Herrera \" width=\"192\" height=\"288\" srcset=\"https:\/\/ficc.ar\/buenosaires2025\/wp-content\/uploads\/sites\/17\/2025\/02\/AFICHE-WEB-Toxico-200x300.jpg 200w, https:\/\/ficc.ar\/buenosaires2025\/wp-content\/uploads\/sites\/17\/2025\/02\/AFICHE-WEB-Toxico-683x1024.jpg 683w, https:\/\/ficc.ar\/buenosaires2025\/wp-content\/uploads\/sites\/17\/2025\/02\/AFICHE-WEB-Toxico.jpg 1080w\" sizes=\"auto, (max-width: 192px) 100vw, 192px\" \/><img loading=\"lazy\" decoding=\"async\" class=\"wp-image-3129 alignnone\" src=\"https:\/\/ficc.ar\/buenosaires2025\/wp-content\/uploads\/sites\/17\/2025\/02\/AFICHE-WEB-Meteorango-200x300.jpg\" alt=\"Meteorango Kid: Buscado, vivo o muerto (FICC 2024) de: Marcel Gonnet y Daniel Fr\u00f3es\" width=\"192\" height=\"288\" srcset=\"https:\/\/ficc.ar\/buenosaires2025\/wp-content\/uploads\/sites\/17\/2025\/02\/AFICHE-WEB-Meteorango-200x300.jpg 200w, https:\/\/ficc.ar\/buenosaires2025\/wp-content\/uploads\/sites\/17\/2025\/02\/AFICHE-WEB-Meteorango-683x1024.jpg 683w, https:\/\/ficc.ar\/buenosaires2025\/wp-content\/uploads\/sites\/17\/2025\/02\/AFICHE-WEB-Meteorango.jpg 1080w\" sizes=\"auto, (max-width: 192px) 100vw, 192px\" \/> <img loading=\"lazy\" decoding=\"async\" class=\"wp-image-3130 alignnone\" src=\"https:\/\/ficc.ar\/buenosaires2025\/wp-content\/uploads\/sites\/17\/2025\/02\/AFICHE-WEB-Fista-Nibiru-200x300.jpg\" alt=\"Fiesta Nibiru (FICC 2021) de: Manuel Facal \" width=\"192\" height=\"288\" srcset=\"https:\/\/ficc.ar\/buenosaires2025\/wp-content\/uploads\/sites\/17\/2025\/02\/AFICHE-WEB-Fista-Nibiru-200x300.jpg 200w, https:\/\/ficc.ar\/buenosaires2025\/wp-content\/uploads\/sites\/17\/2025\/02\/AFICHE-WEB-Fista-Nibiru-683x1024.jpg 683w, https:\/\/ficc.ar\/buenosaires2025\/wp-content\/uploads\/sites\/17\/2025\/02\/AFICHE-WEB-Fista-Nibiru.jpg 1080w\" sizes=\"auto, (max-width: 192px) 100vw, 192px\" \/><\/span><\/p>\n<ul style=\"text-align: left\">\n<li style=\"text-align: left\"><span style=\"color: #ffffff\">F<\/span><span style=\"color: #ffffff\">eria Cann\u00e1bica<\/span><\/li>\n<li style=\"text-align: left\"><span style=\"color: #ffffff\">M\u00fasica en vivo con <a style=\"color: #ffffff\" href=\"https:\/\/www.instagram.com\/elclanfalacia\/\">\u201cEl Clan Falacia\u201d<\/a><\/span><\/li>\n<li style=\"text-align: left\"><span style=\"color: #ffffff\"><span style=\"color: #ffffff\">Degustaci\u00f3n de alimentos a base de c\u00e1\u00f1amo preparados por <\/span><a style=\"color: #ffffff\" href=\"https:\/\/www.instagram.com\/recetascanameras\/\"><span style=\"color: #ffffff\">\u201cRecetas Ca\u00f1ameras<\/span>\u201d<\/a><\/span><\/li>\n<\/ul>\n<h3 class=\"titulo-grilla\" style=\"text-align: left\"><span style=\"color: #ffffff\"><span style=\"color: #ffffff\">PROYECCI\u00d3NES<\/span>: WEEDS \/ LAS DEMAS<\/span><\/h3>\n<\/div><\/div><div class=\"w-grid type_grid layout_101 cols_3 popup_page ratio_16x9\" id=\"us_grid_4\" style=\"--gap:1.5rem;\"><style>@media (max-width:1024px){#us_grid_4 .w-grid-item{width:50%}#us_grid_4 .w-grid-item.size_2x1,#us_grid_4 .w-grid-item.size_2x2{width:100%}}@media (max-width:600px){#us_grid_4 .w-grid-list{margin:0}#us_grid_4 .w-grid-item{width:100%;padding:0;margin-bottom:var(--gap,0px)}}<\/style><div class=\"w-grid-list\">\t<article class=\"w-grid-item post-2942 films type-films status-publish has-post-thumbnail hentry categoria_film-competencia-internacional-de-cortometrajes-de-5-min\" data-id=\"2942\">\r\n\t\t<div class=\"w-grid-item-h\">\r\n\t\t\t\t\t\t\t<a class=\"w-grid-item-anchor\" href=\"https:\/\/ficc.ar\/buenosaires2025\/films\/weeds\/\" rel=\"bookmark\" aria-label=\"Weeds\"><\/a>\r\n\t\t\t\t\t\t<div class=\"w-post-elm post_image usg_post_image_1 has_ratio\"><div style=\"padding-bottom:56.25%\"><\/div><a href=\"https:\/\/ficc.ar\/buenosaires2025\/films\/weeds\/\" aria-label=\"Weeds\"><img loading=\"lazy\" decoding=\"async\" width=\"1024\" height=\"576\" src=\"https:\/\/ficc.ar\/buenosaires2025\/wp-content\/uploads\/sites\/17\/2025\/02\/Weeds-1024x576.jpg\" class=\"attachment-large size-large wp-post-image\" alt=\"\" srcset=\"https:\/\/ficc.ar\/buenosaires2025\/wp-content\/uploads\/sites\/17\/2025\/02\/Weeds-1024x576.jpg 1024w, https:\/\/ficc.ar\/buenosaires2025\/wp-content\/uploads\/sites\/17\/2025\/02\/Weeds-300x169.jpg 300w, https:\/\/ficc.ar\/buenosaires2025\/wp-content\/uploads\/sites\/17\/2025\/02\/Weeds.jpg 1920w\" sizes=\"auto, (max-width: 1024px) 100vw, 1024px\" \/><\/a><\/div><div class=\"w-vwrapper usg_vwrapper_1 grid_arrow_top align_center valign_top\"><h1 class=\"w-post-elm post_title usg_post_title_1 has_text_color entry-title color_link_inherit\"><a href=\"https:\/\/ficc.ar\/buenosaires2025\/films\/weeds\/\" target=\"_blank\" rel=\"noopener nofollow\">Weeds<\/a><\/h1><p class=\"w-post-elm post_custom_field usg_post_custom_field_2 has_text_color type_text director_x_xs\"><span class=\"w-post-elm-before\">De <\/span><span class=\"w-post-elm-value\">Pola Kazak - 14 min. - 2024<\/span><\/p><\/div><div class=\"w-vwrapper usg_vwrapper_2 align_center valign_top\" style=\"--vwrapper-gap:0.3rem\"><h2 class=\"w-post-elm post_title usg_post_title_2 has_text_color entry-title color_link_inherit\"><a href=\"https:\/\/ficc.ar\/buenosaires2025\/films\/weeds\/\">Weeds<\/a><\/h2><p class=\"w-post-elm post_custom_field usg_post_custom_field_3 has_text_color type_text director_x_xs\"><span class=\"w-post-elm-before\">De <\/span><span class=\"w-post-elm-value\">Pola Kazak - 14 min. - 2024<\/span><\/p><\/div>\t\t<\/div>\r\n\t<\/article>\r\n\t<article class=\"w-grid-item post-2511 films type-films status-publish has-post-thumbnail hentry categoria_film-competencia-internacional-de-largometrajes-de-ficcion\" data-id=\"2511\">\r\n\t\t<div class=\"w-grid-item-h\">\r\n\t\t\t\t\t\t\t<a class=\"w-grid-item-anchor\" href=\"https:\/\/ficc.ar\/buenosaires2025\/films\/las-demas\/\" rel=\"bookmark\" aria-label=\"Las Dem\u00e1s\"><\/a>\r\n\t\t\t\t\t\t<div class=\"w-post-elm post_image usg_post_image_1 has_ratio\"><div style=\"padding-bottom:56.25%\"><\/div><a href=\"https:\/\/ficc.ar\/buenosaires2025\/films\/las-demas\/\" aria-label=\"Las Dem\u00e1s\"><img loading=\"lazy\" decoding=\"async\" width=\"1024\" height=\"576\" src=\"https:\/\/ficc.ar\/buenosaires2025\/wp-content\/uploads\/sites\/17\/2025\/01\/LasDemas1-1024x576.jpg\" class=\"attachment-large size-large wp-post-image\" alt=\"\" srcset=\"https:\/\/ficc.ar\/buenosaires2025\/wp-content\/uploads\/sites\/17\/2025\/01\/LasDemas1-1024x576.jpg 1024w, https:\/\/ficc.ar\/buenosaires2025\/wp-content\/uploads\/sites\/17\/2025\/01\/LasDemas1-300x169.jpg 300w, https:\/\/ficc.ar\/buenosaires2025\/wp-content\/uploads\/sites\/17\/2025\/01\/LasDemas1.jpg 1920w\" sizes=\"auto, (max-width: 1024px) 100vw, 1024px\" \/><\/a><\/div><div class=\"w-vwrapper usg_vwrapper_1 grid_arrow_top align_center valign_top\"><h1 class=\"w-post-elm post_title usg_post_title_1 has_text_color entry-title color_link_inherit\"><a href=\"https:\/\/ficc.ar\/buenosaires2025\/films\/las-demas\/\" target=\"_blank\" rel=\"noopener nofollow\">Las Dem\u00e1s<\/a><\/h1><p class=\"w-post-elm post_custom_field usg_post_custom_field_2 has_text_color type_text director_x_xs\"><span class=\"w-post-elm-before\">De <\/span><span class=\"w-post-elm-value\">Alexandra Hyland - 81 min. - 2024<\/span><\/p><\/div><div class=\"w-vwrapper usg_vwrapper_2 align_center valign_top\" style=\"--vwrapper-gap:0.3rem\"><h2 class=\"w-post-elm post_title usg_post_title_2 has_text_color entry-title color_link_inherit\"><a href=\"https:\/\/ficc.ar\/buenosaires2025\/films\/las-demas\/\">Las Dem\u00e1s<\/a><\/h2><p class=\"w-post-elm post_custom_field usg_post_custom_field_3 has_text_color type_text director_x_xs\"><span class=\"w-post-elm-before\">De <\/span><span class=\"w-post-elm-value\">Alexandra Hyland - 81 min. - 2024<\/span><\/p><\/div>\t\t<\/div>\r\n\t<\/article>\r\n<\/div><div class=\"w-grid-preloader\"><div class=\"g-preloader type_2\">\r\n\t<div><\/div>\r\n<\/div>\r\n<\/div>\t<div class=\"w-grid-json hidden\" onclick='return {&quot;action&quot;:&quot;us_ajax_grid&quot;,&quot;ajax_url&quot;:&quot;https:\\\/\\\/ficc.ar\\\/buenosaires2025\\\/wp-admin\\\/admin-ajax.php&quot;,&quot;infinite_scroll&quot;:0,&quot;max_num_pages&quot;:1,&quot;pagination&quot;:&quot;none&quot;,&quot;permalink_url&quot;:&quot;https:\\\/\\\/ficc.ar\\\/buenosaires2025\\\/wp-json\\\/wp\\\/v2\\\/pages\\\/12&quot;,&quot;template_vars&quot;:{&quot;columns&quot;:&quot;3&quot;,&quot;exclude_items&quot;:&quot;none&quot;,&quot;img_size&quot;:&quot;default&quot;,&quot;ignore_items_size&quot;:0,&quot;items_layout&quot;:&quot;101&quot;,&quot;items_offset&quot;:&quot;1&quot;,&quot;load_animation&quot;:&quot;none&quot;,&quot;overriding_link&quot;:&quot;popup_post&quot;,&quot;post_id&quot;:0,&quot;query_args&quot;:{&quot;ignore_sticky_posts&quot;:1,&quot;post_type&quot;:&quot;any&quot;,&quot;post__in&quot;:[&quot;2073&quot;,&quot;2028&quot;,&quot;2511&quot;,&quot;2942&quot;],&quot;posts_per_page&quot;:&quot;10&quot;},&quot;orderby_query_args&quot;:{&quot;orderby&quot;:{&quot;date&quot;:&quot;DESC&quot;}},&quot;type&quot;:&quot;grid&quot;,&quot;us_grid_ajax_index&quot;:4,&quot;us_grid_filter_params&quot;:null,&quot;us_grid_index&quot;:4,&quot;_us_grid_post_type&quot;:&quot;ids&quot;,&quot;page_args&quot;:[]}}'><\/div>\r\n\t\t<div class=\"l-popup\">\r\n\t\t<div class=\"l-popup-overlay\"><\/div>\r\n\t\t<div class=\"l-popup-wrap\">\r\n\t\t\t<div class=\"l-popup-box\">\r\n\t\t\t\t<div class=\"l-popup-box-content\">\r\n\t\t\t\t\t<div class=\"g-preloader type_2\">\r\n\t\t\t\t\t\t<div><\/div>\r\n\t\t\t\t\t<\/div>\r\n\t\t\t\t\t<iframe class=\"l-popup-box-content-frame\" allowfullscreen><\/iframe>\r\n\t\t\t\t<\/div>\r\n\t\t\t<\/div>\r\n\t\t\t\t\t\t\t<div class=\"l-popup-arrow to_next\" title=\"Siguiente\"><\/div>\r\n\t\t\t\t<div class=\"l-popup-arrow to_prev\" title=\"Anterior\"><\/div>\r\n\t\t\t\t\t\t<div class=\"l-popup-closer\"><\/div>\r\n\t\t<\/div>\r\n\t<\/div>\r\n\t<\/div><\/div><\/div><\/div><div class=\"w-tabs-section\" id=\"i155\"><button class=\"w-tabs-section-header\" aria-controls=\"content-i155\" aria-expanded=\"false\"><div class=\"w-tabs-section-title\">JUEVES 20 de febrero<\/div><div class=\"w-tabs-section-control\"><\/div><\/button><div  class=\"w-tabs-section-content\" id=\"content-i155\"><div class=\"w-tabs-section-content-h i-cf\"><div class=\"wpb_text_column us_custom_5fcb3cf2 aaa has_text_color\"><div class=\"wpb_wrapper\"><ul>\n<li><a href=\"https:\/\/www.instagram.com\/alianzafrancesabsas\/\">Alianza Francesa \/ Av. C\u00f3rdoba 946<\/a><\/li>\n<\/ul>\n<h3><span style=\"color: #ffffff\">18hs\u00a0 -PROYECCI\u00d3NES: THE COOK \/ APACHES DE LA ZONE \/ UNE NUIT A TRAVERS CHAMPS<\/span><\/h3>\n<\/div><\/div><div class=\"w-grid us_custom_e5aea6d2 type_grid layout_101 cols_3 popup_page ratio_16x9\" id=\"us_grid_5\" style=\"--gap:1.5rem;\"><style>@media (max-width:1024px){#us_grid_5 .w-grid-item{width:50%}#us_grid_5 .w-grid-item.size_2x1,#us_grid_5 .w-grid-item.size_2x2{width:100%}}@media (max-width:600px){#us_grid_5 .w-grid-list{margin:0}#us_grid_5 .w-grid-item{width:100%;padding:0;margin-bottom:var(--gap,0px)}}<\/style><div class=\"w-grid-list\">\t<article class=\"w-grid-item post-2922 films type-films status-publish has-post-thumbnail hentry categoria_film-competencia-internacional-de-cortometrajes-de-5-min-2\" data-id=\"2922\">\r\n\t\t<div class=\"w-grid-item-h\">\r\n\t\t\t\t\t\t\t<a class=\"w-grid-item-anchor\" href=\"https:\/\/ficc.ar\/buenosaires2025\/films\/the-cook\/\" rel=\"bookmark\" aria-label=\"The Cook\"><\/a>\r\n\t\t\t\t\t\t<div class=\"w-post-elm post_image usg_post_image_1 has_ratio\"><div style=\"padding-bottom:56.25%\"><\/div><a href=\"https:\/\/ficc.ar\/buenosaires2025\/films\/the-cook\/\" aria-label=\"The Cook\"><img loading=\"lazy\" decoding=\"async\" width=\"1024\" height=\"576\" src=\"https:\/\/ficc.ar\/buenosaires2025\/wp-content\/uploads\/sites\/17\/2025\/02\/The-Cook-1024x576.jpg\" class=\"attachment-large size-large wp-post-image\" alt=\"\" srcset=\"https:\/\/ficc.ar\/buenosaires2025\/wp-content\/uploads\/sites\/17\/2025\/02\/The-Cook-1024x576.jpg 1024w, https:\/\/ficc.ar\/buenosaires2025\/wp-content\/uploads\/sites\/17\/2025\/02\/The-Cook-300x169.jpg 300w, https:\/\/ficc.ar\/buenosaires2025\/wp-content\/uploads\/sites\/17\/2025\/02\/The-Cook.jpg 1920w\" sizes=\"auto, (max-width: 1024px) 100vw, 1024px\" \/><\/a><\/div><div class=\"w-vwrapper usg_vwrapper_1 grid_arrow_top align_center valign_top\"><h1 class=\"w-post-elm post_title usg_post_title_1 has_text_color entry-title color_link_inherit\"><a href=\"https:\/\/ficc.ar\/buenosaires2025\/films\/the-cook\/\" target=\"_blank\" rel=\"noopener nofollow\">The Cook<\/a><\/h1><p class=\"w-post-elm post_custom_field usg_post_custom_field_2 has_text_color type_text director_x_xs\"><span class=\"w-post-elm-before\">De <\/span><span class=\"w-post-elm-value\"> Vincent Bossel - 3 min. - 2022<\/span><\/p><\/div><div class=\"w-vwrapper usg_vwrapper_2 align_center valign_top\" style=\"--vwrapper-gap:0.3rem\"><h2 class=\"w-post-elm post_title usg_post_title_2 has_text_color entry-title color_link_inherit\"><a href=\"https:\/\/ficc.ar\/buenosaires2025\/films\/the-cook\/\">The Cook<\/a><\/h2><p class=\"w-post-elm post_custom_field usg_post_custom_field_3 has_text_color type_text director_x_xs\"><span class=\"w-post-elm-before\">De <\/span><span class=\"w-post-elm-value\"> Vincent Bossel - 3 min. - 2022<\/span><\/p><\/div>\t\t<\/div>\r\n\t<\/article>\r\n\t<article class=\"w-grid-item post-2926 films type-films status-publish has-post-thumbnail hentry categoria_film-competencia-internacional-de-cortometrajes-de-5-min\" data-id=\"2926\">\r\n\t\t<div class=\"w-grid-item-h\">\r\n\t\t\t\t\t\t\t<a class=\"w-grid-item-anchor\" href=\"https:\/\/ficc.ar\/buenosaires2025\/films\/apaches-de-la-zone\/\" rel=\"bookmark\" aria-label=\"Apaches de la zone\"><\/a>\r\n\t\t\t\t\t\t<div class=\"w-post-elm post_image usg_post_image_1 has_ratio\"><div style=\"padding-bottom:56.25%\"><\/div><a href=\"https:\/\/ficc.ar\/buenosaires2025\/films\/apaches-de-la-zone\/\" aria-label=\"Apaches de la zone\"><img loading=\"lazy\" decoding=\"async\" width=\"1024\" height=\"576\" src=\"https:\/\/ficc.ar\/buenosaires2025\/wp-content\/uploads\/sites\/17\/2025\/02\/Apaches-1024x576.jpg\" class=\"attachment-large size-large wp-post-image\" alt=\"\" srcset=\"https:\/\/ficc.ar\/buenosaires2025\/wp-content\/uploads\/sites\/17\/2025\/02\/Apaches-1024x576.jpg 1024w, https:\/\/ficc.ar\/buenosaires2025\/wp-content\/uploads\/sites\/17\/2025\/02\/Apaches-300x169.jpg 300w, https:\/\/ficc.ar\/buenosaires2025\/wp-content\/uploads\/sites\/17\/2025\/02\/Apaches.jpg 1920w\" sizes=\"auto, (max-width: 1024px) 100vw, 1024px\" \/><\/a><\/div><div class=\"w-vwrapper usg_vwrapper_1 grid_arrow_top align_center valign_top\"><h1 class=\"w-post-elm post_title usg_post_title_1 has_text_color entry-title color_link_inherit\"><a href=\"https:\/\/ficc.ar\/buenosaires2025\/films\/apaches-de-la-zone\/\" target=\"_blank\" rel=\"noopener nofollow\">Apaches de la zone<\/a><\/h1><p class=\"w-post-elm post_custom_field usg_post_custom_field_2 has_text_color type_text director_x_xs\"><span class=\"w-post-elm-before\">De <\/span><span class=\"w-post-elm-value\">Jos\u00e9 Eon - 16 min. - 2024<\/span><\/p><\/div><div class=\"w-vwrapper usg_vwrapper_2 align_center valign_top\" style=\"--vwrapper-gap:0.3rem\"><h2 class=\"w-post-elm post_title usg_post_title_2 has_text_color entry-title color_link_inherit\"><a href=\"https:\/\/ficc.ar\/buenosaires2025\/films\/apaches-de-la-zone\/\">Apaches de la zone<\/a><\/h2><p class=\"w-post-elm post_custom_field usg_post_custom_field_3 has_text_color type_text director_x_xs\"><span class=\"w-post-elm-before\">De <\/span><span class=\"w-post-elm-value\">Jos\u00e9 Eon - 16 min. - 2024<\/span><\/p><\/div>\t\t<\/div>\r\n\t<\/article>\r\n\t<article class=\"w-grid-item post-2900 films type-films status-publish has-post-thumbnail hentry categoria_film-competencia-internacional-de-largometrajes-de-ficcion\" data-id=\"2900\">\r\n\t\t<div class=\"w-grid-item-h\">\r\n\t\t\t\t\t\t\t<a class=\"w-grid-item-anchor\" href=\"https:\/\/ficc.ar\/buenosaires2025\/films\/une-nuit-a-travers-champs\/\" rel=\"bookmark\" aria-label=\"Une nuit, \u00e0 travers champs\"><\/a>\r\n\t\t\t\t\t\t<div class=\"w-post-elm post_image usg_post_image_1 has_ratio\"><div style=\"padding-bottom:56.25%\"><\/div><a href=\"https:\/\/ficc.ar\/buenosaires2025\/films\/une-nuit-a-travers-champs\/\" aria-label=\"Une nuit, \u00e0 travers champs\"><img loading=\"lazy\" decoding=\"async\" width=\"1024\" height=\"576\" src=\"https:\/\/ficc.ar\/buenosaires2025\/wp-content\/uploads\/sites\/17\/2025\/02\/Une-nuit-1024x576.jpg\" class=\"attachment-large size-large wp-post-image\" alt=\"\" srcset=\"https:\/\/ficc.ar\/buenosaires2025\/wp-content\/uploads\/sites\/17\/2025\/02\/Une-nuit-1024x576.jpg 1024w, https:\/\/ficc.ar\/buenosaires2025\/wp-content\/uploads\/sites\/17\/2025\/02\/Une-nuit-300x169.jpg 300w, https:\/\/ficc.ar\/buenosaires2025\/wp-content\/uploads\/sites\/17\/2025\/02\/Une-nuit.jpg 1920w\" sizes=\"auto, (max-width: 1024px) 100vw, 1024px\" \/><\/a><\/div><div class=\"w-vwrapper usg_vwrapper_1 grid_arrow_top align_center valign_top\"><h1 class=\"w-post-elm post_title usg_post_title_1 has_text_color entry-title color_link_inherit\"><a href=\"https:\/\/ficc.ar\/buenosaires2025\/films\/une-nuit-a-travers-champs\/\" target=\"_blank\" rel=\"noopener nofollow\">Une nuit, \u00e0 travers champs<\/a><\/h1><p class=\"w-post-elm post_custom_field usg_post_custom_field_2 has_text_color type_text director_x_xs\"><span class=\"w-post-elm-before\">De <\/span><span class=\"w-post-elm-value\">Guillaume Gr\u00e9lardon - 60 min. - 2020<\/span><\/p><\/div><div class=\"w-vwrapper usg_vwrapper_2 align_center valign_top\" style=\"--vwrapper-gap:0.3rem\"><h2 class=\"w-post-elm post_title usg_post_title_2 has_text_color entry-title color_link_inherit\"><a href=\"https:\/\/ficc.ar\/buenosaires2025\/films\/une-nuit-a-travers-champs\/\">Une nuit, \u00e0 travers champs<\/a><\/h2><p class=\"w-post-elm post_custom_field usg_post_custom_field_3 has_text_color type_text director_x_xs\"><span class=\"w-post-elm-before\">De <\/span><span class=\"w-post-elm-value\">Guillaume Gr\u00e9lardon - 60 min. - 2020<\/span><\/p><\/div>\t\t<\/div>\r\n\t<\/article>\r\n<\/div><div class=\"w-grid-preloader\"><div class=\"g-preloader type_2\">\r\n\t<div><\/div>\r\n<\/div>\r\n<\/div>\t<div class=\"w-grid-json hidden\" onclick='return {&quot;action&quot;:&quot;us_ajax_grid&quot;,&quot;ajax_url&quot;:&quot;https:\\\/\\\/ficc.ar\\\/buenosaires2025\\\/wp-admin\\\/admin-ajax.php&quot;,&quot;infinite_scroll&quot;:0,&quot;max_num_pages&quot;:1,&quot;pagination&quot;:&quot;none&quot;,&quot;permalink_url&quot;:&quot;https:\\\/\\\/ficc.ar\\\/buenosaires2025\\\/wp-json\\\/wp\\\/v2\\\/pages\\\/12&quot;,&quot;template_vars&quot;:{&quot;columns&quot;:&quot;3&quot;,&quot;exclude_items&quot;:&quot;none&quot;,&quot;img_size&quot;:&quot;default&quot;,&quot;ignore_items_size&quot;:0,&quot;items_layout&quot;:&quot;101&quot;,&quot;items_offset&quot;:&quot;1&quot;,&quot;load_animation&quot;:&quot;none&quot;,&quot;overriding_link&quot;:&quot;popup_post&quot;,&quot;post_id&quot;:0,&quot;query_args&quot;:{&quot;ignore_sticky_posts&quot;:1,&quot;post_type&quot;:&quot;any&quot;,&quot;post__in&quot;:[&quot;2922&quot;,&quot;2926&quot;,&quot;2900&quot;],&quot;posts_per_page&quot;:&quot;10&quot;},&quot;orderby_query_args&quot;:{&quot;orderby&quot;:{&quot;post__in&quot;:&quot;ASC&quot;},&quot;order&quot;:&quot;ASC&quot;},&quot;type&quot;:&quot;grid&quot;,&quot;us_grid_ajax_index&quot;:5,&quot;us_grid_filter_params&quot;:null,&quot;us_grid_index&quot;:5,&quot;_us_grid_post_type&quot;:&quot;ids&quot;,&quot;page_args&quot;:[]}}'><\/div>\r\n\t\t<div class=\"l-popup\">\r\n\t\t<div class=\"l-popup-overlay\"><\/div>\r\n\t\t<div class=\"l-popup-wrap\">\r\n\t\t\t<div class=\"l-popup-box\">\r\n\t\t\t\t<div class=\"l-popup-box-content\">\r\n\t\t\t\t\t<div class=\"g-preloader type_2\">\r\n\t\t\t\t\t\t<div><\/div>\r\n\t\t\t\t\t<\/div>\r\n\t\t\t\t\t<iframe class=\"l-popup-box-content-frame\" allowfullscreen><\/iframe>\r\n\t\t\t\t<\/div>\r\n\t\t\t<\/div>\r\n\t\t\t\t\t\t\t<div class=\"l-popup-arrow to_next\" title=\"Siguiente\"><\/div>\r\n\t\t\t\t<div class=\"l-popup-arrow to_prev\" title=\"Anterior\"><\/div>\r\n\t\t\t\t\t\t<div class=\"l-popup-closer\"><\/div>\r\n\t\t<\/div>\r\n\t<\/div>\r\n\t<\/div><div class=\"w-separator size_large with_line width_default thick_2 style_solid color_border align_center\"><div class=\"w-separator-h\"><\/div><\/div><div class=\"wpb_text_column us_custom_5fcb3cf2 aaa has_text_color\"><div class=\"wpb_wrapper\"><ul>\n<li><a href=\"https:\/\/www.instagram.com\/casabrandon\/\" target=\"_blank\" rel=\"noopener\">Casa Brandon \/ <\/a><a href=\"https:\/\/maps.app.goo.gl\/BUmahrpvGt14fjBV6\">Luis Mar\u00eda Drago 236<\/a><\/li>\n<\/ul>\n<h3><span style=\"color: #ffffff\">19hs &#8211; PROYECCI\u00d3N: VERA Y EL PLACER DE LOS OTROS<\/span><\/h3>\n<\/div><\/div><div class=\"w-grid type_grid layout_101 cols_3 popup_page ratio_16x9\" id=\"us_grid_6\" style=\"--gap:1.5rem;\"><style>@media (max-width:1024px){#us_grid_6 .w-grid-item{width:50%}#us_grid_6 .w-grid-item.size_2x1,#us_grid_6 .w-grid-item.size_2x2{width:100%}}@media (max-width:600px){#us_grid_6 .w-grid-list{margin:0}#us_grid_6 .w-grid-item{width:100%;padding:0;margin-bottom:var(--gap,0px)}}<\/style><div class=\"w-grid-list\">\t<article class=\"w-grid-item post-2902 films type-films status-publish has-post-thumbnail hentry categoria_film-competencia-internacional-de-largometrajes-de-ficcion\" data-id=\"2902\">\r\n\t\t<div class=\"w-grid-item-h\">\r\n\t\t\t\t\t\t\t<a class=\"w-grid-item-anchor\" href=\"https:\/\/ficc.ar\/buenosaires2025\/films\/vera-y-el-placer-de-los-otros\/\" rel=\"bookmark\" aria-label=\"Vera y el placer de los otros\"><\/a>\r\n\t\t\t\t\t\t<div class=\"w-post-elm post_image usg_post_image_1 has_ratio\"><div style=\"padding-bottom:56.25%\"><\/div><a href=\"https:\/\/ficc.ar\/buenosaires2025\/films\/vera-y-el-placer-de-los-otros\/\" aria-label=\"Vera y el placer de los otros\"><img loading=\"lazy\" decoding=\"async\" width=\"1024\" height=\"576\" src=\"https:\/\/ficc.ar\/buenosaires2025\/wp-content\/uploads\/sites\/17\/2025\/02\/Vera-y-el-placer-1024x576.jpg\" class=\"attachment-large size-large wp-post-image\" alt=\"\" srcset=\"https:\/\/ficc.ar\/buenosaires2025\/wp-content\/uploads\/sites\/17\/2025\/02\/Vera-y-el-placer-1024x576.jpg 1024w, https:\/\/ficc.ar\/buenosaires2025\/wp-content\/uploads\/sites\/17\/2025\/02\/Vera-y-el-placer-300x169.jpg 300w, https:\/\/ficc.ar\/buenosaires2025\/wp-content\/uploads\/sites\/17\/2025\/02\/Vera-y-el-placer.jpg 1920w\" sizes=\"auto, (max-width: 1024px) 100vw, 1024px\" \/><\/a><\/div><div class=\"w-vwrapper usg_vwrapper_1 grid_arrow_top align_center valign_top\"><h1 class=\"w-post-elm post_title usg_post_title_1 has_text_color entry-title color_link_inherit\"><a href=\"https:\/\/ficc.ar\/buenosaires2025\/films\/vera-y-el-placer-de-los-otros\/\" target=\"_blank\" rel=\"noopener nofollow\">Vera y el placer de los otros<\/a><\/h1><p class=\"w-post-elm post_custom_field usg_post_custom_field_2 has_text_color type_text director_x_xs\"><span class=\"w-post-elm-before\">De <\/span><span class=\"w-post-elm-value\">Romina Tamburello y Federico Actis- 103 min. - 2023<\/span><\/p><\/div><div class=\"w-vwrapper usg_vwrapper_2 align_center valign_top\" style=\"--vwrapper-gap:0.3rem\"><h2 class=\"w-post-elm post_title usg_post_title_2 has_text_color entry-title color_link_inherit\"><a href=\"https:\/\/ficc.ar\/buenosaires2025\/films\/vera-y-el-placer-de-los-otros\/\">Vera y el placer de los otros<\/a><\/h2><p class=\"w-post-elm post_custom_field usg_post_custom_field_3 has_text_color type_text director_x_xs\"><span class=\"w-post-elm-before\">De <\/span><span class=\"w-post-elm-value\">Romina Tamburello y Federico Actis- 103 min. - 2023<\/span><\/p><\/div>\t\t<\/div>\r\n\t<\/article>\r\n<\/div><div class=\"w-grid-preloader\"><div class=\"g-preloader type_2\">\r\n\t<div><\/div>\r\n<\/div>\r\n<\/div>\t<div class=\"w-grid-json hidden\" onclick='return {&quot;action&quot;:&quot;us_ajax_grid&quot;,&quot;ajax_url&quot;:&quot;https:\\\/\\\/ficc.ar\\\/buenosaires2025\\\/wp-admin\\\/admin-ajax.php&quot;,&quot;infinite_scroll&quot;:0,&quot;max_num_pages&quot;:1,&quot;pagination&quot;:&quot;none&quot;,&quot;permalink_url&quot;:&quot;https:\\\/\\\/ficc.ar\\\/buenosaires2025\\\/wp-json\\\/wp\\\/v2\\\/pages\\\/12&quot;,&quot;template_vars&quot;:{&quot;columns&quot;:&quot;3&quot;,&quot;exclude_items&quot;:&quot;none&quot;,&quot;img_size&quot;:&quot;default&quot;,&quot;ignore_items_size&quot;:0,&quot;items_layout&quot;:&quot;101&quot;,&quot;items_offset&quot;:&quot;1&quot;,&quot;load_animation&quot;:&quot;none&quot;,&quot;overriding_link&quot;:&quot;popup_post&quot;,&quot;post_id&quot;:0,&quot;query_args&quot;:{&quot;ignore_sticky_posts&quot;:1,&quot;post_type&quot;:&quot;any&quot;,&quot;post__in&quot;:[&quot;2902&quot;],&quot;posts_per_page&quot;:&quot;10&quot;},&quot;orderby_query_args&quot;:{&quot;orderby&quot;:{&quot;date&quot;:&quot;DESC&quot;}},&quot;type&quot;:&quot;grid&quot;,&quot;us_grid_ajax_index&quot;:6,&quot;us_grid_filter_params&quot;:null,&quot;us_grid_index&quot;:6,&quot;_us_grid_post_type&quot;:&quot;ids&quot;,&quot;page_args&quot;:[]}}'><\/div>\r\n\t\t<div class=\"l-popup\">\r\n\t\t<div class=\"l-popup-overlay\"><\/div>\r\n\t\t<div class=\"l-popup-wrap\">\r\n\t\t\t<div class=\"l-popup-box\">\r\n\t\t\t\t<div class=\"l-popup-box-content\">\r\n\t\t\t\t\t<div class=\"g-preloader type_2\">\r\n\t\t\t\t\t\t<div><\/div>\r\n\t\t\t\t\t<\/div>\r\n\t\t\t\t\t<iframe class=\"l-popup-box-content-frame\" allowfullscreen><\/iframe>\r\n\t\t\t\t<\/div>\r\n\t\t\t<\/div>\r\n\t\t\t\t\t\t\t<div class=\"l-popup-arrow to_next\" title=\"Siguiente\"><\/div>\r\n\t\t\t\t<div class=\"l-popup-arrow to_prev\" title=\"Anterior\"><\/div>\r\n\t\t\t\t\t\t<div class=\"l-popup-closer\"><\/div>\r\n\t\t<\/div>\r\n\t<\/div>\r\n\t<\/div><div class=\"w-separator size_large with_line width_default thick_2 style_solid color_border align_center\"><div class=\"w-separator-h\"><\/div><\/div><div class=\"wpb_text_column us_custom_114a057e aaa\"><div class=\"wpb_wrapper\"><h4><a href=\"https:\/\/www.instagram.com\/wokitoki.santelmo\/\"><span style=\"font-weight: 400\">Woki Toki &#8211; Espacio Cultural <\/span><\/a><a href=\"https:\/\/www.google.com\/maps\/place\/Woki+Toki\/@-34.6185691,-58.3788189,17z\/data=!3m1!4b1!4m6!3m5!1s0x95bccbac23b4c7b5:0xac2b487106bda33c!8m2!3d-34.6185691!4d-58.3788189!16s%2Fg%2F11styr9bdv?entry=ttu&amp;g_ep=EgoyMDI1MDEyNi4wIKXMDSoASAFQAw%3D%3D\"><span style=\"font-weight: 400\">\u00a0\/ Tacuar\u00ed 905<\/span><\/a><\/h4>\n<h3><span style=\"color: #ffffff\">20hs &#8211; Taller de la Red de plantas saludables por el buen vivir<\/span><\/h3>\n<\/div><\/div><div class=\"w-separator size_large with_line width_default thick_2 style_dotted color_border align_center\"><div class=\"w-separator-h\"><\/div><\/div><div class=\"wpb_text_column us_custom_114a057e aaa\"><div class=\"wpb_wrapper\"><h3><span style=\"color: #ffffff\">21 hs. &#8211; PROYECCI\u00d3NES: CURANDERAS \/ AL IMPENETRABLE<\/span><\/h3>\n<\/div><\/div><div class=\"w-grid type_grid layout_101 cols_3 popup_page ratio_16x9\" id=\"us_grid_7\" style=\"--gap:1.5rem;\"><style>@media (max-width:1024px){#us_grid_7 .w-grid-item{width:50%}#us_grid_7 .w-grid-item.size_2x1,#us_grid_7 .w-grid-item.size_2x2{width:100%}}@media (max-width:600px){#us_grid_7 .w-grid-list{margin:0}#us_grid_7 .w-grid-item{width:100%;padding:0;margin-bottom:var(--gap,0px)}}<\/style><div class=\"w-grid-list\">\t<article class=\"w-grid-item post-3065 films type-films status-publish has-post-thumbnail hentry categoria_film-competencia-internacional-de-cortometrajes-de-5-min-2\" data-id=\"3065\">\r\n\t\t<div class=\"w-grid-item-h\">\r\n\t\t\t\t\t\t\t<a class=\"w-grid-item-anchor\" href=\"https:\/\/ficc.ar\/buenosaires2025\/films\/curanderas\/\" rel=\"bookmark\" aria-label=\"Curanderas\"><\/a>\r\n\t\t\t\t\t\t<div class=\"w-post-elm post_image usg_post_image_1 has_ratio\"><div style=\"padding-bottom:56.25%\"><\/div><a href=\"https:\/\/ficc.ar\/buenosaires2025\/films\/curanderas\/\" aria-label=\"Curanderas\"><img loading=\"lazy\" decoding=\"async\" width=\"1024\" height=\"576\" src=\"https:\/\/ficc.ar\/buenosaires2025\/wp-content\/uploads\/sites\/17\/2025\/02\/Curanderas-1024x576.jpg\" class=\"attachment-large size-large wp-post-image\" alt=\"\" srcset=\"https:\/\/ficc.ar\/buenosaires2025\/wp-content\/uploads\/sites\/17\/2025\/02\/Curanderas-1024x576.jpg 1024w, https:\/\/ficc.ar\/buenosaires2025\/wp-content\/uploads\/sites\/17\/2025\/02\/Curanderas-300x169.jpg 300w, https:\/\/ficc.ar\/buenosaires2025\/wp-content\/uploads\/sites\/17\/2025\/02\/Curanderas.jpg 1920w\" sizes=\"auto, (max-width: 1024px) 100vw, 1024px\" \/><\/a><\/div><div class=\"w-vwrapper usg_vwrapper_1 grid_arrow_top align_center valign_top\"><h1 class=\"w-post-elm post_title usg_post_title_1 has_text_color entry-title color_link_inherit\"><a href=\"https:\/\/ficc.ar\/buenosaires2025\/films\/curanderas\/\" target=\"_blank\" rel=\"noopener nofollow\">Curanderas<\/a><\/h1><p class=\"w-post-elm post_custom_field usg_post_custom_field_2 has_text_color type_text director_x_xs\"><span class=\"w-post-elm-before\">De <\/span><span class=\"w-post-elm-value\">Natalia Ortiz \/ Colectivo Yama - 4.30 min. - 2023<\/span><\/p><\/div><div class=\"w-vwrapper usg_vwrapper_2 align_center valign_top\" style=\"--vwrapper-gap:0.3rem\"><h2 class=\"w-post-elm post_title usg_post_title_2 has_text_color entry-title color_link_inherit\"><a href=\"https:\/\/ficc.ar\/buenosaires2025\/films\/curanderas\/\">Curanderas<\/a><\/h2><p class=\"w-post-elm post_custom_field usg_post_custom_field_3 has_text_color type_text director_x_xs\"><span class=\"w-post-elm-before\">De <\/span><span class=\"w-post-elm-value\">Natalia Ortiz \/ Colectivo Yama - 4.30 min. - 2023<\/span><\/p><\/div>\t\t<\/div>\r\n\t<\/article>\r\n\t<article class=\"w-grid-item post-2888 films type-films status-publish has-post-thumbnail hentry categoria_film-competencia-internacional-de-largometrajes-de-ficcion\" data-id=\"2888\">\r\n\t\t<div class=\"w-grid-item-h\">\r\n\t\t\t\t\t\t\t<a class=\"w-grid-item-anchor\" href=\"https:\/\/ficc.ar\/buenosaires2025\/films\/al-impenetrable\/\" rel=\"bookmark\" aria-label=\"Al impenetrable\"><\/a>\r\n\t\t\t\t\t\t<div class=\"w-post-elm post_image usg_post_image_1 has_ratio\"><div style=\"padding-bottom:56.25%\"><\/div><a href=\"https:\/\/ficc.ar\/buenosaires2025\/films\/al-impenetrable\/\" aria-label=\"Al impenetrable\"><img loading=\"lazy\" decoding=\"async\" width=\"1024\" height=\"576\" src=\"https:\/\/ficc.ar\/buenosaires2025\/wp-content\/uploads\/sites\/17\/2025\/02\/Al-impenetrable-1024x576.jpg\" class=\"attachment-large size-large wp-post-image\" alt=\"\" srcset=\"https:\/\/ficc.ar\/buenosaires2025\/wp-content\/uploads\/sites\/17\/2025\/02\/Al-impenetrable-1024x576.jpg 1024w, https:\/\/ficc.ar\/buenosaires2025\/wp-content\/uploads\/sites\/17\/2025\/02\/Al-impenetrable-300x169.jpg 300w, https:\/\/ficc.ar\/buenosaires2025\/wp-content\/uploads\/sites\/17\/2025\/02\/Al-impenetrable.jpg 1920w\" sizes=\"auto, (max-width: 1024px) 100vw, 1024px\" \/><\/a><\/div><div class=\"w-vwrapper usg_vwrapper_1 grid_arrow_top align_center valign_top\"><h1 class=\"w-post-elm post_title usg_post_title_1 has_text_color entry-title color_link_inherit\"><a href=\"https:\/\/ficc.ar\/buenosaires2025\/films\/al-impenetrable\/\" target=\"_blank\" rel=\"noopener nofollow\">Al impenetrable<\/a><\/h1><p class=\"w-post-elm post_custom_field usg_post_custom_field_2 has_text_color type_text director_x_xs\"><span class=\"w-post-elm-before\">De <\/span><span class=\"w-post-elm-value\">Sonia Bertotti - 88 min. - 2023<\/span><\/p><\/div><div class=\"w-vwrapper usg_vwrapper_2 align_center valign_top\" style=\"--vwrapper-gap:0.3rem\"><h2 class=\"w-post-elm post_title usg_post_title_2 has_text_color entry-title color_link_inherit\"><a href=\"https:\/\/ficc.ar\/buenosaires2025\/films\/al-impenetrable\/\">Al impenetrable<\/a><\/h2><p class=\"w-post-elm post_custom_field usg_post_custom_field_3 has_text_color type_text director_x_xs\"><span class=\"w-post-elm-before\">De <\/span><span class=\"w-post-elm-value\">Sonia Bertotti - 88 min. - 2023<\/span><\/p><\/div>\t\t<\/div>\r\n\t<\/article>\r\n<\/div><div class=\"w-grid-preloader\"><div class=\"g-preloader type_2\">\r\n\t<div><\/div>\r\n<\/div>\r\n<\/div>\t<div class=\"w-grid-json hidden\" onclick='return {&quot;action&quot;:&quot;us_ajax_grid&quot;,&quot;ajax_url&quot;:&quot;https:\\\/\\\/ficc.ar\\\/buenosaires2025\\\/wp-admin\\\/admin-ajax.php&quot;,&quot;infinite_scroll&quot;:0,&quot;max_num_pages&quot;:1,&quot;pagination&quot;:&quot;none&quot;,&quot;permalink_url&quot;:&quot;https:\\\/\\\/ficc.ar\\\/buenosaires2025\\\/wp-json\\\/wp\\\/v2\\\/pages\\\/12&quot;,&quot;template_vars&quot;:{&quot;columns&quot;:&quot;3&quot;,&quot;exclude_items&quot;:&quot;none&quot;,&quot;img_size&quot;:&quot;default&quot;,&quot;ignore_items_size&quot;:0,&quot;items_layout&quot;:&quot;101&quot;,&quot;items_offset&quot;:&quot;1&quot;,&quot;load_animation&quot;:&quot;none&quot;,&quot;overriding_link&quot;:&quot;popup_post&quot;,&quot;post_id&quot;:0,&quot;query_args&quot;:{&quot;ignore_sticky_posts&quot;:1,&quot;post_type&quot;:&quot;any&quot;,&quot;post__in&quot;:[&quot;3065&quot;,&quot;2888&quot;],&quot;posts_per_page&quot;:&quot;10&quot;},&quot;orderby_query_args&quot;:{&quot;orderby&quot;:{&quot;date&quot;:&quot;DESC&quot;}},&quot;type&quot;:&quot;grid&quot;,&quot;us_grid_ajax_index&quot;:7,&quot;us_grid_filter_params&quot;:null,&quot;us_grid_index&quot;:7,&quot;_us_grid_post_type&quot;:&quot;ids&quot;,&quot;page_args&quot;:[]}}'><\/div>\r\n\t\t<div class=\"l-popup\">\r\n\t\t<div class=\"l-popup-overlay\"><\/div>\r\n\t\t<div class=\"l-popup-wrap\">\r\n\t\t\t<div class=\"l-popup-box\">\r\n\t\t\t\t<div class=\"l-popup-box-content\">\r\n\t\t\t\t\t<div class=\"g-preloader type_2\">\r\n\t\t\t\t\t\t<div><\/div>\r\n\t\t\t\t\t<\/div>\r\n\t\t\t\t\t<iframe class=\"l-popup-box-content-frame\" allowfullscreen><\/iframe>\r\n\t\t\t\t<\/div>\r\n\t\t\t<\/div>\r\n\t\t\t\t\t\t\t<div class=\"l-popup-arrow to_next\" title=\"Siguiente\"><\/div>\r\n\t\t\t\t<div class=\"l-popup-arrow to_prev\" title=\"Anterior\"><\/div>\r\n\t\t\t\t\t\t<div class=\"l-popup-closer\"><\/div>\r\n\t\t<\/div>\r\n\t<\/div>\r\n\t<\/div><div class=\"w-separator size_large with_line width_default thick_2 style_solid color_border align_center\"><div class=\"w-separator-h\"><\/div><\/div><div class=\"wpb_text_column us_custom_6df4bc3a aaa has_text_color\"><div class=\"wpb_wrapper\"><ul>\n<li><a href=\"https:\/\/www.instagram.com\/wokitoki.santelmo\/\"><span style=\"font-weight: 400\">La paz arriba \/ Av. Callao 1082<\/span><\/a><\/li>\n<\/ul>\n<h3><span style=\"color: #ffffff\">21hs. &#8211; PROYECCI\u00d3NES: WAKE UP \/ FUCK YOU! <\/span><span style=\"color: #ffffff\">EL ULTIMO SHOW<\/span><\/h3>\n<\/div><\/div><div class=\"w-grid type_grid layout_101 cols_3 popup_page ratio_16x9\" id=\"us_grid_8\" style=\"--gap:1.5rem;\"><style>@media (max-width:1024px){#us_grid_8 .w-grid-item{width:50%}#us_grid_8 .w-grid-item.size_2x1,#us_grid_8 .w-grid-item.size_2x2{width:100%}}@media (max-width:600px){#us_grid_8 .w-grid-list{margin:0}#us_grid_8 .w-grid-item{width:100%;padding:0;margin-bottom:var(--gap,0px)}}<\/style><div class=\"w-grid-list\">\t<article class=\"w-grid-item post-2924 films type-films status-publish has-post-thumbnail hentry categoria_film-competencia-internacional-de-cortometrajes-de-5-min-2\" data-id=\"2924\">\r\n\t\t<div class=\"w-grid-item-h\">\r\n\t\t\t\t\t\t\t<a class=\"w-grid-item-anchor\" href=\"https:\/\/ficc.ar\/buenosaires2025\/films\/wake-up\/\" rel=\"bookmark\" aria-label=\"Wake Up\"><\/a>\r\n\t\t\t\t\t\t<div class=\"w-post-elm post_image usg_post_image_1 has_ratio\"><div style=\"padding-bottom:56.25%\"><\/div><a href=\"https:\/\/ficc.ar\/buenosaires2025\/films\/wake-up\/\" aria-label=\"Wake Up\"><img loading=\"lazy\" decoding=\"async\" width=\"1024\" height=\"576\" src=\"https:\/\/ficc.ar\/buenosaires2025\/wp-content\/uploads\/sites\/17\/2025\/02\/Wake-up-1024x576.jpg\" class=\"attachment-large size-large wp-post-image\" alt=\"\" srcset=\"https:\/\/ficc.ar\/buenosaires2025\/wp-content\/uploads\/sites\/17\/2025\/02\/Wake-up-1024x576.jpg 1024w, https:\/\/ficc.ar\/buenosaires2025\/wp-content\/uploads\/sites\/17\/2025\/02\/Wake-up-300x169.jpg 300w, https:\/\/ficc.ar\/buenosaires2025\/wp-content\/uploads\/sites\/17\/2025\/02\/Wake-up.jpg 1920w\" sizes=\"auto, (max-width: 1024px) 100vw, 1024px\" \/><\/a><\/div><div class=\"w-vwrapper usg_vwrapper_1 grid_arrow_top align_center valign_top\"><h1 class=\"w-post-elm post_title usg_post_title_1 has_text_color entry-title color_link_inherit\"><a href=\"https:\/\/ficc.ar\/buenosaires2025\/films\/wake-up\/\" target=\"_blank\" rel=\"noopener nofollow\">Wake Up<\/a><\/h1><p class=\"w-post-elm post_custom_field usg_post_custom_field_2 has_text_color type_text director_x_xs\"><span class=\"w-post-elm-before\">De <\/span><span class=\"w-post-elm-value\"> Joaqu\u00edn Follador - 3.30 min. - 2024<\/span><\/p><\/div><div class=\"w-vwrapper usg_vwrapper_2 align_center valign_top\" style=\"--vwrapper-gap:0.3rem\"><h2 class=\"w-post-elm post_title usg_post_title_2 has_text_color entry-title color_link_inherit\"><a href=\"https:\/\/ficc.ar\/buenosaires2025\/films\/wake-up\/\">Wake Up<\/a><\/h2><p class=\"w-post-elm post_custom_field usg_post_custom_field_3 has_text_color type_text director_x_xs\"><span class=\"w-post-elm-before\">De <\/span><span class=\"w-post-elm-value\"> Joaqu\u00edn Follador - 3.30 min. - 2024<\/span><\/p><\/div>\t\t<\/div>\r\n\t<\/article>\r\n\t<article class=\"w-grid-item post-2904 films type-films status-publish has-post-thumbnail hentry categoria_film-competencia-internacional-de-largometrajes-documentales\" data-id=\"2904\">\r\n\t\t<div class=\"w-grid-item-h\">\r\n\t\t\t\t\t\t\t<a class=\"w-grid-item-anchor\" href=\"https:\/\/ficc.ar\/buenosaires2025\/films\/fuck-you-el-ultimo-show\/\" rel=\"bookmark\" aria-label=\"Fuck You! El \u00faltimo show\"><\/a>\r\n\t\t\t\t\t\t<div class=\"w-post-elm post_image usg_post_image_1 has_ratio\"><div style=\"padding-bottom:56.25%\"><\/div><a href=\"https:\/\/ficc.ar\/buenosaires2025\/films\/fuck-you-el-ultimo-show\/\" aria-label=\"Fuck You! El \u00faltimo show\"><img loading=\"lazy\" decoding=\"async\" width=\"1024\" height=\"576\" src=\"https:\/\/ficc.ar\/buenosaires2025\/wp-content\/uploads\/sites\/17\/2025\/02\/Fuck-you-1024x576.jpg\" class=\"attachment-large size-large wp-post-image\" alt=\"\" srcset=\"https:\/\/ficc.ar\/buenosaires2025\/wp-content\/uploads\/sites\/17\/2025\/02\/Fuck-you-1024x576.jpg 1024w, https:\/\/ficc.ar\/buenosaires2025\/wp-content\/uploads\/sites\/17\/2025\/02\/Fuck-you-300x169.jpg 300w, https:\/\/ficc.ar\/buenosaires2025\/wp-content\/uploads\/sites\/17\/2025\/02\/Fuck-you.jpg 1920w\" sizes=\"auto, (max-width: 1024px) 100vw, 1024px\" \/><\/a><\/div><div class=\"w-vwrapper usg_vwrapper_1 grid_arrow_top align_center valign_top\"><h1 class=\"w-post-elm post_title usg_post_title_1 has_text_color entry-title color_link_inherit\"><a href=\"https:\/\/ficc.ar\/buenosaires2025\/films\/fuck-you-el-ultimo-show\/\" target=\"_blank\" rel=\"noopener nofollow\">Fuck You! El \u00faltimo show<\/a><\/h1><p class=\"w-post-elm post_custom_field usg_post_custom_field_2 has_text_color type_text director_x_xs\"><span class=\"w-post-elm-before\">De <\/span><span class=\"w-post-elm-value\">Jos\u00e9 Luis Garc\u00eda - 81 min. - 2024<\/span><\/p><\/div><div class=\"w-vwrapper usg_vwrapper_2 align_center valign_top\" style=\"--vwrapper-gap:0.3rem\"><h2 class=\"w-post-elm post_title usg_post_title_2 has_text_color entry-title color_link_inherit\"><a href=\"https:\/\/ficc.ar\/buenosaires2025\/films\/fuck-you-el-ultimo-show\/\">Fuck You! El \u00faltimo show<\/a><\/h2><p class=\"w-post-elm post_custom_field usg_post_custom_field_3 has_text_color type_text director_x_xs\"><span class=\"w-post-elm-before\">De <\/span><span class=\"w-post-elm-value\">Jos\u00e9 Luis Garc\u00eda - 81 min. - 2024<\/span><\/p><\/div>\t\t<\/div>\r\n\t<\/article>\r\n<\/div><div class=\"w-grid-preloader\"><div class=\"g-preloader type_2\">\r\n\t<div><\/div>\r\n<\/div>\r\n<\/div>\t<div class=\"w-grid-json hidden\" onclick='return {&quot;action&quot;:&quot;us_ajax_grid&quot;,&quot;ajax_url&quot;:&quot;https:\\\/\\\/ficc.ar\\\/buenosaires2025\\\/wp-admin\\\/admin-ajax.php&quot;,&quot;infinite_scroll&quot;:0,&quot;max_num_pages&quot;:1,&quot;pagination&quot;:&quot;none&quot;,&quot;permalink_url&quot;:&quot;https:\\\/\\\/ficc.ar\\\/buenosaires2025\\\/wp-json\\\/wp\\\/v2\\\/pages\\\/12&quot;,&quot;template_vars&quot;:{&quot;columns&quot;:&quot;3&quot;,&quot;exclude_items&quot;:&quot;none&quot;,&quot;img_size&quot;:&quot;default&quot;,&quot;ignore_items_size&quot;:0,&quot;items_layout&quot;:&quot;101&quot;,&quot;items_offset&quot;:&quot;1&quot;,&quot;load_animation&quot;:&quot;none&quot;,&quot;overriding_link&quot;:&quot;popup_post&quot;,&quot;post_id&quot;:0,&quot;query_args&quot;:{&quot;ignore_sticky_posts&quot;:1,&quot;post_type&quot;:&quot;any&quot;,&quot;post__in&quot;:[&quot;2924&quot;,&quot;2904&quot;],&quot;posts_per_page&quot;:&quot;10&quot;},&quot;orderby_query_args&quot;:{&quot;orderby&quot;:{&quot;date&quot;:&quot;DESC&quot;}},&quot;type&quot;:&quot;grid&quot;,&quot;us_grid_ajax_index&quot;:8,&quot;us_grid_filter_params&quot;:null,&quot;us_grid_index&quot;:8,&quot;_us_grid_post_type&quot;:&quot;ids&quot;,&quot;page_args&quot;:[]}}'><\/div>\r\n\t\t<div class=\"l-popup\">\r\n\t\t<div class=\"l-popup-overlay\"><\/div>\r\n\t\t<div class=\"l-popup-wrap\">\r\n\t\t\t<div class=\"l-popup-box\">\r\n\t\t\t\t<div class=\"l-popup-box-content\">\r\n\t\t\t\t\t<div class=\"g-preloader type_2\">\r\n\t\t\t\t\t\t<div><\/div>\r\n\t\t\t\t\t<\/div>\r\n\t\t\t\t\t<iframe class=\"l-popup-box-content-frame\" allowfullscreen><\/iframe>\r\n\t\t\t\t<\/div>\r\n\t\t\t<\/div>\r\n\t\t\t\t\t\t\t<div class=\"l-popup-arrow to_next\" title=\"Siguiente\"><\/div>\r\n\t\t\t\t<div class=\"l-popup-arrow to_prev\" title=\"Anterior\"><\/div>\r\n\t\t\t\t\t\t<div class=\"l-popup-closer\"><\/div>\r\n\t\t<\/div>\r\n\t<\/div>\r\n\t<\/div><\/div><\/div><\/div><div class=\"w-tabs-section\" id=\"b0ed\"><button class=\"w-tabs-section-header\" aria-controls=\"content-b0ed\" aria-expanded=\"false\"><div class=\"w-tabs-section-title\">VIERNES 21 de febrero<\/div><div class=\"w-tabs-section-control\"><\/div><\/button><div  class=\"w-tabs-section-content\" id=\"content-b0ed\"><div class=\"w-tabs-section-content-h i-cf\"><div class=\"wpb_text_column us_custom_6df4bc3a aaa has_text_color\"><div class=\"wpb_wrapper\"><ul>\n<li><a href=\"https:\/\/www.instagram.com\/alianzafrancesabsas\/\">Alianza Francesa \/ Av. C\u00f3rdoba 946<\/a><\/li>\n<\/ul>\n<h3><span style=\"color: #ffffff\">18hs\u00a0 -PROYECCI\u00d3NES: Cannabis + Creativity \/ Higher Power<\/span><\/h3>\n<\/div><\/div><div class=\"w-grid type_grid layout_101 cols_3 popup_page ratio_16x9\" id=\"us_grid_9\" style=\"--gap:1.5rem;\"><style>@media (max-width:1024px){#us_grid_9 .w-grid-item{width:50%}#us_grid_9 .w-grid-item.size_2x1,#us_grid_9 .w-grid-item.size_2x2{width:100%}}@media (max-width:600px){#us_grid_9 .w-grid-list{margin:0}#us_grid_9 .w-grid-item{width:100%;padding:0;margin-bottom:var(--gap,0px)}}<\/style><div class=\"w-grid-list\">\t<article class=\"w-grid-item post-2930 films type-films status-publish has-post-thumbnail hentry categoria_film-competencia-internacional-de-cortometrajes-de-5-min\" data-id=\"2930\">\r\n\t\t<div class=\"w-grid-item-h\">\r\n\t\t\t\t\t\t\t<a class=\"w-grid-item-anchor\" href=\"https:\/\/ficc.ar\/buenosaires2025\/films\/cannabis-creativity\/\" rel=\"bookmark\" aria-label=\"Cannabis + Creativity\"><\/a>\r\n\t\t\t\t\t\t<div class=\"w-post-elm post_image usg_post_image_1 has_ratio\"><div style=\"padding-bottom:56.25%\"><\/div><a href=\"https:\/\/ficc.ar\/buenosaires2025\/films\/cannabis-creativity\/\" aria-label=\"Cannabis + Creativity\"><img loading=\"lazy\" decoding=\"async\" width=\"1024\" height=\"576\" src=\"https:\/\/ficc.ar\/buenosaires2025\/wp-content\/uploads\/sites\/17\/2025\/02\/Cannabis-Creativity-1024x576.jpg\" class=\"attachment-large size-large wp-post-image\" alt=\"\" srcset=\"https:\/\/ficc.ar\/buenosaires2025\/wp-content\/uploads\/sites\/17\/2025\/02\/Cannabis-Creativity-1024x576.jpg 1024w, https:\/\/ficc.ar\/buenosaires2025\/wp-content\/uploads\/sites\/17\/2025\/02\/Cannabis-Creativity-300x169.jpg 300w, https:\/\/ficc.ar\/buenosaires2025\/wp-content\/uploads\/sites\/17\/2025\/02\/Cannabis-Creativity.jpg 1920w\" sizes=\"auto, (max-width: 1024px) 100vw, 1024px\" \/><\/a><\/div><div class=\"w-vwrapper usg_vwrapper_1 grid_arrow_top align_center valign_top\"><h1 class=\"w-post-elm post_title usg_post_title_1 has_text_color entry-title color_link_inherit\"><a href=\"https:\/\/ficc.ar\/buenosaires2025\/films\/cannabis-creativity\/\" target=\"_blank\" rel=\"noopener nofollow\">Cannabis + Creativity<\/a><\/h1><p class=\"w-post-elm post_custom_field usg_post_custom_field_2 has_text_color type_text director_x_xs\"><span class=\"w-post-elm-before\">De <\/span><span class=\"w-post-elm-value\">Elana Frankel - 18 min. - 2024<\/span><\/p><\/div><div class=\"w-vwrapper usg_vwrapper_2 align_center valign_top\" style=\"--vwrapper-gap:0.3rem\"><h2 class=\"w-post-elm post_title usg_post_title_2 has_text_color entry-title color_link_inherit\"><a href=\"https:\/\/ficc.ar\/buenosaires2025\/films\/cannabis-creativity\/\">Cannabis + Creativity<\/a><\/h2><p class=\"w-post-elm post_custom_field usg_post_custom_field_3 has_text_color type_text director_x_xs\"><span class=\"w-post-elm-before\">De <\/span><span class=\"w-post-elm-value\">Elana Frankel - 18 min. - 2024<\/span><\/p><\/div>\t\t<\/div>\r\n\t<\/article>\r\n\t<article class=\"w-grid-item post-2906 films type-films status-publish has-post-thumbnail hentry categoria_film-competencia-internacional-de-largometrajes-documentales\" data-id=\"2906\">\r\n\t\t<div class=\"w-grid-item-h\">\r\n\t\t\t\t\t\t\t<a class=\"w-grid-item-anchor\" href=\"https:\/\/ficc.ar\/buenosaires2025\/films\/higher-power\/\" rel=\"bookmark\" aria-label=\"Higher Power\"><\/a>\r\n\t\t\t\t\t\t<div class=\"w-post-elm post_image usg_post_image_1 has_ratio\"><div style=\"padding-bottom:56.25%\"><\/div><a href=\"https:\/\/ficc.ar\/buenosaires2025\/films\/higher-power\/\" aria-label=\"Higher Power\"><img loading=\"lazy\" decoding=\"async\" width=\"1024\" height=\"576\" src=\"https:\/\/ficc.ar\/buenosaires2025\/wp-content\/uploads\/sites\/17\/2025\/02\/Higher-Power-1024x576.jpg\" class=\"attachment-large size-large wp-post-image\" alt=\"\" srcset=\"https:\/\/ficc.ar\/buenosaires2025\/wp-content\/uploads\/sites\/17\/2025\/02\/Higher-Power-1024x576.jpg 1024w, https:\/\/ficc.ar\/buenosaires2025\/wp-content\/uploads\/sites\/17\/2025\/02\/Higher-Power-300x169.jpg 300w, https:\/\/ficc.ar\/buenosaires2025\/wp-content\/uploads\/sites\/17\/2025\/02\/Higher-Power.jpg 1920w\" sizes=\"auto, (max-width: 1024px) 100vw, 1024px\" \/><\/a><\/div><div class=\"w-vwrapper usg_vwrapper_1 grid_arrow_top align_center valign_top\"><h1 class=\"w-post-elm post_title usg_post_title_1 has_text_color entry-title color_link_inherit\"><a href=\"https:\/\/ficc.ar\/buenosaires2025\/films\/higher-power\/\" target=\"_blank\" rel=\"noopener nofollow\">Higher Power<\/a><\/h1><p class=\"w-post-elm post_custom_field usg_post_custom_field_2 has_text_color type_text director_x_xs\"><span class=\"w-post-elm-before\">De <\/span><span class=\"w-post-elm-value\">Dewey A Ortiz Jr. - 60 min. - 2023<\/span><\/p><\/div><div class=\"w-vwrapper usg_vwrapper_2 align_center valign_top\" style=\"--vwrapper-gap:0.3rem\"><h2 class=\"w-post-elm post_title usg_post_title_2 has_text_color entry-title color_link_inherit\"><a href=\"https:\/\/ficc.ar\/buenosaires2025\/films\/higher-power\/\">Higher Power<\/a><\/h2><p class=\"w-post-elm post_custom_field usg_post_custom_field_3 has_text_color type_text director_x_xs\"><span class=\"w-post-elm-before\">De <\/span><span class=\"w-post-elm-value\">Dewey A Ortiz Jr. - 60 min. - 2023<\/span><\/p><\/div>\t\t<\/div>\r\n\t<\/article>\r\n<\/div><div class=\"w-grid-preloader\"><div class=\"g-preloader type_2\">\r\n\t<div><\/div>\r\n<\/div>\r\n<\/div>\t<div class=\"w-grid-json hidden\" onclick='return {&quot;action&quot;:&quot;us_ajax_grid&quot;,&quot;ajax_url&quot;:&quot;https:\\\/\\\/ficc.ar\\\/buenosaires2025\\\/wp-admin\\\/admin-ajax.php&quot;,&quot;infinite_scroll&quot;:0,&quot;max_num_pages&quot;:1,&quot;pagination&quot;:&quot;none&quot;,&quot;permalink_url&quot;:&quot;https:\\\/\\\/ficc.ar\\\/buenosaires2025\\\/wp-json\\\/wp\\\/v2\\\/pages\\\/12&quot;,&quot;template_vars&quot;:{&quot;columns&quot;:&quot;3&quot;,&quot;exclude_items&quot;:&quot;none&quot;,&quot;img_size&quot;:&quot;default&quot;,&quot;ignore_items_size&quot;:0,&quot;items_layout&quot;:&quot;101&quot;,&quot;items_offset&quot;:&quot;1&quot;,&quot;load_animation&quot;:&quot;none&quot;,&quot;overriding_link&quot;:&quot;popup_post&quot;,&quot;post_id&quot;:0,&quot;query_args&quot;:{&quot;ignore_sticky_posts&quot;:1,&quot;post_type&quot;:&quot;any&quot;,&quot;post__in&quot;:[&quot;2930&quot;,&quot;2906&quot;],&quot;posts_per_page&quot;:&quot;10&quot;},&quot;orderby_query_args&quot;:{&quot;orderby&quot;:{&quot;date&quot;:&quot;DESC&quot;}},&quot;type&quot;:&quot;grid&quot;,&quot;us_grid_ajax_index&quot;:9,&quot;us_grid_filter_params&quot;:null,&quot;us_grid_index&quot;:9,&quot;_us_grid_post_type&quot;:&quot;ids&quot;,&quot;page_args&quot;:[]}}'><\/div>\r\n\t\t<div class=\"l-popup\">\r\n\t\t<div class=\"l-popup-overlay\"><\/div>\r\n\t\t<div class=\"l-popup-wrap\">\r\n\t\t\t<div class=\"l-popup-box\">\r\n\t\t\t\t<div class=\"l-popup-box-content\">\r\n\t\t\t\t\t<div class=\"g-preloader type_2\">\r\n\t\t\t\t\t\t<div><\/div>\r\n\t\t\t\t\t<\/div>\r\n\t\t\t\t\t<iframe class=\"l-popup-box-content-frame\" allowfullscreen><\/iframe>\r\n\t\t\t\t<\/div>\r\n\t\t\t<\/div>\r\n\t\t\t\t\t\t\t<div class=\"l-popup-arrow to_next\" title=\"Siguiente\"><\/div>\r\n\t\t\t\t<div class=\"l-popup-arrow to_prev\" title=\"Anterior\"><\/div>\r\n\t\t\t\t\t\t<div class=\"l-popup-closer\"><\/div>\r\n\t\t<\/div>\r\n\t<\/div>\r\n\t<\/div><div class=\"w-separator size_large with_line width_default thick_2 style_solid color_border align_center\"><div class=\"w-separator-h\"><\/div><\/div><div class=\"wpb_text_column us_custom_5fcb3cf2 aaa has_text_color\"><div class=\"wpb_wrapper\"><ul>\n<li>\n<h4><a href=\"https:\/\/www.instagram.com\/wokitoki.santelmo\/\"><span style=\"font-weight: 400\">Woki Toki &#8211; Espacio Cultural <\/span><\/a><a href=\"https:\/\/www.google.com\/maps\/place\/Woki+Toki\/@-34.6185691,-58.3788189,17z\/data=!3m1!4b1!4m6!3m5!1s0x95bccbac23b4c7b5:0xac2b487106bda33c!8m2!3d-34.6185691!4d-58.3788189!16s%2Fg%2F11styr9bdv?entry=ttu&amp;g_ep=EgoyMDI1MDEyNi4wIKXMDSoASAFQAw%3D%3D\"><span style=\"font-weight: 400\">\u00a0\/ Tacuar\u00ed 905<\/span><\/a><\/h4>\n<\/li>\n<\/ul>\n<h3><span style=\"color: #ffffff\">20hs &#8211; Presentaci\u00f3n del libro <em>&#8220;No te mates en mi cultivo de marihuana&#8221;<\/em> de Juli\u00e1n Urman<\/span><\/h3>\n<h4><span style=\"color: #ffffff\">Juli\u00e1n es escritor, guionista y realizador audiovisual.<\/span><\/h4>\n<h3><span style=\"color: #ffffff\">PROYECCI\u00d3N: Ri\u00f1\u00f3n p\u00e9lvico<\/span><\/h3>\n<\/div><\/div><div class=\"w-grid type_grid layout_101 cols_3 popup_page ratio_16x9\" id=\"us_grid_10\" style=\"--gap:1.5rem;\"><style>@media (max-width:1024px){#us_grid_10 .w-grid-item{width:50%}#us_grid_10 .w-grid-item.size_2x1,#us_grid_10 .w-grid-item.size_2x2{width:100%}}@media (max-width:600px){#us_grid_10 .w-grid-list{margin:0}#us_grid_10 .w-grid-item{width:100%;padding:0;margin-bottom:var(--gap,0px)}}<\/style><div class=\"w-grid-list\">\t<article class=\"w-grid-item post-2936 films type-films status-publish has-post-thumbnail hentry categoria_film-competencia-internacional-de-cortometrajes-de-5-min\" data-id=\"2936\">\r\n\t\t<div class=\"w-grid-item-h\">\r\n\t\t\t\t\t\t\t<a class=\"w-grid-item-anchor\" href=\"https:\/\/ficc.ar\/buenosaires2025\/films\/rinon-pelvico\/\" rel=\"bookmark\" aria-label=\"Ri\u00f1\u00f3n p\u00e9lvico\"><\/a>\r\n\t\t\t\t\t\t<div class=\"w-post-elm post_image usg_post_image_1 has_ratio\"><div style=\"padding-bottom:56.25%\"><\/div><a href=\"https:\/\/ficc.ar\/buenosaires2025\/films\/rinon-pelvico\/\" aria-label=\"Ri\u00f1\u00f3n p\u00e9lvico\"><img loading=\"lazy\" decoding=\"async\" width=\"1024\" height=\"576\" src=\"https:\/\/ficc.ar\/buenosaires2025\/wp-content\/uploads\/sites\/17\/2025\/02\/Rinon-Pelvico-1024x576.jpg\" class=\"attachment-large size-large wp-post-image\" alt=\"\" srcset=\"https:\/\/ficc.ar\/buenosaires2025\/wp-content\/uploads\/sites\/17\/2025\/02\/Rinon-Pelvico-1024x576.jpg 1024w, https:\/\/ficc.ar\/buenosaires2025\/wp-content\/uploads\/sites\/17\/2025\/02\/Rinon-Pelvico-300x169.jpg 300w, https:\/\/ficc.ar\/buenosaires2025\/wp-content\/uploads\/sites\/17\/2025\/02\/Rinon-Pelvico.jpg 1920w\" sizes=\"auto, (max-width: 1024px) 100vw, 1024px\" \/><\/a><\/div><div class=\"w-vwrapper usg_vwrapper_1 grid_arrow_top align_center valign_top\"><h1 class=\"w-post-elm post_title usg_post_title_1 has_text_color entry-title color_link_inherit\"><a href=\"https:\/\/ficc.ar\/buenosaires2025\/films\/rinon-pelvico\/\" target=\"_blank\" rel=\"noopener nofollow\">Ri\u00f1\u00f3n p\u00e9lvico<\/a><\/h1><p class=\"w-post-elm post_custom_field usg_post_custom_field_2 has_text_color type_text director_x_xs\"><span class=\"w-post-elm-before\">De <\/span><span class=\"w-post-elm-value\"> Juli\u00e1n Urman - 10 min. - 2024<\/span><\/p><\/div><div class=\"w-vwrapper usg_vwrapper_2 align_center valign_top\" style=\"--vwrapper-gap:0.3rem\"><h2 class=\"w-post-elm post_title usg_post_title_2 has_text_color entry-title color_link_inherit\"><a href=\"https:\/\/ficc.ar\/buenosaires2025\/films\/rinon-pelvico\/\">Ri\u00f1\u00f3n p\u00e9lvico<\/a><\/h2><p class=\"w-post-elm post_custom_field usg_post_custom_field_3 has_text_color type_text director_x_xs\"><span class=\"w-post-elm-before\">De <\/span><span class=\"w-post-elm-value\"> Juli\u00e1n Urman - 10 min. - 2024<\/span><\/p><\/div>\t\t<\/div>\r\n\t<\/article>\r\n<\/div><div class=\"w-grid-preloader\"><div class=\"g-preloader type_2\">\r\n\t<div><\/div>\r\n<\/div>\r\n<\/div>\t<div class=\"w-grid-json hidden\" onclick='return {&quot;action&quot;:&quot;us_ajax_grid&quot;,&quot;ajax_url&quot;:&quot;https:\\\/\\\/ficc.ar\\\/buenosaires2025\\\/wp-admin\\\/admin-ajax.php&quot;,&quot;infinite_scroll&quot;:0,&quot;max_num_pages&quot;:1,&quot;pagination&quot;:&quot;none&quot;,&quot;permalink_url&quot;:&quot;https:\\\/\\\/ficc.ar\\\/buenosaires2025\\\/wp-json\\\/wp\\\/v2\\\/pages\\\/12&quot;,&quot;template_vars&quot;:{&quot;columns&quot;:&quot;3&quot;,&quot;exclude_items&quot;:&quot;none&quot;,&quot;img_size&quot;:&quot;default&quot;,&quot;ignore_items_size&quot;:0,&quot;items_layout&quot;:&quot;101&quot;,&quot;items_offset&quot;:&quot;1&quot;,&quot;load_animation&quot;:&quot;none&quot;,&quot;overriding_link&quot;:&quot;popup_post&quot;,&quot;post_id&quot;:0,&quot;query_args&quot;:{&quot;ignore_sticky_posts&quot;:1,&quot;post_type&quot;:&quot;any&quot;,&quot;post__in&quot;:[&quot;2936&quot;],&quot;posts_per_page&quot;:&quot;10&quot;},&quot;orderby_query_args&quot;:{&quot;orderby&quot;:{&quot;date&quot;:&quot;DESC&quot;}},&quot;type&quot;:&quot;grid&quot;,&quot;us_grid_ajax_index&quot;:10,&quot;us_grid_filter_params&quot;:null,&quot;us_grid_index&quot;:10,&quot;_us_grid_post_type&quot;:&quot;ids&quot;,&quot;page_args&quot;:[]}}'><\/div>\r\n\t\t<div class=\"l-popup\">\r\n\t\t<div class=\"l-popup-overlay\"><\/div>\r\n\t\t<div class=\"l-popup-wrap\">\r\n\t\t\t<div class=\"l-popup-box\">\r\n\t\t\t\t<div class=\"l-popup-box-content\">\r\n\t\t\t\t\t<div class=\"g-preloader type_2\">\r\n\t\t\t\t\t\t<div><\/div>\r\n\t\t\t\t\t<\/div>\r\n\t\t\t\t\t<iframe class=\"l-popup-box-content-frame\" allowfullscreen><\/iframe>\r\n\t\t\t\t<\/div>\r\n\t\t\t<\/div>\r\n\t\t\t\t\t\t\t<div class=\"l-popup-arrow to_next\" title=\"Siguiente\"><\/div>\r\n\t\t\t\t<div class=\"l-popup-arrow to_prev\" title=\"Anterior\"><\/div>\r\n\t\t\t\t\t\t<div class=\"l-popup-closer\"><\/div>\r\n\t\t<\/div>\r\n\t<\/div>\r\n\t<\/div><div class=\"w-separator size_medium with_line width_default thick_2 style_dotted color_border align_center\"><div class=\"w-separator-h\"><\/div><\/div><div class=\"wpb_text_column us_custom_6df4bc3a aaa has_text_color\"><div class=\"wpb_wrapper\"><h3><span style=\"color: #ffffff\">21hs &#8211; PROYECCIONES: Repara\u00e7\u00e3o Hist\u00f3rica J\u00e1 \/ QUEMANDO FRONTERAS<\/span><\/h3>\n<\/div><\/div><div class=\"w-grid type_grid layout_101 cols_3 popup_page ratio_16x9\" id=\"us_grid_11\" style=\"--gap:1.5rem;\"><style>@media (max-width:1024px){#us_grid_11 .w-grid-item{width:50%}#us_grid_11 .w-grid-item.size_2x1,#us_grid_11 .w-grid-item.size_2x2{width:100%}}@media (max-width:600px){#us_grid_11 .w-grid-list{margin:0}#us_grid_11 .w-grid-item{width:100%;padding:0;margin-bottom:var(--gap,0px)}}<\/style><div class=\"w-grid-list\">\t<article class=\"w-grid-item post-3067 films type-films status-publish has-post-thumbnail hentry categoria_film-competencia-internacional-de-cortometrajes-de-5-min-2\" data-id=\"3067\">\r\n\t\t<div class=\"w-grid-item-h\">\r\n\t\t\t\t\t\t\t<a class=\"w-grid-item-anchor\" href=\"https:\/\/ficc.ar\/buenosaires2025\/films\/reparacion-historica-ja\/\" rel=\"bookmark\" aria-label=\"Reparaci\u00f3n hist\u00f3rica J\u00e1\"><\/a>\r\n\t\t\t\t\t\t<div class=\"w-post-elm post_image usg_post_image_1 has_ratio\"><div style=\"padding-bottom:56.25%\"><\/div><a href=\"https:\/\/ficc.ar\/buenosaires2025\/films\/reparacion-historica-ja\/\" aria-label=\"Reparaci\u00f3n hist\u00f3rica J\u00e1\"><img loading=\"lazy\" decoding=\"async\" width=\"1024\" height=\"576\" src=\"https:\/\/ficc.ar\/buenosaires2025\/wp-content\/uploads\/sites\/17\/2025\/02\/Reparacion-historica-1024x576.jpg\" class=\"attachment-large size-large wp-post-image\" alt=\"\" srcset=\"https:\/\/ficc.ar\/buenosaires2025\/wp-content\/uploads\/sites\/17\/2025\/02\/Reparacion-historica-1024x576.jpg 1024w, https:\/\/ficc.ar\/buenosaires2025\/wp-content\/uploads\/sites\/17\/2025\/02\/Reparacion-historica-300x169.jpg 300w, https:\/\/ficc.ar\/buenosaires2025\/wp-content\/uploads\/sites\/17\/2025\/02\/Reparacion-historica.jpg 1920w\" sizes=\"auto, (max-width: 1024px) 100vw, 1024px\" \/><\/a><\/div><div class=\"w-vwrapper usg_vwrapper_1 grid_arrow_top align_center valign_top\"><h1 class=\"w-post-elm post_title usg_post_title_1 has_text_color entry-title color_link_inherit\"><a href=\"https:\/\/ficc.ar\/buenosaires2025\/films\/reparacion-historica-ja\/\" target=\"_blank\" rel=\"noopener nofollow\">Reparaci\u00f3n hist\u00f3rica J\u00e1<\/a><\/h1><p class=\"w-post-elm post_custom_field usg_post_custom_field_2 has_text_color type_text director_x_xs\"><span class=\"w-post-elm-before\">De <\/span><span class=\"w-post-elm-value\"> Giu Tantan - 3 min. - 2024<\/span><\/p><\/div><div class=\"w-vwrapper usg_vwrapper_2 align_center valign_top\" style=\"--vwrapper-gap:0.3rem\"><h2 class=\"w-post-elm post_title usg_post_title_2 has_text_color entry-title color_link_inherit\"><a href=\"https:\/\/ficc.ar\/buenosaires2025\/films\/reparacion-historica-ja\/\">Reparaci\u00f3n hist\u00f3rica J\u00e1<\/a><\/h2><p class=\"w-post-elm post_custom_field usg_post_custom_field_3 has_text_color type_text director_x_xs\"><span class=\"w-post-elm-before\">De <\/span><span class=\"w-post-elm-value\"> Giu Tantan - 3 min. - 2024<\/span><\/p><\/div>\t\t<\/div>\r\n\t<\/article>\r\n\t<article class=\"w-grid-item post-2910 films type-films status-publish has-post-thumbnail hentry categoria_film-competencia-internacional-de-largometrajes-documentales\" data-id=\"2910\">\r\n\t\t<div class=\"w-grid-item-h\">\r\n\t\t\t\t\t\t\t<a class=\"w-grid-item-anchor\" href=\"https:\/\/ficc.ar\/buenosaires2025\/films\/queimando-fronteiras\/\" rel=\"bookmark\" aria-label=\"Queimando fronteiras\"><\/a>\r\n\t\t\t\t\t\t<div class=\"w-post-elm post_image usg_post_image_1 has_ratio\"><div style=\"padding-bottom:56.25%\"><\/div><a href=\"https:\/\/ficc.ar\/buenosaires2025\/films\/queimando-fronteiras\/\" aria-label=\"Queimando fronteiras\"><img loading=\"lazy\" decoding=\"async\" width=\"1024\" height=\"576\" src=\"https:\/\/ficc.ar\/buenosaires2025\/wp-content\/uploads\/sites\/17\/2025\/02\/Quemando-1024x576.jpg\" class=\"attachment-large size-large wp-post-image\" alt=\"\" srcset=\"https:\/\/ficc.ar\/buenosaires2025\/wp-content\/uploads\/sites\/17\/2025\/02\/Quemando-1024x576.jpg 1024w, https:\/\/ficc.ar\/buenosaires2025\/wp-content\/uploads\/sites\/17\/2025\/02\/Quemando-300x169.jpg 300w, https:\/\/ficc.ar\/buenosaires2025\/wp-content\/uploads\/sites\/17\/2025\/02\/Quemando.jpg 1920w\" sizes=\"auto, (max-width: 1024px) 100vw, 1024px\" \/><\/a><\/div><div class=\"w-vwrapper usg_vwrapper_1 grid_arrow_top align_center valign_top\"><h1 class=\"w-post-elm post_title usg_post_title_1 has_text_color entry-title color_link_inherit\"><a href=\"https:\/\/ficc.ar\/buenosaires2025\/films\/queimando-fronteiras\/\" target=\"_blank\" rel=\"noopener nofollow\">Queimando fronteiras<\/a><\/h1><p class=\"w-post-elm post_custom_field usg_post_custom_field_2 has_text_color type_text director_x_xs\"><span class=\"w-post-elm-before\">De <\/span><span class=\"w-post-elm-value\"> Leonardo Ferron Baggio - 75 min - 2025<\/span><\/p><\/div><div class=\"w-vwrapper usg_vwrapper_2 align_center valign_top\" style=\"--vwrapper-gap:0.3rem\"><h2 class=\"w-post-elm post_title usg_post_title_2 has_text_color entry-title color_link_inherit\"><a href=\"https:\/\/ficc.ar\/buenosaires2025\/films\/queimando-fronteiras\/\">Queimando fronteiras<\/a><\/h2><p class=\"w-post-elm post_custom_field usg_post_custom_field_3 has_text_color type_text director_x_xs\"><span class=\"w-post-elm-before\">De <\/span><span class=\"w-post-elm-value\"> Leonardo Ferron Baggio - 75 min - 2025<\/span><\/p><\/div>\t\t<\/div>\r\n\t<\/article>\r\n<\/div><div class=\"w-grid-preloader\"><div class=\"g-preloader type_2\">\r\n\t<div><\/div>\r\n<\/div>\r\n<\/div>\t<div class=\"w-grid-json hidden\" onclick='return {&quot;action&quot;:&quot;us_ajax_grid&quot;,&quot;ajax_url&quot;:&quot;https:\\\/\\\/ficc.ar\\\/buenosaires2025\\\/wp-admin\\\/admin-ajax.php&quot;,&quot;infinite_scroll&quot;:0,&quot;max_num_pages&quot;:1,&quot;pagination&quot;:&quot;none&quot;,&quot;permalink_url&quot;:&quot;https:\\\/\\\/ficc.ar\\\/buenosaires2025\\\/wp-json\\\/wp\\\/v2\\\/pages\\\/12&quot;,&quot;template_vars&quot;:{&quot;columns&quot;:&quot;3&quot;,&quot;exclude_items&quot;:&quot;none&quot;,&quot;img_size&quot;:&quot;default&quot;,&quot;ignore_items_size&quot;:0,&quot;items_layout&quot;:&quot;101&quot;,&quot;items_offset&quot;:&quot;1&quot;,&quot;load_animation&quot;:&quot;none&quot;,&quot;overriding_link&quot;:&quot;popup_post&quot;,&quot;post_id&quot;:0,&quot;query_args&quot;:{&quot;ignore_sticky_posts&quot;:1,&quot;post_type&quot;:&quot;any&quot;,&quot;post__in&quot;:[&quot;3067&quot;,&quot;2910&quot;],&quot;posts_per_page&quot;:&quot;10&quot;},&quot;orderby_query_args&quot;:{&quot;orderby&quot;:{&quot;date&quot;:&quot;DESC&quot;}},&quot;type&quot;:&quot;grid&quot;,&quot;us_grid_ajax_index&quot;:11,&quot;us_grid_filter_params&quot;:null,&quot;us_grid_index&quot;:11,&quot;_us_grid_post_type&quot;:&quot;ids&quot;,&quot;page_args&quot;:[]}}'><\/div>\r\n\t\t<div class=\"l-popup\">\r\n\t\t<div class=\"l-popup-overlay\"><\/div>\r\n\t\t<div class=\"l-popup-wrap\">\r\n\t\t\t<div class=\"l-popup-box\">\r\n\t\t\t\t<div class=\"l-popup-box-content\">\r\n\t\t\t\t\t<div class=\"g-preloader type_2\">\r\n\t\t\t\t\t\t<div><\/div>\r\n\t\t\t\t\t<\/div>\r\n\t\t\t\t\t<iframe class=\"l-popup-box-content-frame\" allowfullscreen><\/iframe>\r\n\t\t\t\t<\/div>\r\n\t\t\t<\/div>\r\n\t\t\t\t\t\t\t<div class=\"l-popup-arrow to_next\" title=\"Siguiente\"><\/div>\r\n\t\t\t\t<div class=\"l-popup-arrow to_prev\" title=\"Anterior\"><\/div>\r\n\t\t\t\t\t\t<div class=\"l-popup-closer\"><\/div>\r\n\t\t<\/div>\r\n\t<\/div>\r\n\t<\/div><\/div><\/div><\/div><div class=\"w-tabs-section\" id=\"m07e\"><button class=\"w-tabs-section-header\" aria-controls=\"content-m07e\" aria-expanded=\"false\"><div class=\"w-tabs-section-title\">S\u00c1BADO 22 de febrero<\/div><div class=\"w-tabs-section-control\"><\/div><\/button><div  class=\"w-tabs-section-content\" id=\"content-m07e\"><div class=\"w-tabs-section-content-h i-cf\"><div class=\"wpb_text_column us_custom_6df4bc3a aaa has_text_color\"><div class=\"wpb_wrapper\"><ul>\n<li><a href=\"https:\/\/www.instagram.com\/wokitoki.santelmo\/\"><span style=\"font-weight: 400\">Woki Toki &#8211; Espacio Cultural <\/span><\/a><a href=\"https:\/\/www.google.com\/maps\/place\/Woki+Toki\/@-34.6185691,-58.3788189,17z\/data=!3m1!4b1!4m6!3m5!1s0x95bccbac23b4c7b5:0xac2b487106bda33c!8m2!3d-34.6185691!4d-58.3788189!16s%2Fg%2F11styr9bdv?entry=ttu&amp;g_ep=EgoyMDI1MDEyNi4wIKXMDSoASAFQAw%3D%3D\"><span style=\"font-weight: 400\">\u00a0\/ Tacuar\u00ed 905<\/span><\/a><\/li>\n<\/ul>\n<h4><span style=\"color: #ffffff\">FERIA CANN\u00c1BICA<\/span><\/h4>\n<h3><span style=\"color: #ffffff\">17hs &#8211; MARATON DE CORTOS 1:\u00a0Bored \/ Joy \/ EL SUE\u00f1O \/ Hey Hey Hey! \u00bfQu\u00e9 esperas?\u00a0\/ EL FUEGO PULSA\u00a0 \/ The Original Hash Queen &#8211; Mila Jansen \/ Bendito Seija<br \/>\n<\/span><\/h3>\n<\/div><\/div><div class=\"w-grid type_grid layout_101 cols_4 popup_page ratio_16x9\" id=\"us_grid_12\" style=\"--gap:1.5rem;\"><style>@media (max-width:1280px){#us_grid_12 .w-grid-item{width:33.3333%}#us_grid_12 .w-grid-item.size_2x1,#us_grid_12 .w-grid-item.size_2x2{width:66.6667%}}@media (max-width:1024px){#us_grid_12 .w-grid-item{width:50%}#us_grid_12 .w-grid-item.size_2x1,#us_grid_12 .w-grid-item.size_2x2{width:100%}}@media (max-width:600px){#us_grid_12 .w-grid-list{margin:0}#us_grid_12 .w-grid-item{width:100%;padding:0;margin-bottom:var(--gap,0px)}}<\/style><div class=\"w-grid-list\">\t<article class=\"w-grid-item post-2075 films type-films status-publish has-post-thumbnail hentry categoria_film-competencia-internacional-de-cortometrajes-de-5-min-2\" data-id=\"2075\">\r\n\t\t<div class=\"w-grid-item-h\">\r\n\t\t\t\t\t\t\t<a class=\"w-grid-item-anchor\" href=\"https:\/\/ficc.ar\/buenosaires2025\/films\/the-sprayer\/\" rel=\"bookmark\" aria-label=\"Bored @ Home\"><\/a>\r\n\t\t\t\t\t\t<div class=\"w-post-elm post_image usg_post_image_1 has_ratio\"><div style=\"padding-bottom:56.25%\"><\/div><a href=\"https:\/\/ficc.ar\/buenosaires2025\/films\/the-sprayer\/\" aria-label=\"Bored @ Home\"><img loading=\"lazy\" decoding=\"async\" width=\"1024\" height=\"576\" src=\"https:\/\/ficc.ar\/buenosaires2025\/wp-content\/uploads\/sites\/17\/2025\/01\/Bored-@-home-1024x576.png\" class=\"attachment-large size-large wp-post-image\" alt=\"\" srcset=\"https:\/\/ficc.ar\/buenosaires2025\/wp-content\/uploads\/sites\/17\/2025\/01\/Bored-@-home-1024x576.png 1024w, https:\/\/ficc.ar\/buenosaires2025\/wp-content\/uploads\/sites\/17\/2025\/01\/Bored-@-home-300x169.png 300w, https:\/\/ficc.ar\/buenosaires2025\/wp-content\/uploads\/sites\/17\/2025\/01\/Bored-@-home.png 1920w\" sizes=\"auto, (max-width: 1024px) 100vw, 1024px\" \/><\/a><\/div><div class=\"w-vwrapper usg_vwrapper_1 grid_arrow_top align_center valign_top\"><h1 class=\"w-post-elm post_title usg_post_title_1 has_text_color entry-title color_link_inherit\"><a href=\"https:\/\/ficc.ar\/buenosaires2025\/films\/the-sprayer\/\" target=\"_blank\" rel=\"noopener nofollow\">Bored @ Home<\/a><\/h1><p class=\"w-post-elm post_custom_field usg_post_custom_field_2 has_text_color type_text director_x_xs\"><span class=\"w-post-elm-before\">De <\/span><span class=\"w-post-elm-value\">Matteo Canuti - 1 min. - 2024<\/span><\/p><\/div><div class=\"w-vwrapper usg_vwrapper_2 align_center valign_top\" style=\"--vwrapper-gap:0.3rem\"><h2 class=\"w-post-elm post_title usg_post_title_2 has_text_color entry-title color_link_inherit\"><a href=\"https:\/\/ficc.ar\/buenosaires2025\/films\/the-sprayer\/\">Bored @ Home<\/a><\/h2><p class=\"w-post-elm post_custom_field usg_post_custom_field_3 has_text_color type_text director_x_xs\"><span class=\"w-post-elm-before\">De <\/span><span class=\"w-post-elm-value\">Matteo Canuti - 1 min. - 2024<\/span><\/p><\/div>\t\t<\/div>\r\n\t<\/article>\r\n\t<article class=\"w-grid-item post-2918 films type-films status-publish has-post-thumbnail hentry categoria_film-competencia-internacional-de-cortometrajes-de-5-min-2\" data-id=\"2918\">\r\n\t\t<div class=\"w-grid-item-h\">\r\n\t\t\t\t\t\t\t<a class=\"w-grid-item-anchor\" href=\"https:\/\/ficc.ar\/buenosaires2025\/films\/joy\/\" rel=\"bookmark\" aria-label=\"Joy\"><\/a>\r\n\t\t\t\t\t\t<div class=\"w-post-elm post_image usg_post_image_1 has_ratio\"><div style=\"padding-bottom:56.25%\"><\/div><a href=\"https:\/\/ficc.ar\/buenosaires2025\/films\/joy\/\" aria-label=\"Joy\"><img loading=\"lazy\" decoding=\"async\" width=\"1024\" height=\"576\" src=\"https:\/\/ficc.ar\/buenosaires2025\/wp-content\/uploads\/sites\/17\/2025\/02\/Joy-1024x576.jpg\" class=\"attachment-large size-large wp-post-image\" alt=\"\" srcset=\"https:\/\/ficc.ar\/buenosaires2025\/wp-content\/uploads\/sites\/17\/2025\/02\/Joy-1024x576.jpg 1024w, https:\/\/ficc.ar\/buenosaires2025\/wp-content\/uploads\/sites\/17\/2025\/02\/Joy-300x169.jpg 300w, https:\/\/ficc.ar\/buenosaires2025\/wp-content\/uploads\/sites\/17\/2025\/02\/Joy.jpg 1920w\" sizes=\"auto, (max-width: 1024px) 100vw, 1024px\" \/><\/a><\/div><div class=\"w-vwrapper usg_vwrapper_1 grid_arrow_top align_center valign_top\"><h1 class=\"w-post-elm post_title usg_post_title_1 has_text_color entry-title color_link_inherit\"><a href=\"https:\/\/ficc.ar\/buenosaires2025\/films\/joy\/\" target=\"_blank\" rel=\"noopener nofollow\">Joy<\/a><\/h1><p class=\"w-post-elm post_custom_field usg_post_custom_field_2 has_text_color type_text director_x_xs\"><span class=\"w-post-elm-before\">De <\/span><span class=\"w-post-elm-value\">Manolis Levedeli - 5 min. - 2024<\/span><\/p><\/div><div class=\"w-vwrapper usg_vwrapper_2 align_center valign_top\" style=\"--vwrapper-gap:0.3rem\"><h2 class=\"w-post-elm post_title usg_post_title_2 has_text_color entry-title color_link_inherit\"><a href=\"https:\/\/ficc.ar\/buenosaires2025\/films\/joy\/\">Joy<\/a><\/h2><p class=\"w-post-elm post_custom_field usg_post_custom_field_3 has_text_color type_text director_x_xs\"><span class=\"w-post-elm-before\">De <\/span><span class=\"w-post-elm-value\">Manolis Levedeli - 5 min. - 2024<\/span><\/p><\/div>\t\t<\/div>\r\n\t<\/article>\r\n\t<article class=\"w-grid-item post-2914 films type-films status-publish has-post-thumbnail hentry categoria_film-competencia-internacional-de-cortometrajes-de-5-min-2\" data-id=\"2914\">\r\n\t\t<div class=\"w-grid-item-h\">\r\n\t\t\t\t\t\t\t<a class=\"w-grid-item-anchor\" href=\"https:\/\/ficc.ar\/buenosaires2025\/films\/el-sueno\/\" rel=\"bookmark\" aria-label=\"El Sue\u00f1o\"><\/a>\r\n\t\t\t\t\t\t<div class=\"w-post-elm post_image usg_post_image_1 has_ratio\"><div style=\"padding-bottom:56.25%\"><\/div><a href=\"https:\/\/ficc.ar\/buenosaires2025\/films\/el-sueno\/\" aria-label=\"El Sue\u00f1o\"><img loading=\"lazy\" decoding=\"async\" width=\"1024\" height=\"576\" src=\"https:\/\/ficc.ar\/buenosaires2025\/wp-content\/uploads\/sites\/17\/2025\/02\/El-sueno-1024x576.jpg\" class=\"attachment-large size-large wp-post-image\" alt=\"\" srcset=\"https:\/\/ficc.ar\/buenosaires2025\/wp-content\/uploads\/sites\/17\/2025\/02\/El-sueno-1024x576.jpg 1024w, https:\/\/ficc.ar\/buenosaires2025\/wp-content\/uploads\/sites\/17\/2025\/02\/El-sueno-300x169.jpg 300w, https:\/\/ficc.ar\/buenosaires2025\/wp-content\/uploads\/sites\/17\/2025\/02\/El-sueno.jpg 1920w\" sizes=\"auto, (max-width: 1024px) 100vw, 1024px\" \/><\/a><\/div><div class=\"w-vwrapper usg_vwrapper_1 grid_arrow_top align_center valign_top\"><h1 class=\"w-post-elm post_title usg_post_title_1 has_text_color entry-title color_link_inherit\"><a href=\"https:\/\/ficc.ar\/buenosaires2025\/films\/el-sueno\/\" target=\"_blank\" rel=\"noopener nofollow\">El Sue\u00f1o<\/a><\/h1><p class=\"w-post-elm post_custom_field usg_post_custom_field_2 has_text_color type_text director_x_xs\"><span class=\"w-post-elm-before\">De <\/span><span class=\"w-post-elm-value\">Nadia Calder\u00f3n - 1 min. -  2023<\/span><\/p><\/div><div class=\"w-vwrapper usg_vwrapper_2 align_center valign_top\" style=\"--vwrapper-gap:0.3rem\"><h2 class=\"w-post-elm post_title usg_post_title_2 has_text_color entry-title color_link_inherit\"><a href=\"https:\/\/ficc.ar\/buenosaires2025\/films\/el-sueno\/\">El Sue\u00f1o<\/a><\/h2><p class=\"w-post-elm post_custom_field usg_post_custom_field_3 has_text_color type_text director_x_xs\"><span class=\"w-post-elm-before\">De <\/span><span class=\"w-post-elm-value\">Nadia Calder\u00f3n - 1 min. -  2023<\/span><\/p><\/div>\t\t<\/div>\r\n\t<\/article>\r\n\t<article class=\"w-grid-item post-2916 films type-films status-publish has-post-thumbnail hentry categoria_film-competencia-internacional-de-cortometrajes-de-5-min-2\" data-id=\"2916\">\r\n\t\t<div class=\"w-grid-item-h\">\r\n\t\t\t\t\t\t\t<a class=\"w-grid-item-anchor\" href=\"https:\/\/ficc.ar\/buenosaires2025\/films\/hey-hey-que-esperas\/\" rel=\"bookmark\" aria-label=\"\u00a1Hey Hey! \u00bfQu\u00e9 esperas?\"><\/a>\r\n\t\t\t\t\t\t<div class=\"w-post-elm post_image usg_post_image_1 has_ratio\"><div style=\"padding-bottom:56.25%\"><\/div><a href=\"https:\/\/ficc.ar\/buenosaires2025\/films\/hey-hey-que-esperas\/\" aria-label=\"\u00a1Hey Hey! \u00bfQu\u00e9 esperas?\"><img loading=\"lazy\" decoding=\"async\" width=\"1024\" height=\"576\" src=\"https:\/\/ficc.ar\/buenosaires2025\/wp-content\/uploads\/sites\/17\/2025\/02\/Hey-hey-1024x576.jpg\" class=\"attachment-large size-large wp-post-image\" alt=\"\" srcset=\"https:\/\/ficc.ar\/buenosaires2025\/wp-content\/uploads\/sites\/17\/2025\/02\/Hey-hey-1024x576.jpg 1024w, https:\/\/ficc.ar\/buenosaires2025\/wp-content\/uploads\/sites\/17\/2025\/02\/Hey-hey-300x169.jpg 300w, https:\/\/ficc.ar\/buenosaires2025\/wp-content\/uploads\/sites\/17\/2025\/02\/Hey-hey.jpg 1920w\" sizes=\"auto, (max-width: 1024px) 100vw, 1024px\" \/><\/a><\/div><div class=\"w-vwrapper usg_vwrapper_1 grid_arrow_top align_center valign_top\"><h1 class=\"w-post-elm post_title usg_post_title_1 has_text_color entry-title color_link_inherit\"><a href=\"https:\/\/ficc.ar\/buenosaires2025\/films\/hey-hey-que-esperas\/\" target=\"_blank\" rel=\"noopener nofollow\">\u00a1Hey Hey! \u00bfQu\u00e9 esperas?<\/a><\/h1><p class=\"w-post-elm post_custom_field usg_post_custom_field_2 has_text_color type_text director_x_xs\"><span class=\"w-post-elm-before\">De <\/span><span class=\"w-post-elm-value\">Jes\u00fas Sarrocco - 3.30 min. - 2022<\/span><\/p><\/div><div class=\"w-vwrapper usg_vwrapper_2 align_center valign_top\" style=\"--vwrapper-gap:0.3rem\"><h2 class=\"w-post-elm post_title usg_post_title_2 has_text_color entry-title color_link_inherit\"><a href=\"https:\/\/ficc.ar\/buenosaires2025\/films\/hey-hey-que-esperas\/\">\u00a1Hey Hey! \u00bfQu\u00e9 esperas?<\/a><\/h2><p class=\"w-post-elm post_custom_field usg_post_custom_field_3 has_text_color type_text director_x_xs\"><span class=\"w-post-elm-before\">De <\/span><span class=\"w-post-elm-value\">Jes\u00fas Sarrocco - 3.30 min. - 2022<\/span><\/p><\/div>\t\t<\/div>\r\n\t<\/article>\r\n\t<article class=\"w-grid-item post-2912 films type-films status-publish has-post-thumbnail hentry categoria_film-competencia-internacional-de-cortometrajes-de-5-min-2\" data-id=\"2912\">\r\n\t\t<div class=\"w-grid-item-h\">\r\n\t\t\t\t\t\t\t<a class=\"w-grid-item-anchor\" href=\"https:\/\/ficc.ar\/buenosaires2025\/films\/el-fuego-pulsa\/\" rel=\"bookmark\" aria-label=\"El fuego pulsa\"><\/a>\r\n\t\t\t\t\t\t<div class=\"w-post-elm post_image usg_post_image_1 has_ratio\"><div style=\"padding-bottom:56.25%\"><\/div><a href=\"https:\/\/ficc.ar\/buenosaires2025\/films\/el-fuego-pulsa\/\" aria-label=\"El fuego pulsa\"><img loading=\"lazy\" decoding=\"async\" width=\"1024\" height=\"576\" src=\"https:\/\/ficc.ar\/buenosaires2025\/wp-content\/uploads\/sites\/17\/2025\/02\/El-fuego-pulsa-1024x576.jpg\" class=\"attachment-large size-large wp-post-image\" alt=\"\" srcset=\"https:\/\/ficc.ar\/buenosaires2025\/wp-content\/uploads\/sites\/17\/2025\/02\/El-fuego-pulsa-1024x576.jpg 1024w, https:\/\/ficc.ar\/buenosaires2025\/wp-content\/uploads\/sites\/17\/2025\/02\/El-fuego-pulsa-300x169.jpg 300w, https:\/\/ficc.ar\/buenosaires2025\/wp-content\/uploads\/sites\/17\/2025\/02\/El-fuego-pulsa.jpg 1920w\" sizes=\"auto, (max-width: 1024px) 100vw, 1024px\" \/><\/a><\/div><div class=\"w-vwrapper usg_vwrapper_1 grid_arrow_top align_center valign_top\"><h1 class=\"w-post-elm post_title usg_post_title_1 has_text_color entry-title color_link_inherit\"><a href=\"https:\/\/ficc.ar\/buenosaires2025\/films\/el-fuego-pulsa\/\" target=\"_blank\" rel=\"noopener nofollow\">El fuego pulsa<\/a><\/h1><p class=\"w-post-elm post_custom_field usg_post_custom_field_2 has_text_color type_text director_x_xs\"><span class=\"w-post-elm-before\">De <\/span><span class=\"w-post-elm-value\">IgMa Guerrero, Javier Ezzaoui y Daniel Guerrero - 5 min. - 2025<\/span><\/p><\/div><div class=\"w-vwrapper usg_vwrapper_2 align_center valign_top\" style=\"--vwrapper-gap:0.3rem\"><h2 class=\"w-post-elm post_title usg_post_title_2 has_text_color entry-title color_link_inherit\"><a href=\"https:\/\/ficc.ar\/buenosaires2025\/films\/el-fuego-pulsa\/\">El fuego pulsa<\/a><\/h2><p class=\"w-post-elm post_custom_field usg_post_custom_field_3 has_text_color type_text director_x_xs\"><span class=\"w-post-elm-before\">De <\/span><span class=\"w-post-elm-value\">IgMa Guerrero, Javier Ezzaoui y Daniel Guerrero - 5 min. - 2025<\/span><\/p><\/div>\t\t<\/div>\r\n\t<\/article>\r\n\t<article class=\"w-grid-item post-2940 films type-films status-publish has-post-thumbnail hentry categoria_film-competencia-internacional-de-cortometrajes-de-5-min\" data-id=\"2940\">\r\n\t\t<div class=\"w-grid-item-h\">\r\n\t\t\t\t\t\t\t<a class=\"w-grid-item-anchor\" href=\"https:\/\/ficc.ar\/buenosaires2025\/films\/the-original-hash-queen-mila-jansen\/\" rel=\"bookmark\" aria-label=\"The Original Hash Queen &#8211; Mila Jansen\"><\/a>\r\n\t\t\t\t\t\t<div class=\"w-post-elm post_image usg_post_image_1 has_ratio\"><div style=\"padding-bottom:56.25%\"><\/div><a href=\"https:\/\/ficc.ar\/buenosaires2025\/films\/the-original-hash-queen-mila-jansen\/\" aria-label=\"The Original Hash Queen &#8211; Mila Jansen\"><img loading=\"lazy\" decoding=\"async\" width=\"1024\" height=\"576\" src=\"https:\/\/ficc.ar\/buenosaires2025\/wp-content\/uploads\/sites\/17\/2025\/02\/The-Original-Hash-Queen-1024x576.jpg\" class=\"attachment-large size-large wp-post-image\" alt=\"\" srcset=\"https:\/\/ficc.ar\/buenosaires2025\/wp-content\/uploads\/sites\/17\/2025\/02\/The-Original-Hash-Queen-1024x576.jpg 1024w, https:\/\/ficc.ar\/buenosaires2025\/wp-content\/uploads\/sites\/17\/2025\/02\/The-Original-Hash-Queen-300x169.jpg 300w, https:\/\/ficc.ar\/buenosaires2025\/wp-content\/uploads\/sites\/17\/2025\/02\/The-Original-Hash-Queen.jpg 1920w\" sizes=\"auto, (max-width: 1024px) 100vw, 1024px\" \/><\/a><\/div><div class=\"w-vwrapper usg_vwrapper_1 grid_arrow_top align_center valign_top\"><h1 class=\"w-post-elm post_title usg_post_title_1 has_text_color entry-title color_link_inherit\"><a href=\"https:\/\/ficc.ar\/buenosaires2025\/films\/the-original-hash-queen-mila-jansen\/\" target=\"_blank\" rel=\"noopener nofollow\">The Original Hash Queen &#8211; Mila Jansen<\/a><\/h1><p class=\"w-post-elm post_custom_field usg_post_custom_field_2 has_text_color type_text director_x_xs\"><span class=\"w-post-elm-before\">De <\/span><span class=\"w-post-elm-value\">Lane Lima - 10 min. - 2024<\/span><\/p><\/div><div class=\"w-vwrapper usg_vwrapper_2 align_center valign_top\" style=\"--vwrapper-gap:0.3rem\"><h2 class=\"w-post-elm post_title usg_post_title_2 has_text_color entry-title color_link_inherit\"><a href=\"https:\/\/ficc.ar\/buenosaires2025\/films\/the-original-hash-queen-mila-jansen\/\">The Original Hash Queen &#8211; Mila Jansen<\/a><\/h2><p class=\"w-post-elm post_custom_field usg_post_custom_field_3 has_text_color type_text director_x_xs\"><span class=\"w-post-elm-before\">De <\/span><span class=\"w-post-elm-value\">Lane Lima - 10 min. - 2024<\/span><\/p><\/div>\t\t<\/div>\r\n\t<\/article>\r\n\t<article class=\"w-grid-item post-2928 films type-films status-publish has-post-thumbnail hentry categoria_film-competencia-internacional-de-cortometrajes-de-5-min\" data-id=\"2928\">\r\n\t\t<div class=\"w-grid-item-h\">\r\n\t\t\t\t\t\t\t<a class=\"w-grid-item-anchor\" href=\"https:\/\/ficc.ar\/buenosaires2025\/films\/bendito-seja-o-beck\/\" rel=\"bookmark\" aria-label=\"Bendito Seja o Beck\"><\/a>\r\n\t\t\t\t\t\t<div class=\"w-post-elm post_image usg_post_image_1 has_ratio\"><div style=\"padding-bottom:56.25%\"><\/div><a href=\"https:\/\/ficc.ar\/buenosaires2025\/films\/bendito-seja-o-beck\/\" aria-label=\"Bendito Seja o Beck\"><img loading=\"lazy\" decoding=\"async\" width=\"1024\" height=\"576\" src=\"https:\/\/ficc.ar\/buenosaires2025\/wp-content\/uploads\/sites\/17\/2025\/02\/Bendito-Seja-Beck-1024x576.jpg\" class=\"attachment-large size-large wp-post-image\" alt=\"\" srcset=\"https:\/\/ficc.ar\/buenosaires2025\/wp-content\/uploads\/sites\/17\/2025\/02\/Bendito-Seja-Beck-1024x576.jpg 1024w, https:\/\/ficc.ar\/buenosaires2025\/wp-content\/uploads\/sites\/17\/2025\/02\/Bendito-Seja-Beck-300x169.jpg 300w, https:\/\/ficc.ar\/buenosaires2025\/wp-content\/uploads\/sites\/17\/2025\/02\/Bendito-Seja-Beck.jpg 1920w\" sizes=\"auto, (max-width: 1024px) 100vw, 1024px\" \/><\/a><\/div><div class=\"w-vwrapper usg_vwrapper_1 grid_arrow_top align_center valign_top\"><h1 class=\"w-post-elm post_title usg_post_title_1 has_text_color entry-title color_link_inherit\"><a href=\"https:\/\/ficc.ar\/buenosaires2025\/films\/bendito-seja-o-beck\/\" target=\"_blank\" rel=\"noopener nofollow\">Bendito Seja o Beck<\/a><\/h1><p class=\"w-post-elm post_custom_field usg_post_custom_field_2 has_text_color type_text director_x_xs\"><span class=\"w-post-elm-before\">De <\/span><span class=\"w-post-elm-value\">Marcus Vinicius Diniz - 15 min. - 2024<\/span><\/p><\/div><div class=\"w-vwrapper usg_vwrapper_2 align_center valign_top\" style=\"--vwrapper-gap:0.3rem\"><h2 class=\"w-post-elm post_title usg_post_title_2 has_text_color entry-title color_link_inherit\"><a href=\"https:\/\/ficc.ar\/buenosaires2025\/films\/bendito-seja-o-beck\/\">Bendito Seja o Beck<\/a><\/h2><p class=\"w-post-elm post_custom_field usg_post_custom_field_3 has_text_color type_text director_x_xs\"><span class=\"w-post-elm-before\">De <\/span><span class=\"w-post-elm-value\">Marcus Vinicius Diniz - 15 min. - 2024<\/span><\/p><\/div>\t\t<\/div>\r\n\t<\/article>\r\n<\/div><div class=\"w-grid-preloader\"><div class=\"g-preloader type_2\">\r\n\t<div><\/div>\r\n<\/div>\r\n<\/div>\t<div class=\"w-grid-json hidden\" onclick='return {&quot;action&quot;:&quot;us_ajax_grid&quot;,&quot;ajax_url&quot;:&quot;https:\\\/\\\/ficc.ar\\\/buenosaires2025\\\/wp-admin\\\/admin-ajax.php&quot;,&quot;infinite_scroll&quot;:0,&quot;max_num_pages&quot;:1,&quot;pagination&quot;:&quot;none&quot;,&quot;permalink_url&quot;:&quot;https:\\\/\\\/ficc.ar\\\/buenosaires2025\\\/wp-json\\\/wp\\\/v2\\\/pages\\\/12&quot;,&quot;template_vars&quot;:{&quot;columns&quot;:&quot;4&quot;,&quot;exclude_items&quot;:&quot;none&quot;,&quot;img_size&quot;:&quot;default&quot;,&quot;ignore_items_size&quot;:0,&quot;items_layout&quot;:&quot;101&quot;,&quot;items_offset&quot;:&quot;1&quot;,&quot;load_animation&quot;:&quot;none&quot;,&quot;overriding_link&quot;:&quot;popup_post&quot;,&quot;post_id&quot;:0,&quot;query_args&quot;:{&quot;ignore_sticky_posts&quot;:1,&quot;post_type&quot;:&quot;any&quot;,&quot;post__in&quot;:[&quot;2075&quot;,&quot;2918&quot;,&quot;2914&quot;,&quot;2916&quot;,&quot;2912&quot;,&quot;2940&quot;,&quot;2928&quot;],&quot;posts_per_page&quot;:&quot;10&quot;},&quot;orderby_query_args&quot;:{&quot;orderby&quot;:{&quot;post__in&quot;:&quot;ASC&quot;},&quot;order&quot;:&quot;ASC&quot;},&quot;type&quot;:&quot;grid&quot;,&quot;us_grid_ajax_index&quot;:12,&quot;us_grid_filter_params&quot;:null,&quot;us_grid_index&quot;:12,&quot;_us_grid_post_type&quot;:&quot;ids&quot;,&quot;page_args&quot;:[]}}'><\/div>\r\n\t\t<div class=\"l-popup\">\r\n\t\t<div class=\"l-popup-overlay\"><\/div>\r\n\t\t<div class=\"l-popup-wrap\">\r\n\t\t\t<div class=\"l-popup-box\">\r\n\t\t\t\t<div class=\"l-popup-box-content\">\r\n\t\t\t\t\t<div class=\"g-preloader type_2\">\r\n\t\t\t\t\t\t<div><\/div>\r\n\t\t\t\t\t<\/div>\r\n\t\t\t\t\t<iframe class=\"l-popup-box-content-frame\" allowfullscreen><\/iframe>\r\n\t\t\t\t<\/div>\r\n\t\t\t<\/div>\r\n\t\t\t\t\t\t\t<div class=\"l-popup-arrow to_next\" title=\"Siguiente\"><\/div>\r\n\t\t\t\t<div class=\"l-popup-arrow to_prev\" title=\"Anterior\"><\/div>\r\n\t\t\t\t\t\t<div class=\"l-popup-closer\"><\/div>\r\n\t\t<\/div>\r\n\t<\/div>\r\n\t<\/div><div class=\"w-separator size_large with_line width_default thick_2 style_dotted color_border align_center\"><div class=\"w-separator-h\"><\/div><\/div><div class=\"wpb_text_column us_custom_6df4bc3a aaa has_text_color\"><div class=\"wpb_wrapper\"><h3><span style=\"color: #ffffff\">19hs &#8211; PROYECCI\u00d3N: BAJO EL SOL DEL ROCANROL &#8211; El Universo Creativo de Jorge Pistocchi<\/span><\/h3>\n<\/div><\/div><div class=\"w-grid type_grid layout_101 cols_3 popup_page ratio_16x9\" id=\"us_grid_13\" style=\"--gap:1.5rem;\"><style>@media (max-width:1024px){#us_grid_13 .w-grid-item{width:50%}#us_grid_13 .w-grid-item.size_2x1,#us_grid_13 .w-grid-item.size_2x2{width:100%}}@media (max-width:600px){#us_grid_13 .w-grid-list{margin:0}#us_grid_13 .w-grid-item{width:100%;padding:0;margin-bottom:var(--gap,0px)}}<\/style><div class=\"w-grid-list\">\t<article class=\"w-grid-item post-2756 films type-films status-publish has-post-thumbnail hentry categoria_film-competencia-internacional-de-largometrajes-documentales\" data-id=\"2756\">\r\n\t\t<div class=\"w-grid-item-h\">\r\n\t\t\t\t\t\t\t<a class=\"w-grid-item-anchor\" href=\"https:\/\/ficc.ar\/buenosaires2025\/films\/bajo-el-sol-del-rocanrol-el-universo-creativo-de-jorge-pistocchi\/\" rel=\"bookmark\" aria-label=\"Bajo el sol del rocanrol &#8211; El universo creativo de Jorge Pistocchi\"><\/a>\r\n\t\t\t\t\t\t<div class=\"w-post-elm post_image usg_post_image_1 has_ratio\"><div style=\"padding-bottom:56.25%\"><\/div><a href=\"https:\/\/ficc.ar\/buenosaires2025\/films\/bajo-el-sol-del-rocanrol-el-universo-creativo-de-jorge-pistocchi\/\" aria-label=\"Bajo el sol del rocanrol &#8211; El universo creativo de Jorge Pistocchi\"><img loading=\"lazy\" decoding=\"async\" width=\"1024\" height=\"576\" src=\"https:\/\/ficc.ar\/buenosaires2025\/wp-content\/uploads\/sites\/17\/2025\/01\/bajo-1024x576.jpg\" class=\"attachment-large size-large wp-post-image\" alt=\"\" srcset=\"https:\/\/ficc.ar\/buenosaires2025\/wp-content\/uploads\/sites\/17\/2025\/01\/bajo-1024x576.jpg 1024w, https:\/\/ficc.ar\/buenosaires2025\/wp-content\/uploads\/sites\/17\/2025\/01\/bajo-300x169.jpg 300w, https:\/\/ficc.ar\/buenosaires2025\/wp-content\/uploads\/sites\/17\/2025\/01\/bajo.jpg 1920w\" sizes=\"auto, (max-width: 1024px) 100vw, 1024px\" \/><\/a><\/div><div class=\"w-vwrapper usg_vwrapper_1 grid_arrow_top align_center valign_top\"><h1 class=\"w-post-elm post_title usg_post_title_1 has_text_color entry-title color_link_inherit\"><a href=\"https:\/\/ficc.ar\/buenosaires2025\/films\/bajo-el-sol-del-rocanrol-el-universo-creativo-de-jorge-pistocchi\/\" target=\"_blank\" rel=\"noopener nofollow\">Bajo el sol del rocanrol &#8211; El universo creativo de Jorge Pistocchi<\/a><\/h1><p class=\"w-post-elm post_custom_field usg_post_custom_field_2 has_text_color type_text director_x_xs\"><span class=\"w-post-elm-before\">De <\/span><span class=\"w-post-elm-value\"> Omar Neri y M\u00f3nica Simoncini - 110 min, - 2024<\/span><\/p><\/div><div class=\"w-vwrapper usg_vwrapper_2 align_center valign_top\" style=\"--vwrapper-gap:0.3rem\"><h2 class=\"w-post-elm post_title usg_post_title_2 has_text_color entry-title color_link_inherit\"><a href=\"https:\/\/ficc.ar\/buenosaires2025\/films\/bajo-el-sol-del-rocanrol-el-universo-creativo-de-jorge-pistocchi\/\">Bajo el sol del rocanrol &#8211; El universo creativo de Jorge Pistocchi<\/a><\/h2><p class=\"w-post-elm post_custom_field usg_post_custom_field_3 has_text_color type_text director_x_xs\"><span class=\"w-post-elm-before\">De <\/span><span class=\"w-post-elm-value\"> Omar Neri y M\u00f3nica Simoncini - 110 min, - 2024<\/span><\/p><\/div>\t\t<\/div>\r\n\t<\/article>\r\n<\/div><div class=\"w-grid-preloader\"><div class=\"g-preloader type_2\">\r\n\t<div><\/div>\r\n<\/div>\r\n<\/div>\t<div class=\"w-grid-json hidden\" onclick='return {&quot;action&quot;:&quot;us_ajax_grid&quot;,&quot;ajax_url&quot;:&quot;https:\\\/\\\/ficc.ar\\\/buenosaires2025\\\/wp-admin\\\/admin-ajax.php&quot;,&quot;infinite_scroll&quot;:0,&quot;max_num_pages&quot;:1,&quot;pagination&quot;:&quot;none&quot;,&quot;permalink_url&quot;:&quot;https:\\\/\\\/ficc.ar\\\/buenosaires2025\\\/wp-json\\\/wp\\\/v2\\\/pages\\\/12&quot;,&quot;template_vars&quot;:{&quot;columns&quot;:&quot;3&quot;,&quot;exclude_items&quot;:&quot;none&quot;,&quot;img_size&quot;:&quot;default&quot;,&quot;ignore_items_size&quot;:0,&quot;items_layout&quot;:&quot;101&quot;,&quot;items_offset&quot;:&quot;1&quot;,&quot;load_animation&quot;:&quot;none&quot;,&quot;overriding_link&quot;:&quot;popup_post&quot;,&quot;post_id&quot;:0,&quot;query_args&quot;:{&quot;ignore_sticky_posts&quot;:1,&quot;post_type&quot;:&quot;any&quot;,&quot;post__in&quot;:[&quot;2756&quot;],&quot;posts_per_page&quot;:&quot;10&quot;},&quot;orderby_query_args&quot;:{&quot;orderby&quot;:{&quot;post__in&quot;:&quot;ASC&quot;},&quot;order&quot;:&quot;ASC&quot;},&quot;type&quot;:&quot;grid&quot;,&quot;us_grid_ajax_index&quot;:13,&quot;us_grid_filter_params&quot;:null,&quot;us_grid_index&quot;:13,&quot;_us_grid_post_type&quot;:&quot;ids&quot;,&quot;page_args&quot;:[]}}'><\/div>\r\n\t\t<div class=\"l-popup\">\r\n\t\t<div class=\"l-popup-overlay\"><\/div>\r\n\t\t<div class=\"l-popup-wrap\">\r\n\t\t\t<div class=\"l-popup-box\">\r\n\t\t\t\t<div class=\"l-popup-box-content\">\r\n\t\t\t\t\t<div class=\"g-preloader type_2\">\r\n\t\t\t\t\t\t<div><\/div>\r\n\t\t\t\t\t<\/div>\r\n\t\t\t\t\t<iframe class=\"l-popup-box-content-frame\" allowfullscreen><\/iframe>\r\n\t\t\t\t<\/div>\r\n\t\t\t<\/div>\r\n\t\t\t\t\t\t\t<div class=\"l-popup-arrow to_next\" title=\"Siguiente\"><\/div>\r\n\t\t\t\t<div class=\"l-popup-arrow to_prev\" title=\"Anterior\"><\/div>\r\n\t\t\t\t\t\t<div class=\"l-popup-closer\"><\/div>\r\n\t\t<\/div>\r\n\t<\/div>\r\n\t<\/div><div class=\"w-separator size_large with_line width_default thick_2 style_dotted color_border align_center\"><div class=\"w-separator-h\"><\/div><\/div><div class=\"wpb_text_column us_custom_6df4bc3a aaa has_text_color\"><div class=\"wpb_wrapper\"><h3><span style=\"color: #ffffff\">21hs &#8211; PROYECCI\u00d3NES: Ana \/ Sanguche Caliente<\/span><\/h3>\n<\/div><\/div><div class=\"w-grid type_grid layout_101 cols_3 popup_page ratio_16x9\" id=\"us_grid_14\" style=\"--gap:1.5rem;\"><style>@media (max-width:1024px){#us_grid_14 .w-grid-item{width:50%}#us_grid_14 .w-grid-item.size_2x1,#us_grid_14 .w-grid-item.size_2x2{width:100%}}@media (max-width:600px){#us_grid_14 .w-grid-list{margin:0}#us_grid_14 .w-grid-item{width:100%;padding:0;margin-bottom:var(--gap,0px)}}<\/style><div class=\"w-grid-list\">\t<article class=\"w-grid-item post-2753 films type-films status-publish has-post-thumbnail hentry categoria_film-competencia-internacional-de-cortometrajes-de-5-min\" data-id=\"2753\">\r\n\t\t<div class=\"w-grid-item-h\">\r\n\t\t\t\t\t\t\t<a class=\"w-grid-item-anchor\" href=\"https:\/\/ficc.ar\/buenosaires2025\/films\/ana\/\" rel=\"bookmark\" aria-label=\"Ana\"><\/a>\r\n\t\t\t\t\t\t<div class=\"w-post-elm post_image usg_post_image_1 has_ratio\"><div style=\"padding-bottom:56.25%\"><\/div><a href=\"https:\/\/ficc.ar\/buenosaires2025\/films\/ana\/\" aria-label=\"Ana\"><img loading=\"lazy\" decoding=\"async\" width=\"1024\" height=\"576\" src=\"https:\/\/ficc.ar\/buenosaires2025\/wp-content\/uploads\/sites\/17\/2025\/01\/ana-1024x576.jpg\" class=\"attachment-large size-large wp-post-image\" alt=\"\" srcset=\"https:\/\/ficc.ar\/buenosaires2025\/wp-content\/uploads\/sites\/17\/2025\/01\/ana-1024x576.jpg 1024w, https:\/\/ficc.ar\/buenosaires2025\/wp-content\/uploads\/sites\/17\/2025\/01\/ana-300x169.jpg 300w, https:\/\/ficc.ar\/buenosaires2025\/wp-content\/uploads\/sites\/17\/2025\/01\/ana.jpg 1920w\" sizes=\"auto, (max-width: 1024px) 100vw, 1024px\" \/><\/a><\/div><div class=\"w-vwrapper usg_vwrapper_1 grid_arrow_top align_center valign_top\"><h1 class=\"w-post-elm post_title usg_post_title_1 has_text_color entry-title color_link_inherit\"><a href=\"https:\/\/ficc.ar\/buenosaires2025\/films\/ana\/\" target=\"_blank\" rel=\"noopener nofollow\">Ana<\/a><\/h1><p class=\"w-post-elm post_custom_field usg_post_custom_field_2 has_text_color type_text director_x_xs\"><span class=\"w-post-elm-before\">De <\/span><span class=\"w-post-elm-value\">Juan Pablo N\u00fa\u00f1ez - 19 min. - 2024<\/span><\/p><\/div><div class=\"w-vwrapper usg_vwrapper_2 align_center valign_top\" style=\"--vwrapper-gap:0.3rem\"><h2 class=\"w-post-elm post_title usg_post_title_2 has_text_color entry-title color_link_inherit\"><a href=\"https:\/\/ficc.ar\/buenosaires2025\/films\/ana\/\">Ana<\/a><\/h2><p class=\"w-post-elm post_custom_field usg_post_custom_field_3 has_text_color type_text director_x_xs\"><span class=\"w-post-elm-before\">De <\/span><span class=\"w-post-elm-value\">Juan Pablo N\u00fa\u00f1ez - 19 min. - 2024<\/span><\/p><\/div>\t\t<\/div>\r\n\t<\/article>\r\n\t<article class=\"w-grid-item post-2898 films type-films status-publish has-post-thumbnail hentry categoria_film-competencia-internacional-de-largometrajes-de-ficcion\" data-id=\"2898\">\r\n\t\t<div class=\"w-grid-item-h\">\r\n\t\t\t\t\t\t\t<a class=\"w-grid-item-anchor\" href=\"https:\/\/ficc.ar\/buenosaires2025\/films\/sanguche-caliente\/\" rel=\"bookmark\" aria-label=\"Sanguche Caliente\"><\/a>\r\n\t\t\t\t\t\t<div class=\"w-post-elm post_image usg_post_image_1 has_ratio\"><div style=\"padding-bottom:56.25%\"><\/div><a href=\"https:\/\/ficc.ar\/buenosaires2025\/films\/sanguche-caliente\/\" aria-label=\"Sanguche Caliente\"><img loading=\"lazy\" decoding=\"async\" width=\"1024\" height=\"576\" src=\"https:\/\/ficc.ar\/buenosaires2025\/wp-content\/uploads\/sites\/17\/2025\/02\/Sanguche-cal-1024x576.jpg\" class=\"attachment-large size-large wp-post-image\" alt=\"\" srcset=\"https:\/\/ficc.ar\/buenosaires2025\/wp-content\/uploads\/sites\/17\/2025\/02\/Sanguche-cal-1024x576.jpg 1024w, https:\/\/ficc.ar\/buenosaires2025\/wp-content\/uploads\/sites\/17\/2025\/02\/Sanguche-cal-300x169.jpg 300w, https:\/\/ficc.ar\/buenosaires2025\/wp-content\/uploads\/sites\/17\/2025\/02\/Sanguche-cal.jpg 1920w\" sizes=\"auto, (max-width: 1024px) 100vw, 1024px\" \/><\/a><\/div><div class=\"w-vwrapper usg_vwrapper_1 grid_arrow_top align_center valign_top\"><h1 class=\"w-post-elm post_title usg_post_title_1 has_text_color entry-title color_link_inherit\"><a href=\"https:\/\/ficc.ar\/buenosaires2025\/films\/sanguche-caliente\/\" target=\"_blank\" rel=\"noopener nofollow\">Sanguche Caliente<\/a><\/h1><p class=\"w-post-elm post_custom_field usg_post_custom_field_2 has_text_color type_text director_x_xs\"><span class=\"w-post-elm-before\">De <\/span><span class=\"w-post-elm-value\">Manuel Facal - 70 min. - 2024<\/span><\/p><\/div><div class=\"w-vwrapper usg_vwrapper_2 align_center valign_top\" style=\"--vwrapper-gap:0.3rem\"><h2 class=\"w-post-elm post_title usg_post_title_2 has_text_color entry-title color_link_inherit\"><a href=\"https:\/\/ficc.ar\/buenosaires2025\/films\/sanguche-caliente\/\">Sanguche Caliente<\/a><\/h2><p class=\"w-post-elm post_custom_field usg_post_custom_field_3 has_text_color type_text director_x_xs\"><span class=\"w-post-elm-before\">De <\/span><span class=\"w-post-elm-value\">Manuel Facal - 70 min. - 2024<\/span><\/p><\/div>\t\t<\/div>\r\n\t<\/article>\r\n<\/div><div class=\"w-grid-preloader\"><div class=\"g-preloader type_2\">\r\n\t<div><\/div>\r\n<\/div>\r\n<\/div>\t<div class=\"w-grid-json hidden\" onclick='return {&quot;action&quot;:&quot;us_ajax_grid&quot;,&quot;ajax_url&quot;:&quot;https:\\\/\\\/ficc.ar\\\/buenosaires2025\\\/wp-admin\\\/admin-ajax.php&quot;,&quot;infinite_scroll&quot;:0,&quot;max_num_pages&quot;:1,&quot;pagination&quot;:&quot;none&quot;,&quot;permalink_url&quot;:&quot;https:\\\/\\\/ficc.ar\\\/buenosaires2025\\\/wp-json\\\/wp\\\/v2\\\/pages\\\/12&quot;,&quot;template_vars&quot;:{&quot;columns&quot;:&quot;3&quot;,&quot;exclude_items&quot;:&quot;none&quot;,&quot;img_size&quot;:&quot;default&quot;,&quot;ignore_items_size&quot;:0,&quot;items_layout&quot;:&quot;101&quot;,&quot;items_offset&quot;:&quot;1&quot;,&quot;load_animation&quot;:&quot;none&quot;,&quot;overriding_link&quot;:&quot;popup_post&quot;,&quot;post_id&quot;:0,&quot;query_args&quot;:{&quot;ignore_sticky_posts&quot;:1,&quot;post_type&quot;:&quot;any&quot;,&quot;post__in&quot;:[&quot;2753&quot;,&quot;2898&quot;],&quot;posts_per_page&quot;:&quot;10&quot;},&quot;orderby_query_args&quot;:{&quot;orderby&quot;:{&quot;post__in&quot;:&quot;ASC&quot;},&quot;order&quot;:&quot;ASC&quot;},&quot;type&quot;:&quot;grid&quot;,&quot;us_grid_ajax_index&quot;:14,&quot;us_grid_filter_params&quot;:null,&quot;us_grid_index&quot;:14,&quot;_us_grid_post_type&quot;:&quot;ids&quot;,&quot;page_args&quot;:[]}}'><\/div>\r\n\t\t<div class=\"l-popup\">\r\n\t\t<div class=\"l-popup-overlay\"><\/div>\r\n\t\t<div class=\"l-popup-wrap\">\r\n\t\t\t<div class=\"l-popup-box\">\r\n\t\t\t\t<div class=\"l-popup-box-content\">\r\n\t\t\t\t\t<div class=\"g-preloader type_2\">\r\n\t\t\t\t\t\t<div><\/div>\r\n\t\t\t\t\t<\/div>\r\n\t\t\t\t\t<iframe class=\"l-popup-box-content-frame\" allowfullscreen><\/iframe>\r\n\t\t\t\t<\/div>\r\n\t\t\t<\/div>\r\n\t\t\t\t\t\t\t<div class=\"l-popup-arrow to_next\" title=\"Siguiente\"><\/div>\r\n\t\t\t\t<div class=\"l-popup-arrow to_prev\" title=\"Anterior\"><\/div>\r\n\t\t\t\t\t\t<div class=\"l-popup-closer\"><\/div>\r\n\t\t<\/div>\r\n\t<\/div>\r\n\t<\/div><div class=\"w-separator size_large with_line width_default thick_2 style_dotted color_border align_center\"><div class=\"w-separator-h\"><\/div><\/div><div class=\"wpb_text_column us_custom_6df4bc3a aaa has_text_color\"><div class=\"wpb_wrapper\"><h3><span style=\"color: #ffffff\">23hs &#8211; FIESTA DEL FICC<\/span><\/h3>\n<\/div><\/div><\/div><\/div><\/div><div class=\"w-tabs-section\" id=\"m9ab\"><button class=\"w-tabs-section-header\" aria-controls=\"content-m9ab\" aria-expanded=\"false\"><div class=\"w-tabs-section-title\">DOMINGO 23 de febrero<\/div><div class=\"w-tabs-section-control\"><\/div><\/button><div  class=\"w-tabs-section-content\" id=\"content-m9ab\"><div class=\"w-tabs-section-content-h i-cf\"><div class=\"wpb_text_column us_custom_6df4bc3a aaa has_text_color\"><div class=\"wpb_wrapper\"><ul>\n<li><a href=\"https:\/\/www.instagram.com\/wokitoki.santelmo\/\"><span style=\"font-weight: 400\">Woki Toki &#8211; Espacio Cultural <\/span><\/a><a href=\"https:\/\/www.google.com\/maps\/place\/Woki+Toki\/@-34.6185691,-58.3788189,17z\/data=!3m1!4b1!4m6!3m5!1s0x95bccbac23b4c7b5:0xac2b487106bda33c!8m2!3d-34.6185691!4d-58.3788189!16s%2Fg%2F11styr9bdv?entry=ttu&amp;g_ep=EgoyMDI1MDEyNi4wIKXMDSoASAFQAw%3D%3D\"><span style=\"font-weight: 400\">\u00a0\/ Tacuar\u00ed 905<\/span><\/a><\/li>\n<\/ul>\n<h4><span style=\"color: #ffffff\">FERIA CANN\u00c1BICA<\/span><\/h4>\n<h3><span style=\"color: #ffffff\">16hs &#8211; MARATON DE CORTOS 2: Osoro\/ Growing Pains \/ SUP<br \/>\n<\/span><\/h3>\n<\/div><\/div><div class=\"w-grid type_grid layout_101 cols_3 popup_page ratio_16x9\" id=\"us_grid_15\" style=\"--gap:1.5rem;\"><style>@media (max-width:1024px){#us_grid_15 .w-grid-item{width:50%}#us_grid_15 .w-grid-item.size_2x1,#us_grid_15 .w-grid-item.size_2x2{width:100%}}@media (max-width:600px){#us_grid_15 .w-grid-list{margin:0}#us_grid_15 .w-grid-item{width:100%;padding:0;margin-bottom:var(--gap,0px)}}<\/style><div class=\"w-grid-list\">\t<article class=\"w-grid-item post-2934 films type-films status-publish has-post-thumbnail hentry categoria_film-competencia-internacional-de-cortometrajes-de-5-min\" data-id=\"2934\">\r\n\t\t<div class=\"w-grid-item-h\">\r\n\t\t\t\t\t\t\t<a class=\"w-grid-item-anchor\" href=\"https:\/\/ficc.ar\/buenosaires2025\/films\/osoro\/\" rel=\"bookmark\" aria-label=\"Osoro\"><\/a>\r\n\t\t\t\t\t\t<div class=\"w-post-elm post_image usg_post_image_1 has_ratio\"><div style=\"padding-bottom:56.25%\"><\/div><a href=\"https:\/\/ficc.ar\/buenosaires2025\/films\/osoro\/\" aria-label=\"Osoro\"><img loading=\"lazy\" decoding=\"async\" width=\"1024\" height=\"576\" src=\"https:\/\/ficc.ar\/buenosaires2025\/wp-content\/uploads\/sites\/17\/2025\/02\/Osoro-1024x576.jpg\" class=\"attachment-large size-large wp-post-image\" alt=\"\" srcset=\"https:\/\/ficc.ar\/buenosaires2025\/wp-content\/uploads\/sites\/17\/2025\/02\/Osoro-1024x576.jpg 1024w, https:\/\/ficc.ar\/buenosaires2025\/wp-content\/uploads\/sites\/17\/2025\/02\/Osoro-300x169.jpg 300w, https:\/\/ficc.ar\/buenosaires2025\/wp-content\/uploads\/sites\/17\/2025\/02\/Osoro.jpg 1920w\" sizes=\"auto, (max-width: 1024px) 100vw, 1024px\" \/><\/a><\/div><div class=\"w-vwrapper usg_vwrapper_1 grid_arrow_top align_center valign_top\"><h1 class=\"w-post-elm post_title usg_post_title_1 has_text_color entry-title color_link_inherit\"><a href=\"https:\/\/ficc.ar\/buenosaires2025\/films\/osoro\/\" target=\"_blank\" rel=\"noopener nofollow\">Osoro<\/a><\/h1><p class=\"w-post-elm post_custom_field usg_post_custom_field_2 has_text_color type_text director_x_xs\"><span class=\"w-post-elm-before\">De <\/span><span class=\"w-post-elm-value\">Sheila Nortley - 28 min. - 2024<\/span><\/p><\/div><div class=\"w-vwrapper usg_vwrapper_2 align_center valign_top\" style=\"--vwrapper-gap:0.3rem\"><h2 class=\"w-post-elm post_title usg_post_title_2 has_text_color entry-title color_link_inherit\"><a href=\"https:\/\/ficc.ar\/buenosaires2025\/films\/osoro\/\">Osoro<\/a><\/h2><p class=\"w-post-elm post_custom_field usg_post_custom_field_3 has_text_color type_text director_x_xs\"><span class=\"w-post-elm-before\">De <\/span><span class=\"w-post-elm-value\">Sheila Nortley - 28 min. - 2024<\/span><\/p><\/div>\t\t<\/div>\r\n\t<\/article>\r\n\t<article class=\"w-grid-item post-2932 films type-films status-publish has-post-thumbnail hentry categoria_film-competencia-internacional-de-cortometrajes-de-5-min\" data-id=\"2932\">\r\n\t\t<div class=\"w-grid-item-h\">\r\n\t\t\t\t\t\t\t<a class=\"w-grid-item-anchor\" href=\"https:\/\/ficc.ar\/buenosaires2025\/films\/growing-pains\/\" rel=\"bookmark\" aria-label=\"Growing Pains\"><\/a>\r\n\t\t\t\t\t\t<div class=\"w-post-elm post_image usg_post_image_1 has_ratio\"><div style=\"padding-bottom:56.25%\"><\/div><a href=\"https:\/\/ficc.ar\/buenosaires2025\/films\/growing-pains\/\" aria-label=\"Growing Pains\"><img loading=\"lazy\" decoding=\"async\" width=\"1024\" height=\"576\" src=\"https:\/\/ficc.ar\/buenosaires2025\/wp-content\/uploads\/sites\/17\/2025\/02\/Growing-Pains-1024x576.jpg\" class=\"attachment-large size-large wp-post-image\" alt=\"\" srcset=\"https:\/\/ficc.ar\/buenosaires2025\/wp-content\/uploads\/sites\/17\/2025\/02\/Growing-Pains-1024x576.jpg 1024w, https:\/\/ficc.ar\/buenosaires2025\/wp-content\/uploads\/sites\/17\/2025\/02\/Growing-Pains-300x169.jpg 300w, https:\/\/ficc.ar\/buenosaires2025\/wp-content\/uploads\/sites\/17\/2025\/02\/Growing-Pains.jpg 1920w\" sizes=\"auto, (max-width: 1024px) 100vw, 1024px\" \/><\/a><\/div><div class=\"w-vwrapper usg_vwrapper_1 grid_arrow_top align_center valign_top\"><h1 class=\"w-post-elm post_title usg_post_title_1 has_text_color entry-title color_link_inherit\"><a href=\"https:\/\/ficc.ar\/buenosaires2025\/films\/growing-pains\/\" target=\"_blank\" rel=\"noopener nofollow\">Growing Pains<\/a><\/h1><p class=\"w-post-elm post_custom_field usg_post_custom_field_2 has_text_color type_text director_x_xs\"><span class=\"w-post-elm-before\">De <\/span><span class=\"w-post-elm-value\"> Jack Curtis - 15 min. - 2024<\/span><\/p><\/div><div class=\"w-vwrapper usg_vwrapper_2 align_center valign_top\" style=\"--vwrapper-gap:0.3rem\"><h2 class=\"w-post-elm post_title usg_post_title_2 has_text_color entry-title color_link_inherit\"><a href=\"https:\/\/ficc.ar\/buenosaires2025\/films\/growing-pains\/\">Growing Pains<\/a><\/h2><p class=\"w-post-elm post_custom_field usg_post_custom_field_3 has_text_color type_text director_x_xs\"><span class=\"w-post-elm-before\">De <\/span><span class=\"w-post-elm-value\"> Jack Curtis - 15 min. - 2024<\/span><\/p><\/div>\t\t<\/div>\r\n\t<\/article>\r\n\t<article class=\"w-grid-item post-2938 films type-films status-publish has-post-thumbnail hentry categoria_film-competencia-internacional-de-cortometrajes-de-5-min\" data-id=\"2938\">\r\n\t\t<div class=\"w-grid-item-h\">\r\n\t\t\t\t\t\t\t<a class=\"w-grid-item-anchor\" href=\"https:\/\/ficc.ar\/buenosaires2025\/films\/sup\/\" rel=\"bookmark\" aria-label=\"SUP\"><\/a>\r\n\t\t\t\t\t\t<div class=\"w-post-elm post_image usg_post_image_1 has_ratio\"><div style=\"padding-bottom:56.25%\"><\/div><a href=\"https:\/\/ficc.ar\/buenosaires2025\/films\/sup\/\" aria-label=\"SUP\"><img loading=\"lazy\" decoding=\"async\" width=\"1024\" height=\"576\" src=\"https:\/\/ficc.ar\/buenosaires2025\/wp-content\/uploads\/sites\/17\/2025\/02\/SUP-1024x576.jpg\" class=\"attachment-large size-large wp-post-image\" alt=\"\" srcset=\"https:\/\/ficc.ar\/buenosaires2025\/wp-content\/uploads\/sites\/17\/2025\/02\/SUP-1024x576.jpg 1024w, https:\/\/ficc.ar\/buenosaires2025\/wp-content\/uploads\/sites\/17\/2025\/02\/SUP-300x169.jpg 300w, https:\/\/ficc.ar\/buenosaires2025\/wp-content\/uploads\/sites\/17\/2025\/02\/SUP.jpg 1920w\" sizes=\"auto, (max-width: 1024px) 100vw, 1024px\" \/><\/a><\/div><div class=\"w-vwrapper usg_vwrapper_1 grid_arrow_top align_center valign_top\"><h1 class=\"w-post-elm post_title usg_post_title_1 has_text_color entry-title color_link_inherit\"><a href=\"https:\/\/ficc.ar\/buenosaires2025\/films\/sup\/\" target=\"_blank\" rel=\"noopener nofollow\">SUP<\/a><\/h1><p class=\"w-post-elm post_custom_field usg_post_custom_field_2 has_text_color type_text director_x_xs\"><span class=\"w-post-elm-before\">De <\/span><span class=\"w-post-elm-value\">Gregory Stewart  - 9 min. - 2024<\/span><\/p><\/div><div class=\"w-vwrapper usg_vwrapper_2 align_center valign_top\" style=\"--vwrapper-gap:0.3rem\"><h2 class=\"w-post-elm post_title usg_post_title_2 has_text_color entry-title color_link_inherit\"><a href=\"https:\/\/ficc.ar\/buenosaires2025\/films\/sup\/\">SUP<\/a><\/h2><p class=\"w-post-elm post_custom_field usg_post_custom_field_3 has_text_color type_text director_x_xs\"><span class=\"w-post-elm-before\">De <\/span><span class=\"w-post-elm-value\">Gregory Stewart  - 9 min. - 2024<\/span><\/p><\/div>\t\t<\/div>\r\n\t<\/article>\r\n<\/div><div class=\"w-grid-preloader\"><div class=\"g-preloader type_2\">\r\n\t<div><\/div>\r\n<\/div>\r\n<\/div>\t<div class=\"w-grid-json hidden\" onclick='return {&quot;action&quot;:&quot;us_ajax_grid&quot;,&quot;ajax_url&quot;:&quot;https:\\\/\\\/ficc.ar\\\/buenosaires2025\\\/wp-admin\\\/admin-ajax.php&quot;,&quot;infinite_scroll&quot;:0,&quot;max_num_pages&quot;:1,&quot;pagination&quot;:&quot;none&quot;,&quot;permalink_url&quot;:&quot;https:\\\/\\\/ficc.ar\\\/buenosaires2025\\\/wp-json\\\/wp\\\/v2\\\/pages\\\/12&quot;,&quot;template_vars&quot;:{&quot;columns&quot;:&quot;3&quot;,&quot;exclude_items&quot;:&quot;none&quot;,&quot;img_size&quot;:&quot;default&quot;,&quot;ignore_items_size&quot;:0,&quot;items_layout&quot;:&quot;101&quot;,&quot;items_offset&quot;:&quot;1&quot;,&quot;load_animation&quot;:&quot;none&quot;,&quot;overriding_link&quot;:&quot;popup_post&quot;,&quot;post_id&quot;:0,&quot;query_args&quot;:{&quot;ignore_sticky_posts&quot;:1,&quot;post_type&quot;:&quot;any&quot;,&quot;post__in&quot;:[&quot;2934&quot;,&quot;2932&quot;,&quot;2938&quot;],&quot;posts_per_page&quot;:&quot;10&quot;},&quot;orderby_query_args&quot;:{&quot;orderby&quot;:{&quot;post__in&quot;:&quot;ASC&quot;},&quot;order&quot;:&quot;ASC&quot;},&quot;type&quot;:&quot;grid&quot;,&quot;us_grid_ajax_index&quot;:15,&quot;us_grid_filter_params&quot;:null,&quot;us_grid_index&quot;:15,&quot;_us_grid_post_type&quot;:&quot;ids&quot;,&quot;page_args&quot;:[]}}'><\/div>\r\n\t\t<div class=\"l-popup\">\r\n\t\t<div class=\"l-popup-overlay\"><\/div>\r\n\t\t<div class=\"l-popup-wrap\">\r\n\t\t\t<div class=\"l-popup-box\">\r\n\t\t\t\t<div class=\"l-popup-box-content\">\r\n\t\t\t\t\t<div class=\"g-preloader type_2\">\r\n\t\t\t\t\t\t<div><\/div>\r\n\t\t\t\t\t<\/div>\r\n\t\t\t\t\t<iframe class=\"l-popup-box-content-frame\" allowfullscreen><\/iframe>\r\n\t\t\t\t<\/div>\r\n\t\t\t<\/div>\r\n\t\t\t\t\t\t\t<div class=\"l-popup-arrow to_next\" title=\"Siguiente\"><\/div>\r\n\t\t\t\t<div class=\"l-popup-arrow to_prev\" title=\"Anterior\"><\/div>\r\n\t\t\t\t\t\t<div class=\"l-popup-closer\"><\/div>\r\n\t\t<\/div>\r\n\t<\/div>\r\n\t<\/div><div class=\"w-separator size_medium with_line width_default thick_2 style_dotted color_border align_center\"><div class=\"w-separator-h\"><\/div><\/div><div class=\"wpb_text_column us_custom_6df4bc3a aaa has_text_color\"><div class=\"wpb_wrapper\"><h3><span style=\"color: #ffffff\">17 hs &#8211; PROYECCI\u00d3N: O Outro Mundo de Sofia<\/span><\/h3>\n<\/div><\/div><div class=\"w-grid type_grid layout_101 cols_3 popup_page ratio_16x9\" id=\"us_grid_16\" style=\"--gap:1.5rem;\"><style>@media (max-width:1024px){#us_grid_16 .w-grid-item{width:50%}#us_grid_16 .w-grid-item.size_2x1,#us_grid_16 .w-grid-item.size_2x2{width:100%}}@media (max-width:600px){#us_grid_16 .w-grid-list{margin:0}#us_grid_16 .w-grid-item{width:100%;padding:0;margin-bottom:var(--gap,0px)}}<\/style><div class=\"w-grid-list\">\t<article class=\"w-grid-item post-2908 films type-films status-publish has-post-thumbnail hentry categoria_film-competencia-internacional-de-largometrajes-documentales\" data-id=\"2908\">\r\n\t\t<div class=\"w-grid-item-h\">\r\n\t\t\t\t\t\t\t<a class=\"w-grid-item-anchor\" href=\"https:\/\/ficc.ar\/buenosaires2025\/films\/el-otro-mundo-de-sofia\/\" rel=\"bookmark\" aria-label=\"O Outro Mundo de Sofia\"><\/a>\r\n\t\t\t\t\t\t<div class=\"w-post-elm post_image usg_post_image_1 has_ratio\"><div style=\"padding-bottom:56.25%\"><\/div><a href=\"https:\/\/ficc.ar\/buenosaires2025\/films\/el-otro-mundo-de-sofia\/\" aria-label=\"O Outro Mundo de Sofia\"><img loading=\"lazy\" decoding=\"async\" width=\"1024\" height=\"576\" src=\"https:\/\/ficc.ar\/buenosaires2025\/wp-content\/uploads\/sites\/17\/2025\/02\/El-otro-mundo-Sofia-1024x576.jpg\" class=\"attachment-large size-large wp-post-image\" alt=\"\" srcset=\"https:\/\/ficc.ar\/buenosaires2025\/wp-content\/uploads\/sites\/17\/2025\/02\/El-otro-mundo-Sofia-1024x576.jpg 1024w, https:\/\/ficc.ar\/buenosaires2025\/wp-content\/uploads\/sites\/17\/2025\/02\/El-otro-mundo-Sofia-300x169.jpg 300w, https:\/\/ficc.ar\/buenosaires2025\/wp-content\/uploads\/sites\/17\/2025\/02\/El-otro-mundo-Sofia.jpg 1920w\" sizes=\"auto, (max-width: 1024px) 100vw, 1024px\" \/><\/a><\/div><div class=\"w-vwrapper usg_vwrapper_1 grid_arrow_top align_center valign_top\"><h1 class=\"w-post-elm post_title usg_post_title_1 has_text_color entry-title color_link_inherit\"><a href=\"https:\/\/ficc.ar\/buenosaires2025\/films\/el-otro-mundo-de-sofia\/\" target=\"_blank\" rel=\"noopener nofollow\">O Outro Mundo de Sofia<\/a><\/h1><p class=\"w-post-elm post_custom_field usg_post_custom_field_2 has_text_color type_text director_x_xs\"><span class=\"w-post-elm-before\">De <\/span><span class=\"w-post-elm-value\">Rapha Erichsen Brasil - 90 min. - 2023<\/span><\/p><\/div><div class=\"w-vwrapper usg_vwrapper_2 align_center valign_top\" style=\"--vwrapper-gap:0.3rem\"><h2 class=\"w-post-elm post_title usg_post_title_2 has_text_color entry-title color_link_inherit\"><a href=\"https:\/\/ficc.ar\/buenosaires2025\/films\/el-otro-mundo-de-sofia\/\">O Outro Mundo de Sofia<\/a><\/h2><p class=\"w-post-elm post_custom_field usg_post_custom_field_3 has_text_color type_text director_x_xs\"><span class=\"w-post-elm-before\">De <\/span><span class=\"w-post-elm-value\">Rapha Erichsen Brasil - 90 min. - 2023<\/span><\/p><\/div>\t\t<\/div>\r\n\t<\/article>\r\n<\/div><div class=\"w-grid-preloader\"><div class=\"g-preloader type_2\">\r\n\t<div><\/div>\r\n<\/div>\r\n<\/div>\t<div class=\"w-grid-json hidden\" onclick='return {&quot;action&quot;:&quot;us_ajax_grid&quot;,&quot;ajax_url&quot;:&quot;https:\\\/\\\/ficc.ar\\\/buenosaires2025\\\/wp-admin\\\/admin-ajax.php&quot;,&quot;infinite_scroll&quot;:0,&quot;max_num_pages&quot;:1,&quot;pagination&quot;:&quot;none&quot;,&quot;permalink_url&quot;:&quot;https:\\\/\\\/ficc.ar\\\/buenosaires2025\\\/wp-json\\\/wp\\\/v2\\\/pages\\\/12&quot;,&quot;template_vars&quot;:{&quot;columns&quot;:&quot;3&quot;,&quot;exclude_items&quot;:&quot;none&quot;,&quot;img_size&quot;:&quot;default&quot;,&quot;ignore_items_size&quot;:0,&quot;items_layout&quot;:&quot;101&quot;,&quot;items_offset&quot;:&quot;1&quot;,&quot;load_animation&quot;:&quot;none&quot;,&quot;overriding_link&quot;:&quot;popup_post&quot;,&quot;post_id&quot;:0,&quot;query_args&quot;:{&quot;ignore_sticky_posts&quot;:1,&quot;post_type&quot;:&quot;any&quot;,&quot;post__in&quot;:[&quot;2908&quot;],&quot;posts_per_page&quot;:&quot;10&quot;},&quot;orderby_query_args&quot;:{&quot;orderby&quot;:{&quot;date&quot;:&quot;DESC&quot;}},&quot;type&quot;:&quot;grid&quot;,&quot;us_grid_ajax_index&quot;:16,&quot;us_grid_filter_params&quot;:null,&quot;us_grid_index&quot;:16,&quot;_us_grid_post_type&quot;:&quot;ids&quot;,&quot;page_args&quot;:[]}}'><\/div>\r\n\t\t<div class=\"l-popup\">\r\n\t\t<div class=\"l-popup-overlay\"><\/div>\r\n\t\t<div class=\"l-popup-wrap\">\r\n\t\t\t<div class=\"l-popup-box\">\r\n\t\t\t\t<div class=\"l-popup-box-content\">\r\n\t\t\t\t\t<div class=\"g-preloader type_2\">\r\n\t\t\t\t\t\t<div><\/div>\r\n\t\t\t\t\t<\/div>\r\n\t\t\t\t\t<iframe class=\"l-popup-box-content-frame\" allowfullscreen><\/iframe>\r\n\t\t\t\t<\/div>\r\n\t\t\t<\/div>\r\n\t\t\t\t\t\t\t<div class=\"l-popup-arrow to_next\" title=\"Siguiente\"><\/div>\r\n\t\t\t\t<div class=\"l-popup-arrow to_prev\" title=\"Anterior\"><\/div>\r\n\t\t\t\t\t\t<div class=\"l-popup-closer\"><\/div>\r\n\t\t<\/div>\r\n\t<\/div>\r\n\t<\/div><div class=\"w-separator size_medium with_line width_default thick_2 style_dotted color_border align_center\"><div class=\"w-separator-h\"><\/div><\/div><div class=\"wpb_text_column us_custom_6df4bc3a aaa has_text_color\"><div class=\"wpb_wrapper\"><h3><span style=\"color: #ffffff\">1<\/span><span style=\"color: #ffffff\">8.30 hs &#8211; Mesa Cannabis Medicinal<\/span><\/h3>\n<ul>\n<li>\n<h4><span style=\"color: #ffffff\">Raphael Erichsen (Brasil) \/ Cineasta, Director de &#8220;O Outro Mundo de Sofia&#8221;<\/span><\/h4>\n<\/li>\n<li>\n<h4><span style=\"color: #ffffff\">Mam\u00e1 Cultiva Argentina<\/span><\/h4>\n<\/li>\n<\/ul>\n<\/div><\/div><div class=\"w-separator size_medium with_line width_default thick_2 style_solid color_border align_center\"><div class=\"w-separator-h\"><\/div><\/div><div class=\"wpb_text_column us_custom_6df4bc3a aaa has_text_color\"><div class=\"wpb_wrapper\"><ul>\n<li><a href=\"https:\/\/www.instagram.com\/casabrandon\/\" target=\"_blank\" rel=\"noopener\">Casa Brandon \/ <\/a><a href=\"https:\/\/maps.app.goo.gl\/BUmahrpvGt14fjBV6\">Luis Mar\u00eda Drago 236<\/a><\/li>\n<\/ul>\n<h3><span style=\"color: #ffffff\">18hs &#8211; PROYECCI\u00d3N: BAJO NARANJA<\/span><\/h3>\n<\/div><\/div><div class=\"w-grid type_grid layout_101 cols_3 popup_page ratio_16x9\" id=\"us_grid_17\" style=\"--gap:1.5rem;\"><style>@media (max-width:1024px){#us_grid_17 .w-grid-item{width:50%}#us_grid_17 .w-grid-item.size_2x1,#us_grid_17 .w-grid-item.size_2x2{width:100%}}@media (max-width:600px){#us_grid_17 .w-grid-list{margin:0}#us_grid_17 .w-grid-item{width:100%;padding:0;margin-bottom:var(--gap,0px)}}<\/style><div class=\"w-grid-list\">\t<article class=\"w-grid-item post-2890 films type-films status-publish has-post-thumbnail hentry categoria_film-competencia-internacional-de-largometrajes-de-ficcion\" data-id=\"2890\">\r\n\t\t<div class=\"w-grid-item-h\">\r\n\t\t\t\t\t\t\t<a class=\"w-grid-item-anchor\" href=\"https:\/\/ficc.ar\/buenosaires2025\/films\/bajo-naranja\/\" rel=\"bookmark\" aria-label=\"Bajo Naranja\"><\/a>\r\n\t\t\t\t\t\t<div class=\"w-post-elm post_image usg_post_image_1 has_ratio\"><div style=\"padding-bottom:56.25%\"><\/div><a href=\"https:\/\/ficc.ar\/buenosaires2025\/films\/bajo-naranja\/\" aria-label=\"Bajo Naranja\"><img loading=\"lazy\" decoding=\"async\" width=\"1024\" height=\"576\" src=\"https:\/\/ficc.ar\/buenosaires2025\/wp-content\/uploads\/sites\/17\/2025\/02\/Bajo-naranja-1024x576.jpg\" class=\"attachment-large size-large wp-post-image\" alt=\"\" srcset=\"https:\/\/ficc.ar\/buenosaires2025\/wp-content\/uploads\/sites\/17\/2025\/02\/Bajo-naranja-1024x576.jpg 1024w, https:\/\/ficc.ar\/buenosaires2025\/wp-content\/uploads\/sites\/17\/2025\/02\/Bajo-naranja-300x169.jpg 300w, https:\/\/ficc.ar\/buenosaires2025\/wp-content\/uploads\/sites\/17\/2025\/02\/Bajo-naranja.jpg 1920w\" sizes=\"auto, (max-width: 1024px) 100vw, 1024px\" \/><\/a><\/div><div class=\"w-vwrapper usg_vwrapper_1 grid_arrow_top align_center valign_top\"><h1 class=\"w-post-elm post_title usg_post_title_1 has_text_color entry-title color_link_inherit\"><a href=\"https:\/\/ficc.ar\/buenosaires2025\/films\/bajo-naranja\/\" target=\"_blank\" rel=\"noopener nofollow\">Bajo Naranja<\/a><\/h1><p class=\"w-post-elm post_custom_field usg_post_custom_field_2 has_text_color type_text director_x_xs\"><span class=\"w-post-elm-before\">De <\/span><span class=\"w-post-elm-value\">Michael Taylor - 85 min. - 2024<\/span><\/p><\/div><div class=\"w-vwrapper usg_vwrapper_2 align_center valign_top\" style=\"--vwrapper-gap:0.3rem\"><h2 class=\"w-post-elm post_title usg_post_title_2 has_text_color entry-title color_link_inherit\"><a href=\"https:\/\/ficc.ar\/buenosaires2025\/films\/bajo-naranja\/\">Bajo Naranja<\/a><\/h2><p class=\"w-post-elm post_custom_field usg_post_custom_field_3 has_text_color type_text director_x_xs\"><span class=\"w-post-elm-before\">De <\/span><span class=\"w-post-elm-value\">Michael Taylor - 85 min. - 2024<\/span><\/p><\/div>\t\t<\/div>\r\n\t<\/article>\r\n<\/div><div class=\"w-grid-preloader\"><div class=\"g-preloader type_2\">\r\n\t<div><\/div>\r\n<\/div>\r\n<\/div>\t<div class=\"w-grid-json hidden\" onclick='return {&quot;action&quot;:&quot;us_ajax_grid&quot;,&quot;ajax_url&quot;:&quot;https:\\\/\\\/ficc.ar\\\/buenosaires2025\\\/wp-admin\\\/admin-ajax.php&quot;,&quot;infinite_scroll&quot;:0,&quot;max_num_pages&quot;:1,&quot;pagination&quot;:&quot;none&quot;,&quot;permalink_url&quot;:&quot;https:\\\/\\\/ficc.ar\\\/buenosaires2025\\\/wp-json\\\/wp\\\/v2\\\/pages\\\/12&quot;,&quot;template_vars&quot;:{&quot;columns&quot;:&quot;3&quot;,&quot;exclude_items&quot;:&quot;none&quot;,&quot;img_size&quot;:&quot;default&quot;,&quot;ignore_items_size&quot;:0,&quot;items_layout&quot;:&quot;101&quot;,&quot;items_offset&quot;:&quot;1&quot;,&quot;load_animation&quot;:&quot;none&quot;,&quot;overriding_link&quot;:&quot;popup_post&quot;,&quot;post_id&quot;:0,&quot;query_args&quot;:{&quot;ignore_sticky_posts&quot;:1,&quot;post_type&quot;:&quot;any&quot;,&quot;post__in&quot;:[&quot;2890&quot;],&quot;posts_per_page&quot;:&quot;10&quot;},&quot;orderby_query_args&quot;:{&quot;orderby&quot;:{&quot;date&quot;:&quot;DESC&quot;}},&quot;type&quot;:&quot;grid&quot;,&quot;us_grid_ajax_index&quot;:17,&quot;us_grid_filter_params&quot;:null,&quot;us_grid_index&quot;:17,&quot;_us_grid_post_type&quot;:&quot;ids&quot;,&quot;page_args&quot;:[]}}'><\/div>\r\n\t\t<div class=\"l-popup\">\r\n\t\t<div class=\"l-popup-overlay\"><\/div>\r\n\t\t<div class=\"l-popup-wrap\">\r\n\t\t\t<div class=\"l-popup-box\">\r\n\t\t\t\t<div class=\"l-popup-box-content\">\r\n\t\t\t\t\t<div class=\"g-preloader type_2\">\r\n\t\t\t\t\t\t<div><\/div>\r\n\t\t\t\t\t<\/div>\r\n\t\t\t\t\t<iframe class=\"l-popup-box-content-frame\" allowfullscreen><\/iframe>\r\n\t\t\t\t<\/div>\r\n\t\t\t<\/div>\r\n\t\t\t\t\t\t\t<div class=\"l-popup-arrow to_next\" title=\"Siguiente\"><\/div>\r\n\t\t\t\t<div class=\"l-popup-arrow to_prev\" title=\"Anterior\"><\/div>\r\n\t\t\t\t\t\t<div class=\"l-popup-closer\"><\/div>\r\n\t\t<\/div>\r\n\t<\/div>\r\n\t<\/div><div class=\"w-separator size_medium with_line width_default thick_2 style_solid color_border align_center\"><div class=\"w-separator-h\"><\/div><\/div><div class=\"wpb_text_column us_custom_6df4bc3a aaa has_text_color\"><div class=\"wpb_wrapper\"><ul>\n<li><a href=\"https:\/\/www.instagram.com\/wokitoki.santelmo\/\"><span style=\"font-weight: 400\">Woki Toki &#8211; Espacio Cultural <\/span><\/a><a href=\"https:\/\/www.google.com\/maps\/place\/Woki+Toki\/@-34.6185691,-58.3788189,17z\/data=!3m1!4b1!4m6!3m5!1s0x95bccbac23b4c7b5:0xac2b487106bda33c!8m2!3d-34.6185691!4d-58.3788189!16s%2Fg%2F11styr9bdv?entry=ttu&amp;g_ep=EgoyMDI1MDEyNi4wIKXMDSoASAFQAw%3D%3D\"><span style=\"font-weight: 400\">\u00a0\/ Tacuar\u00ed 905<\/span><\/a><\/li>\n<\/ul>\n<h3><span style=\"color: #ffffff\">20.30hs &#8211; Entrega de premios del 5\u00b0 FICC Buenos Aires 2025<\/span><\/h3>\n<h3><img loading=\"lazy\" decoding=\"async\" class=\"alignnone size-medium wp-image-3039\" src=\"https:\/\/ficc.ar\/buenosaires2025\/wp-content\/uploads\/sites\/17\/2025\/02\/Premios-300x169.jpg\" alt=\"\" width=\"300\" height=\"169\" srcset=\"https:\/\/ficc.ar\/buenosaires2025\/wp-content\/uploads\/sites\/17\/2025\/02\/Premios-300x169.jpg 300w, https:\/\/ficc.ar\/buenosaires2025\/wp-content\/uploads\/sites\/17\/2025\/02\/Premios-1024x576.jpg 1024w, https:\/\/ficc.ar\/buenosaires2025\/wp-content\/uploads\/sites\/17\/2025\/02\/Premios.jpg 1920w\" sizes=\"auto, (max-width: 300px) 100vw, 300px\" \/><\/h3>\n<\/div><\/div><\/div><\/div><\/div><\/div><\/div><div class=\"w-separator size_large with_line width_default thick_2 style_solid color_border align_center\"><div class=\"w-separator-h\"><\/div><\/div><div class=\"g-cols wpb_row via_flex valign_top type_default stacking_default\"><div class=\"vc_col-sm-12 wpb_column vc_column_container\"><div class=\"vc_column-inner\"><div class=\"wpb_wrapper\"><div class=\"w-hwrapper align_none valign_top\" style=\"--hwrapper-gap:1.20rem\"><div class=\"w-image us_custom_f0c9a57b align_none\"><a target=\"_blank\" href=\"https:\/\/drive.google.com\/file\/d\/1uts0rsSmElfp8z-__9nLyXSs16zDrBYX\/view?usp=sharing\" rel=\"noopener\" aria-label=\"Enlace\" class=\"w-image-h\"><img loading=\"lazy\" decoding=\"async\" width=\"443\" height=\"433\" src=\"https:\/\/ficc.ar\/buenosaires2025\/wp-content\/uploads\/sites\/17\/2025\/01\/GRILLA.png\" class=\"attachment-full size-full\" alt=\"\" srcset=\"https:\/\/ficc.ar\/buenosaires2025\/wp-content\/uploads\/sites\/17\/2025\/01\/GRILLA.png 443w, https:\/\/ficc.ar\/buenosaires2025\/wp-content\/uploads\/sites\/17\/2025\/01\/GRILLA-300x293.png 300w\" sizes=\"auto, (max-width: 443px) 100vw, 443px\" \/><\/a><\/div><div class=\"w-image us_custom_f0c9a57b align_none\"><div class=\"w-image-h\"><img loading=\"lazy\" decoding=\"async\" width=\"443\" height=\"433\" src=\"https:\/\/ficc.ar\/buenosaires2025\/wp-content\/uploads\/sites\/17\/2025\/01\/CATALOGO.png\" class=\"attachment-large size-large\" alt=\"\" srcset=\"https:\/\/ficc.ar\/buenosaires2025\/wp-content\/uploads\/sites\/17\/2025\/01\/CATALOGO.png 443w, https:\/\/ficc.ar\/buenosaires2025\/wp-content\/uploads\/sites\/17\/2025\/01\/CATALOGO-300x293.png 300w\" sizes=\"auto, (max-width: 443px) 100vw, 443px\" \/><\/div><\/div><\/div><\/div><\/div><\/div><\/div><\/div><\/div><\/div><\/div><\/div><\/section><section class=\"l-section wpb_row hide_on_tablets hide_on_mobiles height_medium color_alternate\" id=\"grilla\"><div class=\"l-section-h i-cf\"><div class=\"g-cols vc_row via_flex valign_top type_default stacking_default\"><div class=\"vc_col-sm-8 wpb_column vc_column_container\"><div class=\"vc_column-inner\"><div class=\"wpb_wrapper\">[vc_custom_heading text=&#8221;Grilla&#8221; font_container=&#8221;tag:h2|text_align:center|color:%23ffffff&#8221; use_theme_fonts=&#8221;yes&#8221;]<div class=\"w-tabs us_custom_6d6233b0 has_text_color style_default switch_click accordion has_scrolling\" style=\"--sections-title-size:inherit\"><div class=\"w-tabs-sections titles-align_none icon_chevron cpos_right\"><div class=\"w-tabs-section\" id=\"be21\"><button class=\"w-tabs-section-header\" aria-controls=\"content-be21\" aria-expanded=\"false\"><div class=\"w-tabs-section-title\">MI\u00c9RCOLES 19 de febrero<\/div><div class=\"w-tabs-section-control\"><\/div><\/button><div  class=\"w-tabs-section-content us_custom_68e88f2a has_text_color\" id=\"content-be21\"><div class=\"w-tabs-section-content-h i-cf\"><div class=\"wpb_text_column us_custom_5fcb3cf2 has_text_color\"><div class=\"wpb_wrapper\"><ul>\n<li>\n<h4><a href=\"https:\/\/www.instagram.com\/casabrandon\/\">Casa Brandon \/ Luis Mar\u00eda Drago 236<\/a><\/h4>\n<\/li>\n<\/ul>\n<h3 class=\"titulo-grilla\" style=\"text-align: left\"><span style=\"color: #ffffff\">19hs. PROYECCI\u00d3NES: Late rituals \/ El placer es m\u00edo<\/span><\/h3>\n<div class=\"vc_col-sm-10 wpb_column vc_column_container\" style=\"text-align: left\">\n<div class=\"vc_column-inner\"><\/div>\n<\/div>\n<\/div><\/div><div class=\"w-grid type_grid layout_101 cols_2 popup_page ratio_16x9\" id=\"us_grid_18\" style=\"--gap:1.5rem;\"><style>@media (max-width:600px){#us_grid_18 .w-grid-list{margin:0}#us_grid_18 .w-grid-item{width:100%;padding:0;margin-bottom:var(--gap,0px)}}<\/style><div class=\"w-grid-list\">\t<article class=\"w-grid-item post-2920 films type-films status-publish has-post-thumbnail hentry categoria_film-competencia-internacional-de-cortometrajes-de-5-min-2\" data-id=\"2920\">\r\n\t\t<div class=\"w-grid-item-h\">\r\n\t\t\t\t\t\t\t<a class=\"w-grid-item-anchor\" href=\"https:\/\/ficc.ar\/buenosaires2025\/films\/late-rituals\/\" rel=\"bookmark\" aria-label=\"Late Rituals\"><\/a>\r\n\t\t\t\t\t\t<div class=\"w-post-elm post_image usg_post_image_1 has_ratio\"><div style=\"padding-bottom:56.25%\"><\/div><a href=\"https:\/\/ficc.ar\/buenosaires2025\/films\/late-rituals\/\" aria-label=\"Late Rituals\"><img loading=\"lazy\" decoding=\"async\" width=\"1024\" height=\"576\" src=\"https:\/\/ficc.ar\/buenosaires2025\/wp-content\/uploads\/sites\/17\/2025\/02\/Late-rituals-1024x576.jpg\" class=\"attachment-large size-large wp-post-image\" alt=\"\" srcset=\"https:\/\/ficc.ar\/buenosaires2025\/wp-content\/uploads\/sites\/17\/2025\/02\/Late-rituals-1024x576.jpg 1024w, https:\/\/ficc.ar\/buenosaires2025\/wp-content\/uploads\/sites\/17\/2025\/02\/Late-rituals-300x169.jpg 300w, https:\/\/ficc.ar\/buenosaires2025\/wp-content\/uploads\/sites\/17\/2025\/02\/Late-rituals.jpg 1920w\" sizes=\"auto, (max-width: 1024px) 100vw, 1024px\" \/><\/a><\/div><div class=\"w-vwrapper usg_vwrapper_1 grid_arrow_top align_center valign_top\"><h1 class=\"w-post-elm post_title usg_post_title_1 has_text_color entry-title color_link_inherit\"><a href=\"https:\/\/ficc.ar\/buenosaires2025\/films\/late-rituals\/\" target=\"_blank\" rel=\"noopener nofollow\">Late Rituals<\/a><\/h1><p class=\"w-post-elm post_custom_field usg_post_custom_field_2 has_text_color type_text director_x_xs\"><span class=\"w-post-elm-before\">De <\/span><span class=\"w-post-elm-value\">Rois Martin - 4 min. - 2024<\/span><\/p><\/div><div class=\"w-vwrapper usg_vwrapper_2 align_center valign_top\" style=\"--vwrapper-gap:0.3rem\"><h2 class=\"w-post-elm post_title usg_post_title_2 has_text_color entry-title color_link_inherit\"><a href=\"https:\/\/ficc.ar\/buenosaires2025\/films\/late-rituals\/\">Late Rituals<\/a><\/h2><p class=\"w-post-elm post_custom_field usg_post_custom_field_3 has_text_color type_text director_x_xs\"><span class=\"w-post-elm-before\">De <\/span><span class=\"w-post-elm-value\">Rois Martin - 4 min. - 2024<\/span><\/p><\/div>\t\t<\/div>\r\n\t<\/article>\r\n\t<article class=\"w-grid-item post-2892 films type-films status-publish has-post-thumbnail hentry categoria_film-competencia-internacional-de-largometrajes-de-ficcion\" data-id=\"2892\">\r\n\t\t<div class=\"w-grid-item-h\">\r\n\t\t\t\t\t\t\t<a class=\"w-grid-item-anchor\" href=\"https:\/\/ficc.ar\/buenosaires2025\/films\/el-placer-es-mio\/\" rel=\"bookmark\" aria-label=\"El placer es m\u00edo\"><\/a>\r\n\t\t\t\t\t\t<div class=\"w-post-elm post_image usg_post_image_1 has_ratio\"><div style=\"padding-bottom:56.25%\"><\/div><a href=\"https:\/\/ficc.ar\/buenosaires2025\/films\/el-placer-es-mio\/\" aria-label=\"El placer es m\u00edo\"><img loading=\"lazy\" decoding=\"async\" width=\"1024\" height=\"576\" src=\"https:\/\/ficc.ar\/buenosaires2025\/wp-content\/uploads\/sites\/17\/2025\/02\/El-placer-es-mio2-1024x576.jpg\" class=\"attachment-large size-large wp-post-image\" alt=\"\" srcset=\"https:\/\/ficc.ar\/buenosaires2025\/wp-content\/uploads\/sites\/17\/2025\/02\/El-placer-es-mio2-1024x576.jpg 1024w, https:\/\/ficc.ar\/buenosaires2025\/wp-content\/uploads\/sites\/17\/2025\/02\/El-placer-es-mio2-300x169.jpg 300w, https:\/\/ficc.ar\/buenosaires2025\/wp-content\/uploads\/sites\/17\/2025\/02\/El-placer-es-mio2.jpg 1920w\" sizes=\"auto, (max-width: 1024px) 100vw, 1024px\" \/><\/a><\/div><div class=\"w-vwrapper usg_vwrapper_1 grid_arrow_top align_center valign_top\"><h1 class=\"w-post-elm post_title usg_post_title_1 has_text_color entry-title color_link_inherit\"><a href=\"https:\/\/ficc.ar\/buenosaires2025\/films\/el-placer-es-mio\/\" target=\"_blank\" rel=\"noopener nofollow\">El placer es m\u00edo<\/a><\/h1><p class=\"w-post-elm post_custom_field usg_post_custom_field_2 has_text_color type_text director_x_xs\"><span class=\"w-post-elm-before\">De <\/span><span class=\"w-post-elm-value\">Sacha Amaral Argentina - 95 min.- 2024<\/span><\/p><\/div><div class=\"w-vwrapper usg_vwrapper_2 align_center valign_top\" style=\"--vwrapper-gap:0.3rem\"><h2 class=\"w-post-elm post_title usg_post_title_2 has_text_color entry-title color_link_inherit\"><a href=\"https:\/\/ficc.ar\/buenosaires2025\/films\/el-placer-es-mio\/\">El placer es m\u00edo<\/a><\/h2><p class=\"w-post-elm post_custom_field usg_post_custom_field_3 has_text_color type_text director_x_xs\"><span class=\"w-post-elm-before\">De <\/span><span class=\"w-post-elm-value\">Sacha Amaral Argentina - 95 min.- 2024<\/span><\/p><\/div>\t\t<\/div>\r\n\t<\/article>\r\n<\/div><div class=\"w-grid-preloader\"><div class=\"g-preloader type_2\">\r\n\t<div><\/div>\r\n<\/div>\r\n<\/div>\t<div class=\"w-grid-json hidden\" onclick='return {&quot;action&quot;:&quot;us_ajax_grid&quot;,&quot;ajax_url&quot;:&quot;https:\\\/\\\/ficc.ar\\\/buenosaires2025\\\/wp-admin\\\/admin-ajax.php&quot;,&quot;infinite_scroll&quot;:0,&quot;max_num_pages&quot;:1,&quot;pagination&quot;:&quot;none&quot;,&quot;permalink_url&quot;:&quot;https:\\\/\\\/ficc.ar\\\/buenosaires2025\\\/wp-json\\\/wp\\\/v2\\\/pages\\\/12&quot;,&quot;template_vars&quot;:{&quot;columns&quot;:&quot;2&quot;,&quot;exclude_items&quot;:&quot;none&quot;,&quot;img_size&quot;:&quot;default&quot;,&quot;ignore_items_size&quot;:0,&quot;items_layout&quot;:&quot;101&quot;,&quot;items_offset&quot;:&quot;1&quot;,&quot;load_animation&quot;:&quot;none&quot;,&quot;overriding_link&quot;:&quot;popup_post&quot;,&quot;post_id&quot;:0,&quot;query_args&quot;:{&quot;ignore_sticky_posts&quot;:1,&quot;post_type&quot;:&quot;any&quot;,&quot;post__in&quot;:[&quot;2920&quot;,&quot;2892&quot;],&quot;posts_per_page&quot;:&quot;10&quot;},&quot;orderby_query_args&quot;:{&quot;orderby&quot;:{&quot;date&quot;:&quot;DESC&quot;}},&quot;type&quot;:&quot;grid&quot;,&quot;us_grid_ajax_index&quot;:18,&quot;us_grid_filter_params&quot;:null,&quot;us_grid_index&quot;:18,&quot;_us_grid_post_type&quot;:&quot;ids&quot;,&quot;page_args&quot;:[]}}'><\/div>\r\n\t\t<div class=\"l-popup\">\r\n\t\t<div class=\"l-popup-overlay\"><\/div>\r\n\t\t<div class=\"l-popup-wrap\">\r\n\t\t\t<div class=\"l-popup-box\">\r\n\t\t\t\t<div class=\"l-popup-box-content\">\r\n\t\t\t\t\t<div class=\"g-preloader type_2\">\r\n\t\t\t\t\t\t<div><\/div>\r\n\t\t\t\t\t<\/div>\r\n\t\t\t\t\t<iframe class=\"l-popup-box-content-frame\" allowfullscreen><\/iframe>\r\n\t\t\t\t<\/div>\r\n\t\t\t<\/div>\r\n\t\t\t\t\t\t\t<div class=\"l-popup-arrow to_next\" title=\"Siguiente\"><\/div>\r\n\t\t\t\t<div class=\"l-popup-arrow to_prev\" title=\"Anterior\"><\/div>\r\n\t\t\t\t\t\t<div class=\"l-popup-closer\"><\/div>\r\n\t\t<\/div>\r\n\t<\/div>\r\n\t<\/div><div class=\"w-separator size_large with_line width_default thick_2 style_solid color_border align_center\"><div class=\"w-separator-h\"><\/div><\/div><div class=\"wpb_text_column aaa\"><div class=\"wpb_wrapper\"><h3 class=\"titulo-grilla\" style=\"text-align: left\"><\/h3>\n<ul>\n<li>\n<h4><a href=\"https:\/\/www.instagram.com\/wokitoki.santelmo\/\" target=\"_blank\" rel=\"noopener\"><span style=\"font-weight: 400\">Woki Toki &#8211; Espacio Cultural <\/span><\/a><span style=\"font-weight: 400\">\u00a0\/ <\/span><a href=\"https:\/\/www.google.com\/maps\/place\/Woki+Toki\/@-34.6185691,-58.3788189,17z\/data=!3m1!4b1!4m6!3m5!1s0x95bccbac23b4c7b5:0xac2b487106bda33c!8m2!3d-34.6185691!4d-58.3788189!16s%2Fg%2F11styr9bdv?entry=ttu&amp;g_ep=EgoyMDI1MDEyNi4wIKXMDSoASAFQAw%3D%3D\"><span style=\"font-weight: 400\">\u00a0Tacuar\u00ed 905<\/span><\/a><\/h4>\n<\/li>\n<\/ul>\n<h4 class=\"titulo-grilla\" style=\"text-align: left\"><span style=\"color: #ffffff\">20hs &#8211; Lanzamiento del Festival Internacional Cinecann\u00e1bico &#8211; 5\u00ba Edici\u00f3n Buenos Aires 2025<\/span><\/h4>\n<p style=\"text-align: left\"><span style=\"color: #ffffff\"><span style=\"font-weight: 400\">Para el Lanzamiento FICC tendremos: <\/span><span style=\"font-weight: 400\">Feria, M\u00fasica, Estampa, Muestra de Afiches, Degustaciones.<\/span><\/span><\/p>\n<ul>\n<li><span style=\"color: #ffffff\">Muestra Gr\u00e1fica: Conmemorando la 5ta. edici\u00f3n habr\u00e1 una muestra de afiches de pel\u00edculas que han participado en ediciones anteriores del FICC.<\/span><\/li>\n<\/ul>\n<p><span style=\"color: #ffffff\"><img loading=\"lazy\" decoding=\"async\" class=\"wp-image-3128 alignnone\" src=\"https:\/\/ficc.ar\/buenosaires2025\/wp-content\/uploads\/sites\/17\/2025\/02\/AFICHE-WEB-Toxico-200x300.jpg\" alt=\"T\u00f3xico (FICC 2022) de: Ariel Mart\u00ednez Herrera \" width=\"192\" height=\"288\" srcset=\"https:\/\/ficc.ar\/buenosaires2025\/wp-content\/uploads\/sites\/17\/2025\/02\/AFICHE-WEB-Toxico-200x300.jpg 200w, https:\/\/ficc.ar\/buenosaires2025\/wp-content\/uploads\/sites\/17\/2025\/02\/AFICHE-WEB-Toxico-683x1024.jpg 683w, https:\/\/ficc.ar\/buenosaires2025\/wp-content\/uploads\/sites\/17\/2025\/02\/AFICHE-WEB-Toxico.jpg 1080w\" sizes=\"auto, (max-width: 192px) 100vw, 192px\" \/><img loading=\"lazy\" decoding=\"async\" class=\"wp-image-3129 alignnone\" src=\"https:\/\/ficc.ar\/buenosaires2025\/wp-content\/uploads\/sites\/17\/2025\/02\/AFICHE-WEB-Meteorango-200x300.jpg\" alt=\"Meteorango Kid: Buscado, vivo o muerto (FICC 2024) de: Marcel Gonnet y Daniel Fr\u00f3es\" width=\"192\" height=\"288\" srcset=\"https:\/\/ficc.ar\/buenosaires2025\/wp-content\/uploads\/sites\/17\/2025\/02\/AFICHE-WEB-Meteorango-200x300.jpg 200w, https:\/\/ficc.ar\/buenosaires2025\/wp-content\/uploads\/sites\/17\/2025\/02\/AFICHE-WEB-Meteorango-683x1024.jpg 683w, https:\/\/ficc.ar\/buenosaires2025\/wp-content\/uploads\/sites\/17\/2025\/02\/AFICHE-WEB-Meteorango.jpg 1080w\" sizes=\"auto, (max-width: 192px) 100vw, 192px\" \/> <img loading=\"lazy\" decoding=\"async\" class=\"wp-image-3130 alignnone\" src=\"https:\/\/ficc.ar\/buenosaires2025\/wp-content\/uploads\/sites\/17\/2025\/02\/AFICHE-WEB-Fista-Nibiru-200x300.jpg\" alt=\"Fiesta Nibiru (FICC 2021) de: Manuel Facal \" width=\"192\" height=\"288\" srcset=\"https:\/\/ficc.ar\/buenosaires2025\/wp-content\/uploads\/sites\/17\/2025\/02\/AFICHE-WEB-Fista-Nibiru-200x300.jpg 200w, https:\/\/ficc.ar\/buenosaires2025\/wp-content\/uploads\/sites\/17\/2025\/02\/AFICHE-WEB-Fista-Nibiru-683x1024.jpg 683w, https:\/\/ficc.ar\/buenosaires2025\/wp-content\/uploads\/sites\/17\/2025\/02\/AFICHE-WEB-Fista-Nibiru.jpg 1080w\" sizes=\"auto, (max-width: 192px) 100vw, 192px\" \/><\/span><\/p>\n<ul style=\"text-align: left\">\n<li style=\"text-align: left\"><span style=\"color: #ffffff\">F<\/span><span style=\"color: #ffffff\">eria Cann\u00e1bica<\/span><\/li>\n<li style=\"text-align: left\"><span style=\"color: #ffffff\">M\u00fasica en vivo con <a style=\"color: #ffffff\" href=\"https:\/\/www.instagram.com\/elclanfalacia\/\">\u201cEl Clan Falacia\u201d<\/a><\/span><\/li>\n<li style=\"text-align: left\"><span style=\"color: #ffffff\"><span style=\"color: #ffffff\">Degustaci\u00f3n de alimentos a base de c\u00e1\u00f1amo preparados por <\/span><a style=\"color: #ffffff\" href=\"https:\/\/www.instagram.com\/recetascanameras\/\"><span style=\"color: #ffffff\">\u201cRecetas Ca\u00f1ameras<\/span>\u201d<\/a><\/span><\/li>\n<\/ul>\n<h3 class=\"titulo-grilla\" style=\"text-align: left\"><span style=\"color: #ffffff\"><span style=\"color: #ffffff\">PROYECCI\u00d3NES<\/span>: WEEDS \/ LAS DEMAS<\/span><\/h3>\n<\/div><\/div><div class=\"w-grid type_grid layout_101 cols_3 popup_page ratio_16x9\" id=\"us_grid_19\" style=\"--gap:1.5rem;\"><style>@media (max-width:1024px){#us_grid_19 .w-grid-item{width:50%}#us_grid_19 .w-grid-item.size_2x1,#us_grid_19 .w-grid-item.size_2x2{width:100%}}@media (max-width:600px){#us_grid_19 .w-grid-list{margin:0}#us_grid_19 .w-grid-item{width:100%;padding:0;margin-bottom:var(--gap,0px)}}<\/style><div class=\"w-grid-list\">\t<article class=\"w-grid-item post-2942 films type-films status-publish has-post-thumbnail hentry categoria_film-competencia-internacional-de-cortometrajes-de-5-min\" data-id=\"2942\">\r\n\t\t<div class=\"w-grid-item-h\">\r\n\t\t\t\t\t\t\t<a class=\"w-grid-item-anchor\" href=\"https:\/\/ficc.ar\/buenosaires2025\/films\/weeds\/\" rel=\"bookmark\" aria-label=\"Weeds\"><\/a>\r\n\t\t\t\t\t\t<div class=\"w-post-elm post_image usg_post_image_1 has_ratio\"><div style=\"padding-bottom:56.25%\"><\/div><a href=\"https:\/\/ficc.ar\/buenosaires2025\/films\/weeds\/\" aria-label=\"Weeds\"><img loading=\"lazy\" decoding=\"async\" width=\"1024\" height=\"576\" src=\"https:\/\/ficc.ar\/buenosaires2025\/wp-content\/uploads\/sites\/17\/2025\/02\/Weeds-1024x576.jpg\" class=\"attachment-large size-large wp-post-image\" alt=\"\" srcset=\"https:\/\/ficc.ar\/buenosaires2025\/wp-content\/uploads\/sites\/17\/2025\/02\/Weeds-1024x576.jpg 1024w, https:\/\/ficc.ar\/buenosaires2025\/wp-content\/uploads\/sites\/17\/2025\/02\/Weeds-300x169.jpg 300w, https:\/\/ficc.ar\/buenosaires2025\/wp-content\/uploads\/sites\/17\/2025\/02\/Weeds.jpg 1920w\" sizes=\"auto, (max-width: 1024px) 100vw, 1024px\" \/><\/a><\/div><div class=\"w-vwrapper usg_vwrapper_1 grid_arrow_top align_center valign_top\"><h1 class=\"w-post-elm post_title usg_post_title_1 has_text_color entry-title color_link_inherit\"><a href=\"https:\/\/ficc.ar\/buenosaires2025\/films\/weeds\/\" target=\"_blank\" rel=\"noopener nofollow\">Weeds<\/a><\/h1><p class=\"w-post-elm post_custom_field usg_post_custom_field_2 has_text_color type_text director_x_xs\"><span class=\"w-post-elm-before\">De <\/span><span class=\"w-post-elm-value\">Pola Kazak - 14 min. - 2024<\/span><\/p><\/div><div class=\"w-vwrapper usg_vwrapper_2 align_center valign_top\" style=\"--vwrapper-gap:0.3rem\"><h2 class=\"w-post-elm post_title usg_post_title_2 has_text_color entry-title color_link_inherit\"><a href=\"https:\/\/ficc.ar\/buenosaires2025\/films\/weeds\/\">Weeds<\/a><\/h2><p class=\"w-post-elm post_custom_field usg_post_custom_field_3 has_text_color type_text director_x_xs\"><span class=\"w-post-elm-before\">De <\/span><span class=\"w-post-elm-value\">Pola Kazak - 14 min. - 2024<\/span><\/p><\/div>\t\t<\/div>\r\n\t<\/article>\r\n\t<article class=\"w-grid-item post-2511 films type-films status-publish has-post-thumbnail hentry categoria_film-competencia-internacional-de-largometrajes-de-ficcion\" data-id=\"2511\">\r\n\t\t<div class=\"w-grid-item-h\">\r\n\t\t\t\t\t\t\t<a class=\"w-grid-item-anchor\" href=\"https:\/\/ficc.ar\/buenosaires2025\/films\/las-demas\/\" rel=\"bookmark\" aria-label=\"Las Dem\u00e1s\"><\/a>\r\n\t\t\t\t\t\t<div class=\"w-post-elm post_image usg_post_image_1 has_ratio\"><div style=\"padding-bottom:56.25%\"><\/div><a href=\"https:\/\/ficc.ar\/buenosaires2025\/films\/las-demas\/\" aria-label=\"Las Dem\u00e1s\"><img loading=\"lazy\" decoding=\"async\" width=\"1024\" height=\"576\" src=\"https:\/\/ficc.ar\/buenosaires2025\/wp-content\/uploads\/sites\/17\/2025\/01\/LasDemas1-1024x576.jpg\" class=\"attachment-large size-large wp-post-image\" alt=\"\" srcset=\"https:\/\/ficc.ar\/buenosaires2025\/wp-content\/uploads\/sites\/17\/2025\/01\/LasDemas1-1024x576.jpg 1024w, https:\/\/ficc.ar\/buenosaires2025\/wp-content\/uploads\/sites\/17\/2025\/01\/LasDemas1-300x169.jpg 300w, https:\/\/ficc.ar\/buenosaires2025\/wp-content\/uploads\/sites\/17\/2025\/01\/LasDemas1.jpg 1920w\" sizes=\"auto, (max-width: 1024px) 100vw, 1024px\" \/><\/a><\/div><div class=\"w-vwrapper usg_vwrapper_1 grid_arrow_top align_center valign_top\"><h1 class=\"w-post-elm post_title usg_post_title_1 has_text_color entry-title color_link_inherit\"><a href=\"https:\/\/ficc.ar\/buenosaires2025\/films\/las-demas\/\" target=\"_blank\" rel=\"noopener nofollow\">Las Dem\u00e1s<\/a><\/h1><p class=\"w-post-elm post_custom_field usg_post_custom_field_2 has_text_color type_text director_x_xs\"><span class=\"w-post-elm-before\">De <\/span><span class=\"w-post-elm-value\">Alexandra Hyland - 81 min. - 2024<\/span><\/p><\/div><div class=\"w-vwrapper usg_vwrapper_2 align_center valign_top\" style=\"--vwrapper-gap:0.3rem\"><h2 class=\"w-post-elm post_title usg_post_title_2 has_text_color entry-title color_link_inherit\"><a href=\"https:\/\/ficc.ar\/buenosaires2025\/films\/las-demas\/\">Las Dem\u00e1s<\/a><\/h2><p class=\"w-post-elm post_custom_field usg_post_custom_field_3 has_text_color type_text director_x_xs\"><span class=\"w-post-elm-before\">De <\/span><span class=\"w-post-elm-value\">Alexandra Hyland - 81 min. - 2024<\/span><\/p><\/div>\t\t<\/div>\r\n\t<\/article>\r\n<\/div><div class=\"w-grid-preloader\"><div class=\"g-preloader type_2\">\r\n\t<div><\/div>\r\n<\/div>\r\n<\/div>\t<div class=\"w-grid-json hidden\" onclick='return {&quot;action&quot;:&quot;us_ajax_grid&quot;,&quot;ajax_url&quot;:&quot;https:\\\/\\\/ficc.ar\\\/buenosaires2025\\\/wp-admin\\\/admin-ajax.php&quot;,&quot;infinite_scroll&quot;:0,&quot;max_num_pages&quot;:1,&quot;pagination&quot;:&quot;none&quot;,&quot;permalink_url&quot;:&quot;https:\\\/\\\/ficc.ar\\\/buenosaires2025\\\/wp-json\\\/wp\\\/v2\\\/pages\\\/12&quot;,&quot;template_vars&quot;:{&quot;columns&quot;:&quot;3&quot;,&quot;exclude_items&quot;:&quot;none&quot;,&quot;img_size&quot;:&quot;default&quot;,&quot;ignore_items_size&quot;:0,&quot;items_layout&quot;:&quot;101&quot;,&quot;items_offset&quot;:&quot;1&quot;,&quot;load_animation&quot;:&quot;none&quot;,&quot;overriding_link&quot;:&quot;popup_post&quot;,&quot;post_id&quot;:0,&quot;query_args&quot;:{&quot;ignore_sticky_posts&quot;:1,&quot;post_type&quot;:&quot;any&quot;,&quot;post__in&quot;:[&quot;2073&quot;,&quot;2028&quot;,&quot;2511&quot;,&quot;2942&quot;],&quot;posts_per_page&quot;:&quot;10&quot;},&quot;orderby_query_args&quot;:{&quot;orderby&quot;:{&quot;date&quot;:&quot;DESC&quot;}},&quot;type&quot;:&quot;grid&quot;,&quot;us_grid_ajax_index&quot;:19,&quot;us_grid_filter_params&quot;:null,&quot;us_grid_index&quot;:19,&quot;_us_grid_post_type&quot;:&quot;ids&quot;,&quot;page_args&quot;:[]}}'><\/div>\r\n\t\t<div class=\"l-popup\">\r\n\t\t<div class=\"l-popup-overlay\"><\/div>\r\n\t\t<div class=\"l-popup-wrap\">\r\n\t\t\t<div class=\"l-popup-box\">\r\n\t\t\t\t<div class=\"l-popup-box-content\">\r\n\t\t\t\t\t<div class=\"g-preloader type_2\">\r\n\t\t\t\t\t\t<div><\/div>\r\n\t\t\t\t\t<\/div>\r\n\t\t\t\t\t<iframe class=\"l-popup-box-content-frame\" allowfullscreen><\/iframe>\r\n\t\t\t\t<\/div>\r\n\t\t\t<\/div>\r\n\t\t\t\t\t\t\t<div class=\"l-popup-arrow to_next\" title=\"Siguiente\"><\/div>\r\n\t\t\t\t<div class=\"l-popup-arrow to_prev\" title=\"Anterior\"><\/div>\r\n\t\t\t\t\t\t<div class=\"l-popup-closer\"><\/div>\r\n\t\t<\/div>\r\n\t<\/div>\r\n\t<\/div><\/div><\/div><\/div><div class=\"w-tabs-section\" id=\"td5b\"><button class=\"w-tabs-section-header\" aria-controls=\"content-td5b\" aria-expanded=\"false\"><div class=\"w-tabs-section-title\">JUEVES 20 de febrero<\/div><div class=\"w-tabs-section-control\"><\/div><\/button><div  class=\"w-tabs-section-content\" id=\"content-td5b\"><div class=\"w-tabs-section-content-h i-cf\"><div class=\"wpb_text_column us_custom_5fcb3cf2 aaa has_text_color\"><div class=\"wpb_wrapper\"><ul>\n<li><a href=\"https:\/\/www.instagram.com\/alianzafrancesabsas\/\">Alianza Francesa \/ Av. C\u00f3rdoba 946<\/a><\/li>\n<\/ul>\n<h3><span style=\"color: #ffffff\">18hs\u00a0 -PROYECCI\u00d3NES: THE COOK \/ APACHES DE LA ZONE \/ UNE NUIT A TRAVERS CHAMPS<\/span><\/h3>\n<\/div><\/div><div class=\"w-grid us_custom_e5aea6d2 type_grid layout_101 cols_3 popup_page ratio_16x9\" id=\"us_grid_20\" style=\"--gap:1.5rem;\"><style>@media (max-width:1024px){#us_grid_20 .w-grid-item{width:50%}#us_grid_20 .w-grid-item.size_2x1,#us_grid_20 .w-grid-item.size_2x2{width:100%}}@media (max-width:600px){#us_grid_20 .w-grid-list{margin:0}#us_grid_20 .w-grid-item{width:100%;padding:0;margin-bottom:var(--gap,0px)}}<\/style><div class=\"w-grid-list\">\t<article class=\"w-grid-item post-2922 films type-films status-publish has-post-thumbnail hentry categoria_film-competencia-internacional-de-cortometrajes-de-5-min-2\" data-id=\"2922\">\r\n\t\t<div class=\"w-grid-item-h\">\r\n\t\t\t\t\t\t\t<a class=\"w-grid-item-anchor\" href=\"https:\/\/ficc.ar\/buenosaires2025\/films\/the-cook\/\" rel=\"bookmark\" aria-label=\"The Cook\"><\/a>\r\n\t\t\t\t\t\t<div class=\"w-post-elm post_image usg_post_image_1 has_ratio\"><div style=\"padding-bottom:56.25%\"><\/div><a href=\"https:\/\/ficc.ar\/buenosaires2025\/films\/the-cook\/\" aria-label=\"The Cook\"><img loading=\"lazy\" decoding=\"async\" width=\"1024\" height=\"576\" src=\"https:\/\/ficc.ar\/buenosaires2025\/wp-content\/uploads\/sites\/17\/2025\/02\/The-Cook-1024x576.jpg\" class=\"attachment-large size-large wp-post-image\" alt=\"\" srcset=\"https:\/\/ficc.ar\/buenosaires2025\/wp-content\/uploads\/sites\/17\/2025\/02\/The-Cook-1024x576.jpg 1024w, https:\/\/ficc.ar\/buenosaires2025\/wp-content\/uploads\/sites\/17\/2025\/02\/The-Cook-300x169.jpg 300w, https:\/\/ficc.ar\/buenosaires2025\/wp-content\/uploads\/sites\/17\/2025\/02\/The-Cook.jpg 1920w\" sizes=\"auto, (max-width: 1024px) 100vw, 1024px\" \/><\/a><\/div><div class=\"w-vwrapper usg_vwrapper_1 grid_arrow_top align_center valign_top\"><h1 class=\"w-post-elm post_title usg_post_title_1 has_text_color entry-title color_link_inherit\"><a href=\"https:\/\/ficc.ar\/buenosaires2025\/films\/the-cook\/\" target=\"_blank\" rel=\"noopener nofollow\">The Cook<\/a><\/h1><p class=\"w-post-elm post_custom_field usg_post_custom_field_2 has_text_color type_text director_x_xs\"><span class=\"w-post-elm-before\">De <\/span><span class=\"w-post-elm-value\"> Vincent Bossel - 3 min. - 2022<\/span><\/p><\/div><div class=\"w-vwrapper usg_vwrapper_2 align_center valign_top\" style=\"--vwrapper-gap:0.3rem\"><h2 class=\"w-post-elm post_title usg_post_title_2 has_text_color entry-title color_link_inherit\"><a href=\"https:\/\/ficc.ar\/buenosaires2025\/films\/the-cook\/\">The Cook<\/a><\/h2><p class=\"w-post-elm post_custom_field usg_post_custom_field_3 has_text_color type_text director_x_xs\"><span class=\"w-post-elm-before\">De <\/span><span class=\"w-post-elm-value\"> Vincent Bossel - 3 min. - 2022<\/span><\/p><\/div>\t\t<\/div>\r\n\t<\/article>\r\n\t<article class=\"w-grid-item post-2926 films type-films status-publish has-post-thumbnail hentry categoria_film-competencia-internacional-de-cortometrajes-de-5-min\" data-id=\"2926\">\r\n\t\t<div class=\"w-grid-item-h\">\r\n\t\t\t\t\t\t\t<a class=\"w-grid-item-anchor\" href=\"https:\/\/ficc.ar\/buenosaires2025\/films\/apaches-de-la-zone\/\" rel=\"bookmark\" aria-label=\"Apaches de la zone\"><\/a>\r\n\t\t\t\t\t\t<div class=\"w-post-elm post_image usg_post_image_1 has_ratio\"><div style=\"padding-bottom:56.25%\"><\/div><a href=\"https:\/\/ficc.ar\/buenosaires2025\/films\/apaches-de-la-zone\/\" aria-label=\"Apaches de la zone\"><img loading=\"lazy\" decoding=\"async\" width=\"1024\" height=\"576\" src=\"https:\/\/ficc.ar\/buenosaires2025\/wp-content\/uploads\/sites\/17\/2025\/02\/Apaches-1024x576.jpg\" class=\"attachment-large size-large wp-post-image\" alt=\"\" srcset=\"https:\/\/ficc.ar\/buenosaires2025\/wp-content\/uploads\/sites\/17\/2025\/02\/Apaches-1024x576.jpg 1024w, https:\/\/ficc.ar\/buenosaires2025\/wp-content\/uploads\/sites\/17\/2025\/02\/Apaches-300x169.jpg 300w, https:\/\/ficc.ar\/buenosaires2025\/wp-content\/uploads\/sites\/17\/2025\/02\/Apaches.jpg 1920w\" sizes=\"auto, (max-width: 1024px) 100vw, 1024px\" \/><\/a><\/div><div class=\"w-vwrapper usg_vwrapper_1 grid_arrow_top align_center valign_top\"><h1 class=\"w-post-elm post_title usg_post_title_1 has_text_color entry-title color_link_inherit\"><a href=\"https:\/\/ficc.ar\/buenosaires2025\/films\/apaches-de-la-zone\/\" target=\"_blank\" rel=\"noopener nofollow\">Apaches de la zone<\/a><\/h1><p class=\"w-post-elm post_custom_field usg_post_custom_field_2 has_text_color type_text director_x_xs\"><span class=\"w-post-elm-before\">De <\/span><span class=\"w-post-elm-value\">Jos\u00e9 Eon - 16 min. - 2024<\/span><\/p><\/div><div class=\"w-vwrapper usg_vwrapper_2 align_center valign_top\" style=\"--vwrapper-gap:0.3rem\"><h2 class=\"w-post-elm post_title usg_post_title_2 has_text_color entry-title color_link_inherit\"><a href=\"https:\/\/ficc.ar\/buenosaires2025\/films\/apaches-de-la-zone\/\">Apaches de la zone<\/a><\/h2><p class=\"w-post-elm post_custom_field usg_post_custom_field_3 has_text_color type_text director_x_xs\"><span class=\"w-post-elm-before\">De <\/span><span class=\"w-post-elm-value\">Jos\u00e9 Eon - 16 min. - 2024<\/span><\/p><\/div>\t\t<\/div>\r\n\t<\/article>\r\n\t<article class=\"w-grid-item post-2900 films type-films status-publish has-post-thumbnail hentry categoria_film-competencia-internacional-de-largometrajes-de-ficcion\" data-id=\"2900\">\r\n\t\t<div class=\"w-grid-item-h\">\r\n\t\t\t\t\t\t\t<a class=\"w-grid-item-anchor\" href=\"https:\/\/ficc.ar\/buenosaires2025\/films\/une-nuit-a-travers-champs\/\" rel=\"bookmark\" aria-label=\"Une nuit, \u00e0 travers champs\"><\/a>\r\n\t\t\t\t\t\t<div class=\"w-post-elm post_image usg_post_image_1 has_ratio\"><div style=\"padding-bottom:56.25%\"><\/div><a href=\"https:\/\/ficc.ar\/buenosaires2025\/films\/une-nuit-a-travers-champs\/\" aria-label=\"Une nuit, \u00e0 travers champs\"><img loading=\"lazy\" decoding=\"async\" width=\"1024\" height=\"576\" src=\"https:\/\/ficc.ar\/buenosaires2025\/wp-content\/uploads\/sites\/17\/2025\/02\/Une-nuit-1024x576.jpg\" class=\"attachment-large size-large wp-post-image\" alt=\"\" srcset=\"https:\/\/ficc.ar\/buenosaires2025\/wp-content\/uploads\/sites\/17\/2025\/02\/Une-nuit-1024x576.jpg 1024w, https:\/\/ficc.ar\/buenosaires2025\/wp-content\/uploads\/sites\/17\/2025\/02\/Une-nuit-300x169.jpg 300w, https:\/\/ficc.ar\/buenosaires2025\/wp-content\/uploads\/sites\/17\/2025\/02\/Une-nuit.jpg 1920w\" sizes=\"auto, (max-width: 1024px) 100vw, 1024px\" \/><\/a><\/div><div class=\"w-vwrapper usg_vwrapper_1 grid_arrow_top align_center valign_top\"><h1 class=\"w-post-elm post_title usg_post_title_1 has_text_color entry-title color_link_inherit\"><a href=\"https:\/\/ficc.ar\/buenosaires2025\/films\/une-nuit-a-travers-champs\/\" target=\"_blank\" rel=\"noopener nofollow\">Une nuit, \u00e0 travers champs<\/a><\/h1><p class=\"w-post-elm post_custom_field usg_post_custom_field_2 has_text_color type_text director_x_xs\"><span class=\"w-post-elm-before\">De <\/span><span class=\"w-post-elm-value\">Guillaume Gr\u00e9lardon - 60 min. - 2020<\/span><\/p><\/div><div class=\"w-vwrapper usg_vwrapper_2 align_center valign_top\" style=\"--vwrapper-gap:0.3rem\"><h2 class=\"w-post-elm post_title usg_post_title_2 has_text_color entry-title color_link_inherit\"><a href=\"https:\/\/ficc.ar\/buenosaires2025\/films\/une-nuit-a-travers-champs\/\">Une nuit, \u00e0 travers champs<\/a><\/h2><p class=\"w-post-elm post_custom_field usg_post_custom_field_3 has_text_color type_text director_x_xs\"><span class=\"w-post-elm-before\">De <\/span><span class=\"w-post-elm-value\">Guillaume Gr\u00e9lardon - 60 min. - 2020<\/span><\/p><\/div>\t\t<\/div>\r\n\t<\/article>\r\n<\/div><div class=\"w-grid-preloader\"><div class=\"g-preloader type_2\">\r\n\t<div><\/div>\r\n<\/div>\r\n<\/div>\t<div class=\"w-grid-json hidden\" onclick='return {&quot;action&quot;:&quot;us_ajax_grid&quot;,&quot;ajax_url&quot;:&quot;https:\\\/\\\/ficc.ar\\\/buenosaires2025\\\/wp-admin\\\/admin-ajax.php&quot;,&quot;infinite_scroll&quot;:0,&quot;max_num_pages&quot;:1,&quot;pagination&quot;:&quot;none&quot;,&quot;permalink_url&quot;:&quot;https:\\\/\\\/ficc.ar\\\/buenosaires2025\\\/wp-json\\\/wp\\\/v2\\\/pages\\\/12&quot;,&quot;template_vars&quot;:{&quot;columns&quot;:&quot;3&quot;,&quot;exclude_items&quot;:&quot;none&quot;,&quot;img_size&quot;:&quot;default&quot;,&quot;ignore_items_size&quot;:0,&quot;items_layout&quot;:&quot;101&quot;,&quot;items_offset&quot;:&quot;1&quot;,&quot;load_animation&quot;:&quot;none&quot;,&quot;overriding_link&quot;:&quot;popup_post&quot;,&quot;post_id&quot;:0,&quot;query_args&quot;:{&quot;ignore_sticky_posts&quot;:1,&quot;post_type&quot;:&quot;any&quot;,&quot;post__in&quot;:[&quot;2922&quot;,&quot;2926&quot;,&quot;2900&quot;],&quot;posts_per_page&quot;:&quot;10&quot;},&quot;orderby_query_args&quot;:{&quot;orderby&quot;:{&quot;post__in&quot;:&quot;ASC&quot;},&quot;order&quot;:&quot;ASC&quot;},&quot;type&quot;:&quot;grid&quot;,&quot;us_grid_ajax_index&quot;:20,&quot;us_grid_filter_params&quot;:null,&quot;us_grid_index&quot;:20,&quot;_us_grid_post_type&quot;:&quot;ids&quot;,&quot;page_args&quot;:[]}}'><\/div>\r\n\t\t<div class=\"l-popup\">\r\n\t\t<div class=\"l-popup-overlay\"><\/div>\r\n\t\t<div class=\"l-popup-wrap\">\r\n\t\t\t<div class=\"l-popup-box\">\r\n\t\t\t\t<div class=\"l-popup-box-content\">\r\n\t\t\t\t\t<div class=\"g-preloader type_2\">\r\n\t\t\t\t\t\t<div><\/div>\r\n\t\t\t\t\t<\/div>\r\n\t\t\t\t\t<iframe class=\"l-popup-box-content-frame\" allowfullscreen><\/iframe>\r\n\t\t\t\t<\/div>\r\n\t\t\t<\/div>\r\n\t\t\t\t\t\t\t<div class=\"l-popup-arrow to_next\" title=\"Siguiente\"><\/div>\r\n\t\t\t\t<div class=\"l-popup-arrow to_prev\" title=\"Anterior\"><\/div>\r\n\t\t\t\t\t\t<div class=\"l-popup-closer\"><\/div>\r\n\t\t<\/div>\r\n\t<\/div>\r\n\t<\/div><div class=\"w-separator size_large with_line width_default thick_2 style_solid color_border align_center\"><div class=\"w-separator-h\"><\/div><\/div><div class=\"wpb_text_column us_custom_5fcb3cf2 aaa has_text_color\"><div class=\"wpb_wrapper\"><ul>\n<li><a href=\"https:\/\/www.instagram.com\/casabrandon\/\" target=\"_blank\" rel=\"noopener\">Casa Brandon \/ <\/a><a href=\"https:\/\/maps.app.goo.gl\/BUmahrpvGt14fjBV6\">Luis Mar\u00eda Drago 236<\/a><\/li>\n<\/ul>\n<h3><span style=\"color: #ffffff\">19hs &#8211; PROYECCI\u00d3N: VERA Y EL PLACER DE LOS OTROS<\/span><\/h3>\n<\/div><\/div><div class=\"w-grid type_grid layout_101 cols_3 popup_page ratio_16x9\" id=\"us_grid_21\" style=\"--gap:1.5rem;\"><style>@media (max-width:1024px){#us_grid_21 .w-grid-item{width:50%}#us_grid_21 .w-grid-item.size_2x1,#us_grid_21 .w-grid-item.size_2x2{width:100%}}@media (max-width:600px){#us_grid_21 .w-grid-list{margin:0}#us_grid_21 .w-grid-item{width:100%;padding:0;margin-bottom:var(--gap,0px)}}<\/style><div class=\"w-grid-list\">\t<article class=\"w-grid-item post-2902 films type-films status-publish has-post-thumbnail hentry categoria_film-competencia-internacional-de-largometrajes-de-ficcion\" data-id=\"2902\">\r\n\t\t<div class=\"w-grid-item-h\">\r\n\t\t\t\t\t\t\t<a class=\"w-grid-item-anchor\" href=\"https:\/\/ficc.ar\/buenosaires2025\/films\/vera-y-el-placer-de-los-otros\/\" rel=\"bookmark\" aria-label=\"Vera y el placer de los otros\"><\/a>\r\n\t\t\t\t\t\t<div class=\"w-post-elm post_image usg_post_image_1 has_ratio\"><div style=\"padding-bottom:56.25%\"><\/div><a href=\"https:\/\/ficc.ar\/buenosaires2025\/films\/vera-y-el-placer-de-los-otros\/\" aria-label=\"Vera y el placer de los otros\"><img loading=\"lazy\" decoding=\"async\" width=\"1024\" height=\"576\" src=\"https:\/\/ficc.ar\/buenosaires2025\/wp-content\/uploads\/sites\/17\/2025\/02\/Vera-y-el-placer-1024x576.jpg\" class=\"attachment-large size-large wp-post-image\" alt=\"\" srcset=\"https:\/\/ficc.ar\/buenosaires2025\/wp-content\/uploads\/sites\/17\/2025\/02\/Vera-y-el-placer-1024x576.jpg 1024w, https:\/\/ficc.ar\/buenosaires2025\/wp-content\/uploads\/sites\/17\/2025\/02\/Vera-y-el-placer-300x169.jpg 300w, https:\/\/ficc.ar\/buenosaires2025\/wp-content\/uploads\/sites\/17\/2025\/02\/Vera-y-el-placer.jpg 1920w\" sizes=\"auto, (max-width: 1024px) 100vw, 1024px\" \/><\/a><\/div><div class=\"w-vwrapper usg_vwrapper_1 grid_arrow_top align_center valign_top\"><h1 class=\"w-post-elm post_title usg_post_title_1 has_text_color entry-title color_link_inherit\"><a href=\"https:\/\/ficc.ar\/buenosaires2025\/films\/vera-y-el-placer-de-los-otros\/\" target=\"_blank\" rel=\"noopener nofollow\">Vera y el placer de los otros<\/a><\/h1><p class=\"w-post-elm post_custom_field usg_post_custom_field_2 has_text_color type_text director_x_xs\"><span class=\"w-post-elm-before\">De <\/span><span class=\"w-post-elm-value\">Romina Tamburello y Federico Actis- 103 min. - 2023<\/span><\/p><\/div><div class=\"w-vwrapper usg_vwrapper_2 align_center valign_top\" style=\"--vwrapper-gap:0.3rem\"><h2 class=\"w-post-elm post_title usg_post_title_2 has_text_color entry-title color_link_inherit\"><a href=\"https:\/\/ficc.ar\/buenosaires2025\/films\/vera-y-el-placer-de-los-otros\/\">Vera y el placer de los otros<\/a><\/h2><p class=\"w-post-elm post_custom_field usg_post_custom_field_3 has_text_color type_text director_x_xs\"><span class=\"w-post-elm-before\">De <\/span><span class=\"w-post-elm-value\">Romina Tamburello y Federico Actis- 103 min. - 2023<\/span><\/p><\/div>\t\t<\/div>\r\n\t<\/article>\r\n<\/div><div class=\"w-grid-preloader\"><div class=\"g-preloader type_2\">\r\n\t<div><\/div>\r\n<\/div>\r\n<\/div>\t<div class=\"w-grid-json hidden\" onclick='return {&quot;action&quot;:&quot;us_ajax_grid&quot;,&quot;ajax_url&quot;:&quot;https:\\\/\\\/ficc.ar\\\/buenosaires2025\\\/wp-admin\\\/admin-ajax.php&quot;,&quot;infinite_scroll&quot;:0,&quot;max_num_pages&quot;:1,&quot;pagination&quot;:&quot;none&quot;,&quot;permalink_url&quot;:&quot;https:\\\/\\\/ficc.ar\\\/buenosaires2025\\\/wp-json\\\/wp\\\/v2\\\/pages\\\/12&quot;,&quot;template_vars&quot;:{&quot;columns&quot;:&quot;3&quot;,&quot;exclude_items&quot;:&quot;none&quot;,&quot;img_size&quot;:&quot;default&quot;,&quot;ignore_items_size&quot;:0,&quot;items_layout&quot;:&quot;101&quot;,&quot;items_offset&quot;:&quot;1&quot;,&quot;load_animation&quot;:&quot;none&quot;,&quot;overriding_link&quot;:&quot;popup_post&quot;,&quot;post_id&quot;:0,&quot;query_args&quot;:{&quot;ignore_sticky_posts&quot;:1,&quot;post_type&quot;:&quot;any&quot;,&quot;post__in&quot;:[&quot;2902&quot;],&quot;posts_per_page&quot;:&quot;10&quot;},&quot;orderby_query_args&quot;:{&quot;orderby&quot;:{&quot;date&quot;:&quot;DESC&quot;}},&quot;type&quot;:&quot;grid&quot;,&quot;us_grid_ajax_index&quot;:21,&quot;us_grid_filter_params&quot;:null,&quot;us_grid_index&quot;:21,&quot;_us_grid_post_type&quot;:&quot;ids&quot;,&quot;page_args&quot;:[]}}'><\/div>\r\n\t\t<div class=\"l-popup\">\r\n\t\t<div class=\"l-popup-overlay\"><\/div>\r\n\t\t<div class=\"l-popup-wrap\">\r\n\t\t\t<div class=\"l-popup-box\">\r\n\t\t\t\t<div class=\"l-popup-box-content\">\r\n\t\t\t\t\t<div class=\"g-preloader type_2\">\r\n\t\t\t\t\t\t<div><\/div>\r\n\t\t\t\t\t<\/div>\r\n\t\t\t\t\t<iframe class=\"l-popup-box-content-frame\" allowfullscreen><\/iframe>\r\n\t\t\t\t<\/div>\r\n\t\t\t<\/div>\r\n\t\t\t\t\t\t\t<div class=\"l-popup-arrow to_next\" title=\"Siguiente\"><\/div>\r\n\t\t\t\t<div class=\"l-popup-arrow to_prev\" title=\"Anterior\"><\/div>\r\n\t\t\t\t\t\t<div class=\"l-popup-closer\"><\/div>\r\n\t\t<\/div>\r\n\t<\/div>\r\n\t<\/div><div class=\"w-separator size_large with_line width_default thick_2 style_solid color_border align_center\"><div class=\"w-separator-h\"><\/div><\/div><div class=\"wpb_text_column us_custom_114a057e aaa\"><div class=\"wpb_wrapper\"><h4><a href=\"https:\/\/www.instagram.com\/wokitoki.santelmo\/\"><span style=\"font-weight: 400\">Woki Toki &#8211; Espacio Cultural <\/span><\/a><a href=\"https:\/\/www.google.com\/maps\/place\/Woki+Toki\/@-34.6185691,-58.3788189,17z\/data=!3m1!4b1!4m6!3m5!1s0x95bccbac23b4c7b5:0xac2b487106bda33c!8m2!3d-34.6185691!4d-58.3788189!16s%2Fg%2F11styr9bdv?entry=ttu&amp;g_ep=EgoyMDI1MDEyNi4wIKXMDSoASAFQAw%3D%3D\"><span style=\"font-weight: 400\">\u00a0\/ Tacuar\u00ed 905<\/span><\/a><\/h4>\n<h3><span style=\"color: #ffffff\">20hs &#8211; Taller de la Red de plantas saludables por el buen vivir<\/span><\/h3>\n<\/div><\/div><div class=\"w-separator size_large with_line width_default thick_2 style_dotted color_border align_center\"><div class=\"w-separator-h\"><\/div><\/div><div class=\"wpb_text_column us_custom_114a057e aaa\"><div class=\"wpb_wrapper\"><h3><span style=\"color: #ffffff\">21 hs. &#8211; PROYECCI\u00d3NES: CURANDERAS \/ AL IMPENETRABLE<\/span><\/h3>\n<\/div><\/div><div class=\"w-grid type_grid layout_101 cols_3 popup_page ratio_16x9\" id=\"us_grid_22\" style=\"--gap:1.5rem;\"><style>@media (max-width:1024px){#us_grid_22 .w-grid-item{width:50%}#us_grid_22 .w-grid-item.size_2x1,#us_grid_22 .w-grid-item.size_2x2{width:100%}}@media (max-width:600px){#us_grid_22 .w-grid-list{margin:0}#us_grid_22 .w-grid-item{width:100%;padding:0;margin-bottom:var(--gap,0px)}}<\/style><div class=\"w-grid-list\">\t<article class=\"w-grid-item post-3065 films type-films status-publish has-post-thumbnail hentry categoria_film-competencia-internacional-de-cortometrajes-de-5-min-2\" data-id=\"3065\">\r\n\t\t<div class=\"w-grid-item-h\">\r\n\t\t\t\t\t\t\t<a class=\"w-grid-item-anchor\" href=\"https:\/\/ficc.ar\/buenosaires2025\/films\/curanderas\/\" rel=\"bookmark\" aria-label=\"Curanderas\"><\/a>\r\n\t\t\t\t\t\t<div class=\"w-post-elm post_image usg_post_image_1 has_ratio\"><div style=\"padding-bottom:56.25%\"><\/div><a href=\"https:\/\/ficc.ar\/buenosaires2025\/films\/curanderas\/\" aria-label=\"Curanderas\"><img loading=\"lazy\" decoding=\"async\" width=\"1024\" height=\"576\" src=\"https:\/\/ficc.ar\/buenosaires2025\/wp-content\/uploads\/sites\/17\/2025\/02\/Curanderas-1024x576.jpg\" class=\"attachment-large size-large wp-post-image\" alt=\"\" srcset=\"https:\/\/ficc.ar\/buenosaires2025\/wp-content\/uploads\/sites\/17\/2025\/02\/Curanderas-1024x576.jpg 1024w, https:\/\/ficc.ar\/buenosaires2025\/wp-content\/uploads\/sites\/17\/2025\/02\/Curanderas-300x169.jpg 300w, https:\/\/ficc.ar\/buenosaires2025\/wp-content\/uploads\/sites\/17\/2025\/02\/Curanderas.jpg 1920w\" sizes=\"auto, (max-width: 1024px) 100vw, 1024px\" \/><\/a><\/div><div class=\"w-vwrapper usg_vwrapper_1 grid_arrow_top align_center valign_top\"><h1 class=\"w-post-elm post_title usg_post_title_1 has_text_color entry-title color_link_inherit\"><a href=\"https:\/\/ficc.ar\/buenosaires2025\/films\/curanderas\/\" target=\"_blank\" rel=\"noopener nofollow\">Curanderas<\/a><\/h1><p class=\"w-post-elm post_custom_field usg_post_custom_field_2 has_text_color type_text director_x_xs\"><span class=\"w-post-elm-before\">De <\/span><span class=\"w-post-elm-value\">Natalia Ortiz \/ Colectivo Yama - 4.30 min. - 2023<\/span><\/p><\/div><div class=\"w-vwrapper usg_vwrapper_2 align_center valign_top\" style=\"--vwrapper-gap:0.3rem\"><h2 class=\"w-post-elm post_title usg_post_title_2 has_text_color entry-title color_link_inherit\"><a href=\"https:\/\/ficc.ar\/buenosaires2025\/films\/curanderas\/\">Curanderas<\/a><\/h2><p class=\"w-post-elm post_custom_field usg_post_custom_field_3 has_text_color type_text director_x_xs\"><span class=\"w-post-elm-before\">De <\/span><span class=\"w-post-elm-value\">Natalia Ortiz \/ Colectivo Yama - 4.30 min. - 2023<\/span><\/p><\/div>\t\t<\/div>\r\n\t<\/article>\r\n\t<article class=\"w-grid-item post-2888 films type-films status-publish has-post-thumbnail hentry categoria_film-competencia-internacional-de-largometrajes-de-ficcion\" data-id=\"2888\">\r\n\t\t<div class=\"w-grid-item-h\">\r\n\t\t\t\t\t\t\t<a class=\"w-grid-item-anchor\" href=\"https:\/\/ficc.ar\/buenosaires2025\/films\/al-impenetrable\/\" rel=\"bookmark\" aria-label=\"Al impenetrable\"><\/a>\r\n\t\t\t\t\t\t<div class=\"w-post-elm post_image usg_post_image_1 has_ratio\"><div style=\"padding-bottom:56.25%\"><\/div><a href=\"https:\/\/ficc.ar\/buenosaires2025\/films\/al-impenetrable\/\" aria-label=\"Al impenetrable\"><img loading=\"lazy\" decoding=\"async\" width=\"1024\" height=\"576\" src=\"https:\/\/ficc.ar\/buenosaires2025\/wp-content\/uploads\/sites\/17\/2025\/02\/Al-impenetrable-1024x576.jpg\" class=\"attachment-large size-large wp-post-image\" alt=\"\" srcset=\"https:\/\/ficc.ar\/buenosaires2025\/wp-content\/uploads\/sites\/17\/2025\/02\/Al-impenetrable-1024x576.jpg 1024w, https:\/\/ficc.ar\/buenosaires2025\/wp-content\/uploads\/sites\/17\/2025\/02\/Al-impenetrable-300x169.jpg 300w, https:\/\/ficc.ar\/buenosaires2025\/wp-content\/uploads\/sites\/17\/2025\/02\/Al-impenetrable.jpg 1920w\" sizes=\"auto, (max-width: 1024px) 100vw, 1024px\" \/><\/a><\/div><div class=\"w-vwrapper usg_vwrapper_1 grid_arrow_top align_center valign_top\"><h1 class=\"w-post-elm post_title usg_post_title_1 has_text_color entry-title color_link_inherit\"><a href=\"https:\/\/ficc.ar\/buenosaires2025\/films\/al-impenetrable\/\" target=\"_blank\" rel=\"noopener nofollow\">Al impenetrable<\/a><\/h1><p class=\"w-post-elm post_custom_field usg_post_custom_field_2 has_text_color type_text director_x_xs\"><span class=\"w-post-elm-before\">De <\/span><span class=\"w-post-elm-value\">Sonia Bertotti - 88 min. - 2023<\/span><\/p><\/div><div class=\"w-vwrapper usg_vwrapper_2 align_center valign_top\" style=\"--vwrapper-gap:0.3rem\"><h2 class=\"w-post-elm post_title usg_post_title_2 has_text_color entry-title color_link_inherit\"><a href=\"https:\/\/ficc.ar\/buenosaires2025\/films\/al-impenetrable\/\">Al impenetrable<\/a><\/h2><p class=\"w-post-elm post_custom_field usg_post_custom_field_3 has_text_color type_text director_x_xs\"><span class=\"w-post-elm-before\">De <\/span><span class=\"w-post-elm-value\">Sonia Bertotti - 88 min. - 2023<\/span><\/p><\/div>\t\t<\/div>\r\n\t<\/article>\r\n<\/div><div class=\"w-grid-preloader\"><div class=\"g-preloader type_2\">\r\n\t<div><\/div>\r\n<\/div>\r\n<\/div>\t<div class=\"w-grid-json hidden\" onclick='return {&quot;action&quot;:&quot;us_ajax_grid&quot;,&quot;ajax_url&quot;:&quot;https:\\\/\\\/ficc.ar\\\/buenosaires2025\\\/wp-admin\\\/admin-ajax.php&quot;,&quot;infinite_scroll&quot;:0,&quot;max_num_pages&quot;:1,&quot;pagination&quot;:&quot;none&quot;,&quot;permalink_url&quot;:&quot;https:\\\/\\\/ficc.ar\\\/buenosaires2025\\\/wp-json\\\/wp\\\/v2\\\/pages\\\/12&quot;,&quot;template_vars&quot;:{&quot;columns&quot;:&quot;3&quot;,&quot;exclude_items&quot;:&quot;none&quot;,&quot;img_size&quot;:&quot;default&quot;,&quot;ignore_items_size&quot;:0,&quot;items_layout&quot;:&quot;101&quot;,&quot;items_offset&quot;:&quot;1&quot;,&quot;load_animation&quot;:&quot;none&quot;,&quot;overriding_link&quot;:&quot;popup_post&quot;,&quot;post_id&quot;:0,&quot;query_args&quot;:{&quot;ignore_sticky_posts&quot;:1,&quot;post_type&quot;:&quot;any&quot;,&quot;post__in&quot;:[&quot;3065&quot;,&quot;2888&quot;],&quot;posts_per_page&quot;:&quot;10&quot;},&quot;orderby_query_args&quot;:{&quot;orderby&quot;:{&quot;date&quot;:&quot;DESC&quot;}},&quot;type&quot;:&quot;grid&quot;,&quot;us_grid_ajax_index&quot;:22,&quot;us_grid_filter_params&quot;:null,&quot;us_grid_index&quot;:22,&quot;_us_grid_post_type&quot;:&quot;ids&quot;,&quot;page_args&quot;:[]}}'><\/div>\r\n\t\t<div class=\"l-popup\">\r\n\t\t<div class=\"l-popup-overlay\"><\/div>\r\n\t\t<div class=\"l-popup-wrap\">\r\n\t\t\t<div class=\"l-popup-box\">\r\n\t\t\t\t<div class=\"l-popup-box-content\">\r\n\t\t\t\t\t<div class=\"g-preloader type_2\">\r\n\t\t\t\t\t\t<div><\/div>\r\n\t\t\t\t\t<\/div>\r\n\t\t\t\t\t<iframe class=\"l-popup-box-content-frame\" allowfullscreen><\/iframe>\r\n\t\t\t\t<\/div>\r\n\t\t\t<\/div>\r\n\t\t\t\t\t\t\t<div class=\"l-popup-arrow to_next\" title=\"Siguiente\"><\/div>\r\n\t\t\t\t<div class=\"l-popup-arrow to_prev\" title=\"Anterior\"><\/div>\r\n\t\t\t\t\t\t<div class=\"l-popup-closer\"><\/div>\r\n\t\t<\/div>\r\n\t<\/div>\r\n\t<\/div><div class=\"w-separator size_large with_line width_default thick_2 style_solid color_border align_center\"><div class=\"w-separator-h\"><\/div><\/div><div class=\"wpb_text_column us_custom_6df4bc3a aaa has_text_color\"><div class=\"wpb_wrapper\"><ul>\n<li><a href=\"https:\/\/www.instagram.com\/wokitoki.santelmo\/\"><span style=\"font-weight: 400\">La paz arriba \/ Av. Callao 1082<\/span><\/a><\/li>\n<\/ul>\n<h3><span style=\"color: #ffffff\">21hs. &#8211; PROYECCI\u00d3NES: WAKE UP \/ FUCK YOU! <\/span><span style=\"color: #ffffff\">EL ULTIMO SHOW<\/span><\/h3>\n<\/div><\/div><div class=\"w-grid type_grid layout_101 cols_3 popup_page ratio_16x9\" id=\"us_grid_23\" style=\"--gap:1.5rem;\"><style>@media (max-width:1024px){#us_grid_23 .w-grid-item{width:50%}#us_grid_23 .w-grid-item.size_2x1,#us_grid_23 .w-grid-item.size_2x2{width:100%}}@media (max-width:600px){#us_grid_23 .w-grid-list{margin:0}#us_grid_23 .w-grid-item{width:100%;padding:0;margin-bottom:var(--gap,0px)}}<\/style><div class=\"w-grid-list\">\t<article class=\"w-grid-item post-2924 films type-films status-publish has-post-thumbnail hentry categoria_film-competencia-internacional-de-cortometrajes-de-5-min-2\" data-id=\"2924\">\r\n\t\t<div class=\"w-grid-item-h\">\r\n\t\t\t\t\t\t\t<a class=\"w-grid-item-anchor\" href=\"https:\/\/ficc.ar\/buenosaires2025\/films\/wake-up\/\" rel=\"bookmark\" aria-label=\"Wake Up\"><\/a>\r\n\t\t\t\t\t\t<div class=\"w-post-elm post_image usg_post_image_1 has_ratio\"><div style=\"padding-bottom:56.25%\"><\/div><a href=\"https:\/\/ficc.ar\/buenosaires2025\/films\/wake-up\/\" aria-label=\"Wake Up\"><img loading=\"lazy\" decoding=\"async\" width=\"1024\" height=\"576\" src=\"https:\/\/ficc.ar\/buenosaires2025\/wp-content\/uploads\/sites\/17\/2025\/02\/Wake-up-1024x576.jpg\" class=\"attachment-large size-large wp-post-image\" alt=\"\" srcset=\"https:\/\/ficc.ar\/buenosaires2025\/wp-content\/uploads\/sites\/17\/2025\/02\/Wake-up-1024x576.jpg 1024w, https:\/\/ficc.ar\/buenosaires2025\/wp-content\/uploads\/sites\/17\/2025\/02\/Wake-up-300x169.jpg 300w, https:\/\/ficc.ar\/buenosaires2025\/wp-content\/uploads\/sites\/17\/2025\/02\/Wake-up.jpg 1920w\" sizes=\"auto, (max-width: 1024px) 100vw, 1024px\" \/><\/a><\/div><div class=\"w-vwrapper usg_vwrapper_1 grid_arrow_top align_center valign_top\"><h1 class=\"w-post-elm post_title usg_post_title_1 has_text_color entry-title color_link_inherit\"><a href=\"https:\/\/ficc.ar\/buenosaires2025\/films\/wake-up\/\" target=\"_blank\" rel=\"noopener nofollow\">Wake Up<\/a><\/h1><p class=\"w-post-elm post_custom_field usg_post_custom_field_2 has_text_color type_text director_x_xs\"><span class=\"w-post-elm-before\">De <\/span><span class=\"w-post-elm-value\"> Joaqu\u00edn Follador - 3.30 min. - 2024<\/span><\/p><\/div><div class=\"w-vwrapper usg_vwrapper_2 align_center valign_top\" style=\"--vwrapper-gap:0.3rem\"><h2 class=\"w-post-elm post_title usg_post_title_2 has_text_color entry-title color_link_inherit\"><a href=\"https:\/\/ficc.ar\/buenosaires2025\/films\/wake-up\/\">Wake Up<\/a><\/h2><p class=\"w-post-elm post_custom_field usg_post_custom_field_3 has_text_color type_text director_x_xs\"><span class=\"w-post-elm-before\">De <\/span><span class=\"w-post-elm-value\"> Joaqu\u00edn Follador - 3.30 min. - 2024<\/span><\/p><\/div>\t\t<\/div>\r\n\t<\/article>\r\n\t<article class=\"w-grid-item post-2904 films type-films status-publish has-post-thumbnail hentry categoria_film-competencia-internacional-de-largometrajes-documentales\" data-id=\"2904\">\r\n\t\t<div class=\"w-grid-item-h\">\r\n\t\t\t\t\t\t\t<a class=\"w-grid-item-anchor\" href=\"https:\/\/ficc.ar\/buenosaires2025\/films\/fuck-you-el-ultimo-show\/\" rel=\"bookmark\" aria-label=\"Fuck You! El \u00faltimo show\"><\/a>\r\n\t\t\t\t\t\t<div class=\"w-post-elm post_image usg_post_image_1 has_ratio\"><div style=\"padding-bottom:56.25%\"><\/div><a href=\"https:\/\/ficc.ar\/buenosaires2025\/films\/fuck-you-el-ultimo-show\/\" aria-label=\"Fuck You! El \u00faltimo show\"><img loading=\"lazy\" decoding=\"async\" width=\"1024\" height=\"576\" src=\"https:\/\/ficc.ar\/buenosaires2025\/wp-content\/uploads\/sites\/17\/2025\/02\/Fuck-you-1024x576.jpg\" class=\"attachment-large size-large wp-post-image\" alt=\"\" srcset=\"https:\/\/ficc.ar\/buenosaires2025\/wp-content\/uploads\/sites\/17\/2025\/02\/Fuck-you-1024x576.jpg 1024w, https:\/\/ficc.ar\/buenosaires2025\/wp-content\/uploads\/sites\/17\/2025\/02\/Fuck-you-300x169.jpg 300w, https:\/\/ficc.ar\/buenosaires2025\/wp-content\/uploads\/sites\/17\/2025\/02\/Fuck-you.jpg 1920w\" sizes=\"auto, (max-width: 1024px) 100vw, 1024px\" \/><\/a><\/div><div class=\"w-vwrapper usg_vwrapper_1 grid_arrow_top align_center valign_top\"><h1 class=\"w-post-elm post_title usg_post_title_1 has_text_color entry-title color_link_inherit\"><a href=\"https:\/\/ficc.ar\/buenosaires2025\/films\/fuck-you-el-ultimo-show\/\" target=\"_blank\" rel=\"noopener nofollow\">Fuck You! El \u00faltimo show<\/a><\/h1><p class=\"w-post-elm post_custom_field usg_post_custom_field_2 has_text_color type_text director_x_xs\"><span class=\"w-post-elm-before\">De <\/span><span class=\"w-post-elm-value\">Jos\u00e9 Luis Garc\u00eda - 81 min. - 2024<\/span><\/p><\/div><div class=\"w-vwrapper usg_vwrapper_2 align_center valign_top\" style=\"--vwrapper-gap:0.3rem\"><h2 class=\"w-post-elm post_title usg_post_title_2 has_text_color entry-title color_link_inherit\"><a href=\"https:\/\/ficc.ar\/buenosaires2025\/films\/fuck-you-el-ultimo-show\/\">Fuck You! El \u00faltimo show<\/a><\/h2><p class=\"w-post-elm post_custom_field usg_post_custom_field_3 has_text_color type_text director_x_xs\"><span class=\"w-post-elm-before\">De <\/span><span class=\"w-post-elm-value\">Jos\u00e9 Luis Garc\u00eda - 81 min. - 2024<\/span><\/p><\/div>\t\t<\/div>\r\n\t<\/article>\r\n<\/div><div class=\"w-grid-preloader\"><div class=\"g-preloader type_2\">\r\n\t<div><\/div>\r\n<\/div>\r\n<\/div>\t<div class=\"w-grid-json hidden\" onclick='return {&quot;action&quot;:&quot;us_ajax_grid&quot;,&quot;ajax_url&quot;:&quot;https:\\\/\\\/ficc.ar\\\/buenosaires2025\\\/wp-admin\\\/admin-ajax.php&quot;,&quot;infinite_scroll&quot;:0,&quot;max_num_pages&quot;:1,&quot;pagination&quot;:&quot;none&quot;,&quot;permalink_url&quot;:&quot;https:\\\/\\\/ficc.ar\\\/buenosaires2025\\\/wp-json\\\/wp\\\/v2\\\/pages\\\/12&quot;,&quot;template_vars&quot;:{&quot;columns&quot;:&quot;3&quot;,&quot;exclude_items&quot;:&quot;none&quot;,&quot;img_size&quot;:&quot;default&quot;,&quot;ignore_items_size&quot;:0,&quot;items_layout&quot;:&quot;101&quot;,&quot;items_offset&quot;:&quot;1&quot;,&quot;load_animation&quot;:&quot;none&quot;,&quot;overriding_link&quot;:&quot;popup_post&quot;,&quot;post_id&quot;:0,&quot;query_args&quot;:{&quot;ignore_sticky_posts&quot;:1,&quot;post_type&quot;:&quot;any&quot;,&quot;post__in&quot;:[&quot;2924&quot;,&quot;2904&quot;],&quot;posts_per_page&quot;:&quot;10&quot;},&quot;orderby_query_args&quot;:{&quot;orderby&quot;:{&quot;date&quot;:&quot;DESC&quot;}},&quot;type&quot;:&quot;grid&quot;,&quot;us_grid_ajax_index&quot;:23,&quot;us_grid_filter_params&quot;:null,&quot;us_grid_index&quot;:23,&quot;_us_grid_post_type&quot;:&quot;ids&quot;,&quot;page_args&quot;:[]}}'><\/div>\r\n\t\t<div class=\"l-popup\">\r\n\t\t<div class=\"l-popup-overlay\"><\/div>\r\n\t\t<div class=\"l-popup-wrap\">\r\n\t\t\t<div class=\"l-popup-box\">\r\n\t\t\t\t<div class=\"l-popup-box-content\">\r\n\t\t\t\t\t<div class=\"g-preloader type_2\">\r\n\t\t\t\t\t\t<div><\/div>\r\n\t\t\t\t\t<\/div>\r\n\t\t\t\t\t<iframe class=\"l-popup-box-content-frame\" allowfullscreen><\/iframe>\r\n\t\t\t\t<\/div>\r\n\t\t\t<\/div>\r\n\t\t\t\t\t\t\t<div class=\"l-popup-arrow to_next\" title=\"Siguiente\"><\/div>\r\n\t\t\t\t<div class=\"l-popup-arrow to_prev\" title=\"Anterior\"><\/div>\r\n\t\t\t\t\t\t<div class=\"l-popup-closer\"><\/div>\r\n\t\t<\/div>\r\n\t<\/div>\r\n\t<\/div><\/div><\/div><\/div><div class=\"w-tabs-section\" id=\"n62c\"><button class=\"w-tabs-section-header\" aria-controls=\"content-n62c\" aria-expanded=\"false\"><div class=\"w-tabs-section-title\">VIERNES 21 de febrero<\/div><div class=\"w-tabs-section-control\"><\/div><\/button><div  class=\"w-tabs-section-content\" id=\"content-n62c\"><div class=\"w-tabs-section-content-h i-cf\"><div class=\"wpb_text_column us_custom_6df4bc3a aaa has_text_color\"><div class=\"wpb_wrapper\"><ul>\n<li><a href=\"https:\/\/www.instagram.com\/alianzafrancesabsas\/\">Alianza Francesa \/ Av. C\u00f3rdoba 946<\/a><\/li>\n<\/ul>\n<h3><span style=\"color: #ffffff\">18hs\u00a0 -PROYECCI\u00d3NES: Cannabis + Creativity \/ Higher Power<\/span><\/h3>\n<\/div><\/div><div class=\"w-grid type_grid layout_101 cols_3 popup_page ratio_16x9\" id=\"us_grid_24\" style=\"--gap:1.5rem;\"><style>@media (max-width:1024px){#us_grid_24 .w-grid-item{width:50%}#us_grid_24 .w-grid-item.size_2x1,#us_grid_24 .w-grid-item.size_2x2{width:100%}}@media (max-width:600px){#us_grid_24 .w-grid-list{margin:0}#us_grid_24 .w-grid-item{width:100%;padding:0;margin-bottom:var(--gap,0px)}}<\/style><div class=\"w-grid-list\">\t<article class=\"w-grid-item post-2930 films type-films status-publish has-post-thumbnail hentry categoria_film-competencia-internacional-de-cortometrajes-de-5-min\" data-id=\"2930\">\r\n\t\t<div class=\"w-grid-item-h\">\r\n\t\t\t\t\t\t\t<a class=\"w-grid-item-anchor\" href=\"https:\/\/ficc.ar\/buenosaires2025\/films\/cannabis-creativity\/\" rel=\"bookmark\" aria-label=\"Cannabis + Creativity\"><\/a>\r\n\t\t\t\t\t\t<div class=\"w-post-elm post_image usg_post_image_1 has_ratio\"><div style=\"padding-bottom:56.25%\"><\/div><a href=\"https:\/\/ficc.ar\/buenosaires2025\/films\/cannabis-creativity\/\" aria-label=\"Cannabis + Creativity\"><img loading=\"lazy\" decoding=\"async\" width=\"1024\" height=\"576\" src=\"https:\/\/ficc.ar\/buenosaires2025\/wp-content\/uploads\/sites\/17\/2025\/02\/Cannabis-Creativity-1024x576.jpg\" class=\"attachment-large size-large wp-post-image\" alt=\"\" srcset=\"https:\/\/ficc.ar\/buenosaires2025\/wp-content\/uploads\/sites\/17\/2025\/02\/Cannabis-Creativity-1024x576.jpg 1024w, https:\/\/ficc.ar\/buenosaires2025\/wp-content\/uploads\/sites\/17\/2025\/02\/Cannabis-Creativity-300x169.jpg 300w, https:\/\/ficc.ar\/buenosaires2025\/wp-content\/uploads\/sites\/17\/2025\/02\/Cannabis-Creativity.jpg 1920w\" sizes=\"auto, (max-width: 1024px) 100vw, 1024px\" \/><\/a><\/div><div class=\"w-vwrapper usg_vwrapper_1 grid_arrow_top align_center valign_top\"><h1 class=\"w-post-elm post_title usg_post_title_1 has_text_color entry-title color_link_inherit\"><a href=\"https:\/\/ficc.ar\/buenosaires2025\/films\/cannabis-creativity\/\" target=\"_blank\" rel=\"noopener nofollow\">Cannabis + Creativity<\/a><\/h1><p class=\"w-post-elm post_custom_field usg_post_custom_field_2 has_text_color type_text director_x_xs\"><span class=\"w-post-elm-before\">De <\/span><span class=\"w-post-elm-value\">Elana Frankel - 18 min. - 2024<\/span><\/p><\/div><div class=\"w-vwrapper usg_vwrapper_2 align_center valign_top\" style=\"--vwrapper-gap:0.3rem\"><h2 class=\"w-post-elm post_title usg_post_title_2 has_text_color entry-title color_link_inherit\"><a href=\"https:\/\/ficc.ar\/buenosaires2025\/films\/cannabis-creativity\/\">Cannabis + Creativity<\/a><\/h2><p class=\"w-post-elm post_custom_field usg_post_custom_field_3 has_text_color type_text director_x_xs\"><span class=\"w-post-elm-before\">De <\/span><span class=\"w-post-elm-value\">Elana Frankel - 18 min. - 2024<\/span><\/p><\/div>\t\t<\/div>\r\n\t<\/article>\r\n\t<article class=\"w-grid-item post-2906 films type-films status-publish has-post-thumbnail hentry categoria_film-competencia-internacional-de-largometrajes-documentales\" data-id=\"2906\">\r\n\t\t<div class=\"w-grid-item-h\">\r\n\t\t\t\t\t\t\t<a class=\"w-grid-item-anchor\" href=\"https:\/\/ficc.ar\/buenosaires2025\/films\/higher-power\/\" rel=\"bookmark\" aria-label=\"Higher Power\"><\/a>\r\n\t\t\t\t\t\t<div class=\"w-post-elm post_image usg_post_image_1 has_ratio\"><div style=\"padding-bottom:56.25%\"><\/div><a href=\"https:\/\/ficc.ar\/buenosaires2025\/films\/higher-power\/\" aria-label=\"Higher Power\"><img loading=\"lazy\" decoding=\"async\" width=\"1024\" height=\"576\" src=\"https:\/\/ficc.ar\/buenosaires2025\/wp-content\/uploads\/sites\/17\/2025\/02\/Higher-Power-1024x576.jpg\" class=\"attachment-large size-large wp-post-image\" alt=\"\" srcset=\"https:\/\/ficc.ar\/buenosaires2025\/wp-content\/uploads\/sites\/17\/2025\/02\/Higher-Power-1024x576.jpg 1024w, https:\/\/ficc.ar\/buenosaires2025\/wp-content\/uploads\/sites\/17\/2025\/02\/Higher-Power-300x169.jpg 300w, https:\/\/ficc.ar\/buenosaires2025\/wp-content\/uploads\/sites\/17\/2025\/02\/Higher-Power.jpg 1920w\" sizes=\"auto, (max-width: 1024px) 100vw, 1024px\" \/><\/a><\/div><div class=\"w-vwrapper usg_vwrapper_1 grid_arrow_top align_center valign_top\"><h1 class=\"w-post-elm post_title usg_post_title_1 has_text_color entry-title color_link_inherit\"><a href=\"https:\/\/ficc.ar\/buenosaires2025\/films\/higher-power\/\" target=\"_blank\" rel=\"noopener nofollow\">Higher Power<\/a><\/h1><p class=\"w-post-elm post_custom_field usg_post_custom_field_2 has_text_color type_text director_x_xs\"><span class=\"w-post-elm-before\">De <\/span><span class=\"w-post-elm-value\">Dewey A Ortiz Jr. - 60 min. - 2023<\/span><\/p><\/div><div class=\"w-vwrapper usg_vwrapper_2 align_center valign_top\" style=\"--vwrapper-gap:0.3rem\"><h2 class=\"w-post-elm post_title usg_post_title_2 has_text_color entry-title color_link_inherit\"><a href=\"https:\/\/ficc.ar\/buenosaires2025\/films\/higher-power\/\">Higher Power<\/a><\/h2><p class=\"w-post-elm post_custom_field usg_post_custom_field_3 has_text_color type_text director_x_xs\"><span class=\"w-post-elm-before\">De <\/span><span class=\"w-post-elm-value\">Dewey A Ortiz Jr. - 60 min. - 2023<\/span><\/p><\/div>\t\t<\/div>\r\n\t<\/article>\r\n<\/div><div class=\"w-grid-preloader\"><div class=\"g-preloader type_2\">\r\n\t<div><\/div>\r\n<\/div>\r\n<\/div>\t<div class=\"w-grid-json hidden\" onclick='return {&quot;action&quot;:&quot;us_ajax_grid&quot;,&quot;ajax_url&quot;:&quot;https:\\\/\\\/ficc.ar\\\/buenosaires2025\\\/wp-admin\\\/admin-ajax.php&quot;,&quot;infinite_scroll&quot;:0,&quot;max_num_pages&quot;:1,&quot;pagination&quot;:&quot;none&quot;,&quot;permalink_url&quot;:&quot;https:\\\/\\\/ficc.ar\\\/buenosaires2025\\\/wp-json\\\/wp\\\/v2\\\/pages\\\/12&quot;,&quot;template_vars&quot;:{&quot;columns&quot;:&quot;3&quot;,&quot;exclude_items&quot;:&quot;none&quot;,&quot;img_size&quot;:&quot;default&quot;,&quot;ignore_items_size&quot;:0,&quot;items_layout&quot;:&quot;101&quot;,&quot;items_offset&quot;:&quot;1&quot;,&quot;load_animation&quot;:&quot;none&quot;,&quot;overriding_link&quot;:&quot;popup_post&quot;,&quot;post_id&quot;:0,&quot;query_args&quot;:{&quot;ignore_sticky_posts&quot;:1,&quot;post_type&quot;:&quot;any&quot;,&quot;post__in&quot;:[&quot;2930&quot;,&quot;2906&quot;],&quot;posts_per_page&quot;:&quot;10&quot;},&quot;orderby_query_args&quot;:{&quot;orderby&quot;:{&quot;date&quot;:&quot;DESC&quot;}},&quot;type&quot;:&quot;grid&quot;,&quot;us_grid_ajax_index&quot;:24,&quot;us_grid_filter_params&quot;:null,&quot;us_grid_index&quot;:24,&quot;_us_grid_post_type&quot;:&quot;ids&quot;,&quot;page_args&quot;:[]}}'><\/div>\r\n\t\t<div class=\"l-popup\">\r\n\t\t<div class=\"l-popup-overlay\"><\/div>\r\n\t\t<div class=\"l-popup-wrap\">\r\n\t\t\t<div class=\"l-popup-box\">\r\n\t\t\t\t<div class=\"l-popup-box-content\">\r\n\t\t\t\t\t<div class=\"g-preloader type_2\">\r\n\t\t\t\t\t\t<div><\/div>\r\n\t\t\t\t\t<\/div>\r\n\t\t\t\t\t<iframe class=\"l-popup-box-content-frame\" allowfullscreen><\/iframe>\r\n\t\t\t\t<\/div>\r\n\t\t\t<\/div>\r\n\t\t\t\t\t\t\t<div class=\"l-popup-arrow to_next\" title=\"Siguiente\"><\/div>\r\n\t\t\t\t<div class=\"l-popup-arrow to_prev\" title=\"Anterior\"><\/div>\r\n\t\t\t\t\t\t<div class=\"l-popup-closer\"><\/div>\r\n\t\t<\/div>\r\n\t<\/div>\r\n\t<\/div><div class=\"w-separator size_large with_line width_default thick_2 style_solid color_border align_center\"><div class=\"w-separator-h\"><\/div><\/div><div class=\"wpb_text_column us_custom_5fcb3cf2 aaa has_text_color\"><div class=\"wpb_wrapper\"><ul>\n<li>\n<h4><a href=\"https:\/\/www.instagram.com\/wokitoki.santelmo\/\"><span style=\"font-weight: 400\">Woki Toki &#8211; Espacio Cultural <\/span><\/a><a href=\"https:\/\/www.google.com\/maps\/place\/Woki+Toki\/@-34.6185691,-58.3788189,17z\/data=!3m1!4b1!4m6!3m5!1s0x95bccbac23b4c7b5:0xac2b487106bda33c!8m2!3d-34.6185691!4d-58.3788189!16s%2Fg%2F11styr9bdv?entry=ttu&amp;g_ep=EgoyMDI1MDEyNi4wIKXMDSoASAFQAw%3D%3D\"><span style=\"font-weight: 400\">\u00a0\/ Tacuar\u00ed 905<\/span><\/a><\/h4>\n<\/li>\n<\/ul>\n<h3><span style=\"color: #ffffff\">20hs &#8211; Presentaci\u00f3n del libro <em>&#8220;No te mates en mi cultivo de marihuana&#8221;<\/em> de Juli\u00e1n Urman<\/span><\/h3>\n<h4><span style=\"color: #ffffff\">Juli\u00e1n es escritor, guionista y realizador audiovisual.<\/span><\/h4>\n<h3><span style=\"color: #ffffff\">PROYECCI\u00d3N: Ri\u00f1\u00f3n p\u00e9lvico<\/span><\/h3>\n<\/div><\/div><div class=\"w-grid type_grid layout_101 cols_3 popup_page ratio_16x9\" id=\"us_grid_25\" style=\"--gap:1.5rem;\"><style>@media (max-width:1024px){#us_grid_25 .w-grid-item{width:50%}#us_grid_25 .w-grid-item.size_2x1,#us_grid_25 .w-grid-item.size_2x2{width:100%}}@media (max-width:600px){#us_grid_25 .w-grid-list{margin:0}#us_grid_25 .w-grid-item{width:100%;padding:0;margin-bottom:var(--gap,0px)}}<\/style><div class=\"w-grid-list\">\t<article class=\"w-grid-item post-2936 films type-films status-publish has-post-thumbnail hentry categoria_film-competencia-internacional-de-cortometrajes-de-5-min\" data-id=\"2936\">\r\n\t\t<div class=\"w-grid-item-h\">\r\n\t\t\t\t\t\t\t<a class=\"w-grid-item-anchor\" href=\"https:\/\/ficc.ar\/buenosaires2025\/films\/rinon-pelvico\/\" rel=\"bookmark\" aria-label=\"Ri\u00f1\u00f3n p\u00e9lvico\"><\/a>\r\n\t\t\t\t\t\t<div class=\"w-post-elm post_image usg_post_image_1 has_ratio\"><div style=\"padding-bottom:56.25%\"><\/div><a href=\"https:\/\/ficc.ar\/buenosaires2025\/films\/rinon-pelvico\/\" aria-label=\"Ri\u00f1\u00f3n p\u00e9lvico\"><img loading=\"lazy\" decoding=\"async\" width=\"1024\" height=\"576\" src=\"https:\/\/ficc.ar\/buenosaires2025\/wp-content\/uploads\/sites\/17\/2025\/02\/Rinon-Pelvico-1024x576.jpg\" class=\"attachment-large size-large wp-post-image\" alt=\"\" srcset=\"https:\/\/ficc.ar\/buenosaires2025\/wp-content\/uploads\/sites\/17\/2025\/02\/Rinon-Pelvico-1024x576.jpg 1024w, https:\/\/ficc.ar\/buenosaires2025\/wp-content\/uploads\/sites\/17\/2025\/02\/Rinon-Pelvico-300x169.jpg 300w, https:\/\/ficc.ar\/buenosaires2025\/wp-content\/uploads\/sites\/17\/2025\/02\/Rinon-Pelvico.jpg 1920w\" sizes=\"auto, (max-width: 1024px) 100vw, 1024px\" \/><\/a><\/div><div class=\"w-vwrapper usg_vwrapper_1 grid_arrow_top align_center valign_top\"><h1 class=\"w-post-elm post_title usg_post_title_1 has_text_color entry-title color_link_inherit\"><a href=\"https:\/\/ficc.ar\/buenosaires2025\/films\/rinon-pelvico\/\" target=\"_blank\" rel=\"noopener nofollow\">Ri\u00f1\u00f3n p\u00e9lvico<\/a><\/h1><p class=\"w-post-elm post_custom_field usg_post_custom_field_2 has_text_color type_text director_x_xs\"><span class=\"w-post-elm-before\">De <\/span><span class=\"w-post-elm-value\"> Juli\u00e1n Urman - 10 min. - 2024<\/span><\/p><\/div><div class=\"w-vwrapper usg_vwrapper_2 align_center valign_top\" style=\"--vwrapper-gap:0.3rem\"><h2 class=\"w-post-elm post_title usg_post_title_2 has_text_color entry-title color_link_inherit\"><a href=\"https:\/\/ficc.ar\/buenosaires2025\/films\/rinon-pelvico\/\">Ri\u00f1\u00f3n p\u00e9lvico<\/a><\/h2><p class=\"w-post-elm post_custom_field usg_post_custom_field_3 has_text_color type_text director_x_xs\"><span class=\"w-post-elm-before\">De <\/span><span class=\"w-post-elm-value\"> Juli\u00e1n Urman - 10 min. - 2024<\/span><\/p><\/div>\t\t<\/div>\r\n\t<\/article>\r\n<\/div><div class=\"w-grid-preloader\"><div class=\"g-preloader type_2\">\r\n\t<div><\/div>\r\n<\/div>\r\n<\/div>\t<div class=\"w-grid-json hidden\" onclick='return {&quot;action&quot;:&quot;us_ajax_grid&quot;,&quot;ajax_url&quot;:&quot;https:\\\/\\\/ficc.ar\\\/buenosaires2025\\\/wp-admin\\\/admin-ajax.php&quot;,&quot;infinite_scroll&quot;:0,&quot;max_num_pages&quot;:1,&quot;pagination&quot;:&quot;none&quot;,&quot;permalink_url&quot;:&quot;https:\\\/\\\/ficc.ar\\\/buenosaires2025\\\/wp-json\\\/wp\\\/v2\\\/pages\\\/12&quot;,&quot;template_vars&quot;:{&quot;columns&quot;:&quot;3&quot;,&quot;exclude_items&quot;:&quot;none&quot;,&quot;img_size&quot;:&quot;default&quot;,&quot;ignore_items_size&quot;:0,&quot;items_layout&quot;:&quot;101&quot;,&quot;items_offset&quot;:&quot;1&quot;,&quot;load_animation&quot;:&quot;none&quot;,&quot;overriding_link&quot;:&quot;popup_post&quot;,&quot;post_id&quot;:0,&quot;query_args&quot;:{&quot;ignore_sticky_posts&quot;:1,&quot;post_type&quot;:&quot;any&quot;,&quot;post__in&quot;:[&quot;2936&quot;],&quot;posts_per_page&quot;:&quot;10&quot;},&quot;orderby_query_args&quot;:{&quot;orderby&quot;:{&quot;date&quot;:&quot;DESC&quot;}},&quot;type&quot;:&quot;grid&quot;,&quot;us_grid_ajax_index&quot;:25,&quot;us_grid_filter_params&quot;:null,&quot;us_grid_index&quot;:25,&quot;_us_grid_post_type&quot;:&quot;ids&quot;,&quot;page_args&quot;:[]}}'><\/div>\r\n\t\t<div class=\"l-popup\">\r\n\t\t<div class=\"l-popup-overlay\"><\/div>\r\n\t\t<div class=\"l-popup-wrap\">\r\n\t\t\t<div class=\"l-popup-box\">\r\n\t\t\t\t<div class=\"l-popup-box-content\">\r\n\t\t\t\t\t<div class=\"g-preloader type_2\">\r\n\t\t\t\t\t\t<div><\/div>\r\n\t\t\t\t\t<\/div>\r\n\t\t\t\t\t<iframe class=\"l-popup-box-content-frame\" allowfullscreen><\/iframe>\r\n\t\t\t\t<\/div>\r\n\t\t\t<\/div>\r\n\t\t\t\t\t\t\t<div class=\"l-popup-arrow to_next\" title=\"Siguiente\"><\/div>\r\n\t\t\t\t<div class=\"l-popup-arrow to_prev\" title=\"Anterior\"><\/div>\r\n\t\t\t\t\t\t<div class=\"l-popup-closer\"><\/div>\r\n\t\t<\/div>\r\n\t<\/div>\r\n\t<\/div><div class=\"w-separator size_medium with_line width_default thick_2 style_dotted color_border align_center\"><div class=\"w-separator-h\"><\/div><\/div><div class=\"wpb_text_column us_custom_6df4bc3a aaa has_text_color\"><div class=\"wpb_wrapper\"><h3><span style=\"color: #ffffff\">21hs &#8211; PROYECCIONES: Repara\u00e7\u00e3o Hist\u00f3rica J\u00e1 \/ QUEMANDO FRONTERAS<\/span><\/h3>\n<\/div><\/div><div class=\"w-grid type_grid layout_101 cols_3 popup_page ratio_16x9\" id=\"us_grid_26\" style=\"--gap:1.5rem;\"><style>@media (max-width:1024px){#us_grid_26 .w-grid-item{width:50%}#us_grid_26 .w-grid-item.size_2x1,#us_grid_26 .w-grid-item.size_2x2{width:100%}}@media (max-width:600px){#us_grid_26 .w-grid-list{margin:0}#us_grid_26 .w-grid-item{width:100%;padding:0;margin-bottom:var(--gap,0px)}}<\/style><div class=\"w-grid-list\">\t<article class=\"w-grid-item post-3067 films type-films status-publish has-post-thumbnail hentry categoria_film-competencia-internacional-de-cortometrajes-de-5-min-2\" data-id=\"3067\">\r\n\t\t<div class=\"w-grid-item-h\">\r\n\t\t\t\t\t\t\t<a class=\"w-grid-item-anchor\" href=\"https:\/\/ficc.ar\/buenosaires2025\/films\/reparacion-historica-ja\/\" rel=\"bookmark\" aria-label=\"Reparaci\u00f3n hist\u00f3rica J\u00e1\"><\/a>\r\n\t\t\t\t\t\t<div class=\"w-post-elm post_image usg_post_image_1 has_ratio\"><div style=\"padding-bottom:56.25%\"><\/div><a href=\"https:\/\/ficc.ar\/buenosaires2025\/films\/reparacion-historica-ja\/\" aria-label=\"Reparaci\u00f3n hist\u00f3rica J\u00e1\"><img loading=\"lazy\" decoding=\"async\" width=\"1024\" height=\"576\" src=\"https:\/\/ficc.ar\/buenosaires2025\/wp-content\/uploads\/sites\/17\/2025\/02\/Reparacion-historica-1024x576.jpg\" class=\"attachment-large size-large wp-post-image\" alt=\"\" srcset=\"https:\/\/ficc.ar\/buenosaires2025\/wp-content\/uploads\/sites\/17\/2025\/02\/Reparacion-historica-1024x576.jpg 1024w, https:\/\/ficc.ar\/buenosaires2025\/wp-content\/uploads\/sites\/17\/2025\/02\/Reparacion-historica-300x169.jpg 300w, https:\/\/ficc.ar\/buenosaires2025\/wp-content\/uploads\/sites\/17\/2025\/02\/Reparacion-historica.jpg 1920w\" sizes=\"auto, (max-width: 1024px) 100vw, 1024px\" \/><\/a><\/div><div class=\"w-vwrapper usg_vwrapper_1 grid_arrow_top align_center valign_top\"><h1 class=\"w-post-elm post_title usg_post_title_1 has_text_color entry-title color_link_inherit\"><a href=\"https:\/\/ficc.ar\/buenosaires2025\/films\/reparacion-historica-ja\/\" target=\"_blank\" rel=\"noopener nofollow\">Reparaci\u00f3n hist\u00f3rica J\u00e1<\/a><\/h1><p class=\"w-post-elm post_custom_field usg_post_custom_field_2 has_text_color type_text director_x_xs\"><span class=\"w-post-elm-before\">De <\/span><span class=\"w-post-elm-value\"> Giu Tantan - 3 min. - 2024<\/span><\/p><\/div><div class=\"w-vwrapper usg_vwrapper_2 align_center valign_top\" style=\"--vwrapper-gap:0.3rem\"><h2 class=\"w-post-elm post_title usg_post_title_2 has_text_color entry-title color_link_inherit\"><a href=\"https:\/\/ficc.ar\/buenosaires2025\/films\/reparacion-historica-ja\/\">Reparaci\u00f3n hist\u00f3rica J\u00e1<\/a><\/h2><p class=\"w-post-elm post_custom_field usg_post_custom_field_3 has_text_color type_text director_x_xs\"><span class=\"w-post-elm-before\">De <\/span><span class=\"w-post-elm-value\"> Giu Tantan - 3 min. - 2024<\/span><\/p><\/div>\t\t<\/div>\r\n\t<\/article>\r\n\t<article class=\"w-grid-item post-2910 films type-films status-publish has-post-thumbnail hentry categoria_film-competencia-internacional-de-largometrajes-documentales\" data-id=\"2910\">\r\n\t\t<div class=\"w-grid-item-h\">\r\n\t\t\t\t\t\t\t<a class=\"w-grid-item-anchor\" href=\"https:\/\/ficc.ar\/buenosaires2025\/films\/queimando-fronteiras\/\" rel=\"bookmark\" aria-label=\"Queimando fronteiras\"><\/a>\r\n\t\t\t\t\t\t<div class=\"w-post-elm post_image usg_post_image_1 has_ratio\"><div style=\"padding-bottom:56.25%\"><\/div><a href=\"https:\/\/ficc.ar\/buenosaires2025\/films\/queimando-fronteiras\/\" aria-label=\"Queimando fronteiras\"><img loading=\"lazy\" decoding=\"async\" width=\"1024\" height=\"576\" src=\"https:\/\/ficc.ar\/buenosaires2025\/wp-content\/uploads\/sites\/17\/2025\/02\/Quemando-1024x576.jpg\" class=\"attachment-large size-large wp-post-image\" alt=\"\" srcset=\"https:\/\/ficc.ar\/buenosaires2025\/wp-content\/uploads\/sites\/17\/2025\/02\/Quemando-1024x576.jpg 1024w, https:\/\/ficc.ar\/buenosaires2025\/wp-content\/uploads\/sites\/17\/2025\/02\/Quemando-300x169.jpg 300w, https:\/\/ficc.ar\/buenosaires2025\/wp-content\/uploads\/sites\/17\/2025\/02\/Quemando.jpg 1920w\" sizes=\"auto, (max-width: 1024px) 100vw, 1024px\" \/><\/a><\/div><div class=\"w-vwrapper usg_vwrapper_1 grid_arrow_top align_center valign_top\"><h1 class=\"w-post-elm post_title usg_post_title_1 has_text_color entry-title color_link_inherit\"><a href=\"https:\/\/ficc.ar\/buenosaires2025\/films\/queimando-fronteiras\/\" target=\"_blank\" rel=\"noopener nofollow\">Queimando fronteiras<\/a><\/h1><p class=\"w-post-elm post_custom_field usg_post_custom_field_2 has_text_color type_text director_x_xs\"><span class=\"w-post-elm-before\">De <\/span><span class=\"w-post-elm-value\"> Leonardo Ferron Baggio - 75 min - 2025<\/span><\/p><\/div><div class=\"w-vwrapper usg_vwrapper_2 align_center valign_top\" style=\"--vwrapper-gap:0.3rem\"><h2 class=\"w-post-elm post_title usg_post_title_2 has_text_color entry-title color_link_inherit\"><a href=\"https:\/\/ficc.ar\/buenosaires2025\/films\/queimando-fronteiras\/\">Queimando fronteiras<\/a><\/h2><p class=\"w-post-elm post_custom_field usg_post_custom_field_3 has_text_color type_text director_x_xs\"><span class=\"w-post-elm-before\">De <\/span><span class=\"w-post-elm-value\"> Leonardo Ferron Baggio - 75 min - 2025<\/span><\/p><\/div>\t\t<\/div>\r\n\t<\/article>\r\n<\/div><div class=\"w-grid-preloader\"><div class=\"g-preloader type_2\">\r\n\t<div><\/div>\r\n<\/div>\r\n<\/div>\t<div class=\"w-grid-json hidden\" onclick='return {&quot;action&quot;:&quot;us_ajax_grid&quot;,&quot;ajax_url&quot;:&quot;https:\\\/\\\/ficc.ar\\\/buenosaires2025\\\/wp-admin\\\/admin-ajax.php&quot;,&quot;infinite_scroll&quot;:0,&quot;max_num_pages&quot;:1,&quot;pagination&quot;:&quot;none&quot;,&quot;permalink_url&quot;:&quot;https:\\\/\\\/ficc.ar\\\/buenosaires2025\\\/wp-json\\\/wp\\\/v2\\\/pages\\\/12&quot;,&quot;template_vars&quot;:{&quot;columns&quot;:&quot;3&quot;,&quot;exclude_items&quot;:&quot;none&quot;,&quot;img_size&quot;:&quot;default&quot;,&quot;ignore_items_size&quot;:0,&quot;items_layout&quot;:&quot;101&quot;,&quot;items_offset&quot;:&quot;1&quot;,&quot;load_animation&quot;:&quot;none&quot;,&quot;overriding_link&quot;:&quot;popup_post&quot;,&quot;post_id&quot;:0,&quot;query_args&quot;:{&quot;ignore_sticky_posts&quot;:1,&quot;post_type&quot;:&quot;any&quot;,&quot;post__in&quot;:[&quot;3067&quot;,&quot;2910&quot;],&quot;posts_per_page&quot;:&quot;10&quot;},&quot;orderby_query_args&quot;:{&quot;orderby&quot;:{&quot;date&quot;:&quot;DESC&quot;}},&quot;type&quot;:&quot;grid&quot;,&quot;us_grid_ajax_index&quot;:26,&quot;us_grid_filter_params&quot;:null,&quot;us_grid_index&quot;:26,&quot;_us_grid_post_type&quot;:&quot;ids&quot;,&quot;page_args&quot;:[]}}'><\/div>\r\n\t\t<div class=\"l-popup\">\r\n\t\t<div class=\"l-popup-overlay\"><\/div>\r\n\t\t<div class=\"l-popup-wrap\">\r\n\t\t\t<div class=\"l-popup-box\">\r\n\t\t\t\t<div class=\"l-popup-box-content\">\r\n\t\t\t\t\t<div class=\"g-preloader type_2\">\r\n\t\t\t\t\t\t<div><\/div>\r\n\t\t\t\t\t<\/div>\r\n\t\t\t\t\t<iframe class=\"l-popup-box-content-frame\" allowfullscreen><\/iframe>\r\n\t\t\t\t<\/div>\r\n\t\t\t<\/div>\r\n\t\t\t\t\t\t\t<div class=\"l-popup-arrow to_next\" title=\"Siguiente\"><\/div>\r\n\t\t\t\t<div class=\"l-popup-arrow to_prev\" title=\"Anterior\"><\/div>\r\n\t\t\t\t\t\t<div class=\"l-popup-closer\"><\/div>\r\n\t\t<\/div>\r\n\t<\/div>\r\n\t<\/div><\/div><\/div><\/div><div class=\"w-tabs-section\" id=\"o9e7\"><button class=\"w-tabs-section-header\" aria-controls=\"content-o9e7\" aria-expanded=\"false\"><div class=\"w-tabs-section-title\">S\u00c1BADO 22 de febrero<\/div><div class=\"w-tabs-section-control\"><\/div><\/button><div  class=\"w-tabs-section-content\" id=\"content-o9e7\"><div class=\"w-tabs-section-content-h i-cf\"><div class=\"wpb_text_column us_custom_6df4bc3a aaa has_text_color\"><div class=\"wpb_wrapper\"><ul>\n<li><a href=\"https:\/\/www.instagram.com\/wokitoki.santelmo\/\"><span style=\"font-weight: 400\">Woki Toki &#8211; Espacio Cultural <\/span><\/a><a href=\"https:\/\/www.google.com\/maps\/place\/Woki+Toki\/@-34.6185691,-58.3788189,17z\/data=!3m1!4b1!4m6!3m5!1s0x95bccbac23b4c7b5:0xac2b487106bda33c!8m2!3d-34.6185691!4d-58.3788189!16s%2Fg%2F11styr9bdv?entry=ttu&amp;g_ep=EgoyMDI1MDEyNi4wIKXMDSoASAFQAw%3D%3D\"><span style=\"font-weight: 400\">\u00a0\/ Tacuar\u00ed 905<\/span><\/a><\/li>\n<\/ul>\n<h4><span style=\"color: #ffffff\">FERIA CANN\u00c1BICA<\/span><\/h4>\n<h3><span style=\"color: #ffffff\">17hs &#8211; MARATON DE CORTOS 1:\u00a0Bored \/ Joy \/ EL SUE\u00f1O \/ Hey Hey Hey! \u00bfQu\u00e9 esperas?\u00a0\/ EL FUEGO PULSA\u00a0 \/ The Original Hash Queen &#8211; Mila Jansen \/ Bendito Seija<br \/>\n<\/span><\/h3>\n<\/div><\/div><div class=\"w-grid type_grid layout_101 cols_4 popup_page ratio_16x9\" id=\"us_grid_27\" style=\"--gap:1.5rem;\"><style>@media (max-width:1280px){#us_grid_27 .w-grid-item{width:33.3333%}#us_grid_27 .w-grid-item.size_2x1,#us_grid_27 .w-grid-item.size_2x2{width:66.6667%}}@media (max-width:1024px){#us_grid_27 .w-grid-item{width:50%}#us_grid_27 .w-grid-item.size_2x1,#us_grid_27 .w-grid-item.size_2x2{width:100%}}@media (max-width:600px){#us_grid_27 .w-grid-list{margin:0}#us_grid_27 .w-grid-item{width:100%;padding:0;margin-bottom:var(--gap,0px)}}<\/style><div class=\"w-grid-list\">\t<article class=\"w-grid-item post-2075 films type-films status-publish has-post-thumbnail hentry categoria_film-competencia-internacional-de-cortometrajes-de-5-min-2\" data-id=\"2075\">\r\n\t\t<div class=\"w-grid-item-h\">\r\n\t\t\t\t\t\t\t<a class=\"w-grid-item-anchor\" href=\"https:\/\/ficc.ar\/buenosaires2025\/films\/the-sprayer\/\" rel=\"bookmark\" aria-label=\"Bored @ Home\"><\/a>\r\n\t\t\t\t\t\t<div class=\"w-post-elm post_image usg_post_image_1 has_ratio\"><div style=\"padding-bottom:56.25%\"><\/div><a href=\"https:\/\/ficc.ar\/buenosaires2025\/films\/the-sprayer\/\" aria-label=\"Bored @ Home\"><img loading=\"lazy\" decoding=\"async\" width=\"1024\" height=\"576\" src=\"https:\/\/ficc.ar\/buenosaires2025\/wp-content\/uploads\/sites\/17\/2025\/01\/Bored-@-home-1024x576.png\" class=\"attachment-large size-large wp-post-image\" alt=\"\" srcset=\"https:\/\/ficc.ar\/buenosaires2025\/wp-content\/uploads\/sites\/17\/2025\/01\/Bored-@-home-1024x576.png 1024w, https:\/\/ficc.ar\/buenosaires2025\/wp-content\/uploads\/sites\/17\/2025\/01\/Bored-@-home-300x169.png 300w, https:\/\/ficc.ar\/buenosaires2025\/wp-content\/uploads\/sites\/17\/2025\/01\/Bored-@-home.png 1920w\" sizes=\"auto, (max-width: 1024px) 100vw, 1024px\" \/><\/a><\/div><div class=\"w-vwrapper usg_vwrapper_1 grid_arrow_top align_center valign_top\"><h1 class=\"w-post-elm post_title usg_post_title_1 has_text_color entry-title color_link_inherit\"><a href=\"https:\/\/ficc.ar\/buenosaires2025\/films\/the-sprayer\/\" target=\"_blank\" rel=\"noopener nofollow\">Bored @ Home<\/a><\/h1><p class=\"w-post-elm post_custom_field usg_post_custom_field_2 has_text_color type_text director_x_xs\"><span class=\"w-post-elm-before\">De <\/span><span class=\"w-post-elm-value\">Matteo Canuti - 1 min. - 2024<\/span><\/p><\/div><div class=\"w-vwrapper usg_vwrapper_2 align_center valign_top\" style=\"--vwrapper-gap:0.3rem\"><h2 class=\"w-post-elm post_title usg_post_title_2 has_text_color entry-title color_link_inherit\"><a href=\"https:\/\/ficc.ar\/buenosaires2025\/films\/the-sprayer\/\">Bored @ Home<\/a><\/h2><p class=\"w-post-elm post_custom_field usg_post_custom_field_3 has_text_color type_text director_x_xs\"><span class=\"w-post-elm-before\">De <\/span><span class=\"w-post-elm-value\">Matteo Canuti - 1 min. - 2024<\/span><\/p><\/div>\t\t<\/div>\r\n\t<\/article>\r\n\t<article class=\"w-grid-item post-2918 films type-films status-publish has-post-thumbnail hentry categoria_film-competencia-internacional-de-cortometrajes-de-5-min-2\" data-id=\"2918\">\r\n\t\t<div class=\"w-grid-item-h\">\r\n\t\t\t\t\t\t\t<a class=\"w-grid-item-anchor\" href=\"https:\/\/ficc.ar\/buenosaires2025\/films\/joy\/\" rel=\"bookmark\" aria-label=\"Joy\"><\/a>\r\n\t\t\t\t\t\t<div class=\"w-post-elm post_image usg_post_image_1 has_ratio\"><div style=\"padding-bottom:56.25%\"><\/div><a href=\"https:\/\/ficc.ar\/buenosaires2025\/films\/joy\/\" aria-label=\"Joy\"><img loading=\"lazy\" decoding=\"async\" width=\"1024\" height=\"576\" src=\"https:\/\/ficc.ar\/buenosaires2025\/wp-content\/uploads\/sites\/17\/2025\/02\/Joy-1024x576.jpg\" class=\"attachment-large size-large wp-post-image\" alt=\"\" srcset=\"https:\/\/ficc.ar\/buenosaires2025\/wp-content\/uploads\/sites\/17\/2025\/02\/Joy-1024x576.jpg 1024w, https:\/\/ficc.ar\/buenosaires2025\/wp-content\/uploads\/sites\/17\/2025\/02\/Joy-300x169.jpg 300w, https:\/\/ficc.ar\/buenosaires2025\/wp-content\/uploads\/sites\/17\/2025\/02\/Joy.jpg 1920w\" sizes=\"auto, (max-width: 1024px) 100vw, 1024px\" \/><\/a><\/div><div class=\"w-vwrapper usg_vwrapper_1 grid_arrow_top align_center valign_top\"><h1 class=\"w-post-elm post_title usg_post_title_1 has_text_color entry-title color_link_inherit\"><a href=\"https:\/\/ficc.ar\/buenosaires2025\/films\/joy\/\" target=\"_blank\" rel=\"noopener nofollow\">Joy<\/a><\/h1><p class=\"w-post-elm post_custom_field usg_post_custom_field_2 has_text_color type_text director_x_xs\"><span class=\"w-post-elm-before\">De <\/span><span class=\"w-post-elm-value\">Manolis Levedeli - 5 min. - 2024<\/span><\/p><\/div><div class=\"w-vwrapper usg_vwrapper_2 align_center valign_top\" style=\"--vwrapper-gap:0.3rem\"><h2 class=\"w-post-elm post_title usg_post_title_2 has_text_color entry-title color_link_inherit\"><a href=\"https:\/\/ficc.ar\/buenosaires2025\/films\/joy\/\">Joy<\/a><\/h2><p class=\"w-post-elm post_custom_field usg_post_custom_field_3 has_text_color type_text director_x_xs\"><span class=\"w-post-elm-before\">De <\/span><span class=\"w-post-elm-value\">Manolis Levedeli - 5 min. - 2024<\/span><\/p><\/div>\t\t<\/div>\r\n\t<\/article>\r\n\t<article class=\"w-grid-item post-2914 films type-films status-publish has-post-thumbnail hentry categoria_film-competencia-internacional-de-cortometrajes-de-5-min-2\" data-id=\"2914\">\r\n\t\t<div class=\"w-grid-item-h\">\r\n\t\t\t\t\t\t\t<a class=\"w-grid-item-anchor\" href=\"https:\/\/ficc.ar\/buenosaires2025\/films\/el-sueno\/\" rel=\"bookmark\" aria-label=\"El Sue\u00f1o\"><\/a>\r\n\t\t\t\t\t\t<div class=\"w-post-elm post_image usg_post_image_1 has_ratio\"><div style=\"padding-bottom:56.25%\"><\/div><a href=\"https:\/\/ficc.ar\/buenosaires2025\/films\/el-sueno\/\" aria-label=\"El Sue\u00f1o\"><img loading=\"lazy\" decoding=\"async\" width=\"1024\" height=\"576\" src=\"https:\/\/ficc.ar\/buenosaires2025\/wp-content\/uploads\/sites\/17\/2025\/02\/El-sueno-1024x576.jpg\" class=\"attachment-large size-large wp-post-image\" alt=\"\" srcset=\"https:\/\/ficc.ar\/buenosaires2025\/wp-content\/uploads\/sites\/17\/2025\/02\/El-sueno-1024x576.jpg 1024w, https:\/\/ficc.ar\/buenosaires2025\/wp-content\/uploads\/sites\/17\/2025\/02\/El-sueno-300x169.jpg 300w, https:\/\/ficc.ar\/buenosaires2025\/wp-content\/uploads\/sites\/17\/2025\/02\/El-sueno.jpg 1920w\" sizes=\"auto, (max-width: 1024px) 100vw, 1024px\" \/><\/a><\/div><div class=\"w-vwrapper usg_vwrapper_1 grid_arrow_top align_center valign_top\"><h1 class=\"w-post-elm post_title usg_post_title_1 has_text_color entry-title color_link_inherit\"><a href=\"https:\/\/ficc.ar\/buenosaires2025\/films\/el-sueno\/\" target=\"_blank\" rel=\"noopener nofollow\">El Sue\u00f1o<\/a><\/h1><p class=\"w-post-elm post_custom_field usg_post_custom_field_2 has_text_color type_text director_x_xs\"><span class=\"w-post-elm-before\">De <\/span><span class=\"w-post-elm-value\">Nadia Calder\u00f3n - 1 min. -  2023<\/span><\/p><\/div><div class=\"w-vwrapper usg_vwrapper_2 align_center valign_top\" style=\"--vwrapper-gap:0.3rem\"><h2 class=\"w-post-elm post_title usg_post_title_2 has_text_color entry-title color_link_inherit\"><a href=\"https:\/\/ficc.ar\/buenosaires2025\/films\/el-sueno\/\">El Sue\u00f1o<\/a><\/h2><p class=\"w-post-elm post_custom_field usg_post_custom_field_3 has_text_color type_text director_x_xs\"><span class=\"w-post-elm-before\">De <\/span><span class=\"w-post-elm-value\">Nadia Calder\u00f3n - 1 min. -  2023<\/span><\/p><\/div>\t\t<\/div>\r\n\t<\/article>\r\n\t<article class=\"w-grid-item post-2916 films type-films status-publish has-post-thumbnail hentry categoria_film-competencia-internacional-de-cortometrajes-de-5-min-2\" data-id=\"2916\">\r\n\t\t<div class=\"w-grid-item-h\">\r\n\t\t\t\t\t\t\t<a class=\"w-grid-item-anchor\" href=\"https:\/\/ficc.ar\/buenosaires2025\/films\/hey-hey-que-esperas\/\" rel=\"bookmark\" aria-label=\"\u00a1Hey Hey! \u00bfQu\u00e9 esperas?\"><\/a>\r\n\t\t\t\t\t\t<div class=\"w-post-elm post_image usg_post_image_1 has_ratio\"><div style=\"padding-bottom:56.25%\"><\/div><a href=\"https:\/\/ficc.ar\/buenosaires2025\/films\/hey-hey-que-esperas\/\" aria-label=\"\u00a1Hey Hey! \u00bfQu\u00e9 esperas?\"><img loading=\"lazy\" decoding=\"async\" width=\"1024\" height=\"576\" src=\"https:\/\/ficc.ar\/buenosaires2025\/wp-content\/uploads\/sites\/17\/2025\/02\/Hey-hey-1024x576.jpg\" class=\"attachment-large size-large wp-post-image\" alt=\"\" srcset=\"https:\/\/ficc.ar\/buenosaires2025\/wp-content\/uploads\/sites\/17\/2025\/02\/Hey-hey-1024x576.jpg 1024w, https:\/\/ficc.ar\/buenosaires2025\/wp-content\/uploads\/sites\/17\/2025\/02\/Hey-hey-300x169.jpg 300w, https:\/\/ficc.ar\/buenosaires2025\/wp-content\/uploads\/sites\/17\/2025\/02\/Hey-hey.jpg 1920w\" sizes=\"auto, (max-width: 1024px) 100vw, 1024px\" \/><\/a><\/div><div class=\"w-vwrapper usg_vwrapper_1 grid_arrow_top align_center valign_top\"><h1 class=\"w-post-elm post_title usg_post_title_1 has_text_color entry-title color_link_inherit\"><a href=\"https:\/\/ficc.ar\/buenosaires2025\/films\/hey-hey-que-esperas\/\" target=\"_blank\" rel=\"noopener nofollow\">\u00a1Hey Hey! \u00bfQu\u00e9 esperas?<\/a><\/h1><p class=\"w-post-elm post_custom_field usg_post_custom_field_2 has_text_color type_text director_x_xs\"><span class=\"w-post-elm-before\">De <\/span><span class=\"w-post-elm-value\">Jes\u00fas Sarrocco - 3.30 min. - 2022<\/span><\/p><\/div><div class=\"w-vwrapper usg_vwrapper_2 align_center valign_top\" style=\"--vwrapper-gap:0.3rem\"><h2 class=\"w-post-elm post_title usg_post_title_2 has_text_color entry-title color_link_inherit\"><a href=\"https:\/\/ficc.ar\/buenosaires2025\/films\/hey-hey-que-esperas\/\">\u00a1Hey Hey! \u00bfQu\u00e9 esperas?<\/a><\/h2><p class=\"w-post-elm post_custom_field usg_post_custom_field_3 has_text_color type_text director_x_xs\"><span class=\"w-post-elm-before\">De <\/span><span class=\"w-post-elm-value\">Jes\u00fas Sarrocco - 3.30 min. - 2022<\/span><\/p><\/div>\t\t<\/div>\r\n\t<\/article>\r\n\t<article class=\"w-grid-item post-2912 films type-films status-publish has-post-thumbnail hentry categoria_film-competencia-internacional-de-cortometrajes-de-5-min-2\" data-id=\"2912\">\r\n\t\t<div class=\"w-grid-item-h\">\r\n\t\t\t\t\t\t\t<a class=\"w-grid-item-anchor\" href=\"https:\/\/ficc.ar\/buenosaires2025\/films\/el-fuego-pulsa\/\" rel=\"bookmark\" aria-label=\"El fuego pulsa\"><\/a>\r\n\t\t\t\t\t\t<div class=\"w-post-elm post_image usg_post_image_1 has_ratio\"><div style=\"padding-bottom:56.25%\"><\/div><a href=\"https:\/\/ficc.ar\/buenosaires2025\/films\/el-fuego-pulsa\/\" aria-label=\"El fuego pulsa\"><img loading=\"lazy\" decoding=\"async\" width=\"1024\" height=\"576\" src=\"https:\/\/ficc.ar\/buenosaires2025\/wp-content\/uploads\/sites\/17\/2025\/02\/El-fuego-pulsa-1024x576.jpg\" class=\"attachment-large size-large wp-post-image\" alt=\"\" srcset=\"https:\/\/ficc.ar\/buenosaires2025\/wp-content\/uploads\/sites\/17\/2025\/02\/El-fuego-pulsa-1024x576.jpg 1024w, https:\/\/ficc.ar\/buenosaires2025\/wp-content\/uploads\/sites\/17\/2025\/02\/El-fuego-pulsa-300x169.jpg 300w, https:\/\/ficc.ar\/buenosaires2025\/wp-content\/uploads\/sites\/17\/2025\/02\/El-fuego-pulsa.jpg 1920w\" sizes=\"auto, (max-width: 1024px) 100vw, 1024px\" \/><\/a><\/div><div class=\"w-vwrapper usg_vwrapper_1 grid_arrow_top align_center valign_top\"><h1 class=\"w-post-elm post_title usg_post_title_1 has_text_color entry-title color_link_inherit\"><a href=\"https:\/\/ficc.ar\/buenosaires2025\/films\/el-fuego-pulsa\/\" target=\"_blank\" rel=\"noopener nofollow\">El fuego pulsa<\/a><\/h1><p class=\"w-post-elm post_custom_field usg_post_custom_field_2 has_text_color type_text director_x_xs\"><span class=\"w-post-elm-before\">De <\/span><span class=\"w-post-elm-value\">IgMa Guerrero, Javier Ezzaoui y Daniel Guerrero - 5 min. - 2025<\/span><\/p><\/div><div class=\"w-vwrapper usg_vwrapper_2 align_center valign_top\" style=\"--vwrapper-gap:0.3rem\"><h2 class=\"w-post-elm post_title usg_post_title_2 has_text_color entry-title color_link_inherit\"><a href=\"https:\/\/ficc.ar\/buenosaires2025\/films\/el-fuego-pulsa\/\">El fuego pulsa<\/a><\/h2><p class=\"w-post-elm post_custom_field usg_post_custom_field_3 has_text_color type_text director_x_xs\"><span class=\"w-post-elm-before\">De <\/span><span class=\"w-post-elm-value\">IgMa Guerrero, Javier Ezzaoui y Daniel Guerrero - 5 min. - 2025<\/span><\/p><\/div>\t\t<\/div>\r\n\t<\/article>\r\n\t<article class=\"w-grid-item post-2940 films type-films status-publish has-post-thumbnail hentry categoria_film-competencia-internacional-de-cortometrajes-de-5-min\" data-id=\"2940\">\r\n\t\t<div class=\"w-grid-item-h\">\r\n\t\t\t\t\t\t\t<a class=\"w-grid-item-anchor\" href=\"https:\/\/ficc.ar\/buenosaires2025\/films\/the-original-hash-queen-mila-jansen\/\" rel=\"bookmark\" aria-label=\"The Original Hash Queen &#8211; Mila Jansen\"><\/a>\r\n\t\t\t\t\t\t<div class=\"w-post-elm post_image usg_post_image_1 has_ratio\"><div style=\"padding-bottom:56.25%\"><\/div><a href=\"https:\/\/ficc.ar\/buenosaires2025\/films\/the-original-hash-queen-mila-jansen\/\" aria-label=\"The Original Hash Queen &#8211; Mila Jansen\"><img loading=\"lazy\" decoding=\"async\" width=\"1024\" height=\"576\" src=\"https:\/\/ficc.ar\/buenosaires2025\/wp-content\/uploads\/sites\/17\/2025\/02\/The-Original-Hash-Queen-1024x576.jpg\" class=\"attachment-large size-large wp-post-image\" alt=\"\" srcset=\"https:\/\/ficc.ar\/buenosaires2025\/wp-content\/uploads\/sites\/17\/2025\/02\/The-Original-Hash-Queen-1024x576.jpg 1024w, https:\/\/ficc.ar\/buenosaires2025\/wp-content\/uploads\/sites\/17\/2025\/02\/The-Original-Hash-Queen-300x169.jpg 300w, https:\/\/ficc.ar\/buenosaires2025\/wp-content\/uploads\/sites\/17\/2025\/02\/The-Original-Hash-Queen.jpg 1920w\" sizes=\"auto, (max-width: 1024px) 100vw, 1024px\" \/><\/a><\/div><div class=\"w-vwrapper usg_vwrapper_1 grid_arrow_top align_center valign_top\"><h1 class=\"w-post-elm post_title usg_post_title_1 has_text_color entry-title color_link_inherit\"><a href=\"https:\/\/ficc.ar\/buenosaires2025\/films\/the-original-hash-queen-mila-jansen\/\" target=\"_blank\" rel=\"noopener nofollow\">The Original Hash Queen &#8211; Mila Jansen<\/a><\/h1><p class=\"w-post-elm post_custom_field usg_post_custom_field_2 has_text_color type_text director_x_xs\"><span class=\"w-post-elm-before\">De <\/span><span class=\"w-post-elm-value\">Lane Lima - 10 min. - 2024<\/span><\/p><\/div><div class=\"w-vwrapper usg_vwrapper_2 align_center valign_top\" style=\"--vwrapper-gap:0.3rem\"><h2 class=\"w-post-elm post_title usg_post_title_2 has_text_color entry-title color_link_inherit\"><a href=\"https:\/\/ficc.ar\/buenosaires2025\/films\/the-original-hash-queen-mila-jansen\/\">The Original Hash Queen &#8211; Mila Jansen<\/a><\/h2><p class=\"w-post-elm post_custom_field usg_post_custom_field_3 has_text_color type_text director_x_xs\"><span class=\"w-post-elm-before\">De <\/span><span class=\"w-post-elm-value\">Lane Lima - 10 min. - 2024<\/span><\/p><\/div>\t\t<\/div>\r\n\t<\/article>\r\n\t<article class=\"w-grid-item post-2928 films type-films status-publish has-post-thumbnail hentry categoria_film-competencia-internacional-de-cortometrajes-de-5-min\" data-id=\"2928\">\r\n\t\t<div class=\"w-grid-item-h\">\r\n\t\t\t\t\t\t\t<a class=\"w-grid-item-anchor\" href=\"https:\/\/ficc.ar\/buenosaires2025\/films\/bendito-seja-o-beck\/\" rel=\"bookmark\" aria-label=\"Bendito Seja o Beck\"><\/a>\r\n\t\t\t\t\t\t<div class=\"w-post-elm post_image usg_post_image_1 has_ratio\"><div style=\"padding-bottom:56.25%\"><\/div><a href=\"https:\/\/ficc.ar\/buenosaires2025\/films\/bendito-seja-o-beck\/\" aria-label=\"Bendito Seja o Beck\"><img loading=\"lazy\" decoding=\"async\" width=\"1024\" height=\"576\" src=\"https:\/\/ficc.ar\/buenosaires2025\/wp-content\/uploads\/sites\/17\/2025\/02\/Bendito-Seja-Beck-1024x576.jpg\" class=\"attachment-large size-large wp-post-image\" alt=\"\" srcset=\"https:\/\/ficc.ar\/buenosaires2025\/wp-content\/uploads\/sites\/17\/2025\/02\/Bendito-Seja-Beck-1024x576.jpg 1024w, https:\/\/ficc.ar\/buenosaires2025\/wp-content\/uploads\/sites\/17\/2025\/02\/Bendito-Seja-Beck-300x169.jpg 300w, https:\/\/ficc.ar\/buenosaires2025\/wp-content\/uploads\/sites\/17\/2025\/02\/Bendito-Seja-Beck.jpg 1920w\" sizes=\"auto, (max-width: 1024px) 100vw, 1024px\" \/><\/a><\/div><div class=\"w-vwrapper usg_vwrapper_1 grid_arrow_top align_center valign_top\"><h1 class=\"w-post-elm post_title usg_post_title_1 has_text_color entry-title color_link_inherit\"><a href=\"https:\/\/ficc.ar\/buenosaires2025\/films\/bendito-seja-o-beck\/\" target=\"_blank\" rel=\"noopener nofollow\">Bendito Seja o Beck<\/a><\/h1><p class=\"w-post-elm post_custom_field usg_post_custom_field_2 has_text_color type_text director_x_xs\"><span class=\"w-post-elm-before\">De <\/span><span class=\"w-post-elm-value\">Marcus Vinicius Diniz - 15 min. - 2024<\/span><\/p><\/div><div class=\"w-vwrapper usg_vwrapper_2 align_center valign_top\" style=\"--vwrapper-gap:0.3rem\"><h2 class=\"w-post-elm post_title usg_post_title_2 has_text_color entry-title color_link_inherit\"><a href=\"https:\/\/ficc.ar\/buenosaires2025\/films\/bendito-seja-o-beck\/\">Bendito Seja o Beck<\/a><\/h2><p class=\"w-post-elm post_custom_field usg_post_custom_field_3 has_text_color type_text director_x_xs\"><span class=\"w-post-elm-before\">De <\/span><span class=\"w-post-elm-value\">Marcus Vinicius Diniz - 15 min. - 2024<\/span><\/p><\/div>\t\t<\/div>\r\n\t<\/article>\r\n<\/div><div class=\"w-grid-preloader\"><div class=\"g-preloader type_2\">\r\n\t<div><\/div>\r\n<\/div>\r\n<\/div>\t<div class=\"w-grid-json hidden\" onclick='return {&quot;action&quot;:&quot;us_ajax_grid&quot;,&quot;ajax_url&quot;:&quot;https:\\\/\\\/ficc.ar\\\/buenosaires2025\\\/wp-admin\\\/admin-ajax.php&quot;,&quot;infinite_scroll&quot;:0,&quot;max_num_pages&quot;:1,&quot;pagination&quot;:&quot;none&quot;,&quot;permalink_url&quot;:&quot;https:\\\/\\\/ficc.ar\\\/buenosaires2025\\\/wp-json\\\/wp\\\/v2\\\/pages\\\/12&quot;,&quot;template_vars&quot;:{&quot;columns&quot;:&quot;4&quot;,&quot;exclude_items&quot;:&quot;none&quot;,&quot;img_size&quot;:&quot;default&quot;,&quot;ignore_items_size&quot;:0,&quot;items_layout&quot;:&quot;101&quot;,&quot;items_offset&quot;:&quot;1&quot;,&quot;load_animation&quot;:&quot;none&quot;,&quot;overriding_link&quot;:&quot;popup_post&quot;,&quot;post_id&quot;:0,&quot;query_args&quot;:{&quot;ignore_sticky_posts&quot;:1,&quot;post_type&quot;:&quot;any&quot;,&quot;post__in&quot;:[&quot;2075&quot;,&quot;2918&quot;,&quot;2914&quot;,&quot;2916&quot;,&quot;2912&quot;,&quot;2940&quot;,&quot;2928&quot;],&quot;posts_per_page&quot;:&quot;10&quot;},&quot;orderby_query_args&quot;:{&quot;orderby&quot;:{&quot;post__in&quot;:&quot;ASC&quot;},&quot;order&quot;:&quot;ASC&quot;},&quot;type&quot;:&quot;grid&quot;,&quot;us_grid_ajax_index&quot;:27,&quot;us_grid_filter_params&quot;:null,&quot;us_grid_index&quot;:27,&quot;_us_grid_post_type&quot;:&quot;ids&quot;,&quot;page_args&quot;:[]}}'><\/div>\r\n\t\t<div class=\"l-popup\">\r\n\t\t<div class=\"l-popup-overlay\"><\/div>\r\n\t\t<div class=\"l-popup-wrap\">\r\n\t\t\t<div class=\"l-popup-box\">\r\n\t\t\t\t<div class=\"l-popup-box-content\">\r\n\t\t\t\t\t<div class=\"g-preloader type_2\">\r\n\t\t\t\t\t\t<div><\/div>\r\n\t\t\t\t\t<\/div>\r\n\t\t\t\t\t<iframe class=\"l-popup-box-content-frame\" allowfullscreen><\/iframe>\r\n\t\t\t\t<\/div>\r\n\t\t\t<\/div>\r\n\t\t\t\t\t\t\t<div class=\"l-popup-arrow to_next\" title=\"Siguiente\"><\/div>\r\n\t\t\t\t<div class=\"l-popup-arrow to_prev\" title=\"Anterior\"><\/div>\r\n\t\t\t\t\t\t<div class=\"l-popup-closer\"><\/div>\r\n\t\t<\/div>\r\n\t<\/div>\r\n\t<\/div><div class=\"w-separator size_large with_line width_default thick_2 style_dotted color_border align_center\"><div class=\"w-separator-h\"><\/div><\/div><div class=\"wpb_text_column us_custom_6df4bc3a aaa has_text_color\"><div class=\"wpb_wrapper\"><h3><span style=\"color: #ffffff\">19hs &#8211; PROYECCI\u00d3N: BAJO EL SOL DEL ROCANROL &#8211; El Universo Creativo de Jorge Pistocchi<\/span><\/h3>\n<\/div><\/div><div class=\"w-grid type_grid layout_101 cols_3 popup_page ratio_16x9\" id=\"us_grid_28\" style=\"--gap:1.5rem;\"><style>@media (max-width:1024px){#us_grid_28 .w-grid-item{width:50%}#us_grid_28 .w-grid-item.size_2x1,#us_grid_28 .w-grid-item.size_2x2{width:100%}}@media (max-width:600px){#us_grid_28 .w-grid-list{margin:0}#us_grid_28 .w-grid-item{width:100%;padding:0;margin-bottom:var(--gap,0px)}}<\/style><div class=\"w-grid-list\">\t<article class=\"w-grid-item post-2756 films type-films status-publish has-post-thumbnail hentry categoria_film-competencia-internacional-de-largometrajes-documentales\" data-id=\"2756\">\r\n\t\t<div class=\"w-grid-item-h\">\r\n\t\t\t\t\t\t\t<a class=\"w-grid-item-anchor\" href=\"https:\/\/ficc.ar\/buenosaires2025\/films\/bajo-el-sol-del-rocanrol-el-universo-creativo-de-jorge-pistocchi\/\" rel=\"bookmark\" aria-label=\"Bajo el sol del rocanrol &#8211; El universo creativo de Jorge Pistocchi\"><\/a>\r\n\t\t\t\t\t\t<div class=\"w-post-elm post_image usg_post_image_1 has_ratio\"><div style=\"padding-bottom:56.25%\"><\/div><a href=\"https:\/\/ficc.ar\/buenosaires2025\/films\/bajo-el-sol-del-rocanrol-el-universo-creativo-de-jorge-pistocchi\/\" aria-label=\"Bajo el sol del rocanrol &#8211; El universo creativo de Jorge Pistocchi\"><img loading=\"lazy\" decoding=\"async\" width=\"1024\" height=\"576\" src=\"https:\/\/ficc.ar\/buenosaires2025\/wp-content\/uploads\/sites\/17\/2025\/01\/bajo-1024x576.jpg\" class=\"attachment-large size-large wp-post-image\" alt=\"\" srcset=\"https:\/\/ficc.ar\/buenosaires2025\/wp-content\/uploads\/sites\/17\/2025\/01\/bajo-1024x576.jpg 1024w, https:\/\/ficc.ar\/buenosaires2025\/wp-content\/uploads\/sites\/17\/2025\/01\/bajo-300x169.jpg 300w, https:\/\/ficc.ar\/buenosaires2025\/wp-content\/uploads\/sites\/17\/2025\/01\/bajo.jpg 1920w\" sizes=\"auto, (max-width: 1024px) 100vw, 1024px\" \/><\/a><\/div><div class=\"w-vwrapper usg_vwrapper_1 grid_arrow_top align_center valign_top\"><h1 class=\"w-post-elm post_title usg_post_title_1 has_text_color entry-title color_link_inherit\"><a href=\"https:\/\/ficc.ar\/buenosaires2025\/films\/bajo-el-sol-del-rocanrol-el-universo-creativo-de-jorge-pistocchi\/\" target=\"_blank\" rel=\"noopener nofollow\">Bajo el sol del rocanrol &#8211; El universo creativo de Jorge Pistocchi<\/a><\/h1><p class=\"w-post-elm post_custom_field usg_post_custom_field_2 has_text_color type_text director_x_xs\"><span class=\"w-post-elm-before\">De <\/span><span class=\"w-post-elm-value\"> Omar Neri y M\u00f3nica Simoncini - 110 min, - 2024<\/span><\/p><\/div><div class=\"w-vwrapper usg_vwrapper_2 align_center valign_top\" style=\"--vwrapper-gap:0.3rem\"><h2 class=\"w-post-elm post_title usg_post_title_2 has_text_color entry-title color_link_inherit\"><a href=\"https:\/\/ficc.ar\/buenosaires2025\/films\/bajo-el-sol-del-rocanrol-el-universo-creativo-de-jorge-pistocchi\/\">Bajo el sol del rocanrol &#8211; El universo creativo de Jorge Pistocchi<\/a><\/h2><p class=\"w-post-elm post_custom_field usg_post_custom_field_3 has_text_color type_text director_x_xs\"><span class=\"w-post-elm-before\">De <\/span><span class=\"w-post-elm-value\"> Omar Neri y M\u00f3nica Simoncini - 110 min, - 2024<\/span><\/p><\/div>\t\t<\/div>\r\n\t<\/article>\r\n<\/div><div class=\"w-grid-preloader\"><div class=\"g-preloader type_2\">\r\n\t<div><\/div>\r\n<\/div>\r\n<\/div>\t<div class=\"w-grid-json hidden\" onclick='return {&quot;action&quot;:&quot;us_ajax_grid&quot;,&quot;ajax_url&quot;:&quot;https:\\\/\\\/ficc.ar\\\/buenosaires2025\\\/wp-admin\\\/admin-ajax.php&quot;,&quot;infinite_scroll&quot;:0,&quot;max_num_pages&quot;:1,&quot;pagination&quot;:&quot;none&quot;,&quot;permalink_url&quot;:&quot;https:\\\/\\\/ficc.ar\\\/buenosaires2025\\\/wp-json\\\/wp\\\/v2\\\/pages\\\/12&quot;,&quot;template_vars&quot;:{&quot;columns&quot;:&quot;3&quot;,&quot;exclude_items&quot;:&quot;none&quot;,&quot;img_size&quot;:&quot;default&quot;,&quot;ignore_items_size&quot;:0,&quot;items_layout&quot;:&quot;101&quot;,&quot;items_offset&quot;:&quot;1&quot;,&quot;load_animation&quot;:&quot;none&quot;,&quot;overriding_link&quot;:&quot;popup_post&quot;,&quot;post_id&quot;:0,&quot;query_args&quot;:{&quot;ignore_sticky_posts&quot;:1,&quot;post_type&quot;:&quot;any&quot;,&quot;post__in&quot;:[&quot;2756&quot;],&quot;posts_per_page&quot;:&quot;10&quot;},&quot;orderby_query_args&quot;:{&quot;orderby&quot;:{&quot;post__in&quot;:&quot;ASC&quot;},&quot;order&quot;:&quot;ASC&quot;},&quot;type&quot;:&quot;grid&quot;,&quot;us_grid_ajax_index&quot;:28,&quot;us_grid_filter_params&quot;:null,&quot;us_grid_index&quot;:28,&quot;_us_grid_post_type&quot;:&quot;ids&quot;,&quot;page_args&quot;:[]}}'><\/div>\r\n\t\t<div class=\"l-popup\">\r\n\t\t<div class=\"l-popup-overlay\"><\/div>\r\n\t\t<div class=\"l-popup-wrap\">\r\n\t\t\t<div class=\"l-popup-box\">\r\n\t\t\t\t<div class=\"l-popup-box-content\">\r\n\t\t\t\t\t<div class=\"g-preloader type_2\">\r\n\t\t\t\t\t\t<div><\/div>\r\n\t\t\t\t\t<\/div>\r\n\t\t\t\t\t<iframe class=\"l-popup-box-content-frame\" allowfullscreen><\/iframe>\r\n\t\t\t\t<\/div>\r\n\t\t\t<\/div>\r\n\t\t\t\t\t\t\t<div class=\"l-popup-arrow to_next\" title=\"Siguiente\"><\/div>\r\n\t\t\t\t<div class=\"l-popup-arrow to_prev\" title=\"Anterior\"><\/div>\r\n\t\t\t\t\t\t<div class=\"l-popup-closer\"><\/div>\r\n\t\t<\/div>\r\n\t<\/div>\r\n\t<\/div><div class=\"w-separator size_large with_line width_default thick_2 style_dotted color_border align_center\"><div class=\"w-separator-h\"><\/div><\/div><div class=\"wpb_text_column us_custom_6df4bc3a aaa has_text_color\"><div class=\"wpb_wrapper\"><h3><span style=\"color: #ffffff\">21hs &#8211; PROYECCI\u00d3NES: Ana \/ Sanguche Caliente<\/span><\/h3>\n<\/div><\/div><div class=\"w-grid type_grid layout_101 cols_3 popup_page ratio_16x9\" id=\"us_grid_29\" style=\"--gap:1.5rem;\"><style>@media (max-width:1024px){#us_grid_29 .w-grid-item{width:50%}#us_grid_29 .w-grid-item.size_2x1,#us_grid_29 .w-grid-item.size_2x2{width:100%}}@media (max-width:600px){#us_grid_29 .w-grid-list{margin:0}#us_grid_29 .w-grid-item{width:100%;padding:0;margin-bottom:var(--gap,0px)}}<\/style><div class=\"w-grid-list\">\t<article class=\"w-grid-item post-2753 films type-films status-publish has-post-thumbnail hentry categoria_film-competencia-internacional-de-cortometrajes-de-5-min\" data-id=\"2753\">\r\n\t\t<div class=\"w-grid-item-h\">\r\n\t\t\t\t\t\t\t<a class=\"w-grid-item-anchor\" href=\"https:\/\/ficc.ar\/buenosaires2025\/films\/ana\/\" rel=\"bookmark\" aria-label=\"Ana\"><\/a>\r\n\t\t\t\t\t\t<div class=\"w-post-elm post_image usg_post_image_1 has_ratio\"><div style=\"padding-bottom:56.25%\"><\/div><a href=\"https:\/\/ficc.ar\/buenosaires2025\/films\/ana\/\" aria-label=\"Ana\"><img loading=\"lazy\" decoding=\"async\" width=\"1024\" height=\"576\" src=\"https:\/\/ficc.ar\/buenosaires2025\/wp-content\/uploads\/sites\/17\/2025\/01\/ana-1024x576.jpg\" class=\"attachment-large size-large wp-post-image\" alt=\"\" srcset=\"https:\/\/ficc.ar\/buenosaires2025\/wp-content\/uploads\/sites\/17\/2025\/01\/ana-1024x576.jpg 1024w, https:\/\/ficc.ar\/buenosaires2025\/wp-content\/uploads\/sites\/17\/2025\/01\/ana-300x169.jpg 300w, https:\/\/ficc.ar\/buenosaires2025\/wp-content\/uploads\/sites\/17\/2025\/01\/ana.jpg 1920w\" sizes=\"auto, (max-width: 1024px) 100vw, 1024px\" \/><\/a><\/div><div class=\"w-vwrapper usg_vwrapper_1 grid_arrow_top align_center valign_top\"><h1 class=\"w-post-elm post_title usg_post_title_1 has_text_color entry-title color_link_inherit\"><a href=\"https:\/\/ficc.ar\/buenosaires2025\/films\/ana\/\" target=\"_blank\" rel=\"noopener nofollow\">Ana<\/a><\/h1><p class=\"w-post-elm post_custom_field usg_post_custom_field_2 has_text_color type_text director_x_xs\"><span class=\"w-post-elm-before\">De <\/span><span class=\"w-post-elm-value\">Juan Pablo N\u00fa\u00f1ez - 19 min. - 2024<\/span><\/p><\/div><div class=\"w-vwrapper usg_vwrapper_2 align_center valign_top\" style=\"--vwrapper-gap:0.3rem\"><h2 class=\"w-post-elm post_title usg_post_title_2 has_text_color entry-title color_link_inherit\"><a href=\"https:\/\/ficc.ar\/buenosaires2025\/films\/ana\/\">Ana<\/a><\/h2><p class=\"w-post-elm post_custom_field usg_post_custom_field_3 has_text_color type_text director_x_xs\"><span class=\"w-post-elm-before\">De <\/span><span class=\"w-post-elm-value\">Juan Pablo N\u00fa\u00f1ez - 19 min. - 2024<\/span><\/p><\/div>\t\t<\/div>\r\n\t<\/article>\r\n\t<article class=\"w-grid-item post-2898 films type-films status-publish has-post-thumbnail hentry categoria_film-competencia-internacional-de-largometrajes-de-ficcion\" data-id=\"2898\">\r\n\t\t<div class=\"w-grid-item-h\">\r\n\t\t\t\t\t\t\t<a class=\"w-grid-item-anchor\" href=\"https:\/\/ficc.ar\/buenosaires2025\/films\/sanguche-caliente\/\" rel=\"bookmark\" aria-label=\"Sanguche Caliente\"><\/a>\r\n\t\t\t\t\t\t<div class=\"w-post-elm post_image usg_post_image_1 has_ratio\"><div style=\"padding-bottom:56.25%\"><\/div><a href=\"https:\/\/ficc.ar\/buenosaires2025\/films\/sanguche-caliente\/\" aria-label=\"Sanguche Caliente\"><img loading=\"lazy\" decoding=\"async\" width=\"1024\" height=\"576\" src=\"https:\/\/ficc.ar\/buenosaires2025\/wp-content\/uploads\/sites\/17\/2025\/02\/Sanguche-cal-1024x576.jpg\" class=\"attachment-large size-large wp-post-image\" alt=\"\" srcset=\"https:\/\/ficc.ar\/buenosaires2025\/wp-content\/uploads\/sites\/17\/2025\/02\/Sanguche-cal-1024x576.jpg 1024w, https:\/\/ficc.ar\/buenosaires2025\/wp-content\/uploads\/sites\/17\/2025\/02\/Sanguche-cal-300x169.jpg 300w, https:\/\/ficc.ar\/buenosaires2025\/wp-content\/uploads\/sites\/17\/2025\/02\/Sanguche-cal.jpg 1920w\" sizes=\"auto, (max-width: 1024px) 100vw, 1024px\" \/><\/a><\/div><div class=\"w-vwrapper usg_vwrapper_1 grid_arrow_top align_center valign_top\"><h1 class=\"w-post-elm post_title usg_post_title_1 has_text_color entry-title color_link_inherit\"><a href=\"https:\/\/ficc.ar\/buenosaires2025\/films\/sanguche-caliente\/\" target=\"_blank\" rel=\"noopener nofollow\">Sanguche Caliente<\/a><\/h1><p class=\"w-post-elm post_custom_field usg_post_custom_field_2 has_text_color type_text director_x_xs\"><span class=\"w-post-elm-before\">De <\/span><span class=\"w-post-elm-value\">Manuel Facal - 70 min. - 2024<\/span><\/p><\/div><div class=\"w-vwrapper usg_vwrapper_2 align_center valign_top\" style=\"--vwrapper-gap:0.3rem\"><h2 class=\"w-post-elm post_title usg_post_title_2 has_text_color entry-title color_link_inherit\"><a href=\"https:\/\/ficc.ar\/buenosaires2025\/films\/sanguche-caliente\/\">Sanguche Caliente<\/a><\/h2><p class=\"w-post-elm post_custom_field usg_post_custom_field_3 has_text_color type_text director_x_xs\"><span class=\"w-post-elm-before\">De <\/span><span class=\"w-post-elm-value\">Manuel Facal - 70 min. - 2024<\/span><\/p><\/div>\t\t<\/div>\r\n\t<\/article>\r\n<\/div><div class=\"w-grid-preloader\"><div class=\"g-preloader type_2\">\r\n\t<div><\/div>\r\n<\/div>\r\n<\/div>\t<div class=\"w-grid-json hidden\" onclick='return {&quot;action&quot;:&quot;us_ajax_grid&quot;,&quot;ajax_url&quot;:&quot;https:\\\/\\\/ficc.ar\\\/buenosaires2025\\\/wp-admin\\\/admin-ajax.php&quot;,&quot;infinite_scroll&quot;:0,&quot;max_num_pages&quot;:1,&quot;pagination&quot;:&quot;none&quot;,&quot;permalink_url&quot;:&quot;https:\\\/\\\/ficc.ar\\\/buenosaires2025\\\/wp-json\\\/wp\\\/v2\\\/pages\\\/12&quot;,&quot;template_vars&quot;:{&quot;columns&quot;:&quot;3&quot;,&quot;exclude_items&quot;:&quot;none&quot;,&quot;img_size&quot;:&quot;default&quot;,&quot;ignore_items_size&quot;:0,&quot;items_layout&quot;:&quot;101&quot;,&quot;items_offset&quot;:&quot;1&quot;,&quot;load_animation&quot;:&quot;none&quot;,&quot;overriding_link&quot;:&quot;popup_post&quot;,&quot;post_id&quot;:0,&quot;query_args&quot;:{&quot;ignore_sticky_posts&quot;:1,&quot;post_type&quot;:&quot;any&quot;,&quot;post__in&quot;:[&quot;2753&quot;,&quot;2898&quot;],&quot;posts_per_page&quot;:&quot;10&quot;},&quot;orderby_query_args&quot;:{&quot;orderby&quot;:{&quot;post__in&quot;:&quot;ASC&quot;},&quot;order&quot;:&quot;ASC&quot;},&quot;type&quot;:&quot;grid&quot;,&quot;us_grid_ajax_index&quot;:29,&quot;us_grid_filter_params&quot;:null,&quot;us_grid_index&quot;:29,&quot;_us_grid_post_type&quot;:&quot;ids&quot;,&quot;page_args&quot;:[]}}'><\/div>\r\n\t\t<div class=\"l-popup\">\r\n\t\t<div class=\"l-popup-overlay\"><\/div>\r\n\t\t<div class=\"l-popup-wrap\">\r\n\t\t\t<div class=\"l-popup-box\">\r\n\t\t\t\t<div class=\"l-popup-box-content\">\r\n\t\t\t\t\t<div class=\"g-preloader type_2\">\r\n\t\t\t\t\t\t<div><\/div>\r\n\t\t\t\t\t<\/div>\r\n\t\t\t\t\t<iframe class=\"l-popup-box-content-frame\" allowfullscreen><\/iframe>\r\n\t\t\t\t<\/div>\r\n\t\t\t<\/div>\r\n\t\t\t\t\t\t\t<div class=\"l-popup-arrow to_next\" title=\"Siguiente\"><\/div>\r\n\t\t\t\t<div class=\"l-popup-arrow to_prev\" title=\"Anterior\"><\/div>\r\n\t\t\t\t\t\t<div class=\"l-popup-closer\"><\/div>\r\n\t\t<\/div>\r\n\t<\/div>\r\n\t<\/div><div class=\"w-separator size_large with_line width_default thick_2 style_dotted color_border align_center\"><div class=\"w-separator-h\"><\/div><\/div><div class=\"wpb_text_column us_custom_6df4bc3a aaa has_text_color\"><div class=\"wpb_wrapper\"><h3><span style=\"color: #ffffff\">23hs &#8211; FIESTA DEL FICC<\/span><\/h3>\n<\/div><\/div><\/div><\/div><\/div><div class=\"w-tabs-section\" id=\"x68a\"><button class=\"w-tabs-section-header\" aria-controls=\"content-x68a\" aria-expanded=\"false\"><div class=\"w-tabs-section-title\">DOMINGO 23 de febrero<\/div><div class=\"w-tabs-section-control\"><\/div><\/button><div  class=\"w-tabs-section-content\" id=\"content-x68a\"><div class=\"w-tabs-section-content-h i-cf\"><div class=\"wpb_text_column us_custom_6df4bc3a aaa has_text_color\"><div class=\"wpb_wrapper\"><ul>\n<li><a href=\"https:\/\/www.instagram.com\/wokitoki.santelmo\/\"><span style=\"font-weight: 400\">Woki Toki &#8211; Espacio Cultural <\/span><\/a><a href=\"https:\/\/www.google.com\/maps\/place\/Woki+Toki\/@-34.6185691,-58.3788189,17z\/data=!3m1!4b1!4m6!3m5!1s0x95bccbac23b4c7b5:0xac2b487106bda33c!8m2!3d-34.6185691!4d-58.3788189!16s%2Fg%2F11styr9bdv?entry=ttu&amp;g_ep=EgoyMDI1MDEyNi4wIKXMDSoASAFQAw%3D%3D\"><span style=\"font-weight: 400\">\u00a0\/ Tacuar\u00ed 905<\/span><\/a><\/li>\n<\/ul>\n<h4><span style=\"color: #ffffff\">FERIA CANN\u00c1BICA<\/span><\/h4>\n<h3><span style=\"color: #ffffff\">16hs &#8211; MARATON DE CORTOS 2: Osoro\/ Growing Pains \/ SUP<br \/>\n<\/span><\/h3>\n<\/div><\/div><div class=\"w-grid type_grid layout_101 cols_3 popup_page ratio_16x9\" id=\"us_grid_30\" style=\"--gap:1.5rem;\"><style>@media (max-width:1024px){#us_grid_30 .w-grid-item{width:50%}#us_grid_30 .w-grid-item.size_2x1,#us_grid_30 .w-grid-item.size_2x2{width:100%}}@media (max-width:600px){#us_grid_30 .w-grid-list{margin:0}#us_grid_30 .w-grid-item{width:100%;padding:0;margin-bottom:var(--gap,0px)}}<\/style><div class=\"w-grid-list\">\t<article class=\"w-grid-item post-2934 films type-films status-publish has-post-thumbnail hentry categoria_film-competencia-internacional-de-cortometrajes-de-5-min\" data-id=\"2934\">\r\n\t\t<div class=\"w-grid-item-h\">\r\n\t\t\t\t\t\t\t<a class=\"w-grid-item-anchor\" href=\"https:\/\/ficc.ar\/buenosaires2025\/films\/osoro\/\" rel=\"bookmark\" aria-label=\"Osoro\"><\/a>\r\n\t\t\t\t\t\t<div class=\"w-post-elm post_image usg_post_image_1 has_ratio\"><div style=\"padding-bottom:56.25%\"><\/div><a href=\"https:\/\/ficc.ar\/buenosaires2025\/films\/osoro\/\" aria-label=\"Osoro\"><img loading=\"lazy\" decoding=\"async\" width=\"1024\" height=\"576\" src=\"https:\/\/ficc.ar\/buenosaires2025\/wp-content\/uploads\/sites\/17\/2025\/02\/Osoro-1024x576.jpg\" class=\"attachment-large size-large wp-post-image\" alt=\"\" srcset=\"https:\/\/ficc.ar\/buenosaires2025\/wp-content\/uploads\/sites\/17\/2025\/02\/Osoro-1024x576.jpg 1024w, https:\/\/ficc.ar\/buenosaires2025\/wp-content\/uploads\/sites\/17\/2025\/02\/Osoro-300x169.jpg 300w, https:\/\/ficc.ar\/buenosaires2025\/wp-content\/uploads\/sites\/17\/2025\/02\/Osoro.jpg 1920w\" sizes=\"auto, (max-width: 1024px) 100vw, 1024px\" \/><\/a><\/div><div class=\"w-vwrapper usg_vwrapper_1 grid_arrow_top align_center valign_top\"><h1 class=\"w-post-elm post_title usg_post_title_1 has_text_color entry-title color_link_inherit\"><a href=\"https:\/\/ficc.ar\/buenosaires2025\/films\/osoro\/\" target=\"_blank\" rel=\"noopener nofollow\">Osoro<\/a><\/h1><p class=\"w-post-elm post_custom_field usg_post_custom_field_2 has_text_color type_text director_x_xs\"><span class=\"w-post-elm-before\">De <\/span><span class=\"w-post-elm-value\">Sheila Nortley - 28 min. - 2024<\/span><\/p><\/div><div class=\"w-vwrapper usg_vwrapper_2 align_center valign_top\" style=\"--vwrapper-gap:0.3rem\"><h2 class=\"w-post-elm post_title usg_post_title_2 has_text_color entry-title color_link_inherit\"><a href=\"https:\/\/ficc.ar\/buenosaires2025\/films\/osoro\/\">Osoro<\/a><\/h2><p class=\"w-post-elm post_custom_field usg_post_custom_field_3 has_text_color type_text director_x_xs\"><span class=\"w-post-elm-before\">De <\/span><span class=\"w-post-elm-value\">Sheila Nortley - 28 min. - 2024<\/span><\/p><\/div>\t\t<\/div>\r\n\t<\/article>\r\n\t<article class=\"w-grid-item post-2932 films type-films status-publish has-post-thumbnail hentry categoria_film-competencia-internacional-de-cortometrajes-de-5-min\" data-id=\"2932\">\r\n\t\t<div class=\"w-grid-item-h\">\r\n\t\t\t\t\t\t\t<a class=\"w-grid-item-anchor\" href=\"https:\/\/ficc.ar\/buenosaires2025\/films\/growing-pains\/\" rel=\"bookmark\" aria-label=\"Growing Pains\"><\/a>\r\n\t\t\t\t\t\t<div class=\"w-post-elm post_image usg_post_image_1 has_ratio\"><div style=\"padding-bottom:56.25%\"><\/div><a href=\"https:\/\/ficc.ar\/buenosaires2025\/films\/growing-pains\/\" aria-label=\"Growing Pains\"><img loading=\"lazy\" decoding=\"async\" width=\"1024\" height=\"576\" src=\"https:\/\/ficc.ar\/buenosaires2025\/wp-content\/uploads\/sites\/17\/2025\/02\/Growing-Pains-1024x576.jpg\" class=\"attachment-large size-large wp-post-image\" alt=\"\" srcset=\"https:\/\/ficc.ar\/buenosaires2025\/wp-content\/uploads\/sites\/17\/2025\/02\/Growing-Pains-1024x576.jpg 1024w, https:\/\/ficc.ar\/buenosaires2025\/wp-content\/uploads\/sites\/17\/2025\/02\/Growing-Pains-300x169.jpg 300w, https:\/\/ficc.ar\/buenosaires2025\/wp-content\/uploads\/sites\/17\/2025\/02\/Growing-Pains.jpg 1920w\" sizes=\"auto, (max-width: 1024px) 100vw, 1024px\" \/><\/a><\/div><div class=\"w-vwrapper usg_vwrapper_1 grid_arrow_top align_center valign_top\"><h1 class=\"w-post-elm post_title usg_post_title_1 has_text_color entry-title color_link_inherit\"><a href=\"https:\/\/ficc.ar\/buenosaires2025\/films\/growing-pains\/\" target=\"_blank\" rel=\"noopener nofollow\">Growing Pains<\/a><\/h1><p class=\"w-post-elm post_custom_field usg_post_custom_field_2 has_text_color type_text director_x_xs\"><span class=\"w-post-elm-before\">De <\/span><span class=\"w-post-elm-value\"> Jack Curtis - 15 min. - 2024<\/span><\/p><\/div><div class=\"w-vwrapper usg_vwrapper_2 align_center valign_top\" style=\"--vwrapper-gap:0.3rem\"><h2 class=\"w-post-elm post_title usg_post_title_2 has_text_color entry-title color_link_inherit\"><a href=\"https:\/\/ficc.ar\/buenosaires2025\/films\/growing-pains\/\">Growing Pains<\/a><\/h2><p class=\"w-post-elm post_custom_field usg_post_custom_field_3 has_text_color type_text director_x_xs\"><span class=\"w-post-elm-before\">De <\/span><span class=\"w-post-elm-value\"> Jack Curtis - 15 min. - 2024<\/span><\/p><\/div>\t\t<\/div>\r\n\t<\/article>\r\n\t<article class=\"w-grid-item post-2938 films type-films status-publish has-post-thumbnail hentry categoria_film-competencia-internacional-de-cortometrajes-de-5-min\" data-id=\"2938\">\r\n\t\t<div class=\"w-grid-item-h\">\r\n\t\t\t\t\t\t\t<a class=\"w-grid-item-anchor\" href=\"https:\/\/ficc.ar\/buenosaires2025\/films\/sup\/\" rel=\"bookmark\" aria-label=\"SUP\"><\/a>\r\n\t\t\t\t\t\t<div class=\"w-post-elm post_image usg_post_image_1 has_ratio\"><div style=\"padding-bottom:56.25%\"><\/div><a href=\"https:\/\/ficc.ar\/buenosaires2025\/films\/sup\/\" aria-label=\"SUP\"><img loading=\"lazy\" decoding=\"async\" width=\"1024\" height=\"576\" src=\"https:\/\/ficc.ar\/buenosaires2025\/wp-content\/uploads\/sites\/17\/2025\/02\/SUP-1024x576.jpg\" class=\"attachment-large size-large wp-post-image\" alt=\"\" srcset=\"https:\/\/ficc.ar\/buenosaires2025\/wp-content\/uploads\/sites\/17\/2025\/02\/SUP-1024x576.jpg 1024w, https:\/\/ficc.ar\/buenosaires2025\/wp-content\/uploads\/sites\/17\/2025\/02\/SUP-300x169.jpg 300w, https:\/\/ficc.ar\/buenosaires2025\/wp-content\/uploads\/sites\/17\/2025\/02\/SUP.jpg 1920w\" sizes=\"auto, (max-width: 1024px) 100vw, 1024px\" \/><\/a><\/div><div class=\"w-vwrapper usg_vwrapper_1 grid_arrow_top align_center valign_top\"><h1 class=\"w-post-elm post_title usg_post_title_1 has_text_color entry-title color_link_inherit\"><a href=\"https:\/\/ficc.ar\/buenosaires2025\/films\/sup\/\" target=\"_blank\" rel=\"noopener nofollow\">SUP<\/a><\/h1><p class=\"w-post-elm post_custom_field usg_post_custom_field_2 has_text_color type_text director_x_xs\"><span class=\"w-post-elm-before\">De <\/span><span class=\"w-post-elm-value\">Gregory Stewart  - 9 min. - 2024<\/span><\/p><\/div><div class=\"w-vwrapper usg_vwrapper_2 align_center valign_top\" style=\"--vwrapper-gap:0.3rem\"><h2 class=\"w-post-elm post_title usg_post_title_2 has_text_color entry-title color_link_inherit\"><a href=\"https:\/\/ficc.ar\/buenosaires2025\/films\/sup\/\">SUP<\/a><\/h2><p class=\"w-post-elm post_custom_field usg_post_custom_field_3 has_text_color type_text director_x_xs\"><span class=\"w-post-elm-before\">De <\/span><span class=\"w-post-elm-value\">Gregory Stewart  - 9 min. - 2024<\/span><\/p><\/div>\t\t<\/div>\r\n\t<\/article>\r\n<\/div><div class=\"w-grid-preloader\"><div class=\"g-preloader type_2\">\r\n\t<div><\/div>\r\n<\/div>\r\n<\/div>\t<div class=\"w-grid-json hidden\" onclick='return {&quot;action&quot;:&quot;us_ajax_grid&quot;,&quot;ajax_url&quot;:&quot;https:\\\/\\\/ficc.ar\\\/buenosaires2025\\\/wp-admin\\\/admin-ajax.php&quot;,&quot;infinite_scroll&quot;:0,&quot;max_num_pages&quot;:1,&quot;pagination&quot;:&quot;none&quot;,&quot;permalink_url&quot;:&quot;https:\\\/\\\/ficc.ar\\\/buenosaires2025\\\/wp-json\\\/wp\\\/v2\\\/pages\\\/12&quot;,&quot;template_vars&quot;:{&quot;columns&quot;:&quot;3&quot;,&quot;exclude_items&quot;:&quot;none&quot;,&quot;img_size&quot;:&quot;default&quot;,&quot;ignore_items_size&quot;:0,&quot;items_layout&quot;:&quot;101&quot;,&quot;items_offset&quot;:&quot;1&quot;,&quot;load_animation&quot;:&quot;none&quot;,&quot;overriding_link&quot;:&quot;popup_post&quot;,&quot;post_id&quot;:0,&quot;query_args&quot;:{&quot;ignore_sticky_posts&quot;:1,&quot;post_type&quot;:&quot;any&quot;,&quot;post__in&quot;:[&quot;2934&quot;,&quot;2932&quot;,&quot;2938&quot;],&quot;posts_per_page&quot;:&quot;10&quot;},&quot;orderby_query_args&quot;:{&quot;orderby&quot;:{&quot;post__in&quot;:&quot;ASC&quot;},&quot;order&quot;:&quot;ASC&quot;},&quot;type&quot;:&quot;grid&quot;,&quot;us_grid_ajax_index&quot;:30,&quot;us_grid_filter_params&quot;:null,&quot;us_grid_index&quot;:30,&quot;_us_grid_post_type&quot;:&quot;ids&quot;,&quot;page_args&quot;:[]}}'><\/div>\r\n\t\t<div class=\"l-popup\">\r\n\t\t<div class=\"l-popup-overlay\"><\/div>\r\n\t\t<div class=\"l-popup-wrap\">\r\n\t\t\t<div class=\"l-popup-box\">\r\n\t\t\t\t<div class=\"l-popup-box-content\">\r\n\t\t\t\t\t<div class=\"g-preloader type_2\">\r\n\t\t\t\t\t\t<div><\/div>\r\n\t\t\t\t\t<\/div>\r\n\t\t\t\t\t<iframe class=\"l-popup-box-content-frame\" allowfullscreen><\/iframe>\r\n\t\t\t\t<\/div>\r\n\t\t\t<\/div>\r\n\t\t\t\t\t\t\t<div class=\"l-popup-arrow to_next\" title=\"Siguiente\"><\/div>\r\n\t\t\t\t<div class=\"l-popup-arrow to_prev\" title=\"Anterior\"><\/div>\r\n\t\t\t\t\t\t<div class=\"l-popup-closer\"><\/div>\r\n\t\t<\/div>\r\n\t<\/div>\r\n\t<\/div><div class=\"w-separator size_medium with_line width_default thick_2 style_dotted color_border align_center\"><div class=\"w-separator-h\"><\/div><\/div><div class=\"wpb_text_column us_custom_6df4bc3a aaa has_text_color\"><div class=\"wpb_wrapper\"><h3><span style=\"color: #ffffff\">17 hs &#8211; PROYECCI\u00d3N: O Outro Mundo de Sofia<\/span><\/h3>\n<\/div><\/div><div class=\"w-grid type_grid layout_101 cols_3 popup_page ratio_16x9\" id=\"us_grid_31\" style=\"--gap:1.5rem;\"><style>@media (max-width:1024px){#us_grid_31 .w-grid-item{width:50%}#us_grid_31 .w-grid-item.size_2x1,#us_grid_31 .w-grid-item.size_2x2{width:100%}}@media (max-width:600px){#us_grid_31 .w-grid-list{margin:0}#us_grid_31 .w-grid-item{width:100%;padding:0;margin-bottom:var(--gap,0px)}}<\/style><div class=\"w-grid-list\">\t<article class=\"w-grid-item post-2908 films type-films status-publish has-post-thumbnail hentry categoria_film-competencia-internacional-de-largometrajes-documentales\" data-id=\"2908\">\r\n\t\t<div class=\"w-grid-item-h\">\r\n\t\t\t\t\t\t\t<a class=\"w-grid-item-anchor\" href=\"https:\/\/ficc.ar\/buenosaires2025\/films\/el-otro-mundo-de-sofia\/\" rel=\"bookmark\" aria-label=\"O Outro Mundo de Sofia\"><\/a>\r\n\t\t\t\t\t\t<div class=\"w-post-elm post_image usg_post_image_1 has_ratio\"><div style=\"padding-bottom:56.25%\"><\/div><a href=\"https:\/\/ficc.ar\/buenosaires2025\/films\/el-otro-mundo-de-sofia\/\" aria-label=\"O Outro Mundo de Sofia\"><img loading=\"lazy\" decoding=\"async\" width=\"1024\" height=\"576\" src=\"https:\/\/ficc.ar\/buenosaires2025\/wp-content\/uploads\/sites\/17\/2025\/02\/El-otro-mundo-Sofia-1024x576.jpg\" class=\"attachment-large size-large wp-post-image\" alt=\"\" srcset=\"https:\/\/ficc.ar\/buenosaires2025\/wp-content\/uploads\/sites\/17\/2025\/02\/El-otro-mundo-Sofia-1024x576.jpg 1024w, https:\/\/ficc.ar\/buenosaires2025\/wp-content\/uploads\/sites\/17\/2025\/02\/El-otro-mundo-Sofia-300x169.jpg 300w, https:\/\/ficc.ar\/buenosaires2025\/wp-content\/uploads\/sites\/17\/2025\/02\/El-otro-mundo-Sofia.jpg 1920w\" sizes=\"auto, (max-width: 1024px) 100vw, 1024px\" \/><\/a><\/div><div class=\"w-vwrapper usg_vwrapper_1 grid_arrow_top align_center valign_top\"><h1 class=\"w-post-elm post_title usg_post_title_1 has_text_color entry-title color_link_inherit\"><a href=\"https:\/\/ficc.ar\/buenosaires2025\/films\/el-otro-mundo-de-sofia\/\" target=\"_blank\" rel=\"noopener nofollow\">O Outro Mundo de Sofia<\/a><\/h1><p class=\"w-post-elm post_custom_field usg_post_custom_field_2 has_text_color type_text director_x_xs\"><span class=\"w-post-elm-before\">De <\/span><span class=\"w-post-elm-value\">Rapha Erichsen Brasil - 90 min. - 2023<\/span><\/p><\/div><div class=\"w-vwrapper usg_vwrapper_2 align_center valign_top\" style=\"--vwrapper-gap:0.3rem\"><h2 class=\"w-post-elm post_title usg_post_title_2 has_text_color entry-title color_link_inherit\"><a href=\"https:\/\/ficc.ar\/buenosaires2025\/films\/el-otro-mundo-de-sofia\/\">O Outro Mundo de Sofia<\/a><\/h2><p class=\"w-post-elm post_custom_field usg_post_custom_field_3 has_text_color type_text director_x_xs\"><span class=\"w-post-elm-before\">De <\/span><span class=\"w-post-elm-value\">Rapha Erichsen Brasil - 90 min. - 2023<\/span><\/p><\/div>\t\t<\/div>\r\n\t<\/article>\r\n<\/div><div class=\"w-grid-preloader\"><div class=\"g-preloader type_2\">\r\n\t<div><\/div>\r\n<\/div>\r\n<\/div>\t<div class=\"w-grid-json hidden\" onclick='return {&quot;action&quot;:&quot;us_ajax_grid&quot;,&quot;ajax_url&quot;:&quot;https:\\\/\\\/ficc.ar\\\/buenosaires2025\\\/wp-admin\\\/admin-ajax.php&quot;,&quot;infinite_scroll&quot;:0,&quot;max_num_pages&quot;:1,&quot;pagination&quot;:&quot;none&quot;,&quot;permalink_url&quot;:&quot;https:\\\/\\\/ficc.ar\\\/buenosaires2025\\\/wp-json\\\/wp\\\/v2\\\/pages\\\/12&quot;,&quot;template_vars&quot;:{&quot;columns&quot;:&quot;3&quot;,&quot;exclude_items&quot;:&quot;none&quot;,&quot;img_size&quot;:&quot;default&quot;,&quot;ignore_items_size&quot;:0,&quot;items_layout&quot;:&quot;101&quot;,&quot;items_offset&quot;:&quot;1&quot;,&quot;load_animation&quot;:&quot;none&quot;,&quot;overriding_link&quot;:&quot;popup_post&quot;,&quot;post_id&quot;:0,&quot;query_args&quot;:{&quot;ignore_sticky_posts&quot;:1,&quot;post_type&quot;:&quot;any&quot;,&quot;post__in&quot;:[&quot;2908&quot;],&quot;posts_per_page&quot;:&quot;10&quot;},&quot;orderby_query_args&quot;:{&quot;orderby&quot;:{&quot;date&quot;:&quot;DESC&quot;}},&quot;type&quot;:&quot;grid&quot;,&quot;us_grid_ajax_index&quot;:31,&quot;us_grid_filter_params&quot;:null,&quot;us_grid_index&quot;:31,&quot;_us_grid_post_type&quot;:&quot;ids&quot;,&quot;page_args&quot;:[]}}'><\/div>\r\n\t\t<div class=\"l-popup\">\r\n\t\t<div class=\"l-popup-overlay\"><\/div>\r\n\t\t<div class=\"l-popup-wrap\">\r\n\t\t\t<div class=\"l-popup-box\">\r\n\t\t\t\t<div class=\"l-popup-box-content\">\r\n\t\t\t\t\t<div class=\"g-preloader type_2\">\r\n\t\t\t\t\t\t<div><\/div>\r\n\t\t\t\t\t<\/div>\r\n\t\t\t\t\t<iframe class=\"l-popup-box-content-frame\" allowfullscreen><\/iframe>\r\n\t\t\t\t<\/div>\r\n\t\t\t<\/div>\r\n\t\t\t\t\t\t\t<div class=\"l-popup-arrow to_next\" title=\"Siguiente\"><\/div>\r\n\t\t\t\t<div class=\"l-popup-arrow to_prev\" title=\"Anterior\"><\/div>\r\n\t\t\t\t\t\t<div class=\"l-popup-closer\"><\/div>\r\n\t\t<\/div>\r\n\t<\/div>\r\n\t<\/div><div class=\"w-separator size_medium with_line width_default thick_2 style_dotted color_border align_center\"><div class=\"w-separator-h\"><\/div><\/div><div class=\"wpb_text_column us_custom_6df4bc3a aaa has_text_color\"><div class=\"wpb_wrapper\"><h3><span style=\"color: #ffffff\">1<\/span><span style=\"color: #ffffff\">8.30 hs &#8211; Mesa Cannabis Medicinal<\/span><\/h3>\n<ul>\n<li>\n<h4><span style=\"color: #ffffff\">Raphael Erichsen (Brasil) \/ Cineasta, Director de &#8220;O Outro Mundo de Sofia&#8221;<\/span><\/h4>\n<\/li>\n<li>\n<h4><span style=\"color: #ffffff\">Mam\u00e1 Cultiva Argentina<\/span><\/h4>\n<\/li>\n<\/ul>\n<\/div><\/div><div class=\"w-separator size_medium with_line width_default thick_2 style_solid color_border align_center\"><div class=\"w-separator-h\"><\/div><\/div><div class=\"wpb_text_column us_custom_6df4bc3a aaa has_text_color\"><div class=\"wpb_wrapper\"><ul>\n<li><a href=\"https:\/\/www.instagram.com\/casabrandon\/\" target=\"_blank\" rel=\"noopener\">Casa Brandon \/ <\/a><a href=\"https:\/\/maps.app.goo.gl\/BUmahrpvGt14fjBV6\">Luis Mar\u00eda Drago 236<\/a><\/li>\n<\/ul>\n<h3><span style=\"color: #ffffff\">18hs &#8211; PROYECCI\u00d3N: BAJO NARANJA<\/span><\/h3>\n<\/div><\/div><div class=\"w-grid type_grid layout_101 cols_3 popup_page ratio_16x9\" id=\"us_grid_32\" style=\"--gap:1.5rem;\"><style>@media (max-width:1024px){#us_grid_32 .w-grid-item{width:50%}#us_grid_32 .w-grid-item.size_2x1,#us_grid_32 .w-grid-item.size_2x2{width:100%}}@media (max-width:600px){#us_grid_32 .w-grid-list{margin:0}#us_grid_32 .w-grid-item{width:100%;padding:0;margin-bottom:var(--gap,0px)}}<\/style><div class=\"w-grid-list\">\t<article class=\"w-grid-item post-2890 films type-films status-publish has-post-thumbnail hentry categoria_film-competencia-internacional-de-largometrajes-de-ficcion\" data-id=\"2890\">\r\n\t\t<div class=\"w-grid-item-h\">\r\n\t\t\t\t\t\t\t<a class=\"w-grid-item-anchor\" href=\"https:\/\/ficc.ar\/buenosaires2025\/films\/bajo-naranja\/\" rel=\"bookmark\" aria-label=\"Bajo Naranja\"><\/a>\r\n\t\t\t\t\t\t<div class=\"w-post-elm post_image usg_post_image_1 has_ratio\"><div style=\"padding-bottom:56.25%\"><\/div><a href=\"https:\/\/ficc.ar\/buenosaires2025\/films\/bajo-naranja\/\" aria-label=\"Bajo Naranja\"><img loading=\"lazy\" decoding=\"async\" width=\"1024\" height=\"576\" src=\"https:\/\/ficc.ar\/buenosaires2025\/wp-content\/uploads\/sites\/17\/2025\/02\/Bajo-naranja-1024x576.jpg\" class=\"attachment-large size-large wp-post-image\" alt=\"\" srcset=\"https:\/\/ficc.ar\/buenosaires2025\/wp-content\/uploads\/sites\/17\/2025\/02\/Bajo-naranja-1024x576.jpg 1024w, https:\/\/ficc.ar\/buenosaires2025\/wp-content\/uploads\/sites\/17\/2025\/02\/Bajo-naranja-300x169.jpg 300w, https:\/\/ficc.ar\/buenosaires2025\/wp-content\/uploads\/sites\/17\/2025\/02\/Bajo-naranja.jpg 1920w\" sizes=\"auto, (max-width: 1024px) 100vw, 1024px\" \/><\/a><\/div><div class=\"w-vwrapper usg_vwrapper_1 grid_arrow_top align_center valign_top\"><h1 class=\"w-post-elm post_title usg_post_title_1 has_text_color entry-title color_link_inherit\"><a href=\"https:\/\/ficc.ar\/buenosaires2025\/films\/bajo-naranja\/\" target=\"_blank\" rel=\"noopener nofollow\">Bajo Naranja<\/a><\/h1><p class=\"w-post-elm post_custom_field usg_post_custom_field_2 has_text_color type_text director_x_xs\"><span class=\"w-post-elm-before\">De <\/span><span class=\"w-post-elm-value\">Michael Taylor - 85 min. - 2024<\/span><\/p><\/div><div class=\"w-vwrapper usg_vwrapper_2 align_center valign_top\" style=\"--vwrapper-gap:0.3rem\"><h2 class=\"w-post-elm post_title usg_post_title_2 has_text_color entry-title color_link_inherit\"><a href=\"https:\/\/ficc.ar\/buenosaires2025\/films\/bajo-naranja\/\">Bajo Naranja<\/a><\/h2><p class=\"w-post-elm post_custom_field usg_post_custom_field_3 has_text_color type_text director_x_xs\"><span class=\"w-post-elm-before\">De <\/span><span class=\"w-post-elm-value\">Michael Taylor - 85 min. - 2024<\/span><\/p><\/div>\t\t<\/div>\r\n\t<\/article>\r\n<\/div><div class=\"w-grid-preloader\"><div class=\"g-preloader type_2\">\r\n\t<div><\/div>\r\n<\/div>\r\n<\/div>\t<div class=\"w-grid-json hidden\" onclick='return {&quot;action&quot;:&quot;us_ajax_grid&quot;,&quot;ajax_url&quot;:&quot;https:\\\/\\\/ficc.ar\\\/buenosaires2025\\\/wp-admin\\\/admin-ajax.php&quot;,&quot;infinite_scroll&quot;:0,&quot;max_num_pages&quot;:1,&quot;pagination&quot;:&quot;none&quot;,&quot;permalink_url&quot;:&quot;https:\\\/\\\/ficc.ar\\\/buenosaires2025\\\/wp-json\\\/wp\\\/v2\\\/pages\\\/12&quot;,&quot;template_vars&quot;:{&quot;columns&quot;:&quot;3&quot;,&quot;exclude_items&quot;:&quot;none&quot;,&quot;img_size&quot;:&quot;default&quot;,&quot;ignore_items_size&quot;:0,&quot;items_layout&quot;:&quot;101&quot;,&quot;items_offset&quot;:&quot;1&quot;,&quot;load_animation&quot;:&quot;none&quot;,&quot;overriding_link&quot;:&quot;popup_post&quot;,&quot;post_id&quot;:0,&quot;query_args&quot;:{&quot;ignore_sticky_posts&quot;:1,&quot;post_type&quot;:&quot;any&quot;,&quot;post__in&quot;:[&quot;2890&quot;],&quot;posts_per_page&quot;:&quot;10&quot;},&quot;orderby_query_args&quot;:{&quot;orderby&quot;:{&quot;date&quot;:&quot;DESC&quot;}},&quot;type&quot;:&quot;grid&quot;,&quot;us_grid_ajax_index&quot;:32,&quot;us_grid_filter_params&quot;:null,&quot;us_grid_index&quot;:32,&quot;_us_grid_post_type&quot;:&quot;ids&quot;,&quot;page_args&quot;:[]}}'><\/div>\r\n\t\t<div class=\"l-popup\">\r\n\t\t<div class=\"l-popup-overlay\"><\/div>\r\n\t\t<div class=\"l-popup-wrap\">\r\n\t\t\t<div class=\"l-popup-box\">\r\n\t\t\t\t<div class=\"l-popup-box-content\">\r\n\t\t\t\t\t<div class=\"g-preloader type_2\">\r\n\t\t\t\t\t\t<div><\/div>\r\n\t\t\t\t\t<\/div>\r\n\t\t\t\t\t<iframe class=\"l-popup-box-content-frame\" allowfullscreen><\/iframe>\r\n\t\t\t\t<\/div>\r\n\t\t\t<\/div>\r\n\t\t\t\t\t\t\t<div class=\"l-popup-arrow to_next\" title=\"Siguiente\"><\/div>\r\n\t\t\t\t<div class=\"l-popup-arrow to_prev\" title=\"Anterior\"><\/div>\r\n\t\t\t\t\t\t<div class=\"l-popup-closer\"><\/div>\r\n\t\t<\/div>\r\n\t<\/div>\r\n\t<\/div><div class=\"w-separator size_medium with_line width_default thick_2 style_solid color_border align_center\"><div class=\"w-separator-h\"><\/div><\/div><div class=\"wpb_text_column us_custom_6df4bc3a aaa has_text_color\"><div class=\"wpb_wrapper\"><ul>\n<li><a href=\"https:\/\/www.instagram.com\/wokitoki.santelmo\/\"><span style=\"font-weight: 400\">Woki Toki &#8211; Espacio Cultural <\/span><\/a><a href=\"https:\/\/www.google.com\/maps\/place\/Woki+Toki\/@-34.6185691,-58.3788189,17z\/data=!3m1!4b1!4m6!3m5!1s0x95bccbac23b4c7b5:0xac2b487106bda33c!8m2!3d-34.6185691!4d-58.3788189!16s%2Fg%2F11styr9bdv?entry=ttu&amp;g_ep=EgoyMDI1MDEyNi4wIKXMDSoASAFQAw%3D%3D\"><span style=\"font-weight: 400\">\u00a0\/ Tacuar\u00ed 905<\/span><\/a><\/li>\n<\/ul>\n<h3><span style=\"color: #ffffff\">20.30hs &#8211; Entrega de premios del 5\u00b0 FICC Buenos Aires 2025<\/span><\/h3>\n<h3><img loading=\"lazy\" decoding=\"async\" class=\"alignnone size-medium wp-image-3039\" src=\"https:\/\/ficc.ar\/buenosaires2025\/wp-content\/uploads\/sites\/17\/2025\/02\/Premios-300x169.jpg\" alt=\"\" width=\"300\" height=\"169\" srcset=\"https:\/\/ficc.ar\/buenosaires2025\/wp-content\/uploads\/sites\/17\/2025\/02\/Premios-300x169.jpg 300w, https:\/\/ficc.ar\/buenosaires2025\/wp-content\/uploads\/sites\/17\/2025\/02\/Premios-1024x576.jpg 1024w, https:\/\/ficc.ar\/buenosaires2025\/wp-content\/uploads\/sites\/17\/2025\/02\/Premios.jpg 1920w\" sizes=\"auto, (max-width: 300px) 100vw, 300px\" \/><\/h3>\n<\/div><\/div><\/div><\/div><\/div><\/div><\/div><\/div><\/div><\/div><div class=\"vc_col-sm-4 wpb_column vc_column_container\"><div class=\"vc_column-inner\"><div class=\"wpb_wrapper\"><div class=\"w-image us_custom_f0c9a57b align_none\"><a target=\"_blank\" href=\"https:\/\/drive.google.com\/file\/d\/1uts0rsSmElfp8z-__9nLyXSs16zDrBYX\/view?usp=sharing\" rel=\"noopener\" aria-label=\"Enlace\" class=\"w-image-h\"><img loading=\"lazy\" decoding=\"async\" width=\"443\" height=\"433\" src=\"https:\/\/ficc.ar\/buenosaires2025\/wp-content\/uploads\/sites\/17\/2025\/01\/GRILLA.png\" class=\"attachment-full size-full\" alt=\"\" srcset=\"https:\/\/ficc.ar\/buenosaires2025\/wp-content\/uploads\/sites\/17\/2025\/01\/GRILLA.png 443w, https:\/\/ficc.ar\/buenosaires2025\/wp-content\/uploads\/sites\/17\/2025\/01\/GRILLA-300x293.png 300w\" sizes=\"auto, (max-width: 443px) 100vw, 443px\" \/><\/a><\/div><div class=\"w-image us_custom_f0c9a57b align_none\"><div class=\"w-image-h\"><img loading=\"lazy\" decoding=\"async\" width=\"443\" height=\"433\" src=\"https:\/\/ficc.ar\/buenosaires2025\/wp-content\/uploads\/sites\/17\/2025\/01\/CATALOGO.png\" class=\"attachment-large size-large\" alt=\"\" srcset=\"https:\/\/ficc.ar\/buenosaires2025\/wp-content\/uploads\/sites\/17\/2025\/01\/CATALOGO.png 443w, https:\/\/ficc.ar\/buenosaires2025\/wp-content\/uploads\/sites\/17\/2025\/01\/CATALOGO-300x293.png 300w\" sizes=\"auto, (max-width: 443px) 100vw, 443px\" \/><\/div><\/div><\/div><\/div><\/div><\/div><\/div><\/section><section class=\"l-section wpb_row hide_on_laptops hide_on_tablets hide_on_mobiles height_medium width_custom\" style=\"--site-content-width:1000px;\" id=\"premios\"><div class=\"l-section-h i-cf\"><div class=\"g-cols vc_row via_flex valign_top type_default stacking_default\"><div class=\"vc_col-sm-12 wpb_column vc_column_container\"><div class=\"vc_column-inner\"><div class=\"wpb_wrapper\"><div class=\"w-separator us_custom_8f4dd0d6 size_large\"><\/div><div class=\"w-separator us_custom_8f4dd0d6 size_large\"><\/div><div class=\"g-cols wpb_row via_flex valign_top type_default stacking_default\"><div class=\"vc_col-sm-1\/5 wpb_column vc_column_container\"><div class=\"vc_column-inner\"><div class=\"wpb_wrapper\"><div class=\"wpb_text_column us_custom_adb3599a has_text_color\"><div class=\"wpb_wrapper\"><h2><\/h2>\n<h2 style=\"text-align: left\">Jurado DE LA Competencia Oficial de Largometrajes de Ficci\u00f3n<\/h2>\n<\/div><\/div><\/div><\/div><\/div><div class=\"vc_col-sm-1\/5 wpb_column vc_column_container\"><div class=\"vc_column-inner\"><div class=\"wpb_wrapper\"><\/div><\/div><\/div><div class=\"vc_col-sm-1\/5 wpb_column vc_column_container\"><div class=\"vc_column-inner us_custom_eb849559\"><div class=\"wpb_wrapper\"><div class=\"w-popup align_none\"><button class=\"w-popup-trigger type_image\" aria-label=\"Ventana emergente\"><img loading=\"lazy\" decoding=\"async\" width=\"300\" height=\"300\" src=\"https:\/\/ficc.ar\/buenosaires2025\/wp-content\/uploads\/sites\/17\/2025\/01\/larissa-300x300.png\" class=\"attachment-medium size-medium\" alt=\"\" srcset=\"https:\/\/ficc.ar\/buenosaires2025\/wp-content\/uploads\/sites\/17\/2025\/01\/larissa-300x300.png 300w, https:\/\/ficc.ar\/buenosaires2025\/wp-content\/uploads\/sites\/17\/2025\/01\/larissa-150x150.png 150w, https:\/\/ficc.ar\/buenosaires2025\/wp-content\/uploads\/sites\/17\/2025\/01\/larissa.png 601w\" sizes=\"auto, (max-width: 300px) 100vw, 300px\" \/><\/button><div class=\"w-popup-overlay\" style=\"background:rgba(0,0,0,0.95);\"><\/div><div class=\"w-popup-wrap\" style=\"--title-color:var(--color-content-heading);--title-bg-color:var(--color-content-bg-alt);--content-color:var(--color-content-text);--content-bg-color:var(--color-content-bg)\"><div class=\"w-popup-box animation_fadeIn closerpos_outside with_title\" style=\"width:600px;\"><div class=\"w-popup-box-h\"><div class=\"w-popup-box-title\">Larissa Uchida - (Brasil)<\/div><div class=\"w-popup-box-content\" style=\"padding:5%;\"><p>Larissa Uchida es economista, con especializaci\u00f3n en cannabis medicinal, y cuenta con m\u00e1s de una d\u00e9cada de experiencia en el sector cann\u00e1bico. Fundadora y CEO de CannExp, empresa responsable de la organizaci\u00f3n de ExpoCannabis Brasil, lidera el mayor evento del pa\u00eds dedicado al cannabis. Bajo su liderazgo, el encuentro fomenta debates integrales sobre los usos medicinales, industriales y culturales de la planta, consolid\u00e1ndose como un referente en el tema.<\/p>\n<\/div><\/div><\/div><div class=\"w-popup-closer\"><\/div><\/div><\/div>[vc_custom_heading text=&#8221;Larissa Uchida<br \/>\n(Brasil)&#8221; font_container=&#8221;tag:h2|text_align:center&#8221; use_theme_fonts=&#8221;yes&#8221; css=&#8221;%7B%22default%22%3A%7B%22color%22%3A%22_header_middle_text_hover%22%7D%7D&#8221;]<\/div><\/div><\/div><div class=\"vc_col-sm-1\/5 wpb_column vc_column_container\"><div class=\"vc_column-inner us_custom_eb849559\"><div class=\"wpb_wrapper\"><div class=\"w-popup align_none\"><button class=\"w-popup-trigger type_image\" aria-label=\"Ventana emergente\"><img loading=\"lazy\" decoding=\"async\" width=\"300\" height=\"300\" src=\"https:\/\/ficc.ar\/buenosaires2025\/wp-content\/uploads\/sites\/17\/2025\/01\/ee2jurado-ficc-300x300.png\" class=\"attachment-medium size-medium\" alt=\"\" srcset=\"https:\/\/ficc.ar\/buenosaires2025\/wp-content\/uploads\/sites\/17\/2025\/01\/ee2jurado-ficc-300x300.png 300w, https:\/\/ficc.ar\/buenosaires2025\/wp-content\/uploads\/sites\/17\/2025\/01\/ee2jurado-ficc-150x150.png 150w, https:\/\/ficc.ar\/buenosaires2025\/wp-content\/uploads\/sites\/17\/2025\/01\/ee2jurado-ficc.png 601w\" sizes=\"auto, (max-width: 300px) 100vw, 300px\" \/><\/button><div class=\"w-popup-overlay\" style=\"background:rgba(0,0,0,0.95);\"><\/div><div class=\"w-popup-wrap\" style=\"--title-color:var(--color-content-heading);--title-bg-color:var(--color-content-bg-alt);--content-color:var(--color-content-text);--content-bg-color:var(--color-content-bg)\"><div class=\"w-popup-box animation_fadeIn closerpos_outside with_title\" style=\"width:600px;\"><div class=\"w-popup-box-h\"><div class=\"w-popup-box-title\">Enzo Vezzaro (Rep\u00fablica Dominicana)<\/div><div class=\"w-popup-box-content\" style=\"padding:5%;\"><p class=\"a-b-r-La\">Director del Festival Dominicano de Cine Cann\u00e1bico, activista por la regulaci\u00f3n del cannabis en la Rep\u00fablica Dominicana y gestor cultural con enfoque en proyectos que combinan arte, educaci\u00f3n y justicia social. Tambi\u00e9n es organizador de iniciativas que visibilizan la comunidad cann\u00e1bica dominicana, como la Marcha Mundial de la Marihuana RD, la revista online Dominicanna RD, y fundador de la ASFL Legal Es Mejor, entre otras iniciativas nacionales relacionadas con el cannabis en la Republica Dominicana.<\/p>\n<\/div><\/div><\/div><div class=\"w-popup-closer\"><\/div><\/div><\/div>[vc_custom_heading text=&#8221;Enzo Vezzaro<br \/>\n(Rep. Dominicana)&#8221; font_container=&#8221;tag:h2|text_align:center&#8221; use_theme_fonts=&#8221;yes&#8221; css=&#8221;%7B%22default%22%3A%7B%22color%22%3A%22_header_middle_text_hover%22%7D%7D&#8221;]<\/div><\/div><\/div><div class=\"vc_col-sm-1\/5 wpb_column vc_column_container\"><div class=\"vc_column-inner us_custom_eb849559\"><div class=\"wpb_wrapper\"><div class=\"w-popup align_none\"><button class=\"w-popup-trigger type_image\" aria-label=\"Ventana emergente\"><img loading=\"lazy\" decoding=\"async\" width=\"300\" height=\"300\" src=\"https:\/\/ficc.ar\/buenosaires2025\/wp-content\/uploads\/sites\/17\/2025\/01\/e2jurado-ficc-300x300.png\" class=\"attachment-medium size-medium\" alt=\"\" srcset=\"https:\/\/ficc.ar\/buenosaires2025\/wp-content\/uploads\/sites\/17\/2025\/01\/e2jurado-ficc-300x300.png 300w, https:\/\/ficc.ar\/buenosaires2025\/wp-content\/uploads\/sites\/17\/2025\/01\/e2jurado-ficc-150x150.png 150w, https:\/\/ficc.ar\/buenosaires2025\/wp-content\/uploads\/sites\/17\/2025\/01\/e2jurado-ficc.png 601w\" sizes=\"auto, (max-width: 300px) 100vw, 300px\" \/><\/button><div class=\"w-popup-overlay\" style=\"background:rgba(0,0,0,0.95);\"><\/div><div class=\"w-popup-wrap\" style=\"--title-color:var(--color-content-heading);--title-bg-color:var(--color-content-bg-alt);--content-color:var(--color-content-text);--content-bg-color:var(--color-content-bg)\"><div class=\"w-popup-box animation_fadeIn closerpos_outside with_title\" style=\"width:600px;\"><div class=\"w-popup-box-h\"><div class=\"w-popup-box-title\">Francisco Ferraz - (Brasil)<\/div><div class=\"w-popup-box-content\" style=\"padding:5%;\"><p class=\"a-b-r-La\">Productor y curador de R\u00edo de Janeiro, trabaja en el circuito de festivales de cine brasile\u00f1os desde 2009. Es productor del Festival Internacional de Cine de R\u00edo, Riomarket y Premiere Brasil Debates, y curador del Green Nation Environmental Film Festival en S\u00e3o Paulo. Actualmente es productor ejecutivo de la primera edici\u00f3n del FICC Rio.<\/p>\n<\/div><\/div><\/div><div class=\"w-popup-closer\"><\/div><\/div><\/div>[vc_custom_heading text=&#8221;Francisco Ferraz<br \/>\n(Brasil)&#8221; font_container=&#8221;tag:h2|text_align:center&#8221; use_theme_fonts=&#8221;yes&#8221; css=&#8221;%7B%22default%22%3A%7B%22color%22%3A%22_header_middle_text_hover%22%7D%7D&#8221;]<\/div><\/div><\/div><\/div><div class=\"w-separator us_custom_8f4dd0d6 size_large\"><\/div><div class=\"w-separator us_custom_8f4dd0d6 size_large\"><\/div><div class=\"g-cols wpb_row via_flex valign_top type_default stacking_default\"><div class=\"vc_col-sm-1\/5 wpb_column vc_column_container\"><div class=\"vc_column-inner\"><div class=\"wpb_wrapper\"><div class=\"wpb_text_column us_custom_8a1dae5e has_text_color\"><div class=\"wpb_wrapper\"><h2 style=\"text-align: left\">Jurado DE LA Competencia Oficial de Largometrajes Documentales<\/h2>\n<\/div><\/div><\/div><\/div><\/div><div class=\"vc_col-sm-1\/5 wpb_column vc_column_container\"><div class=\"vc_column-inner\"><div class=\"wpb_wrapper\"><\/div><\/div><\/div><div class=\"vc_col-sm-1\/5 wpb_column vc_column_container\"><div class=\"vc_column-inner us_custom_eb849559\"><div class=\"wpb_wrapper\"><div class=\"w-popup align_none\"><button class=\"w-popup-trigger type_image\" aria-label=\"Ventana emergente\"><img loading=\"lazy\" decoding=\"async\" width=\"300\" height=\"300\" src=\"https:\/\/ficc.ar\/buenosaires2025\/wp-content\/uploads\/sites\/17\/2025\/01\/4jurado-ficcs-300x300.png\" class=\"attachment-medium size-medium\" alt=\"\" srcset=\"https:\/\/ficc.ar\/buenosaires2025\/wp-content\/uploads\/sites\/17\/2025\/01\/4jurado-ficcs-300x300.png 300w, https:\/\/ficc.ar\/buenosaires2025\/wp-content\/uploads\/sites\/17\/2025\/01\/4jurado-ficcs-150x150.png 150w, https:\/\/ficc.ar\/buenosaires2025\/wp-content\/uploads\/sites\/17\/2025\/01\/4jurado-ficcs.png 601w\" sizes=\"auto, (max-width: 300px) 100vw, 300px\" \/><\/button><div class=\"w-popup-overlay\" style=\"background:rgba(0,0,0,0.95);\"><\/div><div class=\"w-popup-wrap\" style=\"--title-color:var(--color-content-heading);--title-bg-color:var(--color-content-bg-alt);--content-color:var(--color-content-text);--content-bg-color:var(--color-content-bg)\"><div class=\"w-popup-box animation_fadeIn closerpos_outside with_title\" style=\"width:600px;\"><div class=\"w-popup-box-h\"><div class=\"w-popup-box-title\">GUSTAVO MAIA (Brasil)<\/div><div class=\"w-popup-box-content\" style=\"padding:5%;\"><p class=\"a-b-r-La\">Es historiador y Director y fundador de Cannabis Monitor Brasil, un proyecto para monitorear noticias y producir datos y contenidos sobre cannabis en Internet. Tambi\u00e9n produce contenidos informativos, educativos y cr\u00edticos sobre el tema, a trav\u00e9s del podcast Maconh\u00f3metro.<br \/>\nLicenciado en Historia (UFRJ).<\/p>\n<\/div><\/div><\/div><div class=\"w-popup-closer\"><\/div><\/div><\/div>[vc_custom_heading text=&#8221;Gustavo Maia (Brasil)&#8221; font_container=&#8221;tag:h2|text_align:center&#8221; use_theme_fonts=&#8221;yes&#8221; css=&#8221;%7B%22default%22%3A%7B%22color%22%3A%22_header_middle_text_hover%22%7D%7D&#8221;]<\/div><\/div><\/div><div class=\"vc_col-sm-1\/5 wpb_column vc_column_container\"><div class=\"vc_column-inner us_custom_eb849559\"><div class=\"wpb_wrapper\"><div class=\"w-popup align_none\"><button class=\"w-popup-trigger type_image\" aria-label=\"Ventana emergente\"><img loading=\"lazy\" decoding=\"async\" width=\"300\" height=\"300\" src=\"https:\/\/ficc.ar\/buenosaires2025\/wp-content\/uploads\/sites\/17\/2025\/01\/juradoa-ficc-300x300.png\" class=\"attachment-medium size-medium\" alt=\"\" srcset=\"https:\/\/ficc.ar\/buenosaires2025\/wp-content\/uploads\/sites\/17\/2025\/01\/juradoa-ficc-300x300.png 300w, https:\/\/ficc.ar\/buenosaires2025\/wp-content\/uploads\/sites\/17\/2025\/01\/juradoa-ficc-150x150.png 150w, https:\/\/ficc.ar\/buenosaires2025\/wp-content\/uploads\/sites\/17\/2025\/01\/juradoa-ficc.png 601w\" sizes=\"auto, (max-width: 300px) 100vw, 300px\" \/><\/button><div class=\"w-popup-overlay\" style=\"background:rgba(0,0,0,0.95);\"><\/div><div class=\"w-popup-wrap\" style=\"--title-color:var(--color-content-heading);--title-bg-color:var(--color-content-bg-alt);--content-color:var(--color-content-text);--content-bg-color:var(--color-content-bg)\"><div class=\"w-popup-box animation_fadeIn closerpos_outside with_title\" style=\"width:600px;\"><div class=\"w-popup-box-h\"><div class=\"w-popup-box-title\">Gabriela Jaime (Argentina)<\/div><div class=\"w-popup-box-content\" style=\"padding:5%;\"><p class=\"a-b-r-La\">Documentalista, egresada del IDAC. Montajista desde los 90 a la actualidad de m\u00e1s de 20 largometrajes, muchos de ellos premiados nacional e internacionalmente. Como realizadora realiz\u00f3 tres largos documentales: \u201cJorge Giannoni, NN, ese soy yo\u201d, &#8220;Memoria para reincidentes&#8221; en codirecci\u00f3n con Violeta Bruck y J. Gabino y \u201cLa construcci\u00f3n del enemigo\u201d. Paralelamente desarrolla actividades de ense\u00f1anza e investigaci\u00f3n de cine para ni\u00f1es y docencia en el IDAC<\/p>\n<\/div><\/div><\/div><div class=\"w-popup-closer\"><\/div><\/div><\/div>[vc_custom_heading text=&#8221;Gabriela Jaime (Argentina)&#8221; font_container=&#8221;tag:h2|text_align:center&#8221; use_theme_fonts=&#8221;yes&#8221; css=&#8221;%7B%22default%22%3A%7B%22color%22%3A%22_header_middle_text_hover%22%7D%7D&#8221;]<\/div><\/div><\/div><div class=\"vc_col-sm-1\/5 wpb_column vc_column_container\"><div class=\"vc_column-inner us_custom_eb849559\"><div class=\"wpb_wrapper\"><div class=\"w-popup align_none\"><button class=\"w-popup-trigger type_image\" aria-label=\"Ventana emergente\"><img loading=\"lazy\" decoding=\"async\" width=\"300\" height=\"300\" src=\"https:\/\/ficc.ar\/buenosaires2025\/wp-content\/uploads\/sites\/17\/2025\/01\/juradso-ficc-300x300.png\" class=\"attachment-medium size-medium\" alt=\"\" srcset=\"https:\/\/ficc.ar\/buenosaires2025\/wp-content\/uploads\/sites\/17\/2025\/01\/juradso-ficc-300x300.png 300w, https:\/\/ficc.ar\/buenosaires2025\/wp-content\/uploads\/sites\/17\/2025\/01\/juradso-ficc-150x150.png 150w, https:\/\/ficc.ar\/buenosaires2025\/wp-content\/uploads\/sites\/17\/2025\/01\/juradso-ficc.png 601w\" sizes=\"auto, (max-width: 300px) 100vw, 300px\" \/><\/button><div class=\"w-popup-overlay\" style=\"background:rgba(0,0,0,0.95);\"><\/div><div class=\"w-popup-wrap\" style=\"--title-color:var(--color-content-heading);--title-bg-color:var(--color-content-bg-alt);--content-color:var(--color-content-text);--content-bg-color:var(--color-content-bg)\"><div class=\"w-popup-box animation_fadeIn closerpos_outside with_title\" style=\"width:600px;\"><div class=\"w-popup-box-h\"><div class=\"w-popup-box-title\">Victor Burgos Barreiro (Uruguay)<\/div><div class=\"w-popup-box-content\" style=\"padding:5%;\"><p class=\"a-b-r-La\">Realizador audiovisual, documentalista y docente especializado en c\u00e1mara y fotograf\u00eda.<\/p>\n<\/div><\/div><\/div><div class=\"w-popup-closer\"><\/div><\/div><\/div>[vc_custom_heading text=&#8221;Victor Burgos Barreiro (Uruguay)&#8221; font_container=&#8221;tag:h2|text_align:center&#8221; use_theme_fonts=&#8221;yes&#8221; css=&#8221;%7B%22default%22%3A%7B%22color%22%3A%22_header_middle_text_hover%22%7D%7D&#8221;]<\/div><\/div><\/div><\/div><div class=\"w-separator us_custom_8f4dd0d6 size_large\"><\/div><div class=\"w-separator us_custom_8f4dd0d6 size_large\"><\/div><div class=\"g-cols wpb_row via_flex valign_top type_default stacking_default\"><div class=\"vc_col-sm-1\/5 wpb_column vc_column_container\"><div class=\"vc_column-inner\"><div class=\"wpb_wrapper\"><div class=\"wpb_text_column us_custom_8a1dae5e has_text_color\"><div class=\"wpb_wrapper\"><h2 style=\"text-align: left\">Jurado DE LA Competencia Oficial de Cortometrajes mayores a 5 minutos<\/h2>\n<\/div><\/div><\/div><\/div><\/div><div class=\"vc_col-sm-1\/5 wpb_column vc_column_container\"><div class=\"vc_column-inner\"><div class=\"wpb_wrapper\"><\/div><\/div><\/div><div class=\"vc_col-sm-1\/5 wpb_column vc_column_container\"><div class=\"vc_column-inner us_custom_eb849559\"><div class=\"wpb_wrapper\"><div class=\"w-popup align_none\"><button class=\"w-popup-trigger type_image\" aria-label=\"Ventana emergente\"><img loading=\"lazy\" decoding=\"async\" width=\"300\" height=\"300\" src=\"https:\/\/ficc.ar\/buenosaires2025\/wp-content\/uploads\/sites\/17\/2025\/02\/ANDINO.png\" class=\"attachment-medium size-medium\" alt=\"\" srcset=\"https:\/\/ficc.ar\/buenosaires2025\/wp-content\/uploads\/sites\/17\/2025\/02\/ANDINO.png 300w, https:\/\/ficc.ar\/buenosaires2025\/wp-content\/uploads\/sites\/17\/2025\/02\/ANDINO-150x150.png 150w\" sizes=\"auto, (max-width: 300px) 100vw, 300px\" \/><\/button><div class=\"w-popup-overlay\" style=\"background:rgba(0,0,0,0.95);\"><\/div><div class=\"w-popup-wrap\" style=\"--title-color:var(--color-content-heading);--title-bg-color:var(--color-content-bg-alt);--content-color:var(--color-content-text);--content-bg-color:var(--color-content-bg)\"><div class=\"w-popup-box animation_fadeIn closerpos_outside with_title\" style=\"width:600px;\"><div class=\"w-popup-box-h\"><div class=\"w-popup-box-title\">Mar\u00eda Victoria Andino (Argentina)<\/div><div class=\"w-popup-box-content\" style=\"padding:5%;\"><p><span style=\"font-weight: 400\">Realizadora audiovisual, fot\u00f3grafa y docente.<\/span><\/p>\n<p><span style=\"font-weight: 400\">Realiz\u00f3 diversos cortometrajes y una serie documental sobre las tareas de cuidado y su impacto en la econom\u00eda. Trabaja como asistente de direcci\u00f3n y productora de casting y desde 2019 form\u00f3 e integra la colectiva T.A.L audiovisual desde donde pensamos y producimos diversos proyectos audiovisuales haciendo foco en la perspectiva de g\u00e9nero.<\/span><\/p>\n<\/div><\/div><\/div><div class=\"w-popup-closer\"><\/div><\/div><\/div>[vc_custom_heading text=&#8221;Mar\u00eda Victoria Andino (Argentina)&#8221; font_container=&#8221;tag:h2|text_align:center&#8221; use_theme_fonts=&#8221;yes&#8221; css=&#8221;%7B%22default%22%3A%7B%22color%22%3A%22_header_middle_text_hover%22%7D%7D&#8221;]<\/div><\/div><\/div><div class=\"vc_col-sm-1\/5 wpb_column vc_column_container\"><div class=\"vc_column-inner us_custom_eb849559\"><div class=\"wpb_wrapper\"><div class=\"w-popup align_none\"><button class=\"w-popup-trigger type_image\" aria-label=\"Ventana emergente\"><img loading=\"lazy\" decoding=\"async\" width=\"300\" height=\"300\" src=\"https:\/\/ficc.ar\/buenosaires2025\/wp-content\/uploads\/sites\/17\/2025\/02\/FRENKEL.png\" class=\"attachment-medium size-medium\" alt=\"\" srcset=\"https:\/\/ficc.ar\/buenosaires2025\/wp-content\/uploads\/sites\/17\/2025\/02\/FRENKEL.png 300w, https:\/\/ficc.ar\/buenosaires2025\/wp-content\/uploads\/sites\/17\/2025\/02\/FRENKEL-150x150.png 150w\" sizes=\"auto, (max-width: 300px) 100vw, 300px\" \/><\/button><div class=\"w-popup-overlay\" style=\"background:rgba(0,0,0,0.95);\"><\/div><div class=\"w-popup-wrap\" style=\"--title-color:var(--color-content-heading);--title-bg-color:var(--color-content-bg-alt);--content-color:var(--color-content-text);--content-bg-color:var(--color-content-bg)\"><div class=\"w-popup-box animation_fadeIn closerpos_outside with_title\" style=\"width:600px;\"><div class=\"w-popup-box-h\"><div class=\"w-popup-box-title\">Oscar Frenkel (Argentina)<\/div><div class=\"w-popup-box-content\" style=\"padding:5%;\"><p><span style=\"font-weight: 400\">Productor y realizador audiovisual con una amplia trayectoria en cine, m\u00fasica y documentales. Carrera marcada por la sensibilidad y el compromiso art\u00edstico.<\/span><\/p>\n<p><span style=\"font-weight: 400\">Dirigi\u00f3 el largometraje \u201cEl origen de la tristeza\u201d (2017), basado en la novela de Pablo Ramos, y, en los a\u00f1os 90, cre\u00f3 videoclips para bandas como Viejas Locas, Bersuit Vergarabat, Kapanga, durante m\u00e1s de dos d\u00e9cadas.<\/span><\/p>\n<p><span style=\"font-weight: 400\">Su m\u00e1s reciente obra es un documental sobre Leonardo Favio, realizado junto a su hija, que celebra la vida y el legado de uno de los grandes maestros del cine argentino.<\/span><\/p>\n<\/div><\/div><\/div><div class=\"w-popup-closer\"><\/div><\/div><\/div>[vc_custom_heading text=&#8221;Oscar Frenkel (Argentina)&#8221; font_container=&#8221;tag:h2|text_align:center&#8221; use_theme_fonts=&#8221;yes&#8221; css=&#8221;%7B%22default%22%3A%7B%22color%22%3A%22_header_middle_text_hover%22%7D%7D&#8221;]<\/div><\/div><\/div><div class=\"vc_col-sm-1\/5 wpb_column vc_column_container\"><div class=\"vc_column-inner us_custom_eb849559\"><div class=\"wpb_wrapper\"><div class=\"w-popup align_none\"><button class=\"w-popup-trigger type_image\" aria-label=\"Ventana emergente\"><img loading=\"lazy\" decoding=\"async\" width=\"300\" height=\"300\" src=\"https:\/\/ficc.ar\/buenosaires2025\/wp-content\/uploads\/sites\/17\/2025\/02\/VACCARO.png\" class=\"attachment-medium size-medium\" alt=\"\" srcset=\"https:\/\/ficc.ar\/buenosaires2025\/wp-content\/uploads\/sites\/17\/2025\/02\/VACCARO.png 300w, https:\/\/ficc.ar\/buenosaires2025\/wp-content\/uploads\/sites\/17\/2025\/02\/VACCARO-150x150.png 150w\" sizes=\"auto, (max-width: 300px) 100vw, 300px\" \/><\/button><div class=\"w-popup-overlay\" style=\"background:rgba(0,0,0,0.95);\"><\/div><div class=\"w-popup-wrap\" style=\"--title-color:var(--color-content-heading);--title-bg-color:var(--color-content-bg-alt);--content-color:var(--color-content-text);--content-bg-color:var(--color-content-bg)\"><div class=\"w-popup-box animation_fadeIn closerpos_outside with_title\" style=\"width:600px;\"><div class=\"w-popup-box-h\"><div class=\"w-popup-box-title\">Gabriel Vaccaro (Argentina)<\/div><div class=\"w-popup-box-content\" style=\"padding:5%;\"><p><span style=\"font-weight: 400\">Comunicador, videasta y horticultor, realiz\u00f3 algunos documentales sobre problem\u00e1ticas agrarias latinoamericanas y actualmente trabaja en un organismo p\u00fablico vinculado a la ardua emergencia de la industria nacional del cannabis medicinal y el c\u00e1\u00f1amo.<\/span><\/p>\n<\/div><\/div><\/div><div class=\"w-popup-closer\"><\/div><\/div><\/div>[vc_custom_heading text=&#8221;Gabriel Vaccaro (Argentina)&#8221; font_container=&#8221;tag:h2|text_align:center&#8221; use_theme_fonts=&#8221;yes&#8221; css=&#8221;%7B%22default%22%3A%7B%22color%22%3A%22_header_middle_text_hover%22%7D%7D&#8221;]<\/div><\/div><\/div><\/div><div class=\"w-separator us_custom_8f4dd0d6 size_large\"><\/div><div class=\"w-separator us_custom_8f4dd0d6 size_large\"><\/div><div class=\"g-cols wpb_row via_flex valign_top type_default stacking_default\"><div class=\"vc_col-sm-1\/5 wpb_column vc_column_container\"><div class=\"vc_column-inner\"><div class=\"wpb_wrapper\"><div class=\"wpb_text_column us_custom_8a1dae5e has_text_color\"><div class=\"wpb_wrapper\"><h2 style=\"text-align: left\">Jurado DE LA Competencia Oficial de Cortometrajes menores a 5 minutos<\/h2>\n<\/div><\/div><\/div><\/div><\/div><div class=\"vc_col-sm-1\/5 wpb_column vc_column_container\"><div class=\"vc_column-inner\"><div class=\"wpb_wrapper\"><\/div><\/div><\/div><div class=\"vc_col-sm-1\/5 wpb_column vc_column_container\"><div class=\"vc_column-inner us_custom_eb849559\"><div class=\"wpb_wrapper\"><div class=\"w-popup align_none\"><button class=\"w-popup-trigger type_image\" aria-label=\"Ventana emergente\"><img loading=\"lazy\" decoding=\"async\" width=\"300\" height=\"300\" src=\"https:\/\/ficc.ar\/buenosaires2025\/wp-content\/uploads\/sites\/17\/2025\/02\/sabre.png\" class=\"attachment-medium size-medium\" alt=\"\" srcset=\"https:\/\/ficc.ar\/buenosaires2025\/wp-content\/uploads\/sites\/17\/2025\/02\/sabre.png 300w, https:\/\/ficc.ar\/buenosaires2025\/wp-content\/uploads\/sites\/17\/2025\/02\/sabre-150x150.png 150w\" sizes=\"auto, (max-width: 300px) 100vw, 300px\" \/><\/button><div class=\"w-popup-overlay\" style=\"background:rgba(0,0,0,0.95);\"><\/div><div class=\"w-popup-wrap\" style=\"--title-color:var(--color-content-heading);--title-bg-color:var(--color-content-bg-alt);--content-color:var(--color-content-text);--content-bg-color:var(--color-content-bg)\"><div class=\"w-popup-box animation_fadeIn closerpos_outside with_title\" style=\"width:600px;\"><div class=\"w-popup-box-h\"><div class=\"w-popup-box-title\">Jorge Daniel Sabre (Argentina)<\/div><div class=\"w-popup-box-content\" style=\"padding:5%;\"><div>Jorge Sabre desde hace m\u00e1s de 25 a\u00f1os comenz\u00f3 su camino en la industria del cannabis. Siendo as\u00ed de los pioneros en la distribuci\u00f3n de variedad en papeles armar y parafernalia en la Argentina. En aquel entonces form\u00f3 Conex Distribuidora, empresa que hoy se encarga de distribuir en los principales growshops y tiendas especializadas de cultivo en todo del pa\u00eds.<\/div>\n<div>Desde hace tres a\u00f1os organizador de Costa Cannabis, una expo festival que re\u00fane a los principales actores del mundo del cannabis, y difunde la cultura y los beneficios de la planta en la ciudad de Mar del Plata.<\/div>\n<div>Durante el a\u00f1o realiza encuentros para fortalecer el v\u00ednculo entre la comunidad cann\u00e1bica, informar y acercar informaci\u00f3n de calidad como uno de los principales objetivos de un activismo permanente y constante.<\/div>\n<\/div><\/div><\/div><div class=\"w-popup-closer\"><\/div><\/div><\/div>[vc_custom_heading text=&#8221;Jorge Daniel Sabre (Argentina)&#8221; font_container=&#8221;tag:h2|text_align:center&#8221; use_theme_fonts=&#8221;yes&#8221; css=&#8221;%7B%22default%22%3A%7B%22color%22%3A%22_header_middle_text_hover%22%7D%7D&#8221;]<\/div><\/div><\/div><div class=\"vc_col-sm-1\/5 wpb_column vc_column_container\"><div class=\"vc_column-inner us_custom_eb849559\"><div class=\"wpb_wrapper\"><div class=\"w-popup align_none\"><button class=\"w-popup-trigger type_image\" aria-label=\"Ventana emergente\"><img loading=\"lazy\" decoding=\"async\" width=\"300\" height=\"300\" src=\"https:\/\/ficc.ar\/buenosaires2025\/wp-content\/uploads\/sites\/17\/2025\/02\/henao.png\" class=\"attachment-medium size-medium\" alt=\"\" srcset=\"https:\/\/ficc.ar\/buenosaires2025\/wp-content\/uploads\/sites\/17\/2025\/02\/henao.png 300w, https:\/\/ficc.ar\/buenosaires2025\/wp-content\/uploads\/sites\/17\/2025\/02\/henao-150x150.png 150w\" sizes=\"auto, (max-width: 300px) 100vw, 300px\" \/><\/button><div class=\"w-popup-overlay\" style=\"background:rgba(0,0,0,0.95);\"><\/div><div class=\"w-popup-wrap\" style=\"--title-color:var(--color-content-heading);--title-bg-color:var(--color-content-bg-alt);--content-color:var(--color-content-text);--content-bg-color:var(--color-content-bg)\"><div class=\"w-popup-box animation_fadeIn closerpos_outside with_title\" style=\"width:600px;\"><div class=\"w-popup-box-h\"><div class=\"w-popup-box-title\">Fernando Jos\u00e9 Henao (Colombia)<\/div><div class=\"w-popup-box-content\" style=\"padding:5%;\"><p><span style=\"font-weight: 400\">Es abogado y el gerente de UFO HEAD SHOP y UFO GROW SHOP, adem\u00e1s de director de la COPA FARALLONES, un evento que celebra la cultura cann\u00e1bica en Colombia, incluyendo un espacio de cine psicoactivo. Con una trayectoria en medios especializados como la revista C\u00e1\u00f1amo y el peri\u00f3dico Weeds, ha trabajado en la difusi\u00f3n del autocultivo y el an\u00e1lisis cultural de la planta. Su inter\u00e9s en el cine cann\u00e1bico radica en su capacidad de transformar narrativas y generar conciencia, promoviendo espacios donde la imagen y la psicoactividad convergen para ampliar perspectivas.<\/span><\/p>\n<\/div><\/div><\/div><div class=\"w-popup-closer\"><\/div><\/div><\/div>[vc_custom_heading text=&#8221;Fernando Jos\u00e9 Henao (Colombia)&#8221; font_container=&#8221;tag:h2|text_align:center&#8221; use_theme_fonts=&#8221;yes&#8221; css=&#8221;%7B%22default%22%3A%7B%22color%22%3A%22_header_middle_text_hover%22%7D%7D&#8221;]<\/div><\/div><\/div><div class=\"vc_col-sm-1\/5 wpb_column vc_column_container\"><div class=\"vc_column-inner us_custom_eb849559\"><div class=\"wpb_wrapper\"><div class=\"w-popup align_none\"><button class=\"w-popup-trigger type_image\" aria-label=\"Ventana emergente\"><img loading=\"lazy\" decoding=\"async\" width=\"300\" height=\"300\" src=\"https:\/\/ficc.ar\/buenosaires2025\/wp-content\/uploads\/sites\/17\/2025\/02\/PALMA.png\" class=\"attachment-medium size-medium\" alt=\"\" srcset=\"https:\/\/ficc.ar\/buenosaires2025\/wp-content\/uploads\/sites\/17\/2025\/02\/PALMA.png 300w, https:\/\/ficc.ar\/buenosaires2025\/wp-content\/uploads\/sites\/17\/2025\/02\/PALMA-150x150.png 150w\" sizes=\"auto, (max-width: 300px) 100vw, 300px\" \/><\/button><div class=\"w-popup-overlay\" style=\"background:rgba(0,0,0,0.95);\"><\/div><div class=\"w-popup-wrap\" style=\"--title-color:var(--color-content-heading);--title-bg-color:var(--color-content-bg-alt);--content-color:var(--color-content-text);--content-bg-color:var(--color-content-bg)\"><div class=\"w-popup-box animation_fadeIn closerpos_outside with_title\" style=\"width:600px;\"><div class=\"w-popup-box-h\"><div class=\"w-popup-box-title\">Muriel Fuentes Palma (Chile)<\/div><div class=\"w-popup-box-content\" style=\"padding:5%;\"><p>Dise\u00f1adora Gr\u00e1fica menci\u00f3n Artes Visuales con amplia experiencia en creaci\u00f3n de estrategias de Branding.<br \/>\nActivista de la escena cann\u00e1bica en Chile, es la creadora de Cannabis Girl Gang, identidad art\u00edstica que se sintetiza en la exposici\u00f3n: Inspiraciones de una mujer en pandemia. Exposici\u00f3n que recorre diferentes pa\u00edses y clubes, vinculando de manera bella y sensible el Cannabis, el Pueblo Mapuche y la Revuelta Social Chilena.<\/p>\n<\/div><\/div><\/div><div class=\"w-popup-closer\"><\/div><\/div><\/div>[vc_custom_heading text=&#8221;Muriel Fuentes Palma (Chile)&#8221; font_container=&#8221;tag:h2|text_align:center&#8221; use_theme_fonts=&#8221;yes&#8221; css=&#8221;%7B%22default%22%3A%7B%22color%22%3A%22_header_middle_text_hover%22%7D%7D&#8221;]<\/div><\/div><\/div><\/div><div class=\"w-separator us_custom_8f4dd0d6 size_large\"><\/div><div class=\"w-separator us_custom_8f4dd0d6 size_large\"><\/div><div class=\"g-cols wpb_row via_flex valign_top type_default stacking_default\"><div class=\"vc_col-sm-1\/5 wpb_column vc_column_container\"><div class=\"vc_column-inner\"><div class=\"wpb_wrapper\"><div class=\"wpb_text_column us_custom_6df4bc3a has_text_color\"><div class=\"wpb_wrapper\"><h2 style=\"text-align: left\">Jurado<br \/>\nPremio MAFICI<br \/>\n\u201dBallena Dorada\u201d<\/h2>\n<p><span style=\"font-weight: 400\">El Festival Internacional de Cine de Puerto Madryn (MAFICI) <\/span><span style=\"font-weight: 400\">entregar\u00e1 el Premio <\/span><span style=\"font-weight: 400\">a la mejor pel\u00edcula en la Competencia Internacional de Largometrajes de Ficci\u00f3n.<\/span><\/p>\n<div class=\"wpb_text_column us_custom_a574d586 has_text_color\">\n<div class=\"wpb_wrapper\"><\/div>\n<\/div>\n<div id=\"us_grid_6\" class=\"w-grid type_grid layout_136 cols_3 popup_page\">\n<div class=\"w-grid-list\">\n<article class=\"w-grid-item size_1x1 post-877 juradxs type-juradxs status-publish has-post-thumbnail hentry\" data-id=\"877\">\n<div class=\"w-grid-item-h\"><\/div>\n<\/article>\n<\/div>\n<\/div>\n<\/div><\/div><\/div><\/div><\/div><div class=\"vc_col-sm-1\/5 wpb_column vc_column_container\"><div class=\"vc_column-inner\"><div class=\"wpb_wrapper\"><\/div><\/div><\/div><div class=\"vc_col-sm-1\/5 wpb_column vc_column_container\"><div class=\"vc_column-inner us_custom_eb849559\"><div class=\"wpb_wrapper\"><div class=\"w-popup align_none\"><button class=\"w-popup-trigger type_image\" aria-label=\"Ventana emergente\"><img loading=\"lazy\" decoding=\"async\" width=\"300\" height=\"300\" src=\"https:\/\/ficc.ar\/buenosaires2025\/wp-content\/uploads\/sites\/17\/2025\/01\/jurado-ficc-300x300.png\" class=\"attachment-medium size-medium\" alt=\"\" srcset=\"https:\/\/ficc.ar\/buenosaires2025\/wp-content\/uploads\/sites\/17\/2025\/01\/jurado-ficc-300x300.png 300w, https:\/\/ficc.ar\/buenosaires2025\/wp-content\/uploads\/sites\/17\/2025\/01\/jurado-ficc-150x150.png 150w, https:\/\/ficc.ar\/buenosaires2025\/wp-content\/uploads\/sites\/17\/2025\/01\/jurado-ficc.png 601w\" sizes=\"auto, (max-width: 300px) 100vw, 300px\" \/><\/button><div class=\"w-popup-overlay\" style=\"background:rgba(0,0,0,0.95);\"><\/div><div class=\"w-popup-wrap\" style=\"--title-color:var(--color-content-heading);--title-bg-color:var(--color-content-bg-alt);--content-color:var(--color-content-text);--content-bg-color:var(--color-content-bg)\"><div class=\"w-popup-box animation_fadeIn closerpos_outside with_title\" style=\"width:600px;\"><div class=\"w-popup-box-h\"><div class=\"w-popup-box-title\">Valeria Malatino<\/div><div class=\"w-popup-box-content\" style=\"padding:5%;\"><p class=\"a-b-r-La\">Realizadora audiovisual. Fundadora y Directora de la PRIMERA ESCUELA DE CINE DE LA PROVINCIA DEL CHUBUT, ECC Escuela de Cine de Chubut que impulsa con un doble objetivo: crear un polo creativo audiovisual en la regi\u00f3n Patag\u00f3nica y federalizar la educaci\u00f3n en cine en Argentina. Co Directora de MAFICI Festival.<\/p>\n<\/div><\/div><\/div><div class=\"w-popup-closer\"><\/div><\/div><\/div>[vc_custom_heading text=&#8221;Valeria Malatino&#8221; font_container=&#8221;tag:h2|text_align:center&#8221; use_theme_fonts=&#8221;yes&#8221; css=&#8221;%7B%22default%22%3A%7B%22color%22%3A%22_header_middle_text_hover%22%7D%7D&#8221;]<\/div><\/div><\/div><div class=\"vc_col-sm-1\/5 wpb_column vc_column_container\"><div class=\"vc_column-inner us_custom_eb849559\"><div class=\"wpb_wrapper\"><div class=\"w-popup align_none\"><button class=\"w-popup-trigger type_image\" aria-label=\"Ventana emergente\"><img loading=\"lazy\" decoding=\"async\" width=\"300\" height=\"300\" src=\"https:\/\/ficc.ar\/buenosaires2025\/wp-content\/uploads\/sites\/17\/2025\/01\/32jurado-ficc-300x300.png\" class=\"attachment-medium size-medium\" alt=\"\" srcset=\"https:\/\/ficc.ar\/buenosaires2025\/wp-content\/uploads\/sites\/17\/2025\/01\/32jurado-ficc-300x300.png 300w, https:\/\/ficc.ar\/buenosaires2025\/wp-content\/uploads\/sites\/17\/2025\/01\/32jurado-ficc-150x150.png 150w, https:\/\/ficc.ar\/buenosaires2025\/wp-content\/uploads\/sites\/17\/2025\/01\/32jurado-ficc.png 601w\" sizes=\"auto, (max-width: 300px) 100vw, 300px\" \/><\/button><div class=\"w-popup-overlay\" style=\"background:rgba(0,0,0,0.95);\"><\/div><div class=\"w-popup-wrap\" style=\"--title-color:var(--color-content-heading);--title-bg-color:var(--color-content-bg-alt);--content-color:var(--color-content-text);--content-bg-color:var(--color-content-bg)\"><div class=\"w-popup-box animation_fadeIn closerpos_outside with_title\" style=\"width:600px;\"><div class=\"w-popup-box-h\"><div class=\"w-popup-box-title\">Dami\u00e1n Mart\u00ednez<\/div><div class=\"w-popup-box-content\" style=\"padding:5%;\"><p class=\"a-b-r-La\">Realizador Audiovisual, Co Director del Festival Internacional de Cine de Puerto Madryn MAFICI que este a\u00f1o celebra su 13\u00b0 edici\u00f3n. Director del cortometraje Como dos extra\u00f1os, ganador del Concurso Historias Breves Incaa (estrenado en la 39\u00b0 edici\u00f3n del Festival Internacional de Cine de Mar del Plata) Director del documental The Lord Of The Penguins<\/p>\n<div class=\"yj6qo ajU\"><\/div>\n<\/div><\/div><\/div><div class=\"w-popup-closer\"><\/div><\/div><\/div>[vc_custom_heading text=&#8221;Dami\u00e1n Mart\u00ednez&#8221; font_container=&#8221;tag:h2|text_align:center&#8221; use_theme_fonts=&#8221;yes&#8221; css=&#8221;%7B%22default%22%3A%7B%22color%22%3A%22_header_middle_text_hover%22%7D%7D&#8221;]<\/div><\/div><\/div><div class=\"vc_col-sm-1\/5 wpb_column vc_column_container\"><div class=\"vc_column-inner\"><div class=\"wpb_wrapper\"><div class=\"w-popup align_none\"><button class=\"w-popup-trigger type_image\" aria-label=\"Ventana emergente\"><img loading=\"lazy\" decoding=\"async\" width=\"300\" height=\"300\" src=\"https:\/\/ficc.ar\/buenosaires2025\/wp-content\/uploads\/sites\/17\/2025\/01\/2jurado-ficc-300x300.png\" class=\"attachment-medium size-medium\" alt=\"\" srcset=\"https:\/\/ficc.ar\/buenosaires2025\/wp-content\/uploads\/sites\/17\/2025\/01\/2jurado-ficc-300x300.png 300w, https:\/\/ficc.ar\/buenosaires2025\/wp-content\/uploads\/sites\/17\/2025\/01\/2jurado-ficc-150x150.png 150w, https:\/\/ficc.ar\/buenosaires2025\/wp-content\/uploads\/sites\/17\/2025\/01\/2jurado-ficc.png 601w\" sizes=\"auto, (max-width: 300px) 100vw, 300px\" \/><\/button><div class=\"w-popup-overlay\" style=\"background:rgba(0,0,0,0.95);\"><\/div><div class=\"w-popup-wrap\" style=\"--title-color:var(--color-content-heading);--title-bg-color:var(--color-content-bg-alt);--content-color:var(--color-content-text);--content-bg-color:var(--color-content-bg)\"><div class=\"w-popup-box animation_fadeIn closerpos_outside with_title\" style=\"width:600px;\"><div class=\"w-popup-box-h\"><div class=\"w-popup-box-title\">Maria Eugenia Lombardi<\/div><div class=\"w-popup-box-content\" style=\"padding:5%;\"><p>Formada en artes de la escritura, arte dram\u00e1tico, direcci\u00f3n y producci\u00f3n audiovisual. Diplomada en preservaci\u00f3n y distribuci\u00f3n audiovisual. Trabaja como productora creativa desde hace 15 a\u00f1os, coprodujo internacionalmente pel\u00edculas y series de ficci\u00f3n y documental.<\/p>\n<\/div><\/div><\/div><div class=\"w-popup-closer\"><\/div><\/div><\/div>[vc_custom_heading text=&#8221;Maria Eugenia Lombardi&#8221; font_container=&#8221;tag:h2|text_align:center&#8221; use_theme_fonts=&#8221;yes&#8221; css=&#8221;%7B%22default%22%3A%7B%22color%22%3A%22_header_middle_text_hover%22%7D%7D&#8221;]<\/div><\/div><\/div><\/div><div class=\"w-separator us_custom_8f4dd0d6 size_large\"><\/div><div class=\"w-separator us_custom_8f4dd0d6 size_large\"><\/div><div class=\"g-cols wpb_row via_flex valign_top type_default stacking_default\"><div class=\"vc_col-sm-1\/5 wpb_column vc_column_container\"><div class=\"vc_column-inner\"><div class=\"wpb_wrapper\"><div class=\"wpb_text_column us_custom_df5f4c97 has_text_color\"><div class=\"wpb_wrapper\"><h2 style=\"text-align: left\"><span style=\"font-weight: 400\">Jurado<br \/>\n<\/span><span style=\"font-weight: 400\">Premio EDA<br \/>\nal Mejor Montaje<\/span><\/h2>\n<p><span style=\"font-weight: 400\">La Asociaci\u00f3n Argentina de Editorxs Audiovisuales entregar\u00e1 el Premio al Mejor Montaje en la Competencia de Largometrajes Internacionales de Ficci\u00f3n<\/span><\/p>\n<\/div><\/div><\/div><\/div><\/div><div class=\"vc_col-sm-1\/5 wpb_column vc_column_container\"><div class=\"vc_column-inner us_custom_eb849559\"><div class=\"wpb_wrapper\"><\/div><\/div><\/div><div class=\"vc_col-sm-1\/5 wpb_column vc_column_container\"><div class=\"vc_column-inner us_custom_eb849559\"><div class=\"wpb_wrapper\"><div class=\"w-popup align_none\"><button class=\"w-popup-trigger type_image\" aria-label=\"Ventana emergente\"><img loading=\"lazy\" decoding=\"async\" width=\"300\" height=\"300\" src=\"https:\/\/ficc.ar\/buenosaires2025\/wp-content\/uploads\/sites\/17\/2025\/01\/djurado-ficc-300x300.png\" class=\"attachment-medium size-medium\" alt=\"\" srcset=\"https:\/\/ficc.ar\/buenosaires2025\/wp-content\/uploads\/sites\/17\/2025\/01\/djurado-ficc-300x300.png 300w, https:\/\/ficc.ar\/buenosaires2025\/wp-content\/uploads\/sites\/17\/2025\/01\/djurado-ficc-150x150.png 150w, https:\/\/ficc.ar\/buenosaires2025\/wp-content\/uploads\/sites\/17\/2025\/01\/djurado-ficc.png 601w\" sizes=\"auto, (max-width: 300px) 100vw, 300px\" \/><\/button><div class=\"w-popup-overlay\" style=\"background:rgba(0,0,0,0.95);\"><\/div><div class=\"w-popup-wrap\" style=\"--title-color:var(--color-content-heading);--title-bg-color:var(--color-content-bg-alt);--content-color:var(--color-content-text);--content-bg-color:var(--color-content-bg)\"><div class=\"w-popup-box animation_fadeIn closerpos_outside with_title\" style=\"width:600px;\"><div class=\"w-popup-box-h\"><div class=\"w-popup-box-title\">Santiago Manuel Moyano<\/div><div class=\"w-popup-box-content\" style=\"padding:5%;\"><p class=\"a-b-r-La\">Dise\u00f1ador de Imagen y Sonido graduado de la UBA, desde 2013 se especializa en el \u00e1rea de Postproducci\u00f3n. Desempe\u00f1\u00e1ndose en diversos roles como asistente de edici\u00f3n, editor offline, editor online y colorista, ha participado en largometrajes, cortometrajes, series y campa\u00f1as publicitarias. En la actualidad, cursa la carrera de Dise\u00f1o Gr\u00e1fico en la UBA.<\/p>\n<\/div><\/div><\/div><div class=\"w-popup-closer\"><\/div><\/div><\/div>[vc_custom_heading text=&#8221;Santiago Moyano&#8221; font_container=&#8221;tag:h2|text_align:center&#8221; use_theme_fonts=&#8221;yes&#8221; css=&#8221;%7B%22default%22%3A%7B%22color%22%3A%22_header_middle_text_hover%22%7D%7D&#8221;]<\/div><\/div><\/div><div class=\"vc_col-sm-1\/5 wpb_column vc_column_container\"><div class=\"vc_column-inner us_custom_eb849559\"><div class=\"wpb_wrapper\"><div class=\"w-popup align_none\"><button class=\"w-popup-trigger type_image\" aria-label=\"Ventana emergente\"><img loading=\"lazy\" decoding=\"async\" width=\"300\" height=\"300\" src=\"https:\/\/ficc.ar\/buenosaires2025\/wp-content\/uploads\/sites\/17\/2025\/01\/4jurado-ficc-300x300.png\" class=\"attachment-medium size-medium\" alt=\"\" srcset=\"https:\/\/ficc.ar\/buenosaires2025\/wp-content\/uploads\/sites\/17\/2025\/01\/4jurado-ficc-300x300.png 300w, https:\/\/ficc.ar\/buenosaires2025\/wp-content\/uploads\/sites\/17\/2025\/01\/4jurado-ficc-150x150.png 150w, https:\/\/ficc.ar\/buenosaires2025\/wp-content\/uploads\/sites\/17\/2025\/01\/4jurado-ficc.png 601w\" sizes=\"auto, (max-width: 300px) 100vw, 300px\" \/><\/button><div class=\"w-popup-overlay\" style=\"background:rgba(0,0,0,0.95);\"><\/div><div class=\"w-popup-wrap\" style=\"--title-color:var(--color-content-heading);--title-bg-color:var(--color-content-bg-alt);--content-color:var(--color-content-text);--content-bg-color:var(--color-content-bg)\"><div class=\"w-popup-box animation_fadeIn closerpos_outside with_title\" style=\"width:600px;\"><div class=\"w-popup-box-h\"><div class=\"w-popup-box-title\">Ezequiel Stanziano<\/div><div class=\"w-popup-box-content\" style=\"padding:5%;\"><p class=\"a-b-r-La\">Estudi\u00f3 Dise\u00f1o de imagen y sonido en la Universidad de Buenos Aires. Desde 2003 se desempe\u00f1a como realizador y editor de formatos documentales para TV y publicidad.<\/p>\n<\/div><\/div><\/div><div class=\"w-popup-closer\"><\/div><\/div><\/div>[vc_custom_heading text=&#8221;Ezequiel Stanziano&#8221; font_container=&#8221;tag:h2|text_align:center&#8221; use_theme_fonts=&#8221;yes&#8221; css=&#8221;%7B%22default%22%3A%7B%22color%22%3A%22_header_middle_text_hover%22%7D%7D&#8221;]<\/div><\/div><\/div><div class=\"vc_col-sm-1\/5 wpb_column vc_column_container\"><div class=\"vc_column-inner\"><div class=\"wpb_wrapper\"><\/div><\/div><\/div><\/div><div class=\"w-separator us_custom_8f4dd0d6 size_large\"><\/div><div class=\"wpb_text_column us_custom_d4a7fcfa has_text_color\"><div class=\"wpb_wrapper\"><h2 style=\"text-align: center\"><span style=\"color: #d91eaa\">PREMIO DEL P\u00daBLICO<\/span><\/h2>\n<h4 style=\"text-align: center\"><a href=\"https:\/\/ficc.ar\/buenosaires2025\/films\/reparacion-historica-ja\/\">Queimando fronteiras<\/a><\/h4>\n<p style=\"text-align: center\"><span style=\"font-weight: 400\">de Leonardo Ferron Baggio con el 69.71% de los votos<\/span><\/p>\n<p style=\"text-align: center\"><b><img loading=\"lazy\" decoding=\"async\" class=\"size-medium wp-image-3204 aligncenter\" src=\"https:\/\/ficc.ar\/buenosaires2025\/wp-content\/uploads\/sites\/17\/2025\/02\/Pelis-Premiadas-Web-FICC-2025-P-Publico-300x169.jpg\" alt=\"\" width=\"300\" height=\"169\" srcset=\"https:\/\/ficc.ar\/buenosaires2025\/wp-content\/uploads\/sites\/17\/2025\/02\/Pelis-Premiadas-Web-FICC-2025-P-Publico-300x169.jpg 300w, https:\/\/ficc.ar\/buenosaires2025\/wp-content\/uploads\/sites\/17\/2025\/02\/Pelis-Premiadas-Web-FICC-2025-P-Publico-1024x576.jpg 1024w, https:\/\/ficc.ar\/buenosaires2025\/wp-content\/uploads\/sites\/17\/2025\/02\/Pelis-Premiadas-Web-FICC-2025-P-Publico.jpg 1920w\" sizes=\"auto, (max-width: 300px) 100vw, 300px\" \/><\/b><\/p>\n<p>&nbsp;<\/p>\n<h2 style=\"text-align: center\"><span style=\"color: #d91eaa\">COMPETENCIA OFICIAL DE CORTOMETRAJES MENORES A 5 MINUTOS<\/span><\/h2>\n<h2 style=\"text-align: center\">MENCI\u00d3N DE HONOR<\/h2>\n<h4 style=\"text-align: center\"><a href=\"https:\/\/ficc.ar\/buenosaires2025\/films\/reparacion-historica-ja\/\">Reparaci\u00f3n hist\u00f3rica J\u00e1<\/a><\/h4>\n<p style=\"text-align: center\"><span style=\"font-weight: 400\">de Giu Tantan<\/span><\/p>\n<p style=\"text-align: center\"><img loading=\"lazy\" decoding=\"async\" class=\"size-medium wp-image-3205 aligncenter\" src=\"https:\/\/ficc.ar\/buenosaires2025\/wp-content\/uploads\/sites\/17\/2025\/02\/unnamed-300x165.png\" alt=\"\" width=\"300\" height=\"165\" srcset=\"https:\/\/ficc.ar\/buenosaires2025\/wp-content\/uploads\/sites\/17\/2025\/02\/unnamed-300x165.png 300w, https:\/\/ficc.ar\/buenosaires2025\/wp-content\/uploads\/sites\/17\/2025\/02\/unnamed-1024x564.png 1024w, https:\/\/ficc.ar\/buenosaires2025\/wp-content\/uploads\/sites\/17\/2025\/02\/unnamed.png 1600w\" sizes=\"auto, (max-width: 300px) 100vw, 300px\" \/><\/p>\n<h2 style=\"text-align: center\">PRIMER PREMIO<\/h2>\n<h4 style=\"text-align: center\"><a href=\"https:\/\/ficc.ar\/buenosaires2025\/films\/late-rituals\/\"><span style=\"font-weight: 400\">Late Rituals<\/span><\/a><\/h4>\n<h4 style=\"text-align: center\"><span style=\"font-weight: 400\">de Rois Martin<\/span><\/h4>\n<p style=\"text-align: center\"><b><img loading=\"lazy\" decoding=\"async\" class=\"size-medium wp-image-3206 aligncenter\" src=\"https:\/\/ficc.ar\/buenosaires2025\/wp-content\/uploads\/sites\/17\/2025\/02\/Pelis-Premiadas-Web-FICC-2025-Late-R-300x169.jpg\" alt=\"\" width=\"300\" height=\"169\" srcset=\"https:\/\/ficc.ar\/buenosaires2025\/wp-content\/uploads\/sites\/17\/2025\/02\/Pelis-Premiadas-Web-FICC-2025-Late-R-300x169.jpg 300w, https:\/\/ficc.ar\/buenosaires2025\/wp-content\/uploads\/sites\/17\/2025\/02\/Pelis-Premiadas-Web-FICC-2025-Late-R-1024x576.jpg 1024w, https:\/\/ficc.ar\/buenosaires2025\/wp-content\/uploads\/sites\/17\/2025\/02\/Pelis-Premiadas-Web-FICC-2025-Late-R.jpg 1920w\" sizes=\"auto, (max-width: 300px) 100vw, 300px\" \/><\/b><\/p>\n<h3><\/h3>\n<h3><\/h3>\n<h2 style=\"text-align: center\"><span style=\"color: #d91eaa\">COMPETENCIA OFICIAL DE CORTOMETRAJES MAYORES A 5 MINUTOS<span style=\"font-weight: 400\">\u00a0<\/span><\/span><\/h2>\n<h2 style=\"text-align: center\">PRIMER PREMIO<\/h2>\n<p style=\"text-align: center\"><a href=\"https:\/\/ficc.ar\/buenosaires2025\/films\/growing-pains\/\"><span style=\"font-weight: 400\">Growing Pains<\/span><\/a><\/p>\n<p style=\"text-align: center\"><span style=\"font-weight: 400\">de Rois Martin<\/span><\/p>\n<h3 style=\"text-align: center\"><img loading=\"lazy\" decoding=\"async\" class=\"size-medium wp-image-3212 aligncenter\" src=\"https:\/\/ficc.ar\/buenosaires2025\/wp-content\/uploads\/sites\/17\/2025\/02\/Pelis-Premiadas-Web-FICC-2025-Growing-300x169.jpg\" alt=\"\" width=\"300\" height=\"169\" srcset=\"https:\/\/ficc.ar\/buenosaires2025\/wp-content\/uploads\/sites\/17\/2025\/02\/Pelis-Premiadas-Web-FICC-2025-Growing-300x169.jpg 300w, https:\/\/ficc.ar\/buenosaires2025\/wp-content\/uploads\/sites\/17\/2025\/02\/Pelis-Premiadas-Web-FICC-2025-Growing-1024x576.jpg 1024w, https:\/\/ficc.ar\/buenosaires2025\/wp-content\/uploads\/sites\/17\/2025\/02\/Pelis-Premiadas-Web-FICC-2025-Growing.jpg 1920w\" sizes=\"auto, (max-width: 300px) 100vw, 300px\" \/><\/h3>\n<h3><\/h3>\n<h2 style=\"text-align: center\"><span style=\"color: #d91eaa\">COMPETENCIA OFICIAL DE LARGOMETRAJES DOCUMENTALES<\/span><\/h2>\n<h2 style=\"text-align: center\">PRIMER PREMIO<\/h2>\n<h3 style=\"text-align: center\"><a href=\"https:\/\/ficc.ar\/buenosaires2025\/films\/el-otro-mundo-de-sofia\/\"><span style=\"font-weight: 400\">O Outro Mundo de Sofia<\/span><\/a><\/h3>\n<p style=\"text-align: center\"><span style=\"font-weight: 400\">de Rapha Erichsen<\/span><\/p>\n<p style=\"text-align: center\"><b><img loading=\"lazy\" decoding=\"async\" class=\"size-medium wp-image-3207 aligncenter\" src=\"https:\/\/ficc.ar\/buenosaires2025\/wp-content\/uploads\/sites\/17\/2025\/02\/Pelis-Premiadas-Web-FICC-2025-Sofia-300x169.jpg\" alt=\"\" width=\"300\" height=\"169\" srcset=\"https:\/\/ficc.ar\/buenosaires2025\/wp-content\/uploads\/sites\/17\/2025\/02\/Pelis-Premiadas-Web-FICC-2025-Sofia-300x169.jpg 300w, https:\/\/ficc.ar\/buenosaires2025\/wp-content\/uploads\/sites\/17\/2025\/02\/Pelis-Premiadas-Web-FICC-2025-Sofia-1024x576.jpg 1024w, https:\/\/ficc.ar\/buenosaires2025\/wp-content\/uploads\/sites\/17\/2025\/02\/Pelis-Premiadas-Web-FICC-2025-Sofia.jpg 1920w\" sizes=\"auto, (max-width: 300px) 100vw, 300px\" \/><\/b><\/p>\n<h3><\/h3>\n<h2 style=\"text-align: center\"><span style=\"color: #d91eaa\">PREMIO MAFICI \u201dBALLENA DORADA\u201d<\/span><\/h2>\n<h3 style=\"text-align: center\"><a href=\"https:\/\/ficc.ar\/buenosaires2025\/films\/une-nuit-a-travers-champs\/\"><span style=\"font-weight: 400\">Une nuit, \u00e0 travers champs<\/span><\/a><\/h3>\n<p style=\"text-align: center\"><span style=\"font-weight: 400\">de Guillaume Gr\u00e9lardon<\/span><\/p>\n<p style=\"text-align: center\"><img loading=\"lazy\" decoding=\"async\" class=\"size-medium wp-image-3208 aligncenter\" src=\"https:\/\/ficc.ar\/buenosaires2025\/wp-content\/uploads\/sites\/17\/2025\/02\/Pelis-Premiadas-Web-FICC-2025-MAFICI-300x169.jpg\" alt=\"\" width=\"300\" height=\"169\" srcset=\"https:\/\/ficc.ar\/buenosaires2025\/wp-content\/uploads\/sites\/17\/2025\/02\/Pelis-Premiadas-Web-FICC-2025-MAFICI-300x169.jpg 300w, https:\/\/ficc.ar\/buenosaires2025\/wp-content\/uploads\/sites\/17\/2025\/02\/Pelis-Premiadas-Web-FICC-2025-MAFICI-1024x576.jpg 1024w, https:\/\/ficc.ar\/buenosaires2025\/wp-content\/uploads\/sites\/17\/2025\/02\/Pelis-Premiadas-Web-FICC-2025-MAFICI.jpg 1920w\" sizes=\"auto, (max-width: 300px) 100vw, 300px\" \/><\/p>\n<p>&nbsp;<\/p>\n<h2 style=\"text-align: center\"><span style=\"color: #d91eaa\">PREMIO EDA AL MEJOR MONTAJE<\/span><\/h2>\n<h3 style=\"text-align: center\"><a href=\"https:\/\/ficc.ar\/buenosaires2025\/films\/sanguche-caliente\/\"><span style=\"font-weight: 400\">S\u00e1nguche Caliente<\/span><\/a><\/h3>\n<p style=\"text-align: center\"><span style=\"font-weight: 400\">de Manuel Facal <\/span><span style=\"font-weight: 400\">editada por Joaqu\u00edn Tom\u00e9<\/span><\/p>\n<p style=\"text-align: center\"><b><img loading=\"lazy\" decoding=\"async\" class=\"size-medium wp-image-3209 aligncenter\" src=\"https:\/\/ficc.ar\/buenosaires2025\/wp-content\/uploads\/sites\/17\/2025\/02\/Pelis-Premiadas-Web-FICC-2025-EDA-300x169.jpg\" alt=\"\" width=\"300\" height=\"169\" srcset=\"https:\/\/ficc.ar\/buenosaires2025\/wp-content\/uploads\/sites\/17\/2025\/02\/Pelis-Premiadas-Web-FICC-2025-EDA-300x169.jpg 300w, https:\/\/ficc.ar\/buenosaires2025\/wp-content\/uploads\/sites\/17\/2025\/02\/Pelis-Premiadas-Web-FICC-2025-EDA-1024x576.jpg 1024w, https:\/\/ficc.ar\/buenosaires2025\/wp-content\/uploads\/sites\/17\/2025\/02\/Pelis-Premiadas-Web-FICC-2025-EDA.jpg 1920w\" sizes=\"auto, (max-width: 300px) 100vw, 300px\" \/><\/b><\/p>\n<h3><\/h3>\n<h2 style=\"text-align: center\"><span style=\"color: #d91eaa\">COMPETENCIA OFICIAL DE LARGOMETRAJES DE FICCI\u00d3N<\/span><\/h2>\n<h2 style=\"text-align: center\">MENCI\u00d3N DE HONOR<\/h2>\n<h3 style=\"text-align: center\"><a href=\"https:\/\/ficc.ar\/buenosaires2025\/films\/al-impenetrable\/\"><span style=\"font-weight: 400\">Al impenetrable<\/span><\/a><\/h3>\n<p style=\"text-align: center\"><span style=\"font-weight: 400\">de Sonia Bertotti<\/span><\/p>\n<p style=\"text-align: center\"><b><img loading=\"lazy\" decoding=\"async\" class=\"size-medium wp-image-3210 aligncenter\" src=\"https:\/\/ficc.ar\/buenosaires2025\/wp-content\/uploads\/sites\/17\/2025\/02\/Pelis-Premiadas-Web-FICC-2025-Al-imp-300x169.jpg\" alt=\"\" width=\"300\" height=\"169\" srcset=\"https:\/\/ficc.ar\/buenosaires2025\/wp-content\/uploads\/sites\/17\/2025\/02\/Pelis-Premiadas-Web-FICC-2025-Al-imp-300x169.jpg 300w, https:\/\/ficc.ar\/buenosaires2025\/wp-content\/uploads\/sites\/17\/2025\/02\/Pelis-Premiadas-Web-FICC-2025-Al-imp-1024x576.jpg 1024w, https:\/\/ficc.ar\/buenosaires2025\/wp-content\/uploads\/sites\/17\/2025\/02\/Pelis-Premiadas-Web-FICC-2025-Al-imp.jpg 1920w\" sizes=\"auto, (max-width: 300px) 100vw, 300px\" \/><\/b><\/p>\n<h2><\/h2>\n<h2 style=\"text-align: center\">PRIMER PREMIO<\/h2>\n<h3 style=\"text-align: center\"><a href=\"https:\/\/ficc.ar\/buenosaires2025\/films\/une-nuit-a-travers-champs\/\"><span style=\"font-weight: 400\">Une nuit, \u00e0 travers champs<\/span><\/a><\/h3>\n<p style=\"text-align: center\"><span style=\"font-weight: 400\">de Guillaume Gr\u00e9lardon<\/span><\/p>\n<p><img loading=\"lazy\" decoding=\"async\" class=\"size-medium wp-image-3211 aligncenter\" src=\"https:\/\/ficc.ar\/buenosaires2025\/wp-content\/uploads\/sites\/17\/2025\/02\/Pelis-Premiadas-Web-FICC-2025-una-nuit-300x169.jpg\" alt=\"\" width=\"300\" height=\"169\" srcset=\"https:\/\/ficc.ar\/buenosaires2025\/wp-content\/uploads\/sites\/17\/2025\/02\/Pelis-Premiadas-Web-FICC-2025-una-nuit-300x169.jpg 300w, https:\/\/ficc.ar\/buenosaires2025\/wp-content\/uploads\/sites\/17\/2025\/02\/Pelis-Premiadas-Web-FICC-2025-una-nuit-1024x576.jpg 1024w, https:\/\/ficc.ar\/buenosaires2025\/wp-content\/uploads\/sites\/17\/2025\/02\/Pelis-Premiadas-Web-FICC-2025-una-nuit.jpg 1920w\" sizes=\"auto, (max-width: 300px) 100vw, 300px\" \/><\/p>\n<\/div><\/div><\/div><\/div><\/div><\/div><\/div><\/section><section class=\"l-section wpb_row hide_on_default hide_on_laptops height_medium width_custom\" style=\"--site-content-width:1000px;\" id=\"JURADO MOBILE\"><div class=\"l-section-h i-cf\"><div class=\"g-cols vc_row via_flex valign_top type_default stacking_default\"><div class=\"vc_col-sm-12 wpb_column vc_column_container\"><div class=\"vc_column-inner\"><div class=\"wpb_wrapper\"><div class=\"g-cols wpb_row us_custom_eb849559 via_flex valign_middle type_boxes stacking_default\"><div class=\"vc_col-sm-12 wpb_column vc_column_container\"><div class=\"vc_column-inner\"><div class=\"wpb_wrapper\"><div class=\"wpb_text_column us_custom_8a1dae5e has_text_color\"><div class=\"wpb_wrapper\"><h2 style=\"text-align: center\">Jurado DE LA Competencia Oficial de Largometrajes Documentales<\/h2>\n<\/div><\/div><div class=\"w-popup align_none\"><button class=\"w-popup-trigger type_image\" aria-label=\"Ventana emergente\"><img loading=\"lazy\" decoding=\"async\" width=\"300\" height=\"300\" src=\"https:\/\/ficc.ar\/buenosaires2025\/wp-content\/uploads\/sites\/17\/2025\/01\/4jurado-ficcs-300x300.png\" class=\"attachment-medium size-medium\" alt=\"\" srcset=\"https:\/\/ficc.ar\/buenosaires2025\/wp-content\/uploads\/sites\/17\/2025\/01\/4jurado-ficcs-300x300.png 300w, https:\/\/ficc.ar\/buenosaires2025\/wp-content\/uploads\/sites\/17\/2025\/01\/4jurado-ficcs-150x150.png 150w, https:\/\/ficc.ar\/buenosaires2025\/wp-content\/uploads\/sites\/17\/2025\/01\/4jurado-ficcs.png 601w\" sizes=\"auto, (max-width: 300px) 100vw, 300px\" \/><\/button><div class=\"w-popup-overlay\" style=\"background:rgba(0,0,0,0.95);\"><\/div><div class=\"w-popup-wrap\" style=\"--title-color:var(--color-content-heading);--title-bg-color:var(--color-content-bg-alt);--content-color:var(--color-content-text);--content-bg-color:var(--color-content-bg)\"><div class=\"w-popup-box animation_fadeIn closerpos_outside with_title\" style=\"width:600px;\"><div class=\"w-popup-box-h\"><div class=\"w-popup-box-title\">GUSTAVO MAIA (Brasil)<\/div><div class=\"w-popup-box-content\" style=\"padding:5%;\"><p class=\"a-b-r-La\">Es historiador y Director y fundador de Cannabis Monitor Brasil, un proyecto para monitorear noticias y producir datos y contenidos sobre cannabis en Internet. Tambi\u00e9n produce contenidos informativos, educativos y cr\u00edticos sobre el tema, a trav\u00e9s del podcast Maconh\u00f3metro.<br \/>\nLicenciado en Historia (UFRJ).<\/p>\n<\/div><\/div><\/div><div class=\"w-popup-closer\"><\/div><\/div><\/div>[vc_custom_heading text=&#8221;Gustavo Maia (Brasil)&#8221; font_container=&#8221;tag:h2|text_align:center&#8221; use_theme_fonts=&#8221;yes&#8221; css=&#8221;%7B%22default%22%3A%7B%22color%22%3A%22_header_middle_text_hover%22%7D%7D&#8221;]<div class=\"w-popup align_none\"><button class=\"w-popup-trigger type_image\" aria-label=\"Ventana emergente\"><img loading=\"lazy\" decoding=\"async\" width=\"300\" height=\"300\" src=\"https:\/\/ficc.ar\/buenosaires2025\/wp-content\/uploads\/sites\/17\/2025\/01\/juradoa-ficc-300x300.png\" class=\"attachment-medium size-medium\" alt=\"\" srcset=\"https:\/\/ficc.ar\/buenosaires2025\/wp-content\/uploads\/sites\/17\/2025\/01\/juradoa-ficc-300x300.png 300w, https:\/\/ficc.ar\/buenosaires2025\/wp-content\/uploads\/sites\/17\/2025\/01\/juradoa-ficc-150x150.png 150w, https:\/\/ficc.ar\/buenosaires2025\/wp-content\/uploads\/sites\/17\/2025\/01\/juradoa-ficc.png 601w\" sizes=\"auto, (max-width: 300px) 100vw, 300px\" \/><\/button><div class=\"w-popup-overlay\" style=\"background:rgba(0,0,0,0.95);\"><\/div><div class=\"w-popup-wrap\" style=\"--title-color:var(--color-content-heading);--title-bg-color:var(--color-content-bg-alt);--content-color:var(--color-content-text);--content-bg-color:var(--color-content-bg)\"><div class=\"w-popup-box animation_fadeIn closerpos_outside with_title\" style=\"width:600px;\"><div class=\"w-popup-box-h\"><div class=\"w-popup-box-title\">Gabriela Jaime (Argentina)<\/div><div class=\"w-popup-box-content\" style=\"padding:5%;\"><p class=\"a-b-r-La\">Documentalista, egresada del IDAC. Montajista desde los 90 a la actualidad de m\u00e1s de 20 largometrajes, muchos de ellos premiados nacional e internacionalmente. Como realizadora realiz\u00f3 tres largos documentales: \u201cJorge Giannoni, NN, ese soy yo\u201d, &#8220;Memoria para reincidentes&#8221; en codirecci\u00f3n con Violeta Bruck y J. Gabino y \u201cLa construcci\u00f3n del enemigo\u201d. Paralelamente desarrolla actividades de ense\u00f1anza e investigaci\u00f3n de cine para ni\u00f1es y docencia en el IDAC<\/p>\n<\/div><\/div><\/div><div class=\"w-popup-closer\"><\/div><\/div><\/div>[vc_custom_heading text=&#8221;Gabriela Jaime (Argentina)&#8221; font_container=&#8221;tag:h2|text_align:center&#8221; use_theme_fonts=&#8221;yes&#8221; css=&#8221;%7B%22default%22%3A%7B%22color%22%3A%22_header_middle_text_hover%22%7D%7D&#8221;]<div class=\"w-popup align_none\"><button class=\"w-popup-trigger type_image\" aria-label=\"Ventana emergente\"><img loading=\"lazy\" decoding=\"async\" width=\"300\" height=\"300\" src=\"https:\/\/ficc.ar\/buenosaires2025\/wp-content\/uploads\/sites\/17\/2025\/01\/juradso-ficc-300x300.png\" class=\"attachment-medium size-medium\" alt=\"\" srcset=\"https:\/\/ficc.ar\/buenosaires2025\/wp-content\/uploads\/sites\/17\/2025\/01\/juradso-ficc-300x300.png 300w, https:\/\/ficc.ar\/buenosaires2025\/wp-content\/uploads\/sites\/17\/2025\/01\/juradso-ficc-150x150.png 150w, https:\/\/ficc.ar\/buenosaires2025\/wp-content\/uploads\/sites\/17\/2025\/01\/juradso-ficc.png 601w\" sizes=\"auto, (max-width: 300px) 100vw, 300px\" \/><\/button><div class=\"w-popup-overlay\" style=\"background:rgba(0,0,0,0.95);\"><\/div><div class=\"w-popup-wrap\" style=\"--title-color:var(--color-content-heading);--title-bg-color:var(--color-content-bg-alt);--content-color:var(--color-content-text);--content-bg-color:var(--color-content-bg)\"><div class=\"w-popup-box animation_fadeIn closerpos_outside with_title\" style=\"width:600px;\"><div class=\"w-popup-box-h\"><div class=\"w-popup-box-title\">Victor Burgos Barreiro (Uruguay)<\/div><div class=\"w-popup-box-content\" style=\"padding:5%;\"><p class=\"a-b-r-La\">Realizador audiovisual, documentalista y docente especializado en c\u00e1mara y fotograf\u00eda.<\/p>\n<\/div><\/div><\/div><div class=\"w-popup-closer\"><\/div><\/div><\/div>[vc_custom_heading text=&#8221;Victor Burgos Barreiro (Uruguay)&#8221; font_container=&#8221;tag:h2|text_align:center&#8221; use_theme_fonts=&#8221;yes&#8221; css=&#8221;%7B%22default%22%3A%7B%22color%22%3A%22_header_middle_text_hover%22%7D%7D&#8221;]<div class=\"w-separator us_custom_8f4dd0d6 size_large\"><\/div><div class=\"w-separator us_custom_8f4dd0d6 size_large\"><\/div><div class=\"wpb_text_column us_custom_6df4bc3a has_text_color\"><div class=\"wpb_wrapper\"><h2 style=\"text-align: center\">Jurado de la competencia Oficial de Cortometrajes mayores a 5 minutos<\/h2>\n<div class=\"wpb_text_column us_custom_a574d586 has_text_color\">\n<div class=\"wpb_wrapper\"><\/div>\n<\/div>\n<div id=\"us_grid_6\" class=\"w-grid type_grid layout_136 cols_3 popup_page\">\n<div class=\"w-grid-list\">\n<article class=\"w-grid-item size_1x1 post-877 juradxs type-juradxs status-publish has-post-thumbnail hentry\" data-id=\"877\">\n<div class=\"w-grid-item-h\"><\/div>\n<\/article>\n<\/div>\n<\/div>\n<\/div><\/div><div class=\"w-popup align_none\"><button class=\"w-popup-trigger type_image\" aria-label=\"Ventana emergente\"><img loading=\"lazy\" decoding=\"async\" width=\"300\" height=\"300\" src=\"https:\/\/ficc.ar\/buenosaires2025\/wp-content\/uploads\/sites\/17\/2025\/02\/ANDINO.png\" class=\"attachment-medium size-medium\" alt=\"\" srcset=\"https:\/\/ficc.ar\/buenosaires2025\/wp-content\/uploads\/sites\/17\/2025\/02\/ANDINO.png 300w, https:\/\/ficc.ar\/buenosaires2025\/wp-content\/uploads\/sites\/17\/2025\/02\/ANDINO-150x150.png 150w\" sizes=\"auto, (max-width: 300px) 100vw, 300px\" \/><\/button><div class=\"w-popup-overlay\" style=\"background:rgba(0,0,0,0.95);\"><\/div><div class=\"w-popup-wrap\" style=\"--title-color:var(--color-content-heading);--title-bg-color:var(--color-content-bg-alt);--content-color:var(--color-content-text);--content-bg-color:var(--color-content-bg)\"><div class=\"w-popup-box animation_fadeIn closerpos_outside with_title\" style=\"width:600px;\"><div class=\"w-popup-box-h\"><div class=\"w-popup-box-title\">Mar\u00eda Victoria Andino (Argentina)<\/div><div class=\"w-popup-box-content\" style=\"padding:5%;\"><p><span style=\"font-weight: 400\">Realizadora audiovisual, fot\u00f3grafa y docente.<\/span><\/p>\n<p><span style=\"font-weight: 400\">Realiz\u00f3 diversos cortometrajes y una serie documental sobre las tareas de cuidado y su impacto en la econom\u00eda. Trabaja como asistente de direcci\u00f3n y productora de casting y desde 2019 form\u00f3 e integra la colectiva T.A.L audiovisual desde donde pensamos y producimos diversos proyectos audiovisuales haciendo foco en la perspectiva de g\u00e9nero.<\/span><\/p>\n<\/div><\/div><\/div><div class=\"w-popup-closer\"><\/div><\/div><\/div>[vc_custom_heading text=&#8221;Mar\u00eda Victoria Andino (Argentina)&#8221; font_container=&#8221;tag:h2|text_align:center&#8221; use_theme_fonts=&#8221;yes&#8221; css=&#8221;%7B%22default%22%3A%7B%22color%22%3A%22_header_middle_text_hover%22%7D%7D&#8221;]<div class=\"w-popup align_none\"><button class=\"w-popup-trigger type_image\" aria-label=\"Ventana emergente\"><img loading=\"lazy\" decoding=\"async\" width=\"300\" height=\"300\" src=\"https:\/\/ficc.ar\/buenosaires2025\/wp-content\/uploads\/sites\/17\/2025\/02\/FRENKEL.png\" class=\"attachment-medium size-medium\" alt=\"\" srcset=\"https:\/\/ficc.ar\/buenosaires2025\/wp-content\/uploads\/sites\/17\/2025\/02\/FRENKEL.png 300w, https:\/\/ficc.ar\/buenosaires2025\/wp-content\/uploads\/sites\/17\/2025\/02\/FRENKEL-150x150.png 150w\" sizes=\"auto, (max-width: 300px) 100vw, 300px\" \/><\/button><div class=\"w-popup-overlay\" style=\"background:rgba(0,0,0,0.95);\"><\/div><div class=\"w-popup-wrap\" style=\"--title-color:var(--color-content-heading);--title-bg-color:var(--color-content-bg-alt);--content-color:var(--color-content-text);--content-bg-color:var(--color-content-bg)\"><div class=\"w-popup-box animation_fadeIn closerpos_outside with_title\" style=\"width:600px;\"><div class=\"w-popup-box-h\"><div class=\"w-popup-box-title\">Oscar Frenkel (Argentina)<\/div><div class=\"w-popup-box-content\" style=\"padding:5%;\"><p><span style=\"font-weight: 400\">Productor y realizador audiovisual con una amplia trayectoria en cine, m\u00fasica y documentales. Carrera marcada por la sensibilidad y el compromiso art\u00edstico.<\/span><\/p>\n<p><span style=\"font-weight: 400\">Dirigi\u00f3 el largometraje \u201cEl origen de la tristeza\u201d (2017), basado en la novela de Pablo Ramos, y, en los a\u00f1os 90, cre\u00f3 videoclips para bandas como Viejas Locas, Bersuit Vergarabat, Kapanga, durante m\u00e1s de dos d\u00e9cadas.<\/span><\/p>\n<p><span style=\"font-weight: 400\">Su m\u00e1s reciente obra es un documental sobre Leonardo Favio, realizado junto a su hija, que celebra la vida y el legado de uno de los grandes maestros del cine argentino.<\/span><\/p>\n<\/div><\/div><\/div><div class=\"w-popup-closer\"><\/div><\/div><\/div>[vc_custom_heading text=&#8221;Oscar Frenkel (Argentina)&#8221; font_container=&#8221;tag:h2|text_align:center&#8221; use_theme_fonts=&#8221;yes&#8221; css=&#8221;%7B%22default%22%3A%7B%22color%22%3A%22_header_middle_text_hover%22%7D%7D&#8221;]<div class=\"w-popup align_none\"><button class=\"w-popup-trigger type_image\" aria-label=\"Ventana emergente\"><img loading=\"lazy\" decoding=\"async\" width=\"300\" height=\"300\" src=\"https:\/\/ficc.ar\/buenosaires2025\/wp-content\/uploads\/sites\/17\/2025\/02\/VACCARO.png\" class=\"attachment-medium size-medium\" alt=\"\" srcset=\"https:\/\/ficc.ar\/buenosaires2025\/wp-content\/uploads\/sites\/17\/2025\/02\/VACCARO.png 300w, https:\/\/ficc.ar\/buenosaires2025\/wp-content\/uploads\/sites\/17\/2025\/02\/VACCARO-150x150.png 150w\" sizes=\"auto, (max-width: 300px) 100vw, 300px\" \/><\/button><div class=\"w-popup-overlay\" style=\"background:rgba(0,0,0,0.95);\"><\/div><div class=\"w-popup-wrap\" style=\"--title-color:var(--color-content-heading);--title-bg-color:var(--color-content-bg-alt);--content-color:var(--color-content-text);--content-bg-color:var(--color-content-bg)\"><div class=\"w-popup-box animation_fadeIn closerpos_outside with_title\" style=\"width:600px;\"><div class=\"w-popup-box-h\"><div class=\"w-popup-box-title\">Gabriel Vaccaro (Argentina)<\/div><div class=\"w-popup-box-content\" style=\"padding:5%;\"><p><span style=\"font-weight: 400\">Comunicador, videasta y horticultor, realiz\u00f3 algunos documentales sobre problem\u00e1ticas agrarias latinoamericanas y actualmente trabaja en un organismo p\u00fablico vinculado a la ardua emergencia de la industria nacional del cannabis medicinal y el c\u00e1\u00f1amo.<\/span><\/p>\n<\/div><\/div><\/div><div class=\"w-popup-closer\"><\/div><\/div><\/div>[vc_custom_heading text=&#8221;Gabriel Vaccaro (Argentina)&#8221; font_container=&#8221;tag:h2|text_align:center&#8221; use_theme_fonts=&#8221;yes&#8221; css=&#8221;%7B%22default%22%3A%7B%22color%22%3A%22_header_middle_text_hover%22%7D%7D&#8221;]<div class=\"w-separator us_custom_8f4dd0d6 size_large\"><\/div><div class=\"w-separator us_custom_8f4dd0d6 size_large\"><\/div><div class=\"wpb_text_column us_custom_6df4bc3a has_text_color\"><div class=\"wpb_wrapper\"><h2 style=\"text-align: center\">Jurado de la competencia Oficial de Cortometrajes mENORES a 5 minutos<\/h2>\n<div class=\"wpb_text_column us_custom_a574d586 has_text_color\">\n<div class=\"wpb_wrapper\"><\/div>\n<\/div>\n<div id=\"us_grid_6\" class=\"w-grid type_grid layout_136 cols_3 popup_page\">\n<div class=\"w-grid-list\">\n<article class=\"w-grid-item size_1x1 post-877 juradxs type-juradxs status-publish has-post-thumbnail hentry\" data-id=\"877\">\n<div class=\"w-grid-item-h\"><\/div>\n<\/article>\n<\/div>\n<\/div>\n<\/div><\/div><div class=\"w-popup align_none\"><button class=\"w-popup-trigger type_image\" aria-label=\"Ventana emergente\"><img loading=\"lazy\" decoding=\"async\" width=\"300\" height=\"300\" src=\"https:\/\/ficc.ar\/buenosaires2025\/wp-content\/uploads\/sites\/17\/2025\/02\/sabre.png\" class=\"attachment-medium size-medium\" alt=\"\" srcset=\"https:\/\/ficc.ar\/buenosaires2025\/wp-content\/uploads\/sites\/17\/2025\/02\/sabre.png 300w, https:\/\/ficc.ar\/buenosaires2025\/wp-content\/uploads\/sites\/17\/2025\/02\/sabre-150x150.png 150w\" sizes=\"auto, (max-width: 300px) 100vw, 300px\" \/><\/button><div class=\"w-popup-overlay\" style=\"background:rgba(0,0,0,0.95);\"><\/div><div class=\"w-popup-wrap\" style=\"--title-color:var(--color-content-heading);--title-bg-color:var(--color-content-bg-alt);--content-color:var(--color-content-text);--content-bg-color:var(--color-content-bg)\"><div class=\"w-popup-box animation_fadeIn closerpos_outside with_title\" style=\"width:600px;\"><div class=\"w-popup-box-h\"><div class=\"w-popup-box-title\">Jorge Daniel Sabre (Argentina)<\/div><div class=\"w-popup-box-content\" style=\"padding:5%;\"><div>Jorge Sabre desde hace m\u00e1s de 25 a\u00f1os comenz\u00f3 su camino en la industria del cannabis. Siendo as\u00ed de los pioneros en la distribuci\u00f3n de variedad en papeles armar y parafernalia en la Argentina. En aquel entonces form\u00f3 Conex Distribuidora, empresa que hoy se encarga de distribuir en los principales growshops y tiendas especializadas de cultivo en todo del pa\u00eds.<\/div>\n<div>Desde hace tres a\u00f1os organizador de Costa Cannabis, una expo festival que re\u00fane a los principales actores del mundo del cannabis, y difunde la cultura y los beneficios de la planta en la ciudad de Mar del Plata.<\/div>\n<div>Durante el a\u00f1o realiza encuentros para fortalecer el v\u00ednculo entre la comunidad cann\u00e1bica, informar y acercar informaci\u00f3n de calidad como uno de los principales objetivos de un activismo permanente y constante.<\/div>\n<div><\/div>\n<\/div><\/div><\/div><div class=\"w-popup-closer\"><\/div><\/div><\/div>[vc_custom_heading text=&#8221;Jorge Daniel Sabre (Argentina)&#8221; font_container=&#8221;tag:h2|text_align:center&#8221; use_theme_fonts=&#8221;yes&#8221; css=&#8221;%7B%22default%22%3A%7B%22color%22%3A%22_header_middle_text_hover%22%7D%7D&#8221;]<div class=\"w-popup align_none\"><button class=\"w-popup-trigger type_image\" aria-label=\"Ventana emergente\"><img loading=\"lazy\" decoding=\"async\" width=\"300\" height=\"300\" src=\"https:\/\/ficc.ar\/buenosaires2025\/wp-content\/uploads\/sites\/17\/2025\/02\/henao.png\" class=\"attachment-medium size-medium\" alt=\"\" srcset=\"https:\/\/ficc.ar\/buenosaires2025\/wp-content\/uploads\/sites\/17\/2025\/02\/henao.png 300w, https:\/\/ficc.ar\/buenosaires2025\/wp-content\/uploads\/sites\/17\/2025\/02\/henao-150x150.png 150w\" sizes=\"auto, (max-width: 300px) 100vw, 300px\" \/><\/button><div class=\"w-popup-overlay\" style=\"background:rgba(0,0,0,0.95);\"><\/div><div class=\"w-popup-wrap\" style=\"--title-color:var(--color-content-heading);--title-bg-color:var(--color-content-bg-alt);--content-color:var(--color-content-text);--content-bg-color:var(--color-content-bg)\"><div class=\"w-popup-box animation_fadeIn closerpos_outside with_title\" style=\"width:600px;\"><div class=\"w-popup-box-h\"><div class=\"w-popup-box-title\">Fernando Jos\u00e9 Henao (Colombia)<\/div><div class=\"w-popup-box-content\" style=\"padding:5%;\"><p><span style=\"font-weight: 400\">Es abogado y el gerente de UFO HEAD SHOP y UFO GROW SHOP, adem\u00e1s de director de la COPA FARALLONES, un evento que celebra la cultura cann\u00e1bica en Colombia, incluyendo un espacio de cine psicoactivo. Con una trayectoria en medios especializados como la revista C\u00e1\u00f1amo y el peri\u00f3dico Weeds, ha trabajado en la difusi\u00f3n del autocultivo y el an\u00e1lisis cultural de la planta. Su inter\u00e9s en el cine cann\u00e1bico radica en su capacidad de transformar narrativas y generar conciencia, promoviendo espacios donde la imagen y la psicoactividad convergen para ampliar perspectivas.<\/span><\/p>\n<\/div><\/div><\/div><div class=\"w-popup-closer\"><\/div><\/div><\/div>[vc_custom_heading text=&#8221;Fernando Jos\u00e9 Henao (Colombia)&#8221; font_container=&#8221;tag:h2|text_align:center&#8221; use_theme_fonts=&#8221;yes&#8221; css=&#8221;%7B%22default%22%3A%7B%22color%22%3A%22_header_middle_text_hover%22%7D%7D&#8221;]<div class=\"w-popup align_none\"><button class=\"w-popup-trigger type_image\" aria-label=\"Ventana emergente\"><img loading=\"lazy\" decoding=\"async\" width=\"300\" height=\"300\" src=\"https:\/\/ficc.ar\/buenosaires2025\/wp-content\/uploads\/sites\/17\/2025\/02\/PALMA.png\" class=\"attachment-medium size-medium\" alt=\"\" srcset=\"https:\/\/ficc.ar\/buenosaires2025\/wp-content\/uploads\/sites\/17\/2025\/02\/PALMA.png 300w, https:\/\/ficc.ar\/buenosaires2025\/wp-content\/uploads\/sites\/17\/2025\/02\/PALMA-150x150.png 150w\" sizes=\"auto, (max-width: 300px) 100vw, 300px\" \/><\/button><div class=\"w-popup-overlay\" style=\"background:rgba(0,0,0,0.95);\"><\/div><div class=\"w-popup-wrap\" style=\"--title-color:var(--color-content-heading);--title-bg-color:var(--color-content-bg-alt);--content-color:var(--color-content-text);--content-bg-color:var(--color-content-bg)\"><div class=\"w-popup-box animation_fadeIn closerpos_outside with_title\" style=\"width:600px;\"><div class=\"w-popup-box-h\"><div class=\"w-popup-box-title\">Muriel Fuentes Palma (Chile)<\/div><div class=\"w-popup-box-content\" style=\"padding:5%;\"><p>Dise\u00f1adora Gr\u00e1fica menci\u00f3n Artes Visuales con amplia experiencia en creaci\u00f3n de estrategias de Branding.<br \/>\nActivista de la escena cann\u00e1bica en Chile, es la creadora de Cannabis Girl Gang, identidad art\u00edstica que se sintetiza en la exposici\u00f3n: Inspiraciones de una mujer en pandemia. Exposici\u00f3n que recorre diferentes pa\u00edses y clubes, vinculando de manera bella y sensible el Cannabis, el Pueblo Mapuche y la Revuelta Social Chilena.<\/p>\n<\/div><\/div><\/div><div class=\"w-popup-closer\"><\/div><\/div><\/div>[vc_custom_heading text=&#8221;Muriel Fuentes Palma (Chile)&#8221; font_container=&#8221;tag:h2|text_align:center&#8221; use_theme_fonts=&#8221;yes&#8221; css=&#8221;%7B%22default%22%3A%7B%22color%22%3A%22_header_middle_text_hover%22%7D%7D&#8221;]<div class=\"w-separator us_custom_8f4dd0d6 size_large\"><\/div><div class=\"w-separator us_custom_8f4dd0d6 size_large\"><\/div><div class=\"wpb_text_column us_custom_6df4bc3a has_text_color\"><div class=\"wpb_wrapper\"><h2 style=\"text-align: center\">Jurado Premio MAFICI \u201dBallena Dorada\u201d<\/h2>\n<p><span style=\"font-weight: 400\">El Festival Internacional de Cine de Puerto Madryn (MAFICI) <\/span><span style=\"font-weight: 400\">entregar\u00e1 el Premio <\/span><span style=\"font-weight: 400\">a la mejor pel\u00edcula en la Competencia Internacional de Largometrajes de Ficci\u00f3n.<\/span><\/p>\n<div class=\"wpb_text_column us_custom_a574d586 has_text_color\">\n<div class=\"wpb_wrapper\"><\/div>\n<\/div>\n<div id=\"us_grid_6\" class=\"w-grid type_grid layout_136 cols_3 popup_page\">\n<div class=\"w-grid-list\">\n<article class=\"w-grid-item size_1x1 post-877 juradxs type-juradxs status-publish has-post-thumbnail hentry\" data-id=\"877\">\n<div class=\"w-grid-item-h\"><\/div>\n<\/article>\n<\/div>\n<\/div>\n<\/div><\/div><div class=\"w-popup align_none\"><button class=\"w-popup-trigger type_image\" aria-label=\"Ventana emergente\"><img loading=\"lazy\" decoding=\"async\" width=\"300\" height=\"300\" src=\"https:\/\/ficc.ar\/buenosaires2025\/wp-content\/uploads\/sites\/17\/2025\/01\/jurado-ficc-300x300.png\" class=\"attachment-medium size-medium\" alt=\"\" srcset=\"https:\/\/ficc.ar\/buenosaires2025\/wp-content\/uploads\/sites\/17\/2025\/01\/jurado-ficc-300x300.png 300w, https:\/\/ficc.ar\/buenosaires2025\/wp-content\/uploads\/sites\/17\/2025\/01\/jurado-ficc-150x150.png 150w, https:\/\/ficc.ar\/buenosaires2025\/wp-content\/uploads\/sites\/17\/2025\/01\/jurado-ficc.png 601w\" sizes=\"auto, (max-width: 300px) 100vw, 300px\" \/><\/button><div class=\"w-popup-overlay\" style=\"background:rgba(0,0,0,0.95);\"><\/div><div class=\"w-popup-wrap\" style=\"--title-color:var(--color-content-heading);--title-bg-color:var(--color-content-bg-alt);--content-color:var(--color-content-text);--content-bg-color:var(--color-content-bg)\"><div class=\"w-popup-box animation_fadeIn closerpos_outside with_title\" style=\"width:600px;\"><div class=\"w-popup-box-h\"><div class=\"w-popup-box-title\">Valeria Malatino<\/div><div class=\"w-popup-box-content\" style=\"padding:5%;\"><p class=\"a-b-r-La\">Realizadora audiovisual. Fundadora y Directora de la PRIMERA ESCUELA DE CINE DE LA PROVINCIA DEL CHUBUT, ECC Escuela de Cine de Chubut que impulsa con un doble objetivo: crear un polo creativo audiovisual en la regi\u00f3n Patag\u00f3nica y federalizar la educaci\u00f3n en cine en Argentina. Co Directora de MAFICI Festival.<\/p>\n<\/div><\/div><\/div><div class=\"w-popup-closer\"><\/div><\/div><\/div>[vc_custom_heading text=&#8221;Valeria Malatino&#8221; font_container=&#8221;tag:h2|text_align:center&#8221; use_theme_fonts=&#8221;yes&#8221; css=&#8221;%7B%22default%22%3A%7B%22color%22%3A%22_header_middle_text_hover%22%7D%7D&#8221;]<div class=\"w-popup align_none\"><button class=\"w-popup-trigger type_image\" aria-label=\"Ventana emergente\"><img loading=\"lazy\" decoding=\"async\" width=\"300\" height=\"300\" src=\"https:\/\/ficc.ar\/buenosaires2025\/wp-content\/uploads\/sites\/17\/2025\/01\/32jurado-ficc-300x300.png\" class=\"attachment-medium size-medium\" alt=\"\" srcset=\"https:\/\/ficc.ar\/buenosaires2025\/wp-content\/uploads\/sites\/17\/2025\/01\/32jurado-ficc-300x300.png 300w, https:\/\/ficc.ar\/buenosaires2025\/wp-content\/uploads\/sites\/17\/2025\/01\/32jurado-ficc-150x150.png 150w, https:\/\/ficc.ar\/buenosaires2025\/wp-content\/uploads\/sites\/17\/2025\/01\/32jurado-ficc.png 601w\" sizes=\"auto, (max-width: 300px) 100vw, 300px\" \/><\/button><div class=\"w-popup-overlay\" style=\"background:rgba(0,0,0,0.95);\"><\/div><div class=\"w-popup-wrap\" style=\"--title-color:var(--color-content-heading);--title-bg-color:var(--color-content-bg-alt);--content-color:var(--color-content-text);--content-bg-color:var(--color-content-bg)\"><div class=\"w-popup-box animation_fadeIn closerpos_outside with_title\" style=\"width:600px;\"><div class=\"w-popup-box-h\"><div class=\"w-popup-box-title\">Dami\u00e1n Mart\u00ednez<\/div><div class=\"w-popup-box-content\" style=\"padding:5%;\"><p class=\"a-b-r-La\">Realizador Audiovisual, Co Director del Festival Internacional de Cine de Puerto Madryn MAFICI que este a\u00f1o celebra su 13\u00b0 edici\u00f3n. Director del cortometraje Como dos extra\u00f1os, ganador del Concurso Historias Breves Incaa (estrenado en la 39\u00b0 edici\u00f3n del Festival Internacional de Cine de Mar del Plata) Director del documental The Lord Of The Penguins<\/p>\n<div class=\"yj6qo ajU\"><\/div>\n<\/div><\/div><\/div><div class=\"w-popup-closer\"><\/div><\/div><\/div>[vc_custom_heading text=&#8221;Dami\u00e1n Mart\u00ednez&#8221; font_container=&#8221;tag:h2|text_align:center&#8221; use_theme_fonts=&#8221;yes&#8221; css=&#8221;%7B%22default%22%3A%7B%22color%22%3A%22_header_middle_text_hover%22%7D%7D&#8221;]<div class=\"w-popup align_none\"><button class=\"w-popup-trigger type_image\" aria-label=\"Ventana emergente\"><img loading=\"lazy\" decoding=\"async\" width=\"300\" height=\"300\" src=\"https:\/\/ficc.ar\/buenosaires2025\/wp-content\/uploads\/sites\/17\/2025\/01\/2jurado-ficc-300x300.png\" class=\"attachment-medium size-medium\" alt=\"\" srcset=\"https:\/\/ficc.ar\/buenosaires2025\/wp-content\/uploads\/sites\/17\/2025\/01\/2jurado-ficc-300x300.png 300w, https:\/\/ficc.ar\/buenosaires2025\/wp-content\/uploads\/sites\/17\/2025\/01\/2jurado-ficc-150x150.png 150w, https:\/\/ficc.ar\/buenosaires2025\/wp-content\/uploads\/sites\/17\/2025\/01\/2jurado-ficc.png 601w\" sizes=\"auto, (max-width: 300px) 100vw, 300px\" \/><\/button><div class=\"w-popup-overlay\" style=\"background:rgba(0,0,0,0.95);\"><\/div><div class=\"w-popup-wrap\" style=\"--title-color:var(--color-content-heading);--title-bg-color:var(--color-content-bg-alt);--content-color:var(--color-content-text);--content-bg-color:var(--color-content-bg)\"><div class=\"w-popup-box animation_fadeIn closerpos_outside with_title\" style=\"width:600px;\"><div class=\"w-popup-box-h\"><div class=\"w-popup-box-title\">Maria Eugenia Lombardi<\/div><div class=\"w-popup-box-content\" style=\"padding:5%;\"><p>Formada en artes de la escritura, arte dram\u00e1tico, direcci\u00f3n y producci\u00f3n audiovisual. Diplomada en preservaci\u00f3n y distribuci\u00f3n audiovisual. Trabaja como productora creativa desde hace 15 a\u00f1os, coprodujo internacionalmente pel\u00edculas y series de ficci\u00f3n y documental.<\/p>\n<\/div><\/div><\/div><div class=\"w-popup-closer\"><\/div><\/div><\/div>[vc_custom_heading text=&#8221;Maria Eugenia Lombardi&#8221; font_container=&#8221;tag:h2|text_align:center&#8221; use_theme_fonts=&#8221;yes&#8221; css=&#8221;%7B%22default%22%3A%7B%22color%22%3A%22_header_middle_text_hover%22%7D%7D&#8221;]<div class=\"w-separator us_custom_8f4dd0d6 size_large\"><\/div><div class=\"w-separator us_custom_8f4dd0d6 size_large\"><\/div><div class=\"wpb_text_column us_custom_df5f4c97 has_text_color\"><div class=\"wpb_wrapper\"><h2 style=\"text-align: center\"><span style=\"font-weight: 400\">Jurado <\/span><span style=\"font-weight: 400\">Premio EDA al Mejor Montaje<\/span><\/h2>\n<p><span style=\"font-weight: 400\">La Asociaci\u00f3n Argentina de Editorxs Audiovisuales entregar\u00e1 el Premio al Mejor Montaje en la Competencia de Largometrajes Internacionales de Ficci\u00f3n<\/span><\/p>\n<\/div><\/div><div class=\"w-popup align_none\"><button class=\"w-popup-trigger type_image\" aria-label=\"Ventana emergente\"><img loading=\"lazy\" decoding=\"async\" width=\"300\" height=\"300\" src=\"https:\/\/ficc.ar\/buenosaires2025\/wp-content\/uploads\/sites\/17\/2025\/01\/djurado-ficc-300x300.png\" class=\"attachment-medium size-medium\" alt=\"\" srcset=\"https:\/\/ficc.ar\/buenosaires2025\/wp-content\/uploads\/sites\/17\/2025\/01\/djurado-ficc-300x300.png 300w, https:\/\/ficc.ar\/buenosaires2025\/wp-content\/uploads\/sites\/17\/2025\/01\/djurado-ficc-150x150.png 150w, https:\/\/ficc.ar\/buenosaires2025\/wp-content\/uploads\/sites\/17\/2025\/01\/djurado-ficc.png 601w\" sizes=\"auto, (max-width: 300px) 100vw, 300px\" \/><\/button><div class=\"w-popup-overlay\" style=\"background:rgba(0,0,0,0.95);\"><\/div><div class=\"w-popup-wrap\" style=\"--title-color:var(--color-content-heading);--title-bg-color:var(--color-content-bg-alt);--content-color:var(--color-content-text);--content-bg-color:var(--color-content-bg)\"><div class=\"w-popup-box animation_fadeIn closerpos_outside with_title\" style=\"width:600px;\"><div class=\"w-popup-box-h\"><div class=\"w-popup-box-title\">Santiago Manuel Moyano<\/div><div class=\"w-popup-box-content\" style=\"padding:5%;\"><p class=\"a-b-r-La\">Dise\u00f1ador de Imagen y Sonido graduado de la UBA, desde 2013 se especializa en el \u00e1rea de Postproducci\u00f3n. Desempe\u00f1\u00e1ndose en diversos roles como asistente de edici\u00f3n, editor offline, editor online y colorista, ha participado en largometrajes, cortometrajes, series y campa\u00f1as publicitarias. En la actualidad, cursa la carrera de Dise\u00f1o Gr\u00e1fico en la UBA.<\/p>\n<\/div><\/div><\/div><div class=\"w-popup-closer\"><\/div><\/div><\/div>[vc_custom_heading text=&#8221;Santiago Moyano&#8221; font_container=&#8221;tag:h2|text_align:center&#8221; use_theme_fonts=&#8221;yes&#8221; css=&#8221;%7B%22default%22%3A%7B%22color%22%3A%22_header_middle_text_hover%22%7D%7D&#8221;]<div class=\"w-popup align_none\"><button class=\"w-popup-trigger type_image\" aria-label=\"Ventana emergente\"><img loading=\"lazy\" decoding=\"async\" width=\"300\" height=\"300\" src=\"https:\/\/ficc.ar\/buenosaires2025\/wp-content\/uploads\/sites\/17\/2025\/01\/4jurado-ficc-300x300.png\" class=\"attachment-medium size-medium\" alt=\"\" srcset=\"https:\/\/ficc.ar\/buenosaires2025\/wp-content\/uploads\/sites\/17\/2025\/01\/4jurado-ficc-300x300.png 300w, https:\/\/ficc.ar\/buenosaires2025\/wp-content\/uploads\/sites\/17\/2025\/01\/4jurado-ficc-150x150.png 150w, https:\/\/ficc.ar\/buenosaires2025\/wp-content\/uploads\/sites\/17\/2025\/01\/4jurado-ficc.png 601w\" sizes=\"auto, (max-width: 300px) 100vw, 300px\" \/><\/button><div class=\"w-popup-overlay\" style=\"background:rgba(0,0,0,0.95);\"><\/div><div class=\"w-popup-wrap\" style=\"--title-color:var(--color-content-heading);--title-bg-color:var(--color-content-bg-alt);--content-color:var(--color-content-text);--content-bg-color:var(--color-content-bg)\"><div class=\"w-popup-box animation_fadeIn closerpos_outside with_title\" style=\"width:600px;\"><div class=\"w-popup-box-h\"><div class=\"w-popup-box-title\">Ezequiel Stanziano<\/div><div class=\"w-popup-box-content\" style=\"padding:5%;\"><p class=\"a-b-r-La\">Estudi\u00f3 Dise\u00f1o de imagen y sonido en la Universidad de Buenos Aires. Desde 2003 se desempe\u00f1a como realizador y editor de formatos documentales para TV y publicidad.<\/p>\n<\/div><\/div><\/div><div class=\"w-popup-closer\"><\/div><\/div><\/div>[vc_custom_heading text=&#8221;Ezequiel Stanziano&#8221; font_container=&#8221;tag:h2|text_align:center&#8221; use_theme_fonts=&#8221;yes&#8221; css=&#8221;%7B%22default%22%3A%7B%22color%22%3A%22_header_middle_text_hover%22%7D%7D&#8221;]<div class=\"w-separator us_custom_8f4dd0d6 size_large\"><\/div><div class=\"w-separator us_custom_8f4dd0d6 size_large\"><\/div><div class=\"wpb_text_column us_custom_adb3599a has_text_color\"><div class=\"wpb_wrapper\"><h2 style=\"text-align: center\">Jurado DE LA Competencia Oficial de Largometrajes de Ficci\u00f3n<\/h2>\n<\/div><\/div><div class=\"w-popup align_none\"><button class=\"w-popup-trigger type_image\" aria-label=\"Ventana emergente\"><img loading=\"lazy\" decoding=\"async\" width=\"300\" height=\"300\" src=\"https:\/\/ficc.ar\/buenosaires2025\/wp-content\/uploads\/sites\/17\/2025\/01\/larissa-300x300.png\" class=\"attachment-medium size-medium\" alt=\"\" srcset=\"https:\/\/ficc.ar\/buenosaires2025\/wp-content\/uploads\/sites\/17\/2025\/01\/larissa-300x300.png 300w, https:\/\/ficc.ar\/buenosaires2025\/wp-content\/uploads\/sites\/17\/2025\/01\/larissa-150x150.png 150w, https:\/\/ficc.ar\/buenosaires2025\/wp-content\/uploads\/sites\/17\/2025\/01\/larissa.png 601w\" sizes=\"auto, (max-width: 300px) 100vw, 300px\" \/><\/button><div class=\"w-popup-overlay\" style=\"background:rgba(0,0,0,0.95);\"><\/div><div class=\"w-popup-wrap\" style=\"--title-color:var(--color-content-heading);--title-bg-color:var(--color-content-bg-alt);--content-color:var(--color-content-text);--content-bg-color:var(--color-content-bg)\"><div class=\"w-popup-box animation_fadeIn closerpos_outside with_title\" style=\"width:600px;\"><div class=\"w-popup-box-h\"><div class=\"w-popup-box-title\">Larissa Uchida - (Brasil)<\/div><div class=\"w-popup-box-content\" style=\"padding:5%;\"><p>Larissa Uchida es economista, con especializaci\u00f3n en cannabis medicinal, y cuenta con m\u00e1s de una d\u00e9cada de experiencia en el sector cann\u00e1bico. Fundadora y CEO de CannExp, empresa responsable de la organizaci\u00f3n de ExpoCannabis Brasil, lidera el mayor evento del pa\u00eds dedicado al cannabis. Bajo su liderazgo, el encuentro fomenta debates integrales sobre los usos medicinales, industriales y culturales de la planta, consolid\u00e1ndose como un referente en el tema.<\/p>\n<\/div><\/div><\/div><div class=\"w-popup-closer\"><\/div><\/div><\/div>[vc_custom_heading text=&#8221;Larissa Uchida<br \/>\n(Brasil)&#8221; font_container=&#8221;tag:h2|text_align:center&#8221; use_theme_fonts=&#8221;yes&#8221; css=&#8221;%7B%22default%22%3A%7B%22color%22%3A%22_header_middle_text_hover%22%7D%7D&#8221;]<div class=\"w-popup align_none\"><button class=\"w-popup-trigger type_image\" aria-label=\"Ventana emergente\"><img loading=\"lazy\" decoding=\"async\" width=\"300\" height=\"300\" src=\"https:\/\/ficc.ar\/buenosaires2025\/wp-content\/uploads\/sites\/17\/2025\/01\/ee2jurado-ficc-300x300.png\" class=\"attachment-medium size-medium\" alt=\"\" srcset=\"https:\/\/ficc.ar\/buenosaires2025\/wp-content\/uploads\/sites\/17\/2025\/01\/ee2jurado-ficc-300x300.png 300w, https:\/\/ficc.ar\/buenosaires2025\/wp-content\/uploads\/sites\/17\/2025\/01\/ee2jurado-ficc-150x150.png 150w, https:\/\/ficc.ar\/buenosaires2025\/wp-content\/uploads\/sites\/17\/2025\/01\/ee2jurado-ficc.png 601w\" sizes=\"auto, (max-width: 300px) 100vw, 300px\" \/><\/button><div class=\"w-popup-overlay\" style=\"background:rgba(0,0,0,0.95);\"><\/div><div class=\"w-popup-wrap\" style=\"--title-color:var(--color-content-heading);--title-bg-color:var(--color-content-bg-alt);--content-color:var(--color-content-text);--content-bg-color:var(--color-content-bg)\"><div class=\"w-popup-box animation_fadeIn closerpos_outside with_title\" style=\"width:600px;\"><div class=\"w-popup-box-h\"><div class=\"w-popup-box-title\">Enzo Vezzaro (Rep\u00fablica Dominicana)<\/div><div class=\"w-popup-box-content\" style=\"padding:5%;\"><p class=\"a-b-r-La\">Director del Festival Dominicano de Cine Cann\u00e1bico, activista por la regulaci\u00f3n del cannabis en la Rep\u00fablica Dominicana y gestor cultural con enfoque en proyectos que combinan arte, educaci\u00f3n y justicia social. Tambi\u00e9n es organizador de iniciativas que visibilizan la comunidad cann\u00e1bica dominicana, como la Marcha Mundial de la Marihuana RD, la revista online Dominicanna RD, y fundador de la ASFL Legal Es Mejor, entre otras iniciativas nacionales relacionadas con el cannabis en la Republica Dominicana.<\/p>\n<\/div><\/div><\/div><div class=\"w-popup-closer\"><\/div><\/div><\/div>[vc_custom_heading text=&#8221;Enzo Vezzaro<br \/>\n(Rep. Dominicana)&#8221; font_container=&#8221;tag:h2|text_align:center&#8221; use_theme_fonts=&#8221;yes&#8221; css=&#8221;%7B%22default%22%3A%7B%22color%22%3A%22_header_middle_text_hover%22%7D%7D&#8221;]<div class=\"w-popup align_none\"><button class=\"w-popup-trigger type_image\" aria-label=\"Ventana emergente\"><img loading=\"lazy\" decoding=\"async\" width=\"300\" height=\"300\" src=\"https:\/\/ficc.ar\/buenosaires2025\/wp-content\/uploads\/sites\/17\/2025\/01\/e2jurado-ficc-300x300.png\" class=\"attachment-medium size-medium\" alt=\"\" srcset=\"https:\/\/ficc.ar\/buenosaires2025\/wp-content\/uploads\/sites\/17\/2025\/01\/e2jurado-ficc-300x300.png 300w, https:\/\/ficc.ar\/buenosaires2025\/wp-content\/uploads\/sites\/17\/2025\/01\/e2jurado-ficc-150x150.png 150w, https:\/\/ficc.ar\/buenosaires2025\/wp-content\/uploads\/sites\/17\/2025\/01\/e2jurado-ficc.png 601w\" sizes=\"auto, (max-width: 300px) 100vw, 300px\" \/><\/button><div class=\"w-popup-overlay\" style=\"background:rgba(0,0,0,0.95);\"><\/div><div class=\"w-popup-wrap\" style=\"--title-color:var(--color-content-heading);--title-bg-color:var(--color-content-bg-alt);--content-color:var(--color-content-text);--content-bg-color:var(--color-content-bg)\"><div class=\"w-popup-box animation_fadeIn closerpos_outside with_title\" style=\"width:600px;\"><div class=\"w-popup-box-h\"><div class=\"w-popup-box-title\">Francisco Ferraz - (Brasil)<\/div><div class=\"w-popup-box-content\" style=\"padding:5%;\"><p class=\"a-b-r-La\">Productor y curador de R\u00edo de Janeiro, trabaja en el circuito de festivales de cine brasile\u00f1os desde 2009. Es productor del Festival Internacional de Cine de R\u00edo, Riomarket y Premiere Brasil Debates, y curador del Green Nation Environmental Film Festival en S\u00e3o Paulo. Actualmente es productor ejecutivo de la primera edici\u00f3n del FICC Rio.<\/p>\n<\/div><\/div><\/div><div class=\"w-popup-closer\"><\/div><\/div><\/div>[vc_custom_heading text=&#8221;Francisco Ferraz<br \/>\n(Brasil)&#8221; font_container=&#8221;tag:h2|text_align:center&#8221; use_theme_fonts=&#8221;yes&#8221; css=&#8221;%7B%22default%22%3A%7B%22color%22%3A%22_header_middle_text_hover%22%7D%7D&#8221;]<\/div><\/div><\/div><\/div><div class=\"w-separator us_custom_8f4dd0d6 size_large\"><\/div><\/div><\/div><\/div><\/div><\/div><\/section><section class=\"l-section wpb_row us_custom_0b969934 height_medium\" id=\"sedes\"><div class=\"l-section-h i-cf\"><div class=\"g-cols vc_row via_flex valign_top type_default stacking_default\"><div class=\"vc_col-sm-12 wpb_column vc_column_container\"><div class=\"vc_column-inner\"><div class=\"wpb_wrapper\"><div class=\"wpb_text_column us_custom_df5f4c97 has_text_color\"><div class=\"wpb_wrapper\"><h2 style=\"text-align: center\"><span style=\"font-weight: 400\">SEDES FICC 2025<\/span><\/h2>\n<\/div><\/div><div class=\"w-tabs us_custom_b91424ac layout_hor style_radio switch_click has_scrolling\" style=\"--sections-title-size:1.4rem\"><div class=\"w-tabs-list items_6 align_justify\" style=\"font-family:var(--font-h1);\"><div class=\"w-tabs-list-h\"><button class=\"w-tabs-item active\" aria-controls=\"content-o397\" aria-expanded=\"false\"><span class=\"w-tabs-item-title\">VER SEDES FICC<\/span><\/button><button class=\"w-tabs-item tabsinicio\" aria-controls=\"content-z2bc\" aria-expanded=\"false\"><span class=\"w-tabs-item-title\">WOKI TOKI E. C.<\/span><\/button><button class=\"w-tabs-item\" aria-controls=\"content-h7c8\" aria-expanded=\"false\"><span class=\"w-tabs-item-title\">LA PAZ ARRIBA<\/span><\/button><button class=\"w-tabs-item\" aria-controls=\"content-rc43\" aria-expanded=\"false\"><span class=\"w-tabs-item-title\">ALIANZA FRANCESA<\/span><\/button><button class=\"w-tabs-item tabsinicio\" aria-controls=\"content-p079\" aria-expanded=\"false\"><span class=\"w-tabs-item-title\">CASA BRANDON<\/span><\/button><button class=\"w-tabs-item\" aria-controls=\"content-e4d4\" aria-expanded=\"false\"><span class=\"w-tabs-item-title\">CAVE CANEM<\/span><\/button><\/div><\/div><div class=\"w-tabs-sections titles-align_none icon_chevron cpos_right\"><div class=\"w-tabs-section active\" id=\"o397\"><button class=\"w-tabs-section-header active\" aria-controls=\"content-o397\" aria-expanded=\"true\"><div class=\"w-tabs-section-title\">VER SEDES FICC<\/div><div class=\"w-tabs-section-control\"><\/div><\/button><div  class=\"w-tabs-section-content us_custom_ff53ba63\" id=\"content-o397\"><div class=\"w-tabs-section-content-h i-cf\"><div class=\"w-map provider_osm\" id=\"us_map_1\"><div class=\"w-map-inner\"><div class=\"w-map-json\" onclick='return {&quot;address&quot;:&quot;-34.6185691,-58.3788189&quot;,&quot;disableDragging&quot;:0,&quot;disableZoom&quot;:1,&quot;hideControls&quot;:0,&quot;zoom&quot;:12,&quot;markers&quot;:[{&quot;address&quot;:&quot;-34.6185691,-58.3788189&quot;,&quot;html&quot;:&quot;&lt;strong&gt;Woki Toki Espacio Cultural&lt;\\\/strong&gt; \\\/ Tacuar\\u00ed 905 CABA&quot;,&quot;infowindow&quot;:0},{&quot;address&quot;:&quot;-34.596046,-58.393559&quot;,&quot;html&quot;:&quot;&lt;strong&gt;Bar La paz Arriba &lt;\\\/strong&gt; \\\/ Av. Callao 1082, CABA\\n&quot;,&quot;marker_img&quot;:null,&quot;marker_size&quot;:[&quot;30&quot;,&quot;30&quot;]},{&quot;address&quot;:&quot;-34.6160038,-58.3704502&quot;,&quot;html&quot;:&quot;&lt;strong&gt;Cave Canem &lt;\\\/strong&gt; \\\/  Chile 308, CABA&quot;,&quot;marker_img&quot;:null,&quot;marker_size&quot;:[&quot;30&quot;,&quot;30&quot;]},{&quot;address&quot;:&quot;-34.6019787,-58.4369768&quot;,&quot;html&quot;:&quot;&lt;strong&gt;Casa Brandon&lt;\\\/strong&gt; \\\/ Luis Mar\\u00eda Drago 236 CABA&quot;,&quot;marker_img&quot;:null,&quot;marker_size&quot;:[&quot;30&quot;,&quot;30&quot;]},{&quot;address&quot;:&quot;-34.5991681,-58.3803648&quot;,&quot;html&quot;:&quot;&lt;strong&gt;Alianza Francesa&lt;\\\/strong&gt; \\\/ Av. C\\u00f3rdoba 946, CABA&quot;,&quot;marker_img&quot;:null,&quot;marker_size&quot;:[&quot;30&quot;,&quot;30&quot;]}],&quot;style&quot;:&quot;https:\\\/\\\/{s}.tile.openstreetmap.org\\\/{z}\\\/{x}\\\/{y}.png&quot;}'><\/div><\/div><\/div><\/div><\/div><\/div><div class=\"w-tabs-section tabsinicio\" id=\"z2bc\"><button class=\"w-tabs-section-header\" aria-controls=\"content-z2bc\" aria-expanded=\"false\"><div class=\"w-tabs-section-title\">WOKI TOKI E. C.<\/div><div class=\"w-tabs-section-control\"><\/div><\/button><div  class=\"w-tabs-section-content us_custom_ff53ba63\" id=\"content-z2bc\"><div class=\"w-tabs-section-content-h i-cf\"><div class=\"g-cols wpb_row via_flex valign_top type_default stacking_default\"><div class=\"vc_col-sm-10 wpb_column vc_column_container\"><div class=\"vc_column-inner\"><div class=\"wpb_wrapper\"><div class=\"w-map provider_osm\" id=\"us_map_2\"><div class=\"w-map-inner\"><div class=\"w-map-json\" onclick='return {&quot;address&quot;:&quot;-34.6185691,-58.3788189&quot;,&quot;disableDragging&quot;:0,&quot;disableZoom&quot;:0,&quot;hideControls&quot;:0,&quot;zoom&quot;:14,&quot;markers&quot;:[{&quot;address&quot;:&quot;-34.6185691,-58.3788189&quot;,&quot;html&quot;:&quot;&lt;strong&gt;Woki Toki - Espacio Cultural  \\n&lt;\\\/strong&gt; \\\/  Tacuar\\u00ed 905 CABA&quot;,&quot;infowindow&quot;:0}],&quot;style&quot;:&quot;https:\\\/\\\/{s}.tile.openstreetmap.org\\\/{z}\\\/{x}\\\/{y}.png&quot;}'><\/div><\/div><\/div><div class=\"w-text us_custom_eb849559\"><span class=\"w-text-h\"><span class=\"w-text-value\">Woki Toki &#8211; Espacio Cultural \/ Tacuar\u00ed 905 CABA<\/span><\/span><\/div><\/div><\/div><\/div><div class=\"vc_col-sm-2 wpb_column vc_column_container\"><div class=\"vc_column-inner\"><div class=\"wpb_wrapper\"><div class=\"w-image align_none\"><a target=\"_blank\" href=\"https:\/\/www.google.com\/maps\/place\/Woki+Toki\/@-34.6185691,-58.3788189,15z\/data=!4m2!3m1!1s0x0:0xac2b487106bda33c?sa=X&amp;ved=2ahUKEwjnhcbw0taDAxU6LLkGHTlODvsQ_BJ6BAgREAA\" rel=\"noopener\" aria-label=\"Enlace\" class=\"w-image-h\"><img loading=\"lazy\" decoding=\"async\" width=\"443\" height=\"433\" src=\"https:\/\/ficc.ar\/buenosaires2025\/wp-content\/uploads\/sites\/17\/2025\/01\/MAPS-SEDE.png\" class=\"attachment-large size-large\" alt=\"\" srcset=\"https:\/\/ficc.ar\/buenosaires2025\/wp-content\/uploads\/sites\/17\/2025\/01\/MAPS-SEDE.png 443w, https:\/\/ficc.ar\/buenosaires2025\/wp-content\/uploads\/sites\/17\/2025\/01\/MAPS-SEDE-300x293.png 300w\" sizes=\"auto, (max-width: 443px) 100vw, 443px\" \/><\/a><\/div><div class=\"w-image align_none\"><a target=\"_blank\" href=\"https:\/\/www.instagram.com\/wokitoki.santelmo\" rel=\"noopener\" aria-label=\"Enlace\" class=\"w-image-h\"><img loading=\"lazy\" decoding=\"async\" width=\"443\" height=\"433\" src=\"https:\/\/ficc.ar\/buenosaires2025\/wp-content\/uploads\/sites\/17\/2025\/01\/IG-SEDE.png\" class=\"attachment-large size-large\" alt=\"\" srcset=\"https:\/\/ficc.ar\/buenosaires2025\/wp-content\/uploads\/sites\/17\/2025\/01\/IG-SEDE.png 443w, https:\/\/ficc.ar\/buenosaires2025\/wp-content\/uploads\/sites\/17\/2025\/01\/IG-SEDE-300x293.png 300w\" sizes=\"auto, (max-width: 443px) 100vw, 443px\" \/><\/a><\/div><\/div><\/div><\/div><\/div><\/div><\/div><\/div><div class=\"w-tabs-section\" id=\"h7c8\"><button class=\"w-tabs-section-header\" aria-controls=\"content-h7c8\" aria-expanded=\"false\"><div class=\"w-tabs-section-title\">LA PAZ ARRIBA<\/div><div class=\"w-tabs-section-control\"><\/div><\/button><div  class=\"w-tabs-section-content us_custom_ff53ba63\" id=\"content-h7c8\"><div class=\"w-tabs-section-content-h i-cf\"><div class=\"g-cols wpb_row via_flex valign_top type_default stacking_default\"><div class=\"vc_col-sm-10 wpb_column vc_column_container\"><div class=\"vc_column-inner\"><div class=\"wpb_wrapper\"><div class=\"w-map provider_osm\" id=\"us_map_3\"><div class=\"w-map-inner\"><div class=\"w-map-json\" onclick='return {&quot;address&quot;:&quot;-34.596046,-58.393559&quot;,&quot;disableDragging&quot;:0,&quot;disableZoom&quot;:0,&quot;hideControls&quot;:0,&quot;zoom&quot;:14,&quot;markers&quot;:[{&quot;address&quot;:&quot;-34.596046,-58.393559&quot;,&quot;html&quot;:&quot;&lt;strong&gt;Bar La paz Arriba &lt;\\\/strong&gt; \\\/  Av. Callao 1082, CABA\\n&quot;,&quot;infowindow&quot;:0}],&quot;style&quot;:&quot;https:\\\/\\\/{s}.tile.openstreetmap.org\\\/{z}\\\/{x}\\\/{y}.png&quot;}'><\/div><\/div><\/div><div class=\"w-text us_custom_eb849559\"><span class=\"w-text-h\"><span class=\"w-text-value\">La Paz Arriba \/ Av. Callao 1082, CABA<\/span><\/span><\/div><\/div><\/div><\/div><div class=\"vc_col-sm-2 wpb_column vc_column_container\"><div class=\"vc_column-inner\"><div class=\"wpb_wrapper\"><div class=\"w-image align_none\"><a target=\"_blank\" href=\"https:\/\/www.google.com\/maps\/place\/Bar+Cultural+La+Paz+Arriba\/@-34.596046,-58.393559,756m\/data=!3m2!1e3!4b1!4m6!3m5!1s0x95bccac14fbb3aeb:0x352e2713c5262fe7!8m2!3d-34.596046!4d-58.393559!16s\/g\/11dxn_4ss3!5m1!1e1?entry=ttu&amp;g_ep=EgoyMDI1MDEyMi4wIKXMDSoASAFQAw==\" rel=\"noopener\" aria-label=\"Enlace\" class=\"w-image-h\"><img loading=\"lazy\" decoding=\"async\" width=\"443\" height=\"433\" src=\"https:\/\/ficc.ar\/buenosaires2025\/wp-content\/uploads\/sites\/17\/2025\/01\/MAPS-SEDE.png\" class=\"attachment-large size-large\" alt=\"\" srcset=\"https:\/\/ficc.ar\/buenosaires2025\/wp-content\/uploads\/sites\/17\/2025\/01\/MAPS-SEDE.png 443w, https:\/\/ficc.ar\/buenosaires2025\/wp-content\/uploads\/sites\/17\/2025\/01\/MAPS-SEDE-300x293.png 300w\" sizes=\"auto, (max-width: 443px) 100vw, 443px\" \/><\/a><\/div><div class=\"w-image align_none\"><a target=\"_blank\" href=\"https:\/\/www.instagram.com\/lapazarriba\/\" rel=\"noopener\" aria-label=\"Enlace\" class=\"w-image-h\"><img loading=\"lazy\" decoding=\"async\" width=\"443\" height=\"433\" src=\"https:\/\/ficc.ar\/buenosaires2025\/wp-content\/uploads\/sites\/17\/2025\/01\/IG-SEDE.png\" class=\"attachment-large size-large\" alt=\"\" srcset=\"https:\/\/ficc.ar\/buenosaires2025\/wp-content\/uploads\/sites\/17\/2025\/01\/IG-SEDE.png 443w, https:\/\/ficc.ar\/buenosaires2025\/wp-content\/uploads\/sites\/17\/2025\/01\/IG-SEDE-300x293.png 300w\" sizes=\"auto, (max-width: 443px) 100vw, 443px\" \/><\/a><\/div><\/div><\/div><\/div><\/div><\/div><\/div><\/div><div class=\"w-tabs-section\" id=\"rc43\"><button class=\"w-tabs-section-header\" aria-controls=\"content-rc43\" aria-expanded=\"false\"><div class=\"w-tabs-section-title\">ALIANZA FRANCESA<\/div><div class=\"w-tabs-section-control\"><\/div><\/button><div  class=\"w-tabs-section-content us_custom_74d297a2\" id=\"content-rc43\"><div class=\"w-tabs-section-content-h i-cf\"><div class=\"g-cols wpb_row via_flex valign_top type_default stacking_default\"><div class=\"vc_col-sm-10 wpb_column vc_column_container\"><div class=\"vc_column-inner\"><div class=\"wpb_wrapper\"><div class=\"w-map provider_osm\" id=\"us_map_4\"><div class=\"w-map-inner\"><div class=\"w-map-json\" onclick='return {&quot;address&quot;:&quot;-34.5991681,-58.3803648&quot;,&quot;disableDragging&quot;:0,&quot;disableZoom&quot;:0,&quot;hideControls&quot;:0,&quot;zoom&quot;:14,&quot;markers&quot;:[{&quot;address&quot;:&quot;-34.5991681,-58.3803648&quot;,&quot;html&quot;:&quot;&lt;strong&gt;Alianza Francesa&lt;\\\/strong&gt; \\\/ Av. C\\u00f3rdoba 946, CABA\\n&quot;,&quot;infowindow&quot;:0}],&quot;style&quot;:&quot;https:\\\/\\\/{s}.tile.openstreetmap.org\\\/{z}\\\/{x}\\\/{y}.png&quot;}'><\/div><\/div><\/div><div class=\"w-text us_custom_eb849559\"><span class=\"w-text-h\"><span class=\"w-text-value\">Alianza Francesa \/ Av. C\u00f3rdoba 946, CABA<\/span><\/span><\/div><\/div><\/div><\/div><div class=\"vc_col-sm-2 wpb_column vc_column_container\"><div class=\"vc_column-inner\"><div class=\"wpb_wrapper\"><div class=\"w-image align_none\"><a target=\"_blank\" href=\"https:\/\/www.google.com\/maps\/place\/Alianza+Francesa\/@-34.5991681,-58.3803648,756m\/data=!3m2!1e3!4b1!4m6!3m5!1s0x95bccac852e5ee89:0x78027074c4256440!8m2!3d-34.5991681!4d-58.3803648!16s\/g\/1232tgzy7!5m1!1e1?entry=ttu&amp;g_ep=EgoyMDI1MDEyMi4wIKXMDSoASAFQAw==\" rel=\"noopener\" aria-label=\"Enlace\" class=\"w-image-h\"><img loading=\"lazy\" decoding=\"async\" width=\"443\" height=\"433\" src=\"https:\/\/ficc.ar\/buenosaires2025\/wp-content\/uploads\/sites\/17\/2025\/01\/MAPS-SEDE.png\" class=\"attachment-large size-large\" alt=\"\" srcset=\"https:\/\/ficc.ar\/buenosaires2025\/wp-content\/uploads\/sites\/17\/2025\/01\/MAPS-SEDE.png 443w, https:\/\/ficc.ar\/buenosaires2025\/wp-content\/uploads\/sites\/17\/2025\/01\/MAPS-SEDE-300x293.png 300w\" sizes=\"auto, (max-width: 443px) 100vw, 443px\" \/><\/a><\/div><div class=\"w-image align_none\"><a target=\"_blank\" href=\"https:\/\/www.instagram.com\/alianzafrancesabsas\/\" rel=\"noopener\" aria-label=\"Enlace\" class=\"w-image-h\"><img loading=\"lazy\" decoding=\"async\" width=\"443\" height=\"433\" src=\"https:\/\/ficc.ar\/buenosaires2025\/wp-content\/uploads\/sites\/17\/2025\/01\/IG-SEDE.png\" class=\"attachment-large size-large\" alt=\"\" srcset=\"https:\/\/ficc.ar\/buenosaires2025\/wp-content\/uploads\/sites\/17\/2025\/01\/IG-SEDE.png 443w, https:\/\/ficc.ar\/buenosaires2025\/wp-content\/uploads\/sites\/17\/2025\/01\/IG-SEDE-300x293.png 300w\" sizes=\"auto, (max-width: 443px) 100vw, 443px\" \/><\/a><\/div><\/div><\/div><\/div><\/div><\/div><\/div><\/div><div class=\"w-tabs-section tabsinicio\" id=\"p079\"><button class=\"w-tabs-section-header\" aria-controls=\"content-p079\" aria-expanded=\"false\"><div class=\"w-tabs-section-title\">CASA BRANDON<\/div><div class=\"w-tabs-section-control\"><\/div><\/button><div  class=\"w-tabs-section-content us_custom_ff53ba63\" id=\"content-p079\"><div class=\"w-tabs-section-content-h i-cf\"><div class=\"g-cols wpb_row via_flex valign_top type_default stacking_default\"><div class=\"vc_col-sm-10 wpb_column vc_column_container\"><div class=\"vc_column-inner\"><div class=\"wpb_wrapper\"><div class=\"w-map provider_osm\" id=\"us_map_5\"><div class=\"w-map-inner\"><div class=\"w-map-json\" onclick='return {&quot;address&quot;:&quot;-34.6019787,-58.4369768&quot;,&quot;disableDragging&quot;:0,&quot;disableZoom&quot;:0,&quot;hideControls&quot;:0,&quot;zoom&quot;:14,&quot;markers&quot;:[{&quot;address&quot;:&quot;-34.6019787,-58.4369768&quot;,&quot;html&quot;:&quot;&lt;strong&gt;Casa Brandon\\n&lt;\\\/strong&gt; \\\/ Luis Mar\\u00eda Drago 236 CABA&quot;,&quot;infowindow&quot;:0}],&quot;style&quot;:&quot;https:\\\/\\\/{s}.tile.openstreetmap.org\\\/{z}\\\/{x}\\\/{y}.png&quot;}'><\/div><\/div><\/div><div class=\"w-text us_custom_eb849559\"><span class=\"w-text-h\"><span class=\"w-text-value\">Casa Brandon \/ Luis Mar\u00eda Drago 236, CABA<\/span><\/span><\/div><\/div><\/div><\/div><div class=\"vc_col-sm-2 wpb_column vc_column_container\"><div class=\"vc_column-inner\"><div class=\"wpb_wrapper\"><div class=\"w-image align_none\"><a target=\"_blank\" href=\"https:\/\/www.google.com\/maps\/place\/Casa+Brandon\/@-34.6019787,-58.4369768,756m\/data=!3m1!1e3!4m6!3m5!1s0x95bcca725c5550f5:0x2dbb6167eca7698d!8m2!3d-34.6020123!4d-58.4370216!16s\/g\/1tfyfr_j?entry=ttu&amp;g_ep=EgoyMDI1MDEyOC4wIKXMDSoASAFQAw==\" rel=\"noopener\" aria-label=\"Enlace\" class=\"w-image-h\"><img loading=\"lazy\" decoding=\"async\" width=\"443\" height=\"433\" src=\"https:\/\/ficc.ar\/buenosaires2025\/wp-content\/uploads\/sites\/17\/2025\/01\/MAPS-SEDE.png\" class=\"attachment-large size-large\" alt=\"\" srcset=\"https:\/\/ficc.ar\/buenosaires2025\/wp-content\/uploads\/sites\/17\/2025\/01\/MAPS-SEDE.png 443w, https:\/\/ficc.ar\/buenosaires2025\/wp-content\/uploads\/sites\/17\/2025\/01\/MAPS-SEDE-300x293.png 300w\" sizes=\"auto, (max-width: 443px) 100vw, 443px\" \/><\/a><\/div><div class=\"w-image align_none\"><a target=\"_blank\" href=\"https:\/\/www.instagram.com\/casabrandon\/\" rel=\"noopener\" aria-label=\"Enlace\" class=\"w-image-h\"><img loading=\"lazy\" decoding=\"async\" width=\"443\" height=\"433\" src=\"https:\/\/ficc.ar\/buenosaires2025\/wp-content\/uploads\/sites\/17\/2025\/01\/IG-SEDE.png\" class=\"attachment-large size-large\" alt=\"\" srcset=\"https:\/\/ficc.ar\/buenosaires2025\/wp-content\/uploads\/sites\/17\/2025\/01\/IG-SEDE.png 443w, https:\/\/ficc.ar\/buenosaires2025\/wp-content\/uploads\/sites\/17\/2025\/01\/IG-SEDE-300x293.png 300w\" sizes=\"auto, (max-width: 443px) 100vw, 443px\" \/><\/a><\/div><\/div><\/div><\/div><\/div><\/div><\/div><\/div><div class=\"w-tabs-section\" id=\"e4d4\"><button class=\"w-tabs-section-header\" aria-controls=\"content-e4d4\" aria-expanded=\"false\"><div class=\"w-tabs-section-title\">CAVE CANEM<\/div><div class=\"w-tabs-section-control\"><\/div><\/button><div  class=\"w-tabs-section-content us_custom_ff53ba63\" id=\"content-e4d4\"><div class=\"w-tabs-section-content-h i-cf\"><div class=\"g-cols wpb_row via_flex valign_top type_default stacking_default\"><div class=\"vc_col-sm-10 wpb_column vc_column_container\"><div class=\"vc_column-inner\"><div class=\"wpb_wrapper\"><div class=\"w-map provider_osm\" id=\"us_map_6\"><div class=\"w-map-inner\"><div class=\"w-map-json\" onclick='return {&quot;address&quot;:&quot;-34.6160038,-58.3704502&quot;,&quot;disableDragging&quot;:0,&quot;disableZoom&quot;:0,&quot;hideControls&quot;:0,&quot;zoom&quot;:14,&quot;markers&quot;:[{&quot;address&quot;:&quot;-34.6160038,-58.3704502&quot;,&quot;html&quot;:&quot;&lt;strong&gt;Cave Canem &lt;\\\/strong&gt; \\\/  Chile 308&quot;,&quot;infowindow&quot;:0}],&quot;style&quot;:&quot;https:\\\/\\\/{s}.tile.openstreetmap.org\\\/{z}\\\/{x}\\\/{y}.png&quot;}'><\/div><\/div><\/div><div class=\"w-text us_custom_eb849559\"><span class=\"w-text-h\"><span class=\"w-text-value\">Cave Canem \/ Chile 308, CABA<\/span><\/span><\/div><\/div><\/div><\/div><div class=\"vc_col-sm-2 wpb_column vc_column_container\"><div class=\"vc_column-inner\"><div class=\"wpb_wrapper\"><div class=\"w-image align_none\"><a target=\"_blank\" href=\"https:\/\/maps.app.goo.gl\/djynvPkuTQFnGs8LA\" rel=\"noopener\" aria-label=\"Enlace\" class=\"w-image-h\"><img loading=\"lazy\" decoding=\"async\" width=\"443\" height=\"433\" src=\"https:\/\/ficc.ar\/buenosaires2025\/wp-content\/uploads\/sites\/17\/2025\/01\/MAPS-SEDE.png\" class=\"attachment-large size-large\" alt=\"\" srcset=\"https:\/\/ficc.ar\/buenosaires2025\/wp-content\/uploads\/sites\/17\/2025\/01\/MAPS-SEDE.png 443w, https:\/\/ficc.ar\/buenosaires2025\/wp-content\/uploads\/sites\/17\/2025\/01\/MAPS-SEDE-300x293.png 300w\" sizes=\"auto, (max-width: 443px) 100vw, 443px\" \/><\/a><\/div><div class=\"w-image align_none\"><a target=\"_blank\" href=\"https:\/\/www.instagram.com\/cavecanem.bar\/\" rel=\"noopener\" aria-label=\"Enlace\" class=\"w-image-h\"><img loading=\"lazy\" decoding=\"async\" width=\"443\" height=\"433\" src=\"https:\/\/ficc.ar\/buenosaires2025\/wp-content\/uploads\/sites\/17\/2025\/01\/IG-SEDE.png\" class=\"attachment-large size-large\" alt=\"\" srcset=\"https:\/\/ficc.ar\/buenosaires2025\/wp-content\/uploads\/sites\/17\/2025\/01\/IG-SEDE.png 443w, https:\/\/ficc.ar\/buenosaires2025\/wp-content\/uploads\/sites\/17\/2025\/01\/IG-SEDE-300x293.png 300w\" sizes=\"auto, (max-width: 443px) 100vw, 443px\" \/><\/a><\/div><\/div><\/div><\/div><\/div><\/div><\/div><\/div><\/div><\/div><div class=\"w-separator us_custom_8f4dd0d6 size_large\"><\/div><div class=\"w-separator us_custom_8f4dd0d6 size_large\"><\/div><\/div><\/div><\/div><div class=\"vc_col-sm-12 wpb_column vc_column_container\"><div class=\"vc_column-inner\"><div class=\"vc_column-overlay\" style=\"background:#ffffff\"><\/div><div class=\"wpb_wrapper\"><style data-type=\"us_custom-css\">.w-grid.valign_center .w-grid-list,.w-grid.valign_center .owl-stage{align-items:center;justify-content:center}#mainsponsor{color:#ffffff!important}div.titulosponsor{color:#ffffff!important}<\/style><div class=\"w-separator size_custom\" style=\"height:10px\"><\/div><div class=\"g-cols wpb_row us_custom_91f37995 us_animate_this via_flex valign_middle type_boxes stacking_default\"><div class=\"vc_col-sm-12 wpb_column vc_column_container has_bg_color\"><div class=\"vc_column-inner us_custom_b5013a23\"><div class=\"wpb_wrapper\"><div class=\"wpb_text_column us_custom_2bfac21e titulosponsor has_text_color\"><div class=\"wpb_wrapper\"><h2 style=\"text-align: center\"><span style=\"color: #ffffff\"><br \/>\nMAIN SPONSOR<\/span><\/h2>\n<\/div><\/div><div class=\"w-image us_custom_2b22c2f2 align_none\"><a target=\"_blank\" href=\"https:\/\/www.instagram.com\/estudio4veinte\/\" rel=\"noopener\" aria-label=\"Enlace\" class=\"w-image-h\"><img loading=\"lazy\" decoding=\"async\" width=\"300\" height=\"300\" src=\"https:\/\/ficc.ar\/buenosaires2025\/wp-content\/uploads\/sites\/17\/2023\/01\/Estudio-420-300x300.png\" class=\"attachment-medium size-medium\" alt=\"\" srcset=\"https:\/\/ficc.ar\/buenosaires2025\/wp-content\/uploads\/sites\/17\/2023\/01\/Estudio-420-300x300.png 300w, https:\/\/ficc.ar\/buenosaires2025\/wp-content\/uploads\/sites\/17\/2023\/01\/Estudio-420-1024x1024.png 1024w, https:\/\/ficc.ar\/buenosaires2025\/wp-content\/uploads\/sites\/17\/2023\/01\/Estudio-420-150x150.png 150w, https:\/\/ficc.ar\/buenosaires2025\/wp-content\/uploads\/sites\/17\/2023\/01\/Estudio-420.png 1080w\" sizes=\"auto, (max-width: 300px) 100vw, 300px\" \/><\/a><\/div><\/div><\/div><\/div><\/div><div class=\"w-separator size_medium\"><\/div><div class=\"wpb_text_column us_custom_ddf035aa has_text_color\"><div class=\"wpb_wrapper\"><h2 style=\"text-align: center\"><span style=\"color: #1a1a1a\"><br \/>\nInstitucionales<\/span><\/h2>\n<\/div><\/div><div class=\"w-grid us_custom_aa4c2f34 us_animate_this type_grid layout_209 cols_4 valign_center\" id=\"us_grid_33\" style=\"--gap:0px;\"><style>@media (max-width:1024px){#us_grid_33 .w-grid-item{width:33.3333%}}@media (max-width:600px){#us_grid_33 .w-grid-item{width:33.3333%}}.layout_209 .w-grid-item-h{}.layout_209 .usg_post_image_1{max-width:150px!important;max-height:75px!important;padding:0!important;margin:0 auto 0 auto!important}<\/style><div class=\"w-grid-list\">\t<article class=\"w-grid-item post-1456 sponsor type-sponsor status-publish has-post-thumbnail hentry nivel-institucionales\" data-id=\"1456\">\r\n\t\t<div class=\"w-grid-item-h\">\r\n\t\t\t\t\t\t<div class=\"w-post-elm post_image usg_post_image_1 has_height has_ratio\"><div style=\"padding-bottom:50%\"><\/div><a href=\"https:\/\/www.instagram.com\/octubretv\/\" target=\"_blank\" rel=\"noopener nofollow\" aria-label=\"Octubre TV\"><img loading=\"lazy\" decoding=\"async\" width=\"400\" height=\"200\" src=\"https:\/\/ficc.ar\/buenosaires2025\/wp-content\/uploads\/sites\/17\/2023\/01\/Octubre-TV.png\" class=\"attachment-full size-full wp-post-image\" alt=\"\" srcset=\"https:\/\/ficc.ar\/buenosaires2025\/wp-content\/uploads\/sites\/17\/2023\/01\/Octubre-TV.png 400w, https:\/\/ficc.ar\/buenosaires2025\/wp-content\/uploads\/sites\/17\/2023\/01\/Octubre-TV-300x150.png 300w\" sizes=\"auto, (max-width: 400px) 100vw, 400px\" \/><\/a><\/div>\t\t<\/div>\r\n\t<\/article>\r\n\t<article class=\"w-grid-item size_1x1 post-1458 sponsor type-sponsor status-publish has-post-thumbnail hentry nivel-institucionales\" data-id=\"1458\">\r\n\t\t<div class=\"w-grid-item-h\">\r\n\t\t\t\t\t\t<div class=\"w-post-elm post_image usg_post_image_1 has_height has_ratio\"><div style=\"padding-bottom:50%\"><\/div><a href=\"https:\/\/octubre.com\/\" target=\"_blank\" rel=\"noopener nofollow\" aria-label=\"Grupo Octubre\"><img loading=\"lazy\" decoding=\"async\" width=\"400\" height=\"200\" src=\"https:\/\/ficc.ar\/buenosaires2025\/wp-content\/uploads\/sites\/17\/2023\/01\/grupo-Octubre.png\" class=\"attachment-full size-full wp-post-image\" alt=\"\" srcset=\"https:\/\/ficc.ar\/buenosaires2025\/wp-content\/uploads\/sites\/17\/2023\/01\/grupo-Octubre.png 400w, https:\/\/ficc.ar\/buenosaires2025\/wp-content\/uploads\/sites\/17\/2023\/01\/grupo-Octubre-300x150.png 300w\" sizes=\"auto, (max-width: 400px) 100vw, 400px\" \/><\/a><\/div>\t\t<\/div>\r\n\t<\/article>\r\n\t<article class=\"w-grid-item post-2076 sponsor type-sponsor status-publish has-post-thumbnail hentry nivel-institucionales\" data-id=\"2076\">\r\n\t\t<div class=\"w-grid-item-h\">\r\n\t\t\t\t\t\t<div class=\"w-post-elm post_image usg_post_image_1 has_height has_ratio\"><div style=\"padding-bottom:50%\"><\/div><a href=\"https:\/\/www.instagram.com\/wokitoki.santelmo\/\" target=\"_blank\" rel=\"noopener nofollow\" aria-label=\"Woki Toki &#8211; Espacio Cultural\"><img loading=\"lazy\" decoding=\"async\" width=\"400\" height=\"200\" src=\"https:\/\/ficc.ar\/buenosaires2025\/wp-content\/uploads\/sites\/17\/2024\/01\/WokiToki.png\" class=\"attachment-full size-full wp-post-image\" alt=\"\" srcset=\"https:\/\/ficc.ar\/buenosaires2025\/wp-content\/uploads\/sites\/17\/2024\/01\/WokiToki.png 400w, https:\/\/ficc.ar\/buenosaires2025\/wp-content\/uploads\/sites\/17\/2024\/01\/WokiToki-300x150.png 300w\" sizes=\"auto, (max-width: 400px) 100vw, 400px\" \/><\/a><\/div>\t\t<\/div>\r\n\t<\/article>\r\n\t<article class=\"w-grid-item post-1431 sponsor type-sponsor status-publish has-post-thumbnail hentry nivel-institucionales\" data-id=\"1431\">\r\n\t\t<div class=\"w-grid-item-h\">\r\n\t\t\t\t\t\t<div class=\"w-post-elm post_image usg_post_image_1 has_height has_ratio\"><div style=\"padding-bottom:50%\"><\/div><a href=\"https:\/\/www.instagram.com\/alianzafrancesabsas\/?hl=es\" target=\"_blank\" rel=\"noopener nofollow\" aria-label=\"Alianza Francesa\"><img loading=\"lazy\" decoding=\"async\" width=\"400\" height=\"200\" src=\"https:\/\/ficc.ar\/buenosaires2025\/wp-content\/uploads\/sites\/17\/2025\/01\/Alianza-Francesa.png\" class=\"attachment-full size-full wp-post-image\" alt=\"\" srcset=\"https:\/\/ficc.ar\/buenosaires2025\/wp-content\/uploads\/sites\/17\/2025\/01\/Alianza-Francesa.png 400w, https:\/\/ficc.ar\/buenosaires2025\/wp-content\/uploads\/sites\/17\/2025\/01\/Alianza-Francesa-300x150.png 300w\" sizes=\"auto, (max-width: 400px) 100vw, 400px\" \/><\/a><\/div>\t\t<\/div>\r\n\t<\/article>\r\n\t<article class=\"w-grid-item post-1973 sponsor type-sponsor status-publish has-post-thumbnail hentry nivel-institucionales\" data-id=\"1973\">\r\n\t\t<div class=\"w-grid-item-h\">\r\n\t\t\t\t\t\t<div class=\"w-post-elm post_image usg_post_image_1 has_height has_ratio\"><div style=\"padding-bottom:50%\"><\/div><a href=\"https:\/\/www.instagram.com\/lapazarriba\/?hl=es\" target=\"_blank\" rel=\"noopener nofollow\" aria-label=\"La Paz Arriba\"><img loading=\"lazy\" decoding=\"async\" width=\"282\" height=\"200\" src=\"https:\/\/ficc.ar\/buenosaires2025\/wp-content\/uploads\/sites\/17\/2025\/01\/La-Paz-Arriba3.jpg\" class=\"attachment-full size-full wp-post-image\" alt=\"\" \/><\/a><\/div>\t\t<\/div>\r\n\t<\/article>\r\n\t<article class=\"w-grid-item post-2268 sponsor type-sponsor status-publish has-post-thumbnail hentry nivel-institucionales\" data-id=\"2268\">\r\n\t\t<div class=\"w-grid-item-h\">\r\n\t\t\t\t\t\t<div class=\"w-post-elm post_image usg_post_image_1 has_height has_ratio\"><div style=\"padding-bottom:50%\"><\/div><a href=\"https:\/\/www.instagram.com\/casabrandon\/?hl=es\" target=\"_blank\" rel=\"noopener nofollow\" aria-label=\"Casa Brandon\"><img loading=\"lazy\" decoding=\"async\" width=\"400\" height=\"200\" src=\"https:\/\/ficc.ar\/buenosaires2025\/wp-content\/uploads\/sites\/17\/2023\/01\/Casa-Brandon.png\" class=\"attachment-full size-full wp-post-image\" alt=\"\" srcset=\"https:\/\/ficc.ar\/buenosaires2025\/wp-content\/uploads\/sites\/17\/2023\/01\/Casa-Brandon.png 400w, https:\/\/ficc.ar\/buenosaires2025\/wp-content\/uploads\/sites\/17\/2023\/01\/Casa-Brandon-300x150.png 300w\" sizes=\"auto, (max-width: 400px) 100vw, 400px\" \/><\/a><\/div>\t\t<\/div>\r\n\t<\/article>\r\n\t<article class=\"w-grid-item post-2664 sponsor type-sponsor status-publish has-post-thumbnail hentry nivel-institucionales\" data-id=\"2664\">\r\n\t\t<div class=\"w-grid-item-h\">\r\n\t\t\t\t\t\t<div class=\"w-post-elm post_image usg_post_image_1 has_height has_ratio\"><div style=\"padding-bottom:50%\"><\/div><a href=\"https:\/\/www.instagram.com\/maficifestival\/\" target=\"_blank\" rel=\"noopener nofollow\" aria-label=\"MAFICI\"><img loading=\"lazy\" decoding=\"async\" width=\"400\" height=\"200\" src=\"https:\/\/ficc.ar\/buenosaires2025\/wp-content\/uploads\/sites\/17\/2023\/01\/Mafici.png\" class=\"attachment-full size-full wp-post-image\" alt=\"\" srcset=\"https:\/\/ficc.ar\/buenosaires2025\/wp-content\/uploads\/sites\/17\/2023\/01\/Mafici.png 400w, https:\/\/ficc.ar\/buenosaires2025\/wp-content\/uploads\/sites\/17\/2023\/01\/Mafici-300x150.png 300w\" sizes=\"auto, (max-width: 400px) 100vw, 400px\" \/><\/a><\/div>\t\t<\/div>\r\n\t<\/article>\r\n\t<article class=\"w-grid-item post-1874 sponsor type-sponsor status-publish has-post-thumbnail hentry nivel-institucionales\" data-id=\"1874\">\r\n\t\t<div class=\"w-grid-item-h\">\r\n\t\t\t\t\t\t<div class=\"w-post-elm post_image usg_post_image_1 has_height has_ratio\"><div style=\"padding-bottom:50%\"><\/div><a href=\"https:\/\/www.instagram.com\/edaeditores\/\" target=\"_blank\" rel=\"noopener nofollow\" aria-label=\"EDA\"><img loading=\"lazy\" decoding=\"async\" width=\"400\" height=\"200\" src=\"https:\/\/ficc.ar\/buenosaires2025\/wp-content\/uploads\/sites\/17\/2023\/01\/EDA.png\" class=\"attachment-full size-full wp-post-image\" alt=\"\" srcset=\"https:\/\/ficc.ar\/buenosaires2025\/wp-content\/uploads\/sites\/17\/2023\/01\/EDA.png 400w, https:\/\/ficc.ar\/buenosaires2025\/wp-content\/uploads\/sites\/17\/2023\/01\/EDA-300x150.png 300w\" sizes=\"auto, (max-width: 400px) 100vw, 400px\" \/><\/a><\/div>\t\t<\/div>\r\n\t<\/article>\r\n<\/div><div class=\"w-grid-preloader\"><div class=\"g-preloader type_2\">\r\n\t<div><\/div>\r\n<\/div>\r\n<\/div>\t<div class=\"w-grid-json hidden\" onclick='return {&quot;action&quot;:&quot;us_ajax_grid&quot;,&quot;ajax_url&quot;:&quot;https:\\\/\\\/ficc.ar\\\/buenosaires2025\\\/wp-admin\\\/admin-ajax.php&quot;,&quot;infinite_scroll&quot;:0,&quot;max_num_pages&quot;:1,&quot;pagination&quot;:&quot;none&quot;,&quot;permalink_url&quot;:&quot;https:\\\/\\\/ficc.ar\\\/buenosaires2025\\\/wp-json\\\/wp\\\/v2\\\/pages\\\/12&quot;,&quot;template_vars&quot;:{&quot;columns&quot;:&quot;4&quot;,&quot;exclude_items&quot;:&quot;none&quot;,&quot;img_size&quot;:&quot;default&quot;,&quot;ignore_items_size&quot;:0,&quot;items_layout&quot;:&quot;209&quot;,&quot;items_offset&quot;:&quot;1&quot;,&quot;load_animation&quot;:&quot;none&quot;,&quot;overriding_link&quot;:&quot;none&quot;,&quot;post_id&quot;:894,&quot;query_args&quot;:{&quot;ignore_sticky_posts&quot;:1,&quot;post_type&quot;:&quot;any&quot;,&quot;post__in&quot;:[&quot;1456&quot;,&quot;1458&quot;,&quot;2076&quot;,&quot;1431&quot;,&quot;1973&quot;,&quot;2268&quot;,&quot;2664&quot;,&quot;1874&quot;],&quot;posts_per_page&quot;:&quot;20&quot;},&quot;orderby_query_args&quot;:{&quot;orderby&quot;:{&quot;post__in&quot;:&quot;ASC&quot;},&quot;order&quot;:&quot;ASC&quot;},&quot;type&quot;:&quot;grid&quot;,&quot;us_grid_ajax_index&quot;:1,&quot;us_grid_filter_params&quot;:null,&quot;us_grid_index&quot;:33,&quot;_us_grid_post_type&quot;:&quot;ids&quot;,&quot;page_args&quot;:[]}}'><\/div>\r\n\t<\/div><div class=\"w-separator size_custom\" style=\"height:10px\"><\/div><div class=\"w-separator size_medium\"><\/div><div class=\"wpb_text_column us_custom_0741ea35\"><div class=\"wpb_wrapper\"><h2 style=\"text-align: center\">Sponsors DESTACADOs<\/h2>\n<\/div><\/div><div class=\"g-cols wpb_row us_custom_4e58e009 us_animate_this via_flex valign_middle type_default stacking_default\"><div class=\"vc_col-sm-12 wpb_column vc_column_container has_bg_color\"><div class=\"vc_column-inner us_custom_0c729eb8\"><div class=\"wpb_wrapper\"><div class=\"w-image align_center\"><a target=\"_blank\" href=\"https:\/\/www.instagram.com\/lionrollingcircuslatam\/?hl=es-la\" rel=\"noopener\" aria-label=\"Enlace\" class=\"w-image-h\"><img loading=\"lazy\" decoding=\"async\" width=\"300\" height=\"150\" src=\"https:\/\/ficc.ar\/buenosaires2025\/wp-content\/uploads\/sites\/17\/2022\/09\/lion-circus-300x150.png\" class=\"attachment-medium size-medium\" alt=\"\" srcset=\"https:\/\/ficc.ar\/buenosaires2025\/wp-content\/uploads\/sites\/17\/2022\/09\/lion-circus-300x150.png 300w, https:\/\/ficc.ar\/buenosaires2025\/wp-content\/uploads\/sites\/17\/2022\/09\/lion-circus.png 400w\" sizes=\"auto, (max-width: 300px) 100vw, 300px\" \/><\/a><\/div><\/div><\/div><\/div><\/div><div class=\"w-separator size_custom\" style=\"height:10px\"><\/div><div class=\"w-separator size_medium\"><\/div><div class=\"wpb_text_column us_custom_0741ea35\"><div class=\"wpb_wrapper\"><h2 style=\"text-align: center\">Sponsors<\/h2>\n<\/div><\/div><div class=\"w-grid type_grid layout_209 cols_6 valign_center\" id=\"us_grid_34\" style=\"--gap:1rem;\" data-filterable=\"true\"><style>@media (max-width:1024px){#us_grid_34 .w-grid-item{width:20%}}@media (max-width:600px){#us_grid_34 .w-grid-item{width:33.3333%}}<\/style><div class=\"w-grid-list\">\t<article class=\"w-grid-item post-2200 sponsor type-sponsor status-publish has-post-thumbnail hentry nivel-sponsors\" data-id=\"2200\">\r\n\t\t<div class=\"w-grid-item-h\">\r\n\t\t\t\t\t\t<div class=\"w-post-elm post_image usg_post_image_1 has_height has_ratio\"><div style=\"padding-bottom:50%\"><\/div><a href=\"https:\/\/www.instagram.com\/marimbaweb\/\" target=\"_blank\" rel=\"noopener nofollow\" aria-label=\"Marimba\"><img loading=\"lazy\" decoding=\"async\" width=\"400\" height=\"200\" src=\"https:\/\/ficc.ar\/buenosaires2025\/wp-content\/uploads\/sites\/17\/2024\/01\/marimba.png\" class=\"attachment-full size-full wp-post-image\" alt=\"\" srcset=\"https:\/\/ficc.ar\/buenosaires2025\/wp-content\/uploads\/sites\/17\/2024\/01\/marimba.png 400w, https:\/\/ficc.ar\/buenosaires2025\/wp-content\/uploads\/sites\/17\/2024\/01\/marimba-300x150.png 300w\" sizes=\"auto, (max-width: 400px) 100vw, 400px\" \/><\/a><\/div>\t\t<\/div>\r\n\t<\/article>\r\n\t<article class=\"w-grid-item post-2196 sponsor type-sponsor status-publish has-post-thumbnail hentry nivel-sponsors\" data-id=\"2196\">\r\n\t\t<div class=\"w-grid-item-h\">\r\n\t\t\t\t\t\t<div class=\"w-post-elm post_image usg_post_image_1 has_height has_ratio\"><div style=\"padding-bottom:50%\"><\/div><a href=\"https:\/\/www.instagram.com\/rastaalfajores\/\" target=\"_blank\" rel=\"noopener nofollow\" aria-label=\"Alfajores Rasta\"><img loading=\"lazy\" decoding=\"async\" width=\"400\" height=\"200\" src=\"https:\/\/ficc.ar\/buenosaires2025\/wp-content\/uploads\/sites\/17\/2024\/01\/Rasta-alfajores.png\" class=\"attachment-full size-full wp-post-image\" alt=\"\" srcset=\"https:\/\/ficc.ar\/buenosaires2025\/wp-content\/uploads\/sites\/17\/2024\/01\/Rasta-alfajores.png 400w, https:\/\/ficc.ar\/buenosaires2025\/wp-content\/uploads\/sites\/17\/2024\/01\/Rasta-alfajores-300x150.png 300w\" sizes=\"auto, (max-width: 400px) 100vw, 400px\" \/><\/a><\/div>\t\t<\/div>\r\n\t<\/article>\r\n\t<article class=\"w-grid-item post-2204 sponsor type-sponsor status-publish has-post-thumbnail hentry nivel-sponsors\" data-id=\"2204\">\r\n\t\t<div class=\"w-grid-item-h\">\r\n\t\t\t\t\t\t<div class=\"w-post-elm post_image usg_post_image_1 has_height has_ratio\"><div style=\"padding-bottom:50%\"><\/div><a href=\"https:\/\/www.instagram.com\/clon.factory\/\" target=\"_blank\" rel=\"noopener nofollow\" aria-label=\"Clon Factory\"><img loading=\"lazy\" decoding=\"async\" width=\"400\" height=\"200\" src=\"https:\/\/ficc.ar\/buenosaires2025\/wp-content\/uploads\/sites\/17\/2024\/01\/Clon-Factory.jpg\" class=\"attachment-full size-full wp-post-image\" alt=\"\" srcset=\"https:\/\/ficc.ar\/buenosaires2025\/wp-content\/uploads\/sites\/17\/2024\/01\/Clon-Factory.jpg 400w, https:\/\/ficc.ar\/buenosaires2025\/wp-content\/uploads\/sites\/17\/2024\/01\/Clon-Factory-300x150.jpg 300w\" sizes=\"auto, (max-width: 400px) 100vw, 400px\" \/><\/a><\/div>\t\t<\/div>\r\n\t<\/article>\r\n\t<article class=\"w-grid-item post-3118 sponsor type-sponsor status-publish has-post-thumbnail hentry nivel-sponsors\" data-id=\"3118\">\r\n\t\t<div class=\"w-grid-item-h\">\r\n\t\t\t\t\t\t<div class=\"w-post-elm post_image usg_post_image_1 has_height has_ratio\"><div style=\"padding-bottom:50%\"><\/div><a href=\"https:\/\/www.heladoscannacream.com\/\" target=\"_blank\" rel=\"noopener nofollow\" aria-label=\"Cannacream\"><img loading=\"lazy\" decoding=\"async\" width=\"400\" height=\"200\" src=\"https:\/\/ficc.ar\/buenosaires2025\/wp-content\/uploads\/sites\/17\/2025\/02\/Cannacream.jpg\" class=\"attachment-full size-full wp-post-image\" alt=\"\" srcset=\"https:\/\/ficc.ar\/buenosaires2025\/wp-content\/uploads\/sites\/17\/2025\/02\/Cannacream.jpg 400w, https:\/\/ficc.ar\/buenosaires2025\/wp-content\/uploads\/sites\/17\/2025\/02\/Cannacream-300x150.jpg 300w\" sizes=\"auto, (max-width: 400px) 100vw, 400px\" \/><\/a><\/div>\t\t<\/div>\r\n\t<\/article>\r\n\t<article class=\"w-grid-item post-2208 sponsor type-sponsor status-publish has-post-thumbnail hentry nivel-sponsors\" data-id=\"2208\">\r\n\t\t<div class=\"w-grid-item-h\">\r\n\t\t\t\t\t\t<div class=\"w-post-elm post_image usg_post_image_1 has_height has_ratio\"><div style=\"padding-bottom:50%\"><\/div><a href=\"https:\/\/www.instagram.com\/bcngrafica\/\" target=\"_blank\" rel=\"noopener nofollow\" aria-label=\"BCN\"><img loading=\"lazy\" decoding=\"async\" width=\"400\" height=\"200\" src=\"https:\/\/ficc.ar\/buenosaires2025\/wp-content\/uploads\/sites\/17\/2024\/01\/bcngrafica.jpg\" class=\"attachment-full size-full wp-post-image\" alt=\"\" srcset=\"https:\/\/ficc.ar\/buenosaires2025\/wp-content\/uploads\/sites\/17\/2024\/01\/bcngrafica.jpg 400w, https:\/\/ficc.ar\/buenosaires2025\/wp-content\/uploads\/sites\/17\/2024\/01\/bcngrafica-300x150.jpg 300w\" sizes=\"auto, (max-width: 400px) 100vw, 400px\" \/><\/a><\/div>\t\t<\/div>\r\n\t<\/article>\r\n\t<article class=\"w-grid-item post-2205 sponsor type-sponsor status-publish has-post-thumbnail hentry nivel-sponsors\" data-id=\"2205\">\r\n\t\t<div class=\"w-grid-item-h\">\r\n\t\t\t\t\t\t<div class=\"w-post-elm post_image usg_post_image_1 has_height has_ratio\"><div style=\"padding-bottom:50%\"><\/div><a href=\"https:\/\/www.instagram.com\/costacann.ar\" target=\"_blank\" rel=\"noopener nofollow\" aria-label=\"CostaCannabis\"><img loading=\"lazy\" decoding=\"async\" width=\"400\" height=\"200\" src=\"https:\/\/ficc.ar\/buenosaires2025\/wp-content\/uploads\/sites\/17\/2024\/01\/costacannabis.jpg\" class=\"attachment-full size-full wp-post-image\" alt=\"\" srcset=\"https:\/\/ficc.ar\/buenosaires2025\/wp-content\/uploads\/sites\/17\/2024\/01\/costacannabis.jpg 400w, https:\/\/ficc.ar\/buenosaires2025\/wp-content\/uploads\/sites\/17\/2024\/01\/costacannabis-300x150.jpg 300w\" sizes=\"auto, (max-width: 400px) 100vw, 400px\" \/><\/a><\/div>\t\t<\/div>\r\n\t<\/article>\r\n\t<article class=\"w-grid-item post-2201 sponsor type-sponsor status-publish has-post-thumbnail hentry nivel-sponsors\" data-id=\"2201\">\r\n\t\t<div class=\"w-grid-item-h\">\r\n\t\t\t\t\t\t<div class=\"w-post-elm post_image usg_post_image_1 has_height has_ratio\"><div style=\"padding-bottom:50%\"><\/div><a href=\"https:\/\/www.instagram.com\/punto_weed\/\" target=\"_blank\" rel=\"noopener nofollow\" aria-label=\"Cerveza Weed\"><img loading=\"lazy\" decoding=\"async\" width=\"400\" height=\"200\" src=\"https:\/\/ficc.ar\/buenosaires2025\/wp-content\/uploads\/sites\/17\/2024\/01\/weed-logo-a.jpg\" class=\"attachment-full size-full wp-post-image\" alt=\"\" srcset=\"https:\/\/ficc.ar\/buenosaires2025\/wp-content\/uploads\/sites\/17\/2024\/01\/weed-logo-a.jpg 400w, https:\/\/ficc.ar\/buenosaires2025\/wp-content\/uploads\/sites\/17\/2024\/01\/weed-logo-a-300x150.jpg 300w\" sizes=\"auto, (max-width: 400px) 100vw, 400px\" \/><\/a><\/div>\t\t<\/div>\r\n\t<\/article>\r\n\t<article class=\"w-grid-item post-2207 sponsor type-sponsor status-publish has-post-thumbnail hentry nivel-sponsors\" data-id=\"2207\">\r\n\t\t<div class=\"w-grid-item-h\">\r\n\t\t\t\t\t\t<div class=\"w-post-elm post_image usg_post_image_1 has_height has_ratio\"><div style=\"padding-bottom:50%\"><\/div><a href=\"https:\/\/instagram.com\/chocolocos2\" target=\"_blank\" rel=\"noopener nofollow\" aria-label=\"Chocoloco\"><img loading=\"lazy\" decoding=\"async\" width=\"400\" height=\"200\" src=\"https:\/\/ficc.ar\/buenosaires2025\/wp-content\/uploads\/sites\/17\/2024\/01\/Chocoloco-Weby.png\" class=\"attachment-full size-full wp-post-image\" alt=\"\" srcset=\"https:\/\/ficc.ar\/buenosaires2025\/wp-content\/uploads\/sites\/17\/2024\/01\/Chocoloco-Weby.png 400w, https:\/\/ficc.ar\/buenosaires2025\/wp-content\/uploads\/sites\/17\/2024\/01\/Chocoloco-Weby-300x150.png 300w\" sizes=\"auto, (max-width: 400px) 100vw, 400px\" \/><\/a><\/div>\t\t<\/div>\r\n\t<\/article>\r\n\t<article class=\"w-grid-item post-2872 sponsor type-sponsor status-publish has-post-thumbnail hentry nivel-sponsors\" data-id=\"2872\">\r\n\t\t<div class=\"w-grid-item-h\">\r\n\t\t\t\t\t\t<div class=\"w-post-elm post_image usg_post_image_1 has_height has_ratio\"><div style=\"padding-bottom:50%\"><\/div><a href=\"https:\/\/www.instagram.com\/fecca.oficial\/\" target=\"_blank\" rel=\"noopener nofollow\" aria-label=\"fecca\"><img loading=\"lazy\" decoding=\"async\" width=\"400\" height=\"200\" src=\"https:\/\/ficc.ar\/buenosaires2025\/wp-content\/uploads\/sites\/17\/2025\/01\/FECCA.png\" class=\"attachment-full size-full wp-post-image\" alt=\"\" srcset=\"https:\/\/ficc.ar\/buenosaires2025\/wp-content\/uploads\/sites\/17\/2025\/01\/FECCA.png 400w, https:\/\/ficc.ar\/buenosaires2025\/wp-content\/uploads\/sites\/17\/2025\/01\/FECCA-300x150.png 300w\" sizes=\"auto, (max-width: 400px) 100vw, 400px\" \/><\/a><\/div>\t\t<\/div>\r\n\t<\/article>\r\n\t<article class=\"w-grid-item post-2879 sponsor type-sponsor status-publish has-post-thumbnail hentry nivel-sponsors\" data-id=\"2879\">\r\n\t\t<div class=\"w-grid-item-h\">\r\n\t\t\t\t\t\t<div class=\"w-post-elm post_image usg_post_image_1 has_height has_ratio\"><div style=\"padding-bottom:50%\"><\/div><a href=\"https:\/\/www.instagram.com\/zeusargentina\/?hl=es\" target=\"_blank\" rel=\"noopener nofollow\" aria-label=\"zeus\"><img loading=\"lazy\" decoding=\"async\" width=\"400\" height=\"200\" src=\"https:\/\/ficc.ar\/buenosaires2025\/wp-content\/uploads\/sites\/17\/2025\/01\/Zeus.png\" class=\"attachment-full size-full wp-post-image\" alt=\"\" srcset=\"https:\/\/ficc.ar\/buenosaires2025\/wp-content\/uploads\/sites\/17\/2025\/01\/Zeus.png 400w, https:\/\/ficc.ar\/buenosaires2025\/wp-content\/uploads\/sites\/17\/2025\/01\/Zeus-300x150.png 300w\" sizes=\"auto, (max-width: 400px) 100vw, 400px\" \/><\/a><\/div>\t\t<\/div>\r\n\t<\/article>\r\n\t<article class=\"w-grid-item post-2199 sponsor type-sponsor status-publish has-post-thumbnail hentry nivel-sponsors\" data-id=\"2199\">\r\n\t\t<div class=\"w-grid-item-h\">\r\n\t\t\t\t\t\t<div class=\"w-post-elm post_image usg_post_image_1 has_height has_ratio\"><div style=\"padding-bottom:50%\"><\/div><a href=\"https:\/\/www.instagram.com\/hoteleso2\/\" target=\"_blank\" rel=\"noopener nofollow\" aria-label=\"Hotel O2\"><img loading=\"lazy\" decoding=\"async\" width=\"400\" height=\"200\" src=\"https:\/\/ficc.ar\/buenosaires2025\/wp-content\/uploads\/sites\/17\/2024\/01\/O2-Hotel.png\" class=\"attachment-full size-full wp-post-image\" alt=\"\" srcset=\"https:\/\/ficc.ar\/buenosaires2025\/wp-content\/uploads\/sites\/17\/2024\/01\/O2-Hotel.png 400w, https:\/\/ficc.ar\/buenosaires2025\/wp-content\/uploads\/sites\/17\/2024\/01\/O2-Hotel-300x150.png 300w\" sizes=\"auto, (max-width: 400px) 100vw, 400px\" \/><\/a><\/div>\t\t<\/div>\r\n\t<\/article>\r\n\t<article class=\"w-grid-item post-2190 sponsor type-sponsor status-publish has-post-thumbnail hentry nivel-sponsors\" data-id=\"2190\">\r\n\t\t<div class=\"w-grid-item-h\">\r\n\t\t\t\t\t\t<div class=\"w-post-elm post_image usg_post_image_1 has_height has_ratio\"><div style=\"padding-bottom:50%\"><\/div><a href=\"https:\/\/www.instagram.com\/academiaeduca.ed\/\" target=\"_blank\" rel=\"noopener nofollow\" aria-label=\"Educaci\u00f3n cann\u00e1bica\"><img loading=\"lazy\" decoding=\"async\" width=\"400\" height=\"200\" src=\"https:\/\/ficc.ar\/buenosaires2025\/wp-content\/uploads\/sites\/17\/2024\/01\/Educanabis.jpg\" class=\"attachment-full size-full wp-post-image\" alt=\"\" srcset=\"https:\/\/ficc.ar\/buenosaires2025\/wp-content\/uploads\/sites\/17\/2024\/01\/Educanabis.jpg 400w, https:\/\/ficc.ar\/buenosaires2025\/wp-content\/uploads\/sites\/17\/2024\/01\/Educanabis-300x150.jpg 300w\" sizes=\"auto, (max-width: 400px) 100vw, 400px\" \/><\/a><\/div>\t\t<\/div>\r\n\t<\/article>\r\n\t<article class=\"w-grid-item post-2210 sponsor type-sponsor status-publish has-post-thumbnail hentry nivel-sponsors\" data-id=\"2210\">\r\n\t\t<div class=\"w-grid-item-h\">\r\n\t\t\t\t\t\t<div class=\"w-post-elm post_image usg_post_image_1 has_height has_ratio\"><div style=\"padding-bottom:50%\"><\/div><a href=\"https:\/\/www.instagram.com\/planetaverdedistribuidora\/\" target=\"_blank\" rel=\"noopener nofollow\" aria-label=\"Planeta Verde\"><img loading=\"lazy\" decoding=\"async\" width=\"400\" height=\"200\" src=\"https:\/\/ficc.ar\/buenosaires2025\/wp-content\/uploads\/sites\/17\/2024\/01\/Planeta-verde.jpg\" class=\"attachment-full size-full wp-post-image\" alt=\"\" srcset=\"https:\/\/ficc.ar\/buenosaires2025\/wp-content\/uploads\/sites\/17\/2024\/01\/Planeta-verde.jpg 400w, https:\/\/ficc.ar\/buenosaires2025\/wp-content\/uploads\/sites\/17\/2024\/01\/Planeta-verde-300x150.jpg 300w\" sizes=\"auto, (max-width: 400px) 100vw, 400px\" \/><\/a><\/div>\t\t<\/div>\r\n\t<\/article>\r\n\t<article class=\"w-grid-item post-2195 sponsor type-sponsor status-publish has-post-thumbnail hentry nivel-sponsors\" data-id=\"2195\">\r\n\t\t<div class=\"w-grid-item-h\">\r\n\t\t\t\t\t\t<div class=\"w-post-elm post_image usg_post_image_1 has_height has_ratio\"><div style=\"padding-bottom:50%\"><\/div><a href=\"https:\/\/www.instagram.com\/terpenica_oficial\/\" target=\"_blank\" rel=\"noopener nofollow\" aria-label=\"Terp\u00e9nica\"><img loading=\"lazy\" decoding=\"async\" width=\"400\" height=\"200\" src=\"https:\/\/ficc.ar\/buenosaires2025\/wp-content\/uploads\/sites\/17\/2024\/01\/Terpenica.png\" class=\"attachment-full size-full wp-post-image\" alt=\"\" srcset=\"https:\/\/ficc.ar\/buenosaires2025\/wp-content\/uploads\/sites\/17\/2024\/01\/Terpenica.png 400w, https:\/\/ficc.ar\/buenosaires2025\/wp-content\/uploads\/sites\/17\/2024\/01\/Terpenica-300x150.png 300w\" sizes=\"auto, (max-width: 400px) 100vw, 400px\" \/><\/a><\/div>\t\t<\/div>\r\n\t<\/article>\r\n\t<article class=\"w-grid-item post-2197 sponsor type-sponsor status-publish has-post-thumbnail hentry nivel-sponsors\" data-id=\"2197\">\r\n\t\t<div class=\"w-grid-item-h\">\r\n\t\t\t\t\t\t<div class=\"w-post-elm post_image usg_post_image_1 has_height has_ratio\"><div style=\"padding-bottom:50%\"><\/div><a href=\"https:\/\/www.instagram.com\/pinito.organico\/\" target=\"_blank\" rel=\"noopener nofollow\" aria-label=\"Pinito\"><img loading=\"lazy\" decoding=\"async\" width=\"400\" height=\"200\" src=\"https:\/\/ficc.ar\/buenosaires2025\/wp-content\/uploads\/sites\/17\/2024\/01\/Pinito.png\" class=\"attachment-full size-full wp-post-image\" alt=\"\" srcset=\"https:\/\/ficc.ar\/buenosaires2025\/wp-content\/uploads\/sites\/17\/2024\/01\/Pinito.png 400w, https:\/\/ficc.ar\/buenosaires2025\/wp-content\/uploads\/sites\/17\/2024\/01\/Pinito-300x150.png 300w\" sizes=\"auto, (max-width: 400px) 100vw, 400px\" \/><\/a><\/div>\t\t<\/div>\r\n\t<\/article>\r\n\t<article class=\"w-grid-item post-2191 sponsor type-sponsor status-publish has-post-thumbnail hentry nivel-sponsors\" data-id=\"2191\">\r\n\t\t<div class=\"w-grid-item-h\">\r\n\t\t\t\t\t\t<div class=\"w-post-elm post_image usg_post_image_1 has_height has_ratio\"><div style=\"padding-bottom:50%\"><\/div><a href=\"https:\/\/www.instagram.com\/sauverarg\/\" target=\"_blank\" rel=\"noopener nofollow\" aria-label=\"Sauver\"><img loading=\"lazy\" decoding=\"async\" width=\"400\" height=\"200\" src=\"https:\/\/ficc.ar\/buenosaires2025\/wp-content\/uploads\/sites\/17\/2025\/01\/Sauver-copy.jpg\" class=\"attachment-full size-full wp-post-image\" alt=\"\" srcset=\"https:\/\/ficc.ar\/buenosaires2025\/wp-content\/uploads\/sites\/17\/2025\/01\/Sauver-copy.jpg 400w, https:\/\/ficc.ar\/buenosaires2025\/wp-content\/uploads\/sites\/17\/2025\/01\/Sauver-copy-300x150.jpg 300w\" sizes=\"auto, (max-width: 400px) 100vw, 400px\" \/><\/a><\/div>\t\t<\/div>\r\n\t<\/article>\r\n\t<article class=\"w-grid-item post-2198 sponsor type-sponsor status-publish has-post-thumbnail hentry nivel-sponsors\" data-id=\"2198\">\r\n\t\t<div class=\"w-grid-item-h\">\r\n\t\t\t\t\t\t<div class=\"w-post-elm post_image usg_post_image_1 has_height has_ratio\"><div style=\"padding-bottom:50%\"><\/div><a href=\"https:\/\/www.instagram.com\/cavecanem.bar\/\" target=\"_blank\" rel=\"noopener nofollow\" aria-label=\"Cave Canem\"><img loading=\"lazy\" decoding=\"async\" width=\"400\" height=\"200\" src=\"https:\/\/ficc.ar\/buenosaires2025\/wp-content\/uploads\/sites\/17\/2024\/01\/Cave-Canem-2.png\" class=\"attachment-full size-full wp-post-image\" alt=\"\" srcset=\"https:\/\/ficc.ar\/buenosaires2025\/wp-content\/uploads\/sites\/17\/2024\/01\/Cave-Canem-2.png 400w, https:\/\/ficc.ar\/buenosaires2025\/wp-content\/uploads\/sites\/17\/2024\/01\/Cave-Canem-2-300x150.png 300w\" sizes=\"auto, (max-width: 400px) 100vw, 400px\" \/><\/a><\/div>\t\t<\/div>\r\n\t<\/article>\r\n<\/div><div class=\"w-grid-preloader\"><div class=\"g-preloader type_2\">\r\n\t<div><\/div>\r\n<\/div>\r\n<\/div>\t<div class=\"w-grid-json hidden\" onclick='return {&quot;action&quot;:&quot;us_ajax_grid&quot;,&quot;ajax_url&quot;:&quot;https:\\\/\\\/ficc.ar\\\/buenosaires2025\\\/wp-admin\\\/admin-ajax.php&quot;,&quot;infinite_scroll&quot;:0,&quot;max_num_pages&quot;:1,&quot;pagination&quot;:&quot;none&quot;,&quot;permalink_url&quot;:&quot;https:\\\/\\\/ficc.ar\\\/buenosaires2025\\\/wp-json\\\/wp\\\/v2\\\/pages\\\/12&quot;,&quot;template_vars&quot;:{&quot;columns&quot;:&quot;6&quot;,&quot;exclude_items&quot;:&quot;none&quot;,&quot;img_size&quot;:&quot;default&quot;,&quot;ignore_items_size&quot;:0,&quot;items_layout&quot;:&quot;209&quot;,&quot;items_offset&quot;:&quot;1&quot;,&quot;load_animation&quot;:&quot;none&quot;,&quot;overriding_link&quot;:&quot;none&quot;,&quot;post_id&quot;:894,&quot;query_args&quot;:{&quot;post_type&quot;:[&quot;sponsor&quot;],&quot;tax_query&quot;:[{&quot;taxonomy&quot;:&quot;nivel&quot;,&quot;field&quot;:&quot;slug&quot;,&quot;terms&quot;:[&quot;sponsors&quot;]}],&quot;post_status&quot;:[&quot;publish&quot;,&quot;acf-disabled&quot;],&quot;posts_per_page&quot;:&quot;30&quot;},&quot;orderby_query_args&quot;:{&quot;orderby&quot;:&quot;RAND(240379746)&quot;},&quot;type&quot;:&quot;grid&quot;,&quot;us_grid_ajax_index&quot;:2,&quot;us_grid_filter_params&quot;:null,&quot;us_grid_index&quot;:34,&quot;_us_grid_post_type&quot;:&quot;sponsor&quot;,&quot;page_args&quot;:[]}}'><\/div>\r\n\t<\/div><div class=\"w-separator size_custom\" style=\"height:10px\"><\/div><div class=\"w-separator size_medium\"><\/div><div class=\"wpb_text_column us_custom_1d219ba3\"><div class=\"wpb_wrapper\"><h2 style=\"text-align: center\">Acompa\u00f1an<\/h2>\n<\/div><\/div><div class=\"w-separator size_small\"><\/div><div class=\"w-grid type_grid layout_209 cols_6 valign_center\" id=\"us_grid_35\" style=\"--gap:1rem;\" data-filterable=\"true\"><style>@media (max-width:1024px){#us_grid_35 .w-grid-item{width:33.3333%}}@media (max-width:600px){#us_grid_35 .w-grid-item{width:33.3333%}}<\/style><div class=\"w-grid-list\">\t<article class=\"w-grid-item post-3105 sponsor type-sponsor status-publish has-post-thumbnail hentry nivel-acompanan\" data-id=\"3105\">\r\n\t\t<div class=\"w-grid-item-h\">\r\n\t\t\t\t\t\t<div class=\"w-post-elm post_image usg_post_image_1 has_height has_ratio\"><div style=\"padding-bottom:50%\"><\/div><a href=\"https:\/\/www.instagram.com\/graficalavozdelamujer\/\" target=\"_blank\" rel=\"noopener nofollow\" aria-label=\"la voz de la mujer\"><img loading=\"lazy\" decoding=\"async\" width=\"400\" height=\"200\" src=\"https:\/\/ficc.ar\/buenosaires2025\/wp-content\/uploads\/sites\/17\/2025\/02\/la-voz-de-la-mujer.jpg\" class=\"attachment-full size-full wp-post-image\" alt=\"\" srcset=\"https:\/\/ficc.ar\/buenosaires2025\/wp-content\/uploads\/sites\/17\/2025\/02\/la-voz-de-la-mujer.jpg 400w, https:\/\/ficc.ar\/buenosaires2025\/wp-content\/uploads\/sites\/17\/2025\/02\/la-voz-de-la-mujer-300x150.jpg 300w\" sizes=\"auto, (max-width: 400px) 100vw, 400px\" \/><\/a><\/div>\t\t<\/div>\r\n\t<\/article>\r\n\t<article class=\"w-grid-item post-3092 sponsor type-sponsor status-publish has-post-thumbnail hentry nivel-acompanan\" data-id=\"3092\">\r\n\t\t<div class=\"w-grid-item-h\">\r\n\t\t\t\t\t\t<div class=\"w-post-elm post_image usg_post_image_1 has_height has_ratio\"><div style=\"padding-bottom:50%\"><\/div><img loading=\"lazy\" decoding=\"async\" width=\"400\" height=\"200\" src=\"https:\/\/ficc.ar\/buenosaires2025\/wp-content\/uploads\/sites\/17\/2025\/02\/Red-de-Plantas-Saludables.jpg\" class=\"attachment-full size-full wp-post-image\" alt=\"\" srcset=\"https:\/\/ficc.ar\/buenosaires2025\/wp-content\/uploads\/sites\/17\/2025\/02\/Red-de-Plantas-Saludables.jpg 400w, https:\/\/ficc.ar\/buenosaires2025\/wp-content\/uploads\/sites\/17\/2025\/02\/Red-de-Plantas-Saludables-300x150.jpg 300w\" sizes=\"auto, (max-width: 400px) 100vw, 400px\" \/><\/div>\t\t<\/div>\r\n\t<\/article>\r\n\t<article class=\"w-grid-item post-2337 sponsor type-sponsor status-publish has-post-thumbnail hentry nivel-acompanan\" data-id=\"2337\">\r\n\t\t<div class=\"w-grid-item-h\">\r\n\t\t\t\t\t\t<div class=\"w-post-elm post_image usg_post_image_1 has_height has_ratio\"><div style=\"padding-bottom:50%\"><\/div><a href=\"https:\/\/www.instagram.com\/recetascanameras\/\" target=\"_blank\" rel=\"noopener nofollow\" aria-label=\"Recetas Ca\u00f1ameras\"><img loading=\"lazy\" decoding=\"async\" width=\"400\" height=\"200\" src=\"https:\/\/ficc.ar\/buenosaires2025\/wp-content\/uploads\/sites\/17\/2024\/02\/Recetas.png\" class=\"attachment-full size-full wp-post-image\" alt=\"\" srcset=\"https:\/\/ficc.ar\/buenosaires2025\/wp-content\/uploads\/sites\/17\/2024\/02\/Recetas.png 400w, https:\/\/ficc.ar\/buenosaires2025\/wp-content\/uploads\/sites\/17\/2024\/02\/Recetas-300x150.png 300w\" sizes=\"auto, (max-width: 400px) 100vw, 400px\" \/><\/a><\/div>\t\t<\/div>\r\n\t<\/article>\r\n\t<article class=\"w-grid-item post-1471 sponsor type-sponsor status-publish has-post-thumbnail hentry nivel-acompanan\" data-id=\"1471\">\r\n\t\t<div class=\"w-grid-item-h\">\r\n\t\t\t\t\t\t<div class=\"w-post-elm post_image usg_post_image_1 has_height has_ratio\"><div style=\"padding-bottom:50%\"><\/div><a href=\"https:\/\/www.instagram.com\/mamacultivaargentina\/\" target=\"_blank\" rel=\"noopener nofollow\" aria-label=\"Mama cultiva\"><img loading=\"lazy\" decoding=\"async\" width=\"400\" height=\"200\" src=\"https:\/\/ficc.ar\/buenosaires2025\/wp-content\/uploads\/sites\/17\/2023\/01\/mama-cultiva.png\" class=\"attachment-full size-full wp-post-image\" alt=\"\" srcset=\"https:\/\/ficc.ar\/buenosaires2025\/wp-content\/uploads\/sites\/17\/2023\/01\/mama-cultiva.png 400w, https:\/\/ficc.ar\/buenosaires2025\/wp-content\/uploads\/sites\/17\/2023\/01\/mama-cultiva-300x150.png 300w\" sizes=\"auto, (max-width: 400px) 100vw, 400px\" \/><\/a><\/div>\t\t<\/div>\r\n\t<\/article>\r\n\t<article class=\"w-grid-item post-1441 sponsor type-sponsor status-publish has-post-thumbnail hentry nivel-acompanan\" data-id=\"1441\">\r\n\t\t<div class=\"w-grid-item-h\">\r\n\t\t\t\t\t\t<div class=\"w-post-elm post_image usg_post_image_1 has_height has_ratio\"><div style=\"padding-bottom:50%\"><\/div><a href=\"https:\/\/www.instagram.com\/resetdrogas\/\" target=\"_blank\" rel=\"noopener nofollow\" aria-label=\"Reset\"><img loading=\"lazy\" decoding=\"async\" width=\"400\" height=\"200\" src=\"https:\/\/ficc.ar\/buenosaires2025\/wp-content\/uploads\/sites\/17\/2023\/01\/RESET-web.png\" class=\"attachment-full size-full wp-post-image\" alt=\"\" srcset=\"https:\/\/ficc.ar\/buenosaires2025\/wp-content\/uploads\/sites\/17\/2023\/01\/RESET-web.png 400w, https:\/\/ficc.ar\/buenosaires2025\/wp-content\/uploads\/sites\/17\/2023\/01\/RESET-web-300x150.png 300w\" sizes=\"auto, (max-width: 400px) 100vw, 400px\" \/><\/a><\/div>\t\t<\/div>\r\n\t<\/article>\r\n\t<article class=\"w-grid-item post-2192 sponsor type-sponsor status-publish has-post-thumbnail hentry nivel-acompanan\" data-id=\"2192\">\r\n\t\t<div class=\"w-grid-item-h\">\r\n\t\t\t\t\t\t<div class=\"w-post-elm post_image usg_post_image_1 has_height has_ratio\"><div style=\"padding-bottom:50%\"><\/div><a href=\"https:\/\/www.instagram.com\/donmarcelinoyloscocos\/\" target=\"_blank\" rel=\"noopener nofollow\" aria-label=\"Don marcelino y los cocos\"><img loading=\"lazy\" decoding=\"async\" width=\"400\" height=\"200\" src=\"https:\/\/ficc.ar\/buenosaires2025\/wp-content\/uploads\/sites\/17\/2024\/01\/Don-Marcelino-y-los-cocos.jpg\" class=\"attachment-full size-full wp-post-image\" alt=\"\" srcset=\"https:\/\/ficc.ar\/buenosaires2025\/wp-content\/uploads\/sites\/17\/2024\/01\/Don-Marcelino-y-los-cocos.jpg 400w, https:\/\/ficc.ar\/buenosaires2025\/wp-content\/uploads\/sites\/17\/2024\/01\/Don-Marcelino-y-los-cocos-300x150.jpg 300w\" sizes=\"auto, (max-width: 400px) 100vw, 400px\" \/><\/a><\/div>\t\t<\/div>\r\n\t<\/article>\r\n<\/div><div class=\"w-grid-preloader\"><div class=\"g-preloader type_2\">\r\n\t<div><\/div>\r\n<\/div>\r\n<\/div>\t<div class=\"w-grid-json hidden\" onclick='return {&quot;action&quot;:&quot;us_ajax_grid&quot;,&quot;ajax_url&quot;:&quot;https:\\\/\\\/ficc.ar\\\/buenosaires2025\\\/wp-admin\\\/admin-ajax.php&quot;,&quot;infinite_scroll&quot;:0,&quot;max_num_pages&quot;:1,&quot;pagination&quot;:&quot;none&quot;,&quot;permalink_url&quot;:&quot;https:\\\/\\\/ficc.ar\\\/buenosaires2025\\\/wp-json\\\/wp\\\/v2\\\/pages\\\/12&quot;,&quot;template_vars&quot;:{&quot;columns&quot;:&quot;6&quot;,&quot;exclude_items&quot;:&quot;none&quot;,&quot;img_size&quot;:&quot;default&quot;,&quot;ignore_items_size&quot;:0,&quot;items_layout&quot;:&quot;209&quot;,&quot;items_offset&quot;:&quot;1&quot;,&quot;load_animation&quot;:&quot;none&quot;,&quot;overriding_link&quot;:&quot;none&quot;,&quot;post_id&quot;:894,&quot;query_args&quot;:{&quot;post_type&quot;:[&quot;sponsor&quot;],&quot;tax_query&quot;:[{&quot;taxonomy&quot;:&quot;nivel&quot;,&quot;field&quot;:&quot;slug&quot;,&quot;terms&quot;:[&quot;acompanan&quot;]}],&quot;post_status&quot;:[&quot;publish&quot;,&quot;acf-disabled&quot;],&quot;posts_per_page&quot;:&quot;25&quot;},&quot;orderby_query_args&quot;:{&quot;orderby&quot;:{&quot;date&quot;:&quot;DESC&quot;}},&quot;type&quot;:&quot;grid&quot;,&quot;us_grid_ajax_index&quot;:3,&quot;us_grid_filter_params&quot;:null,&quot;us_grid_index&quot;:35,&quot;_us_grid_post_type&quot;:&quot;sponsor&quot;,&quot;page_args&quot;:[]}}'><\/div>\r\n\t<\/div><div class=\"w-separator size_custom\" style=\"height:10px\"><\/div><div class=\"w-separator size_medium\"><\/div><div class=\"wpb_text_column us_custom_1d219ba3\"><div class=\"wpb_wrapper\"><h2 style=\"text-align: center\">Media Partners<\/h2>\n<\/div><\/div><div class=\"w-separator size_small\"><\/div><div class=\"w-grid type_grid layout_209 cols_4 valign_center\" id=\"us_grid_36\" style=\"--gap:1rem;\" data-filterable=\"true\"><style>@media (max-width:600px){#us_grid_36 .w-grid-item{width:33.3333%}}<\/style><div class=\"w-grid-list\">\t<article class=\"w-grid-item post-3096 sponsor type-sponsor status-publish has-post-thumbnail hentry nivel-media-partners\" data-id=\"3096\">\r\n\t\t<div class=\"w-grid-item-h\">\r\n\t\t\t\t\t\t<div class=\"w-post-elm post_image usg_post_image_1 has_height has_ratio\"><div style=\"padding-bottom:50%\"><\/div><a href=\"https:\/\/revistamate.com.ar\/\" target=\"_blank\" rel=\"noopener nofollow\" aria-label=\"Revista Mate\"><img loading=\"lazy\" decoding=\"async\" width=\"400\" height=\"200\" src=\"https:\/\/ficc.ar\/buenosaires2025\/wp-content\/uploads\/sites\/17\/2025\/02\/Revista-Mate.jpg\" class=\"attachment-full size-full wp-post-image\" alt=\"\" srcset=\"https:\/\/ficc.ar\/buenosaires2025\/wp-content\/uploads\/sites\/17\/2025\/02\/Revista-Mate.jpg 400w, https:\/\/ficc.ar\/buenosaires2025\/wp-content\/uploads\/sites\/17\/2025\/02\/Revista-Mate-300x150.jpg 300w\" sizes=\"auto, (max-width: 400px) 100vw, 400px\" \/><\/a><\/div>\t\t<\/div>\r\n\t<\/article>\r\n\t<article class=\"w-grid-item post-1236 sponsor type-sponsor status-publish has-post-thumbnail hentry nivel-media-partners\" data-id=\"1236\">\r\n\t\t<div class=\"w-grid-item-h\">\r\n\t\t\t\t\t\t<div class=\"w-post-elm post_image usg_post_image_1 has_height has_ratio\"><div style=\"padding-bottom:50%\"><\/div><a href=\"https:\/\/cannabicaargentina.com\/\" target=\"_blank\" rel=\"noopener nofollow\" aria-label=\"Cannabica Argentina\"><img loading=\"lazy\" decoding=\"async\" width=\"400\" height=\"200\" src=\"https:\/\/ficc.ar\/buenosaires2025\/wp-content\/uploads\/sites\/17\/2022\/10\/cannabica-arg.jpg\" class=\"attachment-full size-full wp-post-image\" alt=\"\" srcset=\"https:\/\/ficc.ar\/buenosaires2025\/wp-content\/uploads\/sites\/17\/2022\/10\/cannabica-arg.jpg 400w, https:\/\/ficc.ar\/buenosaires2025\/wp-content\/uploads\/sites\/17\/2022\/10\/cannabica-arg-300x150.jpg 300w\" sizes=\"auto, (max-width: 400px) 100vw, 400px\" \/><\/a><\/div>\t\t<\/div>\r\n\t<\/article>\r\n\t<article class=\"w-grid-item post-182 sponsor type-sponsor status-publish has-post-thumbnail hentry nivel-media-partners\" data-id=\"182\">\r\n\t\t<div class=\"w-grid-item-h\">\r\n\t\t\t\t\t\t<div class=\"w-post-elm post_image usg_post_image_1 has_height has_ratio\"><div style=\"padding-bottom:50%\"><\/div><a href=\"https:\/\/cannabismonitor.com.br\/\" target=\"_blank\" rel=\"noopener nofollow\" aria-label=\"Cannabis Monitor\"><img loading=\"lazy\" decoding=\"async\" width=\"400\" height=\"200\" src=\"https:\/\/ficc.ar\/buenosaires2025\/wp-content\/uploads\/sites\/17\/2021\/10\/Cannabis-Monitor.jpg\" class=\"attachment-full size-full wp-post-image\" alt=\"\" srcset=\"https:\/\/ficc.ar\/buenosaires2025\/wp-content\/uploads\/sites\/17\/2021\/10\/Cannabis-Monitor.jpg 400w, https:\/\/ficc.ar\/buenosaires2025\/wp-content\/uploads\/sites\/17\/2021\/10\/Cannabis-Monitor-300x150.jpg 300w\" sizes=\"auto, (max-width: 400px) 100vw, 400px\" \/><\/a><\/div>\t\t<\/div>\r\n\t<\/article>\r\n\t<article class=\"w-grid-item post-2189 sponsor type-sponsor status-publish has-post-thumbnail hentry nivel-media-partners\" data-id=\"2189\">\r\n\t\t<div class=\"w-grid-item-h\">\r\n\t\t\t\t\t\t<div class=\"w-post-elm post_image usg_post_image_1 has_height has_ratio\"><div style=\"padding-bottom:50%\"><\/div><a href=\"https:\/\/www.instagram.com\/rockandgrowfm\" target=\"_blank\" rel=\"noopener nofollow\" aria-label=\"R&amp;G\"><img loading=\"lazy\" decoding=\"async\" width=\"248\" height=\"200\" src=\"https:\/\/ficc.ar\/buenosaires2025\/wp-content\/uploads\/sites\/17\/2024\/01\/Rock-Grow2-2.jpg\" class=\"attachment-full size-full wp-post-image\" alt=\"\" \/><\/a><\/div>\t\t<\/div>\r\n\t<\/article>\r\n\t<article class=\"w-grid-item post-1855 sponsor type-sponsor status-publish has-post-thumbnail hentry nivel-media-partners\" data-id=\"1855\">\r\n\t\t<div class=\"w-grid-item-h\">\r\n\t\t\t\t\t\t<div class=\"w-post-elm post_image usg_post_image_1 has_height has_ratio\"><div style=\"padding-bottom:50%\"><\/div><a href=\"https:\/\/www.instagram.com\/angelcaido.ok\/\" target=\"_blank\" rel=\"noopener nofollow\" aria-label=\"Angel Ca\u00eddo\"><img loading=\"lazy\" decoding=\"async\" width=\"400\" height=\"200\" src=\"https:\/\/ficc.ar\/buenosaires2025\/wp-content\/uploads\/sites\/17\/2024\/01\/Angel-caido-3.jpg\" class=\"attachment-full size-full wp-post-image\" alt=\"\" srcset=\"https:\/\/ficc.ar\/buenosaires2025\/wp-content\/uploads\/sites\/17\/2024\/01\/Angel-caido-3.jpg 400w, https:\/\/ficc.ar\/buenosaires2025\/wp-content\/uploads\/sites\/17\/2024\/01\/Angel-caido-3-300x150.jpg 300w\" sizes=\"auto, (max-width: 400px) 100vw, 400px\" \/><\/a><\/div>\t\t<\/div>\r\n\t<\/article>\r\n\t<article class=\"w-grid-item post-2202 sponsor type-sponsor status-publish has-post-thumbnail hentry nivel-media-partners\" data-id=\"2202\">\r\n\t\t<div class=\"w-grid-item-h\">\r\n\t\t\t\t\t\t<div class=\"w-post-elm post_image usg_post_image_1 has_height has_ratio\"><div style=\"padding-bottom:50%\"><\/div><a href=\"https:\/\/www.instagram.com\/softsecrets\/\" target=\"_blank\" rel=\"noopener nofollow\" aria-label=\"Soft Secrets\"><img loading=\"lazy\" decoding=\"async\" width=\"295\" height=\"236\" src=\"https:\/\/ficc.ar\/buenosaires2025\/wp-content\/uploads\/sites\/17\/2024\/01\/Soft-Secret.png\" class=\"attachment-full size-full wp-post-image\" alt=\"\" \/><\/a><\/div>\t\t<\/div>\r\n\t<\/article>\r\n\t<article class=\"w-grid-item post-184 sponsor type-sponsor status-publish has-post-thumbnail hentry nivel-media-partners\" data-id=\"184\">\r\n\t\t<div class=\"w-grid-item-h\">\r\n\t\t\t\t\t\t<div class=\"w-post-elm post_image usg_post_image_1 has_height has_ratio\"><div style=\"padding-bottom:50%\"><\/div><a href=\"https:\/\/elplanteo.com\/\" target=\"_blank\" rel=\"noopener nofollow\" aria-label=\"El Planteo\"><img loading=\"lazy\" decoding=\"async\" width=\"400\" height=\"200\" src=\"https:\/\/ficc.ar\/buenosaires2025\/wp-content\/uploads\/sites\/17\/2021\/10\/El-Planteo3.jpg\" class=\"attachment-full size-full wp-post-image\" alt=\"\" srcset=\"https:\/\/ficc.ar\/buenosaires2025\/wp-content\/uploads\/sites\/17\/2021\/10\/El-Planteo3.jpg 400w, https:\/\/ficc.ar\/buenosaires2025\/wp-content\/uploads\/sites\/17\/2021\/10\/El-Planteo3-300x150.jpg 300w\" sizes=\"auto, (max-width: 400px) 100vw, 400px\" \/><\/a><\/div>\t\t<\/div>\r\n\t<\/article>\r\n\t<article class=\"w-grid-item size_1x1 post-1611 sponsor type-sponsor status-publish has-post-thumbnail hentry nivel-media-partners\" data-id=\"1611\">\r\n\t\t<div class=\"w-grid-item-h\">\r\n\t\t\t\t\t\t<div class=\"w-post-elm post_image usg_post_image_1 has_height has_ratio\"><div style=\"padding-bottom:50%\"><\/div><a href=\"http:\/\/www.pelagatos.com.ar\/\" target=\"_blank\" rel=\"noopener nofollow\" aria-label=\"Pelagatos\"><img loading=\"lazy\" decoding=\"async\" width=\"400\" height=\"200\" src=\"https:\/\/ficc.ar\/buenosaires2025\/wp-content\/uploads\/sites\/17\/2023\/02\/Pelagatos-WEB.png\" class=\"attachment-full size-full wp-post-image\" alt=\"\" srcset=\"https:\/\/ficc.ar\/buenosaires2025\/wp-content\/uploads\/sites\/17\/2023\/02\/Pelagatos-WEB.png 400w, https:\/\/ficc.ar\/buenosaires2025\/wp-content\/uploads\/sites\/17\/2023\/02\/Pelagatos-WEB-300x150.png 300w\" sizes=\"auto, (max-width: 400px) 100vw, 400px\" \/><\/a><\/div>\t\t<\/div>\r\n\t<\/article>\r\n<\/div><div class=\"w-grid-preloader\"><div class=\"g-preloader type_2\">\r\n\t<div><\/div>\r\n<\/div>\r\n<\/div>\t<div class=\"w-grid-json hidden\" onclick='return {&quot;action&quot;:&quot;us_ajax_grid&quot;,&quot;ajax_url&quot;:&quot;https:\\\/\\\/ficc.ar\\\/buenosaires2025\\\/wp-admin\\\/admin-ajax.php&quot;,&quot;infinite_scroll&quot;:0,&quot;max_num_pages&quot;:1,&quot;pagination&quot;:&quot;none&quot;,&quot;permalink_url&quot;:&quot;https:\\\/\\\/ficc.ar\\\/buenosaires2025\\\/wp-json\\\/wp\\\/v2\\\/pages\\\/12&quot;,&quot;template_vars&quot;:{&quot;columns&quot;:&quot;4&quot;,&quot;exclude_items&quot;:&quot;none&quot;,&quot;img_size&quot;:&quot;default&quot;,&quot;ignore_items_size&quot;:0,&quot;items_layout&quot;:&quot;209&quot;,&quot;items_offset&quot;:&quot;1&quot;,&quot;load_animation&quot;:&quot;none&quot;,&quot;overriding_link&quot;:&quot;none&quot;,&quot;post_id&quot;:894,&quot;query_args&quot;:{&quot;post_type&quot;:[&quot;sponsor&quot;],&quot;tax_query&quot;:[{&quot;taxonomy&quot;:&quot;nivel&quot;,&quot;field&quot;:&quot;slug&quot;,&quot;terms&quot;:[&quot;media-partners&quot;]}],&quot;post_status&quot;:[&quot;publish&quot;,&quot;acf-disabled&quot;],&quot;posts_per_page&quot;:&quot;25&quot;},&quot;orderby_query_args&quot;:{&quot;orderby&quot;:&quot;RAND(1610029673)&quot;},&quot;type&quot;:&quot;grid&quot;,&quot;us_grid_ajax_index&quot;:4,&quot;us_grid_filter_params&quot;:null,&quot;us_grid_index&quot;:36,&quot;_us_grid_post_type&quot;:&quot;sponsor&quot;,&quot;page_args&quot;:[]}}'><\/div>\r\n\t<\/div>\n<\/div><\/div><\/div><\/div><\/div><\/section><section class=\"l-section wpb_row us_custom_623ba360 hide_on_laptops hide_on_tablets hide_on_mobiles height_medium\" id=\"programacion\"><div class=\"l-section-overlay\" style=\"background:var(--color-header-top-transparent-bg)\"><\/div><div class=\"l-section-h i-cf\"><div class=\"g-cols vc_row via_flex valign_top type_default stacking_default\"><div class=\"vc_col-sm-8 wpb_column vc_column_container\"><div class=\"vc_column-inner\"><div class=\"wpb_wrapper\"><div class=\"w-separator us_custom_8f4dd0d6 size_large\"><\/div><div class=\"w-image us_custom_f5ac3d44 align_none\"><a target=\"_blank\" href=\"https:\/\/www.octubretv.com\" rel=\"noopener\" aria-label=\"Enlace\" class=\"w-image-h\"><img loading=\"lazy\" decoding=\"async\" width=\"906\" height=\"433\" src=\"https:\/\/ficc.ar\/buenosaires2025\/wp-content\/uploads\/sites\/17\/2025\/01\/ficc-online-por-octubre-tv.png\" class=\"attachment-large size-large\" alt=\"\" srcset=\"https:\/\/ficc.ar\/buenosaires2025\/wp-content\/uploads\/sites\/17\/2025\/01\/ficc-online-por-octubre-tv.png 906w, https:\/\/ficc.ar\/buenosaires2025\/wp-content\/uploads\/sites\/17\/2025\/01\/ficc-online-por-octubre-tv-300x143.png 300w\" sizes=\"auto, (max-width: 906px) 100vw, 906px\" \/><\/a><\/div><div class=\"w-separator us_custom_8f4dd0d6 size_large\"><\/div><\/div><\/div><\/div><div class=\"vc_col-sm-4 wpb_column vc_column_container\"><div class=\"vc_column-inner\"><div class=\"wpb_wrapper\"><div class=\"w-separator us_custom_8f4dd0d6 size_large\"><\/div><div class=\"w-image us_custom_f5ac3d44 align_none\"><a target=\"_blank\" href=\"https:\/\/link.mercadopago.com.ar\/ficc\" rel=\"noopener\" aria-label=\"Enlace\" class=\"w-image-h\"><img loading=\"lazy\" decoding=\"async\" width=\"443\" height=\"433\" src=\"https:\/\/ficc.ar\/buenosaires2025\/wp-content\/uploads\/sites\/17\/2025\/01\/aporte.png\" class=\"attachment-large size-large\" alt=\"\" srcset=\"https:\/\/ficc.ar\/buenosaires2025\/wp-content\/uploads\/sites\/17\/2025\/01\/aporte.png 443w, https:\/\/ficc.ar\/buenosaires2025\/wp-content\/uploads\/sites\/17\/2025\/01\/aporte-300x293.png 300w\" sizes=\"auto, (max-width: 443px) 100vw, 443px\" \/><\/a><\/div><div class=\"w-separator us_custom_8f4dd0d6 size_large\"><\/div><\/div><\/div><\/div><\/div><\/div><\/section>\n","protected":false},"excerpt":{"rendered":"","protected":false},"author":1,"featured_media":0,"parent":0,"menu_order":0,"comment_status":"closed","ping_status":"closed","template":"","meta":{"_acf_changed":false,"footnotes":""},"class_list":["post-12","page","type-page","status-publish","hentry"],"acf":[],"_links":{"self":[{"href":"https:\/\/ficc.ar\/buenosaires2025\/wp-json\/wp\/v2\/pages\/12","targetHints":{"allow":["GET"]}}],"collection":[{"href":"https:\/\/ficc.ar\/buenosaires2025\/wp-json\/wp\/v2\/pages"}],"about":[{"href":"https:\/\/ficc.ar\/buenosaires2025\/wp-json\/wp\/v2\/types\/page"}],"author":[{"embeddable":true,"href":"https:\/\/ficc.ar\/buenosaires2025\/wp-json\/wp\/v2\/users\/1"}],"replies":[{"embeddable":true,"href":"https:\/\/ficc.ar\/buenosaires2025\/wp-json\/wp\/v2\/comments?post=12"}],"version-history":[{"count":54,"href":"https:\/\/ficc.ar\/buenosaires2025\/wp-json\/wp\/v2\/pages\/12\/revisions"}],"predecessor-version":[{"id":3233,"href":"https:\/\/ficc.ar\/buenosaires2025\/wp-json\/wp\/v2\/pages\/12\/revisions\/3233"}],"wp:attachment":[{"href":"https:\/\/ficc.ar\/buenosaires2025\/wp-json\/wp\/v2\/media?parent=12"}],"curies":[{"name":"wp","href":"https:\/\/api.w.org\/{rel}","templated":true}]}}