{"id":1437,"date":"2023-08-07T00:48:17","date_gmt":"2023-08-07T03:48:17","guid":{"rendered":"https:\/\/ficc.ar\/montevideo2022\/?page_id=1437"},"modified":"2023-08-07T01:25:45","modified_gmt":"2023-08-07T04:25:45","slug":"equipo","status":"publish","type":"page","link":"https:\/\/ficc.ar\/montevideo2022\/equipo\/","title":{"rendered":"Equipo FICC"},"content":{"rendered":"<section class=\"l-section wpb_row height_medium\"><div class=\"l-section-h i-cf\"><div class=\"g-cols vc_row via_flex valign_top type_default stacking_default\"><div class=\"vc_col-sm-12 wpb_column vc_column_container has_bg_color\"><div class=\"vc_column-inner us_custom_cf3d7369\"><div class=\"vc_column-overlay\" style=\"background:rgba(26,26,26,0.75)\"><\/div><div class=\"wpb_wrapper\"><div class=\"wpb_text_column\"><div class=\"wpb_wrapper\"><div class=\"wpb_text_column\">\n<div class=\"wpb_wrapper\"><\/div>\n<\/div>\n<div class=\"w-hwrapper align_none valign_top wrap\">\n<div class=\"wpb_text_column us_custom_bad11643\">\n<div class=\"wpb_wrapper\">\n<p><strong>Director y Coordinador General:<\/strong>\u00a0Alejo Araujo<br \/>\n<strong>Directora y Coordinadora de Programaci\u00f3n:<\/strong>\u00a0Malena Bystrowicz<br \/>\n<strong>Asistente de Direcci\u00f3n:<\/strong>\u00a0Victor Burgos<\/div>\n<\/div>\n<div class=\"wpb_text_column us_custom_0d3ad396\">\n<div class=\"wpb_wrapper\">\n<p><strong>Gesti\u00f3n de Redes:\u00a0<\/strong>BM Beatriz Meza<strong><br \/>\nFotograf\u00eda:\u00a0<\/strong>Ver\u00f3nica Mastrosimone<\/p>\n<p><strong>Cat\u00e1logo:\u00a0<\/strong>Marianela Claverie<strong><br \/>\nP\u00e1gina Web:\u00a0<\/strong>Guadalupe Rodriguez<strong><br \/>\nTraducci\u00f3n y subtitulado:\u00a0<\/strong>Pamela Fosa<\/p>\n<div><strong>Producci\u00f3n Uruguay:<\/strong>\u00a0Cecilia Easton \/ Pilar Barreiro \/ Valentina Ferreira<\/div>\n<div><strong>Producci\u00f3n Chile:<\/strong>\u00a0Alejandro Ayala y Claudio N\u00fa\u00f1ez<\/div>\n<div><strong>Producci\u00f3n Brasil:<\/strong>\u00a0Bruna Piantino y Cannabis Monitor Gustavo Maia<\/div>\n<div><strong>Prensa Argentina:<\/strong>\u00a0Cris Zurutuza<\/div>\n<div><strong>Prensa Uruguay:<\/strong>\u00a0Silvina Natale<\/div>\n<div><\/div>\n<div><strong>Registro de video:<\/strong>\u00a0Liz Domeneq<\/div>\n<\/div>\n<\/div>\n<\/div>\n<\/div><\/div><\/div><\/div><\/div><\/div><\/div><\/section>\n","protected":false},"excerpt":{"rendered":"Director y Coordinador General:\u00a0Alejo Araujo Directora y Coordinadora de Programaci\u00f3n:\u00a0Malena Bystrowicz Asistente de Direcci\u00f3n:\u00a0Victor Burgos Gesti\u00f3n de Redes:\u00a0BM Beatriz Meza Fotograf\u00eda:\u00a0Ver\u00f3nica Mastrosimone Cat\u00e1logo:\u00a0Marianela Claverie P\u00e1gina Web:\u00a0Guadalupe Rodriguez Traducci\u00f3n y subtitulado:\u00a0Pamela Fosa Producci\u00f3n Uruguay:\u00a0Cecilia Easton \/ Pilar Barreiro \/ Valentina Ferreira Producci\u00f3n Chile:\u00a0Alejandro Ayala y Claudio N\u00fa\u00f1ez Producci\u00f3n Brasil:\u00a0Bruna Piantino y Cannabis Monitor Gustavo Maia Prensa...","protected":false},"author":1,"featured_media":0,"parent":0,"menu_order":0,"comment_status":"closed","ping_status":"closed","template":"","meta":{"_acf_changed":false,"footnotes":""},"class_list":["post-1437","page","type-page","status-publish","hentry"],"acf":[],"_links":{"self":[{"href":"https:\/\/ficc.ar\/montevideo2022\/wp-json\/wp\/v2\/pages\/1437","targetHints":{"allow":["GET"]}}],"collection":[{"href":"https:\/\/ficc.ar\/montevideo2022\/wp-json\/wp\/v2\/pages"}],"about":[{"href":"https:\/\/ficc.ar\/montevideo2022\/wp-json\/wp\/v2\/types\/page"}],"author":[{"embeddable":true,"href":"https:\/\/ficc.ar\/montevideo2022\/wp-json\/wp\/v2\/users\/1"}],"replies":[{"embeddable":true,"href":"https:\/\/ficc.ar\/montevideo2022\/wp-json\/wp\/v2\/comments?post=1437"}],"version-history":[{"count":2,"href":"https:\/\/ficc.ar\/montevideo2022\/wp-json\/wp\/v2\/pages\/1437\/revisions"}],"predecessor-version":[{"id":1479,"href":"https:\/\/ficc.ar\/montevideo2022\/wp-json\/wp\/v2\/pages\/1437\/revisions\/1479"}],"wp:attachment":[{"href":"https:\/\/ficc.ar\/montevideo2022\/wp-json\/wp\/v2\/media?parent=1437"}],"curies":[{"name":"wp","href":"https:\/\/api.w.org\/{rel}","templated":true}]}}